{"id":5442,"date":"2018-11-21T10:16:49","date_gmt":"2018-11-21T09:16:49","guid":{"rendered":"https:\/\/flagprint.ch\/referenzen\/"},"modified":"2022-01-12T09:22:19","modified_gmt":"2022-01-12T08:22:19","slug":"references","status":"publish","type":"page","link":"https:\/\/flagprint.ch\/fr\/references\/","title":{"rendered":"R\u00e9f\u00e9rences"},"content":{"rendered":"\t\t<div data-elementor-type=\"wp-post\" data-elementor-id=\"5442\" class=\"elementor elementor-5442 elementor-937\" data-elementor-post-type=\"page\">\n\t\t\t\t\t\t<section class=\"elementor-section elementor-top-section elementor-element elementor-element-171f8161 elementor-section-boxed elementor-section-height-default elementor-section-height-default\" data-id=\"171f8161\" data-element_type=\"section\" data-e-type=\"section\">\n\t\t\t\t\t\t<div class=\"elementor-container elementor-column-gap-default\">\n\t\t\t\t\t<div class=\"elementor-column elementor-col-100 elementor-top-column elementor-element elementor-element-6e44d94a\" data-id=\"6e44d94a\" data-element_type=\"column\" data-e-type=\"column\">\n\t\t\t<div class=\"elementor-widget-wrap elementor-element-populated\">\n\t\t\t\t\t\t<section class=\"elementor-section elementor-inner-section elementor-element elementor-element-22b982be elementor-section-full_width elementor-section-height-default elementor-section-height-default\" data-id=\"22b982be\" data-element_type=\"section\" data-e-type=\"section\">\n\t\t\t\t\t\t<div class=\"elementor-container elementor-column-gap-no\">\n\t\t\t\t\t<div class=\"elementor-column elementor-col-50 elementor-inner-column elementor-element elementor-element-1e1f8839\" data-id=\"1e1f8839\" data-element_type=\"column\" data-e-type=\"column\">\n\t\t\t<div class=\"elementor-widget-wrap elementor-element-populated\">\n\t\t\t\t\t\t<div class=\"elementor-element elementor-element-42dd9b05 elementor-widget elementor-widget-heading\" data-id=\"42dd9b05\" data-element_type=\"widget\" data-e-type=\"widget\" data-widget_type=\"heading.default\">\n\t\t\t\t<div class=\"elementor-widget-container\">\n\t\t\t\t\t<h1 class=\"elementor-heading-title elementor-size-default\">R\u00e9f\u00e9rences<\/h1>\t\t\t\t<\/div>\n\t\t\t\t<\/div>\n\t\t\t\t\t<\/div>\n\t\t<\/div>\n\t\t\t\t<div class=\"elementor-column elementor-col-50 elementor-inner-column elementor-element elementor-element-71790727 flagprint-options\" data-id=\"71790727\" data-element_type=\"column\" data-e-type=\"column\">\n\t\t\t<div class=\"elementor-widget-wrap elementor-element-populated\">\n\t\t\t\t\t\t<div class=\"elementor-element elementor-element-3fd867ec elementor-widget elementor-widget-shortcode\" data-id=\"3fd867ec\" data-element_type=\"widget\" data-e-type=\"widget\" data-widget_type=\"shortcode.default\">\n\t\t\t\t<div class=\"elementor-widget-container\">\n\t\t\t\t\t<div class=\"product-options\"><div class=\"option\"><strong>Affichage<\/strong><a class=\"view grid active\"><svg xmlns=\"http:\/\/www.w3.org\/2000\/svg\" width=\"36\" height=\"36\" viewBox=\"0 0 36 36\">\n  <g id=\"icon-grid\" transform=\"translate(-593 -286)\">\n    <rect id=\"tile-9\" width=\"10\" height=\"10\" transform=\"translate(619 312)\" fill=\"#202b36\"\/>\n    <rect id=\"tile-8\" width=\"10\" height=\"10\" transform=\"translate(606 312)\" fill=\"#202b36\"\/>\n    <rect id=\"tile-7\" width=\"10\" height=\"10\" transform=\"translate(593 312)\" fill=\"#202b36\"\/>\n    <rect id=\"tile-6\" width=\"10\" height=\"10\" transform=\"translate(619 299)\" fill=\"#202b36\"\/>\n    <rect id=\"tile-5\" width=\"10\" height=\"10\" transform=\"translate(606 299)\" fill=\"#202b36\"\/>\n    <rect id=\"tile-4\" width=\"10\" height=\"10\" transform=\"translate(593 299)\" fill=\"#202b36\"\/>\n    <rect id=\"tile-3\" width=\"10\" height=\"10\" transform=\"translate(619 286)\" fill=\"#202b36\"\/>\n    <rect id=\"tile-2\" width=\"10\" height=\"10\" transform=\"translate(606 286)\" fill=\"#202b36\"\/>\n    <rect id=\"tile-1\" width=\"10\" height=\"10\" transform=\"translate(593 286)\" fill=\"#202b36\"\/>\n  <\/g>\n<\/svg><\/a><a class=\"view list\"><svg xmlns=\"http:\/\/www.w3.org\/2000\/svg\" width=\"36\" height=\"36\" viewBox=\"0 0 36 36\">\n  <g id=\"icon-list\" transform=\"translate(-593 -286)\">\n    <rect id=\"line-3\" width=\"36\" height=\"10\" transform=\"translate(593 312)\" fill=\"#202b36\"\/>\n    <rect id=\"line-2\" width=\"36\" height=\"10\" transform=\"translate(593 299)\" fill=\"#202b36\"\/>\n    <rect id=\"line-1\" width=\"36\" height=\"10\" transform=\"translate(593 286)\" fill=\"#202b36\"\/>\n  <\/g>\n<\/svg>\n<\/a><\/div><\/div>\t\t<div class=\"elementor-shortcode\"><\/div>\n\t\t\t\t\t\t<\/div>\n\t\t\t\t<\/div>\n\t\t\t\t\t<\/div>\n\t\t<\/div>\n\t\t\t\t\t<\/div>\n\t\t<\/section>\n\t\t\t\t<div class=\"elementor-element elementor-element-66c951bd flagprint-categories filters elementor-widget elementor-widget-shortcode\" data-id=\"66c951bd\" data-element_type=\"widget\" data-e-type=\"widget\" data-widget_type=\"shortcode.default\">\n\t\t\t\t<div class=\"elementor-widget-container\">\n\t\t\t\t\t<a class=\"dropdown\">Cat\u00e9gories<i class=\"fal fa-chevron-down\"><\/i><\/a><a class=\"options\"><i class=\"far fa-ellipsis-v\"><\/i><\/a><div class=\"filter-group\" data-filter-group=\"referenzen_kategorie\"><ul><li class=\"title\">Cat\u00e9gories:<\/li><li class=\"fp-cat\"><input type=\"checkbox\" value=\".category-affichages-eclaires\" id=\"id_affichages-eclaires\" name=\"id_affichages-eclaires\" \/><label for=\"id_affichages-eclaires\"><span class=\"txt\">Affichages \u00e9clair\u00e9s<\/span><span class=\"count\"><\/span><\/label><\/li><li class=\"fp-cat\"><input type=\"checkbox\" value=\".category-campagnes-politiques\" id=\"id_campagnes-politiques\" name=\"id_campagnes-politiques\" \/><label for=\"id_campagnes-politiques\"><span class=\"txt\">Campagnes politiques<\/span><span class=\"count\"><\/span><\/label><\/li><li class=\"fp-cat\"><input type=\"checkbox\" value=\".category-produits-de-protection-corona\" id=\"id_produits-de-protection-corona\" name=\"id_produits-de-protection-corona\" \/><label for=\"id_produits-de-protection-corona\"><span class=\"txt\">Produits de protection Corona<\/span><span class=\"count\"><\/span><\/label><\/li><li class=\"fp-cat\"><input type=\"checkbox\" value=\".category-campagnes-politiques-fr\" id=\"id_campagnes-politiques-fr\" name=\"id_campagnes-politiques-fr\" \/><label for=\"id_campagnes-politiques-fr\"><span class=\"txt\">Campagnes politiques<\/span><span class=\"count\"><\/span><\/label><\/li><li class=\"fp-cat\"><input type=\"checkbox\" value=\".category-tout-fr\" id=\"id_tout-fr\" name=\"id_tout-fr\" \/><label for=\"id_tout-fr\"><span class=\"txt\">Tout<\/span><span class=\"count\"><\/span><\/label><\/li><li class=\"fp-cat\"><input type=\"checkbox\" value=\".category-raumakustik-fr\" id=\"id_raumakustik-fr\" name=\"id_raumakustik-fr\" \/><label for=\"id_raumakustik-fr\"><span class=\"txt\">Acoustique Spatiale<\/span><span class=\"count\"><\/span><\/label><\/li><li class=\"fp-cat\"><input type=\"checkbox\" value=\".category-drapeaux\" id=\"id_drapeaux\" name=\"id_drapeaux\" \/><label for=\"id_drapeaux\"><span class=\"txt\">Drapeaux<\/span><span class=\"count\"><\/span><\/label><\/li><li class=\"fp-cat\"><input type=\"checkbox\" value=\".category-systemes-daffichage\" id=\"id_systemes-daffichage\" name=\"id_systemes-daffichage\" \/><label for=\"id_systemes-daffichage\"><span class=\"txt\">Systemes d'affichage<\/span><span class=\"count\"><\/span><\/label><\/li><li class=\"fp-cat\"><input type=\"checkbox\" value=\".category-banderoles\" id=\"id_banderoles\" name=\"id_banderoles\" \/><label for=\"id_banderoles\"><span class=\"txt\">Banderoles<\/span><span class=\"count\"><\/span><\/label><\/li><li class=\"fp-cat\"><input type=\"checkbox\" value=\".category-exposition-event\" id=\"id_exposition-event\" name=\"id_exposition-event\" \/><label for=\"id_exposition-event\"><span class=\"txt\">Exposition &amp; Event<\/span><span class=\"count\"><\/span><\/label><\/li><li class=\"fp-cat\"><input type=\"checkbox\" value=\".category-interieur\" id=\"id_interieur\" name=\"id_interieur\" \/><label for=\"id_interieur\"><span class=\"txt\">Int\u00e9rieur<\/span><span class=\"count\"><\/span><\/label><\/li><li class=\"fp-cat\"><input type=\"checkbox\" value=\".category-point-de-vente\" id=\"id_point-de-vente\" name=\"id_point-de-vente\" \/><label for=\"id_point-de-vente\"><span class=\"txt\">Point de Vente<\/span><span class=\"count\"><\/span><\/label><\/li><li class=\"fp-cat\"><input type=\"checkbox\" value=\".category-affichages-lumineux\" id=\"id_affichages-lumineux\" name=\"id_affichages-lumineux\" \/><label for=\"id_affichages-lumineux\"><span class=\"txt\">Affichages lumineux<\/span><span class=\"count\"><\/span><\/label><\/li><\/ul><\/div>\t\t<div class=\"elementor-shortcode\"><\/div>\n\t\t\t\t\t\t<\/div>\n\t\t\t\t<\/div>\n\t\t\t\t\t<\/div>\n\t\t<\/div>\n\t\t\t\t\t<\/div>\n\t\t<\/section>\n\t\t\t\t<section class=\"elementor-section elementor-top-section elementor-element elementor-element-8ba4171 elementor-section-boxed elementor-section-height-default elementor-section-height-default\" data-id=\"8ba4171\" data-element_type=\"section\" data-e-type=\"section\">\n\t\t\t\t\t\t<div class=\"elementor-container elementor-column-gap-default\">\n\t\t\t\t\t<div class=\"elementor-column elementor-col-100 elementor-top-column elementor-element elementor-element-45c9502c fp-tiles-posts\" data-id=\"45c9502c\" data-element_type=\"column\" data-e-type=\"column\">\n\t\t\t<div class=\"elementor-widget-wrap elementor-element-populated\">\n\t\t\t\t\t\t<div class=\"elementor-element elementor-element-1b952fc elementor-grid-4 flagprint-grid elementor-grid-tablet-2 elementor-grid-mobile-1 elementor-posts--thumbnail-top elementor-widget elementor-widget-posts\" data-id=\"1b952fc\" data-element_type=\"widget\" data-e-type=\"widget\" data-settings=\"{&quot;classic_columns&quot;:&quot;4&quot;,&quot;classic_row_gap&quot;:{&quot;unit&quot;:&quot;px&quot;,&quot;size&quot;:0,&quot;sizes&quot;:[]},&quot;classic_columns_tablet&quot;:&quot;2&quot;,&quot;classic_columns_mobile&quot;:&quot;1&quot;,&quot;classic_row_gap_widescreen&quot;:{&quot;unit&quot;:&quot;px&quot;,&quot;size&quot;:&quot;&quot;,&quot;sizes&quot;:[]},&quot;classic_row_gap_laptop&quot;:{&quot;unit&quot;:&quot;px&quot;,&quot;size&quot;:&quot;&quot;,&quot;sizes&quot;:[]},&quot;classic_row_gap_tablet&quot;:{&quot;unit&quot;:&quot;px&quot;,&quot;size&quot;:&quot;&quot;,&quot;sizes&quot;:[]},&quot;classic_row_gap_mobile&quot;:{&quot;unit&quot;:&quot;px&quot;,&quot;size&quot;:&quot;&quot;,&quot;sizes&quot;:[]}}\" data-widget_type=\"posts.classic\">\n\t\t\t\t<div class=\"elementor-widget-container\">\n\t\t\t\t\t\t\t<div class=\"elementor-posts-container elementor-posts elementor-posts--skin-classic elementor-grid\" role=\"list\">\n\t\t\t\t<article class=\"elementor-post elementor-grid-item post-36857 post type-post status-publish format-standard has-post-thumbnail hentry category-tout category-tout-fr category-nouvelles category-references category-event category-communication category-exposition-event\" role=\"listitem\">\n\t\t\t\t<a class=\"elementor-post__thumbnail__link\" href=\"https:\/\/flagprint.ch\/fr\/nouvelles\/branding-pour-les-foires-bea\/\" tabindex=\"-1\" >\n\t\t\t<div class=\"elementor-post__thumbnail\"><img fetchpriority=\"high\" decoding=\"async\" width=\"768\" height=\"576\" src=\"https:\/\/flagprint.ch\/wp-content\/uploads\/2024\/05\/Titelbild_Saeulenbanner_BEA_Rugenbraeu-1-768x576.png\" class=\"attachment-medium_large size-medium_large wp-image-36891\" alt=\"\" srcset=\"https:\/\/flagprint.ch\/wp-content\/uploads\/2024\/05\/Titelbild_Saeulenbanner_BEA_Rugenbraeu-1-768x576.png 768w, https:\/\/flagprint.ch\/wp-content\/uploads\/2024\/05\/Titelbild_Saeulenbanner_BEA_Rugenbraeu-1-800x600.png 800w, https:\/\/flagprint.ch\/wp-content\/uploads\/2024\/05\/Titelbild_Saeulenbanner_BEA_Rugenbraeu-1-1200x900.png 1200w, https:\/\/flagprint.ch\/wp-content\/uploads\/2024\/05\/Titelbild_Saeulenbanner_BEA_Rugenbraeu-1-400x300.png 400w, https:\/\/flagprint.ch\/wp-content\/uploads\/2024\/05\/Titelbild_Saeulenbanner_BEA_Rugenbraeu-1-1536x1152.png 1536w, https:\/\/flagprint.ch\/wp-content\/uploads\/2024\/05\/Titelbild_Saeulenbanner_BEA_Rugenbraeu-1.png 1600w\" sizes=\"(max-width: 768px) 100vw, 768px\" \/><\/div>\n\t\t<\/a>\n\t\t\t\t<div class=\"elementor-post__text\">\n\t\t\t\t<h2 class=\"elementor-post__title\">\n\t\t\t<a href=\"https:\/\/flagprint.ch\/fr\/nouvelles\/branding-pour-les-foires-bea\/\" >\n\t\t\t\tBranding pour la foire BEA\t\t\t<\/a>\n\t\t<\/h2>\n\t\t\t\t<div class=\"elementor-post__meta-data\">\n\t\t\t\t\t<span class=\"elementor-post-date\">\n\t\t\t15 mai 2024\t\t<\/span>\n\t\t\t\t<span class=\"elementor-post-time\">\n\t\t\t11h06\t\t<\/span>\n\t\t\t\t<\/div>\n\t\t\t\t<div class=\"elementor-post__excerpt\">\n\t\t\t<p>D\u00e9couvrez nos solutions d&rsquo;impression impressionnantes pour la foire BEA \u00e0 Berne, allant des banni\u00e8res de fa\u00e7ade grand format aux cubes en tissu originaux. <\/p>\n\t\t<\/div>\n\t\t\t\t<\/div>\n\t\t\t\t<\/article>\n\t\t\t\t<article class=\"elementor-post elementor-grid-item post-36475 post type-post status-publish format-standard has-post-thumbnail hentry category-tout-fr category-references category-drapeaux category-exposition-event tag-drapeaux-de-candelabre tag-pavoisement-des-communes-et-des-villes tag-championnat-du-monde-de-marathon-vtt-uci tag-graechen-fr tag-valais\" role=\"listitem\">\n\t\t\t\t<a class=\"elementor-post__thumbnail__link\" href=\"https:\/\/flagprint.ch\/fr\/references\/drapeaux-de-candelabre-pour-le-tourisme-a-graechen\/\" tabindex=\"-1\" >\n\t\t\t<div class=\"elementor-post__thumbnail\"><img decoding=\"async\" width=\"768\" height=\"576\" src=\"https:\/\/flagprint.ch\/wp-content\/uploads\/2019\/09\/Titelbild-Referenzen-graechen-tourismus-fahne-768x576.jpg\" class=\"attachment-medium_large size-medium_large wp-image-8840\" alt=\"\" srcset=\"https:\/\/flagprint.ch\/wp-content\/uploads\/2019\/09\/Titelbild-Referenzen-graechen-tourismus-fahne-768x576.jpg 768w, https:\/\/flagprint.ch\/wp-content\/uploads\/2019\/09\/Titelbild-Referenzen-graechen-tourismus-fahne-400x300.jpg 400w, https:\/\/flagprint.ch\/wp-content\/uploads\/2019\/09\/Titelbild-Referenzen-graechen-tourismus-fahne-800x600.jpg 800w, https:\/\/flagprint.ch\/wp-content\/uploads\/2019\/09\/Titelbild-Referenzen-graechen-tourismus-fahne-1200x900.jpg 1200w, https:\/\/flagprint.ch\/wp-content\/uploads\/2019\/09\/Titelbild-Referenzen-graechen-tourismus-fahne.jpg 1600w\" sizes=\"(max-width: 768px) 100vw, 768px\" \/><\/div>\n\t\t<\/a>\n\t\t\t\t<div class=\"elementor-post__text\">\n\t\t\t\t<h2 class=\"elementor-post__title\">\n\t\t\t<a href=\"https:\/\/flagprint.ch\/fr\/references\/drapeaux-de-candelabre-pour-le-tourisme-a-graechen\/\" >\n\t\t\t\tDrapeaux de cand\u00e9labre pour le tourisme \u00e0 Gr\u00e4chen\t\t\t<\/a>\n\t\t<\/h2>\n\t\t\t\t<div class=\"elementor-post__meta-data\">\n\t\t\t\t\t<span class=\"elementor-post-date\">\n\t\t\t5 avril 2024\t\t<\/span>\n\t\t\t\t<span class=\"elementor-post-time\">\n\t\t\t14h37\t\t<\/span>\n\t\t\t\t<\/div>\n\t\t\t\t<div class=\"elementor-post__excerpt\">\n\t\t\t<p>Avec 60 drapeaux de cand\u00e9labre, Gr\u00e4chen a alert\u00e9 la population sur le Championnat du monde de VTT \u00e0 venir.<\/p>\n\t\t<\/div>\n\t\t\t\t<\/div>\n\t\t\t\t<\/article>\n\t\t\t\t<article class=\"elementor-post elementor-grid-item post-34383 post type-post status-publish format-standard has-post-thumbnail hentry category-affichages-lumineux category-tout-fr category-references category-interieur category-point-de-vente\" role=\"listitem\">\n\t\t\t\t<a class=\"elementor-post__thumbnail__link\" href=\"https:\/\/flagprint.ch\/fr\/references\/design-de-bureau-tableaux-muraux-transgourmet\/\" tabindex=\"-1\" >\n\t\t\t<div class=\"elementor-post__thumbnail\"><img decoding=\"async\" width=\"768\" height=\"576\" src=\"https:\/\/flagprint.ch\/wp-content\/uploads\/2023\/09\/Leuchtkasten_Transgourmet_Vorschaubild-768x576.jpg\" class=\"attachment-medium_large size-medium_large wp-image-34427\" alt=\"\" srcset=\"https:\/\/flagprint.ch\/wp-content\/uploads\/2023\/09\/Leuchtkasten_Transgourmet_Vorschaubild-768x576.jpg 768w, https:\/\/flagprint.ch\/wp-content\/uploads\/2023\/09\/Leuchtkasten_Transgourmet_Vorschaubild-800x600.jpg 800w, https:\/\/flagprint.ch\/wp-content\/uploads\/2023\/09\/Leuchtkasten_Transgourmet_Vorschaubild-1200x900.jpg 1200w, https:\/\/flagprint.ch\/wp-content\/uploads\/2023\/09\/Leuchtkasten_Transgourmet_Vorschaubild-400x300.jpg 400w, https:\/\/flagprint.ch\/wp-content\/uploads\/2023\/09\/Leuchtkasten_Transgourmet_Vorschaubild-1536x1152.jpg 1536w, https:\/\/flagprint.ch\/wp-content\/uploads\/2023\/09\/Leuchtkasten_Transgourmet_Vorschaubild.jpg 1600w\" sizes=\"(max-width: 768px) 100vw, 768px\" \/><\/div>\n\t\t<\/a>\n\t\t\t\t<div class=\"elementor-post__text\">\n\t\t\t\t<h2 class=\"elementor-post__title\">\n\t\t\t<a href=\"https:\/\/flagprint.ch\/fr\/references\/design-de-bureau-tableaux-muraux-transgourmet\/\" >\n\t\t\t\tUn design de bureau exquis chez Transgourmet\t\t\t<\/a>\n\t\t<\/h2>\n\t\t\t\t<div class=\"elementor-post__meta-data\">\n\t\t\t\t\t<span class=\"elementor-post-date\">\n\t\t\t15 septembre 2023\t\t<\/span>\n\t\t\t\t<span class=\"elementor-post-time\">\n\t\t\t15h10\t\t<\/span>\n\t\t\t\t<\/div>\n\t\t\t\t<div class=\"elementor-post__excerpt\">\n\t\t\t<p>D\u00e9couvrez le nouvel int\u00e9rieur de bureau chez Transgourmet avec nos tableaux muraux personnalis\u00e9s \u00ab\u00a0aluframes\u00a0\u00bb et nos caissons lumineux \u00ab\u00a0lightframes\u00a0\u00bb.<\/p>\n\t\t<\/div>\n\t\t\t\t<\/div>\n\t\t\t\t<\/article>\n\t\t\t\t<article class=\"elementor-post elementor-grid-item post-34343 post type-post status-publish format-standard has-post-thumbnail hentry category-tout-fr category-references category-banderoles category-exposition-event\" role=\"listitem\">\n\t\t\t\t<a class=\"elementor-post__thumbnail__link\" href=\"https:\/\/flagprint.ch\/fr\/references\/branding-devenement-pour-swiss-skills\/\" tabindex=\"-1\" >\n\t\t\t<div class=\"elementor-post__thumbnail\"><img loading=\"lazy\" decoding=\"async\" width=\"768\" height=\"576\" src=\"https:\/\/flagprint.ch\/wp-content\/uploads\/2023\/09\/Bild-Proviande-2-768x576.jpg\" class=\"attachment-medium_large size-medium_large wp-image-34354\" alt=\"\" srcset=\"https:\/\/flagprint.ch\/wp-content\/uploads\/2023\/09\/Bild-Proviande-2-768x576.jpg 768w, https:\/\/flagprint.ch\/wp-content\/uploads\/2023\/09\/Bild-Proviande-2-800x600.jpg 800w, https:\/\/flagprint.ch\/wp-content\/uploads\/2023\/09\/Bild-Proviande-2-1200x900.jpg 1200w, https:\/\/flagprint.ch\/wp-content\/uploads\/2023\/09\/Bild-Proviande-2-400x300.jpg 400w, https:\/\/flagprint.ch\/wp-content\/uploads\/2023\/09\/Bild-Proviande-2-1536x1152.jpg 1536w, https:\/\/flagprint.ch\/wp-content\/uploads\/2023\/09\/Bild-Proviande-2.jpg 1600w\" sizes=\"(max-width: 768px) 100vw, 768px\" \/><\/div>\n\t\t<\/a>\n\t\t\t\t<div class=\"elementor-post__text\">\n\t\t\t\t<h2 class=\"elementor-post__title\">\n\t\t\t<a href=\"https:\/\/flagprint.ch\/fr\/references\/branding-devenement-pour-swiss-skills\/\" >\n\t\t\t\tBranding d&rsquo;\u00e9v\u00e9nement pour Swiss Skills\t\t\t<\/a>\n\t\t<\/h2>\n\t\t\t\t<div class=\"elementor-post__meta-data\">\n\t\t\t\t\t<span class=\"elementor-post-date\">\n\t\t\t13 septembre 2023\t\t<\/span>\n\t\t\t\t<span class=\"elementor-post-time\">\n\t\t\t10h19\t\t<\/span>\n\t\t\t\t<\/div>\n\t\t\t\t<div class=\"elementor-post__excerpt\">\n\t\t\t<p>Gr\u00e2ce \u00e0 notre expertise en mati\u00e8re de communication \u00e9v\u00e9nementielle, notre \u00e9quipe a pu atteindre un niveau sans pr\u00e9c\u00e9dent dans le domaine du branding lors du Swiss Skills Event.<\/p>\n\t\t<\/div>\n\t\t\t\t<\/div>\n\t\t\t\t<\/article>\n\t\t\t\t<article class=\"elementor-post elementor-grid-item post-34265 post type-post status-publish format-standard has-post-thumbnail hentry category-tout-fr category-references category-banderoles category-exposition-event\" role=\"listitem\">\n\t\t\t\t<a class=\"elementor-post__thumbnail__link\" href=\"https:\/\/flagprint.ch\/fr\/references\/banniere-de-facade-xxl-bcbe\/\" tabindex=\"-1\" >\n\t\t\t<div class=\"elementor-post__thumbnail\"><img loading=\"lazy\" decoding=\"async\" width=\"768\" height=\"576\" src=\"https:\/\/flagprint.ch\/wp-content\/uploads\/2023\/09\/Bild-Proviande-1-768x576.jpg\" class=\"attachment-medium_large size-medium_large wp-image-34269\" alt=\"\" srcset=\"https:\/\/flagprint.ch\/wp-content\/uploads\/2023\/09\/Bild-Proviande-1-768x576.jpg 768w, https:\/\/flagprint.ch\/wp-content\/uploads\/2023\/09\/Bild-Proviande-1-800x600.jpg 800w, https:\/\/flagprint.ch\/wp-content\/uploads\/2023\/09\/Bild-Proviande-1-1200x900.jpg 1200w, https:\/\/flagprint.ch\/wp-content\/uploads\/2023\/09\/Bild-Proviande-1-400x300.jpg 400w, https:\/\/flagprint.ch\/wp-content\/uploads\/2023\/09\/Bild-Proviande-1-1536x1152.jpg 1536w, https:\/\/flagprint.ch\/wp-content\/uploads\/2023\/09\/Bild-Proviande-1.jpg 1600w\" sizes=\"(max-width: 768px) 100vw, 768px\" \/><\/div>\n\t\t<\/a>\n\t\t\t\t<div class=\"elementor-post__text\">\n\t\t\t\t<h2 class=\"elementor-post__title\">\n\t\t\t<a href=\"https:\/\/flagprint.ch\/fr\/references\/banniere-de-facade-xxl-bcbe\/\" >\n\t\t\t\tBanni\u00e8re de fa\u00e7ade XXL pour la BEKB\t\t\t<\/a>\n\t\t<\/h2>\n\t\t\t\t<div class=\"elementor-post__meta-data\">\n\t\t\t\t\t<span class=\"elementor-post-date\">\n\t\t\t12 septembre 2023\t\t<\/span>\n\t\t\t\t<span class=\"elementor-post-time\">\n\t\t\t20h11\t\t<\/span>\n\t\t\t\t<\/div>\n\t\t\t\t<div class=\"elementor-post__excerpt\">\n\t\t\t<p>\u00c0 l&rsquo;occasion de la Course f\u00e9minine, nous avons produit et mont\u00e9 une banni\u00e8re de fa\u00e7ade XXL sur mesure pour le si\u00e8ge principal de la BCBE.<\/p>\n\t\t<\/div>\n\t\t\t\t<\/div>\n\t\t\t\t<\/article>\n\t\t\t\t<article class=\"elementor-post elementor-grid-item post-34232 post type-post status-publish format-standard has-post-thumbnail hentry category-tout-fr category-references category-interieur\" role=\"listitem\">\n\t\t\t\t<a class=\"elementor-post__thumbnail__link\" href=\"https:\/\/flagprint.ch\/fr\/references\/tableaux-muraux-aluframe-pour-sportco\/\" tabindex=\"-1\" >\n\t\t\t<div class=\"elementor-post__thumbnail\"><img loading=\"lazy\" decoding=\"async\" width=\"768\" height=\"576\" src=\"https:\/\/flagprint.ch\/wp-content\/uploads\/2023\/09\/Bild_Referenz_Sportco_Web-768x576.jpg\" class=\"attachment-medium_large size-medium_large wp-image-34235\" alt=\"\" srcset=\"https:\/\/flagprint.ch\/wp-content\/uploads\/2023\/09\/Bild_Referenz_Sportco_Web-768x576.jpg 768w, https:\/\/flagprint.ch\/wp-content\/uploads\/2023\/09\/Bild_Referenz_Sportco_Web-800x600.jpg 800w, https:\/\/flagprint.ch\/wp-content\/uploads\/2023\/09\/Bild_Referenz_Sportco_Web-1200x900.jpg 1200w, https:\/\/flagprint.ch\/wp-content\/uploads\/2023\/09\/Bild_Referenz_Sportco_Web-400x300.jpg 400w, https:\/\/flagprint.ch\/wp-content\/uploads\/2023\/09\/Bild_Referenz_Sportco_Web-1536x1152.jpg 1536w, https:\/\/flagprint.ch\/wp-content\/uploads\/2023\/09\/Bild_Referenz_Sportco_Web.jpg 1600w\" sizes=\"(max-width: 768px) 100vw, 768px\" \/><\/div>\n\t\t<\/a>\n\t\t\t\t<div class=\"elementor-post__text\">\n\t\t\t\t<h2 class=\"elementor-post__title\">\n\t\t\t<a href=\"https:\/\/flagprint.ch\/fr\/references\/tableaux-muraux-aluframe-pour-sportco\/\" >\n\t\t\t\ttableaux muraux aluframe pour Sportco\t\t\t<\/a>\n\t\t<\/h2>\n\t\t\t\t<div class=\"elementor-post__meta-data\">\n\t\t\t\t\t<span class=\"elementor-post-date\">\n\t\t\t12 septembre 2023\t\t<\/span>\n\t\t\t\t<span class=\"elementor-post-time\">\n\t\t\t15h07\t\t<\/span>\n\t\t\t\t<\/div>\n\t\t\t\t<div class=\"elementor-post__excerpt\">\n\t\t\t<p>D\u00e9couvrez une atmosph\u00e8re de bureau fra\u00eeche gr\u00e2ce au design int\u00e9rieur innovant de flagprint ! D\u00e9couvrez comment aluframes enrichit l&rsquo;environnement de travail de Sportco.<\/p>\n\t\t<\/div>\n\t\t\t\t<\/div>\n\t\t\t\t<\/article>\n\t\t\t\t<article class=\"elementor-post elementor-grid-item post-33355 post type-post status-publish format-standard has-post-thumbnail hentry category-campagnes-politiques category-tout-fr category-references category-drapeaux\" role=\"listitem\">\n\t\t\t\t<a class=\"elementor-post__thumbnail__link\" href=\"https:\/\/flagprint.ch\/fr\/references\/voteflags-pour-lesverts-suisse\/\" tabindex=\"-1\" >\n\t\t\t<div class=\"elementor-post__thumbnail\"><img loading=\"lazy\" decoding=\"async\" width=\"768\" height=\"576\" src=\"https:\/\/flagprint.ch\/wp-content\/uploads\/2023\/04\/Bild-Gruene-Schweiz-768x576.png\" class=\"attachment-medium_large size-medium_large wp-image-33365\" alt=\"\" srcset=\"https:\/\/flagprint.ch\/wp-content\/uploads\/2023\/04\/Bild-Gruene-Schweiz-768x576.png 768w, https:\/\/flagprint.ch\/wp-content\/uploads\/2023\/04\/Bild-Gruene-Schweiz-800x600.png 800w, https:\/\/flagprint.ch\/wp-content\/uploads\/2023\/04\/Bild-Gruene-Schweiz-1200x900.png 1200w, https:\/\/flagprint.ch\/wp-content\/uploads\/2023\/04\/Bild-Gruene-Schweiz-400x300.png 400w, https:\/\/flagprint.ch\/wp-content\/uploads\/2023\/04\/Bild-Gruene-Schweiz-1536x1152.png 1536w, https:\/\/flagprint.ch\/wp-content\/uploads\/2023\/04\/Bild-Gruene-Schweiz.png 1600w\" sizes=\"(max-width: 768px) 100vw, 768px\" \/><\/div>\n\t\t<\/a>\n\t\t\t\t<div class=\"elementor-post__text\">\n\t\t\t\t<h2 class=\"elementor-post__title\">\n\t\t\t<a href=\"https:\/\/flagprint.ch\/fr\/references\/voteflags-pour-lesverts-suisse\/\" >\n\t\t\t\tVoteflags pour les verts suisse\t\t\t<\/a>\n\t\t<\/h2>\n\t\t\t\t<div class=\"elementor-post__meta-data\">\n\t\t\t\t\t<span class=\"elementor-post-date\">\n\t\t\t4 ao\u00fbt 2023\t\t<\/span>\n\t\t\t\t<span class=\"elementor-post-time\">\n\t\t\t13h01\t\t<\/span>\n\t\t\t\t<\/div>\n\t\t\t\t<div class=\"elementor-post__excerpt\">\n\t\t\t<p>Pour l&rsquo;action participative bilingue de l&rsquo;Union syndicale suisse, nous avons pu produire le mat\u00e9riel de campagne, compos\u00e9 de 20&rsquo;000 Voteflags. <\/p>\n\t\t<\/div>\n\t\t\t\t<\/div>\n\t\t\t\t<\/article>\n\t\t\t\t<article class=\"elementor-post elementor-grid-item post-33239 post type-post status-publish format-standard has-post-thumbnail hentry category-tout-fr category-references category-systemes-daffichage category-interieur category-point-de-vente\" role=\"listitem\">\n\t\t\t\t<a class=\"elementor-post__thumbnail__link\" href=\"https:\/\/flagprint.ch\/fr\/references\/tableaux-en-tissu-bernaqua\/\" tabindex=\"-1\" >\n\t\t\t<div class=\"elementor-post__thumbnail\"><img loading=\"lazy\" decoding=\"async\" width=\"768\" height=\"576\" src=\"https:\/\/flagprint.ch\/wp-content\/uploads\/2023\/04\/Bild_Sujetwechsel_Bernaqua_web-768x576.png\" class=\"attachment-medium_large size-medium_large wp-image-33262\" alt=\"Sujetwechsel der Stoffbilder im Bernaqua\" srcset=\"https:\/\/flagprint.ch\/wp-content\/uploads\/2023\/04\/Bild_Sujetwechsel_Bernaqua_web-768x576.png 768w, https:\/\/flagprint.ch\/wp-content\/uploads\/2023\/04\/Bild_Sujetwechsel_Bernaqua_web-800x600.png 800w, https:\/\/flagprint.ch\/wp-content\/uploads\/2023\/04\/Bild_Sujetwechsel_Bernaqua_web-1200x900.png 1200w, https:\/\/flagprint.ch\/wp-content\/uploads\/2023\/04\/Bild_Sujetwechsel_Bernaqua_web-400x300.png 400w, https:\/\/flagprint.ch\/wp-content\/uploads\/2023\/04\/Bild_Sujetwechsel_Bernaqua_web-1536x1152.png 1536w, https:\/\/flagprint.ch\/wp-content\/uploads\/2023\/04\/Bild_Sujetwechsel_Bernaqua_web.png 1600w\" sizes=\"(max-width: 768px) 100vw, 768px\" \/><\/div>\n\t\t<\/a>\n\t\t\t\t<div class=\"elementor-post__text\">\n\t\t\t\t<h2 class=\"elementor-post__title\">\n\t\t\t<a href=\"https:\/\/flagprint.ch\/fr\/references\/tableaux-en-tissu-bernaqua\/\" >\n\t\t\t\tNouveaux tableaux en tissu pour Bernaqua\t\t\t<\/a>\n\t\t<\/h2>\n\t\t\t\t<div class=\"elementor-post__meta-data\">\n\t\t\t\t\t<span class=\"elementor-post-date\">\n\t\t\t17 avril 2023\t\t<\/span>\n\t\t\t\t<span class=\"elementor-post-time\">\n\t\t\t14h06\t\t<\/span>\n\t\t\t\t<\/div>\n\t\t\t\t<div class=\"elementor-post__excerpt\">\n\t\t\t<p>aluframe : le changement facile de tableaux de tissus pour un r\u00e9sultat impressionnant dans l&rsquo;entr\u00e9e de Bernaqua.<\/p>\n\t\t<\/div>\n\t\t\t\t<\/div>\n\t\t\t\t<\/article>\n\t\t\t\t<article class=\"elementor-post elementor-grid-item post-32865 post type-post status-publish format-standard has-post-thumbnail hentry category-affichages-lumineux category-tout-fr category-references category-exposition-event category-point-de-vente\" role=\"listitem\">\n\t\t\t\t<a class=\"elementor-post__thumbnail__link\" href=\"https:\/\/flagprint.ch\/fr\/references\/nouveaux-imprimes-sur-tissu-pour-un-evenement-extravagant\/\" tabindex=\"-1\" >\n\t\t\t<div class=\"elementor-post__thumbnail\"><img loading=\"lazy\" decoding=\"async\" width=\"768\" height=\"576\" src=\"https:\/\/flagprint.ch\/wp-content\/uploads\/2023\/02\/Bild-Proviande-2-768x576.png\" class=\"attachment-medium_large size-medium_large wp-image-32868\" alt=\"\" srcset=\"https:\/\/flagprint.ch\/wp-content\/uploads\/2023\/02\/Bild-Proviande-2-768x576.png 768w, https:\/\/flagprint.ch\/wp-content\/uploads\/2023\/02\/Bild-Proviande-2-800x600.png 800w, https:\/\/flagprint.ch\/wp-content\/uploads\/2023\/02\/Bild-Proviande-2-1200x900.png 1200w, https:\/\/flagprint.ch\/wp-content\/uploads\/2023\/02\/Bild-Proviande-2-400x300.png 400w, https:\/\/flagprint.ch\/wp-content\/uploads\/2023\/02\/Bild-Proviande-2-1536x1152.png 1536w, https:\/\/flagprint.ch\/wp-content\/uploads\/2023\/02\/Bild-Proviande-2.png 1600w\" sizes=\"(max-width: 768px) 100vw, 768px\" \/><\/div>\n\t\t<\/a>\n\t\t\t\t<div class=\"elementor-post__text\">\n\t\t\t\t<h2 class=\"elementor-post__title\">\n\t\t\t<a href=\"https:\/\/flagprint.ch\/fr\/references\/nouveaux-imprimes-sur-tissu-pour-un-evenement-extravagant\/\" >\n\t\t\t\tNouveaux imprim\u00e9s sur tissu pour un \u00e9v\u00e9nement extravagant\t\t\t<\/a>\n\t\t<\/h2>\n\t\t\t\t<div class=\"elementor-post__meta-data\">\n\t\t\t\t\t<span class=\"elementor-post-date\">\n\t\t\t1 mars 2023\t\t<\/span>\n\t\t\t\t<span class=\"elementor-post-time\">\n\t\t\t15h52\t\t<\/span>\n\t\t\t\t<\/div>\n\t\t\t\t<div class=\"elementor-post__excerpt\">\n\t\t\t<p>Nouveaux imprim\u00e9s sur tissu pour les lightframes existants, utilis\u00e9s lors de la premi\u00e8re suisse de l&rsquo;Audi activesphere concept.<\/p>\n\t\t<\/div>\n\t\t\t\t<\/div>\n\t\t\t\t<\/article>\n\t\t\t\t<article class=\"elementor-post elementor-grid-item post-32942 post type-post status-publish format-standard has-post-thumbnail hentry category-affichages-lumineux category-tout-fr category-references category-systemes-daffichage category-exposition-event category-point-de-vente\" role=\"listitem\">\n\t\t\t\t<a class=\"elementor-post__thumbnail__link\" href=\"https:\/\/flagprint.ch\/fr\/references\/une-presence-impressionnante-sur-le-salon-grace-aux-lightframes-lf600\/\" tabindex=\"-1\" >\n\t\t\t<div class=\"elementor-post__thumbnail\"><img loading=\"lazy\" decoding=\"async\" width=\"768\" height=\"576\" src=\"https:\/\/flagprint.ch\/wp-content\/uploads\/2023\/02\/Bild-MOOG-768x576.png\" class=\"attachment-medium_large size-medium_large wp-image-32818\" alt=\"Messeauftritt mit LF600\" srcset=\"https:\/\/flagprint.ch\/wp-content\/uploads\/2023\/02\/Bild-MOOG-768x576.png 768w, https:\/\/flagprint.ch\/wp-content\/uploads\/2023\/02\/Bild-MOOG-800x600.png 800w, https:\/\/flagprint.ch\/wp-content\/uploads\/2023\/02\/Bild-MOOG-1200x900.png 1200w, https:\/\/flagprint.ch\/wp-content\/uploads\/2023\/02\/Bild-MOOG-400x300.png 400w, https:\/\/flagprint.ch\/wp-content\/uploads\/2023\/02\/Bild-MOOG-1536x1152.png 1536w, https:\/\/flagprint.ch\/wp-content\/uploads\/2023\/02\/Bild-MOOG.png 1600w\" sizes=\"(max-width: 768px) 100vw, 768px\" \/><\/div>\n\t\t<\/a>\n\t\t\t\t<div class=\"elementor-post__text\">\n\t\t\t\t<h2 class=\"elementor-post__title\">\n\t\t\t<a href=\"https:\/\/flagprint.ch\/fr\/references\/une-presence-impressionnante-sur-le-salon-grace-aux-lightframes-lf600\/\" >\n\t\t\t\tUne pr\u00e9sence impressionnante sur le salon gr\u00e2ce aux lightframes LF600\t\t\t<\/a>\n\t\t<\/h2>\n\t\t\t\t<div class=\"elementor-post__meta-data\">\n\t\t\t\t\t<span class=\"elementor-post-date\">\n\t\t\t1 mars 2023\t\t<\/span>\n\t\t\t\t<span class=\"elementor-post-time\">\n\t\t\t14h03\t\t<\/span>\n\t\t\t\t<\/div>\n\t\t\t\t<div class=\"elementor-post__excerpt\">\n\t\t\t<p>Gr\u00e2ce \u00e0 notre syst\u00e8me lightframe LF600 \u00e9prouv\u00e9, nous avons pu r\u00e9aliser ce fantastique projet pour MOOG Cleaning Systems. <\/p>\n\t\t<\/div>\n\t\t\t\t<\/div>\n\t\t\t\t<\/article>\n\t\t\t\t<article class=\"elementor-post elementor-grid-item post-32929 post type-post status-publish format-standard has-post-thumbnail hentry category-tout-fr category-references category-raumakustik-fr category-systemes-daffichage category-interieur\" role=\"listitem\">\n\t\t\t\t<a class=\"elementor-post__thumbnail__link\" href=\"https:\/\/flagprint.ch\/fr\/references\/acousticframes-pour-proviande\/\" tabindex=\"-1\" >\n\t\t\t<div class=\"elementor-post__thumbnail\"><img loading=\"lazy\" decoding=\"async\" width=\"768\" height=\"576\" src=\"https:\/\/flagprint.ch\/wp-content\/uploads\/2023\/02\/Beitragsbild_Proviande-768x576.png\" class=\"attachment-medium_large size-medium_large wp-image-33313\" alt=\"\" srcset=\"https:\/\/flagprint.ch\/wp-content\/uploads\/2023\/02\/Beitragsbild_Proviande-768x576.png 768w, https:\/\/flagprint.ch\/wp-content\/uploads\/2023\/02\/Beitragsbild_Proviande-800x600.png 800w, https:\/\/flagprint.ch\/wp-content\/uploads\/2023\/02\/Beitragsbild_Proviande-1200x900.png 1200w, https:\/\/flagprint.ch\/wp-content\/uploads\/2023\/02\/Beitragsbild_Proviande-400x300.png 400w, https:\/\/flagprint.ch\/wp-content\/uploads\/2023\/02\/Beitragsbild_Proviande-1536x1152.png 1536w, https:\/\/flagprint.ch\/wp-content\/uploads\/2023\/02\/Beitragsbild_Proviande.png 1600w\" sizes=\"(max-width: 768px) 100vw, 768px\" \/><\/div>\n\t\t<\/a>\n\t\t\t\t<div class=\"elementor-post__text\">\n\t\t\t\t<h2 class=\"elementor-post__title\">\n\t\t\t<a href=\"https:\/\/flagprint.ch\/fr\/references\/acousticframes-pour-proviande\/\" >\n\t\t\t\tacousticframes absorbant les sons pour Proviande\t\t\t<\/a>\n\t\t<\/h2>\n\t\t\t\t<div class=\"elementor-post__meta-data\">\n\t\t\t\t\t<span class=\"elementor-post-date\">\n\t\t\t1 mars 2023\t\t<\/span>\n\t\t\t\t<span class=\"elementor-post-time\">\n\t\t\t13h41\t\t<\/span>\n\t\t\t\t<\/div>\n\t\t\t\t<div class=\"elementor-post__excerpt\">\n\t\t\t<p>Des vid\u00e9oconf\u00e9rences plus compr\u00e9hensibles gr\u00e2ce aux acousticframes.<\/p>\n\t\t<\/div>\n\t\t\t\t<\/div>\n\t\t\t\t<\/article>\n\t\t\t\t<article class=\"elementor-post elementor-grid-item post-32919 post type-post status-publish format-standard has-post-thumbnail hentry category-tout-fr category-references category-interieur\" role=\"listitem\">\n\t\t\t\t<a class=\"elementor-post__thumbnail__link\" href=\"https:\/\/flagprint.ch\/fr\/references\/aluframes-tableaux-muraux-pour-bernmobil\/\" tabindex=\"-1\" >\n\t\t\t<div class=\"elementor-post__thumbnail\"><img loading=\"lazy\" decoding=\"async\" width=\"768\" height=\"576\" src=\"https:\/\/flagprint.ch\/wp-content\/uploads\/2022\/09\/flagprint-stoffprint-aluframe-acousticframe-headerbild-768x576.png\" class=\"attachment-medium_large size-medium_large wp-image-31460\" alt=\"\" srcset=\"https:\/\/flagprint.ch\/wp-content\/uploads\/2022\/09\/flagprint-stoffprint-aluframe-acousticframe-headerbild-768x576.png 768w, https:\/\/flagprint.ch\/wp-content\/uploads\/2022\/09\/flagprint-stoffprint-aluframe-acousticframe-headerbild-800x600.png 800w, https:\/\/flagprint.ch\/wp-content\/uploads\/2022\/09\/flagprint-stoffprint-aluframe-acousticframe-headerbild-1200x900.png 1200w, https:\/\/flagprint.ch\/wp-content\/uploads\/2022\/09\/flagprint-stoffprint-aluframe-acousticframe-headerbild-400x300.png 400w, https:\/\/flagprint.ch\/wp-content\/uploads\/2022\/09\/flagprint-stoffprint-aluframe-acousticframe-headerbild-1536x1152.png 1536w, https:\/\/flagprint.ch\/wp-content\/uploads\/2022\/09\/flagprint-stoffprint-aluframe-acousticframe-headerbild.png 1600w\" sizes=\"(max-width: 768px) 100vw, 768px\" \/><\/div>\n\t\t<\/a>\n\t\t\t\t<div class=\"elementor-post__text\">\n\t\t\t\t<h2 class=\"elementor-post__title\">\n\t\t\t<a href=\"https:\/\/flagprint.ch\/fr\/references\/aluframes-tableaux-muraux-pour-bernmobil\/\" >\n\t\t\t\taluframes tableaux muraux pour BERNMOBIL\t\t\t<\/a>\n\t\t<\/h2>\n\t\t\t\t<div class=\"elementor-post__meta-data\">\n\t\t\t\t\t<span class=\"elementor-post-date\">\n\t\t\t1 mars 2023\t\t<\/span>\n\t\t\t\t<span class=\"elementor-post-time\">\n\t\t\t13h24\t\t<\/span>\n\t\t\t\t<\/div>\n\t\t\t\t<div class=\"elementor-post__excerpt\">\n\t\t\t<p>2 acousticframes tableaux muraux pour une ambiance agr\u00e9able. Ils ont opt\u00e9 pour nos lightframes. Les avantages sont \u00e9vidents : les tableaux attirent imm\u00e9diatement l&rsquo;attention ! <\/p>\n\t\t<\/div>\n\t\t\t\t<\/div>\n\t\t\t\t<\/article>\n\t\t\t\t<article class=\"elementor-post elementor-grid-item post-32899 post type-post status-publish format-standard has-post-thumbnail hentry category-tout-fr category-references category-raumakustik-fr category-interieur\" role=\"listitem\">\n\t\t\t\t<a class=\"elementor-post__thumbnail__link\" href=\"https:\/\/flagprint.ch\/fr\/references\/tableaux-muraux-aluframe-pour-landblick-ag\/\" tabindex=\"-1\" >\n\t\t\t<div class=\"elementor-post__thumbnail\"><img loading=\"lazy\" decoding=\"async\" width=\"768\" height=\"576\" src=\"https:\/\/flagprint.ch\/wp-content\/uploads\/2022\/09\/Design-ohne-Titel-9-768x576.png\" class=\"attachment-medium_large size-medium_large wp-image-31455\" alt=\"\" srcset=\"https:\/\/flagprint.ch\/wp-content\/uploads\/2022\/09\/Design-ohne-Titel-9-768x576.png 768w, https:\/\/flagprint.ch\/wp-content\/uploads\/2022\/09\/Design-ohne-Titel-9-800x600.png 800w, https:\/\/flagprint.ch\/wp-content\/uploads\/2022\/09\/Design-ohne-Titel-9-1200x900.png 1200w, https:\/\/flagprint.ch\/wp-content\/uploads\/2022\/09\/Design-ohne-Titel-9-400x300.png 400w, https:\/\/flagprint.ch\/wp-content\/uploads\/2022\/09\/Design-ohne-Titel-9-1536x1152.png 1536w, https:\/\/flagprint.ch\/wp-content\/uploads\/2022\/09\/Design-ohne-Titel-9.png 1600w\" sizes=\"(max-width: 768px) 100vw, 768px\" \/><\/div>\n\t\t<\/a>\n\t\t\t\t<div class=\"elementor-post__text\">\n\t\t\t\t<h2 class=\"elementor-post__title\">\n\t\t\t<a href=\"https:\/\/flagprint.ch\/fr\/references\/tableaux-muraux-aluframe-pour-landblick-ag\/\" >\n\t\t\t\tTableaux muraux aluframe pour Landblick AG\t\t\t<\/a>\n\t\t<\/h2>\n\t\t\t\t<div class=\"elementor-post__meta-data\">\n\t\t\t\t\t<span class=\"elementor-post-date\">\n\t\t\t1 mars 2023\t\t<\/span>\n\t\t\t\t<span class=\"elementor-post-time\">\n\t\t\t10h22\t\t<\/span>\n\t\t\t\t<\/div>\n\t\t\t\t<div class=\"elementor-post__excerpt\">\n\t\t\t<p>Apr\u00e8s des transformations importantes, les espaces int\u00e9rieurs des deux maisons de retraite et de soins \u00ab\u00a0Landblick\u00a0\u00bb ont \u00e9t\u00e9 embellis visuellement par 25 tableaux muraux et \u00e9galement optimis\u00e9s sur le niveau acoustique gr\u00e2ce \u00e0 une acousticframe.<\/p>\n\t\t<\/div>\n\t\t\t\t<\/div>\n\t\t\t\t<\/article>\n\t\t\t\t<article class=\"elementor-post elementor-grid-item post-30335 post type-post status-publish format-standard has-post-thumbnail hentry category-campagnes-politiques category-campagnes-politiques-fr category-tout-fr category-references category-drapeaux\" role=\"listitem\">\n\t\t\t\t<a class=\"elementor-post__thumbnail__link\" href=\"https:\/\/flagprint.ch\/fr\/references\/voteflags-pour-uss\/\" tabindex=\"-1\" >\n\t\t\t<div class=\"elementor-post__thumbnail\"><img loading=\"lazy\" decoding=\"async\" width=\"768\" height=\"576\" src=\"https:\/\/flagprint.ch\/wp-content\/uploads\/2022\/08\/Vorschaubild_SGB_1600x1200-768x576.png\" class=\"attachment-medium_large size-medium_large wp-image-30247\" alt=\"Union syndicale suisse\" srcset=\"https:\/\/flagprint.ch\/wp-content\/uploads\/2022\/08\/Vorschaubild_SGB_1600x1200-768x576.png 768w, https:\/\/flagprint.ch\/wp-content\/uploads\/2022\/08\/Vorschaubild_SGB_1600x1200-800x600.png 800w, https:\/\/flagprint.ch\/wp-content\/uploads\/2022\/08\/Vorschaubild_SGB_1600x1200-1200x900.png 1200w, https:\/\/flagprint.ch\/wp-content\/uploads\/2022\/08\/Vorschaubild_SGB_1600x1200-400x300.png 400w, https:\/\/flagprint.ch\/wp-content\/uploads\/2022\/08\/Vorschaubild_SGB_1600x1200-1536x1152.png 1536w, https:\/\/flagprint.ch\/wp-content\/uploads\/2022\/08\/Vorschaubild_SGB_1600x1200.png 1600w\" sizes=\"(max-width: 768px) 100vw, 768px\" \/><\/div>\n\t\t<\/a>\n\t\t\t\t<div class=\"elementor-post__text\">\n\t\t\t\t<h2 class=\"elementor-post__title\">\n\t\t\t<a href=\"https:\/\/flagprint.ch\/fr\/references\/voteflags-pour-uss\/\" >\n\t\t\t\tVoteflags pour USS\t\t\t<\/a>\n\t\t<\/h2>\n\t\t\t\t<div class=\"elementor-post__meta-data\">\n\t\t\t\t\t<span class=\"elementor-post-date\">\n\t\t\t19 ao\u00fbt 2022\t\t<\/span>\n\t\t\t\t<span class=\"elementor-post-time\">\n\t\t\t13h55\t\t<\/span>\n\t\t\t\t<\/div>\n\t\t\t\t<div class=\"elementor-post__excerpt\">\n\t\t\t<p>Pour l&rsquo;action participative bilingue de l&rsquo;Union syndicale suisse, nous avons pu produire le mat\u00e9riel de campagne, compos\u00e9 de 20&rsquo;000 Voteflags. <\/p>\n\t\t<\/div>\n\t\t\t\t<\/div>\n\t\t\t\t<\/article>\n\t\t\t\t<article class=\"elementor-post elementor-grid-item post-32953 post type-post status-publish format-standard has-post-thumbnail hentry category-affichages-lumineux category-tout-fr category-references category-point-de-vente\" role=\"listitem\">\n\t\t\t\t<a class=\"elementor-post__thumbnail__link\" href=\"https:\/\/flagprint.ch\/fr\/references\/communication-de-salon-pour-swissone\/\" tabindex=\"-1\" >\n\t\t\t<div class=\"elementor-post__thumbnail\"><img loading=\"lazy\" decoding=\"async\" width=\"768\" height=\"576\" src=\"https:\/\/flagprint.ch\/wp-content\/uploads\/2022\/08\/Design-ohne-Titel-7-768x576.png\" class=\"attachment-medium_large size-medium_large wp-image-30451\" alt=\"\" srcset=\"https:\/\/flagprint.ch\/wp-content\/uploads\/2022\/08\/Design-ohne-Titel-7-768x576.png 768w, https:\/\/flagprint.ch\/wp-content\/uploads\/2022\/08\/Design-ohne-Titel-7-800x600.png 800w, https:\/\/flagprint.ch\/wp-content\/uploads\/2022\/08\/Design-ohne-Titel-7-1200x900.png 1200w, https:\/\/flagprint.ch\/wp-content\/uploads\/2022\/08\/Design-ohne-Titel-7-400x300.png 400w, https:\/\/flagprint.ch\/wp-content\/uploads\/2022\/08\/Design-ohne-Titel-7-1536x1152.png 1536w, https:\/\/flagprint.ch\/wp-content\/uploads\/2022\/08\/Design-ohne-Titel-7.png 1600w\" sizes=\"(max-width: 768px) 100vw, 768px\" \/><\/div>\n\t\t<\/a>\n\t\t\t\t<div class=\"elementor-post__text\">\n\t\t\t\t<h2 class=\"elementor-post__title\">\n\t\t\t<a href=\"https:\/\/flagprint.ch\/fr\/references\/communication-de-salon-pour-swissone\/\" >\n\t\t\t\tCommunication de salon pour SWISSONE\t\t\t<\/a>\n\t\t<\/h2>\n\t\t\t\t<div class=\"elementor-post__meta-data\">\n\t\t\t\t\t<span class=\"elementor-post-date\">\n\t\t\t1 ao\u00fbt 2022\t\t<\/span>\n\t\t\t\t<span class=\"elementor-post-time\">\n\t\t\t14h32\t\t<\/span>\n\t\t\t\t<\/div>\n\t\t\t\t<div class=\"elementor-post__excerpt\">\n\t\t\t<p>Pour que la communication de SWISSONE sur le salon soit bien visible, nos caissons lumineux mobiles \u00ablightframe LF500\u00bb sont utilis\u00e9s.<\/p>\n\t\t<\/div>\n\t\t\t\t<\/div>\n\t\t\t\t<\/article>\n\t\t\t\t<article class=\"elementor-post elementor-grid-item post-32960 post type-post status-publish format-standard has-post-thumbnail hentry category-affichages-lumineux category-tout-fr category-references category-point-de-vente\" role=\"listitem\">\n\t\t\t\t<a class=\"elementor-post__thumbnail__link\" href=\"https:\/\/flagprint.ch\/fr\/references\/des-lightframes-muraux-pour-am-informatique\/\" tabindex=\"-1\" >\n\t\t\t<div class=\"elementor-post__thumbnail\"><img loading=\"lazy\" decoding=\"async\" width=\"768\" height=\"576\" src=\"https:\/\/flagprint.ch\/wp-content\/uploads\/2022\/08\/Titelbild-flagprint-referenz-am-informatik-leuchtkasten-lightbox-lightframe-montage-office-768x576.jpg\" class=\"attachment-medium_large size-medium_large wp-image-30069\" alt=\"\" srcset=\"https:\/\/flagprint.ch\/wp-content\/uploads\/2022\/08\/Titelbild-flagprint-referenz-am-informatik-leuchtkasten-lightbox-lightframe-montage-office-768x576.jpg 768w, https:\/\/flagprint.ch\/wp-content\/uploads\/2022\/08\/Titelbild-flagprint-referenz-am-informatik-leuchtkasten-lightbox-lightframe-montage-office-800x600.jpg 800w, https:\/\/flagprint.ch\/wp-content\/uploads\/2022\/08\/Titelbild-flagprint-referenz-am-informatik-leuchtkasten-lightbox-lightframe-montage-office-400x300.jpg 400w, https:\/\/flagprint.ch\/wp-content\/uploads\/2022\/08\/Titelbild-flagprint-referenz-am-informatik-leuchtkasten-lightbox-lightframe-montage-office.jpg 1200w\" sizes=\"(max-width: 768px) 100vw, 768px\" \/><\/div>\n\t\t<\/a>\n\t\t\t\t<div class=\"elementor-post__text\">\n\t\t\t\t<h2 class=\"elementor-post__title\">\n\t\t\t<a href=\"https:\/\/flagprint.ch\/fr\/references\/des-lightframes-muraux-pour-am-informatique\/\" >\n\t\t\t\tDes lightframes muraux pour A+M Informatique\t\t\t<\/a>\n\t\t<\/h2>\n\t\t\t\t<div class=\"elementor-post__meta-data\">\n\t\t\t\t\t<span class=\"elementor-post-date\">\n\t\t\t31 juillet 2022\t\t<\/span>\n\t\t\t\t<span class=\"elementor-post-time\">\n\t\t\t14h51\t\t<\/span>\n\t\t\t\t<\/div>\n\t\t\t\t<div class=\"elementor-post__excerpt\">\n\t\t\t<p>2 acousticframes tableaux muraux pour une ambiance agr\u00e9able. Ils ont opt\u00e9 pour nos lightframes. Les avantages sont \u00e9vidents : les tableaux attirent imm\u00e9diatement l&rsquo;attention ! <\/p>\n\t\t<\/div>\n\t\t\t\t<\/div>\n\t\t\t\t<\/article>\n\t\t\t\t<article class=\"elementor-post elementor-grid-item post-32970 post type-post status-publish format-standard has-post-thumbnail hentry category-tout-fr category-references category-raumakustik-fr category-systemes-daffichage category-interieur\" role=\"listitem\">\n\t\t\t\t<a class=\"elementor-post__thumbnail__link\" href=\"https:\/\/flagprint.ch\/fr\/references\/solution-acoustique-individuelle\/\" tabindex=\"-1\" >\n\t\t\t<div class=\"elementor-post__thumbnail\"><img loading=\"lazy\" decoding=\"async\" width=\"768\" height=\"576\" src=\"https:\/\/flagprint.ch\/wp-content\/uploads\/2022\/06\/titel-flagprint-sbd-acousticframe-768x576.jpg\" class=\"attachment-medium_large size-medium_large wp-image-29719\" alt=\"\" srcset=\"https:\/\/flagprint.ch\/wp-content\/uploads\/2022\/06\/titel-flagprint-sbd-acousticframe-768x576.jpg 768w, https:\/\/flagprint.ch\/wp-content\/uploads\/2022\/06\/titel-flagprint-sbd-acousticframe-800x600.jpg 800w, https:\/\/flagprint.ch\/wp-content\/uploads\/2022\/06\/titel-flagprint-sbd-acousticframe-400x300.jpg 400w, https:\/\/flagprint.ch\/wp-content\/uploads\/2022\/06\/titel-flagprint-sbd-acousticframe.jpg 1200w\" sizes=\"(max-width: 768px) 100vw, 768px\" \/><\/div>\n\t\t<\/a>\n\t\t\t\t<div class=\"elementor-post__text\">\n\t\t\t\t<h2 class=\"elementor-post__title\">\n\t\t\t<a href=\"https:\/\/flagprint.ch\/fr\/references\/solution-acoustique-individuelle\/\" >\n\t\t\t\tSolution acoustique individuelle\t\t\t<\/a>\n\t\t<\/h2>\n\t\t\t\t<div class=\"elementor-post__meta-data\">\n\t\t\t\t\t<span class=\"elementor-post-date\">\n\t\t\t15 juin 2022\t\t<\/span>\n\t\t\t\t<span class=\"elementor-post-time\">\n\t\t\t15h11\t\t<\/span>\n\t\t\t\t<\/div>\n\t\t\t\t<div class=\"elementor-post__excerpt\">\n\t\t\t<p>Nous avons pu r\u00e9aliser une image murale absorbant le son au format 5,5 x 2,3 m pour la r\u00e9ception du SSB.service aux biblioth\u00e8ques sa.<\/p>\n\t\t<\/div>\n\t\t\t\t<\/div>\n\t\t\t\t<\/article>\n\t\t\t\t<article class=\"elementor-post elementor-grid-item post-32978 post type-post status-publish format-standard has-post-thumbnail hentry category-tout-fr category-references category-drapeaux category-systemes-daffichage category-exposition-event category-interieur\" role=\"listitem\">\n\t\t\t\t<a class=\"elementor-post__thumbnail__link\" href=\"https:\/\/flagprint.ch\/fr\/references\/communication-dexposition-pour-le-bhm\/\" tabindex=\"-1\" >\n\t\t\t<div class=\"elementor-post__thumbnail\"><img loading=\"lazy\" decoding=\"async\" width=\"768\" height=\"576\" src=\"https:\/\/flagprint.ch\/wp-content\/uploads\/2022\/05\/Design-ohne-Titel-3-768x576.png\" class=\"attachment-medium_large size-medium_large wp-image-28568\" alt=\"\" srcset=\"https:\/\/flagprint.ch\/wp-content\/uploads\/2022\/05\/Design-ohne-Titel-3-768x576.png 768w, https:\/\/flagprint.ch\/wp-content\/uploads\/2022\/05\/Design-ohne-Titel-3-800x600.png 800w, https:\/\/flagprint.ch\/wp-content\/uploads\/2022\/05\/Design-ohne-Titel-3-1200x900.png 1200w, https:\/\/flagprint.ch\/wp-content\/uploads\/2022\/05\/Design-ohne-Titel-3-400x300.png 400w, https:\/\/flagprint.ch\/wp-content\/uploads\/2022\/05\/Design-ohne-Titel-3-1536x1152.png 1536w, https:\/\/flagprint.ch\/wp-content\/uploads\/2022\/05\/Design-ohne-Titel-3.png 1600w\" sizes=\"(max-width: 768px) 100vw, 768px\" \/><\/div>\n\t\t<\/a>\n\t\t\t\t<div class=\"elementor-post__text\">\n\t\t\t\t<h2 class=\"elementor-post__title\">\n\t\t\t<a href=\"https:\/\/flagprint.ch\/fr\/references\/communication-dexposition-pour-le-bhm\/\" >\n\t\t\t\tCommunication d&rsquo;exposition pour le BHM\t\t\t<\/a>\n\t\t<\/h2>\n\t\t\t\t<div class=\"elementor-post__meta-data\">\n\t\t\t\t\t<span class=\"elementor-post-date\">\n\t\t\t9 mai 2022\t\t<\/span>\n\t\t\t\t<span class=\"elementor-post-time\">\n\t\t\t16h06\t\t<\/span>\n\t\t\t\t<\/div>\n\t\t\t\t<div class=\"elementor-post__excerpt\">\n\t\t\t<p>\u00abLe mythe du samoura\u00ef\u00bb &#8211; une autre exposition passionnante du Mus\u00e9e historique de Berne, que nous avons eu le plaisir d&rsquo;accompagner en termes de communication. Les imprim\u00e9s sur tissu ont \u00e9t\u00e9 produits et mont\u00e9s sur mesure par nos soins.<\/p>\n\t\t<\/div>\n\t\t\t\t<\/div>\n\t\t\t\t<\/article>\n\t\t\t\t<article class=\"elementor-post elementor-grid-item post-32973 post type-post status-publish format-standard has-post-thumbnail hentry category-affichages-lumineux category-tout-fr category-references category-point-de-vente\" role=\"listitem\">\n\t\t\t\t<a class=\"elementor-post__thumbnail__link\" href=\"https:\/\/flagprint.ch\/fr\/references\/caisson-lumineux-pour-la-bcbe\/\" tabindex=\"-1\" >\n\t\t\t<div class=\"elementor-post__thumbnail\"><img loading=\"lazy\" decoding=\"async\" width=\"768\" height=\"576\" src=\"https:\/\/flagprint.ch\/wp-content\/uploads\/2022\/05\/Design-ohne-Titel-4-768x576.png\" class=\"attachment-medium_large size-medium_large wp-image-28634\" alt=\"Leuchtkasten Berner Kantonalbank\" srcset=\"https:\/\/flagprint.ch\/wp-content\/uploads\/2022\/05\/Design-ohne-Titel-4-768x576.png 768w, https:\/\/flagprint.ch\/wp-content\/uploads\/2022\/05\/Design-ohne-Titel-4-800x600.png 800w, https:\/\/flagprint.ch\/wp-content\/uploads\/2022\/05\/Design-ohne-Titel-4-1200x900.png 1200w, https:\/\/flagprint.ch\/wp-content\/uploads\/2022\/05\/Design-ohne-Titel-4-400x300.png 400w, https:\/\/flagprint.ch\/wp-content\/uploads\/2022\/05\/Design-ohne-Titel-4-1536x1152.png 1536w, https:\/\/flagprint.ch\/wp-content\/uploads\/2022\/05\/Design-ohne-Titel-4.png 1600w\" sizes=\"(max-width: 768px) 100vw, 768px\" \/><\/div>\n\t\t<\/a>\n\t\t\t\t<div class=\"elementor-post__text\">\n\t\t\t\t<h2 class=\"elementor-post__title\">\n\t\t\t<a href=\"https:\/\/flagprint.ch\/fr\/references\/caisson-lumineux-pour-la-bcbe\/\" >\n\t\t\t\tCaisson lumineux pour la BCBE\t\t\t<\/a>\n\t\t<\/h2>\n\t\t\t\t<div class=\"elementor-post__meta-data\">\n\t\t\t\t\t<span class=\"elementor-post-date\">\n\t\t\t9 mai 2022\t\t<\/span>\n\t\t\t\t<span class=\"elementor-post-time\">\n\t\t\t15h43\t\t<\/span>\n\t\t\t\t<\/div>\n\t\t\t\t<div class=\"elementor-post__excerpt\">\n\t\t\t<p>Pour la Banque cantonale de Berne SA, nous avons pu r\u00e9aliser un projet \u00e9blouissant au si\u00e8ge historique, pr\u00e8s de la Place f\u00e9d\u00e9rale.<\/p>\n\t\t<\/div>\n\t\t\t\t<\/div>\n\t\t\t\t<\/article>\n\t\t\t\t<article class=\"elementor-post elementor-grid-item post-32980 post type-post status-publish format-standard has-post-thumbnail hentry category-tout-fr category-references category-raumakustik-fr category-systemes-daffichage category-interieur\" role=\"listitem\">\n\t\t\t\t<a class=\"elementor-post__thumbnail__link\" href=\"https:\/\/flagprint.ch\/fr\/references\/acousticframes-pour-lhopital-de-riggisberg\/\" tabindex=\"-1\" >\n\t\t\t<div class=\"elementor-post__thumbnail\"><img loading=\"lazy\" decoding=\"async\" width=\"768\" height=\"576\" src=\"https:\/\/flagprint.ch\/wp-content\/uploads\/2021\/06\/Titelbild-Referenzen-flagprint-Riggisberg-1200x900-1-768x576.jpg\" class=\"attachment-medium_large size-medium_large wp-image-14641\" alt=\"Top Schallabsorption &amp; optimale Raumakustik mit dem acousticframe Wandabsorber. Individuell, bedruckbare Sujets. F\u00fcr angenehme Sitzungen &amp; Gespr\u00e4che.\" srcset=\"https:\/\/flagprint.ch\/wp-content\/uploads\/2021\/06\/Titelbild-Referenzen-flagprint-Riggisberg-1200x900-1-768x576.jpg 768w, https:\/\/flagprint.ch\/wp-content\/uploads\/2021\/06\/Titelbild-Referenzen-flagprint-Riggisberg-1200x900-1-800x600.jpg 800w, https:\/\/flagprint.ch\/wp-content\/uploads\/2021\/06\/Titelbild-Referenzen-flagprint-Riggisberg-1200x900-1-400x300.jpg 400w, https:\/\/flagprint.ch\/wp-content\/uploads\/2021\/06\/Titelbild-Referenzen-flagprint-Riggisberg-1200x900-1.jpg 1200w\" sizes=\"(max-width: 768px) 100vw, 768px\" \/><\/div>\n\t\t<\/a>\n\t\t\t\t<div class=\"elementor-post__text\">\n\t\t\t\t<h2 class=\"elementor-post__title\">\n\t\t\t<a href=\"https:\/\/flagprint.ch\/fr\/references\/acousticframes-pour-lhopital-de-riggisberg\/\" >\n\t\t\t\tacousticframes pour l&rsquo;h\u00f4pital de Riggisberg\t\t\t<\/a>\n\t\t<\/h2>\n\t\t\t\t<div class=\"elementor-post__meta-data\">\n\t\t\t\t\t<span class=\"elementor-post-date\">\n\t\t\t28 juin 2021\t\t<\/span>\n\t\t\t\t<span class=\"elementor-post-time\">\n\t\t\t16h44\t\t<\/span>\n\t\t\t\t<\/div>\n\t\t\t\t<div class=\"elementor-post__excerpt\">\n\t\t\t<p>\u00c9crire l&rsquo;histoire avec des tableaux absorbant les sons<\/p>\n\t\t<\/div>\n\t\t\t\t<\/div>\n\t\t\t\t<\/article>\n\t\t\t\t<article class=\"elementor-post elementor-grid-item post-32986 post type-post status-publish format-standard has-post-thumbnail hentry category-tout-fr category-references category-exposition-event\" role=\"listitem\">\n\t\t\t\t<a class=\"elementor-post__thumbnail__link\" href=\"https:\/\/flagprint.ch\/fr\/references\/interieur-de-remorque-evenementielle-pour-rivella\/\" tabindex=\"-1\" >\n\t\t\t<div class=\"elementor-post__thumbnail\"><img loading=\"lazy\" decoding=\"async\" width=\"768\" height=\"576\" src=\"https:\/\/flagprint.ch\/wp-content\/uploads\/2021\/04\/Titelbild-Referenzen-flagprint-1200x900-rivella-aluframe-768x576.jpg\" class=\"attachment-medium_large size-medium_large wp-image-13613\" alt=\"\" srcset=\"https:\/\/flagprint.ch\/wp-content\/uploads\/2021\/04\/Titelbild-Referenzen-flagprint-1200x900-rivella-aluframe-768x576.jpg 768w, https:\/\/flagprint.ch\/wp-content\/uploads\/2021\/04\/Titelbild-Referenzen-flagprint-1200x900-rivella-aluframe-800x600.jpg 800w, https:\/\/flagprint.ch\/wp-content\/uploads\/2021\/04\/Titelbild-Referenzen-flagprint-1200x900-rivella-aluframe-400x300.jpg 400w, https:\/\/flagprint.ch\/wp-content\/uploads\/2021\/04\/Titelbild-Referenzen-flagprint-1200x900-rivella-aluframe.jpg 1200w\" sizes=\"(max-width: 768px) 100vw, 768px\" \/><\/div>\n\t\t<\/a>\n\t\t\t\t<div class=\"elementor-post__text\">\n\t\t\t\t<h2 class=\"elementor-post__title\">\n\t\t\t<a href=\"https:\/\/flagprint.ch\/fr\/references\/interieur-de-remorque-evenementielle-pour-rivella\/\" >\n\t\t\t\tInt\u00e9rieur de remorque \u00e9v\u00e9nementielle pour Rivella\t\t\t<\/a>\n\t\t<\/h2>\n\t\t\t\t<div class=\"elementor-post__meta-data\">\n\t\t\t\t\t<span class=\"elementor-post-date\">\n\t\t\t26 juin 2021\t\t<\/span>\n\t\t\t\t<span class=\"elementor-post-time\">\n\t\t\t16h48\t\t<\/span>\n\t\t\t\t<\/div>\n\t\t\t\t<div class=\"elementor-post__excerpt\">\n\t\t\t<p>Dans les Vidmarhallen, nous avons donn\u00e9 un nouvel int\u00e9rieur \u00e0 la remorque \u00e9v\u00e9nementielle Rivella.<\/p>\n\t\t<\/div>\n\t\t\t\t<\/div>\n\t\t\t\t<\/article>\n\t\t\t\t<article class=\"elementor-post elementor-grid-item post-13641 post type-post status-publish format-standard has-post-thumbnail hentry category-references category-tout-fr category-drapeaux category-banderoles category-exposition-event tag-banner-fr tag-jungfraujoch-fr tag-wiedereroeffnung-fr tag-coronavirus-fr tag-megabanner-fr\" role=\"listitem\">\n\t\t\t\t<a class=\"elementor-post__thumbnail__link\" href=\"https:\/\/flagprint.ch\/fr\/references\/banniere-geante-pour-jungfraujoch\/\" tabindex=\"-1\" >\n\t\t\t<div class=\"elementor-post__thumbnail\"><img loading=\"lazy\" decoding=\"async\" width=\"768\" height=\"576\" src=\"https:\/\/flagprint.ch\/wp-content\/uploads\/2020\/06\/Titelbild-Referenzen-jungfraujoch-megabanner-sphinx-flagprint-1200x900-1-768x576.jpg\" class=\"attachment-medium_large size-medium_large wp-image-11072\" alt=\"An der Wiederer\u00f6ffnung des Jungfraujochs zierte ein 20 x 20-Meter-Megabanner von flagprint den Felsen unterhalb der Aussichtsplattform.\" srcset=\"https:\/\/flagprint.ch\/wp-content\/uploads\/2020\/06\/Titelbild-Referenzen-jungfraujoch-megabanner-sphinx-flagprint-1200x900-1-768x576.jpg 768w, https:\/\/flagprint.ch\/wp-content\/uploads\/2020\/06\/Titelbild-Referenzen-jungfraujoch-megabanner-sphinx-flagprint-1200x900-1-800x600.jpg 800w, https:\/\/flagprint.ch\/wp-content\/uploads\/2020\/06\/Titelbild-Referenzen-jungfraujoch-megabanner-sphinx-flagprint-1200x900-1-400x300.jpg 400w, https:\/\/flagprint.ch\/wp-content\/uploads\/2020\/06\/Titelbild-Referenzen-jungfraujoch-megabanner-sphinx-flagprint-1200x900-1.jpg 1200w\" sizes=\"(max-width: 768px) 100vw, 768px\" \/><\/div>\n\t\t<\/a>\n\t\t\t\t<div class=\"elementor-post__text\">\n\t\t\t\t<h2 class=\"elementor-post__title\">\n\t\t\t<a href=\"https:\/\/flagprint.ch\/fr\/references\/banniere-geante-pour-jungfraujoch\/\" >\n\t\t\t\tBanni\u00e8re g\u00e9ante pour Jungfraujoch\t\t\t<\/a>\n\t\t<\/h2>\n\t\t\t\t<div class=\"elementor-post__meta-data\">\n\t\t\t\t\t<span class=\"elementor-post-date\">\n\t\t\t7 avril 2021\t\t<\/span>\n\t\t\t\t<span class=\"elementor-post-time\">\n\t\t\t12h01\t\t<\/span>\n\t\t\t\t<\/div>\n\t\t\t\t<div class=\"elementor-post__excerpt\">\n\t\t\t<p>\u00c0 l\u2019occasion de la r\u00e9ouverture du Jungfraujoch, une banni\u00e8re g\u00e9ante de 20 x 20\u00a0m\u00e8tres de flagprint ornait la falaise situ\u00e9e en contrebas de la plateforme panoramique.<\/p>\n\t\t<\/div>\n\t\t\t\t<\/div>\n\t\t\t\t<\/article>\n\t\t\t\t<article class=\"elementor-post elementor-grid-item post-13540 post type-post status-publish format-standard has-post-thumbnail hentry category-references category-tout-fr category-systemes-daffichage category-exposition-event category-interieur category-point-de-vente tag-protectionframe-fr tag-nachhaltig-fr tag-coronavirus-fr tag-schutzwand-fr tag-trennwand-fr\" role=\"listitem\">\n\t\t\t\t<a class=\"elementor-post__thumbnail__link\" href=\"https:\/\/flagprint.ch\/fr\/references\/protectionframe-pour-le-cafe-federal\/\" tabindex=\"-1\" >\n\t\t\t<div class=\"elementor-post__thumbnail\"><img loading=\"lazy\" decoding=\"async\" width=\"768\" height=\"576\" src=\"https:\/\/flagprint.ch\/wp-content\/uploads\/2020\/05\/Titelbild-Referenzen-cafe-federal-bern-protectionframe-flagprint-1200x900-1-768x576.jpg\" class=\"attachment-medium_large size-medium_large wp-image-11016\" alt=\"Mit dem protectionframe von flagprint erm\u00f6glicht das Altersheim Domicil Mon Bijou seinen Bewohnern auch w\u00e4hrend der Corona-Pandemie Besuch zu empfangen und dabei sich wie auch die G\u00e4ste vor einer Ansteckung zu sch\u00fctzen.\" srcset=\"https:\/\/flagprint.ch\/wp-content\/uploads\/2020\/05\/Titelbild-Referenzen-cafe-federal-bern-protectionframe-flagprint-1200x900-1-768x576.jpg 768w, https:\/\/flagprint.ch\/wp-content\/uploads\/2020\/05\/Titelbild-Referenzen-cafe-federal-bern-protectionframe-flagprint-1200x900-1-800x600.jpg 800w, https:\/\/flagprint.ch\/wp-content\/uploads\/2020\/05\/Titelbild-Referenzen-cafe-federal-bern-protectionframe-flagprint-1200x900-1-400x300.jpg 400w, https:\/\/flagprint.ch\/wp-content\/uploads\/2020\/05\/Titelbild-Referenzen-cafe-federal-bern-protectionframe-flagprint-1200x900-1.jpg 1200w\" sizes=\"(max-width: 768px) 100vw, 768px\" \/><\/div>\n\t\t<\/a>\n\t\t\t\t<div class=\"elementor-post__text\">\n\t\t\t\t<h2 class=\"elementor-post__title\">\n\t\t\t<a href=\"https:\/\/flagprint.ch\/fr\/references\/protectionframe-pour-le-cafe-federal\/\" >\n\t\t\t\tprotectionframe pour le Caf\u00e9 F\u00e9d\u00e9ral\t\t\t<\/a>\n\t\t<\/h2>\n\t\t\t\t<div class=\"elementor-post__meta-data\">\n\t\t\t\t\t<span class=\"elementor-post-date\">\n\t\t\t1 avril 2021\t\t<\/span>\n\t\t\t\t<span class=\"elementor-post-time\">\n\t\t\t14h15\t\t<\/span>\n\t\t\t\t<\/div>\n\t\t\t\t<div class=\"elementor-post__excerpt\">\n\t\t\t<p>Gr\u00e2ce \u00e0 la paroi de protection protectionframe de flagprint, les restaurants peuvent assurer un taux d\u2019occupation proche des 100\u00a0%, m\u00eame en p\u00e9riode de pand\u00e9mie.<\/p>\n\t\t<\/div>\n\t\t\t\t<\/div>\n\t\t\t\t<\/article>\n\t\t\t\t<article class=\"elementor-post elementor-grid-item post-13529 post type-post status-publish format-standard has-post-thumbnail hentry category-references category-tout-fr category-raumakustik-fr category-interieur tag-acousticframe-fr tag-schallabsorbierend-fr tag-raumakustik-fr tag-luedi-medical-fr tag-innenarchitektin-beatrice-schmidt-fr\" role=\"listitem\">\n\t\t\t\t<a class=\"elementor-post__thumbnail__link\" href=\"https:\/\/flagprint.ch\/fr\/references\/acousticframe-pour-luedi-medical\/\" tabindex=\"-1\" >\n\t\t\t<div class=\"elementor-post__thumbnail\"><img loading=\"lazy\" decoding=\"async\" width=\"768\" height=\"576\" src=\"https:\/\/flagprint.ch\/wp-content\/uploads\/2020\/06\/Titelbild-Referenzen-luedi-medical-acousticframe-deckenabsorber-flagprint-1200x900-1-768x576.jpg\" class=\"attachment-medium_large size-medium_large wp-image-11220\" alt=\"\" srcset=\"https:\/\/flagprint.ch\/wp-content\/uploads\/2020\/06\/Titelbild-Referenzen-luedi-medical-acousticframe-deckenabsorber-flagprint-1200x900-1-768x576.jpg 768w, https:\/\/flagprint.ch\/wp-content\/uploads\/2020\/06\/Titelbild-Referenzen-luedi-medical-acousticframe-deckenabsorber-flagprint-1200x900-1-800x600.jpg 800w, https:\/\/flagprint.ch\/wp-content\/uploads\/2020\/06\/Titelbild-Referenzen-luedi-medical-acousticframe-deckenabsorber-flagprint-1200x900-1-400x300.jpg 400w, https:\/\/flagprint.ch\/wp-content\/uploads\/2020\/06\/Titelbild-Referenzen-luedi-medical-acousticframe-deckenabsorber-flagprint-1200x900-1.jpg 1200w\" sizes=\"(max-width: 768px) 100vw, 768px\" \/><\/div>\n\t\t<\/a>\n\t\t\t\t<div class=\"elementor-post__text\">\n\t\t\t\t<h2 class=\"elementor-post__title\">\n\t\t\t<a href=\"https:\/\/flagprint.ch\/fr\/references\/acousticframe-pour-luedi-medical\/\" >\n\t\t\t\tacousticframe pour L\u00fcdi Medical\t\t\t<\/a>\n\t\t<\/h2>\n\t\t\t\t<div class=\"elementor-post__meta-data\">\n\t\t\t\t\t<span class=\"elementor-post-date\">\n\t\t\t1 avril 2021\t\t<\/span>\n\t\t\t\t<span class=\"elementor-post-time\">\n\t\t\t13h51\t\t<\/span>\n\t\t\t\t<\/div>\n\t\t\t\t<div class=\"elementor-post__excerpt\">\n\t\t\t<p>L\u2019absorbeur de plafond acousticframe de flagprint a permis d\u2019optimiser l\u2019espace de bureau de L\u00fcdi Medical de mani\u00e8re significative. Cadre en aluminium fournissant une absorption acoustique de qualit\u00e9 sup\u00e9rieure.<\/p>\n\t\t<\/div>\n\t\t\t\t<\/div>\n\t\t\t\t<\/article>\n\t\t\t\t<article class=\"elementor-post elementor-grid-item post-13436 post type-post status-publish format-standard has-post-thumbnail hentry category-references category-affichages-eclaires category-tout-fr category-systemes-daffichage category-exposition-event category-interieur category-point-de-vente tag-valiant-fr tag-lf500-fr tag-leuchtstark-fr tag-federleicht-fr tag-anwenderfreundlich-fr tag-signaletik-fr tag-lightframe-fr\" role=\"listitem\">\n\t\t\t\t<a class=\"elementor-post__thumbnail__link\" href=\"https:\/\/flagprint.ch\/fr\/references\/signaletik-mit-lightframe-fuer-valiant\/\" tabindex=\"-1\" >\n\t\t\t<div class=\"elementor-post__thumbnail\"><img loading=\"lazy\" decoding=\"async\" width=\"768\" height=\"576\" src=\"https:\/\/flagprint.ch\/wp-content\/uploads\/2019\/06\/flagprint-Titelbild-Referenzen-Valiant-lightframe-768x576.jpg\" class=\"attachment-medium_large size-medium_large wp-image-8105\" alt=\"\" srcset=\"https:\/\/flagprint.ch\/wp-content\/uploads\/2019\/06\/flagprint-Titelbild-Referenzen-Valiant-lightframe-768x576.jpg 768w, https:\/\/flagprint.ch\/wp-content\/uploads\/2019\/06\/flagprint-Titelbild-Referenzen-Valiant-lightframe-400x300.jpg 400w, https:\/\/flagprint.ch\/wp-content\/uploads\/2019\/06\/flagprint-Titelbild-Referenzen-Valiant-lightframe-800x600.jpg 800w, https:\/\/flagprint.ch\/wp-content\/uploads\/2019\/06\/flagprint-Titelbild-Referenzen-Valiant-lightframe-1200x900.jpg 1200w, https:\/\/flagprint.ch\/wp-content\/uploads\/2019\/06\/flagprint-Titelbild-Referenzen-Valiant-lightframe.jpg 1600w\" sizes=\"(max-width: 768px) 100vw, 768px\" \/><\/div>\n\t\t<\/a>\n\t\t\t\t<div class=\"elementor-post__text\">\n\t\t\t\t<h2 class=\"elementor-post__title\">\n\t\t\t<a href=\"https:\/\/flagprint.ch\/fr\/references\/signaletik-mit-lightframe-fuer-valiant\/\" >\n\t\t\t\tSignal\u00e9tique avec lightframe pour Valiant\t\t\t<\/a>\n\t\t<\/h2>\n\t\t\t\t<div class=\"elementor-post__meta-data\">\n\t\t\t\t\t<span class=\"elementor-post-date\">\n\t\t\t1 avril 2021\t\t<\/span>\n\t\t\t\t<span class=\"elementor-post-time\">\n\t\t\t11h10\t\t<\/span>\n\t\t\t\t<\/div>\n\t\t\t\t<div class=\"elementor-post__excerpt\">\n\t\t\t<p>Le lightframe LF500 de flagprint indiquait le chemin pour se rendre \u00e0 l\u2019assembl\u00e9e g\u00e9n\u00e9rale 2019 de Valiant. Rapide \u00e0 monter, facile \u00e0 ranger et \u00e0 transporter.<\/p>\n\t\t<\/div>\n\t\t\t\t<\/div>\n\t\t\t\t<\/article>\n\t\t\t\t<article class=\"elementor-post elementor-grid-item post-5444 post type-post status-publish format-standard has-post-thumbnail hentry category-references category-tout-fr category-interieur\" role=\"listitem\">\n\t\t\t\t<a class=\"elementor-post__thumbnail__link\" href=\"https:\/\/flagprint.ch\/fr\/references\/concept-acoustique-pour-twint\/\" tabindex=\"-1\" >\n\t\t\t<div class=\"elementor-post__thumbnail\"><img loading=\"lazy\" decoding=\"async\" width=\"768\" height=\"576\" src=\"https:\/\/flagprint.ch\/wp-content\/uploads\/2019\/02\/Referenzen_Twint_Akustikkonzept_Titelbild-768x576.jpg\" class=\"attachment-medium_large size-medium_large wp-image-3670\" alt=\"\" srcset=\"https:\/\/flagprint.ch\/wp-content\/uploads\/2019\/02\/Referenzen_Twint_Akustikkonzept_Titelbild-768x576.jpg 768w, https:\/\/flagprint.ch\/wp-content\/uploads\/2019\/02\/Referenzen_Twint_Akustikkonzept_Titelbild-800x600.jpg 800w, https:\/\/flagprint.ch\/wp-content\/uploads\/2019\/02\/Referenzen_Twint_Akustikkonzept_Titelbild-1200x900.jpg 1200w, https:\/\/flagprint.ch\/wp-content\/uploads\/2019\/02\/Referenzen_Twint_Akustikkonzept_Titelbild.jpg 1600w\" sizes=\"(max-width: 768px) 100vw, 768px\" \/><\/div>\n\t\t<\/a>\n\t\t\t\t<div class=\"elementor-post__text\">\n\t\t\t\t<h2 class=\"elementor-post__title\">\n\t\t\t<a href=\"https:\/\/flagprint.ch\/fr\/references\/concept-acoustique-pour-twint\/\" >\n\t\t\t\tConcept acoustique pour Twint\t\t\t<\/a>\n\t\t<\/h2>\n\t\t\t\t<div class=\"elementor-post__meta-data\">\n\t\t\t\t\t<span class=\"elementor-post-date\">\n\t\t\t6 avril 2018\t\t<\/span>\n\t\t\t\t<span class=\"elementor-post-time\">\n\t\t\t12h00\t\t<\/span>\n\t\t\t\t<\/div>\n\t\t\t\t<div class=\"elementor-post__excerpt\">\n\t\t\t<p>Chez Twint, un concept acoustique se composant de cubes et de panneaux de s\u00e9paration a permis d\u2019obtenir un environnement de travail agr\u00e9able au niveau acoustique et visuel<\/p>\n\t\t<\/div>\n\t\t\t\t<\/div>\n\t\t\t\t<\/article>\n\t\t\t\t<article class=\"elementor-post elementor-grid-item post-5455 post type-post status-publish format-standard has-post-thumbnail hentry category-references category-tout-fr category-banderoles\" role=\"listitem\">\n\t\t\t\t<a class=\"elementor-post__thumbnail__link\" href=\"https:\/\/flagprint.ch\/fr\/references\/banniere-geante-pour-bernaqua\/\" tabindex=\"-1\" >\n\t\t\t<div class=\"elementor-post__thumbnail\"><img loading=\"lazy\" decoding=\"async\" width=\"768\" height=\"576\" src=\"https:\/\/flagprint.ch\/wp-content\/uploads\/2019\/02\/Referenzen_Bernaqua_Megabanner_Titelbild-768x576.jpg\" class=\"attachment-medium_large size-medium_large wp-image-3656\" alt=\"\" srcset=\"https:\/\/flagprint.ch\/wp-content\/uploads\/2019\/02\/Referenzen_Bernaqua_Megabanner_Titelbild-768x576.jpg 768w, https:\/\/flagprint.ch\/wp-content\/uploads\/2019\/02\/Referenzen_Bernaqua_Megabanner_Titelbild-800x600.jpg 800w, https:\/\/flagprint.ch\/wp-content\/uploads\/2019\/02\/Referenzen_Bernaqua_Megabanner_Titelbild-1200x900.jpg 1200w, https:\/\/flagprint.ch\/wp-content\/uploads\/2019\/02\/Referenzen_Bernaqua_Megabanner_Titelbild.jpg 1600w\" sizes=\"(max-width: 768px) 100vw, 768px\" \/><\/div>\n\t\t<\/a>\n\t\t\t\t<div class=\"elementor-post__text\">\n\t\t\t\t<h2 class=\"elementor-post__title\">\n\t\t\t<a href=\"https:\/\/flagprint.ch\/fr\/references\/banniere-geante-pour-bernaqua\/\" >\n\t\t\t\tBanni\u00e8re g\u00e9ante pour Bernaqua\t\t\t<\/a>\n\t\t<\/h2>\n\t\t\t\t<div class=\"elementor-post__meta-data\">\n\t\t\t\t\t<span class=\"elementor-post-date\">\n\t\t\t23 mars 2018\t\t<\/span>\n\t\t\t\t<span class=\"elementor-post-time\">\n\t\t\t12h00\t\t<\/span>\n\t\t\t\t<\/div>\n\t\t\t\t<div class=\"elementor-post__excerpt\">\n\t\t\t<p>Depuis 2016, nous sommes en charge de la d\u00e9coration des installations ext\u00e9rieures de Bernaqua, le plus grand centre aquatique de la r\u00e9gion de Berne-Mittelland  \u2013 que nous changeons selon la saison<\/p>\n\t\t<\/div>\n\t\t\t\t<\/div>\n\t\t\t\t<\/article>\n\t\t\t\t<article class=\"elementor-post elementor-grid-item post-5460 post type-post status-publish format-standard has-post-thumbnail hentry category-references category-tout-fr category-systemes-daffichage category-point-de-vente tag-lightframe\" role=\"listitem\">\n\t\t\t\t<a class=\"elementor-post__thumbnail__link\" href=\"https:\/\/flagprint.ch\/fr\/references\/calendrier-de-lavent-avec-caissons-lumineux-a-led-pour-le-welle-7\/\" tabindex=\"-1\" >\n\t\t\t<div class=\"elementor-post__thumbnail\"><img loading=\"lazy\" decoding=\"async\" width=\"768\" height=\"576\" src=\"https:\/\/flagprint.ch\/wp-content\/uploads\/2019\/02\/Referenzen_Welle_7_LED_Leuchtkasten_Adventskalender_Titelbild-768x576.jpg\" class=\"attachment-medium_large size-medium_large wp-image-3672\" alt=\"\" srcset=\"https:\/\/flagprint.ch\/wp-content\/uploads\/2019\/02\/Referenzen_Welle_7_LED_Leuchtkasten_Adventskalender_Titelbild-768x576.jpg 768w, https:\/\/flagprint.ch\/wp-content\/uploads\/2019\/02\/Referenzen_Welle_7_LED_Leuchtkasten_Adventskalender_Titelbild-800x600.jpg 800w, https:\/\/flagprint.ch\/wp-content\/uploads\/2019\/02\/Referenzen_Welle_7_LED_Leuchtkasten_Adventskalender_Titelbild-1200x900.jpg 1200w, https:\/\/flagprint.ch\/wp-content\/uploads\/2019\/02\/Referenzen_Welle_7_LED_Leuchtkasten_Adventskalender_Titelbild.jpg 1600w\" sizes=\"(max-width: 768px) 100vw, 768px\" \/><\/div>\n\t\t<\/a>\n\t\t\t\t<div class=\"elementor-post__text\">\n\t\t\t\t<h2 class=\"elementor-post__title\">\n\t\t\t<a href=\"https:\/\/flagprint.ch\/fr\/references\/calendrier-de-lavent-avec-caissons-lumineux-a-led-pour-le-welle-7\/\" >\n\t\t\t\tCalendrier de l\u2019Avent avec caissons lumineux \u00e0 LED pour le Welle 7\t\t\t<\/a>\n\t\t<\/h2>\n\t\t\t\t<div class=\"elementor-post__meta-data\">\n\t\t\t\t\t<span class=\"elementor-post-date\">\n\t\t\t10 f\u00e9vrier 2018\t\t<\/span>\n\t\t\t\t<span class=\"elementor-post-time\">\n\t\t\t12h00\t\t<\/span>\n\t\t\t\t<\/div>\n\t\t\t\t<div class=\"elementor-post__excerpt\">\n\t\t\t<p>Pour la p\u00e9riode de No\u00ebl, le Welle 7 s\u2019est transform\u00e9 en un gigantesque calendrier de l\u2019Avent. Des caissons lumineux \u00e0 LED ont \u00e9t\u00e9 r\u00e9partis et \u00e9clair\u00e9s sur toute la fa\u00e7ade de fen\u00eatres<\/p>\n\t\t<\/div>\n\t\t\t\t<\/div>\n\t\t\t\t<\/article>\n\t\t\t\t<article class=\"elementor-post elementor-grid-item post-5467 post type-post status-publish format-standard has-post-thumbnail hentry category-references category-tout-fr category-exposition-event\" role=\"listitem\">\n\t\t\t\t<a class=\"elementor-post__thumbnail__link\" href=\"https:\/\/flagprint.ch\/fr\/references\/ecran-incurve-pour-swisscom\/\" tabindex=\"-1\" >\n\t\t\t<div class=\"elementor-post__thumbnail\"><img loading=\"lazy\" decoding=\"async\" width=\"768\" height=\"576\" src=\"https:\/\/flagprint.ch\/wp-content\/uploads\/2019\/02\/Referenzen_Swisscom_Curved_Leinwand_Titelbild-768x576.jpg\" class=\"attachment-medium_large size-medium_large wp-image-3668\" alt=\"\" srcset=\"https:\/\/flagprint.ch\/wp-content\/uploads\/2019\/02\/Referenzen_Swisscom_Curved_Leinwand_Titelbild-768x576.jpg 768w, https:\/\/flagprint.ch\/wp-content\/uploads\/2019\/02\/Referenzen_Swisscom_Curved_Leinwand_Titelbild-800x600.jpg 800w, https:\/\/flagprint.ch\/wp-content\/uploads\/2019\/02\/Referenzen_Swisscom_Curved_Leinwand_Titelbild-1200x900.jpg 1200w, https:\/\/flagprint.ch\/wp-content\/uploads\/2019\/02\/Referenzen_Swisscom_Curved_Leinwand_Titelbild.jpg 1600w\" sizes=\"(max-width: 768px) 100vw, 768px\" \/><\/div>\n\t\t<\/a>\n\t\t\t\t<div class=\"elementor-post__text\">\n\t\t\t\t<h2 class=\"elementor-post__title\">\n\t\t\t<a href=\"https:\/\/flagprint.ch\/fr\/references\/ecran-incurve-pour-swisscom\/\" >\n\t\t\t\t\u00c9cran incurv\u00e9 pour Swisscom\t\t\t<\/a>\n\t\t<\/h2>\n\t\t\t\t<div class=\"elementor-post__meta-data\">\n\t\t\t\t\t<span class=\"elementor-post-date\">\n\t\t\t7 juillet 2016\t\t<\/span>\n\t\t\t\t<span class=\"elementor-post-time\">\n\t\t\t11h00\t\t<\/span>\n\t\t\t\t<\/div>\n\t\t\t\t<div class=\"elementor-post__excerpt\">\n\t\t\t<p>Nous avons fourni \u00e0 Swisscom un \u00e9cran de 30 m\u00e8tres de long pour un \u00e9v\u00e8nement organis\u00e9 au SwissTech Convention Center de Lausanne<\/p>\n\t\t<\/div>\n\t\t\t\t<\/div>\n\t\t\t\t<\/article>\n\t\t\t\t<\/div>\n\t\t\n\t\t\t\t\t\t<\/div>\n\t\t\t\t<\/div>\n\t\t\t\t\t<\/div>\n\t\t<\/div>\n\t\t\t\t\t<\/div>\n\t\t<\/section>\n\t\t\t\t<\/div>\n\t\t","protected":false},"excerpt":{"rendered":"<p>R\u00e9f\u00e9rences<\/p>\n","protected":false},"author":6,"featured_media":5530,"parent":0,"menu_order":3,"comment_status":"closed","ping_status":"closed","template":"","meta":{"footnotes":""},"class_list":["post-5442","page","type-page","status-publish","has-post-thumbnail","hentry"],"_links":{"self":[{"href":"https:\/\/flagprint.ch\/fr\/wp-json\/wp\/v2\/pages\/5442","targetHints":{"allow":["GET"]}}],"collection":[{"href":"https:\/\/flagprint.ch\/fr\/wp-json\/wp\/v2\/pages"}],"about":[{"href":"https:\/\/flagprint.ch\/fr\/wp-json\/wp\/v2\/types\/page"}],"author":[{"embeddable":true,"href":"https:\/\/flagprint.ch\/fr\/wp-json\/wp\/v2\/users\/6"}],"replies":[{"embeddable":true,"href":"https:\/\/flagprint.ch\/fr\/wp-json\/wp\/v2\/comments?post=5442"}],"version-history":[{"count":0,"href":"https:\/\/flagprint.ch\/fr\/wp-json\/wp\/v2\/pages\/5442\/revisions"}],"wp:featuredmedia":[{"embeddable":true,"href":"https:\/\/flagprint.ch\/fr\/wp-json\/wp\/v2\/media\/5530"}],"wp:attachment":[{"href":"https:\/\/flagprint.ch\/fr\/wp-json\/wp\/v2\/media?parent=5442"}],"curies":[{"name":"wp","href":"https:\/\/api.w.org\/{rel}","templated":true}]}}