{"id":5203,"date":"2018-11-21T09:59:37","date_gmt":"2018-11-21T08:59:37","guid":{"rendered":"https:\/\/flagprint.ch\/produkte\/"},"modified":"2026-03-27T13:55:34","modified_gmt":"2026-03-27T12:55:34","slug":"produits","status":"publish","type":"page","link":"https:\/\/flagprint.ch\/fr\/produits\/","title":{"rendered":"Produits"},"content":{"rendered":"\t\t<div data-elementor-type=\"wp-post\" data-elementor-id=\"5203\" class=\"elementor elementor-5203 elementor-929\" data-elementor-post-type=\"page\">\n\t\t\t\t\t\t<section class=\"elementor-section elementor-top-section elementor-element elementor-element-2aa7c72f elementor-section-boxed elementor-section-height-default elementor-section-height-default\" data-id=\"2aa7c72f\" data-element_type=\"section\" data-e-type=\"section\">\n\t\t\t\t\t\t<div class=\"elementor-container elementor-column-gap-default\">\n\t\t\t\t\t<div class=\"elementor-column elementor-col-100 elementor-top-column elementor-element elementor-element-675c716\" data-id=\"675c716\" data-element_type=\"column\" data-e-type=\"column\">\n\t\t\t<div class=\"elementor-widget-wrap elementor-element-populated\">\n\t\t\t\t\t\t<section class=\"elementor-section elementor-inner-section elementor-element elementor-element-2fc5f254 elementor-section-full_width elementor-section-height-default elementor-section-height-default\" data-id=\"2fc5f254\" data-element_type=\"section\" data-e-type=\"section\">\n\t\t\t\t\t\t<div class=\"elementor-container elementor-column-gap-no\">\n\t\t\t\t\t<div class=\"elementor-column elementor-col-66 elementor-inner-column elementor-element elementor-element-6d323085\" data-id=\"6d323085\" data-element_type=\"column\" data-e-type=\"column\">\n\t\t\t<div class=\"elementor-widget-wrap elementor-element-populated\">\n\t\t\t\t\t\t<div class=\"elementor-element elementor-element-77feb76e elementor-widget elementor-widget-heading\" data-id=\"77feb76e\" data-element_type=\"widget\" data-e-type=\"widget\" data-widget_type=\"heading.default\">\n\t\t\t\t<div class=\"elementor-widget-container\">\n\t\t\t\t\t<h1 class=\"elementor-heading-title elementor-size-default\">Qu\u2019est-ce qu\u2019il vous faut?<\/h1>\t\t\t\t<\/div>\n\t\t\t\t<\/div>\n\t\t\t\t\t<\/div>\n\t\t<\/div>\n\t\t\t\t<div class=\"elementor-column elementor-col-33 elementor-inner-column elementor-element elementor-element-8764d4a flagprint-options\" data-id=\"8764d4a\" data-element_type=\"column\" data-e-type=\"column\">\n\t\t\t<div class=\"elementor-widget-wrap elementor-element-populated\">\n\t\t\t\t\t\t<div class=\"elementor-element elementor-element-2b82ee3b elementor-widget elementor-widget-shortcode\" data-id=\"2b82ee3b\" data-element_type=\"widget\" data-e-type=\"widget\" data-widget_type=\"shortcode.default\">\n\t\t\t\t<div class=\"elementor-widget-container\">\n\t\t\t\t\t<div class=\"product-options\"><div class=\"option\"><strong>Affichage<\/strong><a class=\"view grid active\"><svg xmlns=\"http:\/\/www.w3.org\/2000\/svg\" width=\"36\" height=\"36\" viewBox=\"0 0 36 36\">\n  <g id=\"icon-grid\" transform=\"translate(-593 -286)\">\n    <rect id=\"tile-9\" width=\"10\" height=\"10\" transform=\"translate(619 312)\" fill=\"#202b36\"\/>\n    <rect id=\"tile-8\" width=\"10\" height=\"10\" transform=\"translate(606 312)\" fill=\"#202b36\"\/>\n    <rect id=\"tile-7\" width=\"10\" height=\"10\" transform=\"translate(593 312)\" fill=\"#202b36\"\/>\n    <rect id=\"tile-6\" width=\"10\" height=\"10\" transform=\"translate(619 299)\" fill=\"#202b36\"\/>\n    <rect id=\"tile-5\" width=\"10\" height=\"10\" transform=\"translate(606 299)\" fill=\"#202b36\"\/>\n    <rect id=\"tile-4\" width=\"10\" height=\"10\" transform=\"translate(593 299)\" fill=\"#202b36\"\/>\n    <rect id=\"tile-3\" width=\"10\" height=\"10\" transform=\"translate(619 286)\" fill=\"#202b36\"\/>\n    <rect id=\"tile-2\" width=\"10\" height=\"10\" transform=\"translate(606 286)\" fill=\"#202b36\"\/>\n    <rect id=\"tile-1\" width=\"10\" height=\"10\" transform=\"translate(593 286)\" fill=\"#202b36\"\/>\n  <\/g>\n<\/svg><\/a><a class=\"view list\"><svg xmlns=\"http:\/\/www.w3.org\/2000\/svg\" width=\"36\" height=\"36\" viewBox=\"0 0 36 36\">\n  <g id=\"icon-list\" transform=\"translate(-593 -286)\">\n    <rect id=\"line-3\" width=\"36\" height=\"10\" transform=\"translate(593 312)\" fill=\"#202b36\"\/>\n    <rect id=\"line-2\" width=\"36\" height=\"10\" transform=\"translate(593 299)\" fill=\"#202b36\"\/>\n    <rect id=\"line-1\" width=\"36\" height=\"10\" transform=\"translate(593 286)\" fill=\"#202b36\"\/>\n  <\/g>\n<\/svg>\n<\/a><\/div><div class=\"option\"><strong>Icon<\/strong><a class=\"icon-switch\"><\/a><strong>Photo<\/strong><\/div><\/div>\t\t<div class=\"elementor-shortcode\"><\/div>\n\t\t\t\t\t\t<\/div>\n\t\t\t\t<\/div>\n\t\t\t\t\t<\/div>\n\t\t<\/div>\n\t\t\t\t\t<\/div>\n\t\t<\/section>\n\t\t\t\t<div class=\"elementor-element elementor-element-49d2b613 flagprint-categories filters elementor-widget elementor-widget-shortcode\" data-id=\"49d2b613\" data-element_type=\"widget\" data-e-type=\"widget\" data-widget_type=\"shortcode.default\">\n\t\t\t\t<div class=\"elementor-widget-container\">\n\t\t\t\t\t<a class=\"dropdown\">Cat\u00e9gories<i class=\"fal fa-chevron-down\"><\/i><\/a><a class=\"options\"><i class=\"fal fa-cog\"><\/i><\/a><div class=\"filter-group\" data-filter-group=\"produkt_kategorie\"><ul><li class=\"title\">Cat\u00e9gories:<\/li><li class=\"fp-cat\"><input type=\"checkbox\" value=\".produkt_kategorie-tout\" id=\"id_tout\" name=\"id_tout\" \/><label for=\"id_tout\"><span class=\"txt\">Tout<\/span><span class=\"count\"><\/span><\/label><\/li><li class=\"fp-cat\"><input type=\"checkbox\" value=\".produkt_kategorie-drapeaux\" id=\"id_drapeaux\" name=\"id_drapeaux\" \/><label for=\"id_drapeaux\"><span class=\"txt\">Drapeaux<\/span><span class=\"count\"><\/span><\/label><\/li><li class=\"fp-cat\"><input type=\"checkbox\" value=\".produkt_kategorie-mats\" id=\"id_mats\" name=\"id_mats\" \/><label for=\"id_mats\"><span class=\"txt\">Mats<\/span><span class=\"count\"><\/span><\/label><\/li><li class=\"fp-cat\"><input type=\"checkbox\" value=\".produkt_kategorie-drapeaux-mobiles\" id=\"id_drapeaux-mobiles\" name=\"id_drapeaux-mobiles\" \/><label for=\"id_drapeaux-mobiles\"><span class=\"txt\">Drapeaux Mobiles<\/span><span class=\"count\"><\/span><\/label><\/li><li class=\"fp-cat\"><input type=\"checkbox\" value=\".produkt_kategorie-systemes-dachiffage\" id=\"id_systemes-dachiffage\" name=\"id_systemes-dachiffage\" \/><label for=\"id_systemes-dachiffage\"><span class=\"txt\">Systemes d&#039;affichage<\/span><span class=\"count\"><\/span><\/label><\/li><li class=\"fp-cat\"><input type=\"checkbox\" value=\".produkt_kategorie-affichages-eclaires\" id=\"id_affichages-eclaires\" name=\"id_affichages-eclaires\" \/><label for=\"id_affichages-eclaires\"><span class=\"txt\">Affichages \u00c9clair\u00e9s<\/span><span class=\"count\"><\/span><\/label><\/li><li class=\"fp-cat\"><input type=\"checkbox\" value=\".produkt_kategorie-banderoles\" id=\"id_banderoles\" name=\"id_banderoles\" \/><label for=\"id_banderoles\"><span class=\"txt\">Banderoles<\/span><span class=\"count\"><\/span><\/label><\/li><li class=\"fp-cat\"><input type=\"checkbox\" value=\".produkt_kategorie-point-de-vente\" id=\"id_point-de-vente\" name=\"id_point-de-vente\" \/><label for=\"id_point-de-vente\"><span class=\"txt\">Point de Vente<\/span><span class=\"count\"><\/span><\/label><\/li><li class=\"fp-cat\"><input type=\"checkbox\" value=\".produkt_kategorie-exposition-event\" id=\"id_exposition-event\" name=\"id_exposition-event\" \/><label for=\"id_exposition-event\"><span class=\"txt\">Exposition &amp; Event<\/span><span class=\"count\"><\/span><\/label><\/li><li class=\"fp-cat\"><input type=\"checkbox\" value=\".produkt_kategorie-interieur\" id=\"id_interieur\" name=\"id_interieur\" \/><label for=\"id_interieur\"><span class=\"txt\">Int\u00e9rieur<\/span><span class=\"count\"><\/span><\/label><\/li><li class=\"fp-cat\"><input type=\"checkbox\" value=\".produkt_kategorie-acoustique-spatiale\" id=\"id_acoustique-spatiale\" name=\"id_acoustique-spatiale\" \/><label for=\"id_acoustique-spatiale\"><span class=\"txt\">Acoustique Spatiale<\/span><span class=\"count\"><\/span><\/label><\/li><li class=\"fp-cat\"><input type=\"checkbox\" value=\".produkt_kategorie-special\" id=\"id_special\" name=\"id_special\" \/><label for=\"id_special\"><span class=\"txt\">Special<\/span><span class=\"count\"><\/span><\/label><\/li><li class=\"fp-cat\"><input type=\"checkbox\" value=\".produkt_kategorie-produits-de-protection-corona\" id=\"id_produits-de-protection-corona\" name=\"id_produits-de-protection-corona\" \/><label for=\"id_produits-de-protection-corona\"><span class=\"txt\">Produits De Protection Corona<\/span><span class=\"count\"><\/span><\/label><\/li><li class=\"fp-cat\"><input type=\"checkbox\" value=\".produkt_kategorie-digital-signage-fr\" id=\"id_digital-signage-fr\" name=\"id_digital-signage-fr\" \/><label for=\"id_digital-signage-fr\"><span class=\"txt\">Digital Signage<\/span><span class=\"count\"><\/span><\/label><\/li><\/ul><\/div><a class=\"dropdown filter\">Filtrer les produits<i class=\"fal fa-chevron-down\"><\/i><\/a><a class=\"options filter-reset\"><i class=\"fal fa-trash-alt\"><\/i><\/a>\t\t<div class=\"elementor-shortcode\"><\/div>\n\t\t\t\t\t\t<\/div>\n\t\t\t\t<\/div>\n\t\t\t\t\t<\/div>\n\t\t<\/div>\n\t\t\t\t\t<\/div>\n\t\t<\/section>\n\t\t\t\t<section class=\"elementor-section elementor-top-section elementor-element elementor-element-a77457e elementor-section-boxed elementor-section-height-default elementor-section-height-default\" data-id=\"a77457e\" data-element_type=\"section\" data-e-type=\"section\">\n\t\t\t\t\t\t<div class=\"elementor-container elementor-column-gap-default\">\n\t\t\t\t\t<div class=\"elementor-column elementor-col-50 elementor-top-column elementor-element elementor-element-566599a fp-tiles-filter\" data-id=\"566599a\" data-element_type=\"column\" data-e-type=\"column\">\n\t\t\t<div class=\"elementor-widget-wrap elementor-element-populated\">\n\t\t\t\t\t\t<div class=\"elementor-element elementor-element-a48021a flagprint-filter filters elementor-widget elementor-widget-shortcode\" data-id=\"a48021a\" data-element_type=\"widget\" data-e-type=\"widget\" data-widget_type=\"shortcode.default\">\n\t\t\t\t<div class=\"elementor-widget-container\">\n\t\t\t\t\t<div class=\"filter-container\"><h3>Filtrer les produits<\/h3><a class=\"filter-reset\"><svg xmlns=\"http:\/\/www.w3.org\/2000\/svg\" viewBox=\"0 0 512 512\"><path fill=\"var(--ci-primary-color, currentColor)\" d=\"M96,472a23.82,23.82,0,0,0,23.579,24H392.421A23.82,23.82,0,0,0,416,472V152H96Zm32-288H384V464H128Z\" class=\"ci-primary\"\/><rect width=\"32\" height=\"200\" x=\"168\" y=\"216\" fill=\"var(--ci-primary-color, currentColor)\" class=\"ci-primary\"\/><rect width=\"32\" height=\"200\" x=\"240\" y=\"216\" fill=\"var(--ci-primary-color, currentColor)\" class=\"ci-primary\"\/><rect width=\"32\" height=\"200\" x=\"312\" y=\"216\" fill=\"var(--ci-primary-color, currentColor)\" class=\"ci-primary\"\/><path fill=\"var(--ci-primary-color, currentColor)\" d=\"M328,88V40c0-13.458-9.488-24-21.6-24H205.6C193.488,16,184,26.542,184,40V88H64v32H448V88ZM216,48h80V88H216Z\" class=\"ci-primary\"\/><\/svg><\/a><div class=\"filter-group\" data-filter-group=\"utilisation\"><strong>Utilisation<svg xmlns=\"http:\/\/www.w3.org\/2000\/svg\" viewBox=\"0 0 512 512\"><polygon fill=\"var(--ci-primary-color, currentColor)\" points=\"256 382.627 60.687 187.313 83.313 164.687 256 337.372 428.687 164.687 451.313 187.313 256 382.627\" class=\"ci-primary\"\/><\/svg><\/strong><ul><li><input type=\"checkbox\" value=\".produkt_filter-a-linterieur\" id=\"id_a-linterieur\" class=\"fp-filter\" \/><label for=\"id_a-linterieur\">\u00c0 l\u2019int\u00e9rieur<span class=\"desc\"><\/span><\/label><\/li><li><input type=\"checkbox\" value=\".produkt_filter-a-lexterieur\" id=\"id_a-lexterieur\" class=\"fp-filter\" \/><label for=\"id_a-lexterieur\">\u00c0 l\u2019ext\u00e9rieur<span class=\"desc\"><\/span><\/label><\/li><li><input type=\"checkbox\" value=\".produkt_filter-a-linterieur-et-a-lexterieur\" id=\"id_a-linterieur-et-a-lexterieur\" class=\"fp-filter\" \/><label for=\"id_a-linterieur-et-a-lexterieur\">\u00c0 l\u2019int\u00e9rieur et \u00e0 l\u2019ext\u00e9rieur<span class=\"desc\"><\/span><\/label><\/li><\/ul><\/div><div class=\"filter-group\" data-filter-group=\"duree-de-mise-en-oeuvre\"><strong>Dur\u00e9e de mise en oeuvre\u00a0<svg xmlns=\"http:\/\/www.w3.org\/2000\/svg\" viewBox=\"0 0 512 512\"><polygon fill=\"var(--ci-primary-color, currentColor)\" points=\"256 382.627 60.687 187.313 83.313 164.687 256 337.372 428.687 164.687 451.313 187.313 256 382.627\" class=\"ci-primary\"\/><\/svg><\/strong><ul><li><input type=\"checkbox\" value=\".produkt_filter-courte\" id=\"id_courte\" class=\"fp-filter\" \/><label for=\"id_courte\">Courte<span class=\"desc\"><\/span><\/label><\/li><li><input type=\"checkbox\" value=\".produkt_filter-permanente\" id=\"id_permanente\" class=\"fp-filter\" \/><label for=\"id_permanente\">Permanente<span class=\"desc\"><\/span><\/label><\/li><\/ul><\/div><div class=\"filter-group\" data-filter-group=\"impression-materiau\"><strong>Impression et Mat\u00e9riau<svg xmlns=\"http:\/\/www.w3.org\/2000\/svg\" viewBox=\"0 0 512 512\"><polygon fill=\"var(--ci-primary-color, currentColor)\" points=\"256 382.627 60.687 187.313 83.313 164.687 256 337.372 428.687 164.687 451.313 187.313 256 382.627\" class=\"ci-primary\"\/><\/svg><\/strong><ul><li><input type=\"checkbox\" value=\".produkt_filter-une-face\" id=\"id_une-face\" class=\"fp-filter\" \/><label for=\"id_une-face\">Une face<span class=\"desc\"><\/span><\/label><\/li><li><input type=\"checkbox\" value=\".produkt_filter-lisible-double-face\" id=\"id_lisible-double-face\" class=\"fp-filter\" \/><label for=\"id_lisible-double-face\">Lisible double face<span class=\"desc\">(2 c\u00f4t\u00e9s de tissu cousus ensemble - lisible des deux c\u00f4t\u00e9s - prix multipli\u00e9 par deux)<\/span><\/label><\/li><li><input type=\"checkbox\" value=\".produkt_filter-double-face-avec-impression-penetrante\" id=\"id_double-face-avec-impression-penetrante\" class=\"fp-filter\" \/><label for=\"id_double-face-avec-impression-penetrante\">Double face avec impression p\u00e9n\u00e9trante<span class=\"desc\">(pour drapeaux - face verso \u00e0 l\u2019envers - prix simple)<\/span><\/label><\/li><\/ul><\/div><div class=\"filter-group\" data-filter-group=\"propriete-des-materiaux\"><strong>Propri\u00e9t\u00e9 des mat\u00e9riaux<svg xmlns=\"http:\/\/www.w3.org\/2000\/svg\" viewBox=\"0 0 512 512\"><polygon fill=\"var(--ci-primary-color, currentColor)\" points=\"256 382.627 60.687 187.313 83.313 164.687 256 337.372 428.687 164.687 451.313 187.313 256 382.627\" class=\"ci-primary\"\/><\/svg><\/strong><ul><li><input type=\"checkbox\" value=\".produkt_filter-brillant\" id=\"id_brillant\" class=\"fp-filter\" \/><label for=\"id_brillant\">Brillant<span class=\"desc\"><\/span><\/label><\/li><li><input type=\"checkbox\" value=\".produkt_filter-mat\" id=\"id_mat\" class=\"fp-filter\" \/><label for=\"id_mat\">Mat<span class=\"desc\"><\/span><\/label><\/li><li><input type=\"checkbox\" value=\".produkt_filter-legerement-transparent\" id=\"id_legerement-transparent\" class=\"fp-filter\" \/><label for=\"id_legerement-transparent\">L\u00e9g\u00e8rement transparent<span class=\"desc\"><\/span><\/label><\/li><li><input type=\"checkbox\" value=\".produkt_filter-opaque-aux-regards\" id=\"id_opaque-aux-regards\" class=\"fp-filter\" \/><label for=\"id_opaque-aux-regards\">Opaque aux regards<span class=\"desc\"><\/span><\/label><\/li><li><input type=\"checkbox\" value=\".produkt_filter-opaque-a-la-lumiere\" id=\"id_opaque-a-la-lumiere\" class=\"fp-filter\" \/><label for=\"id_opaque-a-la-lumiere\">Opaque \u00e0 la lumi\u00e8re<span class=\"desc\"><\/span><\/label><\/li><\/ul><\/div><div class=\"filter-group\" data-filter-group=\"proprietes\"><strong>Propri\u00e9t\u00e9s<svg xmlns=\"http:\/\/www.w3.org\/2000\/svg\" viewBox=\"0 0 512 512\"><polygon fill=\"var(--ci-primary-color, currentColor)\" points=\"256 382.627 60.687 187.313 83.313 164.687 256 337.372 428.687 164.687 451.313 187.313 256 382.627\" class=\"ci-primary\"\/><\/svg><\/strong><ul><li><input type=\"checkbox\" value=\".produkt_filter-lumineux\" id=\"id_lumineux\" class=\"fp-filter\" \/><label for=\"id_lumineux\">Lumineux<span class=\"desc\"><\/span><\/label><\/li><li><input type=\"checkbox\" value=\".produkt_filter-mobile\" id=\"id_mobile\" class=\"fp-filter\" \/><label for=\"id_mobile\">Mobile<span class=\"desc\"><\/span><\/label><\/li><li><input type=\"checkbox\" value=\".produkt_filter-absorption-acoustique\" id=\"id_absorption-acoustique\" class=\"fp-filter\" \/><label for=\"id_absorption-acoustique\">Absorption acoustique<span class=\"desc\"><\/span><\/label><\/li><\/ul><\/div><div class=\"filter-group\" data-filter-group=\"domaines-dapplication\"><strong>Domaines d&#039;application<svg xmlns=\"http:\/\/www.w3.org\/2000\/svg\" viewBox=\"0 0 512 512\"><polygon fill=\"var(--ci-primary-color, currentColor)\" points=\"256 382.627 60.687 187.313 83.313 164.687 256 337.372 428.687 164.687 451.313 187.313 256 382.627\" class=\"ci-primary\"\/><\/svg><\/strong><ul><li><input type=\"checkbox\" value=\".produkt_filter-campagnes-politiques-fr\" id=\"id_campagnes-politiques-fr\" class=\"fp-filter\" \/><label for=\"id_campagnes-politiques-fr\">Campagnes politiques<span class=\"desc\"><\/span><\/label><\/li><li><input type=\"checkbox\" value=\".produkt_filter-campagnes-politiques\" id=\"id_campagnes-politiques\" class=\"fp-filter\" \/><label for=\"id_campagnes-politiques\">campagnes politiques<span class=\"desc\"><\/span><\/label><\/li><li><input type=\"checkbox\" value=\".produkt_filter-evenement-salon\" id=\"id_evenement-salon\" class=\"fp-filter\" \/><label for=\"id_evenement-salon\">Ev\u00e8nement &amp; salon<span class=\"desc\"><\/span><\/label><\/li><li><input type=\"checkbox\" value=\".produkt_filter-manifestation-dentreprise-congres\" id=\"id_manifestation-dentreprise-congres\" class=\"fp-filter\" \/><label for=\"id_manifestation-dentreprise-congres\">Manifestation d\u2019entreprise &amp; congr\u00e8s<span class=\"desc\"><\/span><\/label><\/li><li><input type=\"checkbox\" value=\".produkt_filter-club-manifestation-sportive-et-culturelle\" id=\"id_club-manifestation-sportive-et-culturelle\" class=\"fp-filter\" \/><label for=\"id_club-manifestation-sportive-et-culturelle\">Club, manifestation sportive et culturelle<span class=\"desc\"><\/span><\/label><\/li><li><input type=\"checkbox\" value=\".produkt_filter-hotel-gastronomie-fr-2\" id=\"id_hotel-gastronomie-fr-2\" class=\"fp-filter\" \/><label for=\"id_hotel-gastronomie-fr-2\">Hotel &amp; gastronomie<span class=\"desc\"><\/span><\/label><\/li><li><input type=\"checkbox\" value=\".produkt_filter-points-de-vente-showroom\" id=\"id_points-de-vente-showroom\" class=\"fp-filter\" \/><label for=\"id_points-de-vente-showroom\">Point de vente &amp; showroom<span class=\"desc\"><\/span><\/label><\/li><li><input type=\"checkbox\" value=\".produkt_filter-amenagement-dinterieurs-bureau-a-lespace-ouvert\" id=\"id_amenagement-dinterieurs-bureau-a-lespace-ouvert\" class=\"fp-filter\" \/><label for=\"id_amenagement-dinterieurs-bureau-a-lespace-ouvert\">Am\u00e9nagement d\u2019int\u00e9rieurs &amp; bureau \u00e0 l&#039;espace ouvert<span class=\"desc\"><\/span><\/label><\/li><li><input type=\"checkbox\" value=\".produkt_filter-echafaudage-cloture-facade\" id=\"id_echafaudage-cloture-facade\" class=\"fp-filter\" \/><label for=\"id_echafaudage-cloture-facade\">Echafaudage, cl\u00f4ture &amp; fa\u00e7ade<span class=\"desc\"><\/span><\/label><\/li><li><input type=\"checkbox\" value=\".produkt_filter-place-publique-batiment-public-rue\" id=\"id_place-publique-batiment-public-rue\" class=\"fp-filter\" \/><label for=\"id_place-publique-batiment-public-rue\">Place publique, b\u00e2timent public &amp; rue<span class=\"desc\"><\/span><\/label><\/li><\/ul><\/div><\/div>\t\t<div class=\"elementor-shortcode\"><\/div>\n\t\t\t\t\t\t<\/div>\n\t\t\t\t<\/div>\n\t\t\t\t\t<\/div>\n\t\t<\/div>\n\t\t\t\t<div class=\"elementor-column elementor-col-50 elementor-top-column elementor-element elementor-element-138cf1c fp-tiles-products\" data-id=\"138cf1c\" data-element_type=\"column\" data-e-type=\"column\">\n\t\t\t<div class=\"elementor-widget-wrap elementor-element-populated\">\n\t\t\t\t\t\t<div class=\"elementor-element elementor-element-f23f152 elementor-grid-1 flagprint-grid elementor-grid-tablet-2 elementor-grid-mobile-1 elementor-posts--thumbnail-top elementor-widget elementor-widget-posts\" data-id=\"f23f152\" data-element_type=\"widget\" data-e-type=\"widget\" data-settings=\"{&quot;classic_columns&quot;:&quot;1&quot;,&quot;classic_row_gap&quot;:{&quot;unit&quot;:&quot;px&quot;,&quot;size&quot;:0,&quot;sizes&quot;:[]},&quot;classic_columns_tablet&quot;:&quot;2&quot;,&quot;classic_columns_mobile&quot;:&quot;1&quot;,&quot;classic_row_gap_widescreen&quot;:{&quot;unit&quot;:&quot;px&quot;,&quot;size&quot;:&quot;&quot;,&quot;sizes&quot;:[]},&quot;classic_row_gap_laptop&quot;:{&quot;unit&quot;:&quot;px&quot;,&quot;size&quot;:&quot;&quot;,&quot;sizes&quot;:[]},&quot;classic_row_gap_tablet&quot;:{&quot;unit&quot;:&quot;px&quot;,&quot;size&quot;:&quot;&quot;,&quot;sizes&quot;:[]},&quot;classic_row_gap_mobile&quot;:{&quot;unit&quot;:&quot;px&quot;,&quot;size&quot;:&quot;&quot;,&quot;sizes&quot;:[]}}\" data-widget_type=\"posts.classic\">\n\t\t\t\t<div class=\"elementor-widget-container\">\n\t\t\t\t\t\t\t<div class=\"elementor-posts-container elementor-posts elementor-posts--skin-classic elementor-grid\" role=\"list\">\n\t\t\t\t<article class=\"elementor-post elementor-grid-item post-14219 produkte type-produkte status-publish has-post-thumbnail hentry produkt_kategorie-tout produkt_kategorie-interieur produkt_kategorie-acoustique-spatiale produkt_filter-utilisation produkt_filter-courte produkt_filter-a-linterieur produkt_filter-une-face produkt_filter-evenement-salon produkt_filter-duree-de-mise-en-oeuvre produkt_filter-permanente produkt_filter-mat produkt_filter-impression-materiau produkt_filter-absorption-acoustique produkt_filter-opaque-aux-regards produkt_filter-propriete-des-materiaux produkt_filter-hotel-gastronomie-fr-2 produkt_filter-proprietes produkt_filter-points-de-vente-showroom produkt_filter-amenagement-dinterieurs-bureau-a-lespace-ouvert produkt_filter-domaines-dapplication produkt_anwendung-evenement-salon-exposition produkt_anwendung-points-de-vente-showroom-construction-de-magasins produkt_anwendung-hotel-gastronomie produkt_anwendung-amenagement-dinterieurs-espace-ouvert produkt_material-dekotex-fr produkt_material-semisatin-premium-fr produkt_groesse-au-choix produkt__konfektion-passe-poil\" role=\"listitem\">\n\t\t\t\t<a class=\"elementor-post__thumbnail__link\" href=\"https:\/\/flagprint.ch\/fr\/produits\/acousticframe-absorbeur-de-plafond\/\" tabindex=\"-1\" >\n\t\t\t<div class=\"elementor-post__thumbnail\"><img fetchpriority=\"high\" decoding=\"async\" width=\"768\" height=\"288\" src=\"https:\/\/flagprint.ch\/wp-content\/uploads\/2021\/04\/flagprint-produkt-titel-acousticframe-deckenabsorber-schallabsorber-768x288.png\" class=\"attachment-medium_large size-medium_large wp-image-14223\" alt=\"Top Schallabsorption, optimale Raumakustik, mit dem acousticframe Deckenabsorber. Individuell bedruckbare Stoffe geeignet f\u00fcr Grossraumb\u00fcros.\" srcset=\"https:\/\/flagprint.ch\/wp-content\/uploads\/2021\/04\/flagprint-produkt-titel-acousticframe-deckenabsorber-schallabsorber-768x288.png 768w, https:\/\/flagprint.ch\/wp-content\/uploads\/2021\/04\/flagprint-produkt-titel-acousticframe-deckenabsorber-schallabsorber-800x300.png 800w, https:\/\/flagprint.ch\/wp-content\/uploads\/2021\/04\/flagprint-produkt-titel-acousticframe-deckenabsorber-schallabsorber-1200x450.png 1200w, https:\/\/flagprint.ch\/wp-content\/uploads\/2021\/04\/flagprint-produkt-titel-acousticframe-deckenabsorber-schallabsorber-400x150.png 400w, https:\/\/flagprint.ch\/wp-content\/uploads\/2021\/04\/flagprint-produkt-titel-acousticframe-deckenabsorber-schallabsorber-1536x576.png 1536w, https:\/\/flagprint.ch\/wp-content\/uploads\/2021\/04\/flagprint-produkt-titel-acousticframe-deckenabsorber-schallabsorber.png 1600w\" sizes=\"(max-width: 768px) 100vw, 768px\" \/><\/div>\n\t\t<\/a>\n\t\t\t\t<div class=\"elementor-post__text\">\n\t\t\t\t<h2 class=\"elementor-post__title\">\n\t\t\t<a href=\"https:\/\/flagprint.ch\/fr\/produits\/acousticframe-absorbeur-de-plafond\/\" >\n\t\t\t\tacousticframe absorbeur de plafond\t\t\t<\/a>\n\t\t<\/h2>\n\t\t\t\t<div class=\"elementor-post__excerpt\">\n\t\t\t<p>La solution acoustique qui est en suspens par l&rsquo;interm\u00e9diaire de vous<\/p>\n\t\t<\/div>\n\t\t\t\t<\/div>\n\t\t\t\t<\/article>\n\t\t\t\t<article class=\"elementor-post elementor-grid-item post-5265 produkte type-produkte status-publish has-post-thumbnail hentry produkt_kategorie-tout produkt_kategorie-interieur produkt_kategorie-acoustique-spatiale produkt_filter-utilisation produkt_filter-evenement-salon produkt_filter-courte produkt_filter-a-linterieur produkt_filter-une-face produkt_filter-duree-de-mise-en-oeuvre produkt_filter-mat produkt_filter-permanente produkt_filter-absorption-acoustique produkt_filter-impression-materiau produkt_filter-hotel-gastronomie-fr-2 produkt_filter-opaque-aux-regards produkt_filter-propriete-des-materiaux produkt_filter-proprietes produkt_filter-points-de-vente-showroom produkt_filter-domaines-dapplication produkt_filter-amenagement-dinterieurs-bureau-a-lespace-ouvert produkt_anwendung-evenement-salon-exposition produkt_anwendung-points-de-vente-showroom-construction-de-magasins produkt_anwendung-hotel-gastronomie produkt_anwendung-amenagement-dinterieurs-espace-ouvert produkt_material-dekotex-fr produkt_material-semisatin-premium-fr produkt_groesse-au-choix produkt__konfektion-passe-poil\" role=\"listitem\">\n\t\t\t\t<a class=\"elementor-post__thumbnail__link\" href=\"https:\/\/flagprint.ch\/fr\/produits\/acousticframe-absorbeur-mural\/\" tabindex=\"-1\" >\n\t\t\t<div class=\"elementor-post__thumbnail\"><img decoding=\"async\" width=\"768\" height=\"288\" src=\"https:\/\/flagprint.ch\/wp-content\/uploads\/2019\/02\/raumdesign-acousticframe-wandabsorber-1-768x288.png\" class=\"attachment-medium_large size-medium_large wp-image-4707\" alt=\"absorbeur mural apporte un cadre fixe \u00e0 l\u2019optimisation acoustique \u2013 dans tous les formats et en r\u00e9pondant \u00e0 vos attentes.\" srcset=\"https:\/\/flagprint.ch\/wp-content\/uploads\/2019\/02\/raumdesign-acousticframe-wandabsorber-1-768x288.png 768w, https:\/\/flagprint.ch\/wp-content\/uploads\/2019\/02\/raumdesign-acousticframe-wandabsorber-1-800x300.png 800w, https:\/\/flagprint.ch\/wp-content\/uploads\/2019\/02\/raumdesign-acousticframe-wandabsorber-1-1200x450.png 1200w, https:\/\/flagprint.ch\/wp-content\/uploads\/2019\/02\/raumdesign-acousticframe-wandabsorber-1.png 1600w\" sizes=\"(max-width: 768px) 100vw, 768px\" \/><\/div>\n\t\t<\/a>\n\t\t\t\t<div class=\"elementor-post__text\">\n\t\t\t\t<h2 class=\"elementor-post__title\">\n\t\t\t<a href=\"https:\/\/flagprint.ch\/fr\/produits\/acousticframe-absorbeur-mural\/\" >\n\t\t\t\tacousticframe absorbeur mural\t\t\t<\/a>\n\t\t<\/h2>\n\t\t\t\t<div class=\"elementor-post__excerpt\">\n\t\t\t<p>Un visuel \u00e0 l\u2019acoustique parfaite<\/p>\n\t\t<\/div>\n\t\t\t\t<\/div>\n\t\t\t\t<\/article>\n\t\t\t\t<article class=\"elementor-post elementor-grid-item post-5273 produkte type-produkte status-publish has-post-thumbnail hentry produkt_kategorie-tout produkt_kategorie-interieur produkt_kategorie-acoustique-spatiale produkt_filter-utilisation produkt_filter-une-face produkt_filter-evenement-salon produkt_filter-courte produkt_filter-a-linterieur produkt_filter-permanente produkt_filter-duree-de-mise-en-oeuvre produkt_filter-mat produkt_filter-absorption-acoustique produkt_filter-impression-materiau produkt_filter-hotel-gastronomie-fr-2 produkt_filter-opaque-aux-regards produkt_filter-propriete-des-materiaux produkt_filter-proprietes produkt_filter-points-de-vente-showroom produkt_filter-domaines-dapplication produkt_filter-amenagement-dinterieurs-bureau-a-lespace-ouvert produkt_anwendung-evenement-salon-exposition produkt_anwendung-points-de-vente-showroom-construction-de-magasins produkt_anwendung-hotel-gastronomie produkt_anwendung-amenagement-dinterieurs-espace-ouvert produkt_material-dekotex-fr produkt_material-semisatin-premium-fr produkt_groesse-au-choix produkt__konfektion-passe-poil\" role=\"listitem\">\n\t\t\t\t<a class=\"elementor-post__thumbnail__link\" href=\"https:\/\/flagprint.ch\/fr\/produits\/acousticframe-cube\/\" tabindex=\"-1\" >\n\t\t\t<div class=\"elementor-post__thumbnail\"><img decoding=\"async\" width=\"768\" height=\"288\" src=\"https:\/\/flagprint.ch\/wp-content\/uploads\/2019\/02\/acousticframe-wuerfel-cube-indoor-768x288.png\" class=\"attachment-medium_large size-medium_large wp-image-4709\" alt=\"acousticframe cube pr\u00e9sente d\u2019excellentes propri\u00e9t\u00e9s d\u2019absorption acoustique et est facile \u00e0 installer \u00e0 l\u2019aide d\u2019un syst\u00e8me de c\u00e2bles.\" srcset=\"https:\/\/flagprint.ch\/wp-content\/uploads\/2019\/02\/acousticframe-wuerfel-cube-indoor-768x288.png 768w, https:\/\/flagprint.ch\/wp-content\/uploads\/2019\/02\/acousticframe-wuerfel-cube-indoor-800x300.png 800w, https:\/\/flagprint.ch\/wp-content\/uploads\/2019\/02\/acousticframe-wuerfel-cube-indoor-1200x450.png 1200w, https:\/\/flagprint.ch\/wp-content\/uploads\/2019\/02\/acousticframe-wuerfel-cube-indoor.png 1600w\" sizes=\"(max-width: 768px) 100vw, 768px\" \/><\/div>\n\t\t<\/a>\n\t\t\t\t<div class=\"elementor-post__text\">\n\t\t\t\t<h2 class=\"elementor-post__title\">\n\t\t\t<a href=\"https:\/\/flagprint.ch\/fr\/produits\/acousticframe-cube\/\" >\n\t\t\t\tacousticframe cube\t\t\t<\/a>\n\t\t<\/h2>\n\t\t\t\t<div class=\"elementor-post__excerpt\">\n\t\t\t<p>La quadrature du cercle acoustique<\/p>\n\t\t<\/div>\n\t\t\t\t<\/div>\n\t\t\t\t<\/article>\n\t\t\t\t<article class=\"elementor-post elementor-grid-item post-5257 produkte type-produkte status-publish has-post-thumbnail hentry produkt_kategorie-tout produkt_kategorie-interieur produkt_kategorie-acoustique-spatiale produkt_filter-utilisation produkt_filter-evenement-salon produkt_filter-courte produkt_filter-a-linterieur produkt_filter-une-face produkt_filter-duree-de-mise-en-oeuvre produkt_filter-mat produkt_filter-permanente produkt_filter-absorption-acoustique produkt_filter-impression-materiau produkt_filter-hotel-gastronomie-fr-2 produkt_filter-opaque-aux-regards produkt_filter-propriete-des-materiaux produkt_filter-proprietes produkt_filter-points-de-vente-showroom produkt_filter-amenagement-dinterieurs-bureau-a-lespace-ouvert produkt_filter-domaines-dapplication produkt_anwendung-evenement-salon-exposition produkt_anwendung-points-de-vente-showroom-construction-de-magasins produkt_anwendung-hotel-gastronomie produkt_anwendung-amenagement-dinterieurs-espace-ouvert produkt_material-dekotex-fr produkt_material-semisatin-premium-fr produkt_groesse-au-choix produkt__konfektion-passe-poil\" role=\"listitem\">\n\t\t\t\t<a class=\"elementor-post__thumbnail__link\" href=\"https:\/\/flagprint.ch\/fr\/produits\/acousticframe-panneau-de-separation\/\" tabindex=\"-1\" >\n\t\t\t<div class=\"elementor-post__thumbnail\"><img loading=\"lazy\" decoding=\"async\" width=\"768\" height=\"288\" src=\"https:\/\/flagprint.ch\/wp-content\/uploads\/2019\/02\/raumdesign-acousticframe-raumtrenner-1-768x288.png\" class=\"attachment-medium_large size-medium_large wp-image-4713\" alt=\"L&#039;acousticframe panneau de s\u00e9paration \u00e0 forte absorption acoustique offre protection contre les regards et discr\u00e9tion dans les espaces ouverts.\" srcset=\"https:\/\/flagprint.ch\/wp-content\/uploads\/2019\/02\/raumdesign-acousticframe-raumtrenner-1-768x288.png 768w, https:\/\/flagprint.ch\/wp-content\/uploads\/2019\/02\/raumdesign-acousticframe-raumtrenner-1-800x300.png 800w, https:\/\/flagprint.ch\/wp-content\/uploads\/2019\/02\/raumdesign-acousticframe-raumtrenner-1-1200x450.png 1200w, https:\/\/flagprint.ch\/wp-content\/uploads\/2019\/02\/raumdesign-acousticframe-raumtrenner-1.png 1600w\" sizes=\"(max-width: 768px) 100vw, 768px\" \/><\/div>\n\t\t<\/a>\n\t\t\t\t<div class=\"elementor-post__text\">\n\t\t\t\t<h2 class=\"elementor-post__title\">\n\t\t\t<a href=\"https:\/\/flagprint.ch\/fr\/produits\/acousticframe-panneau-de-separation\/\" >\n\t\t\t\tacousticframe panneau de s\u00e9paration\t\t\t<\/a>\n\t\t<\/h2>\n\t\t\t\t<div class=\"elementor-post__excerpt\">\n\t\t\t<p>Une sensation diff\u00e9rente gr\u00e2ce \u00e0 une acoustique parfaite<\/p>\n\t\t<\/div>\n\t\t\t\t<\/div>\n\t\t\t\t<\/article>\n\t\t\t\t<article class=\"elementor-post elementor-grid-item post-5248 produkte type-produkte status-publish has-post-thumbnail hentry produkt_kategorie-tout produkt_kategorie-interieur produkt_kategorie-acoustique-spatiale produkt_filter-utilisation produkt_filter-courte produkt_filter-a-linterieur produkt_filter-une-face produkt_filter-evenement-salon produkt_filter-duree-de-mise-en-oeuvre produkt_filter-mat produkt_filter-permanente produkt_filter-absorption-acoustique produkt_filter-impression-materiau produkt_filter-propriete-des-materiaux produkt_filter-hotel-gastronomie-fr-2 produkt_filter-opaque-aux-regards produkt_filter-proprietes produkt_filter-points-de-vente-showroom produkt_filter-amenagement-dinterieurs-bureau-a-lespace-ouvert produkt_filter-domaines-dapplication produkt_anwendung-evenement-salon-exposition produkt_anwendung-points-de-vente-showroom-construction-de-magasins produkt_anwendung-hotel-gastronomie produkt_anwendung-amenagement-dinterieurs-espace-ouvert produkt_material-dekotex-fr produkt_material-semisatin-premium-fr produkt_groesse-au-choix produkt__konfektion-passe-poil\" role=\"listitem\">\n\t\t\t\t<a class=\"elementor-post__thumbnail__link\" href=\"https:\/\/flagprint.ch\/fr\/produits\/acousticframe-panneau-suspendu\/\" tabindex=\"-1\" >\n\t\t\t<div class=\"elementor-post__thumbnail\"><img loading=\"lazy\" decoding=\"async\" width=\"768\" height=\"288\" src=\"https:\/\/flagprint.ch\/wp-content\/uploads\/2019\/02\/raumdesign-acousticframe-pendelwand-1-768x288.png\" class=\"attachment-medium_large size-medium_large wp-image-4711\" alt=\"Se composant de 5 couches et d\u2019une profondeur de 10 cm, l&#039;acousticframe panneau suspendu est un absorbeur \u00e0 bande large. Absorption acoustique maximale.\" srcset=\"https:\/\/flagprint.ch\/wp-content\/uploads\/2019\/02\/raumdesign-acousticframe-pendelwand-1-768x288.png 768w, https:\/\/flagprint.ch\/wp-content\/uploads\/2019\/02\/raumdesign-acousticframe-pendelwand-1-800x300.png 800w, https:\/\/flagprint.ch\/wp-content\/uploads\/2019\/02\/raumdesign-acousticframe-pendelwand-1-1200x450.png 1200w, https:\/\/flagprint.ch\/wp-content\/uploads\/2019\/02\/raumdesign-acousticframe-pendelwand-1.png 1600w\" sizes=\"(max-width: 768px) 100vw, 768px\" \/><\/div>\n\t\t<\/a>\n\t\t\t\t<div class=\"elementor-post__text\">\n\t\t\t\t<h2 class=\"elementor-post__title\">\n\t\t\t<a href=\"https:\/\/flagprint.ch\/fr\/produits\/acousticframe-panneau-suspendu\/\" >\n\t\t\t\tacousticframe panneau suspendu\t\t\t<\/a>\n\t\t<\/h2>\n\t\t\t\t<div class=\"elementor-post__excerpt\">\n\t\t\t<p>La solution acoustique qui flotte dans les airs<\/p>\n\t\t<\/div>\n\t\t\t\t<\/div>\n\t\t\t\t<\/article>\n\t\t\t\t<article class=\"elementor-post elementor-grid-item post-4647 produkte type-produkte status-publish has-post-thumbnail hentry produkt_kategorie-tout produkt_kategorie-systemes-dachiffage produkt_kategorie-exposition-event produkt_filter-une-face produkt_filter-courte produkt_filter-evenement-salon produkt_filter-a-linterieur produkt_filter-utilisation produkt_filter-permanente produkt_filter-manifestation-dentreprise-congres produkt_filter-duree-de-mise-en-oeuvre produkt_filter-mat produkt_filter-impression-materiau produkt_filter-club-manifestation-sportive-et-culturelle produkt_filter-opaque-aux-regards produkt_filter-propriete-des-materiaux produkt_filter-hotel-gastronomie-fr-2 produkt_filter-points-de-vente-showroom produkt_filter-opaque-a-la-lumiere produkt_filter-domaines-dapplication produkt_filter-amenagement-dinterieurs-bureau-a-lespace-ouvert produkt_anwendung-evenement-salon-exposition produkt_anwendung-manifestation-dentreprise-congres produkt_anwendung-club-manifestation-sportive-et-culturelle produkt_anwendung-points-de-vente-showroom-construction-de-magasins produkt_anwendung-hotel-gastronomie produkt_anwendung-amenagement-dinterieurs-espace-ouvert produkt_material-dekotex-fr produkt_material-blockout-fr produkt_groesse-au-choix produkt__konfektion-passe-poil\" role=\"listitem\">\n\t\t\t\t<a class=\"elementor-post__thumbnail__link\" href=\"https:\/\/flagprint.ch\/fr\/produits\/alu-frame\/\" tabindex=\"-1\" >\n\t\t\t<div class=\"elementor-post__thumbnail\"><img loading=\"lazy\" decoding=\"async\" width=\"768\" height=\"288\" src=\"https:\/\/flagprint.ch\/wp-content\/uploads\/2019\/02\/Produkte_Display_Systeme_Aluframe_Titelbild-768x288.png\" class=\"attachment-medium_large size-medium_large wp-image-3462\" alt=\"aluframe - cadre \u00e9l\u00e9gant en alu tendu avec impression, changement simple de motif. Peut \u00eatre suspendue du plafond, viss\u00e9e au mur ou \u00eatre plac\u00e9e de mani\u00e8re autonome.\" srcset=\"https:\/\/flagprint.ch\/wp-content\/uploads\/2019\/02\/Produkte_Display_Systeme_Aluframe_Titelbild-768x288.png 768w, https:\/\/flagprint.ch\/wp-content\/uploads\/2019\/02\/Produkte_Display_Systeme_Aluframe_Titelbild-800x300.png 800w, https:\/\/flagprint.ch\/wp-content\/uploads\/2019\/02\/Produkte_Display_Systeme_Aluframe_Titelbild-1200x450.png 1200w, https:\/\/flagprint.ch\/wp-content\/uploads\/2019\/02\/Produkte_Display_Systeme_Aluframe_Titelbild.png 1600w\" sizes=\"(max-width: 768px) 100vw, 768px\" \/><\/div>\n\t\t<\/a>\n\t\t\t\t<div class=\"elementor-post__text\">\n\t\t\t\t<h2 class=\"elementor-post__title\">\n\t\t\t<a href=\"https:\/\/flagprint.ch\/fr\/produits\/alu-frame\/\" >\n\t\t\t\taluframe\t\t\t<\/a>\n\t\t<\/h2>\n\t\t\t\t<div class=\"elementor-post__excerpt\">\n\t\t\t<p>Cadre \u00e9l\u00e9gant en alu tendu avec impression, changement simple de motif<\/p>\n\t\t<\/div>\n\t\t\t\t<\/div>\n\t\t\t\t<\/article>\n\t\t\t\t<article class=\"elementor-post elementor-grid-item post-4659 produkte type-produkte status-publish has-post-thumbnail hentry produkt_kategorie-tout produkt_kategorie-point-de-vente produkt_filter-une-face produkt_filter-evenement-salon produkt_filter-a-linterieur produkt_filter-utilisation produkt_filter-permanente produkt_filter-duree-de-mise-en-oeuvre produkt_filter-mat produkt_filter-impression-materiau produkt_filter-hotel-gastronomie-fr-2 produkt_filter-opaque-aux-regards produkt_filter-propriete-des-materiaux produkt_filter-opaque-a-la-lumiere produkt_filter-points-de-vente-showroom produkt_filter-domaines-dapplication produkt_filter-amenagement-dinterieurs-bureau-a-lespace-ouvert produkt_anwendung-evenement-salon-exposition produkt_anwendung-points-de-vente-showroom-construction-de-magasins produkt_anwendung-hotel-gastronomie produkt_anwendung-amenagement-dinterieurs-espace-ouvert produkt_material-dekotex-fr produkt_material-blockout-fr produkt_groesse-au-choix produkt__konfektion-passe-poil\" role=\"listitem\">\n\t\t\t\t<a class=\"elementor-post__thumbnail__link\" href=\"https:\/\/flagprint.ch\/fr\/produits\/aluframe-cadre-en-alu\/\" tabindex=\"-1\" >\n\t\t\t<div class=\"elementor-post__thumbnail\"><img loading=\"lazy\" decoding=\"async\" width=\"768\" height=\"288\" src=\"https:\/\/flagprint.ch\/wp-content\/uploads\/2019\/02\/Produkte_Shop_POS_Aluframe_Wandbild_Titelbild-768x288.png\" class=\"attachment-medium_large size-medium_large wp-image-3579\" alt=\"aluframe - cadre \u00e9l\u00e9gant en alu tendu avec impression, changement simple de motif. Peut \u00eatre suspendue du plafond, viss\u00e9e au mur ou \u00eatre plac\u00e9e de mani\u00e8re autonome.\" srcset=\"https:\/\/flagprint.ch\/wp-content\/uploads\/2019\/02\/Produkte_Shop_POS_Aluframe_Wandbild_Titelbild-768x288.png 768w, https:\/\/flagprint.ch\/wp-content\/uploads\/2019\/02\/Produkte_Shop_POS_Aluframe_Wandbild_Titelbild-800x300.png 800w, https:\/\/flagprint.ch\/wp-content\/uploads\/2019\/02\/Produkte_Shop_POS_Aluframe_Wandbild_Titelbild-1200x450.png 1200w, https:\/\/flagprint.ch\/wp-content\/uploads\/2019\/02\/Produkte_Shop_POS_Aluframe_Wandbild_Titelbild.png 1600w\" sizes=\"(max-width: 768px) 100vw, 768px\" \/><\/div>\n\t\t<\/a>\n\t\t\t\t<div class=\"elementor-post__text\">\n\t\t\t\t<h2 class=\"elementor-post__title\">\n\t\t\t<a href=\"https:\/\/flagprint.ch\/fr\/produits\/aluframe-cadre-en-alu\/\" >\n\t\t\t\taluframe cadre en alu\t\t\t<\/a>\n\t\t<\/h2>\n\t\t\t\t<div class=\"elementor-post__excerpt\">\n\t\t\t<p>Cadre \u00e9l\u00e9gant en alu tendu avec impression, changement simple de motif<\/p>\n\t\t<\/div>\n\t\t\t\t<\/div>\n\t\t\t\t<\/article>\n\t\t\t\t<article class=\"elementor-post elementor-grid-item post-4656 produkte type-produkte status-publish has-post-thumbnail hentry produkt_kategorie-tout produkt_kategorie-point-de-vente produkt_filter-utilisation produkt_filter-une-face produkt_filter-courte produkt_filter-evenement-salon produkt_filter-a-linterieur produkt_filter-permanente produkt_filter-manifestation-dentreprise-congres produkt_filter-duree-de-mise-en-oeuvre produkt_filter-mat produkt_filter-mobile produkt_filter-impression-materiau produkt_filter-club-manifestation-sportive-et-culturelle produkt_filter-opaque-aux-regards produkt_filter-propriete-des-materiaux produkt_filter-hotel-gastronomie-fr-2 produkt_filter-opaque-a-la-lumiere produkt_filter-proprietes produkt_filter-points-de-vente-showroom produkt_filter-domaines-dapplication produkt_filter-amenagement-dinterieurs-bureau-a-lespace-ouvert produkt_anwendung-evenement-salon-exposition produkt_anwendung-manifestation-dentreprise-congres produkt_anwendung-club-manifestation-sportive-et-culturelle produkt_anwendung-points-de-vente-showroom-construction-de-magasins produkt_anwendung-hotel-gastronomie produkt_anwendung-amenagement-dinterieurs-espace-ouvert produkt_material-dekotex-fr produkt_material-blockout-fr produkt_groesse-au-choix produkt__konfektion-passe-poil\" role=\"listitem\">\n\t\t\t\t<a class=\"elementor-post__thumbnail__link\" href=\"https:\/\/flagprint.ch\/fr\/produits\/aluframe-cadre-en-alu-autonome\/\" tabindex=\"-1\" >\n\t\t\t<div class=\"elementor-post__thumbnail\"><img loading=\"lazy\" decoding=\"async\" width=\"768\" height=\"288\" src=\"https:\/\/flagprint.ch\/wp-content\/uploads\/2019\/02\/Produkte_Shop_POS_Aluframe_freistehend_Titelbild-768x288.png\" class=\"attachment-medium_large size-medium_large wp-image-3577\" alt=\"aluframe - cadre \u00e9l\u00e9gant en alu tendu avec impression, changement simple de motif. Peut \u00eatre suspendue du plafond, viss\u00e9e au mur ou \u00eatre plac\u00e9e de mani\u00e8re autonome.\" srcset=\"https:\/\/flagprint.ch\/wp-content\/uploads\/2019\/02\/Produkte_Shop_POS_Aluframe_freistehend_Titelbild-768x288.png 768w, https:\/\/flagprint.ch\/wp-content\/uploads\/2019\/02\/Produkte_Shop_POS_Aluframe_freistehend_Titelbild-800x300.png 800w, https:\/\/flagprint.ch\/wp-content\/uploads\/2019\/02\/Produkte_Shop_POS_Aluframe_freistehend_Titelbild-1200x450.png 1200w, https:\/\/flagprint.ch\/wp-content\/uploads\/2019\/02\/Produkte_Shop_POS_Aluframe_freistehend_Titelbild.png 1600w\" sizes=\"(max-width: 768px) 100vw, 768px\" \/><\/div>\n\t\t<\/a>\n\t\t\t\t<div class=\"elementor-post__text\">\n\t\t\t\t<h2 class=\"elementor-post__title\">\n\t\t\t<a href=\"https:\/\/flagprint.ch\/fr\/produits\/aluframe-cadre-en-alu-autonome\/\" >\n\t\t\t\taluframe cadre en alu autonome\t\t\t<\/a>\n\t\t<\/h2>\n\t\t\t\t<div class=\"elementor-post__excerpt\">\n\t\t\t<p>Cadre \u00e9l\u00e9gant en alu tendu avec impression, changement simple de motif<\/p>\n\t\t<\/div>\n\t\t\t\t<\/div>\n\t\t\t\t<\/article>\n\t\t\t\t<article class=\"elementor-post elementor-grid-item post-4662 produkte type-produkte status-publish has-post-thumbnail hentry produkt_kategorie-tout produkt_kategorie-exposition-event produkt_filter-utilisation produkt_filter-une-face produkt_filter-courte produkt_filter-evenement-salon produkt_filter-a-linterieur produkt_filter-manifestation-dentreprise-congres produkt_filter-permanente produkt_filter-duree-de-mise-en-oeuvre produkt_filter-mat produkt_filter-impression-materiau produkt_filter-club-manifestation-sportive-et-culturelle produkt_filter-opaque-aux-regards produkt_filter-propriete-des-materiaux produkt_filter-opaque-a-la-lumiere produkt_filter-points-de-vente-showroom produkt_filter-domaines-dapplication produkt_filter-amenagement-dinterieurs-bureau-a-lespace-ouvert produkt_anwendung-evenement-salon-exposition produkt_anwendung-manifestation-dentreprise-congres produkt_anwendung-club-manifestation-sportive-et-culturelle produkt_anwendung-points-de-vente-showroom-construction-de-magasins produkt_anwendung-amenagement-dinterieurs-espace-ouvert produkt_material-dekotex-fr produkt_material-blockout-fr produkt_material-semisatin-premium-fr produkt_material-pvc-frontlit-fr produkt_material-mesh-fr produkt_groesse-au-choix produkt__konfektion-ourlet-creux-avec-double-couture-de-securite produkt__konfektion-ourlet-creux-avec-tube-en-alu produkt__konfektion-coupe-au-cutter produkt__konfektion-oeillets-en-metal\" role=\"listitem\">\n\t\t\t\t<a class=\"elementor-post__thumbnail__link\" href=\"https:\/\/flagprint.ch\/fr\/produits\/backdrop\/\" tabindex=\"-1\" >\n\t\t\t<div class=\"elementor-post__thumbnail\"><img loading=\"lazy\" decoding=\"async\" width=\"768\" height=\"288\" src=\"https:\/\/flagprint.ch\/wp-content\/uploads\/2019\/02\/Produkte_Messe_Event_Backdrop_Titelbild-768x288.png\" class=\"attachment-medium_large size-medium_large wp-image-3513\" alt=\"Backdrop - l&#039;affiche textile imprim\u00e9e en tant qu\u2019arri\u00e8re-plan de sc\u00e8ne ou habillage mural. La fabrication est adapt\u00e9e \u00e0 l\u2019exigence li\u00e9e \u00e0 la situation.\" srcset=\"https:\/\/flagprint.ch\/wp-content\/uploads\/2019\/02\/Produkte_Messe_Event_Backdrop_Titelbild-768x288.png 768w, https:\/\/flagprint.ch\/wp-content\/uploads\/2019\/02\/Produkte_Messe_Event_Backdrop_Titelbild-800x300.png 800w, https:\/\/flagprint.ch\/wp-content\/uploads\/2019\/02\/Produkte_Messe_Event_Backdrop_Titelbild-1200x450.png 1200w, https:\/\/flagprint.ch\/wp-content\/uploads\/2019\/02\/Produkte_Messe_Event_Backdrop_Titelbild.png 1600w\" sizes=\"(max-width: 768px) 100vw, 768px\" \/><\/div>\n\t\t<\/a>\n\t\t\t\t<div class=\"elementor-post__text\">\n\t\t\t\t<h2 class=\"elementor-post__title\">\n\t\t\t<a href=\"https:\/\/flagprint.ch\/fr\/produits\/backdrop\/\" >\n\t\t\t\tBackdrop\t\t\t<\/a>\n\t\t<\/h2>\n\t\t\t\t<div class=\"elementor-post__excerpt\">\n\t\t\t<p>Impression sur tissu grand format pour d\u00e9coration et rideaux de sc\u00e8ne<\/p>\n\t\t<\/div>\n\t\t\t\t<\/div>\n\t\t\t\t<\/article>\n\t\t\t\t<article class=\"elementor-post elementor-grid-item post-4997 produkte type-produkte status-publish has-post-thumbnail hentry produkt_kategorie-tout produkt_kategorie-banderoles produkt_filter-courte produkt_filter-utilisation produkt_filter-a-linterieur produkt_filter-une-face produkt_filter-evenement-salon produkt_filter-brillant produkt_filter-manifestation-dentreprise-congres produkt_filter-a-lexterieur produkt_filter-permanente produkt_filter-lisible-double-face produkt_filter-duree-de-mise-en-oeuvre produkt_filter-mat produkt_filter-a-linterieur-et-a-lexterieur produkt_filter-impression-materiau produkt_filter-legerement-transparent produkt_filter-club-manifestation-sportive-et-culturelle produkt_filter-double-face-avec-impression-penetrante produkt_filter-propriete-des-materiaux produkt_filter-hotel-gastronomie-fr-2 produkt_filter-opaque-aux-regards produkt_filter-domaines-dapplication produkt_filter-echafaudage-cloture-facade produkt_filter-place-publique-batiment-public-rue produkt_anwendung-evenement-salon-exposition produkt_anwendung-manifestation-dentreprise-congres produkt_anwendung-club-manifestation-sportive-et-culturelle produkt_anwendung-hotel-gastronomie produkt_anwendung-echafaudage-cloture-facade produkt_anwendung-place-publique-batiment-public-rue produkt_material-non-tisse-eco-polyester produkt_material-jetflag-fr produkt_material-dekotex-fr produkt_material-ecotex-fr produkt_material-pvc-frontlit-fr produkt_material-mesh-fr produkt_groesse-au-choix produkt__konfektion-ourlet-creux-simple produkt__konfektion-double-ourlet produkt__konfektion-ourlet-creux-avec-double-couture-de-securite produkt__konfektion-ourlet-creux-renforce produkt__konfektion-oeillets-en-metal produkt__konfektion-ruban-ou-bande\" role=\"listitem\">\n\t\t\t\t<a class=\"elementor-post__thumbnail__link\" href=\"https:\/\/flagprint.ch\/fr\/produits\/banderole-publicitaire-bande-tendue-transparent\/\" tabindex=\"-1\" >\n\t\t\t<div class=\"elementor-post__thumbnail\"><img loading=\"lazy\" decoding=\"async\" width=\"768\" height=\"288\" src=\"https:\/\/flagprint.ch\/wp-content\/uploads\/2019\/02\/Produkte_Werbebanner_Spannband_Transparent_Titelbild-768x288.png\" class=\"attachment-medium_large size-medium_large wp-image-3624\" alt=\"La banderole publicitaire imprim\u00e9e est confectionn\u00e9e tout autour avec un ourlet renforc\u00e9 et des oeillets. Disponible en tant que fabriqu\u00e9e \u00e0 l\u2019unit\u00e9 ou en s\u00e9rie.\" srcset=\"https:\/\/flagprint.ch\/wp-content\/uploads\/2019\/02\/Produkte_Werbebanner_Spannband_Transparent_Titelbild-768x288.png 768w, https:\/\/flagprint.ch\/wp-content\/uploads\/2019\/02\/Produkte_Werbebanner_Spannband_Transparent_Titelbild-800x300.png 800w, https:\/\/flagprint.ch\/wp-content\/uploads\/2019\/02\/Produkte_Werbebanner_Spannband_Transparent_Titelbild-1200x450.png 1200w, https:\/\/flagprint.ch\/wp-content\/uploads\/2019\/02\/Produkte_Werbebanner_Spannband_Transparent_Titelbild.png 1600w\" sizes=\"(max-width: 768px) 100vw, 768px\" \/><\/div>\n\t\t<\/a>\n\t\t\t\t<div class=\"elementor-post__text\">\n\t\t\t\t<h2 class=\"elementor-post__title\">\n\t\t\t<a href=\"https:\/\/flagprint.ch\/fr\/produits\/banderole-publicitaire-bande-tendue-transparent\/\" >\n\t\t\t\tBanderole publicitaire, Bande tendue, Transparent\t\t\t<\/a>\n\t\t<\/h2>\n\t\t\t\t<div class=\"elementor-post__excerpt\">\n\t\t\t<p>Banderole publicitaire avec \u0153illets<\/p>\n\t\t<\/div>\n\t\t\t\t<\/div>\n\t\t\t\t<\/article>\n\t\t\t\t<article class=\"elementor-post elementor-grid-item post-4815 produkte type-produkte status-publish has-post-thumbnail hentry produkt_kategorie-tout produkt_kategorie-exposition-event produkt_filter-utilisation produkt_filter-courte produkt_filter-a-linterieur produkt_filter-evenement-salon produkt_filter-une-face produkt_filter-brillant produkt_filter-duree-de-mise-en-oeuvre produkt_filter-mat produkt_filter-mobile produkt_filter-impression-materiau produkt_filter-legerement-transparent produkt_filter-opaque-aux-regards produkt_filter-propriete-des-materiaux produkt_filter-proprietes produkt_filter-points-de-vente-showroom produkt_filter-opaque-a-la-lumiere produkt_filter-domaines-dapplication produkt_anwendung-evenement-salon-exposition produkt_anwendung-points-de-vente-showroom-construction-de-magasins produkt_material-jetflag-fr produkt_material-semideko-fr produkt_material-dekotex-fr produkt_material-blockout-fr produkt_groesse-au-choix produkt__konfektion-ourlet-creux-avec-tube-en-alu produkt__konfektion-oeillets-en-metal produkt__konfektion-velcro\" role=\"listitem\">\n\t\t\t\t<a class=\"elementor-post__thumbnail__link\" href=\"https:\/\/flagprint.ch\/fr\/produits\/banniere-en-tissu-de-stand-de-salon\/\" tabindex=\"-1\" >\n\t\t\t<div class=\"elementor-post__thumbnail\"><img loading=\"lazy\" decoding=\"async\" width=\"768\" height=\"288\" src=\"https:\/\/flagprint.ch\/wp-content\/uploads\/2019\/02\/Produkte_Messe_Event_Messestand_Stoffbanner_Titelbild-768x288.png\" class=\"attachment-medium_large size-medium_large wp-image-3521\" alt=\"Banni\u00e8re en tissu de stand de salon. Le tissu est imprim\u00e9 d\u2019un motif librement con\u00e7u et confectionn\u00e9 sur mesure. La confection est adapt\u00e9e individuellement au syst\u00e8me du Salon.\" srcset=\"https:\/\/flagprint.ch\/wp-content\/uploads\/2019\/02\/Produkte_Messe_Event_Messestand_Stoffbanner_Titelbild-768x288.png 768w, https:\/\/flagprint.ch\/wp-content\/uploads\/2019\/02\/Produkte_Messe_Event_Messestand_Stoffbanner_Titelbild-800x300.png 800w, https:\/\/flagprint.ch\/wp-content\/uploads\/2019\/02\/Produkte_Messe_Event_Messestand_Stoffbanner_Titelbild-1200x450.png 1200w, https:\/\/flagprint.ch\/wp-content\/uploads\/2019\/02\/Produkte_Messe_Event_Messestand_Stoffbanner_Titelbild.png 1600w\" sizes=\"(max-width: 768px) 100vw, 768px\" \/><\/div>\n\t\t<\/a>\n\t\t\t\t<div class=\"elementor-post__text\">\n\t\t\t\t<h2 class=\"elementor-post__title\">\n\t\t\t<a href=\"https:\/\/flagprint.ch\/fr\/produits\/banniere-en-tissu-de-stand-de-salon\/\" >\n\t\t\t\tBanni\u00e8re en tissu de stand de salon\t\t\t<\/a>\n\t\t<\/h2>\n\t\t\t\t<div class=\"elementor-post__excerpt\">\n\t\t\t<p>Impression sur tissu grand format pour expositions et \u00e9v\u00e9nements<\/p>\n\t\t<\/div>\n\t\t\t\t<\/div>\n\t\t\t\t<\/article>\n\t\t\t\t<article class=\"elementor-post elementor-grid-item post-4690 produkte type-produkte status-publish has-post-thumbnail hentry produkt_kategorie-tout produkt_kategorie-banderoles produkt_filter-courte produkt_filter-evenement-salon produkt_filter-une-face produkt_filter-utilisation produkt_filter-duree-de-mise-en-oeuvre produkt_filter-mat produkt_filter-a-lexterieur produkt_filter-a-linterieur-et-a-lexterieur produkt_filter-impression-materiau produkt_filter-opaque-aux-regards produkt_filter-propriete-des-materiaux produkt_filter-hotel-gastronomie-fr-2 produkt_filter-domaines-dapplication produkt_filter-echafaudage-cloture-facade produkt_filter-place-publique-batiment-public-rue produkt_anwendung-evenement-salon-exposition produkt_anwendung-hotel-gastronomie produkt_anwendung-echafaudage-cloture-facade produkt_anwendung-place-publique-batiment-public-rue produkt_material-polyester-vlies-fr produkt_material-non-tisse-eco-polyester produkt_material-mesh-fr produkt_groesse-au-choix produkt__konfektion-coupe-au-cutter produkt__konfektion-oeillets-en-metal\" role=\"listitem\">\n\t\t\t\t<a class=\"elementor-post__thumbnail__link\" href=\"https:\/\/flagprint.ch\/fr\/produits\/banniere-sans-fin-non-tisse-en-banniere-publicite-par-banniere\/\" tabindex=\"-1\" >\n\t\t\t<div class=\"elementor-post__thumbnail\"><img loading=\"lazy\" decoding=\"async\" width=\"768\" height=\"288\" src=\"https:\/\/flagprint.ch\/wp-content\/uploads\/2019\/02\/Produkte_Werbebanner_Endlosbanner_Bannervlies_Bandenwerbung_Titelbild-768x288.png\" class=\"attachment-medium_large size-medium_large wp-image-3620\" alt=\"Le motif est imprim\u00e9 sur des rouleaux en \u00e9tant r\u00e9p\u00e9t\u00e9. La banni\u00e8re peut \u00eatre confectionn\u00e9e, en haut et en bas, avec des oeillets.\" srcset=\"https:\/\/flagprint.ch\/wp-content\/uploads\/2019\/02\/Produkte_Werbebanner_Endlosbanner_Bannervlies_Bandenwerbung_Titelbild-768x288.png 768w, https:\/\/flagprint.ch\/wp-content\/uploads\/2019\/02\/Produkte_Werbebanner_Endlosbanner_Bannervlies_Bandenwerbung_Titelbild-800x300.png 800w, https:\/\/flagprint.ch\/wp-content\/uploads\/2019\/02\/Produkte_Werbebanner_Endlosbanner_Bannervlies_Bandenwerbung_Titelbild-1200x450.png 1200w, https:\/\/flagprint.ch\/wp-content\/uploads\/2019\/02\/Produkte_Werbebanner_Endlosbanner_Bannervlies_Bandenwerbung_Titelbild.png 1600w\" sizes=\"(max-width: 768px) 100vw, 768px\" \/><\/div>\n\t\t<\/a>\n\t\t\t\t<div class=\"elementor-post__text\">\n\t\t\t\t<h2 class=\"elementor-post__title\">\n\t\t\t<a href=\"https:\/\/flagprint.ch\/fr\/produits\/banniere-sans-fin-non-tisse-en-banniere-publicite-par-banniere\/\" >\n\t\t\t\tBanni\u00e8re sans fin, Non-tiss\u00e9 en banni\u00e8re, Publicit\u00e9 par banni\u00e8re\t\t\t<\/a>\n\t\t<\/h2>\n\t\t\t\t<div class=\"elementor-post__excerpt\">\n\t\t\t<p>Banni\u00e8re sans fin pour publicit\u00e9 sur cl\u00f4ture<\/p>\n\t\t<\/div>\n\t\t\t\t<\/div>\n\t\t\t\t<\/article>\n\t\t\t\t<article class=\"elementor-post elementor-grid-item post-4793 produkte type-produkte status-publish has-post-thumbnail hentry produkt_kategorie-tout produkt_kategorie-special produkt_filter-a-linterieur produkt_filter-une-face produkt_filter-utilisation produkt_filter-courte produkt_filter-brillant produkt_filter-duree-de-mise-en-oeuvre produkt_filter-a-lexterieur produkt_filter-mat produkt_filter-permanente produkt_filter-club-manifestation-sportive-et-culturelle produkt_filter-a-linterieur-et-a-lexterieur produkt_filter-impression-materiau produkt_filter-propriete-des-materiaux produkt_filter-opaque-aux-regards produkt_filter-domaines-dapplication produkt_anwendung-club-manifestation-sportive-et-culturelle produkt_material-dekotex-fr produkt_groesse-small-medium-et-large-au-choix produkt__konfektion-couture-jeans produkt__konfektion-double-ourlet produkt__konfektion-velcro\" role=\"listitem\">\n\t\t\t\t<a class=\"elementor-post__thumbnail__link\" href=\"https:\/\/flagprint.ch\/fr\/produits\/chabraques-pour-chiens\/\" tabindex=\"-1\" >\n\t\t\t<div class=\"elementor-post__thumbnail\"><img loading=\"lazy\" decoding=\"async\" width=\"768\" height=\"288\" src=\"https:\/\/flagprint.ch\/wp-content\/uploads\/2019\/02\/Produkte_Specials_Hundeschabraken_Titelbild-768x288.png\" class=\"attachment-medium_large size-medium_large wp-image-3605\" alt=\"Chabraque avec bande r\u00e9fl\u00e9chissante, imprim\u00e9e et confectionn\u00e9e individuellement. Pour les chiens en cours d\u2019apprentissage ou lorsqu\u2019ils sont au travail.\" srcset=\"https:\/\/flagprint.ch\/wp-content\/uploads\/2019\/02\/Produkte_Specials_Hundeschabraken_Titelbild-768x288.png 768w, https:\/\/flagprint.ch\/wp-content\/uploads\/2019\/02\/Produkte_Specials_Hundeschabraken_Titelbild-800x300.png 800w, https:\/\/flagprint.ch\/wp-content\/uploads\/2019\/02\/Produkte_Specials_Hundeschabraken_Titelbild-1200x450.png 1200w, https:\/\/flagprint.ch\/wp-content\/uploads\/2019\/02\/Produkte_Specials_Hundeschabraken_Titelbild.png 1600w\" sizes=\"(max-width: 768px) 100vw, 768px\" \/><\/div>\n\t\t<\/a>\n\t\t\t\t<div class=\"elementor-post__text\">\n\t\t\t\t<h2 class=\"elementor-post__title\">\n\t\t\t<a href=\"https:\/\/flagprint.ch\/fr\/produits\/chabraques-pour-chiens\/\" >\n\t\t\t\tChabraques pour chiens\t\t\t<\/a>\n\t\t<\/h2>\n\t\t\t\t<div class=\"elementor-post__excerpt\">\n\t\t\t<p>Chabraques pour chiens  Ecoles de chiens, chiens de sauvetage, etc<\/p>\n\t\t<\/div>\n\t\t\t\t<\/div>\n\t\t\t\t<\/article>\n\t\t\t\t<article class=\"elementor-post elementor-grid-item post-4807 produkte type-produkte status-publish has-post-thumbnail hentry produkt_kategorie-tout produkt_kategorie-affichages-eclaires produkt_kategorie-exposition-event produkt_filter-utilisation produkt_filter-a-linterieur produkt_filter-evenement-salon produkt_filter-une-face produkt_filter-lumineux produkt_filter-courte produkt_filter-a-lexterieur produkt_filter-duree-de-mise-en-oeuvre produkt_filter-manifestation-dentreprise-congres produkt_filter-mat produkt_filter-mobile produkt_filter-club-manifestation-sportive-et-culturelle produkt_filter-a-linterieur-et-a-lexterieur produkt_filter-impression-materiau produkt_filter-hotel-gastronomie-fr-2 produkt_filter-propriete-des-materiaux produkt_filter-proprietes produkt_filter-points-de-vente-showroom produkt_filter-domaines-dapplication produkt_anwendung-evenement-salon-exposition produkt_anwendung-manifestation-dentreprise-congres produkt_anwendung-club-manifestation-sportive-et-culturelle produkt_anwendung-points-de-vente-showroom-construction-de-magasins produkt_anwendung-hotel-gastronomie produkt_material-semisatin-premium-fr produkt_groesse-diametre-25-et-40-cm produkt_groesse-hauteur-200-et-250-cm produkt__konfektion-couture-simple\" role=\"listitem\">\n\t\t\t\t<a class=\"elementor-post__thumbnail__link\" href=\"https:\/\/flagprint.ch\/fr\/produits\/colonne-lumineuse-airlight\/\" tabindex=\"-1\" >\n\t\t\t<div class=\"elementor-post__thumbnail\"><img loading=\"lazy\" decoding=\"async\" width=\"768\" height=\"288\" src=\"https:\/\/flagprint.ch\/wp-content\/uploads\/2019\/02\/messe-event-leuchtsaeule-airlight-2-768x288.png\" class=\"attachment-medium_large size-medium_large wp-image-6041\" alt=\"Colonne lumineuse Airlight. Sp\u00e9cialement pour le r\u00e9tro\u00e9clairage, la banni\u00e8re en tissu imprim\u00e9, est tir\u00e9e par dessus la colonne gonflable telle une housse. Eclairage = LED\" srcset=\"https:\/\/flagprint.ch\/wp-content\/uploads\/2019\/02\/messe-event-leuchtsaeule-airlight-2-768x288.png 768w, https:\/\/flagprint.ch\/wp-content\/uploads\/2019\/02\/messe-event-leuchtsaeule-airlight-2-800x300.png 800w, https:\/\/flagprint.ch\/wp-content\/uploads\/2019\/02\/messe-event-leuchtsaeule-airlight-2-1200x450.png 1200w, https:\/\/flagprint.ch\/wp-content\/uploads\/2019\/02\/messe-event-leuchtsaeule-airlight-2.png 1600w\" sizes=\"(max-width: 768px) 100vw, 768px\" \/><\/div>\n\t\t<\/a>\n\t\t\t\t<div class=\"elementor-post__text\">\n\t\t\t\t<h2 class=\"elementor-post__title\">\n\t\t\t<a href=\"https:\/\/flagprint.ch\/fr\/produits\/colonne-lumineuse-airlight\/\" >\n\t\t\t\tColonne lumineuse Airlight\t\t\t<\/a>\n\t\t<\/h2>\n\t\t\t\t<div class=\"elementor-post__excerpt\">\n\t\t\t<p>Colonne publicitaires lumineuse imprim\u00e9s sous forme individuelle<\/p>\n\t\t<\/div>\n\t\t\t\t<\/div>\n\t\t\t\t<\/article>\n\t\t\t\t<article class=\"elementor-post elementor-grid-item post-9004 produkte type-produkte status-publish has-post-thumbnail hentry produkt_kategorie-tout produkt_kategorie-systemes-dachiffage produkt_kategorie-affichages-eclaires produkt_kategorie-exposition-event produkt_filter-utilisation produkt_filter-a-linterieur produkt_filter-lumineux produkt_filter-une-face produkt_filter-evenement-salon produkt_filter-courte produkt_filter-permanente produkt_filter-manifestation-dentreprise-congres produkt_filter-duree-de-mise-en-oeuvre produkt_filter-mat produkt_filter-mobile produkt_filter-lisible-double-face produkt_filter-impression-materiau produkt_filter-club-manifestation-sportive-et-culturelle produkt_filter-hotel-gastronomie-fr-2 produkt_filter-propriete-des-materiaux produkt_filter-proprietes produkt_filter-points-de-vente-showroom produkt_filter-domaines-dapplication produkt_filter-amenagement-dinterieurs-bureau-a-lespace-ouvert produkt_anwendung-evenement-salon-exposition produkt_anwendung-manifestation-dentreprise-congres produkt_anwendung-club-manifestation-sportive-et-culturelle produkt_anwendung-points-de-vente-showroom-construction-de-magasins produkt_anwendung-hotel-gastronomie produkt_anwendung-amenagement-dinterieurs-espace-ouvert produkt_material-backlight-premium-fr produkt_groesse-100-100-40-cm-fr produkt_groesse-100-x-100-x-40-cm produkt__konfektion-passe-poil\" role=\"listitem\">\n\t\t\t\t<a class=\"elementor-post__thumbnail__link\" href=\"https:\/\/flagprint.ch\/fr\/produits\/comptoir-eclaire-mobile-lightframe-lf550\/\" tabindex=\"-1\" >\n\t\t\t<div class=\"elementor-post__thumbnail\"><img loading=\"lazy\" decoding=\"async\" width=\"768\" height=\"288\" src=\"https:\/\/flagprint.ch\/wp-content\/uploads\/2020\/01\/titelbild-leuchtkasten-theke-lf550-messe-event-768x288.png\" class=\"attachment-medium_large size-medium_large wp-image-9677\" alt=\"\" srcset=\"https:\/\/flagprint.ch\/wp-content\/uploads\/2020\/01\/titelbild-leuchtkasten-theke-lf550-messe-event-768x288.png 768w, https:\/\/flagprint.ch\/wp-content\/uploads\/2020\/01\/titelbild-leuchtkasten-theke-lf550-messe-event-400x150.png 400w, https:\/\/flagprint.ch\/wp-content\/uploads\/2020\/01\/titelbild-leuchtkasten-theke-lf550-messe-event-800x300.png 800w, https:\/\/flagprint.ch\/wp-content\/uploads\/2020\/01\/titelbild-leuchtkasten-theke-lf550-messe-event-1200x450.png 1200w, https:\/\/flagprint.ch\/wp-content\/uploads\/2020\/01\/titelbild-leuchtkasten-theke-lf550-messe-event.png 1600w\" sizes=\"(max-width: 768px) 100vw, 768px\" \/><\/div>\n\t\t<\/a>\n\t\t\t\t<div class=\"elementor-post__text\">\n\t\t\t\t<h2 class=\"elementor-post__title\">\n\t\t\t<a href=\"https:\/\/flagprint.ch\/fr\/produits\/comptoir-eclaire-mobile-lightframe-lf550\/\" >\n\t\t\t\tComptoir \u00e9clair\u00e9 mobile lightframe LF550\t\t\t<\/a>\n\t\t<\/h2>\n\t\t\t\t<div class=\"elementor-post__excerpt\">\n\t\t\t<p>Syst\u00e8me de comptoir mobile \u00e9clair\u00e9 des deux c\u00f4t\u00e9s<\/p>\n\t\t<\/div>\n\t\t\t\t<\/div>\n\t\t\t\t<\/article>\n\t\t\t\t<article class=\"elementor-post elementor-grid-item post-9015 produkte type-produkte status-publish has-post-thumbnail hentry produkt_kategorie-tout produkt_kategorie-systemes-dachiffage produkt_kategorie-affichages-eclaires produkt_kategorie-exposition-event produkt_filter-utilisation produkt_filter-a-linterieur produkt_filter-lumineux produkt_filter-une-face produkt_filter-evenement-salon produkt_filter-courte produkt_filter-permanente produkt_filter-manifestation-dentreprise-congres produkt_filter-duree-de-mise-en-oeuvre produkt_filter-mat produkt_filter-mobile produkt_filter-impression-materiau produkt_filter-club-manifestation-sportive-et-culturelle produkt_filter-propriete-des-materiaux produkt_filter-hotel-gastronomie-fr-2 produkt_filter-proprietes produkt_filter-points-de-vente-showroom produkt_filter-domaines-dapplication produkt_filter-amenagement-dinterieurs-bureau-a-lespace-ouvert produkt_anwendung-evenement-salon-exposition produkt_anwendung-manifestation-dentreprise-congres produkt_anwendung-club-manifestation-sportive-et-culturelle produkt_anwendung-points-de-vente-showroom-construction-de-magasins produkt_anwendung-hotel-gastronomie produkt_anwendung-amenagement-dinterieurs-espace-ouvert produkt_material-backlight-premium-fr produkt_groesse-100-100-48-cm-fr produkt_groesse-100-100-48-cm-fr-fr produkt__konfektion-passe-poil\" role=\"listitem\">\n\t\t\t\t<a class=\"elementor-post__thumbnail__link\" href=\"https:\/\/flagprint.ch\/fr\/produits\/comptoir-eclaire-mobile-lightframe-lf580\/\" tabindex=\"-1\" >\n\t\t\t<div class=\"elementor-post__thumbnail\"><img loading=\"lazy\" decoding=\"async\" width=\"768\" height=\"288\" src=\"https:\/\/flagprint.ch\/wp-content\/uploads\/2020\/12\/titelbild-leuchtkasten-theke-lf580-messe-event-768x288.png\" class=\"attachment-medium_large size-medium_large wp-image-9668\" alt=\"\" srcset=\"https:\/\/flagprint.ch\/wp-content\/uploads\/2020\/12\/titelbild-leuchtkasten-theke-lf580-messe-event-768x288.png 768w, https:\/\/flagprint.ch\/wp-content\/uploads\/2020\/12\/titelbild-leuchtkasten-theke-lf580-messe-event-400x150.png 400w, https:\/\/flagprint.ch\/wp-content\/uploads\/2020\/12\/titelbild-leuchtkasten-theke-lf580-messe-event-800x300.png 800w, https:\/\/flagprint.ch\/wp-content\/uploads\/2020\/12\/titelbild-leuchtkasten-theke-lf580-messe-event-1200x450.png 1200w, https:\/\/flagprint.ch\/wp-content\/uploads\/2020\/12\/titelbild-leuchtkasten-theke-lf580-messe-event.png 1600w\" sizes=\"(max-width: 768px) 100vw, 768px\" \/><\/div>\n\t\t<\/a>\n\t\t\t\t<div class=\"elementor-post__text\">\n\t\t\t\t<h2 class=\"elementor-post__title\">\n\t\t\t<a href=\"https:\/\/flagprint.ch\/fr\/produits\/comptoir-eclaire-mobile-lightframe-lf580\/\" >\n\t\t\t\tComptoir \u00e9clair\u00e9 mobile lightframe LF580\t\t\t<\/a>\n\t\t<\/h2>\n\t\t\t\t<div class=\"elementor-post__excerpt\">\n\t\t\t<p>Syst\u00e8me de comptoir mobile avec \u00e9clairage \u00e0 l\u2019avant et un compartiment de rangement \u00e0 l\u2019arri\u00e8re<\/p>\n\t\t<\/div>\n\t\t\t\t<\/div>\n\t\t\t\t<\/article>\n\t\t\t\t<article class=\"elementor-post elementor-grid-item post-4961 produkte type-produkte status-publish has-post-thumbnail hentry produkt_kategorie-tout produkt_kategorie-exposition-event produkt_filter-utilisation produkt_filter-courte produkt_filter-a-linterieur produkt_filter-une-face produkt_filter-evenement-salon produkt_filter-duree-de-mise-en-oeuvre produkt_filter-mat produkt_filter-manifestation-dentreprise-congres produkt_filter-mobile produkt_filter-impression-materiau produkt_filter-hotel-gastronomie-fr-2 produkt_filter-opaque-aux-regards produkt_filter-propriete-des-materiaux produkt_filter-points-de-vente-showroom produkt_filter-proprietes produkt_filter-opaque-a-la-lumiere produkt_filter-domaines-dapplication produkt_anwendung-evenement-salon-exposition produkt_anwendung-manifestation-dentreprise-congres produkt_anwendung-points-de-vente-showroom-construction-de-magasins produkt_anwendung-hotel-gastronomie produkt_material-dekotex-fr produkt_material-blockout-fr produkt_groesse-systeme-100-105-30-cm produkt_groesse-surface-publicitaire-160-100-cm produkt__konfektion-velcro\" role=\"listitem\">\n\t\t\t\t<a class=\"elementor-post__thumbnail__link\" href=\"https:\/\/flagprint.ch\/fr\/produits\/comptoir-counter\/\" tabindex=\"-1\" >\n\t\t\t<div class=\"elementor-post__thumbnail\"><img loading=\"lazy\" decoding=\"async\" width=\"768\" height=\"288\" src=\"https:\/\/flagprint.ch\/wp-content\/uploads\/2019\/02\/Produkte_Messe_Event_Theken_Counter_Titelbild-768x288.png\" class=\"attachment-medium_large size-medium_large wp-image-3529\" alt=\"Comptoir, Counter. L\u2019impression sur tissu est mont\u00e9e sur le syst\u00e8me en aluminium au moyen d\u2019une bande Velcro. Impression sur trois c\u00f4t\u00e9s. Stand de d\u00e9gustation ou de salon.\" srcset=\"https:\/\/flagprint.ch\/wp-content\/uploads\/2019\/02\/Produkte_Messe_Event_Theken_Counter_Titelbild-768x288.png 768w, https:\/\/flagprint.ch\/wp-content\/uploads\/2019\/02\/Produkte_Messe_Event_Theken_Counter_Titelbild-800x300.png 800w, https:\/\/flagprint.ch\/wp-content\/uploads\/2019\/02\/Produkte_Messe_Event_Theken_Counter_Titelbild-1200x450.png 1200w, https:\/\/flagprint.ch\/wp-content\/uploads\/2019\/02\/Produkte_Messe_Event_Theken_Counter_Titelbild.png 1600w\" sizes=\"(max-width: 768px) 100vw, 768px\" \/><\/div>\n\t\t<\/a>\n\t\t\t\t<div class=\"elementor-post__text\">\n\t\t\t\t<h2 class=\"elementor-post__title\">\n\t\t\t<a href=\"https:\/\/flagprint.ch\/fr\/produits\/comptoir-counter\/\" >\n\t\t\t\tComptoir, Counter\t\t\t<\/a>\n\t\t<\/h2>\n\t\t\t\t<div class=\"elementor-post__excerpt\">\n\t\t\t<p>Stand de promotion \u00e0 montage rapide, transportable facilement<\/p>\n\t\t<\/div>\n\t\t\t\t<\/div>\n\t\t\t\t<\/article>\n\t\t\t\t<article class=\"elementor-post elementor-grid-item post-5008 produkte type-produkte status-publish has-post-thumbnail hentry produkt_kategorie-tout produkt_kategorie-interieur produkt_filter-utilisation produkt_filter-brillant produkt_filter-courte produkt_filter-a-linterieur produkt_filter-une-face produkt_filter-evenement-salon produkt_filter-duree-de-mise-en-oeuvre produkt_filter-mat produkt_filter-manifestation-dentreprise-congres produkt_filter-mobile produkt_filter-permanente produkt_filter-lisible-double-face produkt_filter-legerement-transparent produkt_filter-impression-materiau produkt_filter-club-manifestation-sportive-et-culturelle produkt_filter-propriete-des-materiaux produkt_filter-hotel-gastronomie-fr-2 produkt_filter-opaque-aux-regards produkt_filter-proprietes produkt_filter-points-de-vente-showroom produkt_filter-amenagement-dinterieurs-bureau-a-lespace-ouvert produkt_filter-domaines-dapplication produkt_anwendung-evenement-salon-exposition produkt_anwendung-manifestation-dentreprise-congres produkt_anwendung-club-manifestation-sportive-et-culturelle produkt_anwendung-points-de-vente-showroom-construction-de-magasins produkt_anwendung-hotel-gastronomie produkt_anwendung-amenagement-dinterieurs-espace-ouvert produkt_material-dekotex-fr produkt_material-semisatin-premium-fr produkt_material-satinette-fr produkt_groesse-au-choix produkt__konfektion-couture-simple produkt__konfektion-ourlet-creux-simple produkt__konfektion-coupe-au-cutter produkt__konfektion-velcro\" role=\"listitem\">\n\t\t\t\t<a class=\"elementor-post__thumbnail__link\" href=\"https:\/\/flagprint.ch\/fr\/produits\/coussins-et-housses\/\" tabindex=\"-1\" >\n\t\t\t<div class=\"elementor-post__thumbnail\"><img loading=\"lazy\" decoding=\"async\" width=\"768\" height=\"288\" src=\"https:\/\/flagprint.ch\/wp-content\/uploads\/2019\/02\/Produkte_Raumdesign_Zierkissen_Titelbild-768x288.png\" class=\"attachment-medium_large size-medium_large wp-image-3572\" alt=\"Housses de coussins, sets de table, serviettes de table pour stands d\u2019exposition, d\u00e9corations de f\u00eates, \u00e9v\u00e9nements et manifestations.\" srcset=\"https:\/\/flagprint.ch\/wp-content\/uploads\/2019\/02\/Produkte_Raumdesign_Zierkissen_Titelbild-768x288.png 768w, https:\/\/flagprint.ch\/wp-content\/uploads\/2019\/02\/Produkte_Raumdesign_Zierkissen_Titelbild-800x300.png 800w, https:\/\/flagprint.ch\/wp-content\/uploads\/2019\/02\/Produkte_Raumdesign_Zierkissen_Titelbild-1200x450.png 1200w, https:\/\/flagprint.ch\/wp-content\/uploads\/2019\/02\/Produkte_Raumdesign_Zierkissen_Titelbild.png 1600w\" sizes=\"(max-width: 768px) 100vw, 768px\" \/><\/div>\n\t\t<\/a>\n\t\t\t\t<div class=\"elementor-post__text\">\n\t\t\t\t<h2 class=\"elementor-post__title\">\n\t\t\t<a href=\"https:\/\/flagprint.ch\/fr\/produits\/coussins-et-housses\/\" >\n\t\t\t\tCoussins et housses\t\t\t<\/a>\n\t\t<\/h2>\n\t\t\t\t<div class=\"elementor-post__excerpt\">\n\t\t\t<p>Grand choix de linge de maison: nappes, sacs, housses de coussin, sets de tables, chemins de table, etc.<\/p>\n\t\t<\/div>\n\t\t\t\t<\/div>\n\t\t\t\t<\/article>\n\t\t\t\t<article class=\"elementor-post elementor-grid-item post-4668 produkte type-produkte status-publish has-post-thumbnail hentry produkt_kategorie-tout produkt_kategorie-exposition-event produkt_filter-utilisation produkt_filter-une-face produkt_filter-courte produkt_filter-evenement-salon produkt_filter-a-linterieur produkt_filter-mat produkt_filter-permanente produkt_filter-duree-de-mise-en-oeuvre produkt_filter-impression-materiau produkt_filter-propriete-des-materiaux produkt_filter-hotel-gastronomie-fr-2 produkt_filter-opaque-aux-regards produkt_filter-points-de-vente-showroom produkt_filter-opaque-a-la-lumiere produkt_filter-domaines-dapplication produkt_anwendung-evenement-salon-exposition produkt_anwendung-points-de-vente-showroom-construction-de-magasins produkt_anwendung-hotel-gastronomie produkt_material-dekotex-fr produkt_material-blockout-fr produkt_groesse-au-choix produkt__konfektion-passe-poil\" role=\"listitem\">\n\t\t\t\t<a class=\"elementor-post__thumbnail__link\" href=\"https:\/\/flagprint.ch\/fr\/produits\/cubes-de-plafond\/\" tabindex=\"-1\" >\n\t\t\t<div class=\"elementor-post__thumbnail\"><img loading=\"lazy\" decoding=\"async\" width=\"768\" height=\"288\" src=\"https:\/\/flagprint.ch\/wp-content\/uploads\/2019\/02\/Produkte_Messe_Event_Deckenwuerfel_Titelbild-768x288.png\" class=\"attachment-medium_large size-medium_large wp-image-3515\" alt=\"Cubes de plafond. Montage simple et rapide \u2013 les profil\u00e9s sont dispos\u00e9s selon un angle de 45\u00b0, la corni\u00e8re de liaison dispara\u00eet totalement dans la cavit\u00e9 des profil\u00e9s.\" srcset=\"https:\/\/flagprint.ch\/wp-content\/uploads\/2019\/02\/Produkte_Messe_Event_Deckenwuerfel_Titelbild-768x288.png 768w, https:\/\/flagprint.ch\/wp-content\/uploads\/2019\/02\/Produkte_Messe_Event_Deckenwuerfel_Titelbild-800x300.png 800w, https:\/\/flagprint.ch\/wp-content\/uploads\/2019\/02\/Produkte_Messe_Event_Deckenwuerfel_Titelbild-1200x450.png 1200w, https:\/\/flagprint.ch\/wp-content\/uploads\/2019\/02\/Produkte_Messe_Event_Deckenwuerfel_Titelbild.png 1600w\" sizes=\"(max-width: 768px) 100vw, 768px\" \/><\/div>\n\t\t<\/a>\n\t\t\t\t<div class=\"elementor-post__text\">\n\t\t\t\t<h2 class=\"elementor-post__title\">\n\t\t\t<a href=\"https:\/\/flagprint.ch\/fr\/produits\/cubes-de-plafond\/\" >\n\t\t\t\tCubes de plafond\t\t\t<\/a>\n\t\t<\/h2>\n\t\t\t\t<div class=\"elementor-post__excerpt\">\n\t\t\t<p>Cubes de plafond imprim\u00e9s personnalis\u00e9s<\/p>\n\t\t<\/div>\n\t\t\t\t<\/div>\n\t\t\t\t<\/article>\n\t\t\t\t<article class=\"elementor-post elementor-grid-item post-4968 produkte type-produkte status-publish has-post-thumbnail hentry produkt_kategorie-tout produkt_kategorie-interieur produkt_filter-utilisation produkt_filter-une-face produkt_filter-evenement-salon produkt_filter-brillant produkt_filter-courte produkt_filter-a-linterieur produkt_filter-mobile produkt_filter-duree-de-mise-en-oeuvre produkt_filter-mat produkt_filter-lisible-double-face produkt_filter-manifestation-dentreprise-congres produkt_filter-permanente produkt_filter-club-manifestation-sportive-et-culturelle produkt_filter-impression-materiau produkt_filter-legerement-transparent produkt_filter-hotel-gastronomie-fr-2 produkt_filter-opaque-aux-regards produkt_filter-propriete-des-materiaux produkt_filter-points-de-vente-showroom produkt_filter-proprietes produkt_filter-domaines-dapplication produkt_filter-amenagement-dinterieurs-bureau-a-lespace-ouvert produkt_anwendung-evenement-salon-exposition produkt_anwendung-manifestation-dentreprise-congres produkt_anwendung-club-manifestation-sportive-et-culturelle produkt_anwendung-points-de-vente-showroom-construction-de-magasins produkt_anwendung-hotel-gastronomie produkt_anwendung-amenagement-dinterieurs-espace-ouvert produkt_material-semideko-fr produkt_material-dekotex-fr produkt_material-semisatin-premium-fr produkt_material-satinette-fr produkt_groesse-au-choix produkt__konfektion-couture-simple produkt__konfektion-ourlet-creux-simple produkt__konfektion-coupe-au-cutter produkt__konfektion-velcro\" role=\"listitem\">\n\t\t\t\t<a class=\"elementor-post__thumbnail__link\" href=\"https:\/\/flagprint.ch\/fr\/produits\/decoration-de-table\/\" tabindex=\"-1\" >\n\t\t\t<div class=\"elementor-post__thumbnail\"><img loading=\"lazy\" decoding=\"async\" width=\"768\" height=\"288\" src=\"https:\/\/flagprint.ch\/wp-content\/uploads\/2019\/02\/Produkte_Specials_Heimtextil_Titelbild-768x288.png\" class=\"attachment-medium_large size-medium_large wp-image-3603\" alt=\"Textiles d\u2019int\u00e9rieur. Housses de coussins, sets de table, serviettes de table, d\u00e9corations de f\u00eates, \u00e9v\u00e9nements d\u2019entreprise, \u00e9v\u00e9nements d\u2019exposition et manifestations.\" srcset=\"https:\/\/flagprint.ch\/wp-content\/uploads\/2019\/02\/Produkte_Specials_Heimtextil_Titelbild-768x288.png 768w, https:\/\/flagprint.ch\/wp-content\/uploads\/2019\/02\/Produkte_Specials_Heimtextil_Titelbild-800x300.png 800w, https:\/\/flagprint.ch\/wp-content\/uploads\/2019\/02\/Produkte_Specials_Heimtextil_Titelbild-1200x450.png 1200w, https:\/\/flagprint.ch\/wp-content\/uploads\/2019\/02\/Produkte_Specials_Heimtextil_Titelbild.png 1600w\" sizes=\"(max-width: 768px) 100vw, 768px\" \/><\/div>\n\t\t<\/a>\n\t\t\t\t<div class=\"elementor-post__text\">\n\t\t\t\t<h2 class=\"elementor-post__title\">\n\t\t\t<a href=\"https:\/\/flagprint.ch\/fr\/produits\/decoration-de-table\/\" >\n\t\t\t\tD\u00e9coration de table\t\t\t<\/a>\n\t\t<\/h2>\n\t\t\t\t<div class=\"elementor-post__excerpt\">\n\t\t\t<p>Grand choix de linge de maison: nappes, sets de tables, chemins de table, etc.<\/p>\n\t\t<\/div>\n\t\t\t\t<\/div>\n\t\t\t\t<\/article>\n\t\t\t\t<article class=\"elementor-post elementor-grid-item post-39161 produkte type-produkte status-publish has-post-thumbnail hentry produkt_kategorie-tout produkt_kategorie-point-de-vente produkt_kategorie-exposition-event produkt_kategorie-digital-signage-fr produkt_filter-utilisation produkt_filter-evenement-salon produkt_filter-lumineux produkt_filter-courte produkt_filter-a-linterieur produkt_filter-permanente produkt_filter-manifestation-dentreprise-congres produkt_filter-mobile produkt_filter-duree-de-mise-en-oeuvre produkt_filter-club-manifestation-sportive-et-culturelle produkt_filter-hotel-gastronomie-fr-2 produkt_filter-proprietes produkt_filter-points-de-vente-showroom produkt_filter-domaines-dapplication produkt_anwendung-evenement-salon-exposition produkt_anwendung-manifestation-dentreprise-congres produkt_anwendung-club-manifestation-sportive-et-culturelle produkt_anwendung-points-de-vente-showroom-construction-de-magasins produkt_anwendung-hotel-gastronomie\" role=\"listitem\">\n\t\t\t\t<a class=\"elementor-post__thumbnail__link\" href=\"https:\/\/flagprint.ch\/fr\/produits\/digiframe-event-digital-signage\/\" tabindex=\"-1\" >\n\t\t\t<div class=\"elementor-post__thumbnail\"><img loading=\"lazy\" decoding=\"async\" width=\"768\" height=\"288\" src=\"https:\/\/flagprint.ch\/wp-content\/uploads\/2025\/02\/flagprint-digiframe_event-digital-signage-titelbild-768x288.png\" class=\"attachment-medium_large size-medium_large wp-image-39180\" alt=\"\" srcset=\"https:\/\/flagprint.ch\/wp-content\/uploads\/2025\/02\/flagprint-digiframe_event-digital-signage-titelbild-768x288.png 768w, https:\/\/flagprint.ch\/wp-content\/uploads\/2025\/02\/flagprint-digiframe_event-digital-signage-titelbild-800x300.png 800w, https:\/\/flagprint.ch\/wp-content\/uploads\/2025\/02\/flagprint-digiframe_event-digital-signage-titelbild-1200x450.png 1200w, https:\/\/flagprint.ch\/wp-content\/uploads\/2025\/02\/flagprint-digiframe_event-digital-signage-titelbild-400x150.png 400w, https:\/\/flagprint.ch\/wp-content\/uploads\/2025\/02\/flagprint-digiframe_event-digital-signage-titelbild-1536x576.png 1536w, https:\/\/flagprint.ch\/wp-content\/uploads\/2025\/02\/flagprint-digiframe_event-digital-signage-titelbild.png 1600w\" sizes=\"(max-width: 768px) 100vw, 768px\" \/><\/div>\n\t\t<\/a>\n\t\t\t\t<div class=\"elementor-post__text\">\n\t\t\t\t<h2 class=\"elementor-post__title\">\n\t\t\t<a href=\"https:\/\/flagprint.ch\/fr\/produits\/digiframe-event-digital-signage\/\" >\n\t\t\t\tdigiframe event\t\t\t<\/a>\n\t\t<\/h2>\n\t\t\t\t<div class=\"elementor-post__excerpt\">\n\t\t\t<p>Caisson lumineux en aluminium mobile et de haute qualit\u00e9<\/p>\n\t\t<\/div>\n\t\t\t\t<\/div>\n\t\t\t\t<\/article>\n\t\t\t\t<article class=\"elementor-post elementor-grid-item post-4798 produkte type-produkte status-publish has-post-thumbnail hentry produkt_kategorie-tout produkt_kategorie-drapeaux produkt_filter-utilisation produkt_filter-courte produkt_filter-duree-de-mise-en-oeuvre produkt_filter-lisible-double-face produkt_filter-a-lexterieur produkt_filter-mat produkt_filter-permanente produkt_filter-double-face-avec-impression-penetrante produkt_filter-legerement-transparent produkt_filter-impression-materiau produkt_filter-propriete-des-materiaux produkt_filter-opaque-aux-regards produkt_filter-domaines-dapplication produkt_filter-place-publique-batiment-public-rue produkt_anwendung-place-publique-batiment-public-rue produkt_material-jetflag-fr produkt_material-jetflag-premium-fr produkt_material-dekotex-fr produkt_groesse-au-choix produkt_groesse-largeur-maximale-80-cm produkt__konfektion-double-ourlet produkt__konfektion-ourlet-creux-avec-double-couture-de-securite produkt__konfektion-petites-boucles-en-tissu produkt__konfektion-boucle-de-mat-a-fermeture-rapide produkt__konfektion-mousqueton-avec-emerillon\" role=\"listitem\">\n\t\t\t\t<a class=\"elementor-post__thumbnail__link\" href=\"https:\/\/flagprint.ch\/fr\/produits\/drapeau-de-candelabre\/\" tabindex=\"-1\" >\n\t\t\t<div class=\"elementor-post__thumbnail\"><img loading=\"lazy\" decoding=\"async\" width=\"768\" height=\"288\" src=\"https:\/\/flagprint.ch\/wp-content\/uploads\/2019\/02\/Produkte_Fahnen_Kandelaberfahne_Titelbild-768x288.png\" class=\"attachment-medium_large size-medium_large wp-image-3493\" alt=\"Support publicitaire en tissu drapeau l\u00e9ger, pour le pavoisement de communes et de villes, imprim\u00e9 d\u2019un motif pouvant \u00eatre librement con\u00e7u.\" srcset=\"https:\/\/flagprint.ch\/wp-content\/uploads\/2019\/02\/Produkte_Fahnen_Kandelaberfahne_Titelbild-768x288.png 768w, https:\/\/flagprint.ch\/wp-content\/uploads\/2019\/02\/Produkte_Fahnen_Kandelaberfahne_Titelbild-800x300.png 800w, https:\/\/flagprint.ch\/wp-content\/uploads\/2019\/02\/Produkte_Fahnen_Kandelaberfahne_Titelbild-1200x450.png 1200w, https:\/\/flagprint.ch\/wp-content\/uploads\/2019\/02\/Produkte_Fahnen_Kandelaberfahne_Titelbild.png 1600w\" sizes=\"(max-width: 768px) 100vw, 768px\" \/><\/div>\n\t\t<\/a>\n\t\t\t\t<div class=\"elementor-post__text\">\n\t\t\t\t<h2 class=\"elementor-post__title\">\n\t\t\t<a href=\"https:\/\/flagprint.ch\/fr\/produits\/drapeau-de-candelabre\/\" >\n\t\t\t\tDrapeau de cand\u00e9labre\t\t\t<\/a>\n\t\t<\/h2>\n\t\t\t\t<div class=\"elementor-post__excerpt\">\n\t\t\t<p>Ornement de cand\u00e9labre, drapeaux de r\u00e9verb\u00e8re, etc.<\/p>\n\t\t<\/div>\n\t\t\t\t<\/div>\n\t\t\t\t<\/article>\n\t\t\t\t<article class=\"elementor-post elementor-grid-item post-4769 produkte type-produkte status-publish has-post-thumbnail hentry produkt_kategorie-tout produkt_kategorie-drapeaux produkt_filter-utilisation produkt_filter-evenement-salon produkt_filter-a-lexterieur produkt_filter-permanente produkt_filter-duree-de-mise-en-oeuvre produkt_filter-mat produkt_filter-impression-materiau produkt_filter-legerement-transparent produkt_filter-double-face-avec-impression-penetrante produkt_filter-hotel-gastronomie-fr-2 produkt_filter-propriete-des-materiaux produkt_filter-domaines-dapplication produkt_filter-echafaudage-cloture-facade produkt_filter-place-publique-batiment-public-rue produkt_anwendung-evenement-salon-exposition produkt_anwendung-hotel-gastronomie produkt_anwendung-echafaudage-cloture-facade produkt_anwendung-place-publique-batiment-public-rue produkt_material-jetflag-fr produkt_material-jetflag-premium-fr produkt_groesse-au-choix produkt_groesse-largeur-maximale-250-cm produkt__konfektion-double-ourlet produkt__konfektion-mousqueton-avec-emerillon\" role=\"listitem\">\n\t\t\t\t<a class=\"elementor-post__thumbnail__link\" href=\"https:\/\/flagprint.ch\/fr\/produits\/drapeau-de-facade\/\" tabindex=\"-1\" >\n\t\t\t<div class=\"elementor-post__thumbnail\"><img loading=\"lazy\" decoding=\"async\" width=\"768\" height=\"288\" src=\"https:\/\/flagprint.ch\/wp-content\/uploads\/2019\/02\/Produkte_Fahnen_Fassadenfahnen_Titelbild-768x288.png\" class=\"attachment-medium_large size-medium_large wp-image-3491\" alt=\"Les drapeaux sont con\u00e7us pour \u00eatre mont\u00e9s sur la fa\u00e7ade en tant que drapeau individuel ou en tant que bouquet de trois drapeaux.\" srcset=\"https:\/\/flagprint.ch\/wp-content\/uploads\/2019\/02\/Produkte_Fahnen_Fassadenfahnen_Titelbild-768x288.png 768w, https:\/\/flagprint.ch\/wp-content\/uploads\/2019\/02\/Produkte_Fahnen_Fassadenfahnen_Titelbild-800x300.png 800w, https:\/\/flagprint.ch\/wp-content\/uploads\/2019\/02\/Produkte_Fahnen_Fassadenfahnen_Titelbild-1200x450.png 1200w, https:\/\/flagprint.ch\/wp-content\/uploads\/2019\/02\/Produkte_Fahnen_Fassadenfahnen_Titelbild.png 1600w\" sizes=\"(max-width: 768px) 100vw, 768px\" \/><\/div>\n\t\t<\/a>\n\t\t\t\t<div class=\"elementor-post__text\">\n\t\t\t\t<h2 class=\"elementor-post__title\">\n\t\t\t<a href=\"https:\/\/flagprint.ch\/fr\/produits\/drapeau-de-facade\/\" >\n\t\t\t\tDrapeau de fa\u00e7ade\t\t\t<\/a>\n\t\t<\/h2>\n\t\t\t\t<div class=\"elementor-post__excerpt\">\n\t\t\t<p>Ornement de fa\u00e7ade<\/p>\n\t\t<\/div>\n\t\t\t\t<\/div>\n\t\t\t\t<\/article>\n\t\t\t\t<article class=\"elementor-post elementor-grid-item post-35598 produkte type-produkte status-publish has-post-thumbnail hentry produkt_kategorie-drapeaux produkt_kategorie-tout produkt_filter-utilisation produkt_filter-evenement-salon produkt_filter-permanente produkt_filter-manifestation-dentreprise-congres produkt_filter-mat produkt_filter-duree-de-mise-en-oeuvre produkt_filter-a-lexterieur produkt_filter-impression-materiau produkt_filter-double-face-avec-impression-penetrante produkt_filter-club-manifestation-sportive-et-culturelle produkt_filter-legerement-transparent produkt_filter-hotel-gastronomie-fr-2 produkt_filter-propriete-des-materiaux produkt_filter-points-de-vente-showroom produkt_filter-domaines-dapplication produkt_filter-place-publique-batiment-public-rue produkt_anwendung-evenement-salon-exposition produkt_anwendung-manifestation-dentreprise-congres produkt_anwendung-club-manifestation-sportive-et-culturelle produkt_anwendung-points-de-vente-showroom-construction-de-magasins produkt_anwendung-hotel-gastronomie produkt_anwendung-place-publique-batiment-public-rue produkt_material-jetflag-fr produkt_material-jetflag-premium-fr produkt_groesse-au-choix produkt__konfektion-double-ourlet produkt__konfektion-boucle-de-mat-a-fermeture-rapide produkt__konfektion-crochet-mousqueton-plastique produkt__konfektion-mousqueton-avec-emerillon\" role=\"listitem\">\n\t\t\t\t<a class=\"elementor-post__thumbnail__link\" href=\"https:\/\/flagprint.ch\/fr\/produits\/drapeaux-a-hisser\/\" tabindex=\"-1\" >\n\t\t\t<div class=\"elementor-post__thumbnail\"><img loading=\"lazy\" decoding=\"async\" width=\"768\" height=\"288\" src=\"https:\/\/flagprint.ch\/wp-content\/uploads\/2024\/02\/flagprint-hissfahne-ohne-ausleger-titel-kachel-768x288.png\" class=\"attachment-medium_large size-medium_large wp-image-35626\" alt=\"\" srcset=\"https:\/\/flagprint.ch\/wp-content\/uploads\/2024\/02\/flagprint-hissfahne-ohne-ausleger-titel-kachel-768x288.png 768w, https:\/\/flagprint.ch\/wp-content\/uploads\/2024\/02\/flagprint-hissfahne-ohne-ausleger-titel-kachel-800x300.png 800w, https:\/\/flagprint.ch\/wp-content\/uploads\/2024\/02\/flagprint-hissfahne-ohne-ausleger-titel-kachel-1200x450.png 1200w, https:\/\/flagprint.ch\/wp-content\/uploads\/2024\/02\/flagprint-hissfahne-ohne-ausleger-titel-kachel-400x150.png 400w, https:\/\/flagprint.ch\/wp-content\/uploads\/2024\/02\/flagprint-hissfahne-ohne-ausleger-titel-kachel-1536x576.png 1536w, https:\/\/flagprint.ch\/wp-content\/uploads\/2024\/02\/flagprint-hissfahne-ohne-ausleger-titel-kachel.png 1600w\" sizes=\"(max-width: 768px) 100vw, 768px\" \/><\/div>\n\t\t<\/a>\n\t\t\t\t<div class=\"elementor-post__text\">\n\t\t\t\t<h2 class=\"elementor-post__title\">\n\t\t\t<a href=\"https:\/\/flagprint.ch\/fr\/produits\/drapeaux-a-hisser\/\" >\n\t\t\t\tDrapeaux \u00e0 hisser\t\t\t<\/a>\n\t\t<\/h2>\n\t\t\t\t<div class=\"elementor-post__excerpt\">\n\t\t\t<p>Drapeaux hiss\u00e9s de toutes formes, couleurs et tailles pour m\u00e2ts sans potence.<\/p>\n\t\t<\/div>\n\t\t\t\t<\/div>\n\t\t\t\t<\/article>\n\t\t\t\t<article class=\"elementor-post elementor-grid-item post-4972 produkte type-produkte status-publish has-post-thumbnail hentry produkt_kategorie-tout produkt_kategorie-drapeaux-mobiles produkt_filter-utilisation produkt_filter-une-face produkt_filter-evenement-salon produkt_filter-brillant produkt_filter-courte produkt_filter-a-linterieur produkt_filter-manifestation-dentreprise-congres produkt_filter-permanente produkt_filter-mobile produkt_filter-duree-de-mise-en-oeuvre produkt_filter-mat produkt_filter-lisible-double-face produkt_filter-club-manifestation-sportive-et-culturelle produkt_filter-impression-materiau produkt_filter-hotel-gastronomie-fr-2 produkt_filter-opaque-aux-regards produkt_filter-propriete-des-materiaux produkt_filter-points-de-vente-showroom produkt_filter-proprietes produkt_filter-domaines-dapplication produkt_anwendung-evenement-salon-exposition produkt_anwendung-manifestation-dentreprise-congres produkt_anwendung-club-manifestation-sportive-et-culturelle produkt_anwendung-points-de-vente-showroom-construction-de-magasins produkt_anwendung-hotel-gastronomie produkt_material-jetflag-fr produkt_material-dekotex-fr produkt_material-satinette-fr produkt_groesse-mat-telescopique-extensible-jusqua-50-cm produkt_groesse-banniere-variante-1-15-25-cm produkt_groesse-banniere-variante-2-145-35-cm produkt_groesse-autres-formats-disponibles-sur-demande-3 produkt__konfektion-ourlet-creux-simple produkt__konfektion-coupe-au-cutter\" role=\"listitem\">\n\t\t\t\t<a class=\"elementor-post__thumbnail__link\" href=\"https:\/\/flagprint.ch\/fr\/produits\/drapeaux-de-table\/\" tabindex=\"-1\" >\n\t\t\t<div class=\"elementor-post__thumbnail\"><img loading=\"lazy\" decoding=\"async\" width=\"768\" height=\"288\" src=\"https:\/\/flagprint.ch\/wp-content\/uploads\/2019\/02\/Produkte_Mobile_Fahnen_Tischfaehnchen_Titelbild-768x288.png\" class=\"attachment-medium_large size-medium_large wp-image-3555\" alt=\"Pr\u00e9sentoir de table avec tige t\u00e9lescopique chrom\u00e9e. Banni\u00e8re avec trap\u00e8ze ou avec profil\u00e9 \u00e0 cl\u00e9. B\u00e2ti de pr\u00e9sentoir de table en aluminium.\" srcset=\"https:\/\/flagprint.ch\/wp-content\/uploads\/2019\/02\/Produkte_Mobile_Fahnen_Tischfaehnchen_Titelbild-768x288.png 768w, https:\/\/flagprint.ch\/wp-content\/uploads\/2019\/02\/Produkte_Mobile_Fahnen_Tischfaehnchen_Titelbild-800x300.png 800w, https:\/\/flagprint.ch\/wp-content\/uploads\/2019\/02\/Produkte_Mobile_Fahnen_Tischfaehnchen_Titelbild-1200x450.png 1200w, https:\/\/flagprint.ch\/wp-content\/uploads\/2019\/02\/Produkte_Mobile_Fahnen_Tischfaehnchen_Titelbild.png 1600w\" sizes=\"(max-width: 768px) 100vw, 768px\" \/><\/div>\n\t\t<\/a>\n\t\t\t\t<div class=\"elementor-post__text\">\n\t\t\t\t<h2 class=\"elementor-post__title\">\n\t\t\t<a href=\"https:\/\/flagprint.ch\/fr\/produits\/drapeaux-de-table\/\" >\n\t\t\t\tDrapeaux de table\t\t\t<\/a>\n\t\t<\/h2>\n\t\t\t\t<div class=\"elementor-post__excerpt\">\n\t\t\t<p>Divers fanions avec support pour d\u00e9coration de tables<\/p>\n\t\t<\/div>\n\t\t\t\t<\/div>\n\t\t\t\t<\/article>\n\t\t\t\t<article class=\"elementor-post elementor-grid-item post-4198 produkte type-produkte status-publish has-post-thumbnail hentry produkt_kategorie-drapeaux produkt_kategorie-tout produkt_filter-evenement-salon produkt_filter-utilisation produkt_filter-manifestation-dentreprise-congres produkt_filter-duree-de-mise-en-oeuvre produkt_filter-mat produkt_filter-a-lexterieur produkt_filter-permanente produkt_filter-legerement-transparent produkt_filter-double-face-avec-impression-penetrante produkt_filter-impression-materiau produkt_filter-club-manifestation-sportive-et-culturelle produkt_filter-propriete-des-materiaux produkt_filter-hotel-gastronomie-fr-2 produkt_filter-points-de-vente-showroom produkt_filter-domaines-dapplication produkt_filter-place-publique-batiment-public-rue produkt_anwendung-evenement-salon-exposition produkt_anwendung-manifestation-dentreprise-congres produkt_anwendung-club-manifestation-sportive-et-culturelle produkt_anwendung-points-de-vente-showroom-construction-de-magasins produkt_anwendung-hotel-gastronomie produkt_anwendung-place-publique-batiment-public-rue produkt_material-jetflag-fr produkt_material-jetflag-premium-fr produkt_groesse-au-choix produkt_groesse-largeur-maximale-de-150-cm-pour-des-mats-et-des-potences produkt__konfektion-double-ourlet produkt__konfektion-boucles-de-mat produkt__konfektion-boucle-de-mat-a-fermeture-rapide produkt__konfektion-attaches-en-plastique produkt__konfektion-crochet-mousqueton-plastique\" role=\"listitem\">\n\t\t\t\t<a class=\"elementor-post__thumbnail__link\" href=\"https:\/\/flagprint.ch\/fr\/produits\/drapeaux-publicitaires\/\" tabindex=\"-1\" >\n\t\t\t<div class=\"elementor-post__thumbnail\"><img loading=\"lazy\" decoding=\"async\" width=\"768\" height=\"288\" src=\"https:\/\/flagprint.ch\/wp-content\/uploads\/2019\/01\/01_Fahnen_Werbefahnen-768x288.png\" class=\"attachment-medium_large size-medium_large wp-image-3453\" alt=\"Drapeaux dans toutes les formes, couleurs et formats pour toutes sortes de m\u00e2ts, imprim\u00e9 d\u2019un motif pouvant \u00eatre librement con\u00e7u. M\u00e2ts avec potence.\" srcset=\"https:\/\/flagprint.ch\/wp-content\/uploads\/2019\/01\/01_Fahnen_Werbefahnen-768x288.png 768w, https:\/\/flagprint.ch\/wp-content\/uploads\/2019\/01\/01_Fahnen_Werbefahnen-800x300.png 800w, https:\/\/flagprint.ch\/wp-content\/uploads\/2019\/01\/01_Fahnen_Werbefahnen-1200x450.png 1200w, https:\/\/flagprint.ch\/wp-content\/uploads\/2019\/01\/01_Fahnen_Werbefahnen.png 1600w\" sizes=\"(max-width: 768px) 100vw, 768px\" \/><\/div>\n\t\t<\/a>\n\t\t\t\t<div class=\"elementor-post__text\">\n\t\t\t\t<h2 class=\"elementor-post__title\">\n\t\t\t<a href=\"https:\/\/flagprint.ch\/fr\/produits\/drapeaux-publicitaires\/\" >\n\t\t\t\tDrapeaux publicitaires\t\t\t<\/a>\n\t\t<\/h2>\n\t\t\t\t<div class=\"elementor-post__excerpt\">\n\t\t\t<p>Drapeaux de toutes formes, couleurs et tailles pour tous les m\u00e2ts<\/p>\n\t\t<\/div>\n\t\t\t\t<\/div>\n\t\t\t\t<\/article>\n\t\t\t\t<article class=\"elementor-post elementor-grid-item post-35545 produkte type-produkte status-publish has-post-thumbnail hentry produkt_kategorie-drapeaux produkt_kategorie-tout produkt_filter-evenement-salon produkt_filter-utilisation produkt_filter-manifestation-dentreprise-congres produkt_filter-mat produkt_filter-duree-de-mise-en-oeuvre produkt_filter-a-lexterieur produkt_filter-permanente produkt_filter-double-face-avec-impression-penetrante produkt_filter-club-manifestation-sportive-et-culturelle produkt_filter-legerement-transparent produkt_filter-impression-materiau produkt_filter-hotel-gastronomie-fr-2 produkt_filter-propriete-des-materiaux produkt_filter-points-de-vente-showroom produkt_filter-domaines-dapplication produkt_filter-place-publique-batiment-public-rue produkt_anwendung-evenement-salon-exposition produkt_anwendung-manifestation-dentreprise-congres produkt_anwendung-club-manifestation-sportive-et-culturelle produkt_anwendung-points-de-vente-showroom-construction-de-magasins produkt_anwendung-hotel-gastronomie produkt_anwendung-place-publique-batiment-public-rue produkt_material-jetflag-fr produkt_material-jetflag-premium-fr produkt_groesse-au-choix produkt_groesse-largeur-maximale-de-150-cm-pour-des-mats-et-des-potences produkt__konfektion-double-ourlet produkt__konfektion-boucles-de-mat produkt__konfektion-boucle-de-mat-a-fermeture-rapide produkt__konfektion-attaches-en-plastique produkt__konfektion-crochet-mousqueton-plastique\" role=\"listitem\">\n\t\t\t\t<a class=\"elementor-post__thumbnail__link\" href=\"https:\/\/flagprint.ch\/fr\/produits\/drapeaux-sur-potence\/\" tabindex=\"-1\" >\n\t\t\t<div class=\"elementor-post__thumbnail\"><img loading=\"lazy\" decoding=\"async\" width=\"768\" height=\"288\" src=\"https:\/\/flagprint.ch\/wp-content\/uploads\/2024\/02\/flagprint-knatterfahne-mit-ausleger-titel-kachel-768x288.png\" class=\"attachment-medium_large size-medium_large wp-image-35633\" alt=\"\" srcset=\"https:\/\/flagprint.ch\/wp-content\/uploads\/2024\/02\/flagprint-knatterfahne-mit-ausleger-titel-kachel-768x288.png 768w, https:\/\/flagprint.ch\/wp-content\/uploads\/2024\/02\/flagprint-knatterfahne-mit-ausleger-titel-kachel-800x300.png 800w, https:\/\/flagprint.ch\/wp-content\/uploads\/2024\/02\/flagprint-knatterfahne-mit-ausleger-titel-kachel-1200x450.png 1200w, https:\/\/flagprint.ch\/wp-content\/uploads\/2024\/02\/flagprint-knatterfahne-mit-ausleger-titel-kachel-400x150.png 400w, https:\/\/flagprint.ch\/wp-content\/uploads\/2024\/02\/flagprint-knatterfahne-mit-ausleger-titel-kachel-1536x576.png 1536w, https:\/\/flagprint.ch\/wp-content\/uploads\/2024\/02\/flagprint-knatterfahne-mit-ausleger-titel-kachel.png 1600w\" sizes=\"(max-width: 768px) 100vw, 768px\" \/><\/div>\n\t\t<\/a>\n\t\t\t\t<div class=\"elementor-post__text\">\n\t\t\t\t<h2 class=\"elementor-post__title\">\n\t\t\t<a href=\"https:\/\/flagprint.ch\/fr\/produits\/drapeaux-sur-potence\/\" >\n\t\t\t\tDrapeaux sur potence\t\t\t<\/a>\n\t\t<\/h2>\n\t\t\t\t<div class=\"elementor-post__excerpt\">\n\t\t\t<p>Supports publicitaires en tissu de drapeau imprim\u00e9 individuellement &#8211; votre publicit\u00e9 de site efficace.<\/p>\n\t\t<\/div>\n\t\t\t\t<\/div>\n\t\t\t\t<\/article>\n\t\t\t\t<article class=\"elementor-post elementor-grid-item post-4981 produkte type-produkte status-publish has-post-thumbnail hentry produkt_kategorie-tout produkt_kategorie-drapeaux produkt_filter-utilisation produkt_filter-a-linterieur produkt_filter-une-face produkt_filter-evenement-salon produkt_filter-brillant produkt_filter-courte produkt_filter-manifestation-dentreprise-congres produkt_filter-permanente produkt_filter-mobile produkt_filter-duree-de-mise-en-oeuvre produkt_filter-mat produkt_filter-lisible-double-face produkt_filter-legerement-transparent produkt_filter-double-face-avec-impression-penetrante produkt_filter-impression-materiau produkt_filter-hotel-gastronomie-fr-2 produkt_filter-opaque-aux-regards produkt_filter-propriete-des-materiaux produkt_filter-points-de-vente-showroom produkt_filter-proprietes produkt_filter-domaines-dapplication produkt_anwendung-evenement-salon-exposition produkt_anwendung-manifestation-dentreprise-congres produkt_anwendung-points-de-vente-showroom-construction-de-magasins produkt_anwendung-hotel-gastronomie produkt_material-jetflag-fr produkt_material-jetflag-premium-fr produkt_material-dekotex-fr produkt_material-semisatin-premium-fr produkt_material-satinette-fr produkt_groesse-au-choix produkt_groesse-broderie-sur-demande produkt__konfektion-ourlet-creux-avec-baton-en-bois produkt__konfektion-ourlet-creux-avec-tube-en-alu\" role=\"listitem\">\n\t\t\t\t<a class=\"elementor-post__thumbnail__link\" href=\"https:\/\/flagprint.ch\/fr\/produits\/drapeaux-trapeze-pour-interieur\/\" tabindex=\"-1\" >\n\t\t\t<div class=\"elementor-post__thumbnail\"><img loading=\"lazy\" decoding=\"async\" width=\"768\" height=\"288\" src=\"https:\/\/flagprint.ch\/wp-content\/uploads\/2019\/02\/Produkte_Fahnen_Trapezfahne_indoor_Titelbild-768x288.png\" class=\"attachment-medium_large size-medium_large wp-image-3495\" alt=\"Drapeaux trap\u00e8ze pour int\u00e9rieur comportant en haut une suspension trap\u00e9zo\u00efdale pour une fixation simple \u00e0 une tige au moyen d\u2019anneaux \u00e0 oeillet ou autres.\" srcset=\"https:\/\/flagprint.ch\/wp-content\/uploads\/2019\/02\/Produkte_Fahnen_Trapezfahne_indoor_Titelbild-768x288.png 768w, https:\/\/flagprint.ch\/wp-content\/uploads\/2019\/02\/Produkte_Fahnen_Trapezfahne_indoor_Titelbild-800x300.png 800w, https:\/\/flagprint.ch\/wp-content\/uploads\/2019\/02\/Produkte_Fahnen_Trapezfahne_indoor_Titelbild-1200x450.png 1200w, https:\/\/flagprint.ch\/wp-content\/uploads\/2019\/02\/Produkte_Fahnen_Trapezfahne_indoor_Titelbild.png 1600w\" sizes=\"(max-width: 768px) 100vw, 768px\" \/><\/div>\n\t\t<\/a>\n\t\t\t\t<div class=\"elementor-post__text\">\n\t\t\t\t<h2 class=\"elementor-post__title\">\n\t\t\t<a href=\"https:\/\/flagprint.ch\/fr\/produits\/drapeaux-trapeze-pour-interieur\/\" >\n\t\t\t\tDrapeaux trap\u00e8ze pour int\u00e9rieur\t\t\t<\/a>\n\t\t<\/h2>\n\t\t\t\t<div class=\"elementor-post__excerpt\">\n\t\t\t<p>Drapeau suspendu \u00e0 une hampe<\/p>\n\t\t<\/div>\n\t\t\t\t<\/div>\n\t\t\t\t<\/article>\n\t\t\t\t<article class=\"elementor-post elementor-grid-item post-4671 produkte type-produkte status-publish has-post-thumbnail hentry produkt_kategorie-tout produkt_kategorie-systemes-dachiffage produkt_filter-utilisation produkt_filter-a-linterieur produkt_filter-une-face produkt_filter-courte produkt_filter-evenement-salon produkt_filter-mat produkt_filter-manifestation-dentreprise-congres produkt_filter-permanente produkt_filter-mobile produkt_filter-duree-de-mise-en-oeuvre produkt_filter-club-manifestation-sportive-et-culturelle produkt_filter-impression-materiau produkt_filter-propriete-des-materiaux produkt_filter-hotel-gastronomie-fr-2 produkt_filter-opaque-aux-regards produkt_filter-points-de-vente-showroom produkt_filter-proprietes produkt_filter-opaque-a-la-lumiere produkt_filter-domaines-dapplication produkt_anwendung-evenement-salon-exposition produkt_anwendung-manifestation-dentreprise-congres produkt_anwendung-club-manifestation-sportive-et-culturelle produkt_anwendung-points-de-vente-showroom-construction-de-magasins produkt_anwendung-hotel-gastronomie produkt_material-dekotex-fr produkt_material-blockout-fr produkt_groesse-autres-formats-disponibles-sur-demande produkt_groesse-80-200-cm-fr produkt_groesse-100-200-cm-fr produkt__konfektion-coupe-au-cutter\" role=\"listitem\">\n\t\t\t\t<a class=\"elementor-post__thumbnail__link\" href=\"https:\/\/flagprint.ch\/fr\/produits\/easydisplay\/\" tabindex=\"-1\" >\n\t\t\t<div class=\"elementor-post__thumbnail\"><img loading=\"lazy\" decoding=\"async\" width=\"768\" height=\"288\" src=\"https:\/\/flagprint.ch\/wp-content\/uploads\/2019\/02\/Produkte_Display_Systeme_Easy_Display_Titelbild-768x288.png\" class=\"attachment-medium_large size-medium_large wp-image-3464\" alt=\"Easydisplay - Affichage de bon rapport qualit\u00e9\/prix. La banni\u00e8re est tendue en haut et en bas dans un profil\u00e9 \u00e0 cl\u00e9\" srcset=\"https:\/\/flagprint.ch\/wp-content\/uploads\/2019\/02\/Produkte_Display_Systeme_Easy_Display_Titelbild-768x288.png 768w, https:\/\/flagprint.ch\/wp-content\/uploads\/2019\/02\/Produkte_Display_Systeme_Easy_Display_Titelbild-800x300.png 800w, https:\/\/flagprint.ch\/wp-content\/uploads\/2019\/02\/Produkte_Display_Systeme_Easy_Display_Titelbild-1200x450.png 1200w, https:\/\/flagprint.ch\/wp-content\/uploads\/2019\/02\/Produkte_Display_Systeme_Easy_Display_Titelbild.png 1600w\" sizes=\"(max-width: 768px) 100vw, 768px\" \/><\/div>\n\t\t<\/a>\n\t\t\t\t<div class=\"elementor-post__text\">\n\t\t\t\t<h2 class=\"elementor-post__title\">\n\t\t\t<a href=\"https:\/\/flagprint.ch\/fr\/produits\/easydisplay\/\" >\n\t\t\t\tEasydisplay\t\t\t<\/a>\n\t\t<\/h2>\n\t\t\t\t<div class=\"elementor-post__excerpt\">\n\t\t\t<p>Affichage de bon rapport qualit\u00e9\/prix l\u00e9g\u00e8rement inclin\u00e9<\/p>\n\t\t<\/div>\n\t\t\t\t<\/div>\n\t\t\t\t<\/article>\n\t\t\t\t<article class=\"elementor-post elementor-grid-item post-4675 produkte type-produkte status-publish has-post-thumbnail hentry produkt_kategorie-tout produkt_kategorie-drapeaux-mobiles produkt_filter-utilisation produkt_filter-a-linterieur produkt_filter-courte produkt_filter-evenement-salon produkt_filter-mat produkt_filter-manifestation-dentreprise-congres produkt_filter-a-lexterieur produkt_filter-mobile produkt_filter-duree-de-mise-en-oeuvre produkt_filter-a-linterieur-et-a-lexterieur produkt_filter-club-manifestation-sportive-et-culturelle produkt_filter-impression-materiau produkt_filter-legerement-transparent produkt_filter-double-face-avec-impression-penetrante produkt_filter-propriete-des-materiaux produkt_filter-hotel-gastronomie-fr-2 produkt_filter-points-de-vente-showroom produkt_filter-proprietes produkt_filter-domaines-dapplication produkt_filter-place-publique-batiment-public-rue produkt_anwendung-evenement-salon-exposition produkt_anwendung-manifestation-dentreprise-congres produkt_anwendung-club-manifestation-sportive-et-culturelle produkt_anwendung-points-de-vente-showroom-construction-de-magasins produkt_anwendung-hotel-gastronomie produkt_anwendung-place-publique-batiment-public-rue produkt_material-jetflag-fr produkt_material-jetflag-premium-fr produkt_groesse-small-55-x-200-cm-hauteur-totale-250-cm produkt_groesse-medium-60-x-260-cm-hauteur-totale-310-cm produkt_groesse-large-80-x-340-cm-hauteur-totale-410-cm produkt_groesse-x-large-85-450-cm-hauteur-totale-520-cm produkt__konfektion-double-ourlet produkt__konfektion-ourlet-creux-avec-double-couture-de-securite\" role=\"listitem\">\n\t\t\t\t<a class=\"elementor-post__thumbnail__link\" href=\"https:\/\/flagprint.ch\/fr\/produits\/easyflag-beachflag-classic\/\" tabindex=\"-1\" >\n\t\t\t<div class=\"elementor-post__thumbnail\"><img loading=\"lazy\" decoding=\"async\" width=\"768\" height=\"288\" src=\"https:\/\/flagprint.ch\/wp-content\/uploads\/2019\/02\/Produkte_Mobile_Fahnen_Easyflag_Classic_Titelbild-768x288.png\" class=\"attachment-medium_large size-medium_large wp-image-3541\" alt=\"Easyflag, Beachflag Classic sont des drapeaux modernes de toutes tailles et formes pour tous types de manifestation, fabriqu\u00e9 \u00e0 l\u2019unit\u00e9 ou en s\u00e9rie.\" srcset=\"https:\/\/flagprint.ch\/wp-content\/uploads\/2019\/02\/Produkte_Mobile_Fahnen_Easyflag_Classic_Titelbild-768x288.png 768w, https:\/\/flagprint.ch\/wp-content\/uploads\/2019\/02\/Produkte_Mobile_Fahnen_Easyflag_Classic_Titelbild-800x300.png 800w, https:\/\/flagprint.ch\/wp-content\/uploads\/2019\/02\/Produkte_Mobile_Fahnen_Easyflag_Classic_Titelbild-1200x450.png 1200w, https:\/\/flagprint.ch\/wp-content\/uploads\/2019\/02\/Produkte_Mobile_Fahnen_Easyflag_Classic_Titelbild.png 1600w\" sizes=\"(max-width: 768px) 100vw, 768px\" \/><\/div>\n\t\t<\/a>\n\t\t\t\t<div class=\"elementor-post__text\">\n\t\t\t\t<h2 class=\"elementor-post__title\">\n\t\t\t<a href=\"https:\/\/flagprint.ch\/fr\/produits\/easyflag-beachflag-classic\/\" >\n\t\t\t\tEasyflag, Beachflag Classic\t\t\t<\/a>\n\t\t<\/h2>\n\t\t\t\t<div class=\"elementor-post__excerpt\">\n\t\t\t<p>Easyflag, Beachflag Classic sont des  drapeaux modernes de toutes tailles et formes pour tous types de manifestation <\/p>\n\t\t<\/div>\n\t\t\t\t<\/div>\n\t\t\t\t<\/article>\n\t\t\t\t<article class=\"elementor-post elementor-grid-item post-4679 produkte type-produkte status-publish has-post-thumbnail hentry produkt_kategorie-tout produkt_kategorie-drapeaux-mobiles produkt_filter-utilisation produkt_filter-evenement-salon produkt_filter-a-linterieur produkt_filter-courte produkt_filter-mobile produkt_filter-duree-de-mise-en-oeuvre produkt_filter-mat produkt_filter-manifestation-dentreprise-congres produkt_filter-a-lexterieur produkt_filter-a-linterieur-et-a-lexterieur produkt_filter-club-manifestation-sportive-et-culturelle produkt_filter-impression-materiau produkt_filter-legerement-transparent produkt_filter-double-face-avec-impression-penetrante produkt_filter-propriete-des-materiaux produkt_filter-hotel-gastronomie-fr-2 produkt_filter-points-de-vente-showroom produkt_filter-proprietes produkt_filter-domaines-dapplication produkt_filter-place-publique-batiment-public-rue produkt_anwendung-evenement-salon-exposition produkt_anwendung-manifestation-dentreprise-congres produkt_anwendung-club-manifestation-sportive-et-culturelle produkt_anwendung-points-de-vente-showroom-construction-de-magasins produkt_anwendung-hotel-gastronomie produkt_anwendung-place-publique-batiment-public-rue produkt_material-jetflag-fr produkt_material-jetflag-premium-fr produkt_groesse-x-large-120-360-cm-hauteur-totale-430-cm produkt_groesse-large-110-x-265-cm-hauteur-totale-335-cm produkt_groesse-medium-95-x-205-cm-hauteur-totale-255-cm produkt__konfektion-double-ourlet produkt__konfektion-ourlet-creux-avec-double-couture-de-securite\" role=\"listitem\">\n\t\t\t\t<a class=\"elementor-post__thumbnail__link\" href=\"https:\/\/flagprint.ch\/fr\/produits\/easyflag-beachflag-drop\/\" tabindex=\"-1\" >\n\t\t\t<div class=\"elementor-post__thumbnail\"><img loading=\"lazy\" decoding=\"async\" width=\"768\" height=\"288\" src=\"https:\/\/flagprint.ch\/wp-content\/uploads\/2019\/02\/Produkte_Mobile_Fahnen_Easyflag_Drop_Titelbild-768x288.png\" class=\"attachment-medium_large size-medium_large wp-image-3543\" alt=\"Easyflag, Beachflag Drop sont des drapeaux modernes de toutes tailles et formes pour tous types de manifestation. Mont\u00e9 en quelques secondes!\" srcset=\"https:\/\/flagprint.ch\/wp-content\/uploads\/2019\/02\/Produkte_Mobile_Fahnen_Easyflag_Drop_Titelbild-768x288.png 768w, https:\/\/flagprint.ch\/wp-content\/uploads\/2019\/02\/Produkte_Mobile_Fahnen_Easyflag_Drop_Titelbild-800x300.png 800w, https:\/\/flagprint.ch\/wp-content\/uploads\/2019\/02\/Produkte_Mobile_Fahnen_Easyflag_Drop_Titelbild-1200x450.png 1200w, https:\/\/flagprint.ch\/wp-content\/uploads\/2019\/02\/Produkte_Mobile_Fahnen_Easyflag_Drop_Titelbild.png 1600w\" sizes=\"(max-width: 768px) 100vw, 768px\" \/><\/div>\n\t\t<\/a>\n\t\t\t\t<div class=\"elementor-post__text\">\n\t\t\t\t<h2 class=\"elementor-post__title\">\n\t\t\t<a href=\"https:\/\/flagprint.ch\/fr\/produits\/easyflag-beachflag-drop\/\" >\n\t\t\t\tEasyflag, Beachflag Drop\t\t\t<\/a>\n\t\t<\/h2>\n\t\t\t\t<div class=\"elementor-post__excerpt\">\n\t\t\t<p>Easyflag, Beachflag Drop sont des drapeaux modernes de toutes tailles et formes pour tous types de manifestation<\/p>\n\t\t<\/div>\n\t\t\t\t<\/div>\n\t\t\t\t<\/article>\n\t\t\t\t<article class=\"elementor-post elementor-grid-item post-4683 produkte type-produkte status-publish has-post-thumbnail hentry produkt_kategorie-tout produkt_kategorie-drapeaux-mobiles produkt_filter-utilisation produkt_filter-evenement-salon produkt_filter-a-linterieur produkt_filter-courte produkt_filter-mobile produkt_filter-duree-de-mise-en-oeuvre produkt_filter-mat produkt_filter-manifestation-dentreprise-congres produkt_filter-permanente produkt_filter-club-manifestation-sportive-et-culturelle produkt_filter-impression-materiau produkt_filter-legerement-transparent produkt_filter-double-face-avec-impression-penetrante produkt_filter-propriete-des-materiaux produkt_filter-hotel-gastronomie-fr-2 produkt_filter-points-de-vente-showroom produkt_filter-proprietes produkt_filter-domaines-dapplication produkt_anwendung-evenement-salon-exposition produkt_anwendung-manifestation-dentreprise-congres produkt_anwendung-club-manifestation-sportive-et-culturelle produkt_anwendung-points-de-vente-showroom-construction-de-magasins produkt_anwendung-hotel-gastronomie produkt_material-jetflag-fr produkt_groesse-45-x-170-cm-hauteur-a-partir-du-sol-200-cm produkt__konfektion-double-ourlet produkt__konfektion-ourlet-creux-avec-double-couture-de-securite\" role=\"listitem\">\n\t\t\t\t<a class=\"elementor-post__thumbnail__link\" href=\"https:\/\/flagprint.ch\/fr\/produits\/easyflag-beachflag-indoor\/\" tabindex=\"-1\" >\n\t\t\t<div class=\"elementor-post__thumbnail\"><img loading=\"lazy\" decoding=\"async\" width=\"768\" height=\"288\" src=\"https:\/\/flagprint.ch\/wp-content\/uploads\/2019\/02\/Produkte_Mobile_Fahnen_Easyflag_indoor_Titelbild-768x288.png\" class=\"attachment-medium_large size-medium_large wp-image-3545\" alt=\"Easyflag, Beachflag Indoor sont des petits drapeaux pour manifestations en int\u00e9rieur. Support publicitaire en tissu drapeau l\u00e9ger. Mont\u00e9 en secondes!\" srcset=\"https:\/\/flagprint.ch\/wp-content\/uploads\/2019\/02\/Produkte_Mobile_Fahnen_Easyflag_indoor_Titelbild-768x288.png 768w, https:\/\/flagprint.ch\/wp-content\/uploads\/2019\/02\/Produkte_Mobile_Fahnen_Easyflag_indoor_Titelbild-800x300.png 800w, https:\/\/flagprint.ch\/wp-content\/uploads\/2019\/02\/Produkte_Mobile_Fahnen_Easyflag_indoor_Titelbild-1200x450.png 1200w, https:\/\/flagprint.ch\/wp-content\/uploads\/2019\/02\/Produkte_Mobile_Fahnen_Easyflag_indoor_Titelbild.png 1600w\" sizes=\"(max-width: 768px) 100vw, 768px\" \/><\/div>\n\t\t<\/a>\n\t\t\t\t<div class=\"elementor-post__text\">\n\t\t\t\t<h2 class=\"elementor-post__title\">\n\t\t\t<a href=\"https:\/\/flagprint.ch\/fr\/produits\/easyflag-beachflag-indoor\/\" >\n\t\t\t\tEasyflag, Beachflag Indoor\t\t\t<\/a>\n\t\t<\/h2>\n\t\t\t\t<div class=\"elementor-post__excerpt\">\n\t\t\t<p>Petits drapeaux pour manifestations en int\u00e9rieur<\/p>\n\t\t<\/div>\n\t\t\t\t<\/div>\n\t\t\t\t<\/article>\n\t\t\t\t<article class=\"elementor-post elementor-grid-item post-4687 produkte type-produkte status-publish has-post-thumbnail hentry produkt_kategorie-tout produkt_kategorie-drapeaux-mobiles produkt_filter-utilisation produkt_filter-courte produkt_filter-evenement-salon produkt_filter-a-linterieur produkt_filter-lisible-double-face produkt_filter-mobile produkt_filter-duree-de-mise-en-oeuvre produkt_filter-mat produkt_filter-a-lexterieur produkt_filter-manifestation-dentreprise-congres produkt_filter-a-linterieur-et-a-lexterieur produkt_filter-club-manifestation-sportive-et-culturelle produkt_filter-impression-materiau produkt_filter-legerement-transparent produkt_filter-double-face-avec-impression-penetrante produkt_filter-propriete-des-materiaux produkt_filter-hotel-gastronomie-fr-2 produkt_filter-opaque-aux-regards produkt_filter-points-de-vente-showroom produkt_filter-proprietes produkt_filter-domaines-dapplication produkt_filter-place-publique-batiment-public-rue produkt_anwendung-evenement-salon-exposition produkt_anwendung-manifestation-dentreprise-congres produkt_anwendung-club-manifestation-sportive-et-culturelle produkt_anwendung-points-de-vente-showroom-construction-de-magasins produkt_anwendung-hotel-gastronomie produkt_anwendung-place-publique-batiment-public-rue produkt_material-jetflag-fr produkt_material-jetflag-premium-fr produkt_material-dekotex-fr produkt_groesse-small-80-x-200-cm-hauteur-totale-250cm produkt_groesse-medium-80-x-250-cm-hauteur-totale-350cm produkt_groesse-large-80-x-300-cm-hauteur-totale-450-cm produkt__konfektion-double-ourlet produkt__konfektion-ourlet-creux-avec-double-couture-de-securite\" role=\"listitem\">\n\t\t\t\t<a class=\"elementor-post__thumbnail__link\" href=\"https:\/\/flagprint.ch\/fr\/produits\/easyflag-beachflag-square\/\" tabindex=\"-1\" >\n\t\t\t<div class=\"elementor-post__thumbnail\"><img loading=\"lazy\" decoding=\"async\" width=\"768\" height=\"288\" src=\"https:\/\/flagprint.ch\/wp-content\/uploads\/2019\/02\/Produkte_Mobile_Fahnen_Easyflag_Square_Titelbild-768x288.png\" class=\"attachment-medium_large size-medium_large wp-image-3547\" alt=\"Easyflag, Beachflag Square sont des drapeaux modernes de toutes tailles et formes pour tous types de manifestations\" srcset=\"https:\/\/flagprint.ch\/wp-content\/uploads\/2019\/02\/Produkte_Mobile_Fahnen_Easyflag_Square_Titelbild-768x288.png 768w, https:\/\/flagprint.ch\/wp-content\/uploads\/2019\/02\/Produkte_Mobile_Fahnen_Easyflag_Square_Titelbild-800x300.png 800w, https:\/\/flagprint.ch\/wp-content\/uploads\/2019\/02\/Produkte_Mobile_Fahnen_Easyflag_Square_Titelbild-1200x450.png 1200w, https:\/\/flagprint.ch\/wp-content\/uploads\/2019\/02\/Produkte_Mobile_Fahnen_Easyflag_Square_Titelbild.png 1600w\" sizes=\"(max-width: 768px) 100vw, 768px\" \/><\/div>\n\t\t<\/a>\n\t\t\t\t<div class=\"elementor-post__text\">\n\t\t\t\t<h2 class=\"elementor-post__title\">\n\t\t\t<a href=\"https:\/\/flagprint.ch\/fr\/produits\/easyflag-beachflag-square\/\" >\n\t\t\t\tEasyflag, Beachflag Square\t\t\t<\/a>\n\t\t<\/h2>\n\t\t\t\t<div class=\"elementor-post__excerpt\">\n\t\t\t<p>Easyflag, Beachflag Classic sont des drapeaux modernes de toutes tailles et formes pour tous types de manifestations<\/p>\n\t\t<\/div>\n\t\t\t\t<\/div>\n\t\t\t\t<\/article>\n\t\t\t\t<article class=\"elementor-post elementor-grid-item post-4939 produkte type-produkte status-publish has-post-thumbnail hentry produkt_kategorie-tout produkt_kategorie-special produkt_filter-utilisation produkt_filter-brillant produkt_filter-a-linterieur produkt_filter-une-face produkt_filter-evenement-salon produkt_filter-courte produkt_filter-manifestation-dentreprise-congres produkt_filter-mobile produkt_filter-duree-de-mise-en-oeuvre produkt_filter-mat produkt_filter-a-lexterieur produkt_filter-impression-materiau produkt_filter-a-linterieur-et-a-lexterieur produkt_filter-club-manifestation-sportive-et-culturelle produkt_filter-opaque-aux-regards produkt_filter-propriete-des-materiaux produkt_filter-proprietes produkt_filter-domaines-dapplication produkt_anwendung-evenement-salon-exposition produkt_anwendung-manifestation-dentreprise-congres produkt_anwendung-club-manifestation-sportive-et-culturelle produkt_material-dekotex-fr produkt_material-satinette-fr produkt_groesse-standard-15-80-cm-fr produkt_groesse-autres-formats-disponibles-sur-demande-4 produkt__konfektion-couture-simple produkt__konfektion-coupe-au-cutter\" role=\"listitem\">\n\t\t\t\t<a class=\"elementor-post__thumbnail__link\" href=\"https:\/\/flagprint.ch\/fr\/produits\/echarpe\/\" tabindex=\"-1\" >\n\t\t\t<div class=\"elementor-post__thumbnail\"><img loading=\"lazy\" decoding=\"async\" width=\"768\" height=\"288\" src=\"https:\/\/flagprint.ch\/wp-content\/uploads\/2019\/02\/Produkte_Specials_Schaerpe_Titelbild-768x288.png\" class=\"attachment-medium_large size-medium_large wp-image-3609\" alt=\"\u00c9charpe - dans diff\u00e9rentes fabrications, monocouche, \u00e0 double couche, avec ou sans ornementation cousue. Pour les \u00e9lections des Miss et des Misters\" srcset=\"https:\/\/flagprint.ch\/wp-content\/uploads\/2019\/02\/Produkte_Specials_Schaerpe_Titelbild-768x288.png 768w, https:\/\/flagprint.ch\/wp-content\/uploads\/2019\/02\/Produkte_Specials_Schaerpe_Titelbild-800x300.png 800w, https:\/\/flagprint.ch\/wp-content\/uploads\/2019\/02\/Produkte_Specials_Schaerpe_Titelbild-1200x450.png 1200w, https:\/\/flagprint.ch\/wp-content\/uploads\/2019\/02\/Produkte_Specials_Schaerpe_Titelbild.png 1600w\" sizes=\"(max-width: 768px) 100vw, 768px\" \/><\/div>\n\t\t<\/a>\n\t\t\t\t<div class=\"elementor-post__text\">\n\t\t\t\t<h2 class=\"elementor-post__title\">\n\t\t\t<a href=\"https:\/\/flagprint.ch\/fr\/produits\/echarpe\/\" >\n\t\t\t\t\u00c9charpe\t\t\t<\/a>\n\t\t<\/h2>\n\t\t\t\t<div class=\"elementor-post__excerpt\">\n\t\t\t<p>\u00c9charpe de haute qualit\u00e9 pour \u00e9lections de Miss, octroi de prix et des \u00e9v\u00e9nements similaires<\/p>\n\t\t<\/div>\n\t\t\t\t<\/div>\n\t\t\t\t<\/article>\n\t\t\t\t<article class=\"elementor-post elementor-grid-item post-4988 produkte type-produkte status-publish has-post-thumbnail hentry produkt_kategorie-tout produkt_kategorie-drapeaux produkt_filter-utilisation produkt_filter-a-linterieur produkt_filter-brillant produkt_filter-courte produkt_filter-permanente produkt_filter-mobile produkt_filter-lisible-double-face produkt_filter-duree-de-mise-en-oeuvre produkt_filter-mat produkt_filter-impression-materiau produkt_filter-club-manifestation-sportive-et-culturelle produkt_filter-opaque-aux-regards produkt_filter-propriete-des-materiaux produkt_filter-proprietes produkt_filter-domaines-dapplication produkt_anwendung-club-manifestation-sportive-et-culturelle produkt_material-dekotex-fr produkt_material-semisatin-premium-fr produkt_material-satinette-fr produkt_material-heavydeko-fr produkt_groesse-au-choix produkt_groesse-broderie-sur-demande produkt__konfektion-double-ourlet produkt__konfektion-ourlet-creux-avec-baton-en-bois\" role=\"listitem\">\n\t\t\t\t<a class=\"elementor-post__thumbnail__link\" href=\"https:\/\/flagprint.ch\/fr\/produits\/fanion-dassociation\/\" tabindex=\"-1\" >\n\t\t\t<div class=\"elementor-post__thumbnail\"><img loading=\"lazy\" decoding=\"async\" width=\"768\" height=\"288\" src=\"https:\/\/flagprint.ch\/wp-content\/uploads\/2019\/02\/Produkte_Fahnen_Vereinsfahne_Titelbild-768x288.png\" class=\"attachment-medium_large size-medium_large wp-image-3497\" alt=\"Les drapeaux de grande qualit\u00e9, \u00e0 double couche, garni, avec ou sans broderie, forme et mod\u00e8le individuel fabriqu\u00e9 selon le choix du client.\" srcset=\"https:\/\/flagprint.ch\/wp-content\/uploads\/2019\/02\/Produkte_Fahnen_Vereinsfahne_Titelbild-768x288.png 768w, https:\/\/flagprint.ch\/wp-content\/uploads\/2019\/02\/Produkte_Fahnen_Vereinsfahne_Titelbild-800x300.png 800w, https:\/\/flagprint.ch\/wp-content\/uploads\/2019\/02\/Produkte_Fahnen_Vereinsfahne_Titelbild-1200x450.png 1200w, https:\/\/flagprint.ch\/wp-content\/uploads\/2019\/02\/Produkte_Fahnen_Vereinsfahne_Titelbild.png 1600w\" sizes=\"(max-width: 768px) 100vw, 768px\" \/><\/div>\n\t\t<\/a>\n\t\t\t\t<div class=\"elementor-post__text\">\n\t\t\t\t<h2 class=\"elementor-post__title\">\n\t\t\t<a href=\"https:\/\/flagprint.ch\/fr\/produits\/fanion-dassociation\/\" >\n\t\t\t\tFanion d&rsquo;association\t\t\t<\/a>\n\t\t<\/h2>\n\t\t\t\t<div class=\"elementor-post__excerpt\">\n\t\t\t<p>Drapeau de grande qualit\u00e9 avec broderies, finition de luxe<\/p>\n\t\t<\/div>\n\t\t\t\t<\/div>\n\t\t\t\t<\/article>\n\t\t\t\t<article class=\"elementor-post elementor-grid-item post-4964 produkte type-produkte status-publish has-post-thumbnail hentry produkt_kategorie-tout produkt_kategorie-systemes-dachiffage produkt_filter-utilisation produkt_filter-une-face produkt_filter-evenement-salon produkt_filter-brillant produkt_filter-courte produkt_filter-a-linterieur produkt_filter-duree-de-mise-en-oeuvre produkt_filter-mat produkt_filter-lisible-double-face produkt_filter-manifestation-dentreprise-congres produkt_filter-permanente produkt_filter-mobile produkt_filter-club-manifestation-sportive-et-culturelle produkt_filter-impression-materiau produkt_filter-legerement-transparent produkt_filter-hotel-gastronomie-fr-2 produkt_filter-opaque-aux-regards produkt_filter-propriete-des-materiaux produkt_filter-points-de-vente-showroom produkt_filter-proprietes produkt_filter-domaines-dapplication produkt_anwendung-evenement-salon-exposition produkt_anwendung-manifestation-dentreprise-congres produkt_anwendung-club-manifestation-sportive-et-culturelle produkt_anwendung-points-de-vente-showroom-construction-de-magasins produkt_anwendung-hotel-gastronomie produkt_material-jetflag-fr produkt_material-dekotex-fr produkt_material-satinette-fr produkt_groesse-mat-telescopique-extensible-jusqua-50-cm produkt_groesse-banniere-variante-1-15-25-cm produkt_groesse-banniere-variante-2-145-35-cm produkt_groesse-autres-formats-disponibles-sur-demande-3 produkt__konfektion-ourlet-creux-simple produkt__konfektion-coupe-au-cutter\" role=\"listitem\">\n\t\t\t\t<a class=\"elementor-post__thumbnail__link\" href=\"https:\/\/flagprint.ch\/fr\/produits\/fanion-de-table\/\" tabindex=\"-1\" >\n\t\t\t<div class=\"elementor-post__thumbnail\"><img loading=\"lazy\" decoding=\"async\" width=\"768\" height=\"288\" src=\"https:\/\/flagprint.ch\/wp-content\/uploads\/2019\/02\/Produkte_Display_Systeme_Tischbanner_Titelbild-768x288.png\" class=\"attachment-medium_large size-medium_large wp-image-3480\" alt=\"Pr\u00e9sentoir de table avec tige t\u00e9lescopique chrom\u00e9e. Banni\u00e8re avec trap\u00e8ze ou avec profil\u00e9 \u00e0 cl\u00e9. B\u00e2ti de pr\u00e9sentoir de table en aluminium.\" srcset=\"https:\/\/flagprint.ch\/wp-content\/uploads\/2019\/02\/Produkte_Display_Systeme_Tischbanner_Titelbild-768x288.png 768w, https:\/\/flagprint.ch\/wp-content\/uploads\/2019\/02\/Produkte_Display_Systeme_Tischbanner_Titelbild-800x300.png 800w, https:\/\/flagprint.ch\/wp-content\/uploads\/2019\/02\/Produkte_Display_Systeme_Tischbanner_Titelbild-1200x450.png 1200w, https:\/\/flagprint.ch\/wp-content\/uploads\/2019\/02\/Produkte_Display_Systeme_Tischbanner_Titelbild.png 1600w\" sizes=\"(max-width: 768px) 100vw, 768px\" \/><\/div>\n\t\t<\/a>\n\t\t\t\t<div class=\"elementor-post__text\">\n\t\t\t\t<h2 class=\"elementor-post__title\">\n\t\t\t<a href=\"https:\/\/flagprint.ch\/fr\/produits\/fanion-de-table\/\" >\n\t\t\t\tFanion de table\t\t\t<\/a>\n\t\t<\/h2>\n\t\t\t\t<div class=\"elementor-post__excerpt\">\n\t\t\t<p>Fanions miniatures pour d\u00e9coration de table<\/p>\n\t\t<\/div>\n\t\t\t\t<\/div>\n\t\t\t\t<\/article>\n\t\t\t\t<article class=\"elementor-post elementor-grid-item post-4780 produkte type-produkte status-publish has-post-thumbnail hentry produkt_kategorie-tout produkt_kategorie-systemes-dachiffage produkt_filter-utilisation produkt_filter-courte produkt_filter-a-linterieur produkt_filter-evenement-salon produkt_filter-une-face produkt_filter-manifestation-dentreprise-congres produkt_filter-permanente produkt_filter-mobile produkt_filter-duree-de-mise-en-oeuvre produkt_filter-mat produkt_filter-impression-materiau produkt_filter-club-manifestation-sportive-et-culturelle produkt_filter-propriete-des-materiaux produkt_filter-hotel-gastronomie-fr-2 produkt_filter-opaque-aux-regards produkt_filter-opaque-a-la-lumiere produkt_filter-proprietes produkt_filter-points-de-vente-showroom produkt_filter-domaines-dapplication produkt_anwendung-evenement-salon-exposition produkt_anwendung-manifestation-dentreprise-congres produkt_anwendung-club-manifestation-sportive-et-culturelle produkt_anwendung-points-de-vente-showroom-construction-de-magasins produkt_anwendung-hotel-gastronomie produkt_material-dekotex-fr produkt_material-blockout-fr produkt_groesse-50-200-cm-fr produkt_groesse-80-200-cm-fr produkt_groesse-100-200-cm-fr produkt_groesse-150-220-cm-fr produkt_groesse-200-200-cm-fr produkt_groesse-autres-formats-disponibles-sur-demande-2 produkt_groesse-240-220-cm-fr produkt__konfektion-coupe-au-cutter produkt__konfektion-velcro\" role=\"listitem\">\n\t\t\t\t<a class=\"elementor-post__thumbnail__link\" href=\"https:\/\/flagprint.ch\/fr\/produits\/flex-display\/\" tabindex=\"-1\" >\n\t\t\t<div class=\"elementor-post__thumbnail\"><img loading=\"lazy\" decoding=\"async\" width=\"768\" height=\"288\" src=\"https:\/\/flagprint.ch\/wp-content\/uploads\/2019\/02\/Produkte_Display_Systeme_Flex_Display_Titelbild-768x288.png\" class=\"attachment-medium_large size-medium_large wp-image-3468\" alt=\"Flex Display - le syst\u00e8me d\u2019affichage aux belles formes et un syst\u00e8me flexible en aluminium. Le syst\u00e8me est l\u00e9ger, rapidement mont\u00e9\" srcset=\"https:\/\/flagprint.ch\/wp-content\/uploads\/2019\/02\/Produkte_Display_Systeme_Flex_Display_Titelbild-768x288.png 768w, https:\/\/flagprint.ch\/wp-content\/uploads\/2019\/02\/Produkte_Display_Systeme_Flex_Display_Titelbild-800x300.png 800w, https:\/\/flagprint.ch\/wp-content\/uploads\/2019\/02\/Produkte_Display_Systeme_Flex_Display_Titelbild-1200x450.png 1200w, https:\/\/flagprint.ch\/wp-content\/uploads\/2019\/02\/Produkte_Display_Systeme_Flex_Display_Titelbild.png 1600w\" sizes=\"(max-width: 768px) 100vw, 768px\" \/><\/div>\n\t\t<\/a>\n\t\t\t\t<div class=\"elementor-post__text\">\n\t\t\t\t<h2 class=\"elementor-post__title\">\n\t\t\t<a href=\"https:\/\/flagprint.ch\/fr\/produits\/flex-display\/\" >\n\t\t\t\tFlex Display\t\t\t<\/a>\n\t\t<\/h2>\n\t\t\t\t<div class=\"elementor-post__excerpt\">\n\t\t\t<p>Syst\u00e8me d\u2019affichage tr\u00e8s flexible en diverses tailles<\/p>\n\t\t<\/div>\n\t\t\t\t<\/div>\n\t\t\t\t<\/article>\n\t\t\t\t<article class=\"elementor-post elementor-grid-item post-4783 produkte type-produkte status-publish has-post-thumbnail hentry produkt_kategorie-tout produkt_kategorie-systemes-dachiffage produkt_filter-utilisation produkt_filter-evenement-salon produkt_filter-une-face produkt_filter-courte produkt_filter-a-linterieur produkt_filter-mat produkt_filter-manifestation-dentreprise-congres produkt_filter-permanente produkt_filter-mobile produkt_filter-duree-de-mise-en-oeuvre produkt_filter-impression-materiau produkt_filter-club-manifestation-sportive-et-culturelle produkt_filter-propriete-des-materiaux produkt_filter-hotel-gastronomie-fr-2 produkt_filter-opaque-aux-regards produkt_filter-points-de-vente-showroom produkt_filter-opaque-a-la-lumiere produkt_filter-proprietes produkt_filter-domaines-dapplication produkt_anwendung-evenement-salon-exposition produkt_anwendung-manifestation-dentreprise-congres produkt_anwendung-club-manifestation-sportive-et-culturelle produkt_anwendung-points-de-vente-showroom-construction-de-magasins produkt_anwendung-hotel-gastronomie produkt_material-dekotex-fr produkt_material-blockout-fr produkt_groesse-classic-hauteur-de-150-175-200-et-225-cm-largeurs-de-panneaux-50-ou-62-cm produkt_groesse-large-hauteur-de-225-250-275-et-300-cm-largeurs-des-panneaux-50-62-75-ou-100-cm produkt__konfektion-ourlet-creux-avec-tube-en-alu\" role=\"listitem\">\n\t\t\t\t<a class=\"elementor-post__thumbnail__link\" href=\"https:\/\/flagprint.ch\/fr\/produits\/gery-display-system\/\" tabindex=\"-1\" >\n\t\t\t<div class=\"elementor-post__thumbnail\"><img loading=\"lazy\" decoding=\"async\" width=\"768\" height=\"288\" src=\"https:\/\/flagprint.ch\/wp-content\/uploads\/2019\/02\/Produkte_Display_Systeme_Gery_Display_Systeme_Titelbild-768x288.png\" class=\"attachment-medium_large size-medium_large wp-image-3470\" alt=\"Gery Display System. Le syst\u00e8me d\u2019affichage individuel double face de haute qualit\u00e9 suisse\" srcset=\"https:\/\/flagprint.ch\/wp-content\/uploads\/2019\/02\/Produkte_Display_Systeme_Gery_Display_Systeme_Titelbild-768x288.png 768w, https:\/\/flagprint.ch\/wp-content\/uploads\/2019\/02\/Produkte_Display_Systeme_Gery_Display_Systeme_Titelbild-800x300.png 800w, https:\/\/flagprint.ch\/wp-content\/uploads\/2019\/02\/Produkte_Display_Systeme_Gery_Display_Systeme_Titelbild-1200x450.png 1200w, https:\/\/flagprint.ch\/wp-content\/uploads\/2019\/02\/Produkte_Display_Systeme_Gery_Display_Systeme_Titelbild.png 1600w\" sizes=\"(max-width: 768px) 100vw, 768px\" \/><\/div>\n\t\t<\/a>\n\t\t\t\t<div class=\"elementor-post__text\">\n\t\t\t\t<h2 class=\"elementor-post__title\">\n\t\t\t<a href=\"https:\/\/flagprint.ch\/fr\/produits\/gery-display-system\/\" >\n\t\t\t\tGery Display System\t\t\t<\/a>\n\t\t<\/h2>\n\t\t\t\t<div class=\"elementor-post__excerpt\">\n\t\t\t<p>Syst\u00e8me d\u2019affichage individuel double face de haute qualit\u00e9 suisse<\/p>\n\t\t<\/div>\n\t\t\t\t<\/div>\n\t\t\t\t<\/article>\n\t\t\t\t<article class=\"elementor-post elementor-grid-item post-4665 produkte type-produkte status-publish has-post-thumbnail hentry produkt_kategorie-tout produkt_kategorie-point-de-vente produkt_filter-utilisation produkt_filter-une-face produkt_filter-evenement-salon produkt_filter-a-linterieur produkt_filter-permanente produkt_filter-duree-de-mise-en-oeuvre produkt_filter-mat produkt_filter-impression-materiau produkt_filter-hotel-gastronomie-fr-2 produkt_filter-opaque-aux-regards produkt_filter-propriete-des-materiaux produkt_filter-points-de-vente-showroom produkt_filter-opaque-a-la-lumiere produkt_filter-amenagement-dinterieurs-bureau-a-lespace-ouvert produkt_filter-domaines-dapplication produkt_anwendung-evenement-salon-exposition produkt_anwendung-points-de-vente-showroom-construction-de-magasins produkt_anwendung-hotel-gastronomie produkt_anwendung-amenagement-dinterieurs-espace-ouvert produkt_material-dekotex-fr produkt_material-blockout-fr produkt_material-art-canvas-fr produkt_groesse-au-choix produkt__konfektion-coupe-au-cutter\" role=\"listitem\">\n\t\t\t\t<a class=\"elementor-post__thumbnail__link\" href=\"https:\/\/flagprint.ch\/fr\/produits\/image-tendue-sur-cadre-en-bois\/\" tabindex=\"-1\" >\n\t\t\t<div class=\"elementor-post__thumbnail\"><img loading=\"lazy\" decoding=\"async\" width=\"768\" height=\"288\" src=\"https:\/\/flagprint.ch\/wp-content\/uploads\/2019\/02\/Produkte_Shop_POS_Bild_auf_Holzrahmen_aufgetackert_Titelbild-768x288.png\" class=\"attachment-medium_large size-medium_large wp-image-3581\" alt=\"Image tendue sur cadre en bois. Le textile imprim\u00e9 est agraf\u00e9 sur un cadre en bois fabriqu\u00e9 individuellement. Le tissu est tendu lat\u00e9ralement par-dessus le bord.\" srcset=\"https:\/\/flagprint.ch\/wp-content\/uploads\/2019\/02\/Produkte_Shop_POS_Bild_auf_Holzrahmen_aufgetackert_Titelbild-768x288.png 768w, https:\/\/flagprint.ch\/wp-content\/uploads\/2019\/02\/Produkte_Shop_POS_Bild_auf_Holzrahmen_aufgetackert_Titelbild-800x300.png 800w, https:\/\/flagprint.ch\/wp-content\/uploads\/2019\/02\/Produkte_Shop_POS_Bild_auf_Holzrahmen_aufgetackert_Titelbild-1200x450.png 1200w, https:\/\/flagprint.ch\/wp-content\/uploads\/2019\/02\/Produkte_Shop_POS_Bild_auf_Holzrahmen_aufgetackert_Titelbild.png 1600w\" sizes=\"(max-width: 768px) 100vw, 768px\" \/><\/div>\n\t\t<\/a>\n\t\t\t\t<div class=\"elementor-post__text\">\n\t\t\t\t<h2 class=\"elementor-post__title\">\n\t\t\t<a href=\"https:\/\/flagprint.ch\/fr\/produits\/image-tendue-sur-cadre-en-bois\/\" >\n\t\t\t\tImage tendue sur cadre en bois\t\t\t<\/a>\n\t\t<\/h2>\n\t\t\t\t<div class=\"elementor-post__excerpt\">\n\t\t\t<p>Imprim\u00e9 tendu sur cadre en bois<\/p>\n\t\t<\/div>\n\t\t\t\t<\/div>\n\t\t\t\t<\/article>\n\t\t\t\t<article class=\"elementor-post elementor-grid-item post-4804 produkte type-produkte status-publish has-post-thumbnail hentry produkt_kategorie-tout produkt_kategorie-affichages-eclaires produkt_kategorie-point-de-vente produkt_filter-utilisation produkt_filter-a-linterieur produkt_filter-evenement-salon produkt_filter-une-face produkt_filter-lumineux produkt_filter-duree-de-mise-en-oeuvre produkt_filter-mat produkt_filter-permanente produkt_filter-impression-materiau produkt_filter-hotel-gastronomie-fr-2 produkt_filter-propriete-des-materiaux produkt_filter-proprietes produkt_filter-points-de-vente-showroom produkt_filter-domaines-dapplication produkt_filter-amenagement-dinterieurs-bureau-a-lespace-ouvert produkt_anwendung-evenement-salon-exposition produkt_anwendung-points-de-vente-showroom-construction-de-magasins produkt_anwendung-hotel-gastronomie produkt_anwendung-amenagement-dinterieurs-espace-ouvert produkt_material-backlight-premium-fr produkt_groesse-au-choix produkt__konfektion-passe-poil\" role=\"listitem\">\n\t\t\t\t<a class=\"elementor-post__thumbnail__link\" href=\"https:\/\/flagprint.ch\/fr\/produits\/inscriptions-lumineuses\/\" tabindex=\"-1\" >\n\t\t\t<div class=\"elementor-post__thumbnail\"><img loading=\"lazy\" decoding=\"async\" width=\"768\" height=\"288\" src=\"https:\/\/flagprint.ch\/wp-content\/uploads\/2019\/02\/Shop-POS-Leuchtkasten-Lightbox-768x288.png\" class=\"attachment-medium_large size-medium_large wp-image-6047\" alt=\"Inscriptions lumineuses. La banni\u00e8re en tissu imprim\u00e9, en mat\u00e9riau pour le r\u00e9tro\u00e9clairage est tendue dans un cadre en aluminium avec LED au moyen d\u2019une l\u00e8vre en caoutchouc.\" srcset=\"https:\/\/flagprint.ch\/wp-content\/uploads\/2019\/02\/Shop-POS-Leuchtkasten-Lightbox-768x288.png 768w, https:\/\/flagprint.ch\/wp-content\/uploads\/2019\/02\/Shop-POS-Leuchtkasten-Lightbox-800x300.png 800w, https:\/\/flagprint.ch\/wp-content\/uploads\/2019\/02\/Shop-POS-Leuchtkasten-Lightbox-1200x450.png 1200w, https:\/\/flagprint.ch\/wp-content\/uploads\/2019\/02\/Shop-POS-Leuchtkasten-Lightbox.png 1600w\" sizes=\"(max-width: 768px) 100vw, 768px\" \/><\/div>\n\t\t<\/a>\n\t\t\t\t<div class=\"elementor-post__text\">\n\t\t\t\t<h2 class=\"elementor-post__title\">\n\t\t\t<a href=\"https:\/\/flagprint.ch\/fr\/produits\/inscriptions-lumineuses\/\" >\n\t\t\t\tInscriptions lumineuses\t\t\t<\/a>\n\t\t<\/h2>\n\t\t\t\t<div class=\"elementor-post__excerpt\">\n\t\t\t<p>Tissu imprim\u00e9 \u00e9clair\u00e9 par l&rsquo;arri\u00e8re et tendu sur cadre en alu<\/p>\n\t\t<\/div>\n\t\t\t\t<\/div>\n\t\t\t\t<\/article>\n\t\t\t\t<article class=\"elementor-post elementor-grid-item post-4702 produkte type-produkte status-publish has-post-thumbnail hentry produkt_kategorie-tout produkt_kategorie-systemes-dachiffage produkt_kategorie-exposition-event produkt_filter-utilisation produkt_filter-courte produkt_filter-a-linterieur produkt_filter-evenement-salon produkt_filter-une-face produkt_filter-permanente produkt_filter-manifestation-dentreprise-congres produkt_filter-mobile produkt_filter-duree-de-mise-en-oeuvre produkt_filter-mat produkt_filter-impression-materiau produkt_filter-club-manifestation-sportive-et-culturelle produkt_filter-hotel-gastronomie-fr-2 produkt_filter-opaque-aux-regards produkt_filter-propriete-des-materiaux produkt_filter-opaque-a-la-lumiere produkt_filter-points-de-vente-showroom produkt_filter-proprietes produkt_filter-domaines-dapplication produkt_anwendung-evenement-salon-exposition produkt_anwendung-manifestation-dentreprise-congres produkt_anwendung-club-manifestation-sportive-et-culturelle produkt_anwendung-points-de-vente-showroom-construction-de-magasins produkt_anwendung-hotel-gastronomie produkt_material-dekotex-fr produkt_material-blockout-fr produkt_groesse-dimension-du-systeme-220-220-cm-ou-292-220-cm produkt_groesse-profondeur-du-systeme-36-cm produkt_groesse-autres-formats-disponibles-sur-demande-4 produkt__konfektion-velcro\" role=\"listitem\">\n\t\t\t\t<a class=\"elementor-post__thumbnail__link\" href=\"https:\/\/flagprint.ch\/fr\/produits\/affichage-pliable\/\" tabindex=\"-1\" >\n\t\t\t<div class=\"elementor-post__thumbnail\"><img loading=\"lazy\" decoding=\"async\" width=\"768\" height=\"288\" src=\"https:\/\/flagprint.ch\/wp-content\/uploads\/2019\/02\/Produkte_Messe_Event_Falt_Display_Titelbild-768x288.png\" class=\"attachment-medium_large size-medium_large wp-image-3517\" alt=\"Le textile imprim\u00e9 est tendu sur le support l\u00e9ger en aluminium au moyen d\u2019une bande Velcro. Avec quelques gestes, il se pr\u00eate au montage et au pliage.\" srcset=\"https:\/\/flagprint.ch\/wp-content\/uploads\/2019\/02\/Produkte_Messe_Event_Falt_Display_Titelbild-768x288.png 768w, https:\/\/flagprint.ch\/wp-content\/uploads\/2019\/02\/Produkte_Messe_Event_Falt_Display_Titelbild-800x300.png 800w, https:\/\/flagprint.ch\/wp-content\/uploads\/2019\/02\/Produkte_Messe_Event_Falt_Display_Titelbild-1200x450.png 1200w, https:\/\/flagprint.ch\/wp-content\/uploads\/2019\/02\/Produkte_Messe_Event_Falt_Display_Titelbild.png 1600w\" sizes=\"(max-width: 768px) 100vw, 768px\" \/><\/div>\n\t\t<\/a>\n\t\t\t\t<div class=\"elementor-post__text\">\n\t\t\t\t<h2 class=\"elementor-post__title\">\n\t\t\t<a href=\"https:\/\/flagprint.ch\/fr\/produits\/affichage-pliable\/\" >\n\t\t\t\tL\u2019affichage pliable\t\t\t<\/a>\n\t\t<\/h2>\n\t\t\t\t<div class=\"elementor-post__excerpt\">\n\t\t\t<p>Mise en place super rapide gr\u00e2ce au syst\u00e8me de pliage en ciseau qui s\u2019\u00e9tire facilement en quelques tours de main<\/p>\n\t\t<\/div>\n\t\t\t\t<\/div>\n\t\t\t\t<\/article>\n\t\t\t\t<article class=\"elementor-post elementor-grid-item post-4833 produkte type-produkte status-publish has-post-thumbnail hentry produkt_kategorie-tout produkt_kategorie-systemes-dachiffage produkt_kategorie-affichages-eclaires produkt_kategorie-exposition-event produkt_filter-utilisation produkt_filter-courte produkt_filter-a-linterieur produkt_filter-evenement-salon produkt_filter-une-face produkt_filter-lumineux produkt_filter-permanente produkt_filter-mobile produkt_filter-lisible-double-face produkt_filter-manifestation-dentreprise-congres produkt_filter-duree-de-mise-en-oeuvre produkt_filter-mat produkt_filter-impression-materiau produkt_filter-club-manifestation-sportive-et-culturelle produkt_filter-hotel-gastronomie-fr-2 produkt_filter-propriete-des-materiaux produkt_filter-proprietes produkt_filter-points-de-vente-showroom produkt_filter-amenagement-dinterieurs-bureau-a-lespace-ouvert produkt_filter-domaines-dapplication produkt_anwendung-evenement-salon-exposition produkt_anwendung-manifestation-dentreprise-congres produkt_anwendung-club-manifestation-sportive-et-culturelle produkt_anwendung-points-de-vente-showroom-construction-de-magasins produkt_anwendung-hotel-gastronomie produkt_anwendung-amenagement-dinterieurs-espace-ouvert produkt_material-backlight-premium-fr produkt_groesse-85-200-cm-fr produkt_groesse-85-250-cm-fr produkt_groesse-100-200-cm-fr-2 produkt_groesse-100-250-cm-fr-2 produkt__konfektion-passe-poil\" role=\"listitem\">\n\t\t\t\t<a class=\"elementor-post__thumbnail__link\" href=\"https:\/\/flagprint.ch\/fr\/produits\/lightframe-lf300\/\" tabindex=\"-1\" >\n\t\t\t<div class=\"elementor-post__thumbnail\"><img loading=\"lazy\" decoding=\"async\" width=\"768\" height=\"288\" src=\"https:\/\/flagprint.ch\/wp-content\/uploads\/2019\/02\/Messe-Event-Mobiler-Leuchtkasten-Lightframe-LF300-2-768x288.png\" class=\"attachment-medium_large size-medium_large wp-image-6043\" alt=\"Les modules LED int\u00e9gr\u00e9s et tr\u00e8s efficaces garantissent un \u00e9clairage homog\u00e8ne des textiles. Le lightframe LF300 est le premier \u00abplug-in\u00bb\" srcset=\"https:\/\/flagprint.ch\/wp-content\/uploads\/2019\/02\/Messe-Event-Mobiler-Leuchtkasten-Lightframe-LF300-2-768x288.png 768w, https:\/\/flagprint.ch\/wp-content\/uploads\/2019\/02\/Messe-Event-Mobiler-Leuchtkasten-Lightframe-LF300-2-800x300.png 800w, https:\/\/flagprint.ch\/wp-content\/uploads\/2019\/02\/Messe-Event-Mobiler-Leuchtkasten-Lightframe-LF300-2-1200x450.png 1200w, https:\/\/flagprint.ch\/wp-content\/uploads\/2019\/02\/Messe-Event-Mobiler-Leuchtkasten-Lightframe-LF300-2.png 1600w\" sizes=\"(max-width: 768px) 100vw, 768px\" \/><\/div>\n\t\t<\/a>\n\t\t\t\t<div class=\"elementor-post__text\">\n\t\t\t\t<h2 class=\"elementor-post__title\">\n\t\t\t<a href=\"https:\/\/flagprint.ch\/fr\/produits\/lightframe-lf300\/\" >\n\t\t\t\tLe caisson lumineux mobile lightframe LF300\t\t\t<\/a>\n\t\t<\/h2>\n\t\t\t\t<div class=\"elementor-post__excerpt\">\n\t\t\t<p>Le syst\u00e8me de pr\u00e9sentation mobile lumineux en plastique<\/p>\n\t\t<\/div>\n\t\t\t\t<\/div>\n\t\t\t\t<\/article>\n\t\t\t\t<article class=\"elementor-post elementor-grid-item post-4843 produkte type-produkte status-publish has-post-thumbnail hentry produkt_kategorie-tout produkt_kategorie-systemes-dachiffage produkt_kategorie-affichages-eclaires produkt_kategorie-exposition-event produkt_filter-utilisation produkt_filter-courte produkt_filter-a-linterieur produkt_filter-evenement-salon produkt_filter-une-face produkt_filter-lumineux produkt_filter-duree-de-mise-en-oeuvre produkt_filter-mat produkt_filter-permanente produkt_filter-mobile produkt_filter-lisible-double-face produkt_filter-manifestation-dentreprise-congres produkt_filter-impression-materiau produkt_filter-club-manifestation-sportive-et-culturelle produkt_filter-hotel-gastronomie-fr-2 produkt_filter-propriete-des-materiaux produkt_filter-proprietes produkt_filter-points-de-vente-showroom produkt_filter-amenagement-dinterieurs-bureau-a-lespace-ouvert produkt_filter-domaines-dapplication produkt_anwendung-evenement-salon-exposition produkt_anwendung-manifestation-dentreprise-congres produkt_anwendung-club-manifestation-sportive-et-culturelle produkt_anwendung-points-de-vente-showroom-construction-de-magasins produkt_anwendung-hotel-gastronomie produkt_anwendung-amenagement-dinterieurs-espace-ouvert produkt_material-backlight-premium-fr produkt_groesse-85-200-cm-fr produkt_groesse-85-245-cm-fr produkt_groesse-100-200-cm-fr-2 produkt_groesse-100-245-cm-fr-2 produkt__konfektion-passe-poil\" role=\"listitem\">\n\t\t\t\t<a class=\"elementor-post__thumbnail__link\" href=\"https:\/\/flagprint.ch\/fr\/produits\/lightframe-lf500\/\" tabindex=\"-1\" >\n\t\t\t<div class=\"elementor-post__thumbnail\"><img loading=\"lazy\" decoding=\"async\" width=\"768\" height=\"288\" src=\"https:\/\/flagprint.ch\/wp-content\/uploads\/2019\/02\/Messe-Event-Mobiler-Leuchtkasten-Lightframe-LF500-1-768x288.png\" class=\"attachment-medium_large size-medium_large wp-image-6045\" alt=\"Une luminosit\u00e9 \u00e9lev\u00e9e et un \u00e9clairage uniforme font du lightframe LF500 le champion des affichages lumineux. D\u00e9finissez des accents individuels.\" srcset=\"https:\/\/flagprint.ch\/wp-content\/uploads\/2019\/02\/Messe-Event-Mobiler-Leuchtkasten-Lightframe-LF500-1-768x288.png 768w, https:\/\/flagprint.ch\/wp-content\/uploads\/2019\/02\/Messe-Event-Mobiler-Leuchtkasten-Lightframe-LF500-1-800x300.png 800w, https:\/\/flagprint.ch\/wp-content\/uploads\/2019\/02\/Messe-Event-Mobiler-Leuchtkasten-Lightframe-LF500-1-1200x450.png 1200w, https:\/\/flagprint.ch\/wp-content\/uploads\/2019\/02\/Messe-Event-Mobiler-Leuchtkasten-Lightframe-LF500-1.png 1600w\" sizes=\"(max-width: 768px) 100vw, 768px\" \/><\/div>\n\t\t<\/a>\n\t\t\t\t<div class=\"elementor-post__text\">\n\t\t\t\t<h2 class=\"elementor-post__title\">\n\t\t\t<a href=\"https:\/\/flagprint.ch\/fr\/produits\/lightframe-lf500\/\" >\n\t\t\t\tLe caisson lumineux mobile lightframe LF500\t\t\t<\/a>\n\t\t<\/h2>\n\t\t\t\t<div class=\"elementor-post__excerpt\">\n\t\t\t<p>Caisson lumineux en aluminium mobile et de haute qualit\u00e9<\/p>\n\t\t<\/div>\n\t\t\t\t<\/div>\n\t\t\t\t<\/article>\n\t\t\t\t<article class=\"elementor-post elementor-grid-item post-14604 produkte type-produkte status-publish has-post-thumbnail hentry produkt_kategorie-tout produkt_kategorie-systemes-dachiffage produkt_kategorie-affichages-eclaires produkt_kategorie-exposition-event produkt_filter-utilisation produkt_filter-courte produkt_filter-lumineux produkt_filter-a-linterieur produkt_filter-une-face produkt_filter-evenement-salon produkt_filter-mat produkt_filter-lisible-double-face produkt_filter-duree-de-mise-en-oeuvre produkt_filter-mobile produkt_filter-permanente produkt_filter-manifestation-dentreprise-congres produkt_filter-club-manifestation-sportive-et-culturelle produkt_filter-impression-materiau produkt_filter-hotel-gastronomie-fr-2 produkt_filter-propriete-des-materiaux produkt_filter-proprietes produkt_filter-points-de-vente-showroom produkt_filter-amenagement-dinterieurs-bureau-a-lespace-ouvert produkt_filter-domaines-dapplication produkt_anwendung-evenement-salon-exposition produkt_anwendung-manifestation-dentreprise-congres produkt_anwendung-club-manifestation-sportive-et-culturelle produkt_anwendung-points-de-vente-showroom-construction-de-magasins produkt_anwendung-hotel-gastronomie produkt_anwendung-amenagement-dinterieurs-espace-ouvert produkt_material-backlight-premium-fr produkt_groesse-100-200-cm-fr-2 produkt__konfektion-passe-poil\" role=\"listitem\">\n\t\t\t\t<a class=\"elementor-post__thumbnail__link\" href=\"https:\/\/flagprint.ch\/fr\/produits\/le-caisson-lumineux-mobile-lightframe-lf500-unplugged\/\" tabindex=\"-1\" >\n\t\t\t<div class=\"elementor-post__thumbnail\"><img loading=\"lazy\" decoding=\"async\" width=\"768\" height=\"288\" src=\"https:\/\/flagprint.ch\/wp-content\/uploads\/2021\/06\/Messe-Event-Mobiler-Leuchtkasten-Lightframe-LF500-wireless-unplugged-768x288.png\" class=\"attachment-medium_large size-medium_large wp-image-15041\" alt=\"Der lightframe LF500 ist federleicht &amp; leuchtstark. Mit hochwertiger LED-Technik &amp; individuell-bedrucktem Stoff. Schneller Aufbau &amp; kompakte Verpackung.\" srcset=\"https:\/\/flagprint.ch\/wp-content\/uploads\/2021\/06\/Messe-Event-Mobiler-Leuchtkasten-Lightframe-LF500-wireless-unplugged-768x288.png 768w, https:\/\/flagprint.ch\/wp-content\/uploads\/2021\/06\/Messe-Event-Mobiler-Leuchtkasten-Lightframe-LF500-wireless-unplugged-800x300.png 800w, https:\/\/flagprint.ch\/wp-content\/uploads\/2021\/06\/Messe-Event-Mobiler-Leuchtkasten-Lightframe-LF500-wireless-unplugged-1200x450.png 1200w, https:\/\/flagprint.ch\/wp-content\/uploads\/2021\/06\/Messe-Event-Mobiler-Leuchtkasten-Lightframe-LF500-wireless-unplugged-400x150.png 400w, https:\/\/flagprint.ch\/wp-content\/uploads\/2021\/06\/Messe-Event-Mobiler-Leuchtkasten-Lightframe-LF500-wireless-unplugged-1536x576.png 1536w, https:\/\/flagprint.ch\/wp-content\/uploads\/2021\/06\/Messe-Event-Mobiler-Leuchtkasten-Lightframe-LF500-wireless-unplugged.png 1600w\" sizes=\"(max-width: 768px) 100vw, 768px\" \/><\/div>\n\t\t<\/a>\n\t\t\t\t<div class=\"elementor-post__text\">\n\t\t\t\t<h2 class=\"elementor-post__title\">\n\t\t\t<a href=\"https:\/\/flagprint.ch\/fr\/produits\/le-caisson-lumineux-mobile-lightframe-lf500-unplugged\/\" >\n\t\t\t\tLe caisson lumineux mobile lightframe LF500 unplugged\t\t\t<\/a>\n\t\t<\/h2>\n\t\t\t\t<div class=\"elementor-post__excerpt\">\n\t\t\t<p>Notre caisson lumineux mobile lightframe LF500 unplugged &#8211; disponible maintenant sans fil !<\/p>\n\t\t<\/div>\n\t\t\t\t<\/div>\n\t\t\t\t<\/article>\n\t\t\t\t<article class=\"elementor-post elementor-grid-item post-9028 produkte type-produkte status-publish has-post-thumbnail hentry produkt_kategorie-tout produkt_kategorie-systemes-dachiffage produkt_kategorie-affichages-eclaires produkt_kategorie-exposition-event produkt_filter-utilisation produkt_filter-courte produkt_filter-a-linterieur produkt_filter-lumineux produkt_filter-une-face produkt_filter-evenement-salon produkt_filter-lisible-double-face produkt_filter-permanente produkt_filter-manifestation-dentreprise-congres produkt_filter-duree-de-mise-en-oeuvre produkt_filter-mat produkt_filter-mobile produkt_filter-impression-materiau produkt_filter-club-manifestation-sportive-et-culturelle produkt_filter-propriete-des-materiaux produkt_filter-hotel-gastronomie-fr-2 produkt_filter-proprietes produkt_filter-points-de-vente-showroom produkt_filter-domaines-dapplication produkt_filter-amenagement-dinterieurs-bureau-a-lespace-ouvert produkt_anwendung-evenement-salon-exposition produkt_anwendung-manifestation-dentreprise-congres produkt_anwendung-club-manifestation-sportive-et-culturelle produkt_anwendung-points-de-vente-showroom-construction-de-magasins produkt_anwendung-hotel-gastronomie produkt_anwendung-amenagement-dinterieurs-espace-ouvert produkt_material-backlight-premium-fr produkt_groesse-200-248-cm-fr produkt_groesse-500-298-cm-fr produkt_groesse-200-298-cm-fr produkt_groesse-300-248-cm-fr produkt_groesse-300-298-cm-fr produkt_groesse-400-248-cm-fr produkt_groesse-400-298-cm-fr produkt_groesse-500-248-cm-fr produkt__konfektion-passe-poil\" role=\"listitem\">\n\t\t\t\t<a class=\"elementor-post__thumbnail__link\" href=\"https:\/\/flagprint.ch\/fr\/produits\/le-caisson-lumineux-mobile-lightframe-lf600\/\" tabindex=\"-1\" >\n\t\t\t<div class=\"elementor-post__thumbnail\"><img loading=\"lazy\" decoding=\"async\" width=\"768\" height=\"288\" src=\"https:\/\/flagprint.ch\/wp-content\/uploads\/2019\/10\/Produkte-Display-Systeme-lf600-leuchtkasten-768x288.png\" class=\"attachment-medium_large size-medium_large wp-image-9360\" alt=\"\" srcset=\"https:\/\/flagprint.ch\/wp-content\/uploads\/2019\/10\/Produkte-Display-Systeme-lf600-leuchtkasten-768x288.png 768w, https:\/\/flagprint.ch\/wp-content\/uploads\/2019\/10\/Produkte-Display-Systeme-lf600-leuchtkasten-400x150.png 400w, https:\/\/flagprint.ch\/wp-content\/uploads\/2019\/10\/Produkte-Display-Systeme-lf600-leuchtkasten-800x300.png 800w, https:\/\/flagprint.ch\/wp-content\/uploads\/2019\/10\/Produkte-Display-Systeme-lf600-leuchtkasten-1200x450.png 1200w\" sizes=\"(max-width: 768px) 100vw, 768px\" \/><\/div>\n\t\t<\/a>\n\t\t\t\t<div class=\"elementor-post__text\">\n\t\t\t\t<h2 class=\"elementor-post__title\">\n\t\t\t<a href=\"https:\/\/flagprint.ch\/fr\/produits\/le-caisson-lumineux-mobile-lightframe-lf600\/\" >\n\t\t\t\tLe caisson lumineux mobile lightframe LF600\t\t\t<\/a>\n\t\t<\/h2>\n\t\t\t\t<div class=\"elementor-post__excerpt\">\n\t\t\t<p>Grand caisson \u00e9clair\u00e9 mobile en alu<\/p>\n\t\t<\/div>\n\t\t\t\t<\/div>\n\t\t\t\t<\/article>\n\t\t\t\t<article class=\"elementor-post elementor-grid-item post-4694 produkte type-produkte status-publish has-post-thumbnail hentry produkt_kategorie-tout produkt_kategorie-mats produkt_filter-evenement-salon produkt_filter-utilisation produkt_filter-duree-de-mise-en-oeuvre produkt_filter-permanente produkt_filter-manifestation-dentreprise-congres produkt_filter-a-lexterieur produkt_filter-club-manifestation-sportive-et-culturelle produkt_filter-impression-materiau produkt_filter-propriete-des-materiaux produkt_filter-hotel-gastronomie-fr-2 produkt_filter-domaines-dapplication produkt_filter-place-publique-batiment-public-rue produkt_anwendung-evenement-salon-exposition produkt_anwendung-manifestation-dentreprise-congres produkt_anwendung-club-manifestation-sportive-et-culturelle produkt_anwendung-hotel-gastronomie produkt_anwendung-place-publique-batiment-public-rue produkt_groesse-hauteur-du-mat-5-12-metres\" role=\"listitem\">\n\t\t\t\t<a class=\"elementor-post__thumbnail__link\" href=\"https:\/\/flagprint.ch\/fr\/produits\/mat-avec-potence\/\" tabindex=\"-1\" >\n\t\t\t<div class=\"elementor-post__thumbnail\"><img loading=\"lazy\" decoding=\"async\" width=\"768\" height=\"288\" src=\"https:\/\/flagprint.ch\/wp-content\/uploads\/2019\/01\/Masten_Fahnenmast_mit_Ausleger-768x288.png\" class=\"attachment-medium_large size-medium_large wp-image-5001\" alt=\"Drapeaux dans toutes les formes, couleurs et formats pour toutes sortes de m\u00e2ts, imprim\u00e9 d\u2019un motif pouvant \u00eatre librement con\u00e7u. M\u00e2ts avec potence.\" srcset=\"https:\/\/flagprint.ch\/wp-content\/uploads\/2019\/01\/Masten_Fahnenmast_mit_Ausleger-768x288.png 768w, https:\/\/flagprint.ch\/wp-content\/uploads\/2019\/01\/Masten_Fahnenmast_mit_Ausleger-800x300.png 800w, https:\/\/flagprint.ch\/wp-content\/uploads\/2019\/01\/Masten_Fahnenmast_mit_Ausleger-1200x450.png 1200w, https:\/\/flagprint.ch\/wp-content\/uploads\/2019\/01\/Masten_Fahnenmast_mit_Ausleger.png 1600w\" sizes=\"(max-width: 768px) 100vw, 768px\" \/><\/div>\n\t\t<\/a>\n\t\t\t\t<div class=\"elementor-post__text\">\n\t\t\t\t<h2 class=\"elementor-post__title\">\n\t\t\t<a href=\"https:\/\/flagprint.ch\/fr\/produits\/mat-avec-potence\/\" >\n\t\t\t\tM\u00e2t avec potence\t\t\t<\/a>\n\t\t<\/h2>\n\t\t\t\t<div class=\"elementor-post__excerpt\">\n\t\t\t<p>M\u00e2ts en aluminium avec potence permettant au drapeau de rester lisible m\u00eame sans vent<\/p>\n\t\t<\/div>\n\t\t\t\t<\/div>\n\t\t\t\t<\/article>\n\t\t\t\t<article class=\"elementor-post elementor-grid-item post-4825 produkte type-produkte status-publish has-post-thumbnail hentry produkt_kategorie-tout produkt_kategorie-drapeaux-mobiles produkt_filter-utilisation produkt_filter-courte produkt_filter-a-linterieur produkt_filter-evenement-salon produkt_filter-une-face produkt_filter-lisible-double-face produkt_filter-manifestation-dentreprise-congres produkt_filter-a-lexterieur produkt_filter-duree-de-mise-en-oeuvre produkt_filter-mat produkt_filter-mobile produkt_filter-double-face-avec-impression-penetrante produkt_filter-impression-materiau produkt_filter-club-manifestation-sportive-et-culturelle produkt_filter-legerement-transparent produkt_filter-a-linterieur-et-a-lexterieur produkt_filter-opaque-aux-regards produkt_filter-propriete-des-materiaux produkt_filter-hotel-gastronomie-fr-2 produkt_filter-proprietes produkt_filter-points-de-vente-showroom produkt_filter-domaines-dapplication produkt_filter-place-publique-batiment-public-rue produkt_anwendung-evenement-salon-exposition produkt_anwendung-manifestation-dentreprise-congres produkt_anwendung-club-manifestation-sportive-et-culturelle produkt_anwendung-points-de-vente-showroom-construction-de-magasins produkt_anwendung-hotel-gastronomie produkt_anwendung-place-publique-batiment-public-rue produkt_material-jetflag-fr produkt_material-dekotex-fr produkt_groesse-mat-aluminum-2-5-metres-de-haut-au-choix produkt_groesse-drapeau-hauteur-au-choix-nous-recommandons-une-largeur-maximale-de-80-cm produkt__konfektion-double-ourlet produkt__konfektion-ourlet-creux-avec-double-couture-de-securite produkt__konfektion-ourlet-creux-renforce produkt__konfektion-boucles-de-mat produkt__konfektion-boucle-de-mat-a-fermeture-rapide produkt__konfektion-attaches-en-plastique produkt__konfektion-crochet-mousqueton-plastique\" role=\"listitem\">\n\t\t\t\t<a class=\"elementor-post__thumbnail__link\" href=\"https:\/\/flagprint.ch\/fr\/produits\/mat-mobile\/\" tabindex=\"-1\" >\n\t\t\t<div class=\"elementor-post__thumbnail\"><img loading=\"lazy\" decoding=\"async\" width=\"768\" height=\"288\" src=\"https:\/\/flagprint.ch\/wp-content\/uploads\/2019\/02\/Produkte_Mobile_Fahnen_Mobil_Mast_Titelbild-768x288.png\" class=\"attachment-medium_large size-medium_large wp-image-3549\" alt=\"Affichez votre logo et votre message publicitaire sous forme mobile lors d\u2019expositions et d\u2019\u00e9v\u00e9nements. Socle et fixations au sol selon les besoins.\" srcset=\"https:\/\/flagprint.ch\/wp-content\/uploads\/2019\/02\/Produkte_Mobile_Fahnen_Mobil_Mast_Titelbild-768x288.png 768w, https:\/\/flagprint.ch\/wp-content\/uploads\/2019\/02\/Produkte_Mobile_Fahnen_Mobil_Mast_Titelbild-800x300.png 800w, https:\/\/flagprint.ch\/wp-content\/uploads\/2019\/02\/Produkte_Mobile_Fahnen_Mobil_Mast_Titelbild-1200x450.png 1200w, https:\/\/flagprint.ch\/wp-content\/uploads\/2019\/02\/Produkte_Mobile_Fahnen_Mobil_Mast_Titelbild.png 1600w\" sizes=\"(max-width: 768px) 100vw, 768px\" \/><\/div>\n\t\t<\/a>\n\t\t\t\t<div class=\"elementor-post__text\">\n\t\t\t\t<h2 class=\"elementor-post__title\">\n\t\t\t<a href=\"https:\/\/flagprint.ch\/fr\/produits\/mat-mobile\/\" >\n\t\t\t\tM\u00e2t mobile\t\t\t<\/a>\n\t\t<\/h2>\n\t\t\t\t<div class=\"elementor-post__excerpt\">\n\t\t\t<p>Affichez votre logo et votre message publicitaire sous forme mobile lors d\u2019expositions et d\u2019\u00e9v\u00e9nements<\/p>\n\t\t<\/div>\n\t\t\t\t<\/div>\n\t\t\t\t<\/article>\n\t\t\t\t<article class=\"elementor-post elementor-grid-item post-4698 produkte type-produkte status-publish has-post-thumbnail hentry produkt_kategorie-tout produkt_kategorie-mats produkt_filter-evenement-salon produkt_filter-utilisation produkt_filter-manifestation-dentreprise-congres produkt_filter-a-lexterieur produkt_filter-duree-de-mise-en-oeuvre produkt_filter-permanente produkt_filter-club-manifestation-sportive-et-culturelle produkt_filter-impression-materiau produkt_filter-propriete-des-materiaux produkt_filter-hotel-gastronomie-fr-2 produkt_filter-domaines-dapplication produkt_filter-place-publique-batiment-public-rue produkt_anwendung-evenement-salon-exposition produkt_anwendung-manifestation-dentreprise-congres produkt_anwendung-club-manifestation-sportive-et-culturelle produkt_anwendung-hotel-gastronomie produkt_anwendung-place-publique-batiment-public-rue produkt_groesse-hauteur-du-mat-5-12-metres\" role=\"listitem\">\n\t\t\t\t<a class=\"elementor-post__thumbnail__link\" href=\"https:\/\/flagprint.ch\/fr\/produits\/mat-sans-potence\/\" tabindex=\"-1\" >\n\t\t\t<div class=\"elementor-post__thumbnail\"><img loading=\"lazy\" decoding=\"async\" width=\"768\" height=\"288\" src=\"https:\/\/flagprint.ch\/wp-content\/uploads\/2019\/01\/Masten_Fahnenmast_ohne_Ausleger-768x288.png\" class=\"attachment-medium_large size-medium_large wp-image-5002\" alt=\"Drapeaux dans toutes les formes, couleurs et formats pour toutes sortes de m\u00e2ts, imprim\u00e9 d\u2019un motif pouvant \u00eatre librement con\u00e7u. M\u00e2ts sans potence.\" srcset=\"https:\/\/flagprint.ch\/wp-content\/uploads\/2019\/01\/Masten_Fahnenmast_ohne_Ausleger-768x288.png 768w, https:\/\/flagprint.ch\/wp-content\/uploads\/2019\/01\/Masten_Fahnenmast_ohne_Ausleger-800x300.png 800w, https:\/\/flagprint.ch\/wp-content\/uploads\/2019\/01\/Masten_Fahnenmast_ohne_Ausleger-1200x450.png 1200w, https:\/\/flagprint.ch\/wp-content\/uploads\/2019\/01\/Masten_Fahnenmast_ohne_Ausleger.png 1600w\" sizes=\"(max-width: 768px) 100vw, 768px\" \/><\/div>\n\t\t<\/a>\n\t\t\t\t<div class=\"elementor-post__text\">\n\t\t\t\t<h2 class=\"elementor-post__title\">\n\t\t\t<a href=\"https:\/\/flagprint.ch\/fr\/produits\/mat-sans-potence\/\" >\n\t\t\t\tM\u00e2t sans potence\t\t\t<\/a>\n\t\t<\/h2>\n\t\t\t\t<div class=\"elementor-post__excerpt\">\n\t\t\t<p>M\u00e2ts en plusieurs versions d\u2019une hauteur comprise entre 5 et 12 m\u00e8tres<\/p>\n\t\t<\/div>\n\t\t\t\t<\/div>\n\t\t\t\t<\/article>\n\t\t\t\t<article class=\"elementor-post elementor-grid-item post-4958 produkte type-produkte status-publish has-post-thumbnail hentry produkt_kategorie-tout produkt_kategorie-drapeaux-mobiles produkt_filter-utilisation produkt_filter-brillant produkt_filter-courte produkt_filter-a-linterieur produkt_filter-une-face produkt_filter-evenement-salon produkt_filter-duree-de-mise-en-oeuvre produkt_filter-mat produkt_filter-lisible-double-face produkt_filter-manifestation-dentreprise-congres produkt_filter-permanente produkt_filter-mobile produkt_filter-club-manifestation-sportive-et-culturelle produkt_filter-impression-materiau produkt_filter-double-face-avec-impression-penetrante produkt_filter-legerement-transparent produkt_filter-propriete-des-materiaux produkt_filter-hotel-gastronomie-fr-2 produkt_filter-opaque-aux-regards produkt_filter-points-de-vente-showroom produkt_filter-proprietes produkt_filter-domaines-dapplication produkt_anwendung-evenement-salon-exposition produkt_anwendung-manifestation-dentreprise-congres produkt_anwendung-club-manifestation-sportive-et-culturelle produkt_anwendung-points-de-vente-showroom-construction-de-magasins produkt_anwendung-hotel-gastronomie produkt_material-jetflag-fr produkt_material-dekotex-fr produkt_groesse-mat-telescopique-extensible-de-130-a-250-cm produkt_groesse-largeur-du-drapeau-45-cm-hauteur-pouvant-atteindre-env-les-200-cm produkt__konfektion-double-ourlet produkt__konfektion-ourlet-creux-avec-double-couture-de-securite produkt__konfektion-ourlet-creux-avec-tube-en-alu\" role=\"listitem\">\n\t\t\t\t<a class=\"elementor-post__thumbnail__link\" href=\"https:\/\/flagprint.ch\/fr\/produits\/mat-telescopique-indoor\/\" tabindex=\"-1\" >\n\t\t\t<div class=\"elementor-post__thumbnail\"><img loading=\"lazy\" decoding=\"async\" width=\"768\" height=\"288\" src=\"https:\/\/flagprint.ch\/wp-content\/uploads\/2019\/02\/Produkte_Mobile_Fahnen_Teleskopmast_indoor_Titelbild-768x288.png\" class=\"attachment-medium_large size-medium_large wp-image-3551\" alt=\"Hauteur du m\u00e2t t\u00e9lescopique mobile d\u00e9finissable sous forme individuelle\" srcset=\"https:\/\/flagprint.ch\/wp-content\/uploads\/2019\/02\/Produkte_Mobile_Fahnen_Teleskopmast_indoor_Titelbild-768x288.png 768w, https:\/\/flagprint.ch\/wp-content\/uploads\/2019\/02\/Produkte_Mobile_Fahnen_Teleskopmast_indoor_Titelbild-800x300.png 800w, https:\/\/flagprint.ch\/wp-content\/uploads\/2019\/02\/Produkte_Mobile_Fahnen_Teleskopmast_indoor_Titelbild-1200x450.png 1200w, https:\/\/flagprint.ch\/wp-content\/uploads\/2019\/02\/Produkte_Mobile_Fahnen_Teleskopmast_indoor_Titelbild.png 1600w\" sizes=\"(max-width: 768px) 100vw, 768px\" \/><\/div>\n\t\t<\/a>\n\t\t\t\t<div class=\"elementor-post__text\">\n\t\t\t\t<h2 class=\"elementor-post__title\">\n\t\t\t<a href=\"https:\/\/flagprint.ch\/fr\/produits\/mat-telescopique-indoor\/\" >\n\t\t\t\tM\u00e2t t\u00e9lescopique indoor\t\t\t<\/a>\n\t\t<\/h2>\n\t\t\t\t<div class=\"elementor-post__excerpt\">\n\t\t\t<p>Hauteur du m\u00e2t d\u00e9finissable sous forme individuelle<\/p>\n\t\t<\/div>\n\t\t\t\t<\/div>\n\t\t\t\t<\/article>\n\t\t\t\t<article class=\"elementor-post elementor-grid-item post-4952 produkte type-produkte status-publish has-post-thumbnail hentry produkt_kategorie-tout produkt_kategorie-drapeaux-mobiles produkt_filter-utilisation produkt_filter-courte produkt_filter-a-linterieur produkt_filter-une-face produkt_filter-evenement-salon produkt_filter-lisible-double-face produkt_filter-a-lexterieur produkt_filter-manifestation-dentreprise-congres produkt_filter-mobile produkt_filter-duree-de-mise-en-oeuvre produkt_filter-mat produkt_filter-a-linterieur-et-a-lexterieur produkt_filter-club-manifestation-sportive-et-culturelle produkt_filter-impression-materiau produkt_filter-double-face-avec-impression-penetrante produkt_filter-legerement-transparent produkt_filter-propriete-des-materiaux produkt_filter-hotel-gastronomie-fr-2 produkt_filter-opaque-aux-regards produkt_filter-points-de-vente-showroom produkt_filter-proprietes produkt_filter-domaines-dapplication produkt_filter-place-publique-batiment-public-rue produkt_anwendung-evenement-salon-exposition produkt_anwendung-manifestation-dentreprise-congres produkt_anwendung-club-manifestation-sportive-et-culturelle produkt_anwendung-points-de-vente-showroom-construction-de-magasins produkt_anwendung-hotel-gastronomie produkt_anwendung-place-publique-batiment-public-rue produkt_material-jetflag-fr produkt_material-dekotex-fr produkt_groesse-drapeaux-largeur-maximale-100cm-hauteur-au-choix produkt_groesse-mat-dune-hauteur-de-4-6-et-8-metres produkt__konfektion-double-ourlet produkt__konfektion-ourlet-creux-avec-double-couture-de-securite produkt__konfektion-ourlet-creux-renforce produkt__konfektion-boucles-de-mat produkt__konfektion-boucle-de-mat-a-fermeture-rapide produkt__konfektion-attaches-en-plastique produkt__konfektion-crochet-mousqueton-plastique\" role=\"listitem\">\n\t\t\t\t<a class=\"elementor-post__thumbnail__link\" href=\"https:\/\/flagprint.ch\/fr\/produits\/mat-telescopique-mobile\/\" tabindex=\"-1\" >\n\t\t\t<div class=\"elementor-post__thumbnail\"><img loading=\"lazy\" decoding=\"async\" width=\"768\" height=\"288\" src=\"https:\/\/flagprint.ch\/wp-content\/uploads\/2019\/02\/Produkte_Mobile_Fahnen_Teleskopmast_Titelbild-768x288.png\" class=\"attachment-medium_large size-medium_large wp-image-3553\" alt=\"Pr\u00e9sentez votre logo et votre message sous forme mobile dans des expositions et des \u00e9v\u00e9nements avec le m\u00e2t t\u00e9lescopique mobile indoor. Hauteur du m\u00e2t r\u00e9glable sous forme individuelle\" srcset=\"https:\/\/flagprint.ch\/wp-content\/uploads\/2019\/02\/Produkte_Mobile_Fahnen_Teleskopmast_Titelbild-768x288.png 768w, https:\/\/flagprint.ch\/wp-content\/uploads\/2019\/02\/Produkte_Mobile_Fahnen_Teleskopmast_Titelbild-800x300.png 800w, https:\/\/flagprint.ch\/wp-content\/uploads\/2019\/02\/Produkte_Mobile_Fahnen_Teleskopmast_Titelbild-1200x450.png 1200w, https:\/\/flagprint.ch\/wp-content\/uploads\/2019\/02\/Produkte_Mobile_Fahnen_Teleskopmast_Titelbild.png 1600w\" sizes=\"(max-width: 768px) 100vw, 768px\" \/><\/div>\n\t\t<\/a>\n\t\t\t\t<div class=\"elementor-post__text\">\n\t\t\t\t<h2 class=\"elementor-post__title\">\n\t\t\t<a href=\"https:\/\/flagprint.ch\/fr\/produits\/mat-telescopique-mobile\/\" >\n\t\t\t\tM\u00e2t t\u00e9lescopique mobile\t\t\t<\/a>\n\t\t<\/h2>\n\t\t\t\t<div class=\"elementor-post__excerpt\">\n\t\t\t<p>Pr\u00e9sentez votre logo et votre message sous forme mobile dans des expositions et des \u00e9v\u00e9nements. Hauteur du m\u00e2t r\u00e9glable sous forme individuelle<\/p>\n\t\t<\/div>\n\t\t\t\t<\/div>\n\t\t\t\t<\/article>\n\t\t\t\t<article class=\"elementor-post elementor-grid-item post-4830 produkte type-produkte status-publish has-post-thumbnail hentry produkt_kategorie-tout produkt_kategorie-mats produkt_filter-utilisation produkt_filter-courte produkt_filter-a-linterieur produkt_filter-evenement-salon produkt_filter-manifestation-dentreprise-congres produkt_filter-a-lexterieur produkt_filter-duree-de-mise-en-oeuvre produkt_filter-mobile produkt_filter-impression-materiau produkt_filter-club-manifestation-sportive-et-culturelle produkt_filter-a-linterieur-et-a-lexterieur produkt_filter-hotel-gastronomie-fr-2 produkt_filter-propriete-des-materiaux produkt_filter-proprietes produkt_filter-points-de-vente-showroom produkt_filter-domaines-dapplication produkt_filter-place-publique-batiment-public-rue produkt_anwendung-evenement-salon-exposition produkt_anwendung-manifestation-dentreprise-congres produkt_anwendung-club-manifestation-sportive-et-culturelle produkt_anwendung-points-de-vente-showroom-construction-de-magasins produkt_anwendung-hotel-gastronomie produkt_anwendung-place-publique-batiment-public-rue produkt_groesse-mat-aluminum-2-5-metres-de-haut-au-choix produkt_groesse-drapeau-hauteur-au-choix-nous-recommandons-une-largeur-maximale-de-80-cm\" role=\"listitem\">\n\t\t\t\t<a class=\"elementor-post__thumbnail__link\" href=\"https:\/\/flagprint.ch\/fr\/produits\/mats-mobiles\/\" tabindex=\"-1\" >\n\t\t\t<div class=\"elementor-post__thumbnail\"><img loading=\"lazy\" decoding=\"async\" width=\"768\" height=\"288\" src=\"https:\/\/flagprint.ch\/wp-content\/uploads\/2019\/01\/Produkte_Masten_Mobile_Masten_Titelbild-768x288.png\" class=\"attachment-medium_large size-medium_large wp-image-3508\" alt=\"M\u00e2t en aluminium, avec potence, pour une utilisation dans un bref d\u00e9lai, en plusieurs parties pouvant \u00eatre assembl\u00e9es. Maniement facile, mont\u00e9 rapidement.\" srcset=\"https:\/\/flagprint.ch\/wp-content\/uploads\/2019\/01\/Produkte_Masten_Mobile_Masten_Titelbild-768x288.png 768w, https:\/\/flagprint.ch\/wp-content\/uploads\/2019\/01\/Produkte_Masten_Mobile_Masten_Titelbild-800x300.png 800w, https:\/\/flagprint.ch\/wp-content\/uploads\/2019\/01\/Produkte_Masten_Mobile_Masten_Titelbild-1200x450.png 1200w, https:\/\/flagprint.ch\/wp-content\/uploads\/2019\/01\/Produkte_Masten_Mobile_Masten_Titelbild.png 1600w\" sizes=\"(max-width: 768px) 100vw, 768px\" \/><\/div>\n\t\t<\/a>\n\t\t\t\t<div class=\"elementor-post__text\">\n\t\t\t\t<h2 class=\"elementor-post__title\">\n\t\t\t<a href=\"https:\/\/flagprint.ch\/fr\/produits\/mats-mobiles\/\" >\n\t\t\t\tM\u00e2ts mobiles\t\t\t<\/a>\n\t\t<\/h2>\n\t\t\t\t<div class=\"elementor-post__excerpt\">\n\t\t\t<p>Affichez votre logo et votre message publicitaire sous forme mobile lors d\u2019expositions et d\u2019\u00e9v\u00e9nements<\/p>\n\t\t<\/div>\n\t\t\t\t<\/div>\n\t\t\t\t<\/article>\n\t\t\t\t<article class=\"elementor-post elementor-grid-item post-4812 produkte type-produkte status-publish has-post-thumbnail hentry produkt_kategorie-tout produkt_kategorie-banderoles produkt_filter-utilisation produkt_filter-evenement-salon produkt_filter-une-face produkt_filter-courte produkt_filter-a-lexterieur produkt_filter-duree-de-mise-en-oeuvre produkt_filter-mat produkt_filter-permanente produkt_filter-impression-materiau produkt_filter-legerement-transparent produkt_filter-hotel-gastronomie-fr-2 produkt_filter-opaque-aux-regards produkt_filter-propriete-des-materiaux produkt_filter-domaines-dapplication produkt_filter-echafaudage-cloture-facade produkt_filter-place-publique-batiment-public-rue produkt_anwendung-evenement-salon-exposition produkt_anwendung-hotel-gastronomie produkt_anwendung-echafaudage-cloture-facade produkt_anwendung-place-publique-batiment-public-rue produkt_material-jetflag-fr produkt_material-dekotex-fr produkt_material-pvc-frontlit-fr produkt_material-mesh-fr produkt_material-tissu-troue produkt_groesse-au-choix produkt__konfektion-oeillets-en-metal\" role=\"listitem\">\n\t\t\t\t<a class=\"elementor-post__thumbnail__link\" href=\"https:\/\/flagprint.ch\/fr\/produits\/megaposter-publicite-de-facade\/\" tabindex=\"-1\" >\n\t\t\t<div class=\"elementor-post__thumbnail\"><img loading=\"lazy\" decoding=\"async\" width=\"768\" height=\"288\" src=\"https:\/\/flagprint.ch\/wp-content\/uploads\/2019\/02\/Produkte_Werbebanner_Megaposter_Fassadenwerbung_Titelbild-768x288.png\" class=\"attachment-medium_large size-medium_large wp-image-3622\" alt=\"Grands formats sur tissu, motif pouvant \u00eatre librement con\u00e7u. La confection est r\u00e9alis\u00e9e individuellement selon les exigences.\" srcset=\"https:\/\/flagprint.ch\/wp-content\/uploads\/2019\/02\/Produkte_Werbebanner_Megaposter_Fassadenwerbung_Titelbild-768x288.png 768w, https:\/\/flagprint.ch\/wp-content\/uploads\/2019\/02\/Produkte_Werbebanner_Megaposter_Fassadenwerbung_Titelbild-800x300.png 800w, https:\/\/flagprint.ch\/wp-content\/uploads\/2019\/02\/Produkte_Werbebanner_Megaposter_Fassadenwerbung_Titelbild-1200x450.png 1200w, https:\/\/flagprint.ch\/wp-content\/uploads\/2019\/02\/Produkte_Werbebanner_Megaposter_Fassadenwerbung_Titelbild.png 1600w\" sizes=\"(max-width: 768px) 100vw, 768px\" \/><\/div>\n\t\t<\/a>\n\t\t\t\t<div class=\"elementor-post__text\">\n\t\t\t\t<h2 class=\"elementor-post__title\">\n\t\t\t<a href=\"https:\/\/flagprint.ch\/fr\/produits\/megaposter-publicite-de-facade\/\" >\n\t\t\t\tMegaposter, Publicit\u00e9 de fa\u00e7ade\t\t\t<\/a>\n\t\t<\/h2>\n\t\t\t\t<div class=\"elementor-post__excerpt\">\n\t\t\t<p>Publicit\u00e9 de fa\u00e7ade de grand format<\/p>\n\t\t<\/div>\n\t\t\t\t<\/div>\n\t\t\t\t<\/article>\n\t\t\t\t<article class=\"elementor-post elementor-grid-item post-12419 produkte type-produkte status-publish has-post-thumbnail hentry produkt_kategorie-tout produkt_kategorie-special produkt_filter-courte produkt_filter-utilisation produkt_filter-a-linterieur produkt_filter-une-face produkt_filter-evenement-salon produkt_filter-duree-de-mise-en-oeuvre produkt_filter-mobile produkt_filter-a-lexterieur produkt_filter-permanente produkt_filter-manifestation-dentreprise-congres produkt_filter-a-linterieur-et-a-lexterieur produkt_filter-impression-materiau produkt_filter-club-manifestation-sportive-et-culturelle produkt_filter-propriete-des-materiaux produkt_filter-hotel-gastronomie-fr-2 produkt_filter-proprietes produkt_filter-points-de-vente-showroom produkt_filter-domaines-dapplication produkt_anwendung-evenement-salon-exposition produkt_anwendung-manifestation-dentreprise-congres produkt_anwendung-club-manifestation-sportive-et-culturelle produkt_anwendung-points-de-vente-showroom-construction-de-magasins produkt_anwendung-hotel-gastronomie produkt_material-polyester-vlies-fr produkt_groesse-einheitsgroesse-fr produkt__konfektion-couture-simple\" role=\"listitem\">\n\t\t\t\t<a class=\"elementor-post__thumbnail__link\" href=\"https:\/\/flagprint.ch\/fr\/produits\/neckflag-nf100-col-cache-nez-grand-public-avec-heiq-viroblock\/\" tabindex=\"-1\" >\n\t\t\t<div class=\"elementor-post__thumbnail\"><img loading=\"lazy\" decoding=\"async\" width=\"768\" height=\"288\" src=\"https:\/\/flagprint.ch\/wp-content\/uploads\/2020\/11\/neckflag-flagprint-community-tube-heiq-viroblock-schlauchtuch-product-title-768x288.png\" class=\"attachment-medium_large size-medium_large wp-image-12560\" alt=\"neckflag NF100 \u2013 Community Tube mit HeiQ Viroblock\u00ae\" srcset=\"https:\/\/flagprint.ch\/wp-content\/uploads\/2020\/11\/neckflag-flagprint-community-tube-heiq-viroblock-schlauchtuch-product-title-768x288.png 768w, https:\/\/flagprint.ch\/wp-content\/uploads\/2020\/11\/neckflag-flagprint-community-tube-heiq-viroblock-schlauchtuch-product-title-800x300.png 800w, https:\/\/flagprint.ch\/wp-content\/uploads\/2020\/11\/neckflag-flagprint-community-tube-heiq-viroblock-schlauchtuch-product-title-1200x450.png 1200w, https:\/\/flagprint.ch\/wp-content\/uploads\/2020\/11\/neckflag-flagprint-community-tube-heiq-viroblock-schlauchtuch-product-title-400x150.png 400w, https:\/\/flagprint.ch\/wp-content\/uploads\/2020\/11\/neckflag-flagprint-community-tube-heiq-viroblock-schlauchtuch-product-title-1536x576.png 1536w, https:\/\/flagprint.ch\/wp-content\/uploads\/2020\/11\/neckflag-flagprint-community-tube-heiq-viroblock-schlauchtuch-product-title.png 1600w\" sizes=\"(max-width: 768px) 100vw, 768px\" \/><\/div>\n\t\t<\/a>\n\t\t\t\t<div class=\"elementor-post__text\">\n\t\t\t\t<h2 class=\"elementor-post__title\">\n\t\t\t<a href=\"https:\/\/flagprint.ch\/fr\/produits\/neckflag-nf100-col-cache-nez-grand-public-avec-heiq-viroblock\/\" >\n\t\t\t\tneckflag NF100 &#8211; col cache-nez grand public avec HeiQ Viroblock\u00ae\t\t\t<\/a>\n\t\t<\/h2>\n\t\t\t\t<div class=\"elementor-post__excerpt\">\n\t\t\t<p>Les cols cache-nez grand public \u00e0 impression personnalis\u00e9e en polyester sont trait\u00e9s avec la technologie HeiQ Viroblock\u00ae suisse<\/p>\n\t\t<\/div>\n\t\t\t\t<\/div>\n\t\t\t\t<\/article>\n\t\t\t\t<article class=\"elementor-post elementor-grid-item post-4948 produkte type-produkte status-publish has-post-thumbnail hentry produkt_kategorie-tout produkt_kategorie-point-de-vente produkt_filter-courte produkt_filter-brillant produkt_filter-utilisation produkt_filter-a-linterieur produkt_filter-une-face produkt_filter-evenement-salon produkt_filter-lisible-double-face produkt_filter-manifestation-dentreprise-congres produkt_filter-permanente produkt_filter-duree-de-mise-en-oeuvre produkt_filter-mat produkt_filter-club-manifestation-sportive-et-culturelle produkt_filter-impression-materiau produkt_filter-double-face-avec-impression-penetrante produkt_filter-legerement-transparent produkt_filter-propriete-des-materiaux produkt_filter-hotel-gastronomie-fr-2 produkt_filter-opaque-aux-regards produkt_filter-points-de-vente-showroom produkt_filter-opaque-a-la-lumiere produkt_filter-domaines-dapplication produkt_filter-amenagement-dinterieurs-bureau-a-lespace-ouvert produkt_anwendung-evenement-salon-exposition produkt_anwendung-manifestation-dentreprise-congres produkt_anwendung-club-manifestation-sportive-et-culturelle produkt_anwendung-points-de-vente-showroom-construction-de-magasins produkt_anwendung-hotel-gastronomie produkt_anwendung-amenagement-dinterieurs-espace-ouvert produkt_material-jetflag-fr produkt_material-semideko-fr produkt_material-dekotex-fr produkt_material-blockout-fr produkt_material-satinette-fr produkt_material-voile-fr produkt_groesse-au-choix produkt__konfektion-ourlet-creux-avec-baton-en-bois produkt__konfektion-ourlet-creux-avec-tube-en-alu produkt__konfektion-coupe-au-cutter produkt__konfektion-profil-a-pincer-en-plastique\" role=\"listitem\">\n\t\t\t\t<a class=\"elementor-post__thumbnail__link\" href=\"https:\/\/flagprint.ch\/fr\/produits\/panneau-en-tissu-oriflamme-banderole-decorative-drapeau-commerciaux\/\" tabindex=\"-1\" >\n\t\t\t<div class=\"elementor-post__thumbnail\"><img loading=\"lazy\" decoding=\"async\" width=\"768\" height=\"288\" src=\"https:\/\/flagprint.ch\/wp-content\/uploads\/2019\/02\/Produkte_Shop_POS_Stoffplakat_Dekobanner_Titelbild-768x288.png\" class=\"attachment-medium_large size-medium_large wp-image-3591\" alt=\"Panneau en tissu. Affiche textile imprim\u00e9e avec un syst\u00e8me de suspension simple. La fabrication est adapt\u00e9e \u00e0 l\u2019exigence li\u00e9e \u00e0 la situation.\" srcset=\"https:\/\/flagprint.ch\/wp-content\/uploads\/2019\/02\/Produkte_Shop_POS_Stoffplakat_Dekobanner_Titelbild-768x288.png 768w, https:\/\/flagprint.ch\/wp-content\/uploads\/2019\/02\/Produkte_Shop_POS_Stoffplakat_Dekobanner_Titelbild-800x300.png 800w, https:\/\/flagprint.ch\/wp-content\/uploads\/2019\/02\/Produkte_Shop_POS_Stoffplakat_Dekobanner_Titelbild-1200x450.png 1200w, https:\/\/flagprint.ch\/wp-content\/uploads\/2019\/02\/Produkte_Shop_POS_Stoffplakat_Dekobanner_Titelbild.png 1600w\" sizes=\"(max-width: 768px) 100vw, 768px\" \/><\/div>\n\t\t<\/a>\n\t\t\t\t<div class=\"elementor-post__text\">\n\t\t\t\t<h2 class=\"elementor-post__title\">\n\t\t\t<a href=\"https:\/\/flagprint.ch\/fr\/produits\/panneau-en-tissu-oriflamme-banderole-decorative-drapeau-commerciaux\/\" >\n\t\t\t\tPanneau en tissu\t\t\t<\/a>\n\t\t<\/h2>\n\t\t\t\t<div class=\"elementor-post__excerpt\">\n\t\t\t<p>Panneau en tissu comme d\u00e9coration du point de vente<\/p>\n\t\t<\/div>\n\t\t\t\t<\/div>\n\t\t\t\t<\/article>\n\t\t\t\t<article class=\"elementor-post elementor-grid-item post-4942 produkte type-produkte status-publish has-post-thumbnail hentry produkt_kategorie-tout produkt_kategorie-exposition-event produkt_filter-utilisation produkt_filter-a-linterieur produkt_filter-une-face produkt_filter-evenement-salon produkt_filter-courte produkt_filter-a-lexterieur produkt_filter-manifestation-dentreprise-congres produkt_filter-mobile produkt_filter-duree-de-mise-en-oeuvre produkt_filter-mat produkt_filter-club-manifestation-sportive-et-culturelle produkt_filter-impression-materiau produkt_filter-double-face-avec-impression-penetrante produkt_filter-a-linterieur-et-a-lexterieur produkt_filter-hotel-gastronomie-fr-2 produkt_filter-opaque-aux-regards produkt_filter-propriete-des-materiaux produkt_filter-proprietes produkt_filter-domaines-dapplication produkt_filter-place-publique-batiment-public-rue produkt_anwendung-evenement-salon-exposition produkt_anwendung-manifestation-dentreprise-congres produkt_anwendung-club-manifestation-sportive-et-culturelle produkt_anwendung-hotel-gastronomie produkt_anwendung-place-publique-batiment-public-rue produkt_material-semideko-fr produkt_material-dekotex-fr produkt_groesse-diametre-180-200-250-300-350-400-cm produkt_groesse-fabrication-basculant-jusqua-250-cm\" role=\"listitem\">\n\t\t\t\t<a class=\"elementor-post__thumbnail__link\" href=\"https:\/\/flagprint.ch\/fr\/produits\/parasol-parasol-publicitaire\/\" tabindex=\"-1\" >\n\t\t\t<div class=\"elementor-post__thumbnail\"><img loading=\"lazy\" decoding=\"async\" width=\"768\" height=\"288\" src=\"https:\/\/flagprint.ch\/wp-content\/uploads\/2019\/02\/Produkte_Messe_Event_Sonnenschirme_Titelbild-768x288.png\" class=\"attachment-medium_large size-medium_large wp-image-3527\" alt=\"Parasols imprim\u00e9s individuellement pour des terrasses de restaurants, d\u2019h\u00f4tels ou d\u2019\u00e9tablissements semblables. Pour ev\u00e8nements, salons &amp; expositions.\" srcset=\"https:\/\/flagprint.ch\/wp-content\/uploads\/2019\/02\/Produkte_Messe_Event_Sonnenschirme_Titelbild-768x288.png 768w, https:\/\/flagprint.ch\/wp-content\/uploads\/2019\/02\/Produkte_Messe_Event_Sonnenschirme_Titelbild-800x300.png 800w, https:\/\/flagprint.ch\/wp-content\/uploads\/2019\/02\/Produkte_Messe_Event_Sonnenschirme_Titelbild-1200x450.png 1200w, https:\/\/flagprint.ch\/wp-content\/uploads\/2019\/02\/Produkte_Messe_Event_Sonnenschirme_Titelbild.png 1600w\" sizes=\"(max-width: 768px) 100vw, 768px\" \/><\/div>\n\t\t<\/a>\n\t\t\t\t<div class=\"elementor-post__text\">\n\t\t\t\t<h2 class=\"elementor-post__title\">\n\t\t\t<a href=\"https:\/\/flagprint.ch\/fr\/produits\/parasol-parasol-publicitaire\/\" >\n\t\t\t\tParasol, Parasol publicitaire\t\t\t<\/a>\n\t\t<\/h2>\n\t\t\t\t<div class=\"elementor-post__excerpt\">\n\t\t\t<p>Parasols imprim\u00e9s<\/p>\n\t\t<\/div>\n\t\t\t\t<\/div>\n\t\t\t\t<\/article>\n\t\t\t\t<article class=\"elementor-post elementor-grid-item post-10618 produkte type-produkte status-publish has-post-thumbnail hentry produkt_kategorie-tout produkt_kategorie-systemes-dachiffage produkt_kategorie-point-de-vente produkt_kategorie-exposition-event produkt_kategorie-interieur produkt_kategorie-special produkt_filter-courte produkt_filter-utilisation produkt_filter-a-linterieur produkt_filter-evenement-salon produkt_filter-mobile produkt_filter-a-lexterieur produkt_filter-permanente produkt_filter-manifestation-dentreprise-congres produkt_filter-duree-de-mise-en-oeuvre produkt_filter-a-linterieur-et-a-lexterieur produkt_filter-impression-materiau produkt_filter-club-manifestation-sportive-et-culturelle produkt_filter-propriete-des-materiaux produkt_filter-hotel-gastronomie-fr-2 produkt_filter-points-de-vente-showroom produkt_filter-proprietes produkt_filter-domaines-dapplication produkt_filter-amenagement-dinterieurs-bureau-a-lespace-ouvert produkt_anwendung-evenement-salon-exposition produkt_anwendung-manifestation-dentreprise-congres produkt_anwendung-club-manifestation-sportive-et-culturelle produkt_anwendung-points-de-vente-showroom-construction-de-magasins produkt_anwendung-hotel-gastronomie produkt_anwendung-amenagement-dinterieurs-espace-ouvert produkt_material-film-pvc-transparent produkt_groesse-autres-formats-disponibles-sur-demande-3 produkt_groesse-180-200-cm-fr produkt_groesse-200-180-cm-fr produkt_groesse-130-150-cm produkt_groesse-130-200-cm-fr produkt_groesse-180-150-cm produkt__konfektion-passe-poil\" role=\"listitem\">\n\t\t\t\t<a class=\"elementor-post__thumbnail__link\" href=\"https:\/\/flagprint.ch\/fr\/produits\/paroi-de-protection-mobile-protectionframe\/\" tabindex=\"-1\" >\n\t\t\t<div class=\"elementor-post__thumbnail\"><img loading=\"lazy\" decoding=\"async\" width=\"768\" height=\"288\" src=\"https:\/\/flagprint.ch\/wp-content\/uploads\/2020\/05\/produkte-mobile-schutzwand-protectionframe-schutzfolie-1-768x288.png\" class=\"attachment-medium_large size-medium_large wp-image-10658\" alt=\"\" srcset=\"https:\/\/flagprint.ch\/wp-content\/uploads\/2020\/05\/produkte-mobile-schutzwand-protectionframe-schutzfolie-1-768x288.png 768w, https:\/\/flagprint.ch\/wp-content\/uploads\/2020\/05\/produkte-mobile-schutzwand-protectionframe-schutzfolie-1-800x300.png 800w, https:\/\/flagprint.ch\/wp-content\/uploads\/2020\/05\/produkte-mobile-schutzwand-protectionframe-schutzfolie-1-1200x450.png 1200w, https:\/\/flagprint.ch\/wp-content\/uploads\/2020\/05\/produkte-mobile-schutzwand-protectionframe-schutzfolie-1-400x150.png 400w, https:\/\/flagprint.ch\/wp-content\/uploads\/2020\/05\/produkte-mobile-schutzwand-protectionframe-schutzfolie-1-1536x576.png 1536w, https:\/\/flagprint.ch\/wp-content\/uploads\/2020\/05\/produkte-mobile-schutzwand-protectionframe-schutzfolie-1.png 1600w\" sizes=\"(max-width: 768px) 100vw, 768px\" \/><\/div>\n\t\t<\/a>\n\t\t\t\t<div class=\"elementor-post__text\">\n\t\t\t\t<h2 class=\"elementor-post__title\">\n\t\t\t<a href=\"https:\/\/flagprint.ch\/fr\/produits\/paroi-de-protection-mobile-protectionframe\/\" >\n\t\t\t\tParoi de protection mobile protectionframe\t\t\t<\/a>\n\t\t<\/h2>\n\t\t\t\t<div class=\"elementor-post__excerpt\">\n\t\t\t<p>Paroi de s\u00e9paration pour la protection des clients et collaborateurs<\/p>\n\t\t<\/div>\n\t\t\t\t<\/div>\n\t\t\t\t<\/article>\n\t\t\t\t<article class=\"elementor-post elementor-grid-item post-4846 produkte type-produkte status-publish has-post-thumbnail hentry produkt_kategorie-tout produkt_kategorie-systemes-dachiffage produkt_kategorie-banderoles produkt_filter-utilisation produkt_filter-courte produkt_filter-a-linterieur produkt_filter-evenement-salon produkt_filter-duree-de-mise-en-oeuvre produkt_filter-mat produkt_filter-mobile produkt_filter-lisible-double-face produkt_filter-a-lexterieur produkt_filter-manifestation-dentreprise-congres produkt_filter-impression-materiau produkt_filter-club-manifestation-sportive-et-culturelle produkt_filter-a-linterieur-et-a-lexterieur produkt_filter-opaque-aux-regards produkt_filter-propriete-des-materiaux produkt_filter-opaque-a-la-lumiere produkt_filter-proprietes produkt_filter-points-de-vente-showroom produkt_filter-domaines-dapplication produkt_anwendung-evenement-salon-exposition produkt_anwendung-manifestation-dentreprise-congres produkt_anwendung-club-manifestation-sportive-et-culturelle produkt_anwendung-points-de-vente-showroom-construction-de-magasins produkt_material-semideko-fr produkt_material-dekotex-fr produkt_material-blockout-fr produkt_groesse-small-134-x-70-cm-o-65-cm produkt_groesse-medium-200-x-87-cm-o-85-cm produkt_groesse-large-248-x-109-cm-o-100-cm produkt__konfektion-ourlet-creux-avec-double-couture-de-securite\" role=\"listitem\">\n\t\t\t\t<a class=\"elementor-post__thumbnail__link\" href=\"https:\/\/flagprint.ch\/fr\/produits\/pop-out-banner\/\" tabindex=\"-1\" >\n\t\t\t<div class=\"elementor-post__thumbnail\"><img loading=\"lazy\" decoding=\"async\" width=\"768\" height=\"288\" src=\"https:\/\/flagprint.ch\/wp-content\/uploads\/2019\/02\/Produkte_Display_Systeme_Pop_Out_Display_Titelbild-768x288.png\" class=\"attachment-medium_large size-medium_large wp-image-3472\" alt=\"Le syst\u00e8me est petit et pliable \u00e0 plat, montage et d\u00e9montage en quelques secondes, sans outil suppl\u00e9mentaire. Convient pour toutes sortes des \u00e9v\u00e8nements.\" srcset=\"https:\/\/flagprint.ch\/wp-content\/uploads\/2019\/02\/Produkte_Display_Systeme_Pop_Out_Display_Titelbild-768x288.png 768w, https:\/\/flagprint.ch\/wp-content\/uploads\/2019\/02\/Produkte_Display_Systeme_Pop_Out_Display_Titelbild-800x300.png 800w, https:\/\/flagprint.ch\/wp-content\/uploads\/2019\/02\/Produkte_Display_Systeme_Pop_Out_Display_Titelbild-1200x450.png 1200w\" sizes=\"(max-width: 768px) 100vw, 768px\" \/><\/div>\n\t\t<\/a>\n\t\t\t\t<div class=\"elementor-post__text\">\n\t\t\t\t<h2 class=\"elementor-post__title\">\n\t\t\t<a href=\"https:\/\/flagprint.ch\/fr\/produits\/pop-out-banner\/\" >\n\t\t\t\tPop Out Banner\t\t\t<\/a>\n\t\t<\/h2>\n\t\t\t\t<div class=\"elementor-post__excerpt\">\n\t\t\t<p>Montage extr\u00eamement rapide gr\u00e2ce au cadre en fibres de verre<\/p>\n\t\t<\/div>\n\t\t\t\t<\/div>\n\t\t\t\t<\/article>\n\t\t\t\t<article class=\"elementor-post elementor-grid-item post-4850 produkte type-produkte status-publish has-post-thumbnail hentry produkt_kategorie-tout produkt_kategorie-systemes-dachiffage produkt_kategorie-exposition-event produkt_filter-utilisation produkt_filter-une-face produkt_filter-evenement-salon produkt_filter-courte produkt_filter-a-linterieur produkt_filter-manifestation-dentreprise-congres produkt_filter-duree-de-mise-en-oeuvre produkt_filter-permanente produkt_filter-mat produkt_filter-mobile produkt_filter-impression-materiau produkt_filter-opaque-aux-regards produkt_filter-hotel-gastronomie-fr-2 produkt_filter-propriete-des-materiaux produkt_filter-opaque-a-la-lumiere produkt_filter-proprietes produkt_filter-domaines-dapplication produkt_anwendung-evenement-salon-exposition produkt_anwendung-manifestation-dentreprise-congres produkt_anwendung-hotel-gastronomie produkt_material-dekotex-fr produkt_material-blockout-fr produkt_groesse-224-224-34-cm-fr produkt_groesse-151-224-34-cm-fr produkt__konfektion-passe-poil\" role=\"listitem\">\n\t\t\t\t<a class=\"elementor-post__thumbnail__link\" href=\"https:\/\/flagprint.ch\/fr\/produits\/pop-up-frame\/\" tabindex=\"-1\" >\n\t\t\t<div class=\"elementor-post__thumbnail\"><img loading=\"lazy\" decoding=\"async\" width=\"768\" height=\"288\" src=\"https:\/\/flagprint.ch\/wp-content\/uploads\/2019\/02\/Produkte_Display_Systeme_Pop_Up_Frame_Titelbild-768x288.png\" class=\"attachment-medium_large size-medium_large wp-image-3474\" alt=\"Le textile imprim\u00e9 est tendu sur le support l\u00e9ger en aluminium au moyen d\u2019une bande Velcro. Avec quelques gestes, il se pr\u00eate au montage et au pliage.\" srcset=\"https:\/\/flagprint.ch\/wp-content\/uploads\/2019\/02\/Produkte_Display_Systeme_Pop_Up_Frame_Titelbild-768x288.png 768w, https:\/\/flagprint.ch\/wp-content\/uploads\/2019\/02\/Produkte_Display_Systeme_Pop_Up_Frame_Titelbild-800x300.png 800w, https:\/\/flagprint.ch\/wp-content\/uploads\/2019\/02\/Produkte_Display_Systeme_Pop_Up_Frame_Titelbild-1200x450.png 1200w, https:\/\/flagprint.ch\/wp-content\/uploads\/2019\/02\/Produkte_Display_Systeme_Pop_Up_Frame_Titelbild.png 1600w\" sizes=\"(max-width: 768px) 100vw, 768px\" \/><\/div>\n\t\t<\/a>\n\t\t\t\t<div class=\"elementor-post__text\">\n\t\t\t\t<h2 class=\"elementor-post__title\">\n\t\t\t<a href=\"https:\/\/flagprint.ch\/fr\/produits\/pop-up-frame\/\" >\n\t\t\t\tPop Up Frame\t\t\t<\/a>\n\t\t<\/h2>\n\t\t\t\t<div class=\"elementor-post__excerpt\">\n\t\t\t<p>Mise en place super rapide gr\u00e2ce au syst\u00e8me de pliage en ciseau qui s\u2019\u00e9tire facilement en quelques tours de main<\/p>\n\t\t<\/div>\n\t\t\t\t<\/div>\n\t\t\t\t<\/article>\n\t\t\t\t<article class=\"elementor-post elementor-grid-item post-5627 produkte type-produkte status-publish has-post-thumbnail hentry produkt_kategorie-tout produkt_kategorie-systemes-dachiffage produkt_kategorie-affichages-eclaires produkt_kategorie-exposition-event produkt_filter-utilisation produkt_filter-a-linterieur produkt_filter-lumineux produkt_filter-une-face produkt_filter-evenement-salon produkt_filter-courte produkt_filter-permanente produkt_filter-manifestation-dentreprise-congres produkt_filter-duree-de-mise-en-oeuvre produkt_filter-mat produkt_filter-mobile produkt_filter-impression-materiau produkt_filter-club-manifestation-sportive-et-culturelle produkt_filter-hotel-gastronomie-fr-2 produkt_filter-propriete-des-materiaux produkt_filter-proprietes produkt_filter-points-de-vente-showroom produkt_filter-opaque-a-la-lumiere produkt_filter-domaines-dapplication produkt_filter-amenagement-dinterieurs-bureau-a-lespace-ouvert produkt_anwendung-evenement-salon-exposition produkt_anwendung-manifestation-dentreprise-congres produkt_anwendung-club-manifestation-sportive-et-culturelle produkt_anwendung-points-de-vente-showroom-construction-de-magasins produkt_anwendung-hotel-gastronomie produkt_anwendung-amenagement-dinterieurs-espace-ouvert produkt_material-backlight-premium-fr produkt_groesse-224-224-37-5-cm-fr produkt_groesse-151-224-37-5-cm-fr produkt__konfektion-passe-poil\" role=\"listitem\">\n\t\t\t\t<a class=\"elementor-post__thumbnail__link\" href=\"https:\/\/flagprint.ch\/fr\/produits\/pop-up-lightbox\/\" tabindex=\"-1\" >\n\t\t\t<div class=\"elementor-post__thumbnail\"><img loading=\"lazy\" decoding=\"async\" width=\"768\" height=\"288\" src=\"https:\/\/flagprint.ch\/wp-content\/uploads\/2019\/02\/Display-Systeme-Pop-Up-Lightbox-2-768x288.png\" class=\"attachment-medium_large size-medium_large wp-image-6039\" alt=\"Un \u00e9clairage LED vous permet de mettre votre panneau pliable en valeur. Quelques gestes suffisent pour le monter et le d\u00e9monter.\" srcset=\"https:\/\/flagprint.ch\/wp-content\/uploads\/2019\/02\/Display-Systeme-Pop-Up-Lightbox-2-768x288.png 768w, https:\/\/flagprint.ch\/wp-content\/uploads\/2019\/02\/Display-Systeme-Pop-Up-Lightbox-2-800x300.png 800w, https:\/\/flagprint.ch\/wp-content\/uploads\/2019\/02\/Display-Systeme-Pop-Up-Lightbox-2-1200x450.png 1200w, https:\/\/flagprint.ch\/wp-content\/uploads\/2019\/02\/Display-Systeme-Pop-Up-Lightbox-2.png 1600w\" sizes=\"(max-width: 768px) 100vw, 768px\" \/><\/div>\n\t\t<\/a>\n\t\t\t\t<div class=\"elementor-post__text\">\n\t\t\t\t<h2 class=\"elementor-post__title\">\n\t\t\t<a href=\"https:\/\/flagprint.ch\/fr\/produits\/pop-up-lightbox\/\" >\n\t\t\t\tPop Up Lightbox\t\t\t<\/a>\n\t\t<\/h2>\n\t\t\t\t<div class=\"elementor-post__excerpt\">\n\t\t\t<p>Un panneau pliable \u00e9clair\u00e9 vous permettra d&rsquo;apporter une touche d&rsquo;originalit\u00e9<\/p>\n\t\t<\/div>\n\t\t\t\t<\/div>\n\t\t\t\t<\/article>\n\t\t\t\t<article class=\"elementor-post elementor-grid-item post-4945 produkte type-produkte status-publish has-post-thumbnail hentry produkt_kategorie-tout produkt_kategorie-special produkt_filter-courte produkt_filter-utilisation produkt_filter-a-linterieur produkt_filter-une-face produkt_filter-evenement-salon produkt_filter-permanente produkt_filter-duree-de-mise-en-oeuvre produkt_filter-mat produkt_filter-club-manifestation-sportive-et-culturelle produkt_filter-impression-materiau produkt_filter-propriete-des-materiaux produkt_filter-hotel-gastronomie-fr-2 produkt_filter-domaines-dapplication produkt_anwendung-evenement-salon-exposition produkt_anwendung-club-manifestation-sportive-et-culturelle produkt_anwendung-hotel-gastronomie produkt_material-semisatin-premium-fr produkt_groesse-largeur-maximale-195-cm-longueur-au-choix produkt__konfektion-coupe-au-cutter\" role=\"listitem\">\n\t\t\t\t<a class=\"elementor-post__thumbnail__link\" href=\"https:\/\/flagprint.ch\/fr\/produits\/revetement-de-table-de-jeu\/\" tabindex=\"-1\" >\n\t\t\t<div class=\"elementor-post__thumbnail\"><img loading=\"lazy\" decoding=\"async\" width=\"768\" height=\"288\" src=\"https:\/\/flagprint.ch\/wp-content\/uploads\/2019\/02\/Produkte_Specials_Spieltischlayouts_Titelbild-768x288.png\" class=\"attachment-medium_large size-medium_large wp-image-3611\" alt=\"Rev\u00eatements individualis\u00e9s pour casinos dans une qualit\u00e9 des plus \u00e9lev\u00e9es. Les tables de jeu de roulette, de poker et de black-jack.\" srcset=\"https:\/\/flagprint.ch\/wp-content\/uploads\/2019\/02\/Produkte_Specials_Spieltischlayouts_Titelbild-768x288.png 768w, https:\/\/flagprint.ch\/wp-content\/uploads\/2019\/02\/Produkte_Specials_Spieltischlayouts_Titelbild-800x300.png 800w, https:\/\/flagprint.ch\/wp-content\/uploads\/2019\/02\/Produkte_Specials_Spieltischlayouts_Titelbild-1200x450.png 1200w, https:\/\/flagprint.ch\/wp-content\/uploads\/2019\/02\/Produkte_Specials_Spieltischlayouts_Titelbild.png 1600w\" sizes=\"(max-width: 768px) 100vw, 768px\" \/><\/div>\n\t\t<\/a>\n\t\t\t\t<div class=\"elementor-post__text\">\n\t\t\t\t<h2 class=\"elementor-post__title\">\n\t\t\t<a href=\"https:\/\/flagprint.ch\/fr\/produits\/revetement-de-table-de-jeu\/\" >\n\t\t\t\tRevetement de table de jeu\t\t\t<\/a>\n\t\t<\/h2>\n\t\t\t\t<div class=\"elementor-post__excerpt\">\n\t\t\t<p>Housses individuelles pour tables de jeu de qualit\u00e9 sup\u00e9rieure<\/p>\n\t\t<\/div>\n\t\t\t\t<\/div>\n\t\t\t\t<\/article>\n\t\t\t\t<article class=\"elementor-post elementor-grid-item post-4993 produkte type-produkte status-publish has-post-thumbnail hentry produkt_kategorie-tout produkt_kategorie-interieur produkt_filter-utilisation produkt_filter-a-linterieur produkt_filter-une-face produkt_filter-evenement-salon produkt_filter-brillant produkt_filter-permanente produkt_filter-duree-de-mise-en-oeuvre produkt_filter-mat produkt_filter-impression-materiau produkt_filter-legerement-transparent produkt_filter-propriete-des-materiaux produkt_filter-hotel-gastronomie-fr-2 produkt_filter-opaque-aux-regards produkt_filter-opaque-a-la-lumiere produkt_filter-points-de-vente-showroom produkt_filter-domaines-dapplication produkt_filter-amenagement-dinterieurs-bureau-a-lespace-ouvert produkt_anwendung-evenement-salon-exposition produkt_anwendung-points-de-vente-showroom-construction-de-magasins produkt_anwendung-hotel-gastronomie produkt_anwendung-amenagement-dinterieurs-espace-ouvert produkt_material-jetflag-fr produkt_material-semideko-fr produkt_material-dekotex-fr produkt_material-blockout-fr produkt_material-semisatin-premium-fr produkt_groesse-au-choix produkt__konfektion-double-ourlet\" role=\"listitem\">\n\t\t\t\t<a class=\"elementor-post__thumbnail__link\" href=\"https:\/\/flagprint.ch\/fr\/produits\/rideau\/\" tabindex=\"-1\" >\n\t\t\t<div class=\"elementor-post__thumbnail\"><img loading=\"lazy\" decoding=\"async\" width=\"768\" height=\"288\" src=\"https:\/\/flagprint.ch\/wp-content\/uploads\/2019\/02\/raumdesign-vorhang-indoor-768x288.png\" class=\"attachment-medium_large size-medium_large wp-image-4856\" alt=\"La libert\u00e9 de conception du rideau d\u00e9bute d\u00e8s le choix de la mati\u00e8re de base. S\u00e9lectionnez dans la gamme Flagprint un tissu \u00e0 votre go\u00fbt.\" srcset=\"https:\/\/flagprint.ch\/wp-content\/uploads\/2019\/02\/raumdesign-vorhang-indoor-768x288.png 768w, https:\/\/flagprint.ch\/wp-content\/uploads\/2019\/02\/raumdesign-vorhang-indoor-800x300.png 800w, https:\/\/flagprint.ch\/wp-content\/uploads\/2019\/02\/raumdesign-vorhang-indoor-1200x450.png 1200w, https:\/\/flagprint.ch\/wp-content\/uploads\/2019\/02\/raumdesign-vorhang-indoor.png 1600w\" sizes=\"(max-width: 768px) 100vw, 768px\" \/><\/div>\n\t\t<\/a>\n\t\t\t\t<div class=\"elementor-post__text\">\n\t\t\t\t<h2 class=\"elementor-post__title\">\n\t\t\t<a href=\"https:\/\/flagprint.ch\/fr\/produits\/rideau\/\" >\n\t\t\t\tRideau\t\t\t<\/a>\n\t\t<\/h2>\n\t\t\t\t<div class=\"elementor-post__excerpt\">\n\t\t\t<p>Rideau personnalis\u00e9: id\u00e9al pour rafra\u00eechir votre d\u00e9coration d&rsquo;int\u00e9rieur<\/p>\n\t\t<\/div>\n\t\t\t\t<\/div>\n\t\t\t\t<\/article>\n\t\t\t\t<article class=\"elementor-post elementor-grid-item post-4776 produkte type-produkte status-publish has-post-thumbnail hentry produkt_kategorie-tout produkt_kategorie-point-de-vente produkt_kategorie-interieur produkt_filter-utilisation produkt_filter-brillant produkt_filter-a-linterieur produkt_filter-evenement-salon produkt_filter-une-face produkt_filter-permanente produkt_filter-duree-de-mise-en-oeuvre produkt_filter-mat produkt_filter-impression-materiau produkt_filter-legerement-transparent produkt_filter-double-face-avec-impression-penetrante produkt_filter-propriete-des-materiaux produkt_filter-hotel-gastronomie-fr-2 produkt_filter-opaque-aux-regards produkt_filter-opaque-a-la-lumiere produkt_filter-points-de-vente-showroom produkt_filter-amenagement-dinterieurs-bureau-a-lespace-ouvert produkt_filter-domaines-dapplication produkt_anwendung-evenement-salon-exposition produkt_anwendung-points-de-vente-showroom-construction-de-magasins produkt_anwendung-hotel-gastronomie produkt_anwendung-amenagement-dinterieurs-espace-ouvert produkt_material-jetflag-fr produkt_material-semideko-fr produkt_material-dekotex-fr produkt_material-blockout-fr produkt_material-satinette-fr produkt_groesse-au-choix produkt__konfektion-ourlet-creux-simple produkt__konfektion-coupe-au-fer-chaud produkt__konfektion-coupe-au-cutter produkt__konfektion-velcro\" role=\"listitem\">\n\t\t\t\t<a class=\"elementor-post__thumbnail__link\" href=\"https:\/\/flagprint.ch\/fr\/produits\/rideau-plat\/\" tabindex=\"-1\" >\n\t\t\t<div class=\"elementor-post__thumbnail\"><img loading=\"lazy\" decoding=\"async\" width=\"768\" height=\"288\" src=\"https:\/\/flagprint.ch\/wp-content\/uploads\/2019\/02\/Produkte_Shop_POS_Flachvorhang_Titelbild-768x288.png\" class=\"attachment-medium_large size-medium_large wp-image-3583\" alt=\"Le rideau plat, en haut, sur le rail de rideau qui peut \u00eatre d\u00e9plac\u00e9, d\u2019un c\u00f4t\u00e9 \u00e0 l\u2019autre dans le syst\u00e8me de profil\u00e9s simples ou multiples.\" srcset=\"https:\/\/flagprint.ch\/wp-content\/uploads\/2019\/02\/Produkte_Shop_POS_Flachvorhang_Titelbild-768x288.png 768w, https:\/\/flagprint.ch\/wp-content\/uploads\/2019\/02\/Produkte_Shop_POS_Flachvorhang_Titelbild-800x300.png 800w, https:\/\/flagprint.ch\/wp-content\/uploads\/2019\/02\/Produkte_Shop_POS_Flachvorhang_Titelbild-1200x450.png 1200w, https:\/\/flagprint.ch\/wp-content\/uploads\/2019\/02\/Produkte_Shop_POS_Flachvorhang_Titelbild.png 1600w\" sizes=\"(max-width: 768px) 100vw, 768px\" \/><\/div>\n\t\t<\/a>\n\t\t\t\t<div class=\"elementor-post__text\">\n\t\t\t\t<h2 class=\"elementor-post__title\">\n\t\t\t<a href=\"https:\/\/flagprint.ch\/fr\/produits\/rideau-plat\/\" >\n\t\t\t\tRideau plat\t\t\t<\/a>\n\t\t<\/h2>\n\t\t\t\t<div class=\"elementor-post__excerpt\">\n\t\t\t<p>Rideau imprim\u00e9 avec un design individuel<\/p>\n\t\t<\/div>\n\t\t\t\t<\/div>\n\t\t\t\t<\/article>\n\t\t\t\t<article class=\"elementor-post elementor-grid-item post-4931 produkte type-produkte status-publish has-post-thumbnail hentry produkt_kategorie-tout produkt_kategorie-systemes-dachiffage produkt_kategorie-point-de-vente produkt_kategorie-exposition-event produkt_filter-utilisation produkt_filter-a-linterieur produkt_filter-une-face produkt_filter-evenement-salon produkt_filter-courte produkt_filter-manifestation-dentreprise-congres produkt_filter-mobile produkt_filter-duree-de-mise-en-oeuvre produkt_filter-permanente produkt_filter-mat produkt_filter-lisible-double-face produkt_filter-club-manifestation-sportive-et-culturelle produkt_filter-impression-materiau produkt_filter-hotel-gastronomie-fr-2 produkt_filter-opaque-aux-regards produkt_filter-propriete-des-materiaux produkt_filter-points-de-vente-showroom produkt_filter-opaque-a-la-lumiere produkt_filter-proprietes produkt_filter-domaines-dapplication produkt_anwendung-evenement-salon-exposition produkt_anwendung-manifestation-dentreprise-congres produkt_anwendung-club-manifestation-sportive-et-culturelle produkt_anwendung-points-de-vente-showroom-construction-de-magasins produkt_anwendung-hotel-gastronomie produkt_material-dekotex-fr produkt_material-blockout-fr produkt_groesse-autres-formats-disponibles-sur-demande produkt_groesse-80-200-cm-fr produkt_groesse-100-200-cm-fr produkt__konfektion-coupe-au-cutter\" role=\"listitem\">\n\t\t\t\t<a class=\"elementor-post__thumbnail__link\" href=\"https:\/\/flagprint.ch\/fr\/produits\/roll-up\/\" tabindex=\"-1\" >\n\t\t\t<div class=\"elementor-post__thumbnail\"><img loading=\"lazy\" decoding=\"async\" width=\"768\" height=\"288\" src=\"https:\/\/flagprint.ch\/wp-content\/uploads\/2019\/02\/Produkte_Display_Systeme_Rollup_Titelbild-768x288.png\" class=\"attachment-medium_large size-medium_large wp-image-3478\" alt=\"Roll Up - un syst\u00e8me d\u2019affichage populaire, avec armature en aluminum robuste, qui peut \u00eatre mont\u00e9 en l\u2019espace de quelques secondes.\" srcset=\"https:\/\/flagprint.ch\/wp-content\/uploads\/2019\/02\/Produkte_Display_Systeme_Rollup_Titelbild-768x288.png 768w, https:\/\/flagprint.ch\/wp-content\/uploads\/2019\/02\/Produkte_Display_Systeme_Rollup_Titelbild-800x300.png 800w, https:\/\/flagprint.ch\/wp-content\/uploads\/2019\/02\/Produkte_Display_Systeme_Rollup_Titelbild-1200x450.png 1200w, https:\/\/flagprint.ch\/wp-content\/uploads\/2019\/02\/Produkte_Display_Systeme_Rollup_Titelbild.png 1600w\" sizes=\"(max-width: 768px) 100vw, 768px\" \/><\/div>\n\t\t<\/a>\n\t\t\t\t<div class=\"elementor-post__text\">\n\t\t\t\t<h2 class=\"elementor-post__title\">\n\t\t\t<a href=\"https:\/\/flagprint.ch\/fr\/produits\/roll-up\/\" >\n\t\t\t\tRoll Up\t\t\t<\/a>\n\t\t<\/h2>\n\t\t\t\t<div class=\"elementor-post__excerpt\">\n\t\t\t<p>Display avec armature en aluminum robuste &#8211; montage rapide et facile<\/p>\n\t\t<\/div>\n\t\t\t\t<\/div>\n\t\t\t\t<\/article>\n\t\t\t\t<article class=\"elementor-post elementor-grid-item post-4863 produkte type-produkte status-publish has-post-thumbnail hentry produkt_kategorie-tout produkt_kategorie-point-de-vente produkt_kategorie-interieur produkt_filter-une-face produkt_filter-evenement-salon produkt_filter-utilisation produkt_filter-a-linterieur produkt_filter-brillant produkt_filter-duree-de-mise-en-oeuvre produkt_filter-permanente produkt_filter-mat produkt_filter-lisible-double-face produkt_filter-double-face-avec-impression-penetrante produkt_filter-legerement-transparent produkt_filter-impression-materiau produkt_filter-opaque-aux-regards produkt_filter-hotel-gastronomie-fr-2 produkt_filter-propriete-des-materiaux produkt_filter-opaque-a-la-lumiere produkt_filter-points-de-vente-showroom produkt_filter-domaines-dapplication produkt_filter-amenagement-dinterieurs-bureau-a-lespace-ouvert produkt_anwendung-evenement-salon-exposition produkt_anwendung-points-de-vente-showroom-construction-de-magasins produkt_anwendung-hotel-gastronomie produkt_anwendung-amenagement-dinterieurs-espace-ouvert produkt_material-jetflag-fr produkt_material-semideko-fr produkt_material-dekotex-fr produkt_material-blockout-fr produkt_material-satinette-fr produkt_material-voile-fr produkt_groesse-au-choix produkt__konfektion-ourlet-creux-simple produkt__konfektion-ourlet-creux-avec-baton-en-bois produkt__konfektion-ourlet-creux-avec-tube-en-alu produkt__konfektion-coupe-au-fer-chaud produkt__konfektion-coupe-au-cutter\" role=\"listitem\">\n\t\t\t\t<a class=\"elementor-post__thumbnail__link\" href=\"https:\/\/flagprint.ch\/fr\/produits\/separateur-despaces\/\" tabindex=\"-1\" >\n\t\t\t<div class=\"elementor-post__thumbnail\"><img loading=\"lazy\" decoding=\"async\" width=\"768\" height=\"288\" src=\"https:\/\/flagprint.ch\/wp-content\/uploads\/2019\/02\/Produkte_Shop_POS_Raumtrenner_Titelbild-768x288.png\" class=\"attachment-medium_large size-medium_large wp-image-3587\" alt=\"Les s\u00e9parateurs d\u2019espaces conviennent parfaitement en tant que s\u00e9paration visuelle ou en tant que partie d\u2019un am\u00e9nagement de l\u2019espace.\" srcset=\"https:\/\/flagprint.ch\/wp-content\/uploads\/2019\/02\/Produkte_Shop_POS_Raumtrenner_Titelbild-768x288.png 768w, https:\/\/flagprint.ch\/wp-content\/uploads\/2019\/02\/Produkte_Shop_POS_Raumtrenner_Titelbild-800x300.png 800w, https:\/\/flagprint.ch\/wp-content\/uploads\/2019\/02\/Produkte_Shop_POS_Raumtrenner_Titelbild-1200x450.png 1200w, https:\/\/flagprint.ch\/wp-content\/uploads\/2019\/02\/Produkte_Shop_POS_Raumtrenner_Titelbild.png 1600w\" sizes=\"(max-width: 768px) 100vw, 768px\" \/><\/div>\n\t\t<\/a>\n\t\t\t\t<div class=\"elementor-post__text\">\n\t\t\t\t<h2 class=\"elementor-post__title\">\n\t\t\t<a href=\"https:\/\/flagprint.ch\/fr\/produits\/separateur-despaces\/\" >\n\t\t\t\tSeparateur d&rsquo;espaces\t\t\t<\/a>\n\t\t<\/h2>\n\t\t\t\t<div class=\"elementor-post__excerpt\">\n\t\t\t<p>S\u00e9paration de surface, impression individuelle, suspension au plafond<\/p>\n\t\t<\/div>\n\t\t\t\t<\/div>\n\t\t\t\t<\/article>\n\t\t\t\t<article class=\"elementor-post elementor-grid-item post-42298 produkte type-produkte status-publish has-post-thumbnail hentry produkt_kategorie-tout produkt_kategorie-banderoles produkt_kategorie-point-de-vente produkt_kategorie-exposition-event produkt_kategorie-interieur produkt_filter-utilisation produkt_filter-une-face produkt_filter-a-linterieur produkt_filter-brillant produkt_filter-evenement-salon produkt_filter-courte produkt_filter-lisible-double-face produkt_filter-permanente produkt_filter-mat produkt_filter-duree-de-mise-en-oeuvre produkt_filter-legerement-transparent produkt_filter-impression-materiau produkt_filter-double-face-avec-impression-penetrante produkt_filter-propriete-des-materiaux produkt_filter-hotel-gastronomie-fr-2 produkt_filter-opaque-aux-regards produkt_filter-points-de-vente-showroom produkt_filter-opaque-a-la-lumiere produkt_filter-amenagement-dinterieurs-bureau-a-lespace-ouvert produkt_filter-domaines-dapplication produkt_anwendung-evenement-salon-exposition produkt_anwendung-points-de-vente-showroom-construction-de-magasins produkt_anwendung-hotel-gastronomie produkt_anwendung-amenagement-dinterieurs-espace-ouvert\" role=\"listitem\">\n\t\t\t\t<a class=\"elementor-post__thumbnail__link\" href=\"https:\/\/flagprint.ch\/fr\/produits\/store-enrouleur-store-fenetre-store-occultant-store-protection-solaire\/\" tabindex=\"-1\" >\n\t\t\t<div class=\"elementor-post__thumbnail\"><img loading=\"lazy\" decoding=\"async\" width=\"768\" height=\"288\" src=\"https:\/\/flagprint.ch\/wp-content\/uploads\/2026\/03\/Produkte_Shop_POS_Rollo_NEU_Titelbild-768x288.png\" class=\"attachment-medium_large size-medium_large wp-image-42315\" alt=\"\" srcset=\"https:\/\/flagprint.ch\/wp-content\/uploads\/2026\/03\/Produkte_Shop_POS_Rollo_NEU_Titelbild-768x288.png 768w, https:\/\/flagprint.ch\/wp-content\/uploads\/2026\/03\/Produkte_Shop_POS_Rollo_NEU_Titelbild-800x300.png 800w, https:\/\/flagprint.ch\/wp-content\/uploads\/2026\/03\/Produkte_Shop_POS_Rollo_NEU_Titelbild-1200x450.png 1200w, https:\/\/flagprint.ch\/wp-content\/uploads\/2026\/03\/Produkte_Shop_POS_Rollo_NEU_Titelbild-400x150.png 400w, https:\/\/flagprint.ch\/wp-content\/uploads\/2026\/03\/Produkte_Shop_POS_Rollo_NEU_Titelbild.png 1280w\" sizes=\"(max-width: 768px) 100vw, 768px\" \/><\/div>\n\t\t<\/a>\n\t\t\t\t<div class=\"elementor-post__text\">\n\t\t\t\t<h2 class=\"elementor-post__title\">\n\t\t\t<a href=\"https:\/\/flagprint.ch\/fr\/produits\/store-enrouleur-store-fenetre-store-occultant-store-protection-solaire\/\" >\n\t\t\t\tStore enrouleur, store fen\u00eatre\t\t\t<\/a>\n\t\t<\/h2>\n\t\t\t\t<div class=\"elementor-post__excerpt\">\n\t\t\t<p>Store enrouleur et store fen\u00eatre sur mesure pour une protection visuelle et solaire optimale.<\/p>\n\t\t<\/div>\n\t\t\t\t<\/div>\n\t\t\t\t<\/article>\n\t\t\t\t<article class=\"elementor-post elementor-grid-item post-42277 produkte type-produkte status-publish has-post-thumbnail hentry produkt_kategorie-tout produkt_kategorie-point-de-vente produkt_kategorie-exposition-event produkt_kategorie-interieur produkt_kategorie-acoustique-spatiale produkt_kategorie-special produkt_filter-utilisation produkt_filter-a-linterieur produkt_filter-brillant produkt_filter-evenement-salon produkt_filter-courte produkt_filter-permanente produkt_filter-mat produkt_filter-duree-de-mise-en-oeuvre produkt_filter-absorption-acoustique produkt_filter-legerement-transparent produkt_filter-hotel-gastronomie-fr-2 produkt_filter-opaque-aux-regards produkt_filter-propriete-des-materiaux produkt_filter-proprietes produkt_filter-points-de-vente-showroom produkt_filter-opaque-a-la-lumiere produkt_filter-amenagement-dinterieurs-bureau-a-lespace-ouvert produkt_filter-domaines-dapplication produkt_anwendung-evenement-salon-exposition produkt_anwendung-points-de-vente-showroom-construction-de-magasins produkt_anwendung-hotel-gastronomie produkt_anwendung-amenagement-dinterieurs-espace-ouvert produkt_groesse-largeurs-de-150-200-et-250-cm produkt_groesse-hauteurs-de-75-100-et-125-cm produkt__konfektion-ourlet-creux-avec-tube-en-alu produkt__konfektion-oeillets-en-metal\" role=\"listitem\">\n\t\t\t\t<a class=\"elementor-post__thumbnail__link\" href=\"https:\/\/flagprint.ch\/fr\/produits\/storeplisse-plisse\/\" tabindex=\"-1\" >\n\t\t\t<div class=\"elementor-post__thumbnail\"><img loading=\"lazy\" decoding=\"async\" width=\"768\" height=\"288\" src=\"https:\/\/flagprint.ch\/wp-content\/uploads\/2026\/03\/Produkte_Shop_POS_Plissee_Titelbild-1-768x288.png\" class=\"attachment-medium_large size-medium_large wp-image-42322\" alt=\"\" srcset=\"https:\/\/flagprint.ch\/wp-content\/uploads\/2026\/03\/Produkte_Shop_POS_Plissee_Titelbild-1-768x288.png 768w, https:\/\/flagprint.ch\/wp-content\/uploads\/2026\/03\/Produkte_Shop_POS_Plissee_Titelbild-1-800x300.png 800w, https:\/\/flagprint.ch\/wp-content\/uploads\/2026\/03\/Produkte_Shop_POS_Plissee_Titelbild-1-1200x450.png 1200w, https:\/\/flagprint.ch\/wp-content\/uploads\/2026\/03\/Produkte_Shop_POS_Plissee_Titelbild-1-400x150.png 400w, https:\/\/flagprint.ch\/wp-content\/uploads\/2026\/03\/Produkte_Shop_POS_Plissee_Titelbild-1-1536x576.png 1536w, https:\/\/flagprint.ch\/wp-content\/uploads\/2026\/03\/Produkte_Shop_POS_Plissee_Titelbild-1.png 1600w\" sizes=\"(max-width: 768px) 100vw, 768px\" \/><\/div>\n\t\t<\/a>\n\t\t\t\t<div class=\"elementor-post__text\">\n\t\t\t\t<h2 class=\"elementor-post__title\">\n\t\t\t<a href=\"https:\/\/flagprint.ch\/fr\/produits\/storeplisse-plisse\/\" >\n\t\t\t\tStore pliss\u00e9\t\t\t<\/a>\n\t\t<\/h2>\n\t\t\t\t<div class=\"elementor-post__excerpt\">\n\t\t\t<p>Store pliss\u00e9 sur mesure pour une protection visuelle et solaire optimale.<\/p>\n\t\t<\/div>\n\t\t\t\t<\/div>\n\t\t\t\t<\/article>\n\t\t\t\t<article class=\"elementor-post elementor-grid-item post-4642 produkte type-produkte status-publish has-post-thumbnail hentry produkt_kategorie-tout produkt_kategorie-banderoles produkt_kategorie-point-de-vente produkt_kategorie-exposition-event produkt_filter-utilisation produkt_filter-courte produkt_filter-evenement-salon produkt_filter-a-linterieur produkt_filter-une-face produkt_filter-permanente produkt_filter-manifestation-dentreprise-congres produkt_filter-duree-de-mise-en-oeuvre produkt_filter-mat produkt_filter-mobile produkt_filter-lisible-double-face produkt_filter-legerement-transparent produkt_filter-double-face-avec-impression-penetrante produkt_filter-impression-materiau produkt_filter-opaque-aux-regards produkt_filter-propriete-des-materiaux produkt_filter-hotel-gastronomie-fr-2 produkt_filter-proprietes produkt_filter-points-de-vente-showroom produkt_filter-opaque-a-la-lumiere produkt_filter-domaines-dapplication produkt_filter-place-publique-batiment-public-rue produkt_anwendung-evenement-salon-exposition produkt_anwendung-manifestation-dentreprise-congres produkt_anwendung-points-de-vente-showroom-construction-de-magasins produkt_anwendung-hotel-gastronomie produkt_anwendung-place-publique-batiment-public-rue produkt_material-jetflag-fr produkt_material-semideko-fr produkt_material-dekotex-fr produkt_material-blockout-fr produkt_groesse-largeurs-de-150-200-et-250-cm produkt_groesse-hauteurs-de-75-100-et-125-cm produkt__konfektion-ourlet-creux-avec-tube-en-alu produkt__konfektion-oeillets-en-metal\" role=\"listitem\">\n\t\t\t\t<a class=\"elementor-post__thumbnail__link\" href=\"https:\/\/flagprint.ch\/fr\/produits\/systemes-de-direction-de-personnes\/\" tabindex=\"-1\" >\n\t\t\t<div class=\"elementor-post__thumbnail\"><img loading=\"lazy\" decoding=\"async\" width=\"768\" height=\"288\" src=\"https:\/\/flagprint.ch\/wp-content\/uploads\/2019\/02\/Produkte_Werbebanner_Absperrband_Personenleitsystem_Titelbild-768x288.png\" class=\"attachment-medium_large size-medium_large wp-image-3618\" alt=\"Flexibles Absperrband, Personenleitsystem und Besucherleitsystem geeignet f\u00fcr Events, Messen und Ausstellungen. Einfach zusammensteckbar.\" srcset=\"https:\/\/flagprint.ch\/wp-content\/uploads\/2019\/02\/Produkte_Werbebanner_Absperrband_Personenleitsystem_Titelbild-768x288.png 768w, https:\/\/flagprint.ch\/wp-content\/uploads\/2019\/02\/Produkte_Werbebanner_Absperrband_Personenleitsystem_Titelbild-800x300.png 800w, https:\/\/flagprint.ch\/wp-content\/uploads\/2019\/02\/Produkte_Werbebanner_Absperrband_Personenleitsystem_Titelbild-1200x450.png 1200w, https:\/\/flagprint.ch\/wp-content\/uploads\/2019\/02\/Produkte_Werbebanner_Absperrband_Personenleitsystem_Titelbild.png 1600w\" sizes=\"(max-width: 768px) 100vw, 768px\" \/><\/div>\n\t\t<\/a>\n\t\t\t\t<div class=\"elementor-post__text\">\n\t\t\t\t<h2 class=\"elementor-post__title\">\n\t\t\t<a href=\"https:\/\/flagprint.ch\/fr\/produits\/systemes-de-direction-de-personnes\/\" >\n\t\t\t\tSyst\u00e8mes de direction de personnes\t\t\t<\/a>\n\t\t<\/h2>\n\t\t\t\t<div class=\"elementor-post__excerpt\">\n\t\t\t<p>Syst\u00e8mes de direction flexible de visiteurs pour manifestations et expositions<\/p>\n\t\t<\/div>\n\t\t\t\t<\/div>\n\t\t\t\t<\/article>\n\t\t\t\t<article class=\"elementor-post elementor-grid-item post-4786 produkte type-produkte status-publish has-post-thumbnail hentry produkt_kategorie-tout produkt_kategorie-special produkt_filter-utilisation produkt_filter-evenement-salon produkt_filter-une-face produkt_filter-courte produkt_filter-brillant produkt_filter-a-linterieur produkt_filter-duree-de-mise-en-oeuvre produkt_filter-mat produkt_filter-lisible-double-face produkt_filter-manifestation-dentreprise-congres produkt_filter-permanente produkt_filter-mobile produkt_filter-club-manifestation-sportive-et-culturelle produkt_filter-legerement-transparent produkt_filter-impression-materiau produkt_filter-propriete-des-materiaux produkt_filter-hotel-gastronomie-fr-2 produkt_filter-opaque-aux-regards produkt_filter-proprietes produkt_filter-points-de-vente-showroom produkt_filter-amenagement-dinterieurs-bureau-a-lespace-ouvert produkt_filter-domaines-dapplication produkt_anwendung-evenement-salon-exposition produkt_anwendung-manifestation-dentreprise-congres produkt_anwendung-club-manifestation-sportive-et-culturelle produkt_anwendung-points-de-vente-showroom-construction-de-magasins produkt_anwendung-hotel-gastronomie produkt_anwendung-amenagement-dinterieurs-espace-ouvert produkt_material-semideko-fr produkt_material-dekotex-fr produkt_material-semisatin-premium-fr produkt_material-satinette-fr produkt_groesse-au-choix produkt__konfektion-ourlet-creux-simple produkt__konfektion-coupe-au-cutter produkt__konfektion-velcro\" role=\"listitem\">\n\t\t\t\t<a class=\"elementor-post__thumbnail__link\" href=\"https:\/\/flagprint.ch\/fr\/produits\/textiles-dinterieur\/\" tabindex=\"-1\" >\n\t\t\t<div class=\"elementor-post__thumbnail\"><img loading=\"lazy\" decoding=\"async\" width=\"768\" height=\"288\" src=\"https:\/\/flagprint.ch\/wp-content\/uploads\/2019\/02\/Produkte_Specials_Heimtextil_Tischdeko_Titelbild-768x288.png\" class=\"attachment-medium_large size-medium_large wp-image-3601\" alt=\"D\u00e9coration de table. Housses de coussins, sets de table, serviettes de table, d\u00e9corations de f\u00eates, \u00e9v\u00e9nements d\u2019entreprise, \u00e9v\u00e9nements d\u2019exposition et manifestations.\" srcset=\"https:\/\/flagprint.ch\/wp-content\/uploads\/2019\/02\/Produkte_Specials_Heimtextil_Tischdeko_Titelbild-768x288.png 768w, https:\/\/flagprint.ch\/wp-content\/uploads\/2019\/02\/Produkte_Specials_Heimtextil_Tischdeko_Titelbild-800x300.png 800w, https:\/\/flagprint.ch\/wp-content\/uploads\/2019\/02\/Produkte_Specials_Heimtextil_Tischdeko_Titelbild-1200x450.png 1200w, https:\/\/flagprint.ch\/wp-content\/uploads\/2019\/02\/Produkte_Specials_Heimtextil_Tischdeko_Titelbild.png 1600w\" sizes=\"(max-width: 768px) 100vw, 768px\" \/><\/div>\n\t\t<\/a>\n\t\t\t\t<div class=\"elementor-post__text\">\n\t\t\t\t<h2 class=\"elementor-post__title\">\n\t\t\t<a href=\"https:\/\/flagprint.ch\/fr\/produits\/textiles-dinterieur\/\" >\n\t\t\t\tTextiles d&rsquo;int\u00e9rieur\t\t\t<\/a>\n\t\t<\/h2>\n\t\t\t\t<div class=\"elementor-post__excerpt\">\n\t\t\t<p>Grand choix de linge de maison: nappes, sacs, housses de coussin, sets de tables, chemins de table, etc<\/p>\n\t\t<\/div>\n\t\t\t\t<\/div>\n\t\t\t\t<\/article>\n\t\t\t\t<article class=\"elementor-post elementor-grid-item post-4927 produkte type-produkte status-publish has-post-thumbnail hentry produkt_kategorie-tout produkt_kategorie-special produkt_filter-une-face produkt_filter-evenement-salon produkt_filter-courte produkt_filter-utilisation produkt_filter-duree-de-mise-en-oeuvre produkt_filter-permanente produkt_filter-mat produkt_filter-lisible-double-face produkt_filter-a-lexterieur produkt_filter-club-manifestation-sportive-et-culturelle produkt_filter-impression-materiau produkt_filter-opaque-aux-regards produkt_filter-propriete-des-materiaux produkt_filter-domaines-dapplication produkt_anwendung-evenement-salon-exposition produkt_anwendung-club-manifestation-sportive-et-culturelle produkt_material-jetflag-fr produkt_material-semideko-fr produkt_material-dekotex-fr produkt_groesse-au-choix produkt__konfektion-ourlet-creux-avec-double-couture-de-securite produkt__konfektion-coupe-au-cutter produkt__konfektion-velcro\" role=\"listitem\">\n\t\t\t\t<a class=\"elementor-post__thumbnail__link\" href=\"https:\/\/flagprint.ch\/fr\/produits\/toiture-de-pousse-pousse\/\" tabindex=\"-1\" >\n\t\t\t<div class=\"elementor-post__thumbnail\"><img loading=\"lazy\" decoding=\"async\" width=\"768\" height=\"288\" src=\"https:\/\/flagprint.ch\/wp-content\/uploads\/2019\/02\/Produkte_Specials_Rikschadach_Titelbild-768x288.png\" class=\"attachment-medium_large size-medium_large wp-image-3607\" alt=\"Les fabrications individuelles comme une toiture de pousse-pousse sont tout autant les bienvenues que d\u2019autres produits qui sont fabriqu\u00e9s en tissu.\" srcset=\"https:\/\/flagprint.ch\/wp-content\/uploads\/2019\/02\/Produkte_Specials_Rikschadach_Titelbild-768x288.png 768w, https:\/\/flagprint.ch\/wp-content\/uploads\/2019\/02\/Produkte_Specials_Rikschadach_Titelbild-800x300.png 800w, https:\/\/flagprint.ch\/wp-content\/uploads\/2019\/02\/Produkte_Specials_Rikschadach_Titelbild-1200x450.png 1200w, https:\/\/flagprint.ch\/wp-content\/uploads\/2019\/02\/Produkte_Specials_Rikschadach_Titelbild.png 1600w\" sizes=\"(max-width: 768px) 100vw, 768px\" \/><\/div>\n\t\t<\/a>\n\t\t\t\t<div class=\"elementor-post__text\">\n\t\t\t\t<h2 class=\"elementor-post__title\">\n\t\t\t<a href=\"https:\/\/flagprint.ch\/fr\/produits\/toiture-de-pousse-pousse\/\" >\n\t\t\t\tToiture de pousse-pousse\t\t\t<\/a>\n\t\t<\/h2>\n\t\t\t\t<div class=\"elementor-post__excerpt\">\n\t\t\t<p>Toiture en tissu pour pousse-pousse &#8211; fabrications sp\u00e9ciales individuelles<\/p>\n\t\t<\/div>\n\t\t\t\t<\/div>\n\t\t\t\t<\/article>\n\t\t\t\t<article class=\"elementor-post elementor-grid-item post-4985 produkte type-produkte status-publish has-post-thumbnail hentry produkt_kategorie-tout produkt_kategorie-drapeaux-mobiles produkt_filter-utilisation produkt_filter-evenement-salon produkt_filter-courte produkt_filter-permanente produkt_filter-a-lexterieur produkt_filter-mobile produkt_filter-duree-de-mise-en-oeuvre produkt_filter-mat produkt_filter-impression-materiau produkt_filter-legerement-transparent produkt_filter-double-face-avec-impression-penetrante produkt_filter-hotel-gastronomie-fr-2 produkt_filter-propriete-des-materiaux produkt_filter-points-de-vente-showroom produkt_filter-proprietes produkt_filter-domaines-dapplication produkt_filter-place-publique-batiment-public-rue produkt_anwendung-evenement-salon-exposition produkt_anwendung-points-de-vente-showroom-construction-de-magasins produkt_anwendung-hotel-gastronomie produkt_anwendung-place-publique-batiment-public-rue produkt_material-jetflag-fr produkt_material-jetflag-premium-fr produkt_groesse-mat-hauteur-a-partir-du-sol-300-cm produkt_groesse-drapeau-80-250-cm produkt__konfektion-double-ourlet produkt__konfektion-ourlet-creux-avec-double-couture-de-securite produkt__konfektion-attaches-en-plastique produkt__konfektion-crochet-mousqueton-plastique produkt__konfektion-oeillets-en-metal\" role=\"listitem\">\n\t\t\t\t<a class=\"elementor-post__thumbnail__link\" href=\"https:\/\/flagprint.ch\/fr\/produits\/triflag\/\" tabindex=\"-1\" >\n\t\t\t<div class=\"elementor-post__thumbnail\"><img loading=\"lazy\" decoding=\"async\" width=\"768\" height=\"288\" src=\"https:\/\/flagprint.ch\/wp-content\/uploads\/2019\/02\/Produkte_Mobile_Fahnen_Triflag_Titelbild-768x288.png\" class=\"attachment-medium_large size-medium_large wp-image-3557\" alt=\"Triflag - Affichez votre logo et votre message publicitaire sous forme mobile lors d\u2019expositions et d\u2019\u00e9v\u00e9nements. 3 drapeaux - 1 syst\u00e8me\" srcset=\"https:\/\/flagprint.ch\/wp-content\/uploads\/2019\/02\/Produkte_Mobile_Fahnen_Triflag_Titelbild-768x288.png 768w, https:\/\/flagprint.ch\/wp-content\/uploads\/2019\/02\/Produkte_Mobile_Fahnen_Triflag_Titelbild-800x300.png 800w, https:\/\/flagprint.ch\/wp-content\/uploads\/2019\/02\/Produkte_Mobile_Fahnen_Triflag_Titelbild-1200x450.png 1200w, https:\/\/flagprint.ch\/wp-content\/uploads\/2019\/02\/Produkte_Mobile_Fahnen_Triflag_Titelbild.png 1600w\" sizes=\"(max-width: 768px) 100vw, 768px\" \/><\/div>\n\t\t<\/a>\n\t\t\t\t<div class=\"elementor-post__text\">\n\t\t\t\t<h2 class=\"elementor-post__title\">\n\t\t\t<a href=\"https:\/\/flagprint.ch\/fr\/produits\/triflag\/\" >\n\t\t\t\tTriflag\t\t\t<\/a>\n\t\t<\/h2>\n\t\t\t\t<div class=\"elementor-post__excerpt\">\n\t\t\t<p>Affichez votre logo et votre message publicitaire sous forme mobile lors d\u2019expositions et d\u2019\u00e9v\u00e9nements. 3 drapeaux &#8211; 1 syst\u00e8me<\/p>\n\t\t<\/div>\n\t\t\t\t<\/div>\n\t\t\t\t<\/article>\n\t\t\t\t<article class=\"elementor-post elementor-grid-item post-29398 produkte type-produkte status-publish has-post-thumbnail hentry produkt_kategorie-tout produkt_kategorie-drapeaux produkt_filter-campagnes-politiques produkt_filter-courte produkt_filter-utilisation produkt_filter-a-linterieur produkt_filter-une-face produkt_filter-mat produkt_filter-duree-de-mise-en-oeuvre produkt_filter-mobile produkt_filter-a-lexterieur produkt_filter-double-face-avec-impression-penetrante produkt_filter-a-linterieur-et-a-lexterieur produkt_filter-legerement-transparent produkt_filter-impression-materiau produkt_filter-opaque-aux-regards produkt_filter-propriete-des-materiaux produkt_filter-proprietes produkt_filter-domaines-dapplication produkt_filter-place-publique-batiment-public-rue produkt_anwendung-campagnes-politiques produkt_anwendung-evenement-salon-exposition produkt_anwendung-club-manifestation-sportive-et-culturelle produkt_anwendung-place-publique-batiment-public-rue produkt_material-polyester-vlies-fr produkt_material-non-tisse-eco-polyester produkt_material-jetflag-fr produkt_material-jetflag-premium-fr produkt_groesse-100-x-70-cm-fr produkt_groesse-au-choix produkt__konfektion-ourlet-creux-avec-baton-en-bois\" role=\"listitem\">\n\t\t\t\t<a class=\"elementor-post__thumbnail__link\" href=\"https:\/\/flagprint.ch\/fr\/produits\/voteflag-drapeaux-a-main\/\" tabindex=\"-1\" >\n\t\t\t<div class=\"elementor-post__thumbnail\"><img loading=\"lazy\" decoding=\"async\" width=\"768\" height=\"288\" src=\"https:\/\/flagprint.ch\/wp-content\/uploads\/2022\/05\/flagprint-voteflag-handfahne-titel-icon-768x288.png\" class=\"attachment-medium_large size-medium_large wp-image-30087\" alt=\"\" srcset=\"https:\/\/flagprint.ch\/wp-content\/uploads\/2022\/05\/flagprint-voteflag-handfahne-titel-icon-768x288.png 768w, https:\/\/flagprint.ch\/wp-content\/uploads\/2022\/05\/flagprint-voteflag-handfahne-titel-icon-800x300.png 800w, https:\/\/flagprint.ch\/wp-content\/uploads\/2022\/05\/flagprint-voteflag-handfahne-titel-icon-1200x450.png 1200w, https:\/\/flagprint.ch\/wp-content\/uploads\/2022\/05\/flagprint-voteflag-handfahne-titel-icon-400x150.png 400w, https:\/\/flagprint.ch\/wp-content\/uploads\/2022\/05\/flagprint-voteflag-handfahne-titel-icon-1536x576.png 1536w, https:\/\/flagprint.ch\/wp-content\/uploads\/2022\/05\/flagprint-voteflag-handfahne-titel-icon.png 1600w\" sizes=\"(max-width: 768px) 100vw, 768px\" \/><\/div>\n\t\t<\/a>\n\t\t\t\t<div class=\"elementor-post__text\">\n\t\t\t\t<h2 class=\"elementor-post__title\">\n\t\t\t<a href=\"https:\/\/flagprint.ch\/fr\/produits\/voteflag-drapeaux-a-main\/\" >\n\t\t\t\tvoteflag drapeaux \u00e0 main\t\t\t<\/a>\n\t\t<\/h2>\n\t\t\t\t<div class=\"elementor-post__excerpt\">\n\t\t\t<p>Drapeaux \u00e0 main pour les votations ou les manifestations politiques.<\/p>\n\t\t<\/div>\n\t\t\t\t<\/div>\n\t\t\t\t<\/article>\n\t\t\t\t<article class=\"elementor-post elementor-grid-item post-29406 produkte type-produkte status-publish has-post-thumbnail hentry produkt_kategorie-tout produkt_kategorie-drapeaux produkt_filter-utilisation produkt_filter-campagnes-politiques produkt_filter-campagnes-politiques-fr produkt_filter-courte produkt_filter-a-linterieur produkt_filter-une-face produkt_filter-mat produkt_filter-duree-de-mise-en-oeuvre produkt_filter-mobile produkt_filter-a-lexterieur produkt_filter-double-face-avec-impression-penetrante produkt_filter-a-linterieur-et-a-lexterieur produkt_filter-legerement-transparent produkt_filter-impression-materiau produkt_filter-opaque-aux-regards produkt_filter-propriete-des-materiaux produkt_filter-proprietes produkt_filter-domaines-dapplication produkt_filter-place-publique-batiment-public-rue produkt_anwendung-campagnes-politiques produkt_anwendung-evenement-salon-exposition produkt_anwendung-club-manifestation-sportive-et-culturelle produkt_anwendung-place-publique-batiment-public-rue produkt_material-polyester-vlies-fr produkt_material-non-tisse-eco-polyester produkt_material-jetflag-fr produkt_material-jetflag-premium-fr produkt_groesse-80-x-40-cm-fr produkt_groesse-80-x-60-cm-fr produkt_groesse-100-x-50-cm-fr produkt_groesse-80-x-80-cm-fr produkt_groesse-100-x-70-cm-fr produkt_groesse-au-choix\" role=\"listitem\">\n\t\t\t\t<a class=\"elementor-post__thumbnail__link\" href=\"https:\/\/flagprint.ch\/fr\/produits\/voteflag-drapeaux-de-balcon\/\" tabindex=\"-1\" >\n\t\t\t<div class=\"elementor-post__thumbnail\"><img loading=\"lazy\" decoding=\"async\" width=\"768\" height=\"288\" src=\"https:\/\/flagprint.ch\/wp-content\/uploads\/2022\/05\/flagprint-headerbild-voteflag-768x288.png\" class=\"attachment-medium_large size-medium_large wp-image-29638\" alt=\"voteflag\" srcset=\"https:\/\/flagprint.ch\/wp-content\/uploads\/2022\/05\/flagprint-headerbild-voteflag-768x288.png 768w, https:\/\/flagprint.ch\/wp-content\/uploads\/2022\/05\/flagprint-headerbild-voteflag-800x300.png 800w, https:\/\/flagprint.ch\/wp-content\/uploads\/2022\/05\/flagprint-headerbild-voteflag-1200x450.png 1200w, https:\/\/flagprint.ch\/wp-content\/uploads\/2022\/05\/flagprint-headerbild-voteflag-400x150.png 400w, https:\/\/flagprint.ch\/wp-content\/uploads\/2022\/05\/flagprint-headerbild-voteflag-1536x576.png 1536w, https:\/\/flagprint.ch\/wp-content\/uploads\/2022\/05\/flagprint-headerbild-voteflag.png 1600w\" sizes=\"(max-width: 768px) 100vw, 768px\" \/><\/div>\n\t\t<\/a>\n\t\t\t\t<div class=\"elementor-post__text\">\n\t\t\t\t<h2 class=\"elementor-post__title\">\n\t\t\t<a href=\"https:\/\/flagprint.ch\/fr\/produits\/voteflag-drapeaux-de-balcon\/\" >\n\t\t\t\tvoteflag drapeaux de balcon\t\t\t<\/a>\n\t\t<\/h2>\n\t\t\t\t<div class=\"elementor-post__excerpt\">\n\t\t\t<p>voteflag Drapeaux de balcon pour les votations ou les manifestations politiques.<\/p>\n\t\t<\/div>\n\t\t\t\t<\/div>\n\t\t\t\t<\/article>\n\t\t\t\t<article class=\"elementor-post elementor-grid-item post-5003 produkte type-produkte status-publish has-post-thumbnail hentry produkt_kategorie-tout produkt_kategorie-interieur produkt_filter-courte produkt_filter-utilisation produkt_filter-a-linterieur produkt_filter-une-face produkt_filter-evenement-salon produkt_filter-permanente produkt_filter-duree-de-mise-en-oeuvre produkt_filter-mat produkt_filter-impression-materiau produkt_filter-propriete-des-materiaux produkt_filter-hotel-gastronomie-fr-2 produkt_filter-opaque-aux-regards produkt_filter-points-de-vente-showroom produkt_filter-domaines-dapplication produkt_filter-amenagement-dinterieurs-bureau-a-lespace-ouvert produkt_anwendung-evenement-salon-exposition produkt_anwendung-points-de-vente-showroom-construction-de-magasins produkt_anwendung-hotel-gastronomie produkt_anwendung-amenagement-dinterieurs-espace-ouvert produkt_material-dekotex-fr produkt_groesse-au-choix produkt__konfektion-passe-poil\" role=\"listitem\">\n\t\t\t\t<a class=\"elementor-post__thumbnail__link\" href=\"https:\/\/flagprint.ch\/fr\/produits\/woodframe\/\" tabindex=\"-1\" >\n\t\t\t<div class=\"elementor-post__thumbnail\"><img loading=\"lazy\" decoding=\"async\" width=\"768\" height=\"288\" src=\"https:\/\/flagprint.ch\/wp-content\/uploads\/2019\/02\/Produkte_Raumdesign_Woodframe_Titelbild-768x288.png\" class=\"attachment-medium_large size-medium_large wp-image-3570\" alt=\"Woodframe. Ce cadre en alu est rehauss\u00e9 d\u2019un placage en bois v\u00e9ritable qui rev\u00eat une fonction d\u00e9corative. Le bois se marie avec le tissu dans une symbiose harmonieuse.\" srcset=\"https:\/\/flagprint.ch\/wp-content\/uploads\/2019\/02\/Produkte_Raumdesign_Woodframe_Titelbild-768x288.png 768w, https:\/\/flagprint.ch\/wp-content\/uploads\/2019\/02\/Produkte_Raumdesign_Woodframe_Titelbild-800x300.png 800w, https:\/\/flagprint.ch\/wp-content\/uploads\/2019\/02\/Produkte_Raumdesign_Woodframe_Titelbild-1200x450.png 1200w, https:\/\/flagprint.ch\/wp-content\/uploads\/2019\/02\/Produkte_Raumdesign_Woodframe_Titelbild.png 1600w\" sizes=\"(max-width: 768px) 100vw, 768px\" \/><\/div>\n\t\t<\/a>\n\t\t\t\t<div class=\"elementor-post__text\">\n\t\t\t\t<h2 class=\"elementor-post__title\">\n\t\t\t<a href=\"https:\/\/flagprint.ch\/fr\/produits\/woodframe\/\" >\n\t\t\t\twoodframe\t\t\t<\/a>\n\t\t<\/h2>\n\t\t\t\t<div class=\"elementor-post__excerpt\">\n\t\t\t<p>Cadre en bois<\/p>\n\t\t<\/div>\n\t\t\t\t<\/div>\n\t\t\t\t<\/article>\n\t\t\t\t<\/div>\n\t\t\n\t\t\t\t\t\t<\/div>\n\t\t\t\t<\/div>\n\t\t\t\t\t<\/div>\n\t\t<\/div>\n\t\t\t\t\t<\/div>\n\t\t<\/section>\n\t\t\t\t<\/div>\n\t\t","protected":false},"excerpt":{"rendered":"<p>Qu\u2019est-ce qu\u2019il vous faut?<\/p>\n","protected":false},"author":6,"featured_media":373,"parent":0,"menu_order":1,"comment_status":"closed","ping_status":"closed","template":"","meta":{"footnotes":""},"class_list":["post-5203","page","type-page","status-publish","has-post-thumbnail","hentry"],"_links":{"self":[{"href":"https:\/\/flagprint.ch\/fr\/wp-json\/wp\/v2\/pages\/5203","targetHints":{"allow":["GET"]}}],"collection":[{"href":"https:\/\/flagprint.ch\/fr\/wp-json\/wp\/v2\/pages"}],"about":[{"href":"https:\/\/flagprint.ch\/fr\/wp-json\/wp\/v2\/types\/page"}],"author":[{"embeddable":true,"href":"https:\/\/flagprint.ch\/fr\/wp-json\/wp\/v2\/users\/6"}],"replies":[{"embeddable":true,"href":"https:\/\/flagprint.ch\/fr\/wp-json\/wp\/v2\/comments?post=5203"}],"version-history":[{"count":3,"href":"https:\/\/flagprint.ch\/fr\/wp-json\/wp\/v2\/pages\/5203\/revisions"}],"predecessor-version":[{"id":42372,"href":"https:\/\/flagprint.ch\/fr\/wp-json\/wp\/v2\/pages\/5203\/revisions\/42372"}],"wp:featuredmedia":[{"embeddable":true,"href":"https:\/\/flagprint.ch\/fr\/wp-json\/wp\/v2\/media\/373"}],"wp:attachment":[{"href":"https:\/\/flagprint.ch\/fr\/wp-json\/wp\/v2\/media?parent=5203"}],"curies":[{"name":"wp","href":"https:\/\/api.w.org\/{rel}","templated":true}]}}