{"id":13913,"date":"2021-04-28T13:17:38","date_gmt":"2021-04-28T11:17:38","guid":{"rendered":"https:\/\/flagprint.ch\/?page_id=13913"},"modified":"2024-04-26T14:07:58","modified_gmt":"2024-04-26T12:07:58","slug":"galerie","status":"publish","type":"page","link":"https:\/\/flagprint.ch\/fr\/galerie\/","title":{"rendered":"Galerie"},"content":{"rendered":"\t\t<div data-elementor-type=\"wp-post\" data-elementor-id=\"13913\" class=\"elementor elementor-13913 elementor-13912\" data-elementor-post-type=\"page\">\n\t\t\t\t\t\t<section class=\"elementor-section elementor-top-section elementor-element elementor-element-a12dbe5 elementor-section-height-min-height elementor-section-items-top elementor-section-content-top elementor-section-boxed elementor-section-height-default\" data-id=\"a12dbe5\" data-element_type=\"section\" data-e-type=\"section\">\n\t\t\t\t\t\t<div class=\"elementor-container elementor-column-gap-default\">\n\t\t\t\t\t<div class=\"elementor-column elementor-col-100 elementor-top-column elementor-element elementor-element-68d35b8\" data-id=\"68d35b8\" data-element_type=\"column\" data-e-type=\"column\">\n\t\t\t<div class=\"elementor-widget-wrap elementor-element-populated\">\n\t\t\t\t\t\t<div class=\"elementor-element elementor-element-09e9038 elementor-widget elementor-widget-heading\" data-id=\"09e9038\" data-element_type=\"widget\" data-e-type=\"widget\" data-widget_type=\"heading.default\">\n\t\t\t\t<div class=\"elementor-widget-container\">\n\t\t\t\t\t<h1 class=\"elementor-heading-title elementor-size-default\">Chercher et trouver<\/h1>\t\t\t\t<\/div>\n\t\t\t\t<\/div>\n\t\t\t\t<div class=\"elementor-element elementor-element-19dac0f elementor-icon-list--layout-inline fp-gallery-filter elementor-list-item-link-full_width elementor-widget elementor-widget-icon-list\" data-id=\"19dac0f\" data-element_type=\"widget\" data-e-type=\"widget\" data-widget_type=\"icon-list.default\">\n\t\t\t\t<div class=\"elementor-widget-container\">\n\t\t\t\t\t\t\t<ul class=\"elementor-icon-list-items elementor-inline-items\">\n\t\t\t\t\t\t\t<li class=\"elementor-icon-list-item elementor-inline-item\">\n\t\t\t\t\t\t\t\t\t\t\t<a href=\"#all\">\n\n\t\t\t\t\t\t\t\t\t\t\t<span class=\"elementor-icon-list-text\">Tout<\/span>\n\t\t\t\t\t\t\t\t\t\t\t<\/a>\n\t\t\t\t\t\t\t\t\t<\/li>\n\t\t\t\t\t\t\t\t<li class=\"elementor-icon-list-item elementor-inline-item\">\n\t\t\t\t\t\t\t\t\t\t\t<a href=\"#nouveautes\">\n\n\t\t\t\t\t\t\t\t\t\t\t<span class=\"elementor-icon-list-text\">Nouveautes<\/span>\n\t\t\t\t\t\t\t\t\t\t\t<\/a>\n\t\t\t\t\t\t\t\t\t<\/li>\n\t\t\t\t\t\t\t\t<li class=\"elementor-icon-list-item elementor-inline-item\">\n\t\t\t\t\t\t\t\t\t\t\t<a href=\"#drapeaux\">\n\n\t\t\t\t\t\t\t\t\t\t\t<span class=\"elementor-icon-list-text\">Drapeaux<\/span>\n\t\t\t\t\t\t\t\t\t\t\t<\/a>\n\t\t\t\t\t\t\t\t\t<\/li>\n\t\t\t\t\t\t\t\t<li class=\"elementor-icon-list-item elementor-inline-item\">\n\t\t\t\t\t\t\t\t\t\t\t<a href=\"#mats\">\n\n\t\t\t\t\t\t\t\t\t\t\t<span class=\"elementor-icon-list-text\">Mats<\/span>\n\t\t\t\t\t\t\t\t\t\t\t<\/a>\n\t\t\t\t\t\t\t\t\t<\/li>\n\t\t\t\t\t\t\t\t<li class=\"elementor-icon-list-item elementor-inline-item\">\n\t\t\t\t\t\t\t\t\t\t\t<a href=\"#drapeaux-mobiles\">\n\n\t\t\t\t\t\t\t\t\t\t\t<span class=\"elementor-icon-list-text\">Drapeaux mobiles<\/span>\n\t\t\t\t\t\t\t\t\t\t\t<\/a>\n\t\t\t\t\t\t\t\t\t<\/li>\n\t\t\t\t\t\t\t\t<li class=\"elementor-icon-list-item elementor-inline-item\">\n\t\t\t\t\t\t\t\t\t\t\t<a href=\"#systemes-daffichage\">\n\n\t\t\t\t\t\t\t\t\t\t\t<span class=\"elementor-icon-list-text\">Systemes d'affichage<\/span>\n\t\t\t\t\t\t\t\t\t\t\t<\/a>\n\t\t\t\t\t\t\t\t\t<\/li>\n\t\t\t\t\t\t\t\t<li class=\"elementor-icon-list-item elementor-inline-item\">\n\t\t\t\t\t\t\t\t\t\t\t<a href=\"#affichages-eclaires\">\n\n\t\t\t\t\t\t\t\t\t\t\t<span class=\"elementor-icon-list-text\">Affichages Eclaires<\/span>\n\t\t\t\t\t\t\t\t\t\t\t<\/a>\n\t\t\t\t\t\t\t\t\t<\/li>\n\t\t\t\t\t\t\t\t<li class=\"elementor-icon-list-item elementor-inline-item\">\n\t\t\t\t\t\t\t\t\t\t\t<a href=\"#banderoles\">\n\n\t\t\t\t\t\t\t\t\t\t\t<span class=\"elementor-icon-list-text\">Banderoles<\/span>\n\t\t\t\t\t\t\t\t\t\t\t<\/a>\n\t\t\t\t\t\t\t\t\t<\/li>\n\t\t\t\t\t\t\t\t<li class=\"elementor-icon-list-item elementor-inline-item\">\n\t\t\t\t\t\t\t\t\t\t\t<a href=\"#point-de-vente\">\n\n\t\t\t\t\t\t\t\t\t\t\t<span class=\"elementor-icon-list-text\">Point de vente<\/span>\n\t\t\t\t\t\t\t\t\t\t\t<\/a>\n\t\t\t\t\t\t\t\t\t<\/li>\n\t\t\t\t\t\t\t\t<li class=\"elementor-icon-list-item elementor-inline-item\">\n\t\t\t\t\t\t\t\t\t\t\t<a href=\"#exposition-event\">\n\n\t\t\t\t\t\t\t\t\t\t\t<span class=\"elementor-icon-list-text\">Exposition &amp; Event<\/span>\n\t\t\t\t\t\t\t\t\t\t\t<\/a>\n\t\t\t\t\t\t\t\t\t<\/li>\n\t\t\t\t\t\t\t\t<li class=\"elementor-icon-list-item elementor-inline-item\">\n\t\t\t\t\t\t\t\t\t\t\t<a href=\"#interieur\">\n\n\t\t\t\t\t\t\t\t\t\t\t<span class=\"elementor-icon-list-text\">Interieur<\/span>\n\t\t\t\t\t\t\t\t\t\t\t<\/a>\n\t\t\t\t\t\t\t\t\t<\/li>\n\t\t\t\t\t\t\t\t<li class=\"elementor-icon-list-item elementor-inline-item\">\n\t\t\t\t\t\t\t\t\t\t\t<a href=\"#acoustique-spatiale\">\n\n\t\t\t\t\t\t\t\t\t\t\t<span class=\"elementor-icon-list-text\">Acoustique spatiale<\/span>\n\t\t\t\t\t\t\t\t\t\t\t<\/a>\n\t\t\t\t\t\t\t\t\t<\/li>\n\t\t\t\t\t\t\t\t<li class=\"elementor-icon-list-item elementor-inline-item\">\n\t\t\t\t\t\t\t\t\t\t\t<a href=\"#special\">\n\n\t\t\t\t\t\t\t\t\t\t\t<span class=\"elementor-icon-list-text\">Special<\/span>\n\t\t\t\t\t\t\t\t\t\t\t<\/a>\n\t\t\t\t\t\t\t\t\t<\/li>\n\t\t\t\t\t\t\t\t<li class=\"elementor-icon-list-item elementor-inline-item\">\n\t\t\t\t\t\t\t\t\t\t\t<a href=\"#corona\">\n\n\t\t\t\t\t\t\t\t\t\t\t<span class=\"elementor-icon-list-text\">Produits de protection corona<\/span>\n\t\t\t\t\t\t\t\t\t\t\t<\/a>\n\t\t\t\t\t\t\t\t\t<\/li>\n\t\t\t\t\t\t<\/ul>\n\t\t\t\t\t\t<\/div>\n\t\t\t\t<\/div>\n\t\t\t\t<section class=\"elementor-section elementor-inner-section elementor-element elementor-element-0fdce23 elementor-section-full_width fp-gallery elementor-section-height-default elementor-section-height-default\" data-id=\"0fdce23\" data-element_type=\"section\" data-e-type=\"section\" id=\"fp-id-nouveautes\">\n\t\t\t\t\t\t<div class=\"elementor-container elementor-column-gap-no\">\n\t\t\t\t\t<div class=\"elementor-column elementor-col-100 elementor-inner-column elementor-element elementor-element-96e4c70\" data-id=\"96e4c70\" data-element_type=\"column\" data-e-type=\"column\">\n\t\t\t<div class=\"elementor-widget-wrap elementor-element-populated\">\n\t\t\t\t\t\t<div class=\"elementor-element elementor-element-176d971 elementor-widget elementor-widget-heading\" data-id=\"176d971\" data-element_type=\"widget\" data-e-type=\"widget\" data-widget_type=\"heading.default\">\n\t\t\t\t<div class=\"elementor-widget-container\">\n\t\t\t\t\t<h2 class=\"elementor-heading-title elementor-size-default\">Nouveaut\u00e9s<\/h2>\t\t\t\t<\/div>\n\t\t\t\t<\/div>\n\t\t\t\t<div class=\"elementor-element elementor-element-33fa056 elementor-widget elementor-widget-image-gallery\" data-id=\"33fa056\" data-element_type=\"widget\" data-e-type=\"widget\" data-widget_type=\"image-gallery.default\">\n\t\t\t\t<div class=\"elementor-widget-container\">\n\t\t\t\t\t\t\t<div class=\"elementor-image-gallery\">\n\t\t\t<div id='gallery-1' class='gallery galleryid-13913 gallery-columns-5 gallery-size-thumbnail'><figure class='gallery-item'>\n\t\t\t<div class='gallery-icon landscape'>\n\t\t\t\t<a  href='https:\/\/flagprint.ch\/wp-content\/uploads\/2024\/04\/digiframe-display_2-scaled.jpg' title=\"digiframe bei Belwag\" data-rl_title=\"digiframe bei Belwag\" class=\"rl-gallery-link\" data-rl_caption=\"Entdecken Sie das digiframe Desk - das moderne digitale Tischdisplay, das den klassischen DIN A4 Aufsteller revolutioniert!\" data-rel=\"fp-lightbox-gallery-1\"><img fetchpriority=\"high\" decoding=\"async\" width=\"400\" height=\"300\" src=\"https:\/\/flagprint.ch\/wp-content\/uploads\/2024\/04\/digiframe-display_2-400x300.jpg\" class=\"attachment-thumbnail size-thumbnail\" alt=\"Entdecken Sie das digiframe Desk - das moderne digitale Tischdisplay, das den klassischen DIN A4 Aufsteller revolutioniert! Es eignet sich besonders f\u00fcr den Empfangsbereich wie die Rezeption, den Kassenbereich oder den Bartresen, um Kunden und Besucher mit dynamischen Inhalten zu begr\u00fcssen.\" aria-describedby=\"gallery-1-36637\" srcset=\"https:\/\/flagprint.ch\/wp-content\/uploads\/2024\/04\/digiframe-display_2-400x300.jpg 400w, https:\/\/flagprint.ch\/wp-content\/uploads\/2024\/04\/digiframe-display_2-800x600.jpg 800w, https:\/\/flagprint.ch\/wp-content\/uploads\/2024\/04\/digiframe-display_2-1200x900.jpg 1200w, https:\/\/flagprint.ch\/wp-content\/uploads\/2024\/04\/digiframe-display_2-768x576.jpg 768w, https:\/\/flagprint.ch\/wp-content\/uploads\/2024\/04\/digiframe-display_2-1536x1152.jpg 1536w, https:\/\/flagprint.ch\/wp-content\/uploads\/2024\/04\/digiframe-display_2-2048x1536.jpg 2048w\" sizes=\"(max-width: 400px) 100vw, 400px\" \/><\/a>\n\t\t\t<\/div>\n\t\t\t\t<figcaption class='wp-caption-text gallery-caption' id='gallery-1-36637'>\n\t\t\t\tdigiframe bei Belwag\n\t\t\t\t<\/figcaption><\/figure><figure class='gallery-item'>\n\t\t\t<div class='gallery-icon landscape'>\n\t\t\t\t<a  href='https:\/\/flagprint.ch\/wp-content\/uploads\/2024\/03\/flagprint-digiframe-window-mauer.jpg' title=\"digiframe - Digital Signage\" data-rl_title=\"digiframe - Digital Signage\" class=\"rl-gallery-link\" data-rl_caption=\"Erleben Sie die Effizienz der digiframe Systeme f\u00fcr Ihre digitale Werbung: digiframe Desk, Stand und Stele bieten spezialisierte L\u00f6sungen f\u00fcr lebendige Pr\u00e4sentationen in unterschiedlichen Umgebungen.\" data-rel=\"fp-lightbox-gallery-1\"><img decoding=\"async\" width=\"400\" height=\"300\" src=\"https:\/\/flagprint.ch\/wp-content\/uploads\/2024\/03\/flagprint-digiframe-window-mauer-400x300.jpg\" class=\"attachment-thumbnail size-thumbnail\" alt=\"Erleben Sie die Effizienz der digiframe Systeme f\u00fcr Ihre digitale Werbung: digiframe Desk, Stand und Stele bieten spezialisierte L\u00f6sungen f\u00fcr lebendige Pr\u00e4sentationen in unterschiedlichen Umgebungen.\" aria-describedby=\"gallery-1-36048\" srcset=\"https:\/\/flagprint.ch\/wp-content\/uploads\/2024\/03\/flagprint-digiframe-window-mauer-400x300.jpg 400w, https:\/\/flagprint.ch\/wp-content\/uploads\/2024\/03\/flagprint-digiframe-window-mauer-800x600.jpg 800w, https:\/\/flagprint.ch\/wp-content\/uploads\/2024\/03\/flagprint-digiframe-window-mauer-1200x900.jpg 1200w, https:\/\/flagprint.ch\/wp-content\/uploads\/2024\/03\/flagprint-digiframe-window-mauer-768x576.jpg 768w, https:\/\/flagprint.ch\/wp-content\/uploads\/2024\/03\/flagprint-digiframe-window-mauer-1536x1152.jpg 1536w, https:\/\/flagprint.ch\/wp-content\/uploads\/2024\/03\/flagprint-digiframe-window-mauer.jpg 1600w\" sizes=\"(max-width: 400px) 100vw, 400px\" \/><\/a>\n\t\t\t<\/div>\n\t\t\t\t<figcaption class='wp-caption-text gallery-caption' id='gallery-1-36048'>\n\t\t\t\tdigiframe &#8211; Digital Signage\n\t\t\t\t<\/figcaption><\/figure><figure class='gallery-item'>\n\t\t\t<div class='gallery-icon landscape'>\n\t\t\t\t<a  href='https:\/\/flagprint.ch\/wp-content\/uploads\/2024\/03\/flagprint-digiframe-stele-mauer-v2.jpg' title=\"digiframe - Digital Signage\" data-rl_title=\"digiframe - Digital Signage\" class=\"rl-gallery-link\" data-rl_caption=\"Erleben Sie die Effizienz der digiframe Systeme f\u00fcr Ihre digitale Werbung: digiframe Desk, Stand und Stele bieten spezialisierte L\u00f6sungen f\u00fcr lebendige Pr\u00e4sentationen in unterschiedlichen Umgebungen.\" data-rel=\"fp-lightbox-gallery-1\"><img decoding=\"async\" width=\"400\" height=\"300\" src=\"https:\/\/flagprint.ch\/wp-content\/uploads\/2024\/03\/flagprint-digiframe-stele-mauer-v2-400x300.jpg\" class=\"attachment-thumbnail size-thumbnail\" alt=\"Erleben Sie die Effizienz der digiframe Systeme f\u00fcr Ihre digitale Werbung: digiframe Desk, Stand und Stele bieten spezialisierte L\u00f6sungen f\u00fcr lebendige Pr\u00e4sentationen in unterschiedlichen Umgebungen.\" aria-describedby=\"gallery-1-36046\" srcset=\"https:\/\/flagprint.ch\/wp-content\/uploads\/2024\/03\/flagprint-digiframe-stele-mauer-v2-400x300.jpg 400w, https:\/\/flagprint.ch\/wp-content\/uploads\/2024\/03\/flagprint-digiframe-stele-mauer-v2-800x600.jpg 800w, https:\/\/flagprint.ch\/wp-content\/uploads\/2024\/03\/flagprint-digiframe-stele-mauer-v2-1200x900.jpg 1200w, https:\/\/flagprint.ch\/wp-content\/uploads\/2024\/03\/flagprint-digiframe-stele-mauer-v2-768x576.jpg 768w, https:\/\/flagprint.ch\/wp-content\/uploads\/2024\/03\/flagprint-digiframe-stele-mauer-v2-1536x1152.jpg 1536w, https:\/\/flagprint.ch\/wp-content\/uploads\/2024\/03\/flagprint-digiframe-stele-mauer-v2.jpg 1600w\" sizes=\"(max-width: 400px) 100vw, 400px\" \/><\/a>\n\t\t\t<\/div>\n\t\t\t\t<figcaption class='wp-caption-text gallery-caption' id='gallery-1-36046'>\n\t\t\t\tdigiframe &#8211; Digital Signage\n\t\t\t\t<\/figcaption><\/figure><figure class='gallery-item'>\n\t\t\t<div class='gallery-icon landscape'>\n\t\t\t\t<a  href='https:\/\/flagprint.ch\/wp-content\/uploads\/2021\/06\/Messe-Event-Mobiler-Leuchtkasten-Lightframe-LF500-unplugged.jpg' title=\"Le caisson lumineux mobile lightframe LF500\" data-rl_title=\"Le caisson lumineux mobile lightframe LF500\" class=\"rl-gallery-link\" data-rl_caption=\"Kabellose Leuchtkraft f\u00fcr ca.10 Stunden\" data-rel=\"fp-lightbox-gallery-1\"><img loading=\"lazy\" decoding=\"async\" width=\"400\" height=\"300\" src=\"https:\/\/flagprint.ch\/wp-content\/uploads\/2021\/06\/Messe-Event-Mobiler-Leuchtkasten-Lightframe-LF500-unplugged-400x300.jpg\" class=\"attachment-thumbnail size-thumbnail\" alt=\"Der lightframe LF500 unplugged ist federleicht &amp; leuchtstark neu mit Akku. Mit hochwertiger LED-Technik &amp; individuell-bedrucktem Stoff. Schneller Aufbau &amp; kompakte Verpackung.\" aria-describedby=\"gallery-1-15068\" srcset=\"https:\/\/flagprint.ch\/wp-content\/uploads\/2021\/06\/Messe-Event-Mobiler-Leuchtkasten-Lightframe-LF500-unplugged-400x300.jpg 400w, https:\/\/flagprint.ch\/wp-content\/uploads\/2021\/06\/Messe-Event-Mobiler-Leuchtkasten-Lightframe-LF500-unplugged-800x600.jpg 800w, https:\/\/flagprint.ch\/wp-content\/uploads\/2021\/06\/Messe-Event-Mobiler-Leuchtkasten-Lightframe-LF500-unplugged-1200x900.jpg 1200w, https:\/\/flagprint.ch\/wp-content\/uploads\/2021\/06\/Messe-Event-Mobiler-Leuchtkasten-Lightframe-LF500-unplugged-768x576.jpg 768w, https:\/\/flagprint.ch\/wp-content\/uploads\/2021\/06\/Messe-Event-Mobiler-Leuchtkasten-Lightframe-LF500-unplugged-1536x1152.jpg 1536w, https:\/\/flagprint.ch\/wp-content\/uploads\/2021\/06\/Messe-Event-Mobiler-Leuchtkasten-Lightframe-LF500-unplugged.jpg 1600w\" sizes=\"(max-width: 400px) 100vw, 400px\" \/><\/a>\n\t\t\t<\/div>\n\t\t\t\t<figcaption class='wp-caption-text gallery-caption' id='gallery-1-15068'>\n\t\t\t\tLe caisson lumineux mobile lightframe LF500\n\t\t\t\t<\/figcaption><\/figure><figure class='gallery-item'>\n\t\t\t<div class='gallery-icon landscape'>\n\t\t\t\t<a  href='https:\/\/flagprint.ch\/wp-content\/uploads\/2021\/06\/Messe-Event-Mobiler-Leuchtkasten-Lightframe-LF500-unplugged-akku-detail.jpg' title=\"Kabellos dank starkem Akku\" data-rl_title=\"Kabellos dank starkem Akku\" class=\"rl-gallery-link\" data-rl_caption=\"Kabellose Leuchtkraft f\u00fcr \u00fcber 10 Stunden\" data-rel=\"fp-lightbox-gallery-1\"><img loading=\"lazy\" decoding=\"async\" width=\"400\" height=\"300\" src=\"https:\/\/flagprint.ch\/wp-content\/uploads\/2021\/06\/Messe-Event-Mobiler-Leuchtkasten-Lightframe-LF500-unplugged-akku-detail-400x300.jpg\" class=\"attachment-thumbnail size-thumbnail\" alt=\"\" aria-describedby=\"gallery-1-15070\" srcset=\"https:\/\/flagprint.ch\/wp-content\/uploads\/2021\/06\/Messe-Event-Mobiler-Leuchtkasten-Lightframe-LF500-unplugged-akku-detail-400x300.jpg 400w, https:\/\/flagprint.ch\/wp-content\/uploads\/2021\/06\/Messe-Event-Mobiler-Leuchtkasten-Lightframe-LF500-unplugged-akku-detail-800x600.jpg 800w, https:\/\/flagprint.ch\/wp-content\/uploads\/2021\/06\/Messe-Event-Mobiler-Leuchtkasten-Lightframe-LF500-unplugged-akku-detail-1200x900.jpg 1200w, https:\/\/flagprint.ch\/wp-content\/uploads\/2021\/06\/Messe-Event-Mobiler-Leuchtkasten-Lightframe-LF500-unplugged-akku-detail-768x576.jpg 768w, https:\/\/flagprint.ch\/wp-content\/uploads\/2021\/06\/Messe-Event-Mobiler-Leuchtkasten-Lightframe-LF500-unplugged-akku-detail-1536x1152.jpg 1536w, https:\/\/flagprint.ch\/wp-content\/uploads\/2021\/06\/Messe-Event-Mobiler-Leuchtkasten-Lightframe-LF500-unplugged-akku-detail.jpg 1600w\" sizes=\"(max-width: 400px) 100vw, 400px\"><\/a>\n\t\t\t<\/div>\n\t\t\t\t<figcaption class='wp-caption-text gallery-caption' id='gallery-1-15070'>\n\t\t\t\tKabellos dank starkem Akku\n\t\t\t\t<\/figcaption><\/figure><figure class='gallery-item'>\n\t\t\t<div class='gallery-icon landscape'>\n\t\t\t\t<a  href='https:\/\/flagprint.ch\/wp-content\/uploads\/2019\/11\/flagprint-newsletter-ewb-lightframe-lf600-messe.jpg' title=\"Le caisson lumineux mobile lightframe LF600\" data-rl_title=\"Le caisson lumineux mobile lightframe LF600\" class=\"rl-gallery-link\" data-rl_caption=\"Notre lightframe LF600 est non seulement le plus grand caisson \u00e9clair\u00e9 du march\u00e9, mais il en est aussi le plus flexible.\" data-rel=\"fp-lightbox-gallery-1\"><img loading=\"lazy\" decoding=\"async\" width=\"400\" height=\"300\" src=\"https:\/\/flagprint.ch\/wp-content\/uploads\/2019\/11\/flagprint-newsletter-ewb-lightframe-lf600-messe-400x300.jpg\" class=\"attachment-thumbnail size-thumbnail\" alt=\"Le lightframe LF600 de flagprint est non seulement le plus grand caisson \u00e9clair\u00e9 du march\u00e9, mais il en est aussi le plus flexible.\" aria-describedby=\"gallery-1-9290\" srcset=\"https:\/\/flagprint.ch\/wp-content\/uploads\/2019\/11\/flagprint-newsletter-ewb-lightframe-lf600-messe-400x300.jpg 400w, https:\/\/flagprint.ch\/wp-content\/uploads\/2019\/11\/flagprint-newsletter-ewb-lightframe-lf600-messe-800x600.jpg 800w, https:\/\/flagprint.ch\/wp-content\/uploads\/2019\/11\/flagprint-newsletter-ewb-lightframe-lf600-messe-768x576.jpg 768w, https:\/\/flagprint.ch\/wp-content\/uploads\/2019\/11\/flagprint-newsletter-ewb-lightframe-lf600-messe-1200x900.jpg 1200w, https:\/\/flagprint.ch\/wp-content\/uploads\/2019\/11\/flagprint-newsletter-ewb-lightframe-lf600-messe.jpg 1600w\" sizes=\"(max-width: 400px) 100vw, 400px\" \/><\/a>\n\t\t\t<\/div>\n\t\t\t\t<figcaption class='wp-caption-text gallery-caption' id='gallery-1-9290'>\n\t\t\t\tLe caisson lumineux mobile lightframe LF600\n\t\t\t\t<\/figcaption><\/figure><figure class='gallery-item'>\n\t\t\t<div class='gallery-icon landscape'>\n\t\t\t\t<a  href='https:\/\/flagprint.ch\/wp-content\/uploads\/2019\/06\/lightframe-lf500-referenzen-valiant-gv-gang.jpg' title=\"\u00e0 l\u2019assembl\u00e9e g\u00e9n\u00e9rale 2019 de Valiant\" data-rl_title=\"\u00e0 l\u2019assembl\u00e9e g\u00e9n\u00e9rale 2019 de Valiant\" class=\"rl-gallery-link\" data-rl_caption=\"Signal\u00e9tique avec lightframe pour Valiant\" data-rel=\"fp-lightbox-gallery-1\"><img loading=\"lazy\" decoding=\"async\" width=\"400\" height=\"300\" src=\"https:\/\/flagprint.ch\/wp-content\/uploads\/2019\/06\/lightframe-lf500-referenzen-valiant-gv-gang-400x300.jpg\" class=\"attachment-thumbnail size-thumbnail\" alt=\"Der lightframe LF500 ist federleicht &amp; leuchtstark. Mit hochwertiger LED-Technik &amp; individuell-bedrucktem Stoff. Schneller Aufbau &amp; kompakte Verpackung.\" aria-describedby=\"gallery-1-8061\" srcset=\"https:\/\/flagprint.ch\/wp-content\/uploads\/2019\/06\/lightframe-lf500-referenzen-valiant-gv-gang-400x300.jpg 400w, https:\/\/flagprint.ch\/wp-content\/uploads\/2019\/06\/lightframe-lf500-referenzen-valiant-gv-gang-800x600.jpg 800w, https:\/\/flagprint.ch\/wp-content\/uploads\/2019\/06\/lightframe-lf500-referenzen-valiant-gv-gang-768x576.jpg 768w, https:\/\/flagprint.ch\/wp-content\/uploads\/2019\/06\/lightframe-lf500-referenzen-valiant-gv-gang-1200x900.jpg 1200w, https:\/\/flagprint.ch\/wp-content\/uploads\/2019\/06\/lightframe-lf500-referenzen-valiant-gv-gang.jpg 1600w\" sizes=\"(max-width: 400px) 100vw, 400px\" \/><\/a>\n\t\t\t<\/div>\n\t\t\t\t<figcaption class='wp-caption-text gallery-caption' id='gallery-1-8061'>\n\t\t\t\t\u00e0 l\u2019assembl\u00e9e g\u00e9n\u00e9rale 2019 de Valiant\n\t\t\t\t<\/figcaption><\/figure><figure class='gallery-item'>\n\t\t\t<div class='gallery-icon landscape'>\n\t\t\t\t<a  href='https:\/\/flagprint.ch\/wp-content\/uploads\/2019\/06\/lightframe-lf500-referenzen-swiss-economic-forum-sef-halle.jpg' title=\"Swiss Economic Forum in Thun\" data-rl_title=\"Swiss Economic Forum in Thun\" class=\"rl-gallery-link\" data-rl_caption=\"Signaletik mit dem lightframe im Congress Centre in Interlaken\" data-rel=\"fp-lightbox-gallery-1\"><img loading=\"lazy\" decoding=\"async\" width=\"400\" height=\"300\" src=\"https:\/\/flagprint.ch\/wp-content\/uploads\/2019\/06\/lightframe-lf500-referenzen-swiss-economic-forum-sef-halle-400x300.jpg\" class=\"attachment-thumbnail size-thumbnail\" alt=\"Der lightframe LF500 ist federleicht &amp; leuchtstark. Mit hochwertiger LED-Technik &amp; individuell-bedrucktem Stoff. Schneller Aufbau &amp; kompakte Verpackung.\" aria-describedby=\"gallery-1-8031\" srcset=\"https:\/\/flagprint.ch\/wp-content\/uploads\/2019\/06\/lightframe-lf500-referenzen-swiss-economic-forum-sef-halle-400x300.jpg 400w, https:\/\/flagprint.ch\/wp-content\/uploads\/2019\/06\/lightframe-lf500-referenzen-swiss-economic-forum-sef-halle-800x600.jpg 800w, https:\/\/flagprint.ch\/wp-content\/uploads\/2019\/06\/lightframe-lf500-referenzen-swiss-economic-forum-sef-halle-768x576.jpg 768w, https:\/\/flagprint.ch\/wp-content\/uploads\/2019\/06\/lightframe-lf500-referenzen-swiss-economic-forum-sef-halle-1200x900.jpg 1200w, https:\/\/flagprint.ch\/wp-content\/uploads\/2019\/06\/lightframe-lf500-referenzen-swiss-economic-forum-sef-halle.jpg 1600w\" sizes=\"(max-width: 400px) 100vw, 400px\" \/><\/a>\n\t\t\t<\/div>\n\t\t\t\t<figcaption class='wp-caption-text gallery-caption' id='gallery-1-8031'>\n\t\t\t\tSwiss Economic Forum in Thun\n\t\t\t\t<\/figcaption><\/figure><figure class='gallery-item'>\n\t\t\t<div class='gallery-icon landscape'>\n\t\t\t\t<a  href='https:\/\/flagprint.ch\/wp-content\/uploads\/2019\/02\/raumdesign-acousticframe-raumteiler-akustikkonzept-buero-twint.jpg' title=\"acousticframe panneau de s\u00e9paration\" data-rl_title=\"acousticframe panneau de s\u00e9paration\" class=\"rl-gallery-link\" data-rl_caption=\"Grande vari\u00e9t\u00e9 de tissus\" data-rel=\"fp-lightbox-gallery-1\"><img loading=\"lazy\" decoding=\"async\" width=\"400\" height=\"400\" src=\"https:\/\/flagprint.ch\/wp-content\/uploads\/2019\/02\/raumdesign-acousticframe-raumteiler-akustikkonzept-buero-twint-400x400.jpg\" class=\"attachment-thumbnail size-thumbnail\" alt=\"L&#039;acousticframe panneau de s\u00e9paration \u00e0 forte absorption acoustique offre protection contre les regards et discr\u00e9tion dans les espaces ouverts.\" aria-describedby=\"gallery-1-4762\" srcset=\"https:\/\/flagprint.ch\/wp-content\/uploads\/2019\/02\/raumdesign-acousticframe-raumteiler-akustikkonzept-buero-twint-400x400.jpg 400w, https:\/\/flagprint.ch\/wp-content\/uploads\/2019\/02\/raumdesign-acousticframe-raumteiler-akustikkonzept-buero-twint-20x20.jpg 20w, https:\/\/flagprint.ch\/wp-content\/uploads\/2019\/02\/raumdesign-acousticframe-raumteiler-akustikkonzept-buero-twint-40x40.jpg 40w, https:\/\/flagprint.ch\/wp-content\/uploads\/2019\/02\/raumdesign-acousticframe-raumteiler-akustikkonzept-buero-twint-60x60.jpg 60w\" sizes=\"(max-width: 400px) 100vw, 400px\" \/><\/a>\n\t\t\t<\/div>\n\t\t\t\t<figcaption class='wp-caption-text gallery-caption' id='gallery-1-4762'>\n\t\t\t\tacousticframe panneau de s\u00e9paration\n\t\t\t\t<\/figcaption><\/figure><figure class='gallery-item'>\n\t\t\t<div class='gallery-icon landscape'>\n\t\t\t\t<a  href='https:\/\/flagprint.ch\/wp-content\/uploads\/2019\/02\/raumdesign-acousticframe-pendelwand-schallschluckende-akustik-pendelwand.jpg' title=\"acousticframe panneau suspendu\" data-rl_title=\"acousticframe panneau suspendu\" class=\"rl-gallery-link\" data-rl_caption=\"Se composant de 5 couches et d\u2019une profondeur de 10 cm, le panneau suspendu est un absorbeur \u00e0 bande large.&lt;br \/&gt;\n&lt;a href=&quot;\/fr\/produits\/acousticframe-panneau-suspendu\/&quot;&gt;vers le produit&lt;\/a&gt;\" data-rel=\"fp-lightbox-gallery-1\"><img loading=\"lazy\" decoding=\"async\" width=\"400\" height=\"400\" src=\"https:\/\/flagprint.ch\/wp-content\/uploads\/2019\/02\/raumdesign-acousticframe-pendelwand-schallschluckende-akustik-pendelwand-400x400.jpg\" class=\"attachment-thumbnail size-thumbnail\" alt=\"Se composant de 5 couches et d\u2019une profondeur de 10 cm, l&#039;acousticframe panneau suspendu est un absorbeur \u00e0 bande large. Absorption acoustique maximale.\" aria-describedby=\"gallery-1-4751\" srcset=\"https:\/\/flagprint.ch\/wp-content\/uploads\/2019\/02\/raumdesign-acousticframe-pendelwand-schallschluckende-akustik-pendelwand-400x400.jpg 400w, https:\/\/flagprint.ch\/wp-content\/uploads\/2019\/02\/raumdesign-acousticframe-pendelwand-schallschluckende-akustik-pendelwand-20x20.jpg 20w, https:\/\/flagprint.ch\/wp-content\/uploads\/2019\/02\/raumdesign-acousticframe-pendelwand-schallschluckende-akustik-pendelwand-40x40.jpg 40w, https:\/\/flagprint.ch\/wp-content\/uploads\/2019\/02\/raumdesign-acousticframe-pendelwand-schallschluckende-akustik-pendelwand-60x60.jpg 60w\" sizes=\"(max-width: 400px) 100vw, 400px\" \/><\/a>\n\t\t\t<\/div>\n\t\t\t\t<figcaption class='wp-caption-text gallery-caption' id='gallery-1-4751'>\n\t\t\t\tacousticframe panneau suspendu\n\t\t\t\t<\/figcaption><\/figure><figure class='gallery-item'>\n\t\t\t<div class='gallery-icon landscape'>\n\t\t\t\t<a  href='https:\/\/flagprint.ch\/wp-content\/uploads\/2019\/02\/raumdesign-acousticframe-wuerfel-cube-raumtrenner-indoor-twint.jpg' title=\"acousticframe cube\" data-rl_title=\"acousticframe cube\" class=\"rl-gallery-link\" data-rl_caption=\"Convient bien pour les pi\u00e8ces \u00e0 plafond haut.\" data-rel=\"fp-lightbox-gallery-1\"><img loading=\"lazy\" decoding=\"async\" width=\"400\" height=\"400\" src=\"https:\/\/flagprint.ch\/wp-content\/uploads\/2019\/02\/raumdesign-acousticframe-wuerfel-cube-raumtrenner-indoor-twint-400x400.jpg\" class=\"attachment-thumbnail size-thumbnail\" alt=\"acousticframe cube pr\u00e9sente d\u2019excellentes propri\u00e9t\u00e9s d\u2019absorption acoustique et est facile \u00e0 installer \u00e0 l\u2019aide d\u2019un syst\u00e8me de c\u00e2bles.\" aria-describedby=\"gallery-1-4744\" srcset=\"https:\/\/flagprint.ch\/wp-content\/uploads\/2019\/02\/raumdesign-acousticframe-wuerfel-cube-raumtrenner-indoor-twint-400x400.jpg 400w, https:\/\/flagprint.ch\/wp-content\/uploads\/2019\/02\/raumdesign-acousticframe-wuerfel-cube-raumtrenner-indoor-twint-20x20.jpg 20w, https:\/\/flagprint.ch\/wp-content\/uploads\/2019\/02\/raumdesign-acousticframe-wuerfel-cube-raumtrenner-indoor-twint-40x40.jpg 40w, https:\/\/flagprint.ch\/wp-content\/uploads\/2019\/02\/raumdesign-acousticframe-wuerfel-cube-raumtrenner-indoor-twint-60x60.jpg 60w\" sizes=\"(max-width: 400px) 100vw, 400px\" \/><\/a>\n\t\t\t<\/div>\n\t\t\t\t<figcaption class='wp-caption-text gallery-caption' id='gallery-1-4744'>\n\t\t\t\tacousticframe cube\n\t\t\t\t<\/figcaption><\/figure><figure class='gallery-item'>\n\t\t\t<div class='gallery-icon landscape'>\n\t\t\t\t<a  href='https:\/\/flagprint.ch\/wp-content\/uploads\/2019\/02\/raumdesign-acousticframe-wuerfel-cube-raumtrenner-indoor-konzept-twint.jpg' title=\"acousticframe cube\" data-rl_title=\"acousticframe cube\" class=\"rl-gallery-link\" data-rl_caption=\"Absorption acoustique maximale (absorbeur \u00e0 bande large).&lt;br \/&gt;\n&lt;a href=&quot;\/fr\/produits\/acousticframe-cube\/&quot;&gt;vers le produit&lt;\/a&gt;\" data-rel=\"fp-lightbox-gallery-1\"><img loading=\"lazy\" decoding=\"async\" width=\"400\" height=\"400\" src=\"https:\/\/flagprint.ch\/wp-content\/uploads\/2019\/02\/raumdesign-acousticframe-wuerfel-cube-raumtrenner-indoor-konzept-twint-400x400.jpg\" class=\"attachment-thumbnail size-thumbnail\" alt=\"acousticframe cube pr\u00e9sente d\u2019excellentes propri\u00e9t\u00e9s d\u2019absorption acoustique et est facile \u00e0 installer \u00e0 l\u2019aide d\u2019un syst\u00e8me de c\u00e2bles.\" aria-describedby=\"gallery-1-4742\" srcset=\"https:\/\/flagprint.ch\/wp-content\/uploads\/2019\/02\/raumdesign-acousticframe-wuerfel-cube-raumtrenner-indoor-konzept-twint-400x400.jpg 400w, https:\/\/flagprint.ch\/wp-content\/uploads\/2019\/02\/raumdesign-acousticframe-wuerfel-cube-raumtrenner-indoor-konzept-twint-20x20.jpg 20w, https:\/\/flagprint.ch\/wp-content\/uploads\/2019\/02\/raumdesign-acousticframe-wuerfel-cube-raumtrenner-indoor-konzept-twint-40x40.jpg 40w, https:\/\/flagprint.ch\/wp-content\/uploads\/2019\/02\/raumdesign-acousticframe-wuerfel-cube-raumtrenner-indoor-konzept-twint-60x60.jpg 60w\" sizes=\"(max-width: 400px) 100vw, 400px\" \/><\/a>\n\t\t\t<\/div>\n\t\t\t\t<figcaption class='wp-caption-text gallery-caption' id='gallery-1-4742'>\n\t\t\t\tacousticframe cube\n\t\t\t\t<\/figcaption><\/figure><figure class='gallery-item'>\n\t\t\t<div class='gallery-icon landscape'>\n\t\t\t\t<a  href='https:\/\/flagprint.ch\/wp-content\/uploads\/2020\/12\/lightframe-lf500-leuchtkasten-display-stoffprint-mobiliar.jpg' title=\"lightframe auf der B\u00fchne\" data-rl_title=\"lightframe auf der B\u00fchne\" class=\"rl-gallery-link\" data-rl_caption=\"Sch\u00f6n ausgeleuchtete Sekund\u00e4rfarben der Mobiliar auf dem lightframe.\" data-rel=\"fp-lightbox-gallery-1\"><img loading=\"lazy\" decoding=\"async\" width=\"400\" height=\"300\" src=\"https:\/\/flagprint.ch\/wp-content\/uploads\/2020\/12\/lightframe-lf500-leuchtkasten-display-stoffprint-mobiliar-400x300.jpg\" class=\"attachment-thumbnail size-thumbnail\" alt=\"Das lightframe LF500 ist federleicht &amp; leuchtstark. Mit hochwertiger LED-Technik &amp; individuell-bedrucktem Stoff. Schneller Aufbau &amp; kompakte Verpackung.\" aria-describedby=\"gallery-1-12514\" srcset=\"https:\/\/flagprint.ch\/wp-content\/uploads\/2020\/12\/lightframe-lf500-leuchtkasten-display-stoffprint-mobiliar-400x300.jpg 400w, https:\/\/flagprint.ch\/wp-content\/uploads\/2020\/12\/lightframe-lf500-leuchtkasten-display-stoffprint-mobiliar-800x600.jpg 800w, https:\/\/flagprint.ch\/wp-content\/uploads\/2020\/12\/lightframe-lf500-leuchtkasten-display-stoffprint-mobiliar-1200x900.jpg 1200w, https:\/\/flagprint.ch\/wp-content\/uploads\/2020\/12\/lightframe-lf500-leuchtkasten-display-stoffprint-mobiliar-768x576.jpg 768w, https:\/\/flagprint.ch\/wp-content\/uploads\/2020\/12\/lightframe-lf500-leuchtkasten-display-stoffprint-mobiliar-1536x1152.jpg 1536w, https:\/\/flagprint.ch\/wp-content\/uploads\/2020\/12\/lightframe-lf500-leuchtkasten-display-stoffprint-mobiliar.jpg 1600w\" sizes=\"(max-width: 400px) 100vw, 400px\" \/><\/a>\n\t\t\t<\/div>\n\t\t\t\t<figcaption class='wp-caption-text gallery-caption' id='gallery-1-12514'>\n\t\t\t\tlightframe auf der B\u00fchne\n\t\t\t\t<\/figcaption><\/figure><figure class='gallery-item'>\n\t\t\t<div class='gallery-icon landscape'>\n\t\t\t\t<a  href='https:\/\/flagprint.ch\/wp-content\/uploads\/2021\/03\/flagprint-acousticframe-acoustic-aluframe-rahmen-l-form-stoffprint.jpg' title=\"acousticframe Raumteiler\" data-rl_title=\"acousticframe Raumteiler\" class=\"rl-gallery-link\" data-rl_caption=\"Der acousticframe Raumteiler bietet akustischen Komfort und optische \u00c4sthetik.&lt;br \/&gt;\n&lt;a href=&quot;\/produkte\/acousticframe-raumteiler\/&quot;&gt;Zum Produkt&lt;\/a&gt;\" data-rel=\"fp-lightbox-gallery-1\"><img loading=\"lazy\" decoding=\"async\" width=\"400\" height=\"300\" src=\"https:\/\/flagprint.ch\/wp-content\/uploads\/2021\/03\/flagprint-acousticframe-acoustic-aluframe-rahmen-l-form-stoffprint-400x300.jpg\" class=\"attachment-thumbnail size-thumbnail\" alt=\"Top Schallabsorption, optimale Raumakustik, Sichtschutz &amp; Diskretion mit dem acousticframe Raumteiler. Individuell, bedruckbare Stoffe. F\u00fcr Grossraumb\u00fcros.\" aria-describedby=\"gallery-1-12989\" srcset=\"https:\/\/flagprint.ch\/wp-content\/uploads\/2021\/03\/flagprint-acousticframe-acoustic-aluframe-rahmen-l-form-stoffprint-400x300.jpg 400w, https:\/\/flagprint.ch\/wp-content\/uploads\/2021\/03\/flagprint-acousticframe-acoustic-aluframe-rahmen-l-form-stoffprint-800x600.jpg 800w, https:\/\/flagprint.ch\/wp-content\/uploads\/2021\/03\/flagprint-acousticframe-acoustic-aluframe-rahmen-l-form-stoffprint-1200x900.jpg 1200w, https:\/\/flagprint.ch\/wp-content\/uploads\/2021\/03\/flagprint-acousticframe-acoustic-aluframe-rahmen-l-form-stoffprint-768x576.jpg 768w, https:\/\/flagprint.ch\/wp-content\/uploads\/2021\/03\/flagprint-acousticframe-acoustic-aluframe-rahmen-l-form-stoffprint-1536x1152.jpg 1536w, https:\/\/flagprint.ch\/wp-content\/uploads\/2021\/03\/flagprint-acousticframe-acoustic-aluframe-rahmen-l-form-stoffprint.jpg 1600w\" sizes=\"(max-width: 400px) 100vw, 400px\" \/><\/a>\n\t\t\t<\/div>\n\t\t\t\t<figcaption class='wp-caption-text gallery-caption' id='gallery-1-12989'>\n\t\t\t\tacousticframe Raumteiler\n\t\t\t\t<\/figcaption><\/figure><figure class='gallery-item'>\n\t\t\t<div class='gallery-icon landscape'>\n\t\t\t\t<a  href='https:\/\/flagprint.ch\/wp-content\/uploads\/2021\/03\/flagprint-acousticframe-acoustic-aluframe-rahmen-l-form-schallabsorber.jpg' title=\"acousticframe Raumteiler\" data-rl_title=\"acousticframe Raumteiler\" class=\"rl-gallery-link\" data-rl_caption=\"Der acousticframe Raumteiler bietet akustischen Komfort und optische \u00c4sthetik.&lt;br \/&gt;\n&lt;a href=&quot;\/produkte\/acousticframe-raumteiler\/&quot;&gt;Zum Produkt&lt;\/a&gt;\" data-rel=\"fp-lightbox-gallery-1\"><img loading=\"lazy\" decoding=\"async\" width=\"400\" height=\"300\" src=\"https:\/\/flagprint.ch\/wp-content\/uploads\/2021\/03\/flagprint-acousticframe-acoustic-aluframe-rahmen-l-form-schallabsorber-400x300.jpg\" class=\"attachment-thumbnail size-thumbnail\" alt=\"Top Schallabsorption, optimale Raumakustik, Sichtschutz &amp; Diskretion mit dem acousticframe Raumteiler. Individuell, bedruckbare Stoffe. F\u00fcr Grossraumb\u00fcros.\" aria-describedby=\"gallery-1-12987\" srcset=\"https:\/\/flagprint.ch\/wp-content\/uploads\/2021\/03\/flagprint-acousticframe-acoustic-aluframe-rahmen-l-form-schallabsorber-400x300.jpg 400w, https:\/\/flagprint.ch\/wp-content\/uploads\/2021\/03\/flagprint-acousticframe-acoustic-aluframe-rahmen-l-form-schallabsorber-800x600.jpg 800w, https:\/\/flagprint.ch\/wp-content\/uploads\/2021\/03\/flagprint-acousticframe-acoustic-aluframe-rahmen-l-form-schallabsorber-1200x900.jpg 1200w, https:\/\/flagprint.ch\/wp-content\/uploads\/2021\/03\/flagprint-acousticframe-acoustic-aluframe-rahmen-l-form-schallabsorber-768x576.jpg 768w, https:\/\/flagprint.ch\/wp-content\/uploads\/2021\/03\/flagprint-acousticframe-acoustic-aluframe-rahmen-l-form-schallabsorber-1536x1152.jpg 1536w, https:\/\/flagprint.ch\/wp-content\/uploads\/2021\/03\/flagprint-acousticframe-acoustic-aluframe-rahmen-l-form-schallabsorber.jpg 1600w\" sizes=\"(max-width: 400px) 100vw, 400px\" \/><\/a>\n\t\t\t<\/div>\n\t\t\t\t<figcaption class='wp-caption-text gallery-caption' id='gallery-1-12987'>\n\t\t\t\tacousticframe Raumteiler\n\t\t\t\t<\/figcaption><\/figure><figure class='gallery-item'>\n\t\t\t<div class='gallery-icon landscape'>\n\t\t\t\t<a  href='https:\/\/flagprint.ch\/wp-content\/uploads\/2021\/03\/flagprint-acousticframe-acoustic-aluframe-rahmen-l-form-buero.jpg' title=\"acousticframe Raumteiler\" data-rl_title=\"acousticframe Raumteiler\" class=\"rl-gallery-link\" data-rl_caption=\"Der acousticframe Raumteiler bietet akustischen Komfort und optische \u00c4sthetik.&lt;br \/&gt;\n&lt;a href=&quot;\/produkte\/acousticframe-raumteiler\/&quot;&gt;Zum Produkt&lt;\/a&gt;\" data-rel=\"fp-lightbox-gallery-1\"><img loading=\"lazy\" decoding=\"async\" width=\"400\" height=\"300\" src=\"https:\/\/flagprint.ch\/wp-content\/uploads\/2021\/03\/flagprint-acousticframe-acoustic-aluframe-rahmen-l-form-buero-400x300.jpg\" class=\"attachment-thumbnail size-thumbnail\" alt=\"Top Schallabsorption, optimale Raumakustik, Sichtschutz &amp; Diskretion mit dem acousticframe Raumteiler. Individuell, bedruckbare Stoffe. F\u00fcr Grossraumb\u00fcros.\" aria-describedby=\"gallery-1-12985\" srcset=\"https:\/\/flagprint.ch\/wp-content\/uploads\/2021\/03\/flagprint-acousticframe-acoustic-aluframe-rahmen-l-form-buero-400x300.jpg 400w, https:\/\/flagprint.ch\/wp-content\/uploads\/2021\/03\/flagprint-acousticframe-acoustic-aluframe-rahmen-l-form-buero-800x600.jpg 800w, https:\/\/flagprint.ch\/wp-content\/uploads\/2021\/03\/flagprint-acousticframe-acoustic-aluframe-rahmen-l-form-buero-1200x900.jpg 1200w, https:\/\/flagprint.ch\/wp-content\/uploads\/2021\/03\/flagprint-acousticframe-acoustic-aluframe-rahmen-l-form-buero-768x576.jpg 768w, https:\/\/flagprint.ch\/wp-content\/uploads\/2021\/03\/flagprint-acousticframe-acoustic-aluframe-rahmen-l-form-buero-1536x1152.jpg 1536w, https:\/\/flagprint.ch\/wp-content\/uploads\/2021\/03\/flagprint-acousticframe-acoustic-aluframe-rahmen-l-form-buero.jpg 1600w\" sizes=\"(max-width: 400px) 100vw, 400px\" \/><\/a>\n\t\t\t<\/div>\n\t\t\t\t<figcaption class='wp-caption-text gallery-caption' id='gallery-1-12985'>\n\t\t\t\tacousticframe Raumteiler\n\t\t\t\t<\/figcaption><\/figure><figure class='gallery-item'>\n\t\t\t<div class='gallery-icon landscape'>\n\t\t\t\t<a  href='https:\/\/flagprint.ch\/wp-content\/uploads\/2021\/03\/flagprint-acousticframe-acoustic-aluframe-rahmen-l-form-absorber.jpg' title=\"acousticframe Raumteiler\" data-rl_title=\"acousticframe Raumteiler\" class=\"rl-gallery-link\" data-rl_caption=\"Der acousticframe Raumteiler bietet akustischen Komfort und optische \u00c4sthetik.&lt;br \/&gt;\n&lt;a href=&quot;\/produkte\/acousticframe-raumteiler\/&quot;&gt;Zum Produkt&lt;\/a&gt;\" data-rel=\"fp-lightbox-gallery-1\"><img loading=\"lazy\" decoding=\"async\" width=\"400\" height=\"300\" src=\"https:\/\/flagprint.ch\/wp-content\/uploads\/2021\/03\/flagprint-acousticframe-acoustic-aluframe-rahmen-l-form-absorber-400x300.jpg\" class=\"attachment-thumbnail size-thumbnail\" alt=\"Top Schallabsorption, optimale Raumakustik, Sichtschutz &amp; Diskretion mit dem acousticframe Raumteiler. Individuell, bedruckbare Stoffe. F\u00fcr Grossraumb\u00fcros.\" aria-describedby=\"gallery-1-12983\" srcset=\"https:\/\/flagprint.ch\/wp-content\/uploads\/2021\/03\/flagprint-acousticframe-acoustic-aluframe-rahmen-l-form-absorber-400x300.jpg 400w, https:\/\/flagprint.ch\/wp-content\/uploads\/2021\/03\/flagprint-acousticframe-acoustic-aluframe-rahmen-l-form-absorber-800x600.jpg 800w, https:\/\/flagprint.ch\/wp-content\/uploads\/2021\/03\/flagprint-acousticframe-acoustic-aluframe-rahmen-l-form-absorber-1200x900.jpg 1200w, https:\/\/flagprint.ch\/wp-content\/uploads\/2021\/03\/flagprint-acousticframe-acoustic-aluframe-rahmen-l-form-absorber-768x576.jpg 768w, https:\/\/flagprint.ch\/wp-content\/uploads\/2021\/03\/flagprint-acousticframe-acoustic-aluframe-rahmen-l-form-absorber-1536x1152.jpg 1536w, https:\/\/flagprint.ch\/wp-content\/uploads\/2021\/03\/flagprint-acousticframe-acoustic-aluframe-rahmen-l-form-absorber.jpg 1600w\" sizes=\"(max-width: 400px) 100vw, 400px\" \/><\/a>\n\t\t\t<\/div>\n\t\t\t\t<figcaption class='wp-caption-text gallery-caption' id='gallery-1-12983'>\n\t\t\t\tacousticframe Raumteiler\n\t\t\t\t<\/figcaption><\/figure><figure class='gallery-item'>\n\t\t\t<div class='gallery-icon landscape'>\n\t\t\t\t<a  href='https:\/\/flagprint.ch\/wp-content\/uploads\/2020\/01\/messe-event-mobiler-leuchtkasten-lightframe-lf580-theke-counter-v2.jpg' title=\"Comptoir \u00e9clair\u00e9 mobile lightframe LF580\" data-rl_title=\"Comptoir \u00e9clair\u00e9 mobile lightframe LF580\" class=\"rl-gallery-link\" data-rl_caption=\"Le comptoir \u00e9clair\u00e9 mobile, le lightframe LF580, vous permettra d\u2019impressionner sur les salons et \u00e9v\u00e8nements.\" data-rel=\"fp-lightbox-gallery-1\"><img loading=\"lazy\" decoding=\"async\" width=\"400\" height=\"300\" src=\"https:\/\/flagprint.ch\/wp-content\/uploads\/2020\/01\/messe-event-mobiler-leuchtkasten-lightframe-lf580-theke-counter-v2-400x300.jpg\" class=\"attachment-thumbnail size-thumbnail\" alt=\"Le comptoir \u00e9clair\u00e9 mobile, le lightframe LF580, vous permettra d\u2019impressionner sur les salons et \u00e9v\u00e8nements. Le syst\u00e8me de comptoir mobile est \u00e9quip\u00e9 d\u2019un \u00e9clairage \u00e0 l\u2019avant et d\u2019un compartiment de rangement \u00e0 l\u2019arri\u00e8re.\" aria-describedby=\"gallery-1-9682\" srcset=\"https:\/\/flagprint.ch\/wp-content\/uploads\/2020\/01\/messe-event-mobiler-leuchtkasten-lightframe-lf580-theke-counter-v2-400x300.jpg 400w, https:\/\/flagprint.ch\/wp-content\/uploads\/2020\/01\/messe-event-mobiler-leuchtkasten-lightframe-lf580-theke-counter-v2-800x600.jpg 800w, https:\/\/flagprint.ch\/wp-content\/uploads\/2020\/01\/messe-event-mobiler-leuchtkasten-lightframe-lf580-theke-counter-v2-768x576.jpg 768w, https:\/\/flagprint.ch\/wp-content\/uploads\/2020\/01\/messe-event-mobiler-leuchtkasten-lightframe-lf580-theke-counter-v2-1200x900.jpg 1200w, https:\/\/flagprint.ch\/wp-content\/uploads\/2020\/01\/messe-event-mobiler-leuchtkasten-lightframe-lf580-theke-counter-v2.jpg 1600w\" sizes=\"(max-width: 400px) 100vw, 400px\" \/><\/a>\n\t\t\t<\/div>\n\t\t\t\t<figcaption class='wp-caption-text gallery-caption' id='gallery-1-9682'>\n\t\t\t\tComptoir \u00e9clair\u00e9 mobile lightframe LF580\n\t\t\t\t<\/figcaption><\/figure><figure class='gallery-item'>\n\t\t\t<div class='gallery-icon portrait'>\n\t\t\t\t<a  href='https:\/\/flagprint.ch\/wp-content\/uploads\/2019\/08\/MobiliarESAF19Sa6-ThiloLarssonPhotography34.jpg' title=\"lightframe am ESAF\" data-rl_title=\"lightframe am ESAF\" class=\"rl-gallery-link\" data-rl_caption=\"Die Mobiliar nutzte das lightframe LF500 f\u00fcr ihren Auftritt am ESAF.\" data-rel=\"fp-lightbox-gallery-1\"><img loading=\"lazy\" decoding=\"async\" width=\"300\" height=\"400\" src=\"https:\/\/flagprint.ch\/wp-content\/uploads\/2019\/08\/MobiliarESAF19Sa6-ThiloLarssonPhotography34-300x400.jpg\" class=\"attachment-thumbnail size-thumbnail\" alt=\"Die Mobiliar nutzte das lightframe LF500 f\u00fcr ihren Auftritt am Eigen\u00f6ssischen Schwingfest 2019\" aria-describedby=\"gallery-1-8468\" srcset=\"https:\/\/flagprint.ch\/wp-content\/uploads\/2019\/08\/MobiliarESAF19Sa6-ThiloLarssonPhotography34-300x400.jpg 300w, https:\/\/flagprint.ch\/wp-content\/uploads\/2019\/08\/MobiliarESAF19Sa6-ThiloLarssonPhotography34-600x800.jpg 600w, https:\/\/flagprint.ch\/wp-content\/uploads\/2019\/08\/MobiliarESAF19Sa6-ThiloLarssonPhotography34.jpg 768w\" sizes=\"(max-width: 300px) 100vw, 300px\" \/><\/a>\n\t\t\t<\/div>\n\t\t\t\t<figcaption class='wp-caption-text gallery-caption' id='gallery-1-8468'>\n\t\t\t\tlightframe am ESAF\n\t\t\t\t<\/figcaption><\/figure><figure class='gallery-item'>\n\t\t\t<div class='gallery-icon landscape'>\n\t\t\t\t<a  href='https:\/\/flagprint.ch\/wp-content\/uploads\/2018\/10\/Akustik-Wandabsorber-Textilspannrahmen.jpg' title=\"Optimierte Raumakustik im B\u00fcro\" data-rl_title=\"Optimierte Raumakustik im B\u00fcro\" class=\"rl-gallery-link\" data-rl_caption=\"Optimierte Raumakustik im B\u00fcro\" data-rel=\"fp-lightbox-gallery-1\"><img loading=\"lazy\" decoding=\"async\" width=\"150\" height=\"150\" src=\"https:\/\/flagprint.ch\/wp-content\/uploads\/2018\/10\/Akustik-Wandabsorber-Textilspannrahmen-150x150.jpg\" class=\"attachment-thumbnail size-thumbnail\" alt=\"Optimierte Raumakustik im B\u00fcro\" aria-describedby=\"gallery-1-331\" srcset=\"https:\/\/flagprint.ch\/wp-content\/uploads\/2018\/10\/Akustik-Wandabsorber-Textilspannrahmen-150x150.jpg 150w, https:\/\/flagprint.ch\/wp-content\/uploads\/2018\/10\/Akustik-Wandabsorber-Textilspannrahmen-20x20.jpg 20w, https:\/\/flagprint.ch\/wp-content\/uploads\/2018\/10\/Akustik-Wandabsorber-Textilspannrahmen-40x40.jpg 40w, https:\/\/flagprint.ch\/wp-content\/uploads\/2018\/10\/Akustik-Wandabsorber-Textilspannrahmen-60x60.jpg 60w, https:\/\/flagprint.ch\/wp-content\/uploads\/2018\/10\/Akustik-Wandabsorber-Textilspannrahmen-400x400.jpg 400w\" sizes=\"(max-width: 150px) 100vw, 150px\" \/><\/a>\n\t\t\t<\/div>\n\t\t\t\t<figcaption class='wp-caption-text gallery-caption' id='gallery-1-331'>\n\t\t\t\tOptimierte Raumakustik im B\u00fcro\n\t\t\t\t<\/figcaption><\/figure>\n\t\t<\/div>\n\t\t<\/div>\n\t\t\t\t\t\t<\/div>\n\t\t\t\t<\/div>\n\t\t\t\t\t<\/div>\n\t\t<\/div>\n\t\t\t\t\t<\/div>\n\t\t<\/section>\n\t\t\t\t<section class=\"elementor-section elementor-inner-section elementor-element elementor-element-12fa246 elementor-section-full_width fp-gallery elementor-section-height-default elementor-section-height-default\" data-id=\"12fa246\" data-element_type=\"section\" data-e-type=\"section\" id=\"fp-id-drapeaux\">\n\t\t\t\t\t\t<div class=\"elementor-container elementor-column-gap-no\">\n\t\t\t\t\t<div class=\"elementor-column elementor-col-100 elementor-inner-column elementor-element elementor-element-c75c27c\" data-id=\"c75c27c\" data-element_type=\"column\" data-e-type=\"column\">\n\t\t\t<div class=\"elementor-widget-wrap elementor-element-populated\">\n\t\t\t\t\t\t<div class=\"elementor-element elementor-element-51f18f0 elementor-widget elementor-widget-heading\" data-id=\"51f18f0\" data-element_type=\"widget\" data-e-type=\"widget\" data-widget_type=\"heading.default\">\n\t\t\t\t<div class=\"elementor-widget-container\">\n\t\t\t\t\t<h2 class=\"elementor-heading-title elementor-size-default\">Drapeaux<\/h2>\t\t\t\t<\/div>\n\t\t\t\t<\/div>\n\t\t\t\t<div class=\"elementor-element elementor-element-732403c elementor-widget elementor-widget-image-gallery\" data-id=\"732403c\" data-element_type=\"widget\" data-e-type=\"widget\" data-widget_type=\"image-gallery.default\">\n\t\t\t\t<div class=\"elementor-widget-container\">\n\t\t\t\t\t\t\t<div class=\"elementor-image-gallery\">\n\t\t\t<div id='gallery-2' class='gallery galleryid-13913 gallery-columns-5 gallery-size-thumbnail'><figure class='gallery-item'>\n\t\t\t<div class='gallery-icon landscape'>\n\t\t\t\t<a  href='https:\/\/flagprint.ch\/wp-content\/uploads\/2024\/04\/ramseier_stucki_Knatterfahne_1.png' title=\"Werbefahne f\u00fcr Baustelle von Ramseier + Stucki Architekten\" data-rl_title=\"Werbefahne f\u00fcr Baustelle von Ramseier + Stucki Architekten\" class=\"rl-gallery-link\" data-rl_caption=\"\" data-rel=\"fp-lightbox-gallery-2\"><img loading=\"lazy\" decoding=\"async\" width=\"400\" height=\"300\" src=\"https:\/\/flagprint.ch\/wp-content\/uploads\/2024\/04\/ramseier_stucki_Knatterfahne_1-400x300.png\" class=\"attachment-thumbnail size-thumbnail\" alt=\"\" aria-describedby=\"gallery-2-36565\" srcset=\"https:\/\/flagprint.ch\/wp-content\/uploads\/2024\/04\/ramseier_stucki_Knatterfahne_1-400x300.png 400w, https:\/\/flagprint.ch\/wp-content\/uploads\/2024\/04\/ramseier_stucki_Knatterfahne_1-800x600.png 800w, https:\/\/flagprint.ch\/wp-content\/uploads\/2024\/04\/ramseier_stucki_Knatterfahne_1-1200x900.png 1200w, https:\/\/flagprint.ch\/wp-content\/uploads\/2024\/04\/ramseier_stucki_Knatterfahne_1-768x576.png 768w, https:\/\/flagprint.ch\/wp-content\/uploads\/2024\/04\/ramseier_stucki_Knatterfahne_1-1536x1152.png 1536w, https:\/\/flagprint.ch\/wp-content\/uploads\/2024\/04\/ramseier_stucki_Knatterfahne_1.png 1600w\" sizes=\"(max-width: 400px) 100vw, 400px\"><\/a>\n\t\t\t<\/div>\n\t\t\t\t<figcaption class='wp-caption-text gallery-caption' id='gallery-2-36565'>\n\t\t\t\tWerbefahne f\u00fcr Baustelle von Ramseier + Stucki Architekten\n\t\t\t\t<\/figcaption><\/figure><figure class='gallery-item'>\n\t\t\t<div class='gallery-icon landscape'>\n\t\t\t\t<a  href='https:\/\/flagprint.ch\/wp-content\/uploads\/2024\/04\/Gemeinde-Wohlen-Knatterfahnen-9.jpg' title=\"Gemeindefahne\" data-rl_title=\"Gemeindefahne\" class=\"rl-gallery-link\" data-rl_caption=\"\" data-rel=\"fp-lightbox-gallery-2\"><img loading=\"lazy\" decoding=\"async\" width=\"400\" height=\"300\" src=\"https:\/\/flagprint.ch\/wp-content\/uploads\/2024\/04\/Gemeinde-Wohlen-Knatterfahnen-9-400x300.jpg\" class=\"attachment-thumbnail size-thumbnail\" alt=\"\" aria-describedby=\"gallery-2-36569\" srcset=\"https:\/\/flagprint.ch\/wp-content\/uploads\/2024\/04\/Gemeinde-Wohlen-Knatterfahnen-9-400x300.jpg 400w, https:\/\/flagprint.ch\/wp-content\/uploads\/2024\/04\/Gemeinde-Wohlen-Knatterfahnen-9-800x600.jpg 800w, https:\/\/flagprint.ch\/wp-content\/uploads\/2024\/04\/Gemeinde-Wohlen-Knatterfahnen-9-1200x900.jpg 1200w, https:\/\/flagprint.ch\/wp-content\/uploads\/2024\/04\/Gemeinde-Wohlen-Knatterfahnen-9-768x576.jpg 768w, https:\/\/flagprint.ch\/wp-content\/uploads\/2024\/04\/Gemeinde-Wohlen-Knatterfahnen-9-1536x1152.jpg 1536w, https:\/\/flagprint.ch\/wp-content\/uploads\/2024\/04\/Gemeinde-Wohlen-Knatterfahnen-9.jpg 1600w\" sizes=\"(max-width: 400px) 100vw, 400px\"><\/a>\n\t\t\t<\/div>\n\t\t\t\t<figcaption class='wp-caption-text gallery-caption' id='gallery-2-36569'>\n\t\t\t\tGemeindefahne\n\t\t\t\t<\/figcaption><\/figure><figure class='gallery-item'>\n\t\t\t<div class='gallery-icon landscape'>\n\t\t\t\t<a  href='https:\/\/flagprint.ch\/wp-content\/uploads\/2019\/02\/fahnen-werbefahnen-sponsoren-fahnenmeer-outdoor.jpg' title=\"Drapeaux publicitaires\" data-rl_title=\"Drapeaux publicitaires\" class=\"rl-gallery-link\" data-rl_caption=\"Drapeaux publicitaires\" data-rel=\"fp-lightbox-gallery-2\"><img loading=\"lazy\" decoding=\"async\" width=\"400\" height=\"400\" src=\"https:\/\/flagprint.ch\/wp-content\/uploads\/2019\/02\/fahnen-werbefahnen-sponsoren-fahnenmeer-outdoor-400x400.jpg\" class=\"attachment-thumbnail size-thumbnail\" alt=\"Drapeaux dans toutes les formes, couleurs et formats pour toutes sortes de m\u00e2ts, imprim\u00e9 d\u2019un motif pouvant \u00eatre librement con\u00e7u. M\u00e2ts avec potence.\" aria-describedby=\"gallery-2-3728\" srcset=\"https:\/\/flagprint.ch\/wp-content\/uploads\/2019\/02\/fahnen-werbefahnen-sponsoren-fahnenmeer-outdoor-400x400.jpg 400w, https:\/\/flagprint.ch\/wp-content\/uploads\/2019\/02\/fahnen-werbefahnen-sponsoren-fahnenmeer-outdoor-20x20.jpg 20w, https:\/\/flagprint.ch\/wp-content\/uploads\/2019\/02\/fahnen-werbefahnen-sponsoren-fahnenmeer-outdoor-40x40.jpg 40w, https:\/\/flagprint.ch\/wp-content\/uploads\/2019\/02\/fahnen-werbefahnen-sponsoren-fahnenmeer-outdoor-60x60.jpg 60w\" sizes=\"(max-width: 400px) 100vw, 400px\" \/><\/a>\n\t\t\t<\/div>\n\t\t\t\t<figcaption class='wp-caption-text gallery-caption' id='gallery-2-3728'>\n\t\t\t\tDrapeaux publicitaires\n\t\t\t\t<\/figcaption><\/figure><figure class='gallery-item'>\n\t\t\t<div class='gallery-icon landscape'>\n\t\t\t\t<a  href='https:\/\/flagprint.ch\/wp-content\/uploads\/2019\/02\/fahnen-werbefahnen-postfinance-knatterfahnen.jpg' title=\"Drapeaux publicitaires\" data-rl_title=\"Drapeaux publicitaires\" class=\"rl-gallery-link\" data-rl_caption=\"Drapeaux publicitaires en tissu drapeau l\u00e9ger\" data-rel=\"fp-lightbox-gallery-2\"><img loading=\"lazy\" decoding=\"async\" width=\"400\" height=\"400\" src=\"https:\/\/flagprint.ch\/wp-content\/uploads\/2019\/02\/fahnen-werbefahnen-postfinance-knatterfahnen-400x400.jpg\" class=\"attachment-thumbnail size-thumbnail\" alt=\"Drapeaux dans toutes les formes, couleurs et formats pour toutes sortes de m\u00e2ts, imprim\u00e9 d\u2019un motif pouvant \u00eatre librement con\u00e7u. M\u00e2ts avec potence.\" aria-describedby=\"gallery-2-3734\" srcset=\"https:\/\/flagprint.ch\/wp-content\/uploads\/2019\/02\/fahnen-werbefahnen-postfinance-knatterfahnen-400x400.jpg 400w, https:\/\/flagprint.ch\/wp-content\/uploads\/2019\/02\/fahnen-werbefahnen-postfinance-knatterfahnen-20x20.jpg 20w, https:\/\/flagprint.ch\/wp-content\/uploads\/2019\/02\/fahnen-werbefahnen-postfinance-knatterfahnen-40x40.jpg 40w, https:\/\/flagprint.ch\/wp-content\/uploads\/2019\/02\/fahnen-werbefahnen-postfinance-knatterfahnen-60x60.jpg 60w\" sizes=\"(max-width: 400px) 100vw, 400px\" \/><\/a>\n\t\t\t<\/div>\n\t\t\t\t<figcaption class='wp-caption-text gallery-caption' id='gallery-2-3734'>\n\t\t\t\tDrapeaux publicitaires\n\t\t\t\t<\/figcaption><\/figure><figure class='gallery-item'>\n\t\t\t<div class='gallery-icon portrait'>\n\t\t\t\t<a  href='https:\/\/flagprint.ch\/wp-content\/uploads\/2019\/02\/fahnenmast-mit-ausleger-aus-aluminium-wankdorf-city.jpg' title=\"M\u00e2t avec potence\" data-rl_title=\"M\u00e2t avec potence\" class=\"rl-gallery-link\" data-rl_caption=\"Diff\u00e9rents mod\u00e8les peuvent \u00eatre fournis.&lt;br \/&gt;\n&lt;a href=&quot;\/fr\/produits\/mat-avec-potence\/&quot;&gt;vers le produit&lt;\/a&gt;\" data-rel=\"fp-lightbox-gallery-2\"><img loading=\"lazy\" decoding=\"async\" width=\"400\" height=\"400\" src=\"https:\/\/flagprint.ch\/wp-content\/uploads\/2019\/02\/fahnenmast-mit-ausleger-aus-aluminium-wankdorf-city-400x400.jpg\" class=\"attachment-thumbnail size-thumbnail\" alt=\"Drapeaux dans toutes les formes, couleurs et formats pour toutes sortes de m\u00e2ts, imprim\u00e9 d\u2019un motif pouvant \u00eatre librement con\u00e7u. M\u00e2ts avec potence.\" aria-describedby=\"gallery-2-3796\" srcset=\"https:\/\/flagprint.ch\/wp-content\/uploads\/2019\/02\/fahnenmast-mit-ausleger-aus-aluminium-wankdorf-city-400x400.jpg 400w, https:\/\/flagprint.ch\/wp-content\/uploads\/2019\/02\/fahnenmast-mit-ausleger-aus-aluminium-wankdorf-city-20x20.jpg 20w, https:\/\/flagprint.ch\/wp-content\/uploads\/2019\/02\/fahnenmast-mit-ausleger-aus-aluminium-wankdorf-city-40x40.jpg 40w, https:\/\/flagprint.ch\/wp-content\/uploads\/2019\/02\/fahnenmast-mit-ausleger-aus-aluminium-wankdorf-city-60x60.jpg 60w\" sizes=\"(max-width: 400px) 100vw, 400px\" \/><\/a>\n\t\t\t<\/div>\n\t\t\t\t<figcaption class='wp-caption-text gallery-caption' id='gallery-2-3796'>\n\t\t\t\tM\u00e2t avec potence\n\t\t\t\t<\/figcaption><\/figure><figure class='gallery-item'>\n\t\t\t<div class='gallery-icon landscape'>\n\t\t\t\t<a  href='https:\/\/flagprint.ch\/wp-content\/uploads\/2019\/02\/fahnen-fassadenfahne-loeb-sonderverkauf-fassade.jpg' title=\"Drapeaux de fa\u00e7ade\" data-rl_title=\"Drapeaux de fa\u00e7ade\" class=\"rl-gallery-link\" data-rl_caption=\"Drapeaux de fa\u00e7ade mont\u00e9s sur la fa\u00e7ade de LOEB.&lt;br \/&gt;\n&lt;a href=&quot;\/fr\/produits\/drapeau-de-facade\/&quot;&gt;vers le produit&lt;\/a&gt;\" data-rel=\"fp-lightbox-gallery-2\"><img loading=\"lazy\" decoding=\"async\" width=\"400\" height=\"400\" src=\"https:\/\/flagprint.ch\/wp-content\/uploads\/2019\/02\/fahnen-fassadenfahne-loeb-sonderverkauf-fassade-400x400.jpg\" class=\"attachment-thumbnail size-thumbnail\" alt=\"Les drapeaux sont con\u00e7us pour \u00eatre mont\u00e9s sur la fa\u00e7ade en tant que drapeau individuel ou en tant que bouquet de trois drapeaux.\" aria-describedby=\"gallery-2-3772\" srcset=\"https:\/\/flagprint.ch\/wp-content\/uploads\/2019\/02\/fahnen-fassadenfahne-loeb-sonderverkauf-fassade-400x400.jpg 400w, https:\/\/flagprint.ch\/wp-content\/uploads\/2019\/02\/fahnen-fassadenfahne-loeb-sonderverkauf-fassade-20x20.jpg 20w, https:\/\/flagprint.ch\/wp-content\/uploads\/2019\/02\/fahnen-fassadenfahne-loeb-sonderverkauf-fassade-40x40.jpg 40w, https:\/\/flagprint.ch\/wp-content\/uploads\/2019\/02\/fahnen-fassadenfahne-loeb-sonderverkauf-fassade-60x60.jpg 60w\" sizes=\"(max-width: 400px) 100vw, 400px\" \/><\/a>\n\t\t\t<\/div>\n\t\t\t\t<figcaption class='wp-caption-text gallery-caption' id='gallery-2-3772'>\n\t\t\t\tDrapeaux de fa\u00e7ade\n\t\t\t\t<\/figcaption><\/figure><figure class='gallery-item'>\n\t\t\t<div class='gallery-icon landscape'>\n\t\t\t\t<a  href='https:\/\/flagprint.ch\/wp-content\/uploads\/2019\/02\/fahnen-werbefahnen-sponsorenfahnen-haller.jpg' title=\"Drapeaux publicitaires\" data-rl_title=\"Drapeaux publicitaires\" class=\"rl-gallery-link\" data-rl_caption=\"Drapeaux publicitaires, fabriqu\u00e9 \u00e0 l\u2019unit\u00e9 ou en s\u00e9rie\" data-rel=\"fp-lightbox-gallery-2\"><img loading=\"lazy\" decoding=\"async\" width=\"400\" height=\"400\" src=\"https:\/\/flagprint.ch\/wp-content\/uploads\/2019\/02\/fahnen-werbefahnen-sponsorenfahnen-haller-400x400.jpg\" class=\"attachment-thumbnail size-thumbnail\" alt=\"Drapeaux dans toutes les formes, couleurs et formats pour toutes sortes de m\u00e2ts, imprim\u00e9 d\u2019un motif pouvant \u00eatre librement con\u00e7u. M\u00e2ts avec potence.\" aria-describedby=\"gallery-2-3740\" srcset=\"https:\/\/flagprint.ch\/wp-content\/uploads\/2019\/02\/fahnen-werbefahnen-sponsorenfahnen-haller-400x400.jpg 400w, https:\/\/flagprint.ch\/wp-content\/uploads\/2019\/02\/fahnen-werbefahnen-sponsorenfahnen-haller-20x20.jpg 20w, https:\/\/flagprint.ch\/wp-content\/uploads\/2019\/02\/fahnen-werbefahnen-sponsorenfahnen-haller-40x40.jpg 40w, https:\/\/flagprint.ch\/wp-content\/uploads\/2019\/02\/fahnen-werbefahnen-sponsorenfahnen-haller-60x60.jpg 60w\" sizes=\"(max-width: 400px) 100vw, 400px\" \/><\/a>\n\t\t\t<\/div>\n\t\t\t\t<figcaption class='wp-caption-text gallery-caption' id='gallery-2-3740'>\n\t\t\t\tDrapeaux publicitaires\n\t\t\t\t<\/figcaption><\/figure><figure class='gallery-item'>\n\t\t\t<div class='gallery-icon landscape'>\n\t\t\t\t<a  href='https:\/\/flagprint.ch\/wp-content\/uploads\/2019\/02\/fahnen-werbefahnen-saegestrasse.jpg' title=\"Drapeaux publicitaires\" data-rl_title=\"Drapeaux publicitaires\" class=\"rl-gallery-link\" data-rl_caption=\"Drapeaux publicitaires en tissu drapeau l\u00e9ger\" data-rel=\"fp-lightbox-gallery-2\"><img loading=\"lazy\" decoding=\"async\" width=\"400\" height=\"400\" src=\"https:\/\/flagprint.ch\/wp-content\/uploads\/2019\/02\/fahnen-werbefahnen-saegestrasse-400x400.jpg\" class=\"attachment-thumbnail size-thumbnail\" alt=\"Drapeaux dans toutes les formes, couleurs et formats pour toutes sortes de m\u00e2ts, imprim\u00e9 d\u2019un motif pouvant \u00eatre librement con\u00e7u. M\u00e2ts avec potence.\" aria-describedby=\"gallery-2-3736\" srcset=\"https:\/\/flagprint.ch\/wp-content\/uploads\/2019\/02\/fahnen-werbefahnen-saegestrasse-400x400.jpg 400w, https:\/\/flagprint.ch\/wp-content\/uploads\/2019\/02\/fahnen-werbefahnen-saegestrasse-20x20.jpg 20w, https:\/\/flagprint.ch\/wp-content\/uploads\/2019\/02\/fahnen-werbefahnen-saegestrasse-40x40.jpg 40w, https:\/\/flagprint.ch\/wp-content\/uploads\/2019\/02\/fahnen-werbefahnen-saegestrasse-60x60.jpg 60w\" sizes=\"(max-width: 400px) 100vw, 400px\" \/><\/a>\n\t\t\t<\/div>\n\t\t\t\t<figcaption class='wp-caption-text gallery-caption' id='gallery-2-3736'>\n\t\t\t\tDrapeaux publicitaires\n\t\t\t\t<\/figcaption><\/figure><figure class='gallery-item'>\n\t\t\t<div class='gallery-icon portrait'>\n\t\t\t\t<a  href='https:\/\/flagprint.ch\/wp-content\/uploads\/2019\/02\/fahnen-kandelaberfahne-beflaggung-verein-u-schoen.jpg' title=\"Drapeau de cand\u00e9labre\" data-rl_title=\"Drapeau de cand\u00e9labre\" class=\"rl-gallery-link\" data-rl_caption=\"Drapeau de cand\u00e9labre, action rentr\u00e9e scolaire. Format: 80 x 300 cm.&lt;br \/&gt;\n&lt;a href=&quot;\/fr\/produits\/drapeau-de-candelabre\/&quot;&gt;vers le produit&lt;\/a&gt;\" data-rel=\"fp-lightbox-gallery-2\"><img loading=\"lazy\" decoding=\"async\" width=\"400\" height=\"400\" src=\"https:\/\/flagprint.ch\/wp-content\/uploads\/2019\/02\/fahnen-kandelaberfahne-beflaggung-verein-u-schoen-400x400.jpg\" class=\"attachment-thumbnail size-thumbnail\" alt=\"Support publicitaire en tissu drapeau l\u00e9ger, pour le pavoisement de communes et de villes, imprim\u00e9 d\u2019un motif pouvant \u00eatre librement con\u00e7u.\" aria-describedby=\"gallery-2-3782\" srcset=\"https:\/\/flagprint.ch\/wp-content\/uploads\/2019\/02\/fahnen-kandelaberfahne-beflaggung-verein-u-schoen-400x400.jpg 400w, https:\/\/flagprint.ch\/wp-content\/uploads\/2019\/02\/fahnen-kandelaberfahne-beflaggung-verein-u-schoen-20x20.jpg 20w, https:\/\/flagprint.ch\/wp-content\/uploads\/2019\/02\/fahnen-kandelaberfahne-beflaggung-verein-u-schoen-40x40.jpg 40w, https:\/\/flagprint.ch\/wp-content\/uploads\/2019\/02\/fahnen-kandelaberfahne-beflaggung-verein-u-schoen-60x60.jpg 60w\" sizes=\"(max-width: 400px) 100vw, 400px\" \/><\/a>\n\t\t\t<\/div>\n\t\t\t\t<figcaption class='wp-caption-text gallery-caption' id='gallery-2-3782'>\n\t\t\t\tDrapeau de cand\u00e9labre\n\t\t\t\t<\/figcaption><\/figure><figure class='gallery-item'>\n\t\t\t<div class='gallery-icon portrait'>\n\t\t\t\t<a  href='https:\/\/flagprint.ch\/wp-content\/uploads\/2019\/02\/fahnen-fassadenfahne-restaurant-aeusserer-stand-doppelseitig.jpg' title=\"Drapeaux de fa\u00e7ade\" data-rl_title=\"Drapeaux de fa\u00e7ade\" class=\"rl-gallery-link\" data-rl_caption=\"Les drapeaux sont con\u00e7us pour \u00eatre mont\u00e9s sur la fa\u00e7ade.&lt;br \/&gt;\n&lt;a href=&quot;\/fr\/produits\/drapeau-de-facade\/&quot;&gt;vers le produit&lt;\/a&gt;\" data-rel=\"fp-lightbox-gallery-2\"><img loading=\"lazy\" decoding=\"async\" width=\"400\" height=\"400\" src=\"https:\/\/flagprint.ch\/wp-content\/uploads\/2019\/02\/fahnen-fassadenfahne-restaurant-aeusserer-stand-doppelseitig-400x400.jpg\" class=\"attachment-thumbnail size-thumbnail\" alt=\"Les drapeaux sont con\u00e7us pour \u00eatre mont\u00e9s sur la fa\u00e7ade en tant que drapeau individuel ou en tant que bouquet de trois drapeaux.\" aria-describedby=\"gallery-2-3778\" srcset=\"https:\/\/flagprint.ch\/wp-content\/uploads\/2019\/02\/fahnen-fassadenfahne-restaurant-aeusserer-stand-doppelseitig-400x400.jpg 400w, https:\/\/flagprint.ch\/wp-content\/uploads\/2019\/02\/fahnen-fassadenfahne-restaurant-aeusserer-stand-doppelseitig-20x20.jpg 20w, https:\/\/flagprint.ch\/wp-content\/uploads\/2019\/02\/fahnen-fassadenfahne-restaurant-aeusserer-stand-doppelseitig-40x40.jpg 40w, https:\/\/flagprint.ch\/wp-content\/uploads\/2019\/02\/fahnen-fassadenfahne-restaurant-aeusserer-stand-doppelseitig-60x60.jpg 60w\" sizes=\"(max-width: 400px) 100vw, 400px\" \/><\/a>\n\t\t\t<\/div>\n\t\t\t\t<figcaption class='wp-caption-text gallery-caption' id='gallery-2-3778'>\n\t\t\t\tDrapeaux de fa\u00e7ade\n\t\t\t\t<\/figcaption><\/figure><figure class='gallery-item'>\n\t\t\t<div class='gallery-icon landscape'>\n\t\t\t\t<a  href='https:\/\/flagprint.ch\/wp-content\/uploads\/2019\/02\/fahnen-fassadenfahne-loeb-sonderverkauf.jpg' title=\"Drapeaux de fa\u00e7ade\" data-rl_title=\"Drapeaux de fa\u00e7ade\" class=\"rl-gallery-link\" data-rl_caption=\"Drapeaux de fa\u00e7ade. Format: 194 x 140 cm\" data-rel=\"fp-lightbox-gallery-2\"><img loading=\"lazy\" decoding=\"async\" width=\"400\" height=\"400\" src=\"https:\/\/flagprint.ch\/wp-content\/uploads\/2019\/02\/fahnen-fassadenfahne-loeb-sonderverkauf-400x400.jpg\" class=\"attachment-thumbnail size-thumbnail\" alt=\"Les drapeaux sont con\u00e7us pour \u00eatre mont\u00e9s sur la fa\u00e7ade en tant que drapeau individuel ou en tant que bouquet de trois drapeaux.\" aria-describedby=\"gallery-2-3776\" srcset=\"https:\/\/flagprint.ch\/wp-content\/uploads\/2019\/02\/fahnen-fassadenfahne-loeb-sonderverkauf-400x400.jpg 400w, https:\/\/flagprint.ch\/wp-content\/uploads\/2019\/02\/fahnen-fassadenfahne-loeb-sonderverkauf-20x20.jpg 20w, https:\/\/flagprint.ch\/wp-content\/uploads\/2019\/02\/fahnen-fassadenfahne-loeb-sonderverkauf-40x40.jpg 40w, https:\/\/flagprint.ch\/wp-content\/uploads\/2019\/02\/fahnen-fassadenfahne-loeb-sonderverkauf-60x60.jpg 60w\" sizes=\"(max-width: 400px) 100vw, 400px\" \/><\/a>\n\t\t\t<\/div>\n\t\t\t\t<figcaption class='wp-caption-text gallery-caption' id='gallery-2-3776'>\n\t\t\t\tDrapeaux de fa\u00e7ade\n\t\t\t\t<\/figcaption><\/figure><figure class='gallery-item'>\n\t\t\t<div class='gallery-icon landscape'>\n\t\t\t\t<a  href='https:\/\/flagprint.ch\/wp-content\/uploads\/2019\/02\/fahnen-fassadenfahne-loeb-sonderverkauf-loebegge.jpg' title=\"Drapeaux de fa\u00e7ade\" data-rl_title=\"Drapeaux de fa\u00e7ade\" class=\"rl-gallery-link\" data-rl_caption=\"Drapeaux de fa\u00e7ade mont\u00e9s sur la fa\u00e7ade de LOEB.&lt;br \/&gt;\n&lt;a href=&quot;\/fr\/produits\/drapeau-de-facade\/&quot;&gt;vers le produit&lt;\/a&gt;\" data-rel=\"fp-lightbox-gallery-2\"><img loading=\"lazy\" decoding=\"async\" width=\"400\" height=\"400\" src=\"https:\/\/flagprint.ch\/wp-content\/uploads\/2019\/02\/fahnen-fassadenfahne-loeb-sonderverkauf-loebegge-400x400.jpg\" class=\"attachment-thumbnail size-thumbnail\" alt=\"Les drapeaux sont con\u00e7us pour \u00eatre mont\u00e9s sur la fa\u00e7ade en tant que drapeau individuel ou en tant que bouquet de trois drapeaux.\" aria-describedby=\"gallery-2-3774\" srcset=\"https:\/\/flagprint.ch\/wp-content\/uploads\/2019\/02\/fahnen-fassadenfahne-loeb-sonderverkauf-loebegge-400x400.jpg 400w, https:\/\/flagprint.ch\/wp-content\/uploads\/2019\/02\/fahnen-fassadenfahne-loeb-sonderverkauf-loebegge-20x20.jpg 20w, https:\/\/flagprint.ch\/wp-content\/uploads\/2019\/02\/fahnen-fassadenfahne-loeb-sonderverkauf-loebegge-40x40.jpg 40w, https:\/\/flagprint.ch\/wp-content\/uploads\/2019\/02\/fahnen-fassadenfahne-loeb-sonderverkauf-loebegge-60x60.jpg 60w\" sizes=\"(max-width: 400px) 100vw, 400px\" \/><\/a>\n\t\t\t<\/div>\n\t\t\t\t<figcaption class='wp-caption-text gallery-caption' id='gallery-2-3774'>\n\t\t\t\tDrapeaux de fa\u00e7ade\n\t\t\t\t<\/figcaption><\/figure><figure class='gallery-item'>\n\t\t\t<div class='gallery-icon landscape'>\n\t\t\t\t<a  href='https:\/\/flagprint.ch\/wp-content\/uploads\/2019\/02\/fahnen-fassadenfahne-loeb-fassadenfahne-130-jahre.jpg' title=\"Drapeaux de fa\u00e7ade\" data-rl_title=\"Drapeaux de fa\u00e7ade\" class=\"rl-gallery-link\" data-rl_caption=\"Drapeaux de fa\u00e7ade individuels ou en tant que bouquet de trois drapeaux.&lt;br \/&gt;\n&lt;a href=&quot;\/fr\/produits\/drapeau-de-facade\/&quot;&gt;vers le produit&lt;\/a&gt;\" data-rel=\"fp-lightbox-gallery-2\"><img loading=\"lazy\" decoding=\"async\" width=\"400\" height=\"400\" src=\"https:\/\/flagprint.ch\/wp-content\/uploads\/2019\/02\/fahnen-fassadenfahne-loeb-fassadenfahne-130-jahre-400x400.jpg\" class=\"attachment-thumbnail size-thumbnail\" alt=\"Les drapeaux sont con\u00e7us pour \u00eatre mont\u00e9s sur la fa\u00e7ade en tant que drapeau individuel ou en tant que bouquet de trois drapeaux.\" aria-describedby=\"gallery-2-3770\" srcset=\"https:\/\/flagprint.ch\/wp-content\/uploads\/2019\/02\/fahnen-fassadenfahne-loeb-fassadenfahne-130-jahre-400x400.jpg 400w, https:\/\/flagprint.ch\/wp-content\/uploads\/2019\/02\/fahnen-fassadenfahne-loeb-fassadenfahne-130-jahre-20x20.jpg 20w, https:\/\/flagprint.ch\/wp-content\/uploads\/2019\/02\/fahnen-fassadenfahne-loeb-fassadenfahne-130-jahre-40x40.jpg 40w, https:\/\/flagprint.ch\/wp-content\/uploads\/2019\/02\/fahnen-fassadenfahne-loeb-fassadenfahne-130-jahre-60x60.jpg 60w\" sizes=\"(max-width: 400px) 100vw, 400px\" \/><\/a>\n\t\t\t<\/div>\n\t\t\t\t<figcaption class='wp-caption-text gallery-caption' id='gallery-2-3770'>\n\t\t\t\tDrapeaux de fa\u00e7ade\n\t\t\t\t<\/figcaption><\/figure><figure class='gallery-item'>\n\t\t\t<div class='gallery-icon landscape'>\n\t\t\t\t<a  href='https:\/\/flagprint.ch\/wp-content\/uploads\/2019\/02\/fahnenmast-mit-ausleger-aus-aluminium-golfpark-oberburg.jpg' title=\"M\u00e2t avec potence\" data-rl_title=\"M\u00e2t avec potence\" class=\"rl-gallery-link\" data-rl_caption=\"M\u00e2t en aluminium pour une utilisation \u00e0 long terme, avec ou sans dispositif de hissage.&lt;br \/&gt;\n&lt;a href=&quot;\/fr\/produits\/mat-avec-potence\/&quot;&gt;vers le produit&lt;\/a&gt;\" data-rel=\"fp-lightbox-gallery-2\"><img loading=\"lazy\" decoding=\"async\" width=\"400\" height=\"400\" src=\"https:\/\/flagprint.ch\/wp-content\/uploads\/2019\/02\/fahnenmast-mit-ausleger-aus-aluminium-golfpark-oberburg-400x400.jpg\" class=\"attachment-thumbnail size-thumbnail\" alt=\"Drapeaux dans toutes les formes, couleurs et formats pour toutes sortes de m\u00e2ts, imprim\u00e9 d\u2019un motif pouvant \u00eatre librement con\u00e7u. M\u00e2ts avec potence.\" aria-describedby=\"gallery-2-3790\" srcset=\"https:\/\/flagprint.ch\/wp-content\/uploads\/2019\/02\/fahnenmast-mit-ausleger-aus-aluminium-golfpark-oberburg-400x400.jpg 400w, https:\/\/flagprint.ch\/wp-content\/uploads\/2019\/02\/fahnenmast-mit-ausleger-aus-aluminium-golfpark-oberburg-20x20.jpg 20w, https:\/\/flagprint.ch\/wp-content\/uploads\/2019\/02\/fahnenmast-mit-ausleger-aus-aluminium-golfpark-oberburg-40x40.jpg 40w, https:\/\/flagprint.ch\/wp-content\/uploads\/2019\/02\/fahnenmast-mit-ausleger-aus-aluminium-golfpark-oberburg-60x60.jpg 60w\" sizes=\"(max-width: 400px) 100vw, 400px\" \/><\/a>\n\t\t\t<\/div>\n\t\t\t\t<figcaption class='wp-caption-text gallery-caption' id='gallery-2-3790'>\n\t\t\t\tM\u00e2t avec potence\n\t\t\t\t<\/figcaption><\/figure><figure class='gallery-item'>\n\t\t\t<div class='gallery-icon portrait'>\n\t\t\t\t<a  href='https:\/\/flagprint.ch\/wp-content\/uploads\/2019\/02\/fahnen-kandelaberfahne-gemeinde-koeniz-aktion-fussgaenger-format-80x400cm.jpg.jpg' title=\"Drapeau de cand\u00e9labre\" data-rl_title=\"Drapeau de cand\u00e9labre\" class=\"rl-gallery-link\" data-rl_caption=\"Drapeau de cand\u00e9labre, action pi\u00e9tons. Format: 80 x 400 cm.&lt;br \/&gt;\n&lt;a href=&quot;\/fr\/produits\/drapeau-de-candelabre\/&quot;&gt;vers le produit&lt;\/a&gt;\" data-rel=\"fp-lightbox-gallery-2\"><img loading=\"lazy\" decoding=\"async\" width=\"400\" height=\"400\" src=\"https:\/\/flagprint.ch\/wp-content\/uploads\/2019\/02\/fahnen-kandelaberfahne-gemeinde-koeniz-aktion-fussgaenger-format-80x400cm.jpg-400x400.jpg\" class=\"attachment-thumbnail size-thumbnail\" alt=\"Support publicitaire en tissu drapeau l\u00e9ger, pour le pavoisement de communes et de villes, imprim\u00e9 d\u2019un motif pouvant \u00eatre librement con\u00e7u.\" aria-describedby=\"gallery-2-3786\" srcset=\"https:\/\/flagprint.ch\/wp-content\/uploads\/2019\/02\/fahnen-kandelaberfahne-gemeinde-koeniz-aktion-fussgaenger-format-80x400cm.jpg-400x400.jpg 400w, https:\/\/flagprint.ch\/wp-content\/uploads\/2019\/02\/fahnen-kandelaberfahne-gemeinde-koeniz-aktion-fussgaenger-format-80x400cm.jpg-20x20.jpg 20w, https:\/\/flagprint.ch\/wp-content\/uploads\/2019\/02\/fahnen-kandelaberfahne-gemeinde-koeniz-aktion-fussgaenger-format-80x400cm.jpg-40x40.jpg 40w, https:\/\/flagprint.ch\/wp-content\/uploads\/2019\/02\/fahnen-kandelaberfahne-gemeinde-koeniz-aktion-fussgaenger-format-80x400cm.jpg-60x60.jpg 60w\" sizes=\"(max-width: 400px) 100vw, 400px\" \/><\/a>\n\t\t\t<\/div>\n\t\t\t\t<figcaption class='wp-caption-text gallery-caption' id='gallery-2-3786'>\n\t\t\t\tDrapeau de cand\u00e9labre\n\t\t\t\t<\/figcaption><\/figure><figure class='gallery-item'>\n\t\t\t<div class='gallery-icon portrait'>\n\t\t\t\t<a  href='https:\/\/flagprint.ch\/wp-content\/uploads\/2019\/02\/fahnen-kandelaberfahne-gemeinde-koeniz-aktion-fussgaenger-80x400cm.jpg.jpg' title=\"Drapeau de cand\u00e9labre\" data-rl_title=\"Drapeau de cand\u00e9labre\" class=\"rl-gallery-link\" data-rl_caption=\"Drapeau de cand\u00e9labre, action pi\u00e9tons. Format: 80 x 400 cm\" data-rel=\"fp-lightbox-gallery-2\"><img loading=\"lazy\" decoding=\"async\" width=\"400\" height=\"400\" src=\"https:\/\/flagprint.ch\/wp-content\/uploads\/2019\/02\/fahnen-kandelaberfahne-gemeinde-koeniz-aktion-fussgaenger-80x400cm.jpg-400x400.jpg\" class=\"attachment-thumbnail size-thumbnail\" alt=\"Support publicitaire en tissu drapeau l\u00e9ger, pour le pavoisement de communes et de villes, imprim\u00e9 d\u2019un motif pouvant \u00eatre librement con\u00e7u.\" aria-describedby=\"gallery-2-3784\" srcset=\"https:\/\/flagprint.ch\/wp-content\/uploads\/2019\/02\/fahnen-kandelaberfahne-gemeinde-koeniz-aktion-fussgaenger-80x400cm.jpg-400x400.jpg 400w, https:\/\/flagprint.ch\/wp-content\/uploads\/2019\/02\/fahnen-kandelaberfahne-gemeinde-koeniz-aktion-fussgaenger-80x400cm.jpg-20x20.jpg 20w, https:\/\/flagprint.ch\/wp-content\/uploads\/2019\/02\/fahnen-kandelaberfahne-gemeinde-koeniz-aktion-fussgaenger-80x400cm.jpg-40x40.jpg 40w, https:\/\/flagprint.ch\/wp-content\/uploads\/2019\/02\/fahnen-kandelaberfahne-gemeinde-koeniz-aktion-fussgaenger-80x400cm.jpg-60x60.jpg 60w\" sizes=\"(max-width: 400px) 100vw, 400px\" \/><\/a>\n\t\t\t<\/div>\n\t\t\t\t<figcaption class='wp-caption-text gallery-caption' id='gallery-2-3784'>\n\t\t\t\tDrapeau de cand\u00e9labre\n\t\t\t\t<\/figcaption><\/figure><figure class='gallery-item'>\n\t\t\t<div class='gallery-icon landscape'>\n\t\t\t\t<a  href='https:\/\/flagprint.ch\/wp-content\/uploads\/2019\/02\/referenz-postfossil-hissfahne-outdoor.jpg' title=\"Hissfahnen f\u00fcr Postfossil\" data-rl_title=\"Hissfahnen f\u00fcr Postfossil\" class=\"rl-gallery-link\" data-rl_caption=\"Individuell gestaltete Hissfahne f\u00fcr &quot;flags for the earth&quot; f\u00fcr Postfossil\" data-rel=\"fp-lightbox-gallery-2\"><img loading=\"lazy\" decoding=\"async\" width=\"400\" height=\"400\" src=\"https:\/\/flagprint.ch\/wp-content\/uploads\/2019\/02\/referenz-postfossil-hissfahne-outdoor-400x400.jpg\" class=\"attachment-thumbnail size-thumbnail\" alt=\"Auff\u00e4lliger Werbetr\u00e4ger aus leichtem, individuell-bedrucktem Fahnenstoff. Geeignet f\u00fcr langfristigen Einsatz. F\u00fcr Ihre wirkungsvolle Standortwerbung.\" aria-describedby=\"gallery-2-5104\" srcset=\"https:\/\/flagprint.ch\/wp-content\/uploads\/2019\/02\/referenz-postfossil-hissfahne-outdoor-400x400.jpg 400w, https:\/\/flagprint.ch\/wp-content\/uploads\/2019\/02\/referenz-postfossil-hissfahne-outdoor-20x20.jpg 20w, https:\/\/flagprint.ch\/wp-content\/uploads\/2019\/02\/referenz-postfossil-hissfahne-outdoor-40x40.jpg 40w, https:\/\/flagprint.ch\/wp-content\/uploads\/2019\/02\/referenz-postfossil-hissfahne-outdoor-60x60.jpg 60w\" sizes=\"(max-width: 400px) 100vw, 400px\" \/><\/a>\n\t\t\t<\/div>\n\t\t\t\t<figcaption class='wp-caption-text gallery-caption' id='gallery-2-5104'>\n\t\t\t\tHissfahnen f\u00fcr Postfossil\n\t\t\t\t<\/figcaption><\/figure><figure class='gallery-item'>\n\t\t\t<div class='gallery-icon portrait'>\n\t\t\t\t<a  href='https:\/\/flagprint.ch\/wp-content\/uploads\/2019\/02\/fahnen-fassadenfahne-literaturfestival_burgerspital.jpg' title=\"Drapeaux de fa\u00e7ade\" data-rl_title=\"Drapeaux de fa\u00e7ade\" class=\"rl-gallery-link\" data-rl_caption=\"Drapeaux de fa\u00e7ade en tissu drapeau l\u00e9ger\" data-rel=\"fp-lightbox-gallery-2\"><img loading=\"lazy\" decoding=\"async\" width=\"400\" height=\"400\" src=\"https:\/\/flagprint.ch\/wp-content\/uploads\/2019\/02\/fahnen-fassadenfahne-literaturfestival_burgerspital-400x400.jpg\" class=\"attachment-thumbnail size-thumbnail\" alt=\"Les drapeaux sont con\u00e7us pour \u00eatre mont\u00e9s sur la fa\u00e7ade en tant que drapeau individuel ou en tant que bouquet de trois drapeaux.\" aria-describedby=\"gallery-2-3768\" srcset=\"https:\/\/flagprint.ch\/wp-content\/uploads\/2019\/02\/fahnen-fassadenfahne-literaturfestival_burgerspital-400x400.jpg 400w, https:\/\/flagprint.ch\/wp-content\/uploads\/2019\/02\/fahnen-fassadenfahne-literaturfestival_burgerspital-20x20.jpg 20w, https:\/\/flagprint.ch\/wp-content\/uploads\/2019\/02\/fahnen-fassadenfahne-literaturfestival_burgerspital-40x40.jpg 40w, https:\/\/flagprint.ch\/wp-content\/uploads\/2019\/02\/fahnen-fassadenfahne-literaturfestival_burgerspital-60x60.jpg 60w\" sizes=\"(max-width: 400px) 100vw, 400px\" \/><\/a>\n\t\t\t<\/div>\n\t\t\t\t<figcaption class='wp-caption-text gallery-caption' id='gallery-2-3768'>\n\t\t\t\tDrapeaux de fa\u00e7ade\n\t\t\t\t<\/figcaption><\/figure><figure class='gallery-item'>\n\t\t\t<div class='gallery-icon landscape'>\n\t\t\t\t<a  href='https:\/\/flagprint.ch\/wp-content\/uploads\/2019\/02\/fahnen-werbefahnen-schweizer-tourismus-flughafen.jpg' title=\"Drapeaux publicitaires\" data-rl_title=\"Drapeaux publicitaires\" class=\"rl-gallery-link\" data-rl_caption=\"Drapeaux publicitaires, fabriqu\u00e9 \u00e0 l\u2019unit\u00e9 ou en s\u00e9rie\" data-rel=\"fp-lightbox-gallery-2\"><img loading=\"lazy\" decoding=\"async\" width=\"400\" height=\"400\" src=\"https:\/\/flagprint.ch\/wp-content\/uploads\/2019\/02\/fahnen-werbefahnen-schweizer-tourismus-flughafen-400x400.jpg\" class=\"attachment-thumbnail size-thumbnail\" alt=\"Drapeaux dans toutes les formes, couleurs et formats pour toutes sortes de m\u00e2ts, imprim\u00e9 d\u2019un motif pouvant \u00eatre librement con\u00e7u. M\u00e2ts sans potence.\" aria-describedby=\"gallery-2-3738\" srcset=\"https:\/\/flagprint.ch\/wp-content\/uploads\/2019\/02\/fahnen-werbefahnen-schweizer-tourismus-flughafen-400x400.jpg 400w, https:\/\/flagprint.ch\/wp-content\/uploads\/2019\/02\/fahnen-werbefahnen-schweizer-tourismus-flughafen-20x20.jpg 20w, https:\/\/flagprint.ch\/wp-content\/uploads\/2019\/02\/fahnen-werbefahnen-schweizer-tourismus-flughafen-40x40.jpg 40w, https:\/\/flagprint.ch\/wp-content\/uploads\/2019\/02\/fahnen-werbefahnen-schweizer-tourismus-flughafen-60x60.jpg 60w\" sizes=\"(max-width: 400px) 100vw, 400px\" \/><\/a>\n\t\t\t<\/div>\n\t\t\t\t<figcaption class='wp-caption-text gallery-caption' id='gallery-2-3738'>\n\t\t\t\tDrapeaux publicitaires\n\t\t\t\t<\/figcaption><\/figure>\n\t\t<\/div>\n\t\t<\/div>\n\t\t\t\t\t\t<\/div>\n\t\t\t\t<\/div>\n\t\t\t\t\t<\/div>\n\t\t<\/div>\n\t\t\t\t\t<\/div>\n\t\t<\/section>\n\t\t\t\t<section class=\"elementor-section elementor-inner-section elementor-element elementor-element-7010f6a elementor-section-full_width fp-gallery elementor-section-height-default elementor-section-height-default\" data-id=\"7010f6a\" data-element_type=\"section\" data-e-type=\"section\" id=\"fp-id-mats\">\n\t\t\t\t\t\t<div class=\"elementor-container elementor-column-gap-no\">\n\t\t\t\t\t<div class=\"elementor-column elementor-col-100 elementor-inner-column elementor-element elementor-element-af285b5\" data-id=\"af285b5\" data-element_type=\"column\" data-e-type=\"column\">\n\t\t\t<div class=\"elementor-widget-wrap elementor-element-populated\">\n\t\t\t\t\t\t<div class=\"elementor-element elementor-element-5cd7df0 elementor-widget elementor-widget-heading\" data-id=\"5cd7df0\" data-element_type=\"widget\" data-e-type=\"widget\" data-widget_type=\"heading.default\">\n\t\t\t\t<div class=\"elementor-widget-container\">\n\t\t\t\t\t<h2 class=\"elementor-heading-title elementor-size-default\">M\u00e2ts<\/h2>\t\t\t\t<\/div>\n\t\t\t\t<\/div>\n\t\t\t\t<div class=\"elementor-element elementor-element-4311596 elementor-widget elementor-widget-image-gallery\" data-id=\"4311596\" data-element_type=\"widget\" data-e-type=\"widget\" data-widget_type=\"image-gallery.default\">\n\t\t\t\t<div class=\"elementor-widget-container\">\n\t\t\t\t\t\t\t<div class=\"elementor-image-gallery\">\n\t\t\t<div id='gallery-3' class='gallery galleryid-13913 gallery-columns-5 gallery-size-thumbnail'><figure class='gallery-item'>\n\t\t\t<div class='gallery-icon landscape'>\n\t\t\t\t<a  href='https:\/\/flagprint.ch\/wp-content\/uploads\/2019\/02\/fahnenmast-mit-ausleger-aus-aluminium-postfinance.jpg' title=\"M\u00e2t avec potence\" data-rl_title=\"M\u00e2t avec potence\" class=\"rl-gallery-link\" data-rl_caption=\"M\u00e2t en aluminium pour une utilisation \u00e0 long terme, avec ou sans dispositif de hissage.&lt;br \/&gt;\n&lt;a href=&quot;\/fr\/produits\/mat-avec-potence\/&quot;&gt;vers le produit&lt;\/a&gt;\" data-rel=\"fp-lightbox-gallery-3\"><img loading=\"lazy\" decoding=\"async\" width=\"400\" height=\"400\" src=\"https:\/\/flagprint.ch\/wp-content\/uploads\/2019\/02\/fahnenmast-mit-ausleger-aus-aluminium-postfinance-400x400.jpg\" class=\"attachment-thumbnail size-thumbnail\" alt=\"Drapeaux dans toutes les formes, couleurs et formats pour toutes sortes de m\u00e2ts, imprim\u00e9 d\u2019un motif pouvant \u00eatre librement con\u00e7u. M\u00e2ts avec potence.\" aria-describedby=\"gallery-3-3792\" srcset=\"https:\/\/flagprint.ch\/wp-content\/uploads\/2019\/02\/fahnenmast-mit-ausleger-aus-aluminium-postfinance-400x400.jpg 400w, https:\/\/flagprint.ch\/wp-content\/uploads\/2019\/02\/fahnenmast-mit-ausleger-aus-aluminium-postfinance-20x20.jpg 20w, https:\/\/flagprint.ch\/wp-content\/uploads\/2019\/02\/fahnenmast-mit-ausleger-aus-aluminium-postfinance-40x40.jpg 40w, https:\/\/flagprint.ch\/wp-content\/uploads\/2019\/02\/fahnenmast-mit-ausleger-aus-aluminium-postfinance-60x60.jpg 60w\" sizes=\"(max-width: 400px) 100vw, 400px\" \/><\/a>\n\t\t\t<\/div>\n\t\t\t\t<figcaption class='wp-caption-text gallery-caption' id='gallery-3-3792'>\n\t\t\t\tM\u00e2t avec potence\n\t\t\t\t<\/figcaption><\/figure><figure class='gallery-item'>\n\t\t\t<div class='gallery-icon landscape'>\n\t\t\t\t<a  href='https:\/\/flagprint.ch\/wp-content\/uploads\/2019\/02\/fahnenmast-mit-ausleger-aus-aluminium-golfpark-oberburg.jpg' title=\"M\u00e2t avec potence\" data-rl_title=\"M\u00e2t avec potence\" class=\"rl-gallery-link\" data-rl_caption=\"M\u00e2t en aluminium pour une utilisation \u00e0 long terme, avec ou sans dispositif de hissage.&lt;br \/&gt;\n&lt;a href=&quot;\/fr\/produits\/mat-avec-potence\/&quot;&gt;vers le produit&lt;\/a&gt;\" data-rel=\"fp-lightbox-gallery-3\"><img loading=\"lazy\" decoding=\"async\" width=\"400\" height=\"400\" src=\"https:\/\/flagprint.ch\/wp-content\/uploads\/2019\/02\/fahnenmast-mit-ausleger-aus-aluminium-golfpark-oberburg-400x400.jpg\" class=\"attachment-thumbnail size-thumbnail\" alt=\"Drapeaux dans toutes les formes, couleurs et formats pour toutes sortes de m\u00e2ts, imprim\u00e9 d\u2019un motif pouvant \u00eatre librement con\u00e7u. M\u00e2ts avec potence.\" aria-describedby=\"gallery-3-3790\" srcset=\"https:\/\/flagprint.ch\/wp-content\/uploads\/2019\/02\/fahnenmast-mit-ausleger-aus-aluminium-golfpark-oberburg-400x400.jpg 400w, https:\/\/flagprint.ch\/wp-content\/uploads\/2019\/02\/fahnenmast-mit-ausleger-aus-aluminium-golfpark-oberburg-20x20.jpg 20w, https:\/\/flagprint.ch\/wp-content\/uploads\/2019\/02\/fahnenmast-mit-ausleger-aus-aluminium-golfpark-oberburg-40x40.jpg 40w, https:\/\/flagprint.ch\/wp-content\/uploads\/2019\/02\/fahnenmast-mit-ausleger-aus-aluminium-golfpark-oberburg-60x60.jpg 60w\" sizes=\"(max-width: 400px) 100vw, 400px\" \/><\/a>\n\t\t\t<\/div>\n\t\t\t\t<figcaption class='wp-caption-text gallery-caption' id='gallery-3-3790'>\n\t\t\t\tM\u00e2t avec potence\n\t\t\t\t<\/figcaption><\/figure><figure class='gallery-item'>\n\t\t\t<div class='gallery-icon landscape'>\n\t\t\t\t<a  href='https:\/\/flagprint.ch\/wp-content\/uploads\/2019\/02\/fahnenmast-mit-ausleger-aus-aluminium-saegestrasse.jpg' title=\"Drapeaux publicitaires\" data-rl_title=\"Drapeaux publicitaires\" class=\"rl-gallery-link\" data-rl_caption=\"Drapeaux publicitaires \u2013 support publicitaire en tissu drapeau l\u00e9ger.&lt;br \/&gt;\n&lt;a href=&quot;\/fr\/produits\/mat-avec-potence\/&quot;&gt;vers le produit&lt;\/a&gt;\" data-rel=\"fp-lightbox-gallery-3\"><img loading=\"lazy\" decoding=\"async\" width=\"400\" height=\"400\" src=\"https:\/\/flagprint.ch\/wp-content\/uploads\/2019\/02\/fahnenmast-mit-ausleger-aus-aluminium-saegestrasse-400x400.jpg\" class=\"attachment-thumbnail size-thumbnail\" alt=\"Drapeaux dans toutes les formes, couleurs et formats pour toutes sortes de m\u00e2ts, imprim\u00e9 d\u2019un motif pouvant \u00eatre librement con\u00e7u. M\u00e2ts avec potence.\" aria-describedby=\"gallery-3-3794\" srcset=\"https:\/\/flagprint.ch\/wp-content\/uploads\/2019\/02\/fahnenmast-mit-ausleger-aus-aluminium-saegestrasse-400x400.jpg 400w, https:\/\/flagprint.ch\/wp-content\/uploads\/2019\/02\/fahnenmast-mit-ausleger-aus-aluminium-saegestrasse-20x20.jpg 20w, https:\/\/flagprint.ch\/wp-content\/uploads\/2019\/02\/fahnenmast-mit-ausleger-aus-aluminium-saegestrasse-40x40.jpg 40w, https:\/\/flagprint.ch\/wp-content\/uploads\/2019\/02\/fahnenmast-mit-ausleger-aus-aluminium-saegestrasse-60x60.jpg 60w\" sizes=\"(max-width: 400px) 100vw, 400px\" \/><\/a>\n\t\t\t<\/div>\n\t\t\t\t<figcaption class='wp-caption-text gallery-caption' id='gallery-3-3794'>\n\t\t\t\tDrapeaux publicitaires\n\t\t\t\t<\/figcaption><\/figure><figure class='gallery-item'>\n\t\t\t<div class='gallery-icon landscape'>\n\t\t\t\t<a  href='https:\/\/flagprint.ch\/wp-content\/uploads\/2019\/02\/fahnenmast-ohne-ausleger-rolex-fahnenmasten-konisch.jpg' title=\"M\u00e2t sans potence\" data-rl_title=\"M\u00e2t sans potence\" class=\"rl-gallery-link\" data-rl_caption=\"M\u00e2t en aluminium pour une utilisation \u00e0 long terme, avec ou sans dispositif de hissage.&lt;br \/&gt;\n&lt;a href=&quot;\/fr\/produits\/mat-sans-potence\/&quot;&gt;vers le produit&lt;\/a&gt;\" data-rel=\"fp-lightbox-gallery-3\"><img loading=\"lazy\" decoding=\"async\" width=\"400\" height=\"400\" src=\"https:\/\/flagprint.ch\/wp-content\/uploads\/2019\/02\/fahnenmast-ohne-ausleger-rolex-fahnenmasten-konisch-400x400.jpg\" class=\"attachment-thumbnail size-thumbnail\" alt=\"Drapeaux dans toutes les formes, couleurs et formats pour toutes sortes de m\u00e2ts, imprim\u00e9 d\u2019un motif pouvant \u00eatre librement con\u00e7u. M\u00e2ts sans potence.\" aria-describedby=\"gallery-3-3807\" srcset=\"https:\/\/flagprint.ch\/wp-content\/uploads\/2019\/02\/fahnenmast-ohne-ausleger-rolex-fahnenmasten-konisch-400x400.jpg 400w, https:\/\/flagprint.ch\/wp-content\/uploads\/2019\/02\/fahnenmast-ohne-ausleger-rolex-fahnenmasten-konisch-20x20.jpg 20w, https:\/\/flagprint.ch\/wp-content\/uploads\/2019\/02\/fahnenmast-ohne-ausleger-rolex-fahnenmasten-konisch-40x40.jpg 40w, https:\/\/flagprint.ch\/wp-content\/uploads\/2019\/02\/fahnenmast-ohne-ausleger-rolex-fahnenmasten-konisch-60x60.jpg 60w\" sizes=\"(max-width: 400px) 100vw, 400px\" \/><\/a>\n\t\t\t<\/div>\n\t\t\t\t<figcaption class='wp-caption-text gallery-caption' id='gallery-3-3807'>\n\t\t\t\tM\u00e2t sans potence\n\t\t\t\t<\/figcaption><\/figure><figure class='gallery-item'>\n\t\t\t<div class='gallery-icon landscape'>\n\t\t\t\t<a  href='https:\/\/flagprint.ch\/wp-content\/uploads\/2019\/02\/fahnenmast-ohne-ausleger-aus-aluminium-schweizer-tourismus-flughafen.jpg' title=\"M\u00e2t sans potence\" data-rl_title=\"M\u00e2t sans potence\" class=\"rl-gallery-link\" data-rl_caption=\"M\u00e2t en aluminium pour une utilisation \u00e0 long terme, avec ou sans dispositif de hissage.&lt;br \/&gt;\n&lt;a href=&quot;\/fr\/produits\/mat-sans-potence\/&quot;&gt;vers le produit&lt;\/a&gt;\" data-rel=\"fp-lightbox-gallery-3\"><img loading=\"lazy\" decoding=\"async\" width=\"400\" height=\"400\" src=\"https:\/\/flagprint.ch\/wp-content\/uploads\/2019\/02\/fahnenmast-ohne-ausleger-aus-aluminium-schweizer-tourismus-flughafen-400x400.jpg\" class=\"attachment-thumbnail size-thumbnail\" alt=\"Drapeaux dans toutes les formes, couleurs et formats pour toutes sortes de m\u00e2ts, imprim\u00e9 d\u2019un motif pouvant \u00eatre librement con\u00e7u. M\u00e2ts sans potence.\" aria-describedby=\"gallery-3-3805\" srcset=\"https:\/\/flagprint.ch\/wp-content\/uploads\/2019\/02\/fahnenmast-ohne-ausleger-aus-aluminium-schweizer-tourismus-flughafen-400x400.jpg 400w, https:\/\/flagprint.ch\/wp-content\/uploads\/2019\/02\/fahnenmast-ohne-ausleger-aus-aluminium-schweizer-tourismus-flughafen-20x20.jpg 20w, https:\/\/flagprint.ch\/wp-content\/uploads\/2019\/02\/fahnenmast-ohne-ausleger-aus-aluminium-schweizer-tourismus-flughafen-40x40.jpg 40w, https:\/\/flagprint.ch\/wp-content\/uploads\/2019\/02\/fahnenmast-ohne-ausleger-aus-aluminium-schweizer-tourismus-flughafen-60x60.jpg 60w\" sizes=\"(max-width: 400px) 100vw, 400px\" \/><\/a>\n\t\t\t<\/div>\n\t\t\t\t<figcaption class='wp-caption-text gallery-caption' id='gallery-3-3805'>\n\t\t\t\tM\u00e2t sans potence\n\t\t\t\t<\/figcaption><\/figure><figure class='gallery-item'>\n\t\t\t<div class='gallery-icon portrait'>\n\t\t\t\t<a  href='https:\/\/flagprint.ch\/wp-content\/uploads\/2019\/02\/fahnenmast-mit-ausleger-aus-aluminium-wankdorf-city.jpg' title=\"M\u00e2t avec potence\" data-rl_title=\"M\u00e2t avec potence\" class=\"rl-gallery-link\" data-rl_caption=\"Diff\u00e9rents mod\u00e8les peuvent \u00eatre fournis.&lt;br \/&gt;\n&lt;a href=&quot;\/fr\/produits\/mat-avec-potence\/&quot;&gt;vers le produit&lt;\/a&gt;\" data-rel=\"fp-lightbox-gallery-3\"><img loading=\"lazy\" decoding=\"async\" width=\"400\" height=\"400\" src=\"https:\/\/flagprint.ch\/wp-content\/uploads\/2019\/02\/fahnenmast-mit-ausleger-aus-aluminium-wankdorf-city-400x400.jpg\" class=\"attachment-thumbnail size-thumbnail\" alt=\"Drapeaux dans toutes les formes, couleurs et formats pour toutes sortes de m\u00e2ts, imprim\u00e9 d\u2019un motif pouvant \u00eatre librement con\u00e7u. M\u00e2ts avec potence.\" aria-describedby=\"gallery-3-3796\" srcset=\"https:\/\/flagprint.ch\/wp-content\/uploads\/2019\/02\/fahnenmast-mit-ausleger-aus-aluminium-wankdorf-city-400x400.jpg 400w, https:\/\/flagprint.ch\/wp-content\/uploads\/2019\/02\/fahnenmast-mit-ausleger-aus-aluminium-wankdorf-city-20x20.jpg 20w, https:\/\/flagprint.ch\/wp-content\/uploads\/2019\/02\/fahnenmast-mit-ausleger-aus-aluminium-wankdorf-city-40x40.jpg 40w, https:\/\/flagprint.ch\/wp-content\/uploads\/2019\/02\/fahnenmast-mit-ausleger-aus-aluminium-wankdorf-city-60x60.jpg 60w\" sizes=\"(max-width: 400px) 100vw, 400px\" \/><\/a>\n\t\t\t<\/div>\n\t\t\t\t<figcaption class='wp-caption-text gallery-caption' id='gallery-3-3796'>\n\t\t\t\tM\u00e2t avec potence\n\t\t\t\t<\/figcaption><\/figure><figure class='gallery-item'>\n\t\t\t<div class='gallery-icon portrait'>\n\t\t\t\t<a  href='https:\/\/flagprint.ch\/wp-content\/uploads\/2019\/02\/fahnen-mobile-masten-einfaches-handling-hack.jpg' title=\"M\u00e2t mobile\" data-rl_title=\"M\u00e2t mobile\" class=\"rl-gallery-link\" data-rl_caption=\"M\u00e2t mobile, format: 70 x 260 cm.&lt;br \/&gt;\n&lt;a href=&quot;\/fr\/produits\/mats-mobiles\/&quot;&gt;vers le produit&lt;\/a&gt;\" data-rel=\"fp-lightbox-gallery-3\"><img loading=\"lazy\" decoding=\"async\" width=\"400\" height=\"400\" src=\"https:\/\/flagprint.ch\/wp-content\/uploads\/2019\/02\/fahnen-mobile-masten-einfaches-handling-hack-400x400.jpg\" class=\"attachment-thumbnail size-thumbnail\" alt=\"M\u00e2t en aluminium, avec potence, pour une utilisation dans un bref d\u00e9lai, en plusieurs parties pouvant \u00eatre assembl\u00e9es. Maniement facile, mont\u00e9 rapidement.\" aria-describedby=\"gallery-3-3814\" srcset=\"https:\/\/flagprint.ch\/wp-content\/uploads\/2019\/02\/fahnen-mobile-masten-einfaches-handling-hack-400x400.jpg 400w, https:\/\/flagprint.ch\/wp-content\/uploads\/2019\/02\/fahnen-mobile-masten-einfaches-handling-hack-20x20.jpg 20w, https:\/\/flagprint.ch\/wp-content\/uploads\/2019\/02\/fahnen-mobile-masten-einfaches-handling-hack-40x40.jpg 40w, https:\/\/flagprint.ch\/wp-content\/uploads\/2019\/02\/fahnen-mobile-masten-einfaches-handling-hack-60x60.jpg 60w\" sizes=\"(max-width: 400px) 100vw, 400px\" \/><\/a>\n\t\t\t<\/div>\n\t\t\t\t<figcaption class='wp-caption-text gallery-caption' id='gallery-3-3814'>\n\t\t\t\tM\u00e2t mobile\n\t\t\t\t<\/figcaption><\/figure><figure class='gallery-item'>\n\t\t\t<div class='gallery-icon landscape'>\n\t\t\t\t<a  href='https:\/\/flagprint.ch\/wp-content\/uploads\/2019\/02\/fahnen-mobile-masten-3er-fahnenburg-feldschl\u00f6sschen.jpg' title=\"Socle en b\u00e9ton\" data-rl_title=\"Socle en b\u00e9ton\" class=\"rl-gallery-link\" data-rl_caption=\"Socle en b\u00e9ton de drapeau publicitaire mobile, 3 unit\u00e9s.&lt;br \/&gt;\n&lt;a href=&quot;\/fr\/produits\/mats-mobiles\/&quot;&gt;vers le produit&lt;\/a&gt;\" data-rel=\"fp-lightbox-gallery-3\"><img loading=\"lazy\" decoding=\"async\" width=\"400\" height=\"400\" src=\"https:\/\/flagprint.ch\/wp-content\/uploads\/2019\/02\/fahnen-mobile-masten-3er-fahnenburg-feldschl\u00f6sschen-400x400.jpg\" class=\"attachment-thumbnail size-thumbnail\" alt=\"M\u00e2t en aluminium, avec potence, pour une utilisation dans un bref d\u00e9lai, en plusieurs parties pouvant \u00eatre assembl\u00e9es. Maniement facile, mont\u00e9 rapidement.\" aria-describedby=\"gallery-3-3812\" srcset=\"https:\/\/flagprint.ch\/wp-content\/uploads\/2019\/02\/fahnen-mobile-masten-3er-fahnenburg-feldschl\u00f6sschen-400x400.jpg 400w, https:\/\/flagprint.ch\/wp-content\/uploads\/2019\/02\/fahnen-mobile-masten-3er-fahnenburg-feldschl\u00f6sschen-20x20.jpg 20w, https:\/\/flagprint.ch\/wp-content\/uploads\/2019\/02\/fahnen-mobile-masten-3er-fahnenburg-feldschl\u00f6sschen-40x40.jpg 40w, https:\/\/flagprint.ch\/wp-content\/uploads\/2019\/02\/fahnen-mobile-masten-3er-fahnenburg-feldschl\u00f6sschen-60x60.jpg 60w\" sizes=\"(max-width: 400px) 100vw, 400px\" \/><\/a>\n\t\t\t<\/div>\n\t\t\t\t<figcaption class='wp-caption-text gallery-caption' id='gallery-3-3812'>\n\t\t\t\tSocle en b\u00e9ton\n\t\t\t\t<\/figcaption><\/figure><figure class='gallery-item'>\n\t\t\t<div class='gallery-icon portrait'>\n\t\t\t\t<a  href='https:\/\/flagprint.ch\/wp-content\/uploads\/2019\/02\/fahnen-mobile-masten-1er-fahnenburg-tst.jpg.jpg' title=\"Drapeau publicitaire mobile avec socle en b\u00e9ton\" data-rl_title=\"Drapeau publicitaire mobile avec socle en b\u00e9ton\" class=\"rl-gallery-link\" data-rl_caption=\"Drapeau publicitaire mobile. 1 unit\u00e9. Taille du drapeau: 60 x 200 cm.&lt;br \/&gt;\n&lt;a href=&quot;\/fr\/produits\/mats-mobiles\/&quot;&gt;vers le produit&lt;\/a&gt;\" data-rel=\"fp-lightbox-gallery-3\"><img loading=\"lazy\" decoding=\"async\" width=\"400\" height=\"400\" src=\"https:\/\/flagprint.ch\/wp-content\/uploads\/2019\/02\/fahnen-mobile-masten-1er-fahnenburg-tst.jpg-400x400.jpg\" class=\"attachment-thumbnail size-thumbnail\" alt=\"M\u00e2t en aluminium, avec potence, pour une utilisation dans un bref d\u00e9lai, en plusieurs parties pouvant \u00eatre assembl\u00e9es. Maniement facile, mont\u00e9 rapidement.\" aria-describedby=\"gallery-3-3810\" srcset=\"https:\/\/flagprint.ch\/wp-content\/uploads\/2019\/02\/fahnen-mobile-masten-1er-fahnenburg-tst.jpg-400x400.jpg 400w, https:\/\/flagprint.ch\/wp-content\/uploads\/2019\/02\/fahnen-mobile-masten-1er-fahnenburg-tst.jpg-20x20.jpg 20w, https:\/\/flagprint.ch\/wp-content\/uploads\/2019\/02\/fahnen-mobile-masten-1er-fahnenburg-tst.jpg-40x40.jpg 40w, https:\/\/flagprint.ch\/wp-content\/uploads\/2019\/02\/fahnen-mobile-masten-1er-fahnenburg-tst.jpg-60x60.jpg 60w\" sizes=\"(max-width: 400px) 100vw, 400px\" \/><\/a>\n\t\t\t<\/div>\n\t\t\t\t<figcaption class='wp-caption-text gallery-caption' id='gallery-3-3810'>\n\t\t\t\tDrapeau publicitaire mobile avec socle en b\u00e9ton\n\t\t\t\t<\/figcaption><\/figure><figure class='gallery-item'>\n\t\t\t<div class='gallery-icon portrait'>\n\t\t\t\t<a  href='https:\/\/flagprint.ch\/wp-content\/uploads\/2019\/02\/fahnen-mobile-masten-mobilmast_deluxe-detail.jpg' title=\"M\u00e2t mobile avec potence\" data-rl_title=\"M\u00e2t mobile avec potence\" class=\"rl-gallery-link\" data-rl_caption=\"M\u00e2t en aluminium, avec potence, pour une utilisation dans un bref d\u00e9lai.&lt;br \/&gt;\n&lt;a href=&quot;\/fr\/produits\/mats-mobiles\/&quot;&gt;vers le produit&lt;\/a&gt;\" data-rel=\"fp-lightbox-gallery-3\"><img loading=\"lazy\" decoding=\"async\" width=\"400\" height=\"400\" src=\"https:\/\/flagprint.ch\/wp-content\/uploads\/2019\/02\/fahnen-mobile-masten-mobilmast_deluxe-detail-400x400.jpg\" class=\"attachment-thumbnail size-thumbnail\" alt=\"M\u00e2t en aluminium, avec potence, pour une utilisation dans un bref d\u00e9lai, en plusieurs parties pouvant \u00eatre assembl\u00e9es. Maniement facile, mont\u00e9 rapidement.\" aria-describedby=\"gallery-3-3816\" srcset=\"https:\/\/flagprint.ch\/wp-content\/uploads\/2019\/02\/fahnen-mobile-masten-mobilmast_deluxe-detail-400x400.jpg 400w, https:\/\/flagprint.ch\/wp-content\/uploads\/2019\/02\/fahnen-mobile-masten-mobilmast_deluxe-detail-20x20.jpg 20w, https:\/\/flagprint.ch\/wp-content\/uploads\/2019\/02\/fahnen-mobile-masten-mobilmast_deluxe-detail-40x40.jpg 40w, https:\/\/flagprint.ch\/wp-content\/uploads\/2019\/02\/fahnen-mobile-masten-mobilmast_deluxe-detail-60x60.jpg 60w\" sizes=\"(max-width: 400px) 100vw, 400px\" \/><\/a>\n\t\t\t<\/div>\n\t\t\t\t<figcaption class='wp-caption-text gallery-caption' id='gallery-3-3816'>\n\t\t\t\tM\u00e2t mobile avec potence\n\t\t\t\t<\/figcaption><\/figure><figure class='gallery-item'>\n\t\t\t<div class='gallery-icon portrait'>\n\t\t\t\t<a  href='https:\/\/flagprint.ch\/wp-content\/uploads\/2019\/02\/fahnen-mobile-masten-mobilmast-3er-fahnenburg.jpg' title=\"Drapeau publicitaire mobile. 3 unit\u00e9s.\" data-rl_title=\"Drapeau publicitaire mobile. 3 unit\u00e9s.\" class=\"rl-gallery-link\" data-rl_caption=\"Drapeau publicitaire mobile. 3 unit\u00e9s. Taille du drapeau: 80 x 260 cm.&lt;br \/&gt;\n&lt;a href=&quot;\/fr\/produits\/mats-mobiles\/&quot;&gt;vers le produit&lt;\/a&gt;\" data-rel=\"fp-lightbox-gallery-3\"><img loading=\"lazy\" decoding=\"async\" width=\"400\" height=\"400\" src=\"https:\/\/flagprint.ch\/wp-content\/uploads\/2019\/02\/fahnen-mobile-masten-mobilmast-3er-fahnenburg-400x400.jpg\" class=\"attachment-thumbnail size-thumbnail\" alt=\"M\u00e2t en aluminium, avec potence, pour une utilisation dans un bref d\u00e9lai, en plusieurs parties pouvant \u00eatre assembl\u00e9es. Maniement facile, mont\u00e9 rapidement.\" aria-describedby=\"gallery-3-3818\" srcset=\"https:\/\/flagprint.ch\/wp-content\/uploads\/2019\/02\/fahnen-mobile-masten-mobilmast-3er-fahnenburg-400x400.jpg 400w, https:\/\/flagprint.ch\/wp-content\/uploads\/2019\/02\/fahnen-mobile-masten-mobilmast-3er-fahnenburg-20x20.jpg 20w, https:\/\/flagprint.ch\/wp-content\/uploads\/2019\/02\/fahnen-mobile-masten-mobilmast-3er-fahnenburg-40x40.jpg 40w, https:\/\/flagprint.ch\/wp-content\/uploads\/2019\/02\/fahnen-mobile-masten-mobilmast-3er-fahnenburg-60x60.jpg 60w\" sizes=\"(max-width: 400px) 100vw, 400px\" \/><\/a>\n\t\t\t<\/div>\n\t\t\t\t<figcaption class='wp-caption-text gallery-caption' id='gallery-3-3818'>\n\t\t\t\tDrapeau publicitaire mobile. 3 unit\u00e9s.\n\t\t\t\t<\/figcaption><\/figure>\n\t\t<\/div>\n\t\t<\/div>\n\t\t\t\t\t\t<\/div>\n\t\t\t\t<\/div>\n\t\t\t\t\t<\/div>\n\t\t<\/div>\n\t\t\t\t\t<\/div>\n\t\t<\/section>\n\t\t\t\t<section class=\"elementor-section elementor-inner-section elementor-element elementor-element-3efcbe4 elementor-section-full_width fp-gallery elementor-section-height-default elementor-section-height-default\" data-id=\"3efcbe4\" data-element_type=\"section\" data-e-type=\"section\" id=\"fp-id-drapeaux-mobiles\">\n\t\t\t\t\t\t<div class=\"elementor-container elementor-column-gap-no\">\n\t\t\t\t\t<div class=\"elementor-column elementor-col-100 elementor-inner-column elementor-element elementor-element-ab682ba\" data-id=\"ab682ba\" data-element_type=\"column\" data-e-type=\"column\">\n\t\t\t<div class=\"elementor-widget-wrap elementor-element-populated\">\n\t\t\t\t\t\t<div class=\"elementor-element elementor-element-b0da11f elementor-widget elementor-widget-heading\" data-id=\"b0da11f\" data-element_type=\"widget\" data-e-type=\"widget\" data-widget_type=\"heading.default\">\n\t\t\t\t<div class=\"elementor-widget-container\">\n\t\t\t\t\t<h2 class=\"elementor-heading-title elementor-size-default\">Drapeaux mobiles<\/h2>\t\t\t\t<\/div>\n\t\t\t\t<\/div>\n\t\t\t\t<div class=\"elementor-element elementor-element-784cd8a elementor-widget elementor-widget-image-gallery\" data-id=\"784cd8a\" data-element_type=\"widget\" data-e-type=\"widget\" data-widget_type=\"image-gallery.default\">\n\t\t\t\t<div class=\"elementor-widget-container\">\n\t\t\t\t\t\t\t<div class=\"elementor-image-gallery\">\n\t\t\t<div id='gallery-4' class='gallery galleryid-13913 gallery-columns-5 gallery-size-thumbnail'><figure class='gallery-item'>\n\t\t\t<div class='gallery-icon landscape'>\n\t\t\t\t<a  href='https:\/\/flagprint.ch\/wp-content\/uploads\/2019\/02\/mobile-fahnen-easyflag-beachflag-classic-gerade-berger-backwaren.jpg' title=\"Easyflag Classic\" data-rl_title=\"Easyflag Classic\" class=\"rl-gallery-link\" data-rl_caption=\"Support publicitaire en tissu drapeau l\u00e9ger, imprim\u00e9 d\u2019un motif pouvant \u00eatre librement con\u00e7u.&lt;br \/&gt;\n&lt;a href=&quot;\/fr\/produits\/easyflag-beachflag-classic\/&quot;&gt;vers le produit&lt;\/a&gt;\" data-rel=\"fp-lightbox-gallery-4\"><img loading=\"lazy\" decoding=\"async\" width=\"400\" height=\"400\" src=\"https:\/\/flagprint.ch\/wp-content\/uploads\/2019\/02\/mobile-fahnen-easyflag-beachflag-classic-gerade-berger-backwaren-400x400.jpg\" class=\"attachment-thumbnail size-thumbnail\" alt=\"Easyflag, Beachflag Classic sont des drapeaux modernes de toutes tailles et formes pour tous types de manifestation, fabriqu\u00e9 \u00e0 l\u2019unit\u00e9 ou en s\u00e9rie.\" aria-describedby=\"gallery-4-3823\" srcset=\"https:\/\/flagprint.ch\/wp-content\/uploads\/2019\/02\/mobile-fahnen-easyflag-beachflag-classic-gerade-berger-backwaren-400x400.jpg 400w, https:\/\/flagprint.ch\/wp-content\/uploads\/2019\/02\/mobile-fahnen-easyflag-beachflag-classic-gerade-berger-backwaren-20x20.jpg 20w, https:\/\/flagprint.ch\/wp-content\/uploads\/2019\/02\/mobile-fahnen-easyflag-beachflag-classic-gerade-berger-backwaren-40x40.jpg 40w, https:\/\/flagprint.ch\/wp-content\/uploads\/2019\/02\/mobile-fahnen-easyflag-beachflag-classic-gerade-berger-backwaren-60x60.jpg 60w\" sizes=\"(max-width: 400px) 100vw, 400px\" \/><\/a>\n\t\t\t<\/div>\n\t\t\t\t<figcaption class='wp-caption-text gallery-caption' id='gallery-4-3823'>\n\t\t\t\tEasyflag Classic\n\t\t\t\t<\/figcaption><\/figure><figure class='gallery-item'>\n\t\t\t<div class='gallery-icon landscape'>\n\t\t\t\t<a  href='https:\/\/flagprint.ch\/wp-content\/uploads\/2019\/02\/mobile-fahnen-easyflag-beachflag-classic-gerade-golfplatz-frey.jpg' title=\"Easyflag Classic medium, m\u00e2t en alu\/fibres de verre et pied en croix.\" data-rl_title=\"Easyflag Classic medium, m\u00e2t en alu\/fibres de verre et pied en croix.\" class=\"rl-gallery-link\" data-rl_caption=\"Easyflag Classic medium, m\u00e2t en alu\/fibres de verre et pied en croix. Taille du drapeau: 80 x 340 cm.&lt;br \/&gt;\n&lt;a href=&quot;\/fr\/produits\/easyflag-beachflag-classic\/&quot;&gt;vers le produit&lt;\/a&gt;\" data-rel=\"fp-lightbox-gallery-4\"><img loading=\"lazy\" decoding=\"async\" width=\"400\" height=\"400\" src=\"https:\/\/flagprint.ch\/wp-content\/uploads\/2019\/02\/mobile-fahnen-easyflag-beachflag-classic-gerade-golfplatz-frey-400x400.jpg\" class=\"attachment-thumbnail size-thumbnail\" alt=\"Easyflag, Beachflag Classic sont des drapeaux modernes de toutes tailles et formes pour tous types de manifestation, fabriqu\u00e9 \u00e0 l\u2019unit\u00e9 ou en s\u00e9rie.\" aria-describedby=\"gallery-4-3827\" srcset=\"https:\/\/flagprint.ch\/wp-content\/uploads\/2019\/02\/mobile-fahnen-easyflag-beachflag-classic-gerade-golfplatz-frey-400x400.jpg 400w, https:\/\/flagprint.ch\/wp-content\/uploads\/2019\/02\/mobile-fahnen-easyflag-beachflag-classic-gerade-golfplatz-frey-20x20.jpg 20w, https:\/\/flagprint.ch\/wp-content\/uploads\/2019\/02\/mobile-fahnen-easyflag-beachflag-classic-gerade-golfplatz-frey-40x40.jpg 40w, https:\/\/flagprint.ch\/wp-content\/uploads\/2019\/02\/mobile-fahnen-easyflag-beachflag-classic-gerade-golfplatz-frey-60x60.jpg 60w\" sizes=\"(max-width: 400px) 100vw, 400px\" \/><\/a>\n\t\t\t<\/div>\n\t\t\t\t<figcaption class='wp-caption-text gallery-caption' id='gallery-4-3827'>\n\t\t\t\tEasyflag Classic medium, m\u00e2t en alu\/fibres de verre et pied en croix.\n\t\t\t\t<\/figcaption><\/figure><figure class='gallery-item'>\n\t\t\t<div class='gallery-icon portrait'>\n\t\t\t\t<a  href='https:\/\/flagprint.ch\/wp-content\/uploads\/2019\/02\/mobile-fahnen-easyflag-beachflag-classic-gerade-medium-swissski.jpg' title=\"Easyflag Classic \u2013 fabriqu\u00e9 \u00e0 l\u2019unit\u00e9 ou en s\u00e9rie\" data-rl_title=\"Easyflag Classic \u2013 fabriqu\u00e9 \u00e0 l\u2019unit\u00e9 ou en s\u00e9rie\" class=\"rl-gallery-link\" data-rl_caption=\"Support publicitaire en tissu drapeau l\u00e9ger, imprim\u00e9 d\u2019un motif pouvant \u00eatre librement con\u00e7u.&lt;br \/&gt;\n&lt;a href=&quot;\/fr\/produits\/easyflag-beachflag-classic\/&quot;&gt;vers le produit&lt;\/a&gt;\" data-rel=\"fp-lightbox-gallery-4\"><img loading=\"lazy\" decoding=\"async\" width=\"400\" height=\"400\" src=\"https:\/\/flagprint.ch\/wp-content\/uploads\/2019\/02\/mobile-fahnen-easyflag-beachflag-classic-gerade-medium-swissski-400x400.jpg\" class=\"attachment-thumbnail size-thumbnail\" alt=\"Easyflag, Beachflag Classic sont des drapeaux modernes de toutes tailles et formes pour tous types de manifestation, fabriqu\u00e9 \u00e0 l\u2019unit\u00e9 ou en s\u00e9rie.\" aria-describedby=\"gallery-4-3829\" srcset=\"https:\/\/flagprint.ch\/wp-content\/uploads\/2019\/02\/mobile-fahnen-easyflag-beachflag-classic-gerade-medium-swissski-400x400.jpg 400w, https:\/\/flagprint.ch\/wp-content\/uploads\/2019\/02\/mobile-fahnen-easyflag-beachflag-classic-gerade-medium-swissski-20x20.jpg 20w, https:\/\/flagprint.ch\/wp-content\/uploads\/2019\/02\/mobile-fahnen-easyflag-beachflag-classic-gerade-medium-swissski-40x40.jpg 40w, https:\/\/flagprint.ch\/wp-content\/uploads\/2019\/02\/mobile-fahnen-easyflag-beachflag-classic-gerade-medium-swissski-60x60.jpg 60w\" sizes=\"(max-width: 400px) 100vw, 400px\" \/><\/a>\n\t\t\t<\/div>\n\t\t\t\t<figcaption class='wp-caption-text gallery-caption' id='gallery-4-3829'>\n\t\t\t\tEasyflag Classic \u2013 fabriqu\u00e9 \u00e0 l\u2019unit\u00e9 ou en s\u00e9rie\n\t\t\t\t<\/figcaption><\/figure><figure class='gallery-item'>\n\t\t\t<div class='gallery-icon portrait'>\n\t\t\t\t<a  href='https:\/\/flagprint.ch\/wp-content\/uploads\/2019\/02\/mobile-fahnen-easyflag-beachflag-classic-konkav-medium-mit-kreuzfuss.jpg' title=\"Easyflag Classic medium\" data-rl_title=\"Easyflag Classic medium\" class=\"rl-gallery-link\" data-rl_caption=\"Easyflag Classic medium, m\u00e2t en alu\/fibres de verre et pied en croix. Taille du drapeau: 60 x 250 cm.&lt;br \/&gt;\n&lt;a href=&quot;\/fr\/produits\/easyflag-beachflag-classic\/&quot;&gt;vers le produit&lt;\/a&gt;\" data-rel=\"fp-lightbox-gallery-4\"><img loading=\"lazy\" decoding=\"async\" width=\"400\" height=\"400\" src=\"https:\/\/flagprint.ch\/wp-content\/uploads\/2019\/02\/mobile-fahnen-easyflag-beachflag-classic-konkav-medium-mit-kreuzfuss-400x400.jpg\" class=\"attachment-thumbnail size-thumbnail\" alt=\"Easyflag, Beachflag Classic sont des drapeaux modernes de toutes tailles et formes pour tous types de manifestation, fabriqu\u00e9 \u00e0 l\u2019unit\u00e9 ou en s\u00e9rie.\" aria-describedby=\"gallery-4-3831\" srcset=\"https:\/\/flagprint.ch\/wp-content\/uploads\/2019\/02\/mobile-fahnen-easyflag-beachflag-classic-konkav-medium-mit-kreuzfuss-400x400.jpg 400w, https:\/\/flagprint.ch\/wp-content\/uploads\/2019\/02\/mobile-fahnen-easyflag-beachflag-classic-konkav-medium-mit-kreuzfuss-20x20.jpg 20w, https:\/\/flagprint.ch\/wp-content\/uploads\/2019\/02\/mobile-fahnen-easyflag-beachflag-classic-konkav-medium-mit-kreuzfuss-40x40.jpg 40w, https:\/\/flagprint.ch\/wp-content\/uploads\/2019\/02\/mobile-fahnen-easyflag-beachflag-classic-konkav-medium-mit-kreuzfuss-60x60.jpg 60w\" sizes=\"(max-width: 400px) 100vw, 400px\" \/><\/a>\n\t\t\t<\/div>\n\t\t\t\t<figcaption class='wp-caption-text gallery-caption' id='gallery-4-3831'>\n\t\t\t\tEasyflag Classic medium\n\t\t\t\t<\/figcaption><\/figure><figure class='gallery-item'>\n\t\t\t<div class='gallery-icon portrait'>\n\t\t\t\t<a  href='https:\/\/flagprint.ch\/wp-content\/uploads\/2019\/02\/mobile-fahnen-easyflag-beachflag-classic-konvex-swisscom.jpg' title=\"Easyflag Classic large\" data-rl_title=\"Easyflag Classic large\" class=\"rl-gallery-link\" data-rl_caption=\"Easyflag Classic large avec m\u00e2t en alu\/fibres de verre et plaque de sol. Forme convexe. Taille du drapeau: 80 x 340 cm.&lt;br \/&gt;\n&lt;a href=&quot;\/fr\/produits\/easyflag-beachflag-classic\/&quot;&gt;vers le produit&lt;\/a&gt;\" data-rel=\"fp-lightbox-gallery-4\"><img loading=\"lazy\" decoding=\"async\" width=\"400\" height=\"400\" src=\"https:\/\/flagprint.ch\/wp-content\/uploads\/2019\/02\/mobile-fahnen-easyflag-beachflag-classic-konvex-swisscom-400x400.jpg\" class=\"attachment-thumbnail size-thumbnail\" alt=\"Easyflag, Beachflag Classic sont des drapeaux modernes de toutes tailles et formes pour tous types de manifestation, fabriqu\u00e9 \u00e0 l\u2019unit\u00e9 ou en s\u00e9rie.\" aria-describedby=\"gallery-4-3833\" srcset=\"https:\/\/flagprint.ch\/wp-content\/uploads\/2019\/02\/mobile-fahnen-easyflag-beachflag-classic-konvex-swisscom-400x400.jpg 400w, https:\/\/flagprint.ch\/wp-content\/uploads\/2019\/02\/mobile-fahnen-easyflag-beachflag-classic-konvex-swisscom-20x20.jpg 20w, https:\/\/flagprint.ch\/wp-content\/uploads\/2019\/02\/mobile-fahnen-easyflag-beachflag-classic-konvex-swisscom-40x40.jpg 40w, https:\/\/flagprint.ch\/wp-content\/uploads\/2019\/02\/mobile-fahnen-easyflag-beachflag-classic-konvex-swisscom-60x60.jpg 60w\" sizes=\"(max-width: 400px) 100vw, 400px\" \/><\/a>\n\t\t\t<\/div>\n\t\t\t\t<figcaption class='wp-caption-text gallery-caption' id='gallery-4-3833'>\n\t\t\t\tEasyflag Classic large\n\t\t\t\t<\/figcaption><\/figure><figure class='gallery-item'>\n\t\t\t<div class='gallery-icon landscape'>\n\t\t\t\t<a  href='https:\/\/flagprint.ch\/wp-content\/uploads\/2019\/02\/mobile-fahnen-easyflag-beachflag-square-einseitig-80x200cm.jpg' title=\"Easyflag, Beachflag Square\" data-rl_title=\"Easyflag, Beachflag Square\" class=\"rl-gallery-link\" data-rl_caption=\"Il existe de nombreuses fixations au sol pour chaque application. Mont\u00e9 en quelques secondes!&lt;br \/&gt;\n&lt;a href=&quot;\/fr\/produits\/easyflag-beachflag-square\/&quot;&gt;vers le produit&lt;\/a&gt;\" data-rel=\"fp-lightbox-gallery-4\"><img loading=\"lazy\" decoding=\"async\" width=\"400\" height=\"400\" src=\"https:\/\/flagprint.ch\/wp-content\/uploads\/2019\/02\/mobile-fahnen-easyflag-beachflag-square-einseitig-80x200cm-400x400.jpg\" class=\"attachment-thumbnail size-thumbnail\" alt=\"Easyflag, Beachflag Square sont des drapeaux modernes de toutes tailles et formes pour tous types de manifestations\" aria-describedby=\"gallery-4-3837\" srcset=\"https:\/\/flagprint.ch\/wp-content\/uploads\/2019\/02\/mobile-fahnen-easyflag-beachflag-square-einseitig-80x200cm-400x400.jpg 400w, https:\/\/flagprint.ch\/wp-content\/uploads\/2019\/02\/mobile-fahnen-easyflag-beachflag-square-einseitig-80x200cm-20x20.jpg 20w, https:\/\/flagprint.ch\/wp-content\/uploads\/2019\/02\/mobile-fahnen-easyflag-beachflag-square-einseitig-80x200cm-40x40.jpg 40w, https:\/\/flagprint.ch\/wp-content\/uploads\/2019\/02\/mobile-fahnen-easyflag-beachflag-square-einseitig-80x200cm-60x60.jpg 60w\" sizes=\"(max-width: 400px) 100vw, 400px\" \/><\/a>\n\t\t\t<\/div>\n\t\t\t\t<figcaption class='wp-caption-text gallery-caption' id='gallery-4-3837'>\n\t\t\t\tEasyflag, Beachflag Square\n\t\t\t\t<\/figcaption><\/figure><figure class='gallery-item'>\n\t\t\t<div class='gallery-icon portrait'>\n\t\t\t\t<a  href='https:\/\/flagprint.ch\/wp-content\/uploads\/2019\/02\/mobile-fahnen-easyflag-beachflag-square-einseitig.jpg' title=\"Easyflag, Beachflag Square\" data-rl_title=\"Easyflag, Beachflag Square\" class=\"rl-gallery-link\" data-rl_caption=\"Mont\u00e9 en quelques secondes! Format: 80 x 180 cm.&lt;br \/&gt;\n&lt;a href=&quot;\/fr\/produits\/easyflag-beachflag-square\/&quot;&gt;vers le produit&lt;\/a&gt;\" data-rel=\"fp-lightbox-gallery-4\"><img loading=\"lazy\" decoding=\"async\" width=\"400\" height=\"400\" src=\"https:\/\/flagprint.ch\/wp-content\/uploads\/2019\/02\/mobile-fahnen-easyflag-beachflag-square-einseitig-400x400.jpg\" class=\"attachment-thumbnail size-thumbnail\" alt=\"Easyflag, Beachflag Square sont des drapeaux modernes de toutes tailles et formes pour tous types de manifestations\" aria-describedby=\"gallery-4-3841\" srcset=\"https:\/\/flagprint.ch\/wp-content\/uploads\/2019\/02\/mobile-fahnen-easyflag-beachflag-square-einseitig-400x400.jpg 400w, https:\/\/flagprint.ch\/wp-content\/uploads\/2019\/02\/mobile-fahnen-easyflag-beachflag-square-einseitig-20x20.jpg 20w, https:\/\/flagprint.ch\/wp-content\/uploads\/2019\/02\/mobile-fahnen-easyflag-beachflag-square-einseitig-40x40.jpg 40w, https:\/\/flagprint.ch\/wp-content\/uploads\/2019\/02\/mobile-fahnen-easyflag-beachflag-square-einseitig-60x60.jpg 60w\" sizes=\"(max-width: 400px) 100vw, 400px\" \/><\/a>\n\t\t\t<\/div>\n\t\t\t\t<figcaption class='wp-caption-text gallery-caption' id='gallery-4-3841'>\n\t\t\t\tEasyflag, Beachflag Square\n\t\t\t\t<\/figcaption><\/figure><figure class='gallery-item'>\n\t\t\t<div class='gallery-icon portrait'>\n\t\t\t\t<a  href='https:\/\/flagprint.ch\/wp-content\/uploads\/2019\/02\/mobile-fahnen-easyflag-beachflag-square-doppelseitig-postauto.jpg' title=\"Easyflag Square doubleface\" data-rl_title=\"Easyflag Square doubleface\" class=\"rl-gallery-link\" data-rl_caption=\"Easyflag Square Doubleface, format 80 x 200 cm&lt;br \/&gt;\n&lt;a href=&quot;\/fr\/produits\/easyflag-beachflag-square\/&quot;&gt;vers le produit&lt;\/a&gt;\" data-rel=\"fp-lightbox-gallery-4\"><img loading=\"lazy\" decoding=\"async\" width=\"400\" height=\"400\" src=\"https:\/\/flagprint.ch\/wp-content\/uploads\/2019\/02\/mobile-fahnen-easyflag-beachflag-square-doppelseitig-postauto-400x400.jpg\" class=\"attachment-thumbnail size-thumbnail\" alt=\"Easyflag, Beachflag Square sont des drapeaux modernes de toutes tailles et formes pour tous types de manifestations\" aria-describedby=\"gallery-4-3845\" srcset=\"https:\/\/flagprint.ch\/wp-content\/uploads\/2019\/02\/mobile-fahnen-easyflag-beachflag-square-doppelseitig-postauto-400x400.jpg 400w, https:\/\/flagprint.ch\/wp-content\/uploads\/2019\/02\/mobile-fahnen-easyflag-beachflag-square-doppelseitig-postauto-20x20.jpg 20w, https:\/\/flagprint.ch\/wp-content\/uploads\/2019\/02\/mobile-fahnen-easyflag-beachflag-square-doppelseitig-postauto-40x40.jpg 40w, https:\/\/flagprint.ch\/wp-content\/uploads\/2019\/02\/mobile-fahnen-easyflag-beachflag-square-doppelseitig-postauto-60x60.jpg 60w\" sizes=\"(max-width: 400px) 100vw, 400px\" \/><\/a>\n\t\t\t<\/div>\n\t\t\t\t<figcaption class='wp-caption-text gallery-caption' id='gallery-4-3845'>\n\t\t\t\tEasyflag Square doubleface\n\t\t\t\t<\/figcaption><\/figure><figure class='gallery-item'>\n\t\t\t<div class='gallery-icon landscape'>\n\t\t\t\t<a  href='https:\/\/flagprint.ch\/wp-content\/uploads\/2019\/02\/mobile-fahnen-easyflag-beachfla-drop-bosch.jpg' title=\"Easyflag, Beachflag Drop\" data-rl_title=\"Easyflag, Beachflag Drop\" class=\"rl-gallery-link\" data-rl_caption=\"Imprim\u00e9 d\u2019un motif pouvant \u00eatre librement con\u00e7u, fabriqu\u00e9 \u00e0 l\u2019unit\u00e9 ou en s\u00e9rie.&lt;br \/&gt;\n&lt;a href=&quot;\/fr\/produits\/easyflag-beachflag-drop\/&quot;&gt;vers le produit&lt;\/a&gt;\" data-rel=\"fp-lightbox-gallery-4\"><img loading=\"lazy\" decoding=\"async\" width=\"400\" height=\"400\" src=\"https:\/\/flagprint.ch\/wp-content\/uploads\/2019\/02\/mobile-fahnen-easyflag-beachfla-drop-bosch-400x400.jpg\" class=\"attachment-thumbnail size-thumbnail\" alt=\"Easyflag, Beachflag Drop sont des drapeaux modernes de toutes tailles et formes pour tous types de manifestation. Mont\u00e9 en quelques secondes!\" aria-describedby=\"gallery-4-3848\" srcset=\"https:\/\/flagprint.ch\/wp-content\/uploads\/2019\/02\/mobile-fahnen-easyflag-beachfla-drop-bosch-400x400.jpg 400w, https:\/\/flagprint.ch\/wp-content\/uploads\/2019\/02\/mobile-fahnen-easyflag-beachfla-drop-bosch-20x20.jpg 20w, https:\/\/flagprint.ch\/wp-content\/uploads\/2019\/02\/mobile-fahnen-easyflag-beachfla-drop-bosch-40x40.jpg 40w, https:\/\/flagprint.ch\/wp-content\/uploads\/2019\/02\/mobile-fahnen-easyflag-beachfla-drop-bosch-60x60.jpg 60w\" sizes=\"(max-width: 400px) 100vw, 400px\" \/><\/a>\n\t\t\t<\/div>\n\t\t\t\t<figcaption class='wp-caption-text gallery-caption' id='gallery-4-3848'>\n\t\t\t\tEasyflag, Beachflag Drop\n\t\t\t\t<\/figcaption><\/figure><figure class='gallery-item'>\n\t\t\t<div class='gallery-icon landscape'>\n\t\t\t\t<a  href='https:\/\/flagprint.ch\/wp-content\/uploads\/2019\/02\/mobile-fahnen-easyflag-beachfla-drop-indoor.jpg' title=\"Easyflag, Beachflag Drop. Drapeux en forme de goutte\" data-rl_title=\"Easyflag, Beachflag Drop. Drapeux en forme de goutte\" class=\"rl-gallery-link\" data-rl_caption=\"Easyflag Drop, taille du drapeau: medium, 95 x 205 cm.&lt;br \/&gt;\n&lt;a href=&quot;\/fr\/produits\/easyflag-beachflag-drop\/&quot;&gt;vers le produit&lt;\/a&gt;\" data-rel=\"fp-lightbox-gallery-4\"><img loading=\"lazy\" decoding=\"async\" width=\"400\" height=\"400\" src=\"https:\/\/flagprint.ch\/wp-content\/uploads\/2019\/02\/mobile-fahnen-easyflag-beachfla-drop-indoor-400x400.jpg\" class=\"attachment-thumbnail size-thumbnail\" alt=\"Easyflag, Beachflag Drop sont des drapeaux modernes de toutes tailles et formes pour tous types de manifestation. Mont\u00e9 en quelques secondes!\" aria-describedby=\"gallery-4-3850\" srcset=\"https:\/\/flagprint.ch\/wp-content\/uploads\/2019\/02\/mobile-fahnen-easyflag-beachfla-drop-indoor-400x400.jpg 400w, https:\/\/flagprint.ch\/wp-content\/uploads\/2019\/02\/mobile-fahnen-easyflag-beachfla-drop-indoor-20x20.jpg 20w, https:\/\/flagprint.ch\/wp-content\/uploads\/2019\/02\/mobile-fahnen-easyflag-beachfla-drop-indoor-40x40.jpg 40w, https:\/\/flagprint.ch\/wp-content\/uploads\/2019\/02\/mobile-fahnen-easyflag-beachfla-drop-indoor-60x60.jpg 60w\" sizes=\"(max-width: 400px) 100vw, 400px\" \/><\/a>\n\t\t\t<\/div>\n\t\t\t\t<figcaption class='wp-caption-text gallery-caption' id='gallery-4-3850'>\n\t\t\t\tEasyflag, Beachflag Drop. Drapeux en forme de goutte\n\t\t\t\t<\/figcaption><\/figure><figure class='gallery-item'>\n\t\t\t<div class='gallery-icon landscape'>\n\t\t\t\t<a  href='https:\/\/flagprint.ch\/wp-content\/uploads\/2019\/02\/mobile-fahnen-easyflag-beachfla-drop-outdoor-bosch.jpg' title=\"Easyflag, Beachflag Drop\" data-rl_title=\"Easyflag, Beachflag Drop\" class=\"rl-gallery-link\" data-rl_caption=\"Imprim\u00e9 d\u2019un motif pouvant \u00eatre librement con\u00e7u, fabriqu\u00e9 \u00e0 l\u2019unit\u00e9 ou en s\u00e9rie.&lt;br \/&gt;\n&lt;a href=&quot;\/fr\/produits\/easyflag-beachflag-drop\/&quot;&gt;vers le produit&lt;\/a&gt;\" data-rel=\"fp-lightbox-gallery-4\"><img loading=\"lazy\" decoding=\"async\" width=\"400\" height=\"400\" src=\"https:\/\/flagprint.ch\/wp-content\/uploads\/2019\/02\/mobile-fahnen-easyflag-beachfla-drop-outdoor-bosch-400x400.jpg\" class=\"attachment-thumbnail size-thumbnail\" alt=\"Easyflag, Beachflag Drop sont des drapeaux modernes de toutes tailles et formes pour tous types de manifestation. Mont\u00e9 en quelques secondes!\" aria-describedby=\"gallery-4-3852\" srcset=\"https:\/\/flagprint.ch\/wp-content\/uploads\/2019\/02\/mobile-fahnen-easyflag-beachfla-drop-outdoor-bosch-400x400.jpg 400w, https:\/\/flagprint.ch\/wp-content\/uploads\/2019\/02\/mobile-fahnen-easyflag-beachfla-drop-outdoor-bosch-20x20.jpg 20w, https:\/\/flagprint.ch\/wp-content\/uploads\/2019\/02\/mobile-fahnen-easyflag-beachfla-drop-outdoor-bosch-40x40.jpg 40w, https:\/\/flagprint.ch\/wp-content\/uploads\/2019\/02\/mobile-fahnen-easyflag-beachfla-drop-outdoor-bosch-60x60.jpg 60w\" sizes=\"(max-width: 400px) 100vw, 400px\" \/><\/a>\n\t\t\t<\/div>\n\t\t\t\t<figcaption class='wp-caption-text gallery-caption' id='gallery-4-3852'>\n\t\t\t\tEasyflag, Beachflag Drop\n\t\t\t\t<\/figcaption><\/figure><figure class='gallery-item'>\n\t\t\t<div class='gallery-icon landscape'>\n\t\t\t\t<a  href='https:\/\/flagprint.ch\/wp-content\/uploads\/2019\/02\/mobile-fahnen-easyflag-beachfla-drop-outdoor.jpg' title=\"Easyflag, Beachflag Drop\" data-rl_title=\"Easyflag, Beachflag Drop\" class=\"rl-gallery-link\" data-rl_caption=\"Imprim\u00e9 d\u2019un motif pouvant \u00eatre librement con\u00e7u, fabriqu\u00e9 \u00e0 l\u2019unit\u00e9 ou en s\u00e9rie.&lt;br \/&gt;\n&lt;a href=&quot;\/fr\/produits\/easyflag-beachflag-drop\/&quot;&gt;vers le produit&lt;\/a&gt;\" data-rel=\"fp-lightbox-gallery-4\"><img loading=\"lazy\" decoding=\"async\" width=\"400\" height=\"400\" src=\"https:\/\/flagprint.ch\/wp-content\/uploads\/2019\/02\/mobile-fahnen-easyflag-beachfla-drop-outdoor-400x400.jpg\" class=\"attachment-thumbnail size-thumbnail\" alt=\"Easyflag, Beachflag Drop sont des drapeaux modernes de toutes tailles et formes pour tous types de manifestation. Mont\u00e9 en quelques secondes!\" aria-describedby=\"gallery-4-3854\" srcset=\"https:\/\/flagprint.ch\/wp-content\/uploads\/2019\/02\/mobile-fahnen-easyflag-beachfla-drop-outdoor-400x400.jpg 400w, https:\/\/flagprint.ch\/wp-content\/uploads\/2019\/02\/mobile-fahnen-easyflag-beachfla-drop-outdoor-20x20.jpg 20w, https:\/\/flagprint.ch\/wp-content\/uploads\/2019\/02\/mobile-fahnen-easyflag-beachfla-drop-outdoor-40x40.jpg 40w, https:\/\/flagprint.ch\/wp-content\/uploads\/2019\/02\/mobile-fahnen-easyflag-beachfla-drop-outdoor-60x60.jpg 60w\" sizes=\"(max-width: 400px) 100vw, 400px\" \/><\/a>\n\t\t\t<\/div>\n\t\t\t\t<figcaption class='wp-caption-text gallery-caption' id='gallery-4-3854'>\n\t\t\t\tEasyflag, Beachflag Drop\n\t\t\t\t<\/figcaption><\/figure><figure class='gallery-item'>\n\t\t\t<div class='gallery-icon landscape'>\n\t\t\t\t<a  href='https:\/\/flagprint.ch\/wp-content\/uploads\/2019\/02\/mobile-fahnen-easyflag-beachflag-indoor-small-swatch.jpg' title=\"Easyflag, Beachflag Indoor\" data-rl_title=\"Easyflag, Beachflag Indoor\" class=\"rl-gallery-link\" data-rl_caption=\"Easyflag Indoor. Taille du drapeau: 45 x 170 cm.&lt;br \/&gt;\n&lt;a href=&quot;\/fr\/produits\/easyflag-beachflag-indoor\/&quot;&gt;vers le produit&lt;\/a&gt;\" data-rel=\"fp-lightbox-gallery-4\"><img loading=\"lazy\" decoding=\"async\" width=\"400\" height=\"400\" src=\"https:\/\/flagprint.ch\/wp-content\/uploads\/2019\/02\/mobile-fahnen-easyflag-beachflag-indoor-small-swatch-400x400.jpg\" class=\"attachment-thumbnail size-thumbnail\" alt=\"Easyflag, Beachflag Indoor sont des petits drapeaux pour manifestations en int\u00e9rieur. Support publicitaire en tissu drapeau l\u00e9ger. Mont\u00e9 en secondes!\" aria-describedby=\"gallery-4-3860\" srcset=\"https:\/\/flagprint.ch\/wp-content\/uploads\/2019\/02\/mobile-fahnen-easyflag-beachflag-indoor-small-swatch-400x400.jpg 400w, https:\/\/flagprint.ch\/wp-content\/uploads\/2019\/02\/mobile-fahnen-easyflag-beachflag-indoor-small-swatch-20x20.jpg 20w, https:\/\/flagprint.ch\/wp-content\/uploads\/2019\/02\/mobile-fahnen-easyflag-beachflag-indoor-small-swatch-40x40.jpg 40w, https:\/\/flagprint.ch\/wp-content\/uploads\/2019\/02\/mobile-fahnen-easyflag-beachflag-indoor-small-swatch-60x60.jpg 60w\" sizes=\"(max-width: 400px) 100vw, 400px\" \/><\/a>\n\t\t\t<\/div>\n\t\t\t\t<figcaption class='wp-caption-text gallery-caption' id='gallery-4-3860'>\n\t\t\t\tEasyflag, Beachflag Indoor\n\t\t\t\t<\/figcaption><\/figure><figure class='gallery-item'>\n\t\t\t<div class='gallery-icon portrait'>\n\t\t\t\t<a  href='https:\/\/flagprint.ch\/wp-content\/uploads\/2019\/02\/mobile-fahnen-easyflag-beachflag-indoor-small.jpg' title=\"Easyflag, Beachflag Indoor\" data-rl_title=\"Easyflag, Beachflag Indoor\" class=\"rl-gallery-link\" data-rl_caption=\"Easyflag Indoor. Taille du drapeau: 45 x 170 cm.&lt;br \/&gt;\n&lt;a href=&quot;\/fr\/produits\/easyflag-beachflag-indoor\/&quot;&gt;vers le produit&lt;\/a&gt;\" data-rel=\"fp-lightbox-gallery-4\"><img loading=\"lazy\" decoding=\"async\" width=\"400\" height=\"400\" src=\"https:\/\/flagprint.ch\/wp-content\/uploads\/2019\/02\/mobile-fahnen-easyflag-beachflag-indoor-small-400x400.jpg\" class=\"attachment-thumbnail size-thumbnail\" alt=\"Easyflag, Beachflag Indoor sont des petits drapeaux pour manifestations en int\u00e9rieur. Support publicitaire en tissu drapeau l\u00e9ger. Mont\u00e9 en secondes!\" aria-describedby=\"gallery-4-3862\" srcset=\"https:\/\/flagprint.ch\/wp-content\/uploads\/2019\/02\/mobile-fahnen-easyflag-beachflag-indoor-small-400x400.jpg 400w, https:\/\/flagprint.ch\/wp-content\/uploads\/2019\/02\/mobile-fahnen-easyflag-beachflag-indoor-small-20x20.jpg 20w, https:\/\/flagprint.ch\/wp-content\/uploads\/2019\/02\/mobile-fahnen-easyflag-beachflag-indoor-small-40x40.jpg 40w, https:\/\/flagprint.ch\/wp-content\/uploads\/2019\/02\/mobile-fahnen-easyflag-beachflag-indoor-small-60x60.jpg 60w\" sizes=\"(max-width: 400px) 100vw, 400px\" \/><\/a>\n\t\t\t<\/div>\n\t\t\t\t<figcaption class='wp-caption-text gallery-caption' id='gallery-4-3862'>\n\t\t\t\tEasyflag, Beachflag Indoor\n\t\t\t\t<\/figcaption><\/figure><figure class='gallery-item'>\n\t\t\t<div class='gallery-icon portrait'>\n\t\t\t\t<a  href='https:\/\/flagprint.ch\/wp-content\/uploads\/2019\/02\/mobile-fahnen-easyflag-beachflag-indoor-stromer.jpg' title=\"Easyflag, Beachflag Indoor\" data-rl_title=\"Easyflag, Beachflag Indoor\" class=\"rl-gallery-link\" data-rl_caption=\"Easyflag Indoor. Mont\u00e9 en quelques secondes!&lt;br \/&gt;\n&lt;a href=&quot;\/fr\/produits\/easyflag-beachflag-indoor\/&quot;&gt;vers le produit&lt;\/a&gt;\" data-rel=\"fp-lightbox-gallery-4\"><img loading=\"lazy\" decoding=\"async\" width=\"400\" height=\"400\" src=\"https:\/\/flagprint.ch\/wp-content\/uploads\/2019\/02\/mobile-fahnen-easyflag-beachflag-indoor-stromer-400x400.jpg\" class=\"attachment-thumbnail size-thumbnail\" alt=\"Easyflag, Beachflag Indoor sont des petits drapeaux pour manifestations en int\u00e9rieur. Support publicitaire en tissu drapeau l\u00e9ger. Mont\u00e9 en secondes!\" aria-describedby=\"gallery-4-3864\" srcset=\"https:\/\/flagprint.ch\/wp-content\/uploads\/2019\/02\/mobile-fahnen-easyflag-beachflag-indoor-stromer-400x400.jpg 400w, https:\/\/flagprint.ch\/wp-content\/uploads\/2019\/02\/mobile-fahnen-easyflag-beachflag-indoor-stromer-20x20.jpg 20w, https:\/\/flagprint.ch\/wp-content\/uploads\/2019\/02\/mobile-fahnen-easyflag-beachflag-indoor-stromer-40x40.jpg 40w, https:\/\/flagprint.ch\/wp-content\/uploads\/2019\/02\/mobile-fahnen-easyflag-beachflag-indoor-stromer-60x60.jpg 60w\" sizes=\"(max-width: 400px) 100vw, 400px\" \/><\/a>\n\t\t\t<\/div>\n\t\t\t\t<figcaption class='wp-caption-text gallery-caption' id='gallery-4-3864'>\n\t\t\t\tEasyflag, Beachflag Indoor\n\t\t\t\t<\/figcaption><\/figure><figure class='gallery-item'>\n\t\t\t<div class='gallery-icon portrait'>\n\t\t\t\t<a  href='https:\/\/flagprint.ch\/wp-content\/uploads\/2019\/02\/mobile-fahnen-mobil-mast-1er-fahnenburg-tst.jpg.jpg' title=\"M\u00e2t mobile avec socle en b\u00e9ton\" data-rl_title=\"M\u00e2t mobile avec socle en b\u00e9ton\" class=\"rl-gallery-link\" data-rl_caption=\"Drapeau publicitaire mobile. 1 unit\u00e9. Taille du drapeau: 60 x 200 cm.&lt;br \/&gt;\n&lt;a href=&quot;\/fr\/produits\/mat-mobile\/&quot;&gt;vers le produit&lt;\/a&gt;\" data-rel=\"fp-lightbox-gallery-4\"><img loading=\"lazy\" decoding=\"async\" width=\"400\" height=\"400\" src=\"https:\/\/flagprint.ch\/wp-content\/uploads\/2019\/02\/mobile-fahnen-mobil-mast-1er-fahnenburg-tst.jpg-400x400.jpg\" class=\"attachment-thumbnail size-thumbnail\" alt=\"Affichez votre logo et votre message publicitaire sous forme mobile lors d\u2019expositions et d\u2019\u00e9v\u00e9nements. Socle et fixations au sol selon les besoins.\" aria-describedby=\"gallery-4-3868\" srcset=\"https:\/\/flagprint.ch\/wp-content\/uploads\/2019\/02\/mobile-fahnen-mobil-mast-1er-fahnenburg-tst.jpg-400x400.jpg 400w, https:\/\/flagprint.ch\/wp-content\/uploads\/2019\/02\/mobile-fahnen-mobil-mast-1er-fahnenburg-tst.jpg-20x20.jpg 20w, https:\/\/flagprint.ch\/wp-content\/uploads\/2019\/02\/mobile-fahnen-mobil-mast-1er-fahnenburg-tst.jpg-40x40.jpg 40w, https:\/\/flagprint.ch\/wp-content\/uploads\/2019\/02\/mobile-fahnen-mobil-mast-1er-fahnenburg-tst.jpg-60x60.jpg 60w\" sizes=\"(max-width: 400px) 100vw, 400px\" \/><\/a>\n\t\t\t<\/div>\n\t\t\t\t<figcaption class='wp-caption-text gallery-caption' id='gallery-4-3868'>\n\t\t\t\tM\u00e2t mobile avec socle en b\u00e9ton\n\t\t\t\t<\/figcaption><\/figure><figure class='gallery-item'>\n\t\t\t<div class='gallery-icon portrait'>\n\t\t\t\t<a  href='https:\/\/flagprint.ch\/wp-content\/uploads\/2019\/02\/mobile-fahnen-mobil-mast-deluxe-hack.jpg' title=\"M\u00e2t mobile avec socle en m\u00e9tal\" data-rl_title=\"M\u00e2t mobile avec socle en m\u00e9tal\" class=\"rl-gallery-link\" data-rl_caption=\"Drapeau imprim\u00e9 d\u2019un motif pouvant \u00eatre librement con\u00e7u, fabriqu\u00e9 \u00e0 l\u2019unit\u00e9 ou en s\u00e9rie.&lt;br \/&gt;\n&lt;a href=&quot;\/fr\/produits\/mat-mobile\/&quot;&gt;vers le produit&lt;\/a&gt;\" data-rel=\"fp-lightbox-gallery-4\"><img loading=\"lazy\" decoding=\"async\" width=\"400\" height=\"400\" src=\"https:\/\/flagprint.ch\/wp-content\/uploads\/2019\/02\/mobile-fahnen-mobil-mast-deluxe-hack-400x400.jpg\" class=\"attachment-thumbnail size-thumbnail\" alt=\"Affichez votre logo et votre message publicitaire sous forme mobile lors d\u2019expositions et d\u2019\u00e9v\u00e9nements. Socle et fixations au sol selon les besoins.\" aria-describedby=\"gallery-4-3870\" srcset=\"https:\/\/flagprint.ch\/wp-content\/uploads\/2019\/02\/mobile-fahnen-mobil-mast-deluxe-hack-400x400.jpg 400w, https:\/\/flagprint.ch\/wp-content\/uploads\/2019\/02\/mobile-fahnen-mobil-mast-deluxe-hack-20x20.jpg 20w, https:\/\/flagprint.ch\/wp-content\/uploads\/2019\/02\/mobile-fahnen-mobil-mast-deluxe-hack-40x40.jpg 40w, https:\/\/flagprint.ch\/wp-content\/uploads\/2019\/02\/mobile-fahnen-mobil-mast-deluxe-hack-60x60.jpg 60w\" sizes=\"(max-width: 400px) 100vw, 400px\" \/><\/a>\n\t\t\t<\/div>\n\t\t\t\t<figcaption class='wp-caption-text gallery-caption' id='gallery-4-3870'>\n\t\t\t\tM\u00e2t mobile avec socle en m\u00e9tal\n\t\t\t\t<\/figcaption><\/figure><figure class='gallery-item'>\n\t\t\t<div class='gallery-icon portrait'>\n\t\t\t\t<a  href='https:\/\/flagprint.ch\/wp-content\/uploads\/2019\/02\/mobile-fahnen-mobil-mast-deluxe-restaurant-aeusserer-stand.jpg' title=\"M\u00e2t mobile pour restaurant\" data-rl_title=\"M\u00e2t mobile pour restaurant\" class=\"rl-gallery-link\" data-rl_caption=\"Drapeau imprim\u00e9 d\u2019un motif pouvant \u00eatre librement con\u00e7u, fabriqu\u00e9 \u00e0 l\u2019unit\u00e9 ou en s\u00e9rie.&lt;br \/&gt;\n&lt;a href=&quot;\/fr\/produits\/mat-mobile\/&quot;&gt;vers le produit&lt;\/a&gt;\" data-rel=\"fp-lightbox-gallery-4\"><img loading=\"lazy\" decoding=\"async\" width=\"400\" height=\"400\" src=\"https:\/\/flagprint.ch\/wp-content\/uploads\/2019\/02\/mobile-fahnen-mobil-mast-deluxe-restaurant-aeusserer-stand-400x400.jpg\" class=\"attachment-thumbnail size-thumbnail\" alt=\"Affichez votre logo et votre message publicitaire sous forme mobile lors d\u2019expositions et d\u2019\u00e9v\u00e9nements. Socle et fixations au sol selon les besoins.\" aria-describedby=\"gallery-4-3872\" srcset=\"https:\/\/flagprint.ch\/wp-content\/uploads\/2019\/02\/mobile-fahnen-mobil-mast-deluxe-restaurant-aeusserer-stand-400x400.jpg 400w, https:\/\/flagprint.ch\/wp-content\/uploads\/2019\/02\/mobile-fahnen-mobil-mast-deluxe-restaurant-aeusserer-stand-20x20.jpg 20w, https:\/\/flagprint.ch\/wp-content\/uploads\/2019\/02\/mobile-fahnen-mobil-mast-deluxe-restaurant-aeusserer-stand-40x40.jpg 40w, https:\/\/flagprint.ch\/wp-content\/uploads\/2019\/02\/mobile-fahnen-mobil-mast-deluxe-restaurant-aeusserer-stand-60x60.jpg 60w\" sizes=\"(max-width: 400px) 100vw, 400px\" \/><\/a>\n\t\t\t<\/div>\n\t\t\t\t<figcaption class='wp-caption-text gallery-caption' id='gallery-4-3872'>\n\t\t\t\tM\u00e2t mobile pour restaurant\n\t\t\t\t<\/figcaption><\/figure><figure class='gallery-item'>\n\t\t\t<div class='gallery-icon portrait'>\n\t\t\t\t<a  href='https:\/\/flagprint.ch\/wp-content\/uploads\/2019\/02\/mobile-fahnen-mobil-mast-einfaches-handling-3er-fahnenburg-feldschloesschen.jpg' title=\"Drapeau publicitaire mobile. 3 unit\u00e9s.\" data-rl_title=\"Drapeau publicitaire mobile. 3 unit\u00e9s.\" class=\"rl-gallery-link\" data-rl_caption=\"Drapeau publicitaire mobile. 3 unit\u00e9s. Taille du drapeau: 80 x 260 cm.&lt;br \/&gt;\n&lt;a href=&quot;\/fr\/produits\/mat-mobile\/&quot;&gt;vers le produit&lt;\/a&gt;\" data-rel=\"fp-lightbox-gallery-4\"><img loading=\"lazy\" decoding=\"async\" width=\"400\" height=\"400\" src=\"https:\/\/flagprint.ch\/wp-content\/uploads\/2019\/02\/mobile-fahnen-mobil-mast-einfaches-handling-3er-fahnenburg-feldschloesschen-400x400.jpg\" class=\"attachment-thumbnail size-thumbnail\" alt=\"Affichez votre logo et votre message publicitaire sous forme mobile lors d\u2019expositions et d\u2019\u00e9v\u00e9nements. Socle et fixations au sol selon les besoins.\" aria-describedby=\"gallery-4-3874\" srcset=\"https:\/\/flagprint.ch\/wp-content\/uploads\/2019\/02\/mobile-fahnen-mobil-mast-einfaches-handling-3er-fahnenburg-feldschloesschen-400x400.jpg 400w, https:\/\/flagprint.ch\/wp-content\/uploads\/2019\/02\/mobile-fahnen-mobil-mast-einfaches-handling-3er-fahnenburg-feldschloesschen-20x20.jpg 20w, https:\/\/flagprint.ch\/wp-content\/uploads\/2019\/02\/mobile-fahnen-mobil-mast-einfaches-handling-3er-fahnenburg-feldschloesschen-40x40.jpg 40w, https:\/\/flagprint.ch\/wp-content\/uploads\/2019\/02\/mobile-fahnen-mobil-mast-einfaches-handling-3er-fahnenburg-feldschloesschen-60x60.jpg 60w\" sizes=\"(max-width: 400px) 100vw, 400px\" \/><\/a>\n\t\t\t<\/div>\n\t\t\t\t<figcaption class='wp-caption-text gallery-caption' id='gallery-4-3874'>\n\t\t\t\tDrapeau publicitaire mobile. 3 unit\u00e9s.\n\t\t\t\t<\/figcaption><\/figure><figure class='gallery-item'>\n\t\t\t<div class='gallery-icon landscape'>\n\t\t\t\t<a  href='https:\/\/flagprint.ch\/wp-content\/uploads\/2019\/02\/mobile-fahnen-mobil-mast-outdoor-3er-fahnenburg-feldschloesschen.jpg' title=\"Drapeau publicitaire mobile. 3 unit\u00e9s.\" data-rl_title=\"Drapeau publicitaire mobile. 3 unit\u00e9s.\" class=\"rl-gallery-link\" data-rl_caption=\"Drapeau publicitaire mobile. 3 unit\u00e9s. Taille du drapeau: 80 x 260 cm.&lt;br \/&gt;\n&lt;a href=&quot;\/fr\/produits\/mat-mobile\/&quot;&gt;vers le produit&lt;\/a&gt;\" data-rel=\"fp-lightbox-gallery-4\"><img loading=\"lazy\" decoding=\"async\" width=\"400\" height=\"400\" src=\"https:\/\/flagprint.ch\/wp-content\/uploads\/2019\/02\/mobile-fahnen-mobil-mast-outdoor-3er-fahnenburg-feldschloesschen-400x400.jpg\" class=\"attachment-thumbnail size-thumbnail\" alt=\"Affichez votre logo et votre message publicitaire sous forme mobile lors d\u2019expositions et d\u2019\u00e9v\u00e9nements. Socle et fixations au sol selon les besoins.\" aria-describedby=\"gallery-4-3876\" srcset=\"https:\/\/flagprint.ch\/wp-content\/uploads\/2019\/02\/mobile-fahnen-mobil-mast-outdoor-3er-fahnenburg-feldschloesschen-400x400.jpg 400w, https:\/\/flagprint.ch\/wp-content\/uploads\/2019\/02\/mobile-fahnen-mobil-mast-outdoor-3er-fahnenburg-feldschloesschen-20x20.jpg 20w, https:\/\/flagprint.ch\/wp-content\/uploads\/2019\/02\/mobile-fahnen-mobil-mast-outdoor-3er-fahnenburg-feldschloesschen-40x40.jpg 40w, https:\/\/flagprint.ch\/wp-content\/uploads\/2019\/02\/mobile-fahnen-mobil-mast-outdoor-3er-fahnenburg-feldschloesschen-60x60.jpg 60w\" sizes=\"(max-width: 400px) 100vw, 400px\" \/><\/a>\n\t\t\t<\/div>\n\t\t\t\t<figcaption class='wp-caption-text gallery-caption' id='gallery-4-3876'>\n\t\t\t\tDrapeau publicitaire mobile. 3 unit\u00e9s.\n\t\t\t\t<\/figcaption><\/figure><figure class='gallery-item'>\n\t\t\t<div class='gallery-icon landscape'>\n\t\t\t\t<a  href='https:\/\/flagprint.ch\/wp-content\/uploads\/2019\/02\/mobile-fahnen-mobil-mast-outdoor-biketec.jpg' title=\"Drapeau publicitaire mobile sur m\u00e2t avec pied en croix.\" data-rl_title=\"Drapeau publicitaire mobile sur m\u00e2t avec pied en croix.\" class=\"rl-gallery-link\" data-rl_caption=\"Drapeau publicitaire mobile sur m\u00e2t avec pied en croix. Taille du drapeau: 70 x 260 cm.&lt;br \/&gt;\n&lt;a href=&quot;\/fr\/produits\/mat-mobile\/&quot;&gt;vers le produit&lt;\/a&gt;\" data-rel=\"fp-lightbox-gallery-4\"><img loading=\"lazy\" decoding=\"async\" width=\"400\" height=\"400\" src=\"https:\/\/flagprint.ch\/wp-content\/uploads\/2019\/02\/mobile-fahnen-mobil-mast-outdoor-biketec-400x400.jpg\" class=\"attachment-thumbnail size-thumbnail\" alt=\"Affichez votre logo et votre message publicitaire sous forme mobile lors d\u2019expositions et d\u2019\u00e9v\u00e9nements. Socle et fixations au sol selon les besoins.\" aria-describedby=\"gallery-4-3878\" srcset=\"https:\/\/flagprint.ch\/wp-content\/uploads\/2019\/02\/mobile-fahnen-mobil-mast-outdoor-biketec-400x400.jpg 400w, https:\/\/flagprint.ch\/wp-content\/uploads\/2019\/02\/mobile-fahnen-mobil-mast-outdoor-biketec-20x20.jpg 20w, https:\/\/flagprint.ch\/wp-content\/uploads\/2019\/02\/mobile-fahnen-mobil-mast-outdoor-biketec-40x40.jpg 40w, https:\/\/flagprint.ch\/wp-content\/uploads\/2019\/02\/mobile-fahnen-mobil-mast-outdoor-biketec-60x60.jpg 60w\" sizes=\"(max-width: 400px) 100vw, 400px\" \/><\/a>\n\t\t\t<\/div>\n\t\t\t\t<figcaption class='wp-caption-text gallery-caption' id='gallery-4-3878'>\n\t\t\t\tDrapeau publicitaire mobile sur m\u00e2t avec pied en croix. \n\t\t\t\t<\/figcaption><\/figure><figure class='gallery-item'>\n\t\t\t<div class='gallery-icon landscape'>\n\t\t\t\t<a  href='https:\/\/flagprint.ch\/wp-content\/uploads\/2019\/02\/mobile-fahnen-teleskopmast-aluminium-outdoor_naturpaerke.jpg' title=\"M\u00e2t t\u00e9lescopique mobile\" data-rl_title=\"M\u00e2t t\u00e9lescopique mobile\" class=\"rl-gallery-link\" data-rl_caption=\"Pour expositions, \u00e9v\u00e9nements, points de vente, manifestations sportives et culturelles pour des utilisations de courte dur\u00e9e et des pr\u00e9sentations publicitaires mobiles.&lt;br \/&gt;\n&lt;a href=&quot;\/fr\/produits\/mat-telescopique-mobile\/&quot;&gt;vers le produit&lt;\/a&gt;\" data-rel=\"fp-lightbox-gallery-4\"><img loading=\"lazy\" decoding=\"async\" width=\"400\" height=\"400\" src=\"https:\/\/flagprint.ch\/wp-content\/uploads\/2019\/02\/mobile-fahnen-teleskopmast-aluminium-outdoor_naturpaerke-400x400.jpg\" class=\"attachment-thumbnail size-thumbnail\" alt=\"Pr\u00e9sentez votre logo et votre message sous forme mobile dans des expositions et des \u00e9v\u00e9nements avec le m\u00e2t t\u00e9lescopique mobile indoor. Hauteur du m\u00e2t r\u00e9glable sous forme individuelle\" aria-describedby=\"gallery-4-3882\" srcset=\"https:\/\/flagprint.ch\/wp-content\/uploads\/2019\/02\/mobile-fahnen-teleskopmast-aluminium-outdoor_naturpaerke-400x400.jpg 400w, https:\/\/flagprint.ch\/wp-content\/uploads\/2019\/02\/mobile-fahnen-teleskopmast-aluminium-outdoor_naturpaerke-20x20.jpg 20w, https:\/\/flagprint.ch\/wp-content\/uploads\/2019\/02\/mobile-fahnen-teleskopmast-aluminium-outdoor_naturpaerke-40x40.jpg 40w, https:\/\/flagprint.ch\/wp-content\/uploads\/2019\/02\/mobile-fahnen-teleskopmast-aluminium-outdoor_naturpaerke-60x60.jpg 60w\" sizes=\"(max-width: 400px) 100vw, 400px\" \/><\/a>\n\t\t\t<\/div>\n\t\t\t\t<figcaption class='wp-caption-text gallery-caption' id='gallery-4-3882'>\n\t\t\t\tM\u00e2t t\u00e9lescopique mobile\n\t\t\t\t<\/figcaption><\/figure><figure class='gallery-item'>\n\t\t\t<div class='gallery-icon landscape'>\n\t\t\t\t<a  href='https:\/\/flagprint.ch\/wp-content\/uploads\/2019\/02\/mobile-fahnen-teleskopmast-aluminium-outdoor-einfaches-handling.jpg' title=\"M\u00e2t t\u00e9lescopique mobile\" data-rl_title=\"M\u00e2t t\u00e9lescopique mobile\" class=\"rl-gallery-link\" data-rl_caption=\"Convient partout en int\u00e9rieur et en ext\u00e9rieur.&lt;br \/&gt;\n&lt;a href=&quot;\/fr\/produits\/mat-telescopique-mobile\/&quot;&gt;vers le produit&lt;\/a&gt;\" data-rel=\"fp-lightbox-gallery-4\"><img loading=\"lazy\" decoding=\"async\" width=\"400\" height=\"400\" src=\"https:\/\/flagprint.ch\/wp-content\/uploads\/2019\/02\/mobile-fahnen-teleskopmast-aluminium-outdoor-einfaches-handling-400x400.jpg\" class=\"attachment-thumbnail size-thumbnail\" alt=\"Pr\u00e9sentez votre logo et votre message sous forme mobile dans des expositions et des \u00e9v\u00e9nements avec le m\u00e2t t\u00e9lescopique mobile indoor. Hauteur du m\u00e2t r\u00e9glable sous forme individuelle\" aria-describedby=\"gallery-4-3886\" srcset=\"https:\/\/flagprint.ch\/wp-content\/uploads\/2019\/02\/mobile-fahnen-teleskopmast-aluminium-outdoor-einfaches-handling-400x400.jpg 400w, https:\/\/flagprint.ch\/wp-content\/uploads\/2019\/02\/mobile-fahnen-teleskopmast-aluminium-outdoor-einfaches-handling-20x20.jpg 20w, https:\/\/flagprint.ch\/wp-content\/uploads\/2019\/02\/mobile-fahnen-teleskopmast-aluminium-outdoor-einfaches-handling-40x40.jpg 40w, https:\/\/flagprint.ch\/wp-content\/uploads\/2019\/02\/mobile-fahnen-teleskopmast-aluminium-outdoor-einfaches-handling-60x60.jpg 60w\" sizes=\"(max-width: 400px) 100vw, 400px\" \/><\/a>\n\t\t\t<\/div>\n\t\t\t\t<figcaption class='wp-caption-text gallery-caption' id='gallery-4-3886'>\n\t\t\t\tM\u00e2t t\u00e9lescopique mobile\n\t\t\t\t<\/figcaption><\/figure><figure class='gallery-item'>\n\t\t\t<div class='gallery-icon portrait'>\n\t\t\t\t<a  href='https:\/\/flagprint.ch\/wp-content\/uploads\/2019\/02\/mobile-fahnen-teleskopmast-aluminium-outdoor-flyer.jpg' title=\"M\u00e2t t\u00e9lescopique mobile standard\" data-rl_title=\"M\u00e2t t\u00e9lescopique mobile standard\" class=\"rl-gallery-link\" data-rl_caption=\"M\u00e2t t\u00e9lescopique standard, d\u00e9tail de la potence.&lt;br \/&gt;\n&lt;a href=&quot;\/fr\/produits\/mat-telescopique-mobile\/&quot;&gt;vers le produit&lt;\/a&gt;\" data-rel=\"fp-lightbox-gallery-4\"><img loading=\"lazy\" decoding=\"async\" width=\"400\" height=\"400\" src=\"https:\/\/flagprint.ch\/wp-content\/uploads\/2019\/02\/mobile-fahnen-teleskopmast-aluminium-outdoor-flyer-400x400.jpg\" class=\"attachment-thumbnail size-thumbnail\" alt=\"Pr\u00e9sentez votre logo et votre message sous forme mobile dans des expositions et des \u00e9v\u00e9nements avec le m\u00e2t t\u00e9lescopique mobile indoor. Hauteur du m\u00e2t r\u00e9glable sous forme individuelle\" aria-describedby=\"gallery-4-3888\" srcset=\"https:\/\/flagprint.ch\/wp-content\/uploads\/2019\/02\/mobile-fahnen-teleskopmast-aluminium-outdoor-flyer-400x400.jpg 400w, https:\/\/flagprint.ch\/wp-content\/uploads\/2019\/02\/mobile-fahnen-teleskopmast-aluminium-outdoor-flyer-20x20.jpg 20w, https:\/\/flagprint.ch\/wp-content\/uploads\/2019\/02\/mobile-fahnen-teleskopmast-aluminium-outdoor-flyer-40x40.jpg 40w, https:\/\/flagprint.ch\/wp-content\/uploads\/2019\/02\/mobile-fahnen-teleskopmast-aluminium-outdoor-flyer-60x60.jpg 60w\" sizes=\"(max-width: 400px) 100vw, 400px\" \/><\/a>\n\t\t\t<\/div>\n\t\t\t\t<figcaption class='wp-caption-text gallery-caption' id='gallery-4-3888'>\n\t\t\t\tM\u00e2t t\u00e9lescopique mobile standard\n\t\t\t\t<\/figcaption><\/figure><figure class='gallery-item'>\n\t\t\t<div class='gallery-icon landscape'>\n\t\t\t\t<a  href='https:\/\/flagprint.ch\/wp-content\/uploads\/2019\/02\/mobile-fahnen-teleskopmast-aluminium-outdoor-schweizer-paerke.jpg' title=\"M\u00e2t t\u00e9lescopique mobile\" data-rl_title=\"M\u00e2t t\u00e9lescopique mobile\" class=\"rl-gallery-link\" data-rl_caption=\"Manipulation simple, positionnement rapide.&lt;br \/&gt;\n&lt;a href=&quot;\/fr\/produits\/mat-telescopique-mobile\/&quot;&gt;vers le produit&lt;\/a&gt;\" data-rel=\"fp-lightbox-gallery-4\"><img loading=\"lazy\" decoding=\"async\" width=\"400\" height=\"300\" src=\"https:\/\/flagprint.ch\/wp-content\/uploads\/2019\/02\/mobile-fahnen-teleskopmast-aluminium-outdoor-schweizer-paerke-400x300.jpg\" class=\"attachment-thumbnail size-thumbnail\" alt=\"Pr\u00e9sentez votre logo et votre message sous forme mobile dans des expositions et des \u00e9v\u00e9nements avec le m\u00e2t t\u00e9lescopique mobile indoor. Hauteur du m\u00e2t r\u00e9glable sous forme individuelle\" aria-describedby=\"gallery-4-3890\" srcset=\"https:\/\/flagprint.ch\/wp-content\/uploads\/2019\/02\/mobile-fahnen-teleskopmast-aluminium-outdoor-schweizer-paerke-400x300.jpg 400w, https:\/\/flagprint.ch\/wp-content\/uploads\/2019\/02\/mobile-fahnen-teleskopmast-aluminium-outdoor-schweizer-paerke-800x600.jpg 800w, https:\/\/flagprint.ch\/wp-content\/uploads\/2019\/02\/mobile-fahnen-teleskopmast-aluminium-outdoor-schweizer-paerke-768x576.jpg 768w, https:\/\/flagprint.ch\/wp-content\/uploads\/2019\/02\/mobile-fahnen-teleskopmast-aluminium-outdoor-schweizer-paerke-1200x900.jpg 1200w, https:\/\/flagprint.ch\/wp-content\/uploads\/2019\/02\/mobile-fahnen-teleskopmast-aluminium-outdoor-schweizer-paerke.jpg 1600w\" sizes=\"(max-width: 400px) 100vw, 400px\" \/><\/a>\n\t\t\t<\/div>\n\t\t\t\t<figcaption class='wp-caption-text gallery-caption' id='gallery-4-3890'>\n\t\t\t\tM\u00e2t t\u00e9lescopique mobile \n\t\t\t\t<\/figcaption><\/figure><figure class='gallery-item'>\n\t\t\t<div class='gallery-icon landscape'>\n\t\t\t\t<a  href='https:\/\/flagprint.ch\/wp-content\/uploads\/2019\/02\/mobile-fahnen-triflag_betonsockel-detail-unten.jpg' title=\"Triflag, m\u00e2t de drapeau mobile\" data-rl_title=\"Triflag, m\u00e2t de drapeau mobile\" class=\"rl-gallery-link\" data-rl_caption=\"Vue d\u00e9taill\u00e9e Poids: Triflag, m\u00e2t de drapeau mobile avec 3 drapeaux.&lt;br \/&gt;\n&lt;a href=&quot;\/fr\/produits\/triflag\/&quot;&gt;vers le produit&lt;\/a&gt;\" data-rel=\"fp-lightbox-gallery-4\"><img loading=\"lazy\" decoding=\"async\" width=\"400\" height=\"400\" src=\"https:\/\/flagprint.ch\/wp-content\/uploads\/2019\/02\/mobile-fahnen-triflag_betonsockel-detail-unten-400x400.jpg\" class=\"attachment-thumbnail size-thumbnail\" alt=\"Triflag - Affichez votre logo et votre message publicitaire sous forme mobile lors d\u2019expositions et d\u2019\u00e9v\u00e9nements. 3 drapeaux - 1 syst\u00e8me\" aria-describedby=\"gallery-4-3903\" srcset=\"https:\/\/flagprint.ch\/wp-content\/uploads\/2019\/02\/mobile-fahnen-triflag_betonsockel-detail-unten-400x400.jpg 400w, https:\/\/flagprint.ch\/wp-content\/uploads\/2019\/02\/mobile-fahnen-triflag_betonsockel-detail-unten-20x20.jpg 20w, https:\/\/flagprint.ch\/wp-content\/uploads\/2019\/02\/mobile-fahnen-triflag_betonsockel-detail-unten-40x40.jpg 40w, https:\/\/flagprint.ch\/wp-content\/uploads\/2019\/02\/mobile-fahnen-triflag_betonsockel-detail-unten-60x60.jpg 60w\" sizes=\"(max-width: 400px) 100vw, 400px\" \/><\/a>\n\t\t\t<\/div>\n\t\t\t\t<figcaption class='wp-caption-text gallery-caption' id='gallery-4-3903'>\n\t\t\t\tTriflag, m\u00e2t de drapeau mobile\n\t\t\t\t<\/figcaption><\/figure><figure class='gallery-item'>\n\t\t\t<div class='gallery-icon portrait'>\n\t\t\t\t<a  href='https:\/\/flagprint.ch\/wp-content\/uploads\/2019\/02\/mobile-fahnen-triflag_betonsockel-swiss-olympic.jpg' title=\"Triflag, m\u00e2t de drapeau mobile avec 3 drapeaux\" data-rl_title=\"Triflag, m\u00e2t de drapeau mobile avec 3 drapeaux\" class=\"rl-gallery-link\" data-rl_caption=\"Triflag, m\u00e2t de drapeau mobile avec 3 drapeaux. Taille du drapeau: 80 x 250 cm.&lt;br \/&gt;\n&lt;a href=&quot;\/fr\/produits\/triflag\/&quot;&gt;vers le produit&lt;\/a&gt;\" data-rel=\"fp-lightbox-gallery-4\"><img loading=\"lazy\" decoding=\"async\" width=\"400\" height=\"400\" src=\"https:\/\/flagprint.ch\/wp-content\/uploads\/2019\/02\/mobile-fahnen-triflag_betonsockel-swiss-olympic-400x400.jpg\" class=\"attachment-thumbnail size-thumbnail\" alt=\"Triflag - Affichez votre logo et votre message publicitaire sous forme mobile lors d\u2019expositions et d\u2019\u00e9v\u00e9nements. 3 drapeaux - 1 syst\u00e8me\" aria-describedby=\"gallery-4-3905\" srcset=\"https:\/\/flagprint.ch\/wp-content\/uploads\/2019\/02\/mobile-fahnen-triflag_betonsockel-swiss-olympic-400x400.jpg 400w, https:\/\/flagprint.ch\/wp-content\/uploads\/2019\/02\/mobile-fahnen-triflag_betonsockel-swiss-olympic-20x20.jpg 20w, https:\/\/flagprint.ch\/wp-content\/uploads\/2019\/02\/mobile-fahnen-triflag_betonsockel-swiss-olympic-40x40.jpg 40w, https:\/\/flagprint.ch\/wp-content\/uploads\/2019\/02\/mobile-fahnen-triflag_betonsockel-swiss-olympic-60x60.jpg 60w\" sizes=\"(max-width: 400px) 100vw, 400px\" \/><\/a>\n\t\t\t<\/div>\n\t\t\t\t<figcaption class='wp-caption-text gallery-caption' id='gallery-4-3905'>\n\t\t\t\tTriflag, m\u00e2t de drapeau mobile avec 3 drapeaux\n\t\t\t\t<\/figcaption><\/figure><figure class='gallery-item'>\n\t\t\t<div class='gallery-icon portrait'>\n\t\t\t\t<a  href='https:\/\/flagprint.ch\/wp-content\/uploads\/2019\/02\/mobile-fahnen-teleskopmast-indoor-hager-staender.jpg' title=\"M\u00e2t t\u00e9lescopique mobile indoor\" data-rl_title=\"M\u00e2t t\u00e9lescopique mobile indoor\" class=\"rl-gallery-link\" data-rl_caption=\"Porte-drapeau en interne, t\u00e9lescopique, jusqu\u2019\u00e0 200 cm de hauteur. Drapeau : 28 x 80 cm.&lt;br \/&gt;\n&lt;a href=&quot;\/fr\/produits\/mat-telescopique-indoor\/&quot;&gt;vers le produit&lt;\/a&gt;\" data-rel=\"fp-lightbox-gallery-4\"><img loading=\"lazy\" decoding=\"async\" width=\"400\" height=\"400\" src=\"https:\/\/flagprint.ch\/wp-content\/uploads\/2019\/02\/mobile-fahnen-teleskopmast-indoor-hager-staender-400x400.jpg\" class=\"attachment-thumbnail size-thumbnail\" alt=\"Hauteur du m\u00e2t t\u00e9lescopique mobile d\u00e9finissable sous forme individuelle\" aria-describedby=\"gallery-4-3910\" srcset=\"https:\/\/flagprint.ch\/wp-content\/uploads\/2019\/02\/mobile-fahnen-teleskopmast-indoor-hager-staender-400x400.jpg 400w, https:\/\/flagprint.ch\/wp-content\/uploads\/2019\/02\/mobile-fahnen-teleskopmast-indoor-hager-staender-20x20.jpg 20w, https:\/\/flagprint.ch\/wp-content\/uploads\/2019\/02\/mobile-fahnen-teleskopmast-indoor-hager-staender-40x40.jpg 40w, https:\/\/flagprint.ch\/wp-content\/uploads\/2019\/02\/mobile-fahnen-teleskopmast-indoor-hager-staender-60x60.jpg 60w\" sizes=\"(max-width: 400px) 100vw, 400px\" \/><\/a>\n\t\t\t<\/div>\n\t\t\t\t<figcaption class='wp-caption-text gallery-caption' id='gallery-4-3910'>\n\t\t\t\tM\u00e2t t\u00e9lescopique mobile indoor\n\t\t\t\t<\/figcaption><\/figure><figure class='gallery-item'>\n\t\t\t<div class='gallery-icon portrait'>\n\t\t\t\t<a  href='https:\/\/flagprint.ch\/wp-content\/uploads\/2019\/02\/mobile-fahnen-teleskopmast-indoor-raumstaender-mit-ausleger.jpg' title=\"M\u00e2t t\u00e9lescopique mobile indoor\" data-rl_title=\"M\u00e2t t\u00e9lescopique mobile indoor\" class=\"rl-gallery-link\" data-rl_caption=\"Porte-drapeau en interne, t\u00e9lescopique, jusqu\u2019\u00e0 200 cm de hauteur. Drapeau : 42 x 98 cm.&lt;br \/&gt;\n&lt;a href=&quot;\/fr\/produits\/mat-telescopique-indoor\/&quot;&gt;vers le produit&lt;\/a&gt;\" data-rel=\"fp-lightbox-gallery-4\"><img loading=\"lazy\" decoding=\"async\" width=\"400\" height=\"400\" src=\"https:\/\/flagprint.ch\/wp-content\/uploads\/2019\/02\/mobile-fahnen-teleskopmast-indoor-raumstaender-mit-ausleger-400x400.jpg\" class=\"attachment-thumbnail size-thumbnail\" alt=\"Hauteur du m\u00e2t t\u00e9lescopique mobile d\u00e9finissable sous forme individuelle\" aria-describedby=\"gallery-4-3912\" srcset=\"https:\/\/flagprint.ch\/wp-content\/uploads\/2019\/02\/mobile-fahnen-teleskopmast-indoor-raumstaender-mit-ausleger-400x400.jpg 400w, https:\/\/flagprint.ch\/wp-content\/uploads\/2019\/02\/mobile-fahnen-teleskopmast-indoor-raumstaender-mit-ausleger-20x20.jpg 20w, https:\/\/flagprint.ch\/wp-content\/uploads\/2019\/02\/mobile-fahnen-teleskopmast-indoor-raumstaender-mit-ausleger-40x40.jpg 40w, https:\/\/flagprint.ch\/wp-content\/uploads\/2019\/02\/mobile-fahnen-teleskopmast-indoor-raumstaender-mit-ausleger-60x60.jpg 60w\" sizes=\"(max-width: 400px) 100vw, 400px\" \/><\/a>\n\t\t\t<\/div>\n\t\t\t\t<figcaption class='wp-caption-text gallery-caption' id='gallery-4-3912'>\n\t\t\t\tM\u00e2t t\u00e9lescopique mobile indoor\n\t\t\t\t<\/figcaption><\/figure><figure class='gallery-item'>\n\t\t\t<div class='gallery-icon portrait'>\n\t\t\t\t<a  href='https:\/\/flagprint.ch\/wp-content\/uploads\/2019\/02\/mobile-fahnen-tischfaehnchen-tischbanner-16x24cm-artos.jpg' title=\"Fanion de table, banni\u00e8re de table\" data-rl_title=\"Fanion de table, banni\u00e8re de table\" class=\"rl-gallery-link\" data-rl_caption=\"Pr\u00e9sentoir de table avec tige t\u00e9lescopique chrom\u00e9e. Version moderne avec profil\u00e9 \u00e0 cl\u00e9.&lt;br \/&gt;\n&lt;a href=&quot;\/fr\/produits\/drapeaux-de-table\/&quot;&gt;vers le produit&lt;\/a&gt;\" data-rel=\"fp-lightbox-gallery-4\"><img loading=\"lazy\" decoding=\"async\" width=\"400\" height=\"400\" src=\"https:\/\/flagprint.ch\/wp-content\/uploads\/2019\/02\/mobile-fahnen-tischfaehnchen-tischbanner-16x24cm-artos-400x400.jpg\" class=\"attachment-thumbnail size-thumbnail\" alt=\"Pr\u00e9sentoir de table avec tige t\u00e9lescopique chrom\u00e9e. Banni\u00e8re avec trap\u00e8ze ou avec profil\u00e9 \u00e0 cl\u00e9. B\u00e2ti de pr\u00e9sentoir de table en aluminium.\" aria-describedby=\"gallery-4-3917\" srcset=\"https:\/\/flagprint.ch\/wp-content\/uploads\/2019\/02\/mobile-fahnen-tischfaehnchen-tischbanner-16x24cm-artos-400x400.jpg 400w, https:\/\/flagprint.ch\/wp-content\/uploads\/2019\/02\/mobile-fahnen-tischfaehnchen-tischbanner-16x24cm-artos-20x20.jpg 20w, https:\/\/flagprint.ch\/wp-content\/uploads\/2019\/02\/mobile-fahnen-tischfaehnchen-tischbanner-16x24cm-artos-40x40.jpg 40w, https:\/\/flagprint.ch\/wp-content\/uploads\/2019\/02\/mobile-fahnen-tischfaehnchen-tischbanner-16x24cm-artos-60x60.jpg 60w\" sizes=\"(max-width: 400px) 100vw, 400px\" \/><\/a>\n\t\t\t<\/div>\n\t\t\t\t<figcaption class='wp-caption-text gallery-caption' id='gallery-4-3917'>\n\t\t\t\tFanion de table, banni\u00e8re de table\n\t\t\t\t<\/figcaption><\/figure><figure class='gallery-item'>\n\t\t\t<div class='gallery-icon portrait'>\n\t\t\t\t<a  href='https:\/\/flagprint.ch\/wp-content\/uploads\/2019\/02\/mobile-fahnen-tischfaehnchen-tischbanner-16x25cm.jpg' title=\"Fanion de table, banni\u00e8re de table avec trap\u00e8ze dispositif de suspension.\" data-rl_title=\"Fanion de table, banni\u00e8re de table avec trap\u00e8ze dispositif de suspension.\" class=\"rl-gallery-link\" data-rl_caption=\"Fanion de table, banni\u00e8re de table avec trap\u00e8ze dispositif de suspension. Format de banni\u00e8re: 15 x 25 cm. Support extensible jusqu\u2019\u00e0 52 cm.&lt;br \/&gt;\n&lt;a href=&quot;\/fr\/produits\/drapeaux-de-table\/&quot;&gt;vers le produit&lt;\/a&gt;\" data-rel=\"fp-lightbox-gallery-4\"><img loading=\"lazy\" decoding=\"async\" width=\"400\" height=\"400\" src=\"https:\/\/flagprint.ch\/wp-content\/uploads\/2019\/02\/mobile-fahnen-tischfaehnchen-tischbanner-16x25cm-400x400.jpg\" class=\"attachment-thumbnail size-thumbnail\" alt=\"Pr\u00e9sentoir de table avec tige t\u00e9lescopique chrom\u00e9e. Banni\u00e8re avec trap\u00e8ze ou avec profil\u00e9 \u00e0 cl\u00e9. B\u00e2ti de pr\u00e9sentoir de table en aluminium.\" aria-describedby=\"gallery-4-3919\" srcset=\"https:\/\/flagprint.ch\/wp-content\/uploads\/2019\/02\/mobile-fahnen-tischfaehnchen-tischbanner-16x25cm-400x400.jpg 400w, https:\/\/flagprint.ch\/wp-content\/uploads\/2019\/02\/mobile-fahnen-tischfaehnchen-tischbanner-16x25cm-20x20.jpg 20w, https:\/\/flagprint.ch\/wp-content\/uploads\/2019\/02\/mobile-fahnen-tischfaehnchen-tischbanner-16x25cm-40x40.jpg 40w, https:\/\/flagprint.ch\/wp-content\/uploads\/2019\/02\/mobile-fahnen-tischfaehnchen-tischbanner-16x25cm-60x60.jpg 60w\" sizes=\"(max-width: 400px) 100vw, 400px\" \/><\/a>\n\t\t\t<\/div>\n\t\t\t\t<figcaption class='wp-caption-text gallery-caption' id='gallery-4-3919'>\n\t\t\t\tFanion de table, banni\u00e8re de table avec trap\u00e8ze dispositif de suspension. \n\t\t\t\t<\/figcaption><\/figure><figure class='gallery-item'>\n\t\t\t<div class='gallery-icon portrait'>\n\t\t\t\t<a  href='https:\/\/flagprint.ch\/wp-content\/uploads\/2019\/02\/mobile-fahnen-tischfaehnchen-tischbanner-mit-ausleger.jpg' title=\"Fanion de table, banni\u00e8re de table avec potence\" data-rl_title=\"Fanion de table, banni\u00e8re de table avec potence\" class=\"rl-gallery-link\" data-rl_caption=\"Pr\u00e9sentoir de table avec tige t\u00e9lescopique chrom\u00e9e. Banni\u00e8re avec dispositif en trap\u00e8ze.&lt;br \/&gt;\n&lt;a href=&quot;\/fr\/produits\/drapeaux-de-table\/&quot;&gt;vers le produit&lt;\/a&gt;\" data-rel=\"fp-lightbox-gallery-4\"><img loading=\"lazy\" decoding=\"async\" width=\"400\" height=\"400\" src=\"https:\/\/flagprint.ch\/wp-content\/uploads\/2019\/02\/mobile-fahnen-tischfaehnchen-tischbanner-mit-ausleger-400x400.jpg\" class=\"attachment-thumbnail size-thumbnail\" alt=\"Pr\u00e9sentoir de table avec tige t\u00e9lescopique chrom\u00e9e. Banni\u00e8re avec trap\u00e8ze ou avec profil\u00e9 \u00e0 cl\u00e9. B\u00e2ti de pr\u00e9sentoir de table en aluminium.\" aria-describedby=\"gallery-4-3921\" srcset=\"https:\/\/flagprint.ch\/wp-content\/uploads\/2019\/02\/mobile-fahnen-tischfaehnchen-tischbanner-mit-ausleger-400x400.jpg 400w, https:\/\/flagprint.ch\/wp-content\/uploads\/2019\/02\/mobile-fahnen-tischfaehnchen-tischbanner-mit-ausleger-20x20.jpg 20w, https:\/\/flagprint.ch\/wp-content\/uploads\/2019\/02\/mobile-fahnen-tischfaehnchen-tischbanner-mit-ausleger-40x40.jpg 40w, https:\/\/flagprint.ch\/wp-content\/uploads\/2019\/02\/mobile-fahnen-tischfaehnchen-tischbanner-mit-ausleger-60x60.jpg 60w\" sizes=\"(max-width: 400px) 100vw, 400px\" \/><\/a>\n\t\t\t<\/div>\n\t\t\t\t<figcaption class='wp-caption-text gallery-caption' id='gallery-4-3921'>\n\t\t\t\tFanion de table, banni\u00e8re de table avec potence\n\t\t\t\t<\/figcaption><\/figure><figure class='gallery-item'>\n\t\t\t<div class='gallery-icon landscape'>\n\t\t\t\t<a  href='https:\/\/flagprint.ch\/wp-content\/uploads\/2019\/02\/mobile-fahnen-tischfaehnchen-tischbanner-sonic.jpg' title=\"Fanion de table, banni\u00e8re de table avec dispositif de pincement.\" data-rl_title=\"Fanion de table, banni\u00e8re de table avec dispositif de pincement.\" class=\"rl-gallery-link\" data-rl_caption=\"Fanion de table, banni\u00e8re de table avec dispositif de pincement. Format de banni\u00e8re: 10 x 25 cm. Support extensible jusqu\u2019\u00e0 52 cm.&lt;br \/&gt;\n&lt;a href=&quot;\/fr\/produits\/drapeaux-de-table\/&quot;&gt;vers le produit&lt;\/a&gt;\" data-rel=\"fp-lightbox-gallery-4\"><img loading=\"lazy\" decoding=\"async\" width=\"400\" height=\"400\" src=\"https:\/\/flagprint.ch\/wp-content\/uploads\/2019\/02\/mobile-fahnen-tischfaehnchen-tischbanner-sonic-400x400.jpg\" class=\"attachment-thumbnail size-thumbnail\" alt=\"Pr\u00e9sentoir de table avec tige t\u00e9lescopique chrom\u00e9e. Banni\u00e8re avec trap\u00e8ze ou avec profil\u00e9 \u00e0 cl\u00e9. B\u00e2ti de pr\u00e9sentoir de table en aluminium.\" aria-describedby=\"gallery-4-3923\" srcset=\"https:\/\/flagprint.ch\/wp-content\/uploads\/2019\/02\/mobile-fahnen-tischfaehnchen-tischbanner-sonic-400x400.jpg 400w, https:\/\/flagprint.ch\/wp-content\/uploads\/2019\/02\/mobile-fahnen-tischfaehnchen-tischbanner-sonic-20x20.jpg 20w, https:\/\/flagprint.ch\/wp-content\/uploads\/2019\/02\/mobile-fahnen-tischfaehnchen-tischbanner-sonic-40x40.jpg 40w, https:\/\/flagprint.ch\/wp-content\/uploads\/2019\/02\/mobile-fahnen-tischfaehnchen-tischbanner-sonic-60x60.jpg 60w\" sizes=\"(max-width: 400px) 100vw, 400px\" \/><\/a>\n\t\t\t<\/div>\n\t\t\t\t<figcaption class='wp-caption-text gallery-caption' id='gallery-4-3923'>\n\t\t\t\tFanion de table, banni\u00e8re de table avec dispositif de pincement.\n\t\t\t\t<\/figcaption><\/figure><figure class='gallery-item'>\n\t\t\t<div class='gallery-icon portrait'>\n\t\t\t\t<a  href='https:\/\/flagprint.ch\/wp-content\/uploads\/2019\/02\/mobile-fahnen-tischfaehnchen-tischbanner-teleskopstab-flagprint.jpg' title=\"Fanion de table, banni\u00e8re de table avec dispositif de pincement.\" data-rl_title=\"Fanion de table, banni\u00e8re de table avec dispositif de pincement.\" class=\"rl-gallery-link\" data-rl_caption=\"Fanion de table, banni\u00e8re de table avec dispositif de pincement. Format de banni\u00e8re: 15 x 25 cm. Support extensible jusqu\u2019\u00e0 52 cm.&lt;br \/&gt;\n&lt;a href=&quot;\/fr\/produits\/drapeaux-de-table\/&quot;&gt;vers le produit&lt;\/a&gt;\" data-rel=\"fp-lightbox-gallery-4\"><img loading=\"lazy\" decoding=\"async\" width=\"400\" height=\"400\" src=\"https:\/\/flagprint.ch\/wp-content\/uploads\/2019\/02\/mobile-fahnen-tischfaehnchen-tischbanner-teleskopstab-flagprint-400x400.jpg\" class=\"attachment-thumbnail size-thumbnail\" alt=\"Pr\u00e9sentoir de table avec tige t\u00e9lescopique chrom\u00e9e. Banni\u00e8re avec trap\u00e8ze ou avec profil\u00e9 \u00e0 cl\u00e9. B\u00e2ti de pr\u00e9sentoir de table en aluminium.\" aria-describedby=\"gallery-4-3925\" srcset=\"https:\/\/flagprint.ch\/wp-content\/uploads\/2019\/02\/mobile-fahnen-tischfaehnchen-tischbanner-teleskopstab-flagprint-400x400.jpg 400w, https:\/\/flagprint.ch\/wp-content\/uploads\/2019\/02\/mobile-fahnen-tischfaehnchen-tischbanner-teleskopstab-flagprint-20x20.jpg 20w, https:\/\/flagprint.ch\/wp-content\/uploads\/2019\/02\/mobile-fahnen-tischfaehnchen-tischbanner-teleskopstab-flagprint-40x40.jpg 40w, https:\/\/flagprint.ch\/wp-content\/uploads\/2019\/02\/mobile-fahnen-tischfaehnchen-tischbanner-teleskopstab-flagprint-60x60.jpg 60w\" sizes=\"(max-width: 400px) 100vw, 400px\" \/><\/a>\n\t\t\t<\/div>\n\t\t\t\t<figcaption class='wp-caption-text gallery-caption' id='gallery-4-3925'>\n\t\t\t\tFanion de table, banni\u00e8re de table avec dispositif de pincement.\n\t\t\t\t<\/figcaption><\/figure><figure class='gallery-item'>\n\t\t\t<div class='gallery-icon landscape'>\n\t\t\t\t<a  href='https:\/\/flagprint.ch\/wp-content\/uploads\/2019\/02\/mobile-fahnen-tischfaehnchen-tischbanner-tischdisplayrahmen.jpg' title=\"Affichage de table dans cadre alu\" data-rl_title=\"Affichage de table dans cadre alu\" class=\"rl-gallery-link\" data-rl_caption=\"Affichage de table medium, ins\u00e9r\u00e9 dans cadre alu. Format: 14,4 x 35 cm.&lt;br \/&gt;\n&lt;a href=&quot;\/fr\/produits\/drapeaux-de-table\/&quot;&gt;vers le produit&lt;\/a&gt;\" data-rel=\"fp-lightbox-gallery-4\"><img loading=\"lazy\" decoding=\"async\" width=\"400\" height=\"400\" src=\"https:\/\/flagprint.ch\/wp-content\/uploads\/2019\/02\/mobile-fahnen-tischfaehnchen-tischbanner-tischdisplayrahmen-400x400.jpg\" class=\"attachment-thumbnail size-thumbnail\" alt=\"Pr\u00e9sentoir de table avec tige t\u00e9lescopique chrom\u00e9e. Banni\u00e8re avec trap\u00e8ze ou avec profil\u00e9 \u00e0 cl\u00e9. B\u00e2ti de pr\u00e9sentoir de table en aluminium.\" aria-describedby=\"gallery-4-3927\" srcset=\"https:\/\/flagprint.ch\/wp-content\/uploads\/2019\/02\/mobile-fahnen-tischfaehnchen-tischbanner-tischdisplayrahmen-400x400.jpg 400w, https:\/\/flagprint.ch\/wp-content\/uploads\/2019\/02\/mobile-fahnen-tischfaehnchen-tischbanner-tischdisplayrahmen-20x20.jpg 20w, https:\/\/flagprint.ch\/wp-content\/uploads\/2019\/02\/mobile-fahnen-tischfaehnchen-tischbanner-tischdisplayrahmen-40x40.jpg 40w, https:\/\/flagprint.ch\/wp-content\/uploads\/2019\/02\/mobile-fahnen-tischfaehnchen-tischbanner-tischdisplayrahmen-60x60.jpg 60w\" sizes=\"(max-width: 400px) 100vw, 400px\" \/><\/a>\n\t\t\t<\/div>\n\t\t\t\t<figcaption class='wp-caption-text gallery-caption' id='gallery-4-3927'>\n\t\t\t\tAffichage de table dans cadre alu\n\t\t\t\t<\/figcaption><\/figure>\n\t\t<\/div>\n\t\t<\/div>\n\t\t\t\t\t\t<\/div>\n\t\t\t\t<\/div>\n\t\t\t\t\t<\/div>\n\t\t<\/div>\n\t\t\t\t\t<\/div>\n\t\t<\/section>\n\t\t\t\t<section class=\"elementor-section elementor-inner-section elementor-element elementor-element-e5f1aa5 elementor-section-full_width fp-gallery elementor-section-height-default elementor-section-height-default\" data-id=\"e5f1aa5\" data-element_type=\"section\" data-e-type=\"section\" id=\"fp-id-systemes-daffichage\">\n\t\t\t\t\t\t<div class=\"elementor-container elementor-column-gap-no\">\n\t\t\t\t\t<div class=\"elementor-column elementor-col-100 elementor-inner-column elementor-element elementor-element-57b7a19\" data-id=\"57b7a19\" data-element_type=\"column\" data-e-type=\"column\">\n\t\t\t<div class=\"elementor-widget-wrap elementor-element-populated\">\n\t\t\t\t\t\t<div class=\"elementor-element elementor-element-bf89c21 elementor-widget elementor-widget-heading\" data-id=\"bf89c21\" data-element_type=\"widget\" data-e-type=\"widget\" data-widget_type=\"heading.default\">\n\t\t\t\t<div class=\"elementor-widget-container\">\n\t\t\t\t\t<h2 class=\"elementor-heading-title elementor-size-default\">Syst\u00e8mes d'affichage<\/h2>\t\t\t\t<\/div>\n\t\t\t\t<\/div>\n\t\t\t\t<div class=\"elementor-element elementor-element-4fd78d4 elementor-widget elementor-widget-image-gallery\" data-id=\"4fd78d4\" data-element_type=\"widget\" data-e-type=\"widget\" data-widget_type=\"image-gallery.default\">\n\t\t\t\t<div class=\"elementor-widget-container\">\n\t\t\t\t\t\t\t<div class=\"elementor-image-gallery\">\n\t\t\t<div id='gallery-5' class='gallery galleryid-13913 gallery-columns-5 gallery-size-thumbnail'><figure class='gallery-item'>\n\t\t\t<div class='gallery-icon landscape'>\n\t\t\t\t<a  href='https:\/\/flagprint.ch\/wp-content\/uploads\/2021\/03\/flagprint-Display-Systeme-Pop-Out-banner-mobiliar.jpg' title=\"Pop Out Banner\" data-rl_title=\"Pop Out Banner\" class=\"rl-gallery-link\" data-rl_caption=\"Syst\u00e8me pliable de mani\u00e8re ramass\u00e9e et plate, montage et d\u00e9montage en quelques secondes, sans outil suppl\u00e9mentaire.&lt;br \/&gt;\n&lt;a href=&quot;\/fr\/produits\/pop-out-banner\/&quot;&gt;vers le produit&lt;\/a&gt;\" data-rel=\"fp-lightbox-gallery-5\"><img loading=\"lazy\" decoding=\"async\" width=\"400\" height=\"300\" src=\"https:\/\/flagprint.ch\/wp-content\/uploads\/2021\/03\/flagprint-Display-Systeme-Pop-Out-banner-mobiliar-400x300.jpg\" class=\"attachment-thumbnail size-thumbnail\" alt=\"Le syst\u00e8me est petit et pliable \u00e0 plat, montage et d\u00e9montage en quelques secondes, sans outil suppl\u00e9mentaire. Convient pour toutes sortes des \u00e9v\u00e8nements.\" aria-describedby=\"gallery-5-13307\" srcset=\"https:\/\/flagprint.ch\/wp-content\/uploads\/2021\/03\/flagprint-Display-Systeme-Pop-Out-banner-mobiliar-400x300.jpg 400w, https:\/\/flagprint.ch\/wp-content\/uploads\/2021\/03\/flagprint-Display-Systeme-Pop-Out-banner-mobiliar-800x600.jpg 800w, https:\/\/flagprint.ch\/wp-content\/uploads\/2021\/03\/flagprint-Display-Systeme-Pop-Out-banner-mobiliar-1200x900.jpg 1200w, https:\/\/flagprint.ch\/wp-content\/uploads\/2021\/03\/flagprint-Display-Systeme-Pop-Out-banner-mobiliar-768x576.jpg 768w, https:\/\/flagprint.ch\/wp-content\/uploads\/2021\/03\/flagprint-Display-Systeme-Pop-Out-banner-mobiliar-1536x1152.jpg 1536w, https:\/\/flagprint.ch\/wp-content\/uploads\/2021\/03\/flagprint-Display-Systeme-Pop-Out-banner-mobiliar.jpg 1600w\" sizes=\"(max-width: 400px) 100vw, 400px\" \/><\/a>\n\t\t\t<\/div>\n\t\t\t\t<figcaption class='wp-caption-text gallery-caption' id='gallery-5-13307'>\n\t\t\t\tPop Out Banner\n\t\t\t\t<\/figcaption><\/figure><figure class='gallery-item'>\n\t\t\t<div class='gallery-icon portrait'>\n\t\t\t\t<a  href='https:\/\/flagprint.ch\/wp-content\/uploads\/2019\/04\/display-systeme-roll-up-solid-indoor-rollup.jpg' title=\"Roll Up Solid\" data-rl_title=\"Roll Up Solid\" class=\"rl-gallery-link\" data-rl_caption=\"Roll Up \u2013 Display-System aus Aluminium.&lt;br \/&gt;\n&lt;a href=&quot;\/produkte\/roll-up\/&quot;&gt;Zum Produkt&lt;\/a&gt;\" data-rel=\"fp-lightbox-gallery-5\"><img loading=\"lazy\" decoding=\"async\" width=\"300\" height=\"400\" src=\"https:\/\/flagprint.ch\/wp-content\/uploads\/2019\/04\/display-systeme-roll-up-solid-indoor-rollup-300x400.jpg\" class=\"attachment-thumbnail size-thumbnail\" alt=\"Beliebtes &amp; robustes Display aus Aluminium. Individuell-bedruckter Stoff. Das Roll Up l\u00e4sst sich praktisch transportieren &amp; ist innert Sekunden aufgestellt.\" aria-describedby=\"gallery-5-7715\" srcset=\"https:\/\/flagprint.ch\/wp-content\/uploads\/2019\/04\/display-systeme-roll-up-solid-indoor-rollup-300x400.jpg 300w, https:\/\/flagprint.ch\/wp-content\/uploads\/2019\/04\/display-systeme-roll-up-solid-indoor-rollup-600x800.jpg 600w, https:\/\/flagprint.ch\/wp-content\/uploads\/2019\/04\/display-systeme-roll-up-solid-indoor-rollup-768x1024.jpg 768w, https:\/\/flagprint.ch\/wp-content\/uploads\/2019\/04\/display-systeme-roll-up-solid-indoor-rollup-900x1200.jpg 900w, https:\/\/flagprint.ch\/wp-content\/uploads\/2019\/04\/display-systeme-roll-up-solid-indoor-rollup.jpg 1200w\" sizes=\"(max-width: 300px) 100vw, 300px\" \/><\/a>\n\t\t\t<\/div>\n\t\t\t\t<figcaption class='wp-caption-text gallery-caption' id='gallery-5-7715'>\n\t\t\t\tRoll Up Solid\n\t\t\t\t<\/figcaption><\/figure><figure class='gallery-item'>\n\t\t\t<div class='gallery-icon landscape'>\n\t\t\t\t<a  href='https:\/\/flagprint.ch\/wp-content\/uploads\/2019\/03\/display-systeme-roll-up-modell-solid-indoor.jpg' title=\"Roll Up Solid\" data-rl_title=\"Roll Up Solid\" class=\"rl-gallery-link\" data-rl_caption=\"Beliebtes &amp; robustes Solid Display aus Aluminium. Individuell-bedruckter Stoff.\" data-rel=\"fp-lightbox-gallery-5\"><img loading=\"lazy\" decoding=\"async\" width=\"400\" height=\"300\" src=\"https:\/\/flagprint.ch\/wp-content\/uploads\/2019\/03\/display-systeme-roll-up-modell-solid-indoor-400x300.jpg\" class=\"attachment-thumbnail size-thumbnail\" alt=\"Beliebtes &amp; robustes Display aus Aluminium. Individuell-bedruckter Stoff. Das Roll Up l\u00e4sst sich praktisch transportieren &amp; ist innert Sekunden aufgestellt.\" aria-describedby=\"gallery-5-6988\" srcset=\"https:\/\/flagprint.ch\/wp-content\/uploads\/2019\/03\/display-systeme-roll-up-modell-solid-indoor-400x300.jpg 400w, https:\/\/flagprint.ch\/wp-content\/uploads\/2019\/03\/display-systeme-roll-up-modell-solid-indoor-800x600.jpg 800w, https:\/\/flagprint.ch\/wp-content\/uploads\/2019\/03\/display-systeme-roll-up-modell-solid-indoor-768x576.jpg 768w, https:\/\/flagprint.ch\/wp-content\/uploads\/2019\/03\/display-systeme-roll-up-modell-solid-indoor-1200x900.jpg 1200w, https:\/\/flagprint.ch\/wp-content\/uploads\/2019\/03\/display-systeme-roll-up-modell-solid-indoor.jpg 1600w\" sizes=\"(max-width: 400px) 100vw, 400px\" \/><\/a>\n\t\t\t<\/div>\n\t\t\t\t<figcaption class='wp-caption-text gallery-caption' id='gallery-5-6988'>\n\t\t\t\tRoll Up Solid\n\t\t\t\t<\/figcaption><\/figure><figure class='gallery-item'>\n\t\t\t<div class='gallery-icon landscape'>\n\t\t\t\t<a  href='https:\/\/flagprint.ch\/wp-content\/uploads\/2019\/03\/display-systeme-roll-up-modell-slim-indoor.jpg' title=\"Roll Up Slim\" data-rl_title=\"Roll Up Slim\" class=\"rl-gallery-link\" data-rl_caption=\"Beliebtes &amp; robustes Slim Display aus Aluminium. Individuell-bedruckter Stoff.\" data-rel=\"fp-lightbox-gallery-5\"><img loading=\"lazy\" decoding=\"async\" width=\"400\" height=\"300\" src=\"https:\/\/flagprint.ch\/wp-content\/uploads\/2019\/03\/display-systeme-roll-up-modell-slim-indoor-400x300.jpg\" class=\"attachment-thumbnail size-thumbnail\" alt=\"Beliebtes &amp; robustes Display aus Aluminium. Individuell-bedruckter Stoff. Das Roll Up l\u00e4sst sich praktisch transportieren &amp; ist innert Sekunden aufgestellt.\" aria-describedby=\"gallery-5-6986\" srcset=\"https:\/\/flagprint.ch\/wp-content\/uploads\/2019\/03\/display-systeme-roll-up-modell-slim-indoor-400x300.jpg 400w, https:\/\/flagprint.ch\/wp-content\/uploads\/2019\/03\/display-systeme-roll-up-modell-slim-indoor-800x600.jpg 800w, https:\/\/flagprint.ch\/wp-content\/uploads\/2019\/03\/display-systeme-roll-up-modell-slim-indoor-768x576.jpg 768w, https:\/\/flagprint.ch\/wp-content\/uploads\/2019\/03\/display-systeme-roll-up-modell-slim-indoor-1200x900.jpg 1200w, https:\/\/flagprint.ch\/wp-content\/uploads\/2019\/03\/display-systeme-roll-up-modell-slim-indoor.jpg 1600w\" sizes=\"(max-width: 400px) 100vw, 400px\" \/><\/a>\n\t\t\t<\/div>\n\t\t\t\t<figcaption class='wp-caption-text gallery-caption' id='gallery-5-6986'>\n\t\t\t\tRoll Up Slim\n\t\t\t\t<\/figcaption><\/figure><figure class='gallery-item'>\n\t\t\t<div class='gallery-icon landscape'>\n\t\t\t\t<a  href='https:\/\/flagprint.ch\/wp-content\/uploads\/2019\/03\/display-systeme-roll-up-modell-light-indoor.jpg' title=\"Roll Up Light\" data-rl_title=\"Roll Up Light\" class=\"rl-gallery-link\" data-rl_caption=\"Beliebtes &amp; robustes Light Display aus Aluminium. Individuell-bedruckter Stoff.\" data-rel=\"fp-lightbox-gallery-5\"><img loading=\"lazy\" decoding=\"async\" width=\"400\" height=\"300\" src=\"https:\/\/flagprint.ch\/wp-content\/uploads\/2019\/03\/display-systeme-roll-up-modell-light-indoor-400x300.jpg\" class=\"attachment-thumbnail size-thumbnail\" alt=\"Beliebtes &amp; robustes Display aus Aluminium. Individuell-bedruckter Stoff. Das Roll Up l\u00e4sst sich praktisch transportieren &amp; ist innert Sekunden aufgestellt.\" aria-describedby=\"gallery-5-6984\" srcset=\"https:\/\/flagprint.ch\/wp-content\/uploads\/2019\/03\/display-systeme-roll-up-modell-light-indoor-400x300.jpg 400w, https:\/\/flagprint.ch\/wp-content\/uploads\/2019\/03\/display-systeme-roll-up-modell-light-indoor-800x600.jpg 800w, https:\/\/flagprint.ch\/wp-content\/uploads\/2019\/03\/display-systeme-roll-up-modell-light-indoor-768x576.jpg 768w, https:\/\/flagprint.ch\/wp-content\/uploads\/2019\/03\/display-systeme-roll-up-modell-light-indoor-1200x900.jpg 1200w, https:\/\/flagprint.ch\/wp-content\/uploads\/2019\/03\/display-systeme-roll-up-modell-light-indoor.jpg 1600w\" sizes=\"(max-width: 400px) 100vw, 400px\" \/><\/a>\n\t\t\t<\/div>\n\t\t\t\t<figcaption class='wp-caption-text gallery-caption' id='gallery-5-6984'>\n\t\t\t\tRoll Up Light\n\t\t\t\t<\/figcaption><\/figure><figure class='gallery-item'>\n\t\t\t<div class='gallery-icon landscape'>\n\t\t\t\t<a  href='https:\/\/flagprint.ch\/wp-content\/uploads\/2019\/02\/display-systeme-gery-system-100x250-Jakob.jpg' title=\"Gery Display 3 pi\u00e8ces\" data-rl_title=\"Gery Display 3 pi\u00e8ces\" class=\"rl-gallery-link\" data-rl_caption=\"Syst\u00e8me double face stable, de grande qualit\u00e9, Swiss made.\" data-rel=\"fp-lightbox-gallery-5\"><img loading=\"lazy\" decoding=\"async\" width=\"400\" height=\"400\" src=\"https:\/\/flagprint.ch\/wp-content\/uploads\/2019\/02\/display-systeme-gery-system-100x250-Jakob-400x400.jpg\" class=\"attachment-thumbnail size-thumbnail\" alt=\"Gery Display System. Le syst\u00e8me d\u2019affichage individuel double face de haute qualit\u00e9 suisse\" aria-describedby=\"gallery-5-4887\" srcset=\"https:\/\/flagprint.ch\/wp-content\/uploads\/2019\/02\/display-systeme-gery-system-100x250-Jakob-400x400.jpg 400w, https:\/\/flagprint.ch\/wp-content\/uploads\/2019\/02\/display-systeme-gery-system-100x250-Jakob-20x20.jpg 20w, https:\/\/flagprint.ch\/wp-content\/uploads\/2019\/02\/display-systeme-gery-system-100x250-Jakob-40x40.jpg 40w, https:\/\/flagprint.ch\/wp-content\/uploads\/2019\/02\/display-systeme-gery-system-100x250-Jakob-60x60.jpg 60w\" sizes=\"(max-width: 400px) 100vw, 400px\" \/><\/a>\n\t\t\t<\/div>\n\t\t\t\t<figcaption class='wp-caption-text gallery-caption' id='gallery-5-4887'>\n\t\t\t\tGery Display 3 pi\u00e8ces\n\t\t\t\t<\/figcaption><\/figure><figure class='gallery-item'>\n\t\t\t<div class='gallery-icon landscape'>\n\t\t\t\t<a  href='https:\/\/flagprint.ch\/wp-content\/uploads\/2019\/02\/display-systeme-alu-frame-indoor-230x230cm-doppelseitig.jpg' title=\"aluframe\" data-rl_title=\"aluframe\" class=\"rl-gallery-link\" data-rl_caption=\"Aluframe en format 230 x 230 cm.&lt;br \/&gt;\n&lt;a href=&quot;\/fr\/produits\/alu-frame\/&quot;&gt;vers le produit&lt;\/a&gt;\" data-rel=\"fp-lightbox-gallery-5\"><img loading=\"lazy\" decoding=\"async\" width=\"400\" height=\"400\" src=\"https:\/\/flagprint.ch\/wp-content\/uploads\/2019\/02\/display-systeme-alu-frame-indoor-230x230cm-doppelseitig-400x400.jpg\" class=\"attachment-thumbnail size-thumbnail\" alt=\"Aluframe - cadre \u00e9l\u00e9gant en alu tendu avec impression, changement simple de motif. Peut \u00eatre suspendue du plafond, viss\u00e9e au mur ou \u00eatre plac\u00e9e de mani\u00e8re autonome.\" aria-describedby=\"gallery-5-4363\" srcset=\"https:\/\/flagprint.ch\/wp-content\/uploads\/2019\/02\/display-systeme-alu-frame-indoor-230x230cm-doppelseitig-400x400.jpg 400w, https:\/\/flagprint.ch\/wp-content\/uploads\/2019\/02\/display-systeme-alu-frame-indoor-230x230cm-doppelseitig-20x20.jpg 20w, https:\/\/flagprint.ch\/wp-content\/uploads\/2019\/02\/display-systeme-alu-frame-indoor-230x230cm-doppelseitig-40x40.jpg 40w, https:\/\/flagprint.ch\/wp-content\/uploads\/2019\/02\/display-systeme-alu-frame-indoor-230x230cm-doppelseitig-60x60.jpg 60w\" sizes=\"(max-width: 400px) 100vw, 400px\" \/><\/a>\n\t\t\t<\/div>\n\t\t\t\t<figcaption class='wp-caption-text gallery-caption' id='gallery-5-4363'>\n\t\t\t\taluframe\n\t\t\t\t<\/figcaption><\/figure><figure class='gallery-item'>\n\t\t\t<div class='gallery-icon landscape'>\n\t\t\t\t<a  href='https:\/\/flagprint.ch\/wp-content\/uploads\/2019\/02\/display-systeme-alu-frame-curved-indoor-1.jpg' title=\"aluframe en alu courb\u00e9\" data-rl_title=\"aluframe en alu courb\u00e9\" class=\"rl-gallery-link\" data-rl_caption=\"Cadre en alu courb\u00e9, autoporteur, tendu avec textile imprim\u00e9.\" data-rel=\"fp-lightbox-gallery-5\"><img loading=\"lazy\" decoding=\"async\" width=\"400\" height=\"400\" src=\"https:\/\/flagprint.ch\/wp-content\/uploads\/2019\/02\/display-systeme-alu-frame-curved-indoor-1-400x400.jpg\" class=\"attachment-thumbnail size-thumbnail\" alt=\"Aluframe - cadre \u00e9l\u00e9gant en alu tendu avec impression, changement simple de motif. Peut \u00eatre suspendue du plafond, viss\u00e9e au mur ou \u00eatre plac\u00e9e de mani\u00e8re autonome.\" aria-describedby=\"gallery-5-4361\" srcset=\"https:\/\/flagprint.ch\/wp-content\/uploads\/2019\/02\/display-systeme-alu-frame-curved-indoor-1-400x400.jpg 400w, https:\/\/flagprint.ch\/wp-content\/uploads\/2019\/02\/display-systeme-alu-frame-curved-indoor-1-20x20.jpg 20w, https:\/\/flagprint.ch\/wp-content\/uploads\/2019\/02\/display-systeme-alu-frame-curved-indoor-1-40x40.jpg 40w, https:\/\/flagprint.ch\/wp-content\/uploads\/2019\/02\/display-systeme-alu-frame-curved-indoor-1-60x60.jpg 60w\" sizes=\"(max-width: 400px) 100vw, 400px\" \/><\/a>\n\t\t\t<\/div>\n\t\t\t\t<figcaption class='wp-caption-text gallery-caption' id='gallery-5-4361'>\n\t\t\t\taluframe en alu courb\u00e9\n\t\t\t\t<\/figcaption><\/figure><figure class='gallery-item'>\n\t\t\t<div class='gallery-icon landscape'>\n\t\t\t\t<a  href='https:\/\/flagprint.ch\/wp-content\/uploads\/2019\/02\/display-systeme-pop-up-frame.jpg' title=\"L\u2019affichage pliable avec comptoir\" data-rl_title=\"L\u2019affichage pliable avec comptoir\" class=\"rl-gallery-link\" data-rl_caption=\"Avec quelques gestes, il se pr\u00eate au montage et au pliage, impression comprise.&lt;br \/&gt;\n&lt;a href=&quot;\/fr\/produits\/affichage-pliable\/&quot;&gt;vers le produit&lt;\/a&gt;\" data-rel=\"fp-lightbox-gallery-5\"><img loading=\"lazy\" decoding=\"async\" width=\"400\" height=\"400\" src=\"https:\/\/flagprint.ch\/wp-content\/uploads\/2019\/02\/display-systeme-pop-up-frame-400x400.jpg\" class=\"attachment-thumbnail size-thumbnail\" alt=\"Le textile imprim\u00e9 est tendu sur le support l\u00e9ger en aluminium au moyen d\u2019une bande Velcro. Avec quelques gestes, il se pr\u00eate au montage et au pliage.\" aria-describedby=\"gallery-5-4013\" srcset=\"https:\/\/flagprint.ch\/wp-content\/uploads\/2019\/02\/display-systeme-pop-up-frame-400x400.jpg 400w, https:\/\/flagprint.ch\/wp-content\/uploads\/2019\/02\/display-systeme-pop-up-frame-20x20.jpg 20w, https:\/\/flagprint.ch\/wp-content\/uploads\/2019\/02\/display-systeme-pop-up-frame-40x40.jpg 40w, https:\/\/flagprint.ch\/wp-content\/uploads\/2019\/02\/display-systeme-pop-up-frame-60x60.jpg 60w\" sizes=\"(max-width: 400px) 100vw, 400px\" \/><\/a>\n\t\t\t<\/div>\n\t\t\t\t<figcaption class='wp-caption-text gallery-caption' id='gallery-5-4013'>\n\t\t\t\tL\u2019affichage pliable avec comptoir\n\t\t\t\t<\/figcaption><\/figure><figure class='gallery-item'>\n\t\t\t<div class='gallery-icon landscape'>\n\t\t\t\t<a  href='https:\/\/flagprint.ch\/wp-content\/uploads\/2019\/02\/display-systeme-pop-up-frame_empfang.jpg' title=\"L\u2019affichage pliable\" data-rl_title=\"L\u2019affichage pliable\" class=\"rl-gallery-link\" data-rl_caption=\"Avec quelques gestes, il se pr\u00eate au montage et au pliage, impression comprise.&lt;br \/&gt;\n&lt;a href=&quot;\/fr\/produits\/affichage-pliable\/&quot;&gt;vers le produit&lt;\/a&gt;\" data-rel=\"fp-lightbox-gallery-5\"><img loading=\"lazy\" decoding=\"async\" width=\"400\" height=\"400\" src=\"https:\/\/flagprint.ch\/wp-content\/uploads\/2019\/02\/display-systeme-pop-up-frame_empfang-400x400.jpg\" class=\"attachment-thumbnail size-thumbnail\" alt=\"Le textile imprim\u00e9 est tendu sur le support l\u00e9ger en aluminium au moyen d\u2019une bande Velcro. Avec quelques gestes, il se pr\u00eate au montage et au pliage.\" aria-describedby=\"gallery-5-4009\" srcset=\"https:\/\/flagprint.ch\/wp-content\/uploads\/2019\/02\/display-systeme-pop-up-frame_empfang-400x400.jpg 400w, https:\/\/flagprint.ch\/wp-content\/uploads\/2019\/02\/display-systeme-pop-up-frame_empfang-20x20.jpg 20w, https:\/\/flagprint.ch\/wp-content\/uploads\/2019\/02\/display-systeme-pop-up-frame_empfang-40x40.jpg 40w, https:\/\/flagprint.ch\/wp-content\/uploads\/2019\/02\/display-systeme-pop-up-frame_empfang-60x60.jpg 60w\" sizes=\"(max-width: 400px) 100vw, 400px\" \/><\/a>\n\t\t\t<\/div>\n\t\t\t\t<figcaption class='wp-caption-text gallery-caption' id='gallery-5-4009'>\n\t\t\t\tL\u2019affichage pliable\n\t\t\t\t<\/figcaption><\/figure><figure class='gallery-item'>\n\t\t\t<div class='gallery-icon portrait'>\n\t\t\t\t<a  href='https:\/\/flagprint.ch\/wp-content\/uploads\/2019\/02\/display-systeme-pop-up-frame-led-spots.jpg' title=\"L\u2019affichage pliable illumin\u00e9\" data-rl_title=\"L\u2019affichage pliable illumin\u00e9\" class=\"rl-gallery-link\" data-rl_caption=\"Le syst\u00e8me est fourni dans un sac \u00e0 roulettes commode et convient, en interne, comme panneau arri\u00e8re mobile qui doit \u00eatre mont\u00e9 et d\u00e9mont\u00e9 rapidement.&lt;br \/&gt;\n&lt;a href=&quot;\/fr\/produits\/affichage-pliable\/&quot;&gt;vers le produit&lt;\/a&gt;\" data-rel=\"fp-lightbox-gallery-5\"><img loading=\"lazy\" decoding=\"async\" width=\"400\" height=\"400\" src=\"https:\/\/flagprint.ch\/wp-content\/uploads\/2019\/02\/display-systeme-pop-up-frame-led-spots-400x400.jpg\" class=\"attachment-thumbnail size-thumbnail\" alt=\"Le textile imprim\u00e9 est tendu sur le support l\u00e9ger en aluminium au moyen d\u2019une bande Velcro. Avec quelques gestes, il se pr\u00eate au montage et au pliage.\" aria-describedby=\"gallery-5-4011\" srcset=\"https:\/\/flagprint.ch\/wp-content\/uploads\/2019\/02\/display-systeme-pop-up-frame-led-spots-400x400.jpg 400w, https:\/\/flagprint.ch\/wp-content\/uploads\/2019\/02\/display-systeme-pop-up-frame-led-spots-20x20.jpg 20w, https:\/\/flagprint.ch\/wp-content\/uploads\/2019\/02\/display-systeme-pop-up-frame-led-spots-40x40.jpg 40w, https:\/\/flagprint.ch\/wp-content\/uploads\/2019\/02\/display-systeme-pop-up-frame-led-spots-60x60.jpg 60w\" sizes=\"(max-width: 400px) 100vw, 400px\" \/><\/a>\n\t\t\t<\/div>\n\t\t\t\t<figcaption class='wp-caption-text gallery-caption' id='gallery-5-4011'>\n\t\t\t\tL\u2019affichage pliable illumin\u00e9\n\t\t\t\t<\/figcaption><\/figure><figure class='gallery-item'>\n\t\t\t<div class='gallery-icon landscape'>\n\t\t\t\t<a  href='https:\/\/flagprint.ch\/wp-content\/uploads\/2019\/02\/display-systeme-roll-up-solid-indoor.jpg' title=\"Roll Up Solid\" data-rl_title=\"Roll Up Solid\" class=\"rl-gallery-link\" data-rl_caption=\"Imprim\u00e9 d\u2019un motif librement con\u00e7u, fabriqu\u00e9 \u00e0 l\u2019unit\u00e9 ou en s\u00e9rie.&lt;br \/&gt;\n&lt;a href=&quot;\/fr\/produits\/roll-up\/&quot;&gt;vers le produit&lt;\/a&gt;\" data-rel=\"fp-lightbox-gallery-5\"><img loading=\"lazy\" decoding=\"async\" width=\"400\" height=\"400\" src=\"https:\/\/flagprint.ch\/wp-content\/uploads\/2019\/02\/display-systeme-roll-up-solid-indoor-400x400.jpg\" class=\"attachment-thumbnail size-thumbnail\" alt=\"Roll Up - un syst\u00e8me d\u2019affichage populaire, avec armature en aluminum robuste, qui peut \u00eatre mont\u00e9 en l\u2019espace de quelques secondes.\" aria-describedby=\"gallery-5-3962\" srcset=\"https:\/\/flagprint.ch\/wp-content\/uploads\/2019\/02\/display-systeme-roll-up-solid-indoor-400x400.jpg 400w, https:\/\/flagprint.ch\/wp-content\/uploads\/2019\/02\/display-systeme-roll-up-solid-indoor-20x20.jpg 20w, https:\/\/flagprint.ch\/wp-content\/uploads\/2019\/02\/display-systeme-roll-up-solid-indoor-40x40.jpg 40w, https:\/\/flagprint.ch\/wp-content\/uploads\/2019\/02\/display-systeme-roll-up-solid-indoor-60x60.jpg 60w\" sizes=\"(max-width: 400px) 100vw, 400px\" \/><\/a>\n\t\t\t<\/div>\n\t\t\t\t<figcaption class='wp-caption-text gallery-caption' id='gallery-5-3962'>\n\t\t\t\tRoll Up Solid\n\t\t\t\t<\/figcaption><\/figure><figure class='gallery-item'>\n\t\t\t<div class='gallery-icon landscape'>\n\t\t\t\t<a  href='https:\/\/flagprint.ch\/wp-content\/uploads\/2019\/02\/display-systeme-easydisplay-indoor-detail.jpg' title=\"Easydisplay\" data-rl_title=\"Easydisplay\" class=\"rl-gallery-link\" data-rl_caption=\"La banni\u00e8re est tendue en haut et en bas dans un profil\u00e9 \u00e0 cl\u00e9 et est l\u00e9g\u00e8rement pench\u00e9e vers l\u2019arri\u00e8re.&lt;br \/&gt;\n&lt;a href=&quot;\/fr\/produits\/easydisplay\/&quot;&gt;vers le produit&lt;\/a&gt;\" data-rel=\"fp-lightbox-gallery-5\"><img loading=\"lazy\" decoding=\"async\" width=\"400\" height=\"400\" src=\"https:\/\/flagprint.ch\/wp-content\/uploads\/2019\/02\/display-systeme-easydisplay-indoor-detail-400x400.jpg\" class=\"attachment-thumbnail size-thumbnail\" alt=\"Easydisplay - Affichage de bon rapport qualit\u00e9\/prix. La banni\u00e8re est tendue en haut et en bas dans un profil\u00e9 \u00e0 cl\u00e9\" aria-describedby=\"gallery-5-3965\" srcset=\"https:\/\/flagprint.ch\/wp-content\/uploads\/2019\/02\/display-systeme-easydisplay-indoor-detail-400x400.jpg 400w, https:\/\/flagprint.ch\/wp-content\/uploads\/2019\/02\/display-systeme-easydisplay-indoor-detail-20x20.jpg 20w, https:\/\/flagprint.ch\/wp-content\/uploads\/2019\/02\/display-systeme-easydisplay-indoor-detail-40x40.jpg 40w, https:\/\/flagprint.ch\/wp-content\/uploads\/2019\/02\/display-systeme-easydisplay-indoor-detail-60x60.jpg 60w\" sizes=\"(max-width: 400px) 100vw, 400px\" \/><\/a>\n\t\t\t<\/div>\n\t\t\t\t<figcaption class='wp-caption-text gallery-caption' id='gallery-5-3965'>\n\t\t\t\tEasydisplay\n\t\t\t\t<\/figcaption><\/figure><figure class='gallery-item'>\n\t\t\t<div class='gallery-icon portrait'>\n\t\t\t\t<a  href='https:\/\/flagprint.ch\/wp-content\/uploads\/2019\/02\/display-systeme-easydisplay-indoor-hinten-ansicht.jpg' title=\"Easydisplay\" data-rl_title=\"Easydisplay\" class=\"rl-gallery-link\" data-rl_caption=\"D\u00e9tail arri\u00e8re de l\u2019Easydisplay.&lt;br \/&gt;\n&lt;a href=&quot;\/fr\/produits\/easydisplay\/&quot;&gt;vers le produit&lt;\/a&gt;\" data-rel=\"fp-lightbox-gallery-5\"><img loading=\"lazy\" decoding=\"async\" width=\"400\" height=\"400\" src=\"https:\/\/flagprint.ch\/wp-content\/uploads\/2019\/02\/display-systeme-easydisplay-indoor-hinten-ansicht-400x400.jpg\" class=\"attachment-thumbnail size-thumbnail\" alt=\"Easydisplay - Affichage de bon rapport qualit\u00e9\/prix. La banni\u00e8re est tendue en haut et en bas dans un profil\u00e9 \u00e0 cl\u00e9\" aria-describedby=\"gallery-5-3967\" srcset=\"https:\/\/flagprint.ch\/wp-content\/uploads\/2019\/02\/display-systeme-easydisplay-indoor-hinten-ansicht-400x400.jpg 400w, https:\/\/flagprint.ch\/wp-content\/uploads\/2019\/02\/display-systeme-easydisplay-indoor-hinten-ansicht-20x20.jpg 20w, https:\/\/flagprint.ch\/wp-content\/uploads\/2019\/02\/display-systeme-easydisplay-indoor-hinten-ansicht-40x40.jpg 40w, https:\/\/flagprint.ch\/wp-content\/uploads\/2019\/02\/display-systeme-easydisplay-indoor-hinten-ansicht-60x60.jpg 60w\" sizes=\"(max-width: 400px) 100vw, 400px\" \/><\/a>\n\t\t\t<\/div>\n\t\t\t\t<figcaption class='wp-caption-text gallery-caption' id='gallery-5-3967'>\n\t\t\t\tEasydisplay \n\t\t\t\t<\/figcaption><\/figure><figure class='gallery-item'>\n\t\t\t<div class='gallery-icon landscape'>\n\t\t\t\t<a  href='https:\/\/flagprint.ch\/wp-content\/uploads\/2019\/02\/display-systeme-easydisplay-indoor.jpg' title=\"Easydisplay\" data-rl_title=\"Easydisplay\" class=\"rl-gallery-link\" data-rl_caption=\"Imprim\u00e9 d\u2019un motif librement con\u00e7u, fabriqu\u00e9 \u00e0 l\u2019unit\u00e9 ou en s\u00e9rie.&lt;br \/&gt;\n&lt;a href=&quot;\/fr\/produits\/easydisplay\/&quot;&gt;vers le produit&lt;\/a&gt;\" data-rel=\"fp-lightbox-gallery-5\"><img loading=\"lazy\" decoding=\"async\" width=\"400\" height=\"400\" src=\"https:\/\/flagprint.ch\/wp-content\/uploads\/2019\/02\/display-systeme-easydisplay-indoor-400x400.jpg\" class=\"attachment-thumbnail size-thumbnail\" alt=\"Easydisplay - Affichage de bon rapport qualit\u00e9\/prix. La banni\u00e8re est tendue en haut et en bas dans un profil\u00e9 \u00e0 cl\u00e9\" aria-describedby=\"gallery-5-3969\" srcset=\"https:\/\/flagprint.ch\/wp-content\/uploads\/2019\/02\/display-systeme-easydisplay-indoor-400x400.jpg 400w, https:\/\/flagprint.ch\/wp-content\/uploads\/2019\/02\/display-systeme-easydisplay-indoor-20x20.jpg 20w, https:\/\/flagprint.ch\/wp-content\/uploads\/2019\/02\/display-systeme-easydisplay-indoor-40x40.jpg 40w, https:\/\/flagprint.ch\/wp-content\/uploads\/2019\/02\/display-systeme-easydisplay-indoor-60x60.jpg 60w\" sizes=\"(max-width: 400px) 100vw, 400px\" \/><\/a>\n\t\t\t<\/div>\n\t\t\t\t<figcaption class='wp-caption-text gallery-caption' id='gallery-5-3969'>\n\t\t\t\tEasydisplay\n\t\t\t\t<\/figcaption><\/figure><figure class='gallery-item'>\n\t\t\t<div class='gallery-icon landscape'>\n\t\t\t\t<a  href='https:\/\/flagprint.ch\/wp-content\/uploads\/2019\/02\/display-systeme-alu-frame-curved-indoor-aluprofil.jpg' title=\"aluframe\" data-rl_title=\"aluframe\" class=\"rl-gallery-link\" data-rl_caption=\"Le tissu imprim\u00e9 peut \u00eatre \u00e9chang\u00e9 avec la plus grande facilit\u00e9.&lt;br \/&gt;\n&lt;a href=&quot;\/fr\/produits\/alu-frame\/&quot;&gt;vers le produit&lt;\/a&gt;\" data-rel=\"fp-lightbox-gallery-5\"><img loading=\"lazy\" decoding=\"async\" width=\"400\" height=\"400\" src=\"https:\/\/flagprint.ch\/wp-content\/uploads\/2019\/02\/display-systeme-alu-frame-curved-indoor-aluprofil-400x400.jpg\" class=\"attachment-thumbnail size-thumbnail\" alt=\"Aluframe - cadre \u00e9l\u00e9gant en alu tendu avec impression, changement simple de motif. Peut \u00eatre suspendue du plafond, viss\u00e9e au mur ou \u00eatre plac\u00e9e de mani\u00e8re autonome.\" aria-describedby=\"gallery-5-3974\" srcset=\"https:\/\/flagprint.ch\/wp-content\/uploads\/2019\/02\/display-systeme-alu-frame-curved-indoor-aluprofil-400x400.jpg 400w, https:\/\/flagprint.ch\/wp-content\/uploads\/2019\/02\/display-systeme-alu-frame-curved-indoor-aluprofil-20x20.jpg 20w, https:\/\/flagprint.ch\/wp-content\/uploads\/2019\/02\/display-systeme-alu-frame-curved-indoor-aluprofil-40x40.jpg 40w, https:\/\/flagprint.ch\/wp-content\/uploads\/2019\/02\/display-systeme-alu-frame-curved-indoor-aluprofil-60x60.jpg 60w\" sizes=\"(max-width: 400px) 100vw, 400px\" \/><\/a>\n\t\t\t<\/div>\n\t\t\t\t<figcaption class='wp-caption-text gallery-caption' id='gallery-5-3974'>\n\t\t\t\taluframe\n\t\t\t\t<\/figcaption><\/figure><figure class='gallery-item'>\n\t\t\t<div class='gallery-icon landscape'>\n\t\t\t\t<a  href='https:\/\/flagprint.ch\/wp-content\/uploads\/2019\/02\/display-systeme-alu-frame-curved-indoor-detail-fuss.jpg' title=\"aluframe en detail\" data-rl_title=\"aluframe en detail\" class=\"rl-gallery-link\" data-rl_caption=\"Cadre en alu, d\u00e9tail Pieds courb\u00e9s.&lt;br \/&gt;\n&lt;a href=&quot;\/fr\/produits\/alu-frame\/&quot;&gt;vers le produit&lt;\/a&gt;\" data-rel=\"fp-lightbox-gallery-5\"><img loading=\"lazy\" decoding=\"async\" width=\"400\" height=\"400\" src=\"https:\/\/flagprint.ch\/wp-content\/uploads\/2019\/02\/display-systeme-alu-frame-curved-indoor-detail-fuss-400x400.jpg\" class=\"attachment-thumbnail size-thumbnail\" alt=\"Aluframe - cadre \u00e9l\u00e9gant en alu tendu avec impression, changement simple de motif. Peut \u00eatre suspendue du plafond, viss\u00e9e au mur ou \u00eatre plac\u00e9e de mani\u00e8re autonome.\" aria-describedby=\"gallery-5-3976\" srcset=\"https:\/\/flagprint.ch\/wp-content\/uploads\/2019\/02\/display-systeme-alu-frame-curved-indoor-detail-fuss-400x400.jpg 400w, https:\/\/flagprint.ch\/wp-content\/uploads\/2019\/02\/display-systeme-alu-frame-curved-indoor-detail-fuss-20x20.jpg 20w, https:\/\/flagprint.ch\/wp-content\/uploads\/2019\/02\/display-systeme-alu-frame-curved-indoor-detail-fuss-40x40.jpg 40w, https:\/\/flagprint.ch\/wp-content\/uploads\/2019\/02\/display-systeme-alu-frame-curved-indoor-detail-fuss-60x60.jpg 60w\" sizes=\"(max-width: 400px) 100vw, 400px\" \/><\/a>\n\t\t\t<\/div>\n\t\t\t\t<figcaption class='wp-caption-text gallery-caption' id='gallery-5-3976'>\n\t\t\t\taluframe en detail\n\t\t\t\t<\/figcaption><\/figure><figure class='gallery-item'>\n\t\t\t<div class='gallery-icon landscape'>\n\t\t\t\t<a  href='https:\/\/flagprint.ch\/wp-content\/uploads\/2019\/02\/display-systeme-alu-frame-curved-indoor-seite.jpg' title=\"aluframe en alu courb\u00e9\" data-rl_title=\"aluframe en alu courb\u00e9\" class=\"rl-gallery-link\" data-rl_caption=\"Cadre en alu courb\u00e9, autoporteur, tendu avec textile imprim\u00e9.&lt;br \/&gt;\n&lt;a href=&quot;\/fr\/produits\/alu-frame\/&quot;&gt;vers le produit&lt;\/a&gt;\" data-rel=\"fp-lightbox-gallery-5\"><img loading=\"lazy\" decoding=\"async\" width=\"400\" height=\"400\" src=\"https:\/\/flagprint.ch\/wp-content\/uploads\/2019\/02\/display-systeme-alu-frame-curved-indoor-seite-400x400.jpg\" class=\"attachment-thumbnail size-thumbnail\" alt=\"Aluframe - cadre \u00e9l\u00e9gant en alu tendu avec impression, changement simple de motif. Peut \u00eatre suspendue du plafond, viss\u00e9e au mur ou \u00eatre plac\u00e9e de mani\u00e8re autonome.\" aria-describedby=\"gallery-5-3978\" srcset=\"https:\/\/flagprint.ch\/wp-content\/uploads\/2019\/02\/display-systeme-alu-frame-curved-indoor-seite-400x400.jpg 400w, https:\/\/flagprint.ch\/wp-content\/uploads\/2019\/02\/display-systeme-alu-frame-curved-indoor-seite-20x20.jpg 20w, https:\/\/flagprint.ch\/wp-content\/uploads\/2019\/02\/display-systeme-alu-frame-curved-indoor-seite-40x40.jpg 40w, https:\/\/flagprint.ch\/wp-content\/uploads\/2019\/02\/display-systeme-alu-frame-curved-indoor-seite-60x60.jpg 60w\" sizes=\"(max-width: 400px) 100vw, 400px\" \/><\/a>\n\t\t\t<\/div>\n\t\t\t\t<figcaption class='wp-caption-text gallery-caption' id='gallery-5-3978'>\n\t\t\t\taluframe en alu courb\u00e9\n\t\t\t\t<\/figcaption><\/figure><figure class='gallery-item'>\n\t\t\t<div class='gallery-icon landscape'>\n\t\t\t\t<a  href='https:\/\/flagprint.ch\/wp-content\/uploads\/2019\/02\/display-systeme-alu-frame-indoor-hotel.jpg' title=\"aluframe \u00e0 l&#039;h\u00f4tel\" data-rl_title=\"aluframe \u00e0 l&#039;h\u00f4tel\" class=\"rl-gallery-link\" data-rl_caption=\"Aluframe peut \u00eatre suspendue au plafond, \u00eatre viss\u00e9e au mur ou \u00eatre plac\u00e9e de mani\u00e8re isol\u00e9e.&lt;br \/&gt;\n&lt;a href=&quot;\/fr\/produits\/alu-frame\/&quot;&gt;vers le produit&lt;\/a&gt;\" data-rel=\"fp-lightbox-gallery-5\"><img loading=\"lazy\" decoding=\"async\" width=\"400\" height=\"400\" src=\"https:\/\/flagprint.ch\/wp-content\/uploads\/2019\/02\/display-systeme-alu-frame-indoor-hotel-400x400.jpg\" class=\"attachment-thumbnail size-thumbnail\" alt=\"Aluframe - cadre \u00e9l\u00e9gant en alu tendu avec impression, changement simple de motif. Peut \u00eatre suspendue du plafond, viss\u00e9e au mur ou \u00eatre plac\u00e9e de mani\u00e8re autonome.\" aria-describedby=\"gallery-5-3982\" srcset=\"https:\/\/flagprint.ch\/wp-content\/uploads\/2019\/02\/display-systeme-alu-frame-indoor-hotel-400x400.jpg 400w, https:\/\/flagprint.ch\/wp-content\/uploads\/2019\/02\/display-systeme-alu-frame-indoor-hotel-20x20.jpg 20w, https:\/\/flagprint.ch\/wp-content\/uploads\/2019\/02\/display-systeme-alu-frame-indoor-hotel-40x40.jpg 40w, https:\/\/flagprint.ch\/wp-content\/uploads\/2019\/02\/display-systeme-alu-frame-indoor-hotel-60x60.jpg 60w\" sizes=\"(max-width: 400px) 100vw, 400px\" \/><\/a>\n\t\t\t<\/div>\n\t\t\t\t<figcaption class='wp-caption-text gallery-caption' id='gallery-5-3982'>\n\t\t\t\taluframe \u00e0 l&rsquo;h\u00f4tel\n\t\t\t\t<\/figcaption><\/figure><figure class='gallery-item'>\n\t\t\t<div class='gallery-icon landscape'>\n\t\t\t\t<a  href='https:\/\/flagprint.ch\/wp-content\/uploads\/2019\/02\/display-systeme-pop-out-banner-indoor-optigal-suisse.jpg' title=\"Pop Out Banner\" data-rl_title=\"Pop Out Banner\" class=\"rl-gallery-link\" data-rl_caption=\"Syst\u00e8me pliable de mani\u00e8re ramass\u00e9e et plate, montage et d\u00e9montage en quelques secondes, sans outil suppl\u00e9mentaire.\" data-rel=\"fp-lightbox-gallery-5\"><img loading=\"lazy\" decoding=\"async\" width=\"400\" height=\"400\" src=\"https:\/\/flagprint.ch\/wp-content\/uploads\/2019\/02\/display-systeme-pop-out-banner-indoor-optigal-suisse-400x400.jpg\" class=\"attachment-thumbnail size-thumbnail\" alt=\"Le syst\u00e8me est petit et pliable \u00e0 plat, montage et d\u00e9montage en quelques secondes, sans outil suppl\u00e9mentaire. Convient pour toutes sortes des \u00e9v\u00e8nements.\" aria-describedby=\"gallery-5-4001\" srcset=\"https:\/\/flagprint.ch\/wp-content\/uploads\/2019\/02\/display-systeme-pop-out-banner-indoor-optigal-suisse-400x400.jpg 400w, https:\/\/flagprint.ch\/wp-content\/uploads\/2019\/02\/display-systeme-pop-out-banner-indoor-optigal-suisse-20x20.jpg 20w, https:\/\/flagprint.ch\/wp-content\/uploads\/2019\/02\/display-systeme-pop-out-banner-indoor-optigal-suisse-40x40.jpg 40w, https:\/\/flagprint.ch\/wp-content\/uploads\/2019\/02\/display-systeme-pop-out-banner-indoor-optigal-suisse-60x60.jpg 60w\" sizes=\"(max-width: 400px) 100vw, 400px\" \/><\/a>\n\t\t\t<\/div>\n\t\t\t\t<figcaption class='wp-caption-text gallery-caption' id='gallery-5-4001'>\n\t\t\t\tPop Out Banner\n\t\t\t\t<\/figcaption><\/figure><figure class='gallery-item'>\n\t\t\t<div class='gallery-icon landscape'>\n\t\t\t\t<a  href='https:\/\/flagprint.ch\/wp-content\/uploads\/2019\/02\/display-systeme-pop-out-banner-caprice-des-dieux.jpg' title=\"Pop Out Banner\" data-rl_title=\"Pop Out Banner\" class=\"rl-gallery-link\" data-rl_caption=\"Pop Out Large, doppelseitig. Format: 290 x 110 cm.&lt;br \/&gt;\n&lt;a href=&quot;\/fr\/produits\/pop-out-banner\/&quot;&gt;vers le produit&lt;\/a&gt;\" data-rel=\"fp-lightbox-gallery-5\"><img loading=\"lazy\" decoding=\"async\" width=\"400\" height=\"400\" src=\"https:\/\/flagprint.ch\/wp-content\/uploads\/2019\/02\/display-systeme-pop-out-banner-caprice-des-dieux-400x400.jpg\" class=\"attachment-thumbnail size-thumbnail\" alt=\"Le syst\u00e8me est petit et pliable \u00e0 plat, montage et d\u00e9montage en quelques secondes, sans outil suppl\u00e9mentaire. Convient pour toutes sortes des \u00e9v\u00e8nements.\" aria-describedby=\"gallery-5-3997\" srcset=\"https:\/\/flagprint.ch\/wp-content\/uploads\/2019\/02\/display-systeme-pop-out-banner-caprice-des-dieux-400x400.jpg 400w, https:\/\/flagprint.ch\/wp-content\/uploads\/2019\/02\/display-systeme-pop-out-banner-caprice-des-dieux-20x20.jpg 20w, https:\/\/flagprint.ch\/wp-content\/uploads\/2019\/02\/display-systeme-pop-out-banner-caprice-des-dieux-40x40.jpg 40w, https:\/\/flagprint.ch\/wp-content\/uploads\/2019\/02\/display-systeme-pop-out-banner-caprice-des-dieux-60x60.jpg 60w\" sizes=\"(max-width: 400px) 100vw, 400px\" \/><\/a>\n\t\t\t<\/div>\n\t\t\t\t<figcaption class='wp-caption-text gallery-caption' id='gallery-5-3997'>\n\t\t\t\tPop Out Banner\n\t\t\t\t<\/figcaption><\/figure><figure class='gallery-item'>\n\t\t\t<div class='gallery-icon landscape'>\n\t\t\t\t<a  href='https:\/\/flagprint.ch\/wp-content\/uploads\/2019\/02\/display-systeme-roll-up-light-indoor-.jpg' title=\"Roll Up Light\" data-rl_title=\"Roll Up Light\" class=\"rl-gallery-link\" data-rl_caption=\"Imprim\u00e9 d\u2019un motif librement con\u00e7u, fabriqu\u00e9 \u00e0 l\u2019unit\u00e9 ou en s\u00e9rie.&lt;br \/&gt;\n&lt;a href=&quot;\/fr\/produits\/roll-up\/&quot;&gt;vers le produit&lt;\/a&gt;\" data-rel=\"fp-lightbox-gallery-5\"><img loading=\"lazy\" decoding=\"async\" width=\"400\" height=\"400\" src=\"https:\/\/flagprint.ch\/wp-content\/uploads\/2019\/02\/display-systeme-roll-up-light-indoor--400x400.jpg\" class=\"attachment-thumbnail size-thumbnail\" alt=\"Roll Up - un syst\u00e8me d\u2019affichage populaire, avec armature en aluminum robuste, qui peut \u00eatre mont\u00e9 en l\u2019espace de quelques secondes.\" aria-describedby=\"gallery-5-3960\" srcset=\"https:\/\/flagprint.ch\/wp-content\/uploads\/2019\/02\/display-systeme-roll-up-light-indoor--400x400.jpg 400w, https:\/\/flagprint.ch\/wp-content\/uploads\/2019\/02\/display-systeme-roll-up-light-indoor--20x20.jpg 20w, https:\/\/flagprint.ch\/wp-content\/uploads\/2019\/02\/display-systeme-roll-up-light-indoor--40x40.jpg 40w, https:\/\/flagprint.ch\/wp-content\/uploads\/2019\/02\/display-systeme-roll-up-light-indoor--60x60.jpg 60w\" sizes=\"(max-width: 400px) 100vw, 400px\" \/><\/a>\n\t\t\t<\/div>\n\t\t\t\t<figcaption class='wp-caption-text gallery-caption' id='gallery-5-3960'>\n\t\t\t\tRoll Up Light\n\t\t\t\t<\/figcaption><\/figure><figure class='gallery-item'>\n\t\t\t<div class='gallery-icon landscape'>\n\t\t\t\t<a  href='https:\/\/flagprint.ch\/wp-content\/uploads\/2019\/02\/display-systeme-roll-up-indoor-sbb.jpg' title=\"Roll Up Solid\" data-rl_title=\"Roll Up Solid\" class=\"rl-gallery-link\" data-rl_caption=\"Un syst\u00e8me d\u2019affichage populaire, en aluminium, qui peut \u00eatre mont\u00e9 en l\u2019espace de quelques secondes.&lt;br \/&gt;\n&lt;a href=&quot;\/fr\/produits\/roll-up\/&quot;&gt;vers le produit&lt;\/a&gt;\" data-rel=\"fp-lightbox-gallery-5\"><img loading=\"lazy\" decoding=\"async\" width=\"400\" height=\"400\" src=\"https:\/\/flagprint.ch\/wp-content\/uploads\/2019\/02\/display-systeme-roll-up-indoor-sbb-400x400.jpg\" class=\"attachment-thumbnail size-thumbnail\" alt=\"Roll Up - un syst\u00e8me d\u2019affichage populaire, avec armature en aluminum robuste, qui peut \u00eatre mont\u00e9 en l\u2019espace de quelques secondes.\" aria-describedby=\"gallery-5-3958\" srcset=\"https:\/\/flagprint.ch\/wp-content\/uploads\/2019\/02\/display-systeme-roll-up-indoor-sbb-400x400.jpg 400w, https:\/\/flagprint.ch\/wp-content\/uploads\/2019\/02\/display-systeme-roll-up-indoor-sbb-20x20.jpg 20w, https:\/\/flagprint.ch\/wp-content\/uploads\/2019\/02\/display-systeme-roll-up-indoor-sbb-40x40.jpg 40w, https:\/\/flagprint.ch\/wp-content\/uploads\/2019\/02\/display-systeme-roll-up-indoor-sbb-60x60.jpg 60w\" sizes=\"(max-width: 400px) 100vw, 400px\" \/><\/a>\n\t\t\t<\/div>\n\t\t\t\t<figcaption class='wp-caption-text gallery-caption' id='gallery-5-3958'>\n\t\t\t\tRoll Up Solid\n\t\t\t\t<\/figcaption><\/figure><figure class='gallery-item'>\n\t\t\t<div class='gallery-icon landscape'>\n\t\t\t\t<a  href='https:\/\/flagprint.ch\/wp-content\/uploads\/2019\/02\/display-systeme-roll-up-indoor-post.jpg' title=\"Roll Up Light\" data-rl_title=\"Roll Up Light\" class=\"rl-gallery-link\" data-rl_caption=\"Un syst\u00e8me d\u2019affichage populaire, en aluminium, qui peut \u00eatre mont\u00e9 en l\u2019espace de quelques secondes.&lt;br \/&gt;\n&lt;a href=&quot;\/fr\/produits\/roll-up\/&quot;&gt;vers le produit&lt;\/a&gt;\" data-rel=\"fp-lightbox-gallery-5\"><img loading=\"lazy\" decoding=\"async\" width=\"400\" height=\"400\" src=\"https:\/\/flagprint.ch\/wp-content\/uploads\/2019\/02\/display-systeme-roll-up-indoor-post-400x400.jpg\" class=\"attachment-thumbnail size-thumbnail\" alt=\"Roll Up - un syst\u00e8me d\u2019affichage populaire, avec armature en aluminum robuste, qui peut \u00eatre mont\u00e9 en l\u2019espace de quelques secondes.\" aria-describedby=\"gallery-5-3956\" srcset=\"https:\/\/flagprint.ch\/wp-content\/uploads\/2019\/02\/display-systeme-roll-up-indoor-post-400x400.jpg 400w, https:\/\/flagprint.ch\/wp-content\/uploads\/2019\/02\/display-systeme-roll-up-indoor-post-20x20.jpg 20w, https:\/\/flagprint.ch\/wp-content\/uploads\/2019\/02\/display-systeme-roll-up-indoor-post-40x40.jpg 40w, https:\/\/flagprint.ch\/wp-content\/uploads\/2019\/02\/display-systeme-roll-up-indoor-post-60x60.jpg 60w\" sizes=\"(max-width: 400px) 100vw, 400px\" \/><\/a>\n\t\t\t<\/div>\n\t\t\t\t<figcaption class='wp-caption-text gallery-caption' id='gallery-5-3956'>\n\t\t\t\tRoll Up Light\n\t\t\t\t<\/figcaption><\/figure><figure class='gallery-item'>\n\t\t\t<div class='gallery-icon landscape'>\n\t\t\t\t<a  href='https:\/\/flagprint.ch\/wp-content\/uploads\/2019\/02\/display-systeme-roll-up-indoor-insurance.jpg' title=\"Roll Up Solid\" data-rl_title=\"Roll Up Solid\" class=\"rl-gallery-link\" data-rl_caption=\"Roll Up Solid. Format 80 x 200 cm.&lt;br \/&gt;\n&lt;a href=&quot;\/fr\/produits\/roll-up\/&quot;&gt;vers le produit&lt;\/a&gt;\" data-rel=\"fp-lightbox-gallery-5\"><img loading=\"lazy\" decoding=\"async\" width=\"400\" height=\"400\" src=\"https:\/\/flagprint.ch\/wp-content\/uploads\/2019\/02\/display-systeme-roll-up-indoor-insurance-400x400.jpg\" class=\"attachment-thumbnail size-thumbnail\" alt=\"Roll Up - un syst\u00e8me d\u2019affichage populaire, avec armature en aluminum robuste, qui peut \u00eatre mont\u00e9 en l\u2019espace de quelques secondes.\" aria-describedby=\"gallery-5-3954\" srcset=\"https:\/\/flagprint.ch\/wp-content\/uploads\/2019\/02\/display-systeme-roll-up-indoor-insurance-400x400.jpg 400w, https:\/\/flagprint.ch\/wp-content\/uploads\/2019\/02\/display-systeme-roll-up-indoor-insurance-20x20.jpg 20w, https:\/\/flagprint.ch\/wp-content\/uploads\/2019\/02\/display-systeme-roll-up-indoor-insurance-40x40.jpg 40w, https:\/\/flagprint.ch\/wp-content\/uploads\/2019\/02\/display-systeme-roll-up-indoor-insurance-60x60.jpg 60w\" sizes=\"(max-width: 400px) 100vw, 400px\" \/><\/a>\n\t\t\t<\/div>\n\t\t\t\t<figcaption class='wp-caption-text gallery-caption' id='gallery-5-3954'>\n\t\t\t\tRoll Up Solid\n\t\t\t\t<\/figcaption><\/figure><figure class='gallery-item'>\n\t\t\t<div class='gallery-icon portrait'>\n\t\t\t\t<a  href='https:\/\/flagprint.ch\/wp-content\/uploads\/2019\/02\/display-systeme-roll-up-120-indoor-sbb.jpg' title=\"Roll Up Slim\" data-rl_title=\"Roll Up Slim\" class=\"rl-gallery-link\" data-rl_caption=\"Un syst\u00e8me d\u2019affichage populaire, en aluminium, qui peut \u00eatre mont\u00e9 en l\u2019espace de quelques secondes.&lt;br \/&gt;\n&lt;a href=&quot;\/fr\/produits\/roll-up\/&quot;&gt;vers le produit&lt;\/a&gt;\" data-rel=\"fp-lightbox-gallery-5\"><img loading=\"lazy\" decoding=\"async\" width=\"400\" height=\"400\" src=\"https:\/\/flagprint.ch\/wp-content\/uploads\/2019\/02\/display-systeme-roll-up-120-indoor-sbb-400x400.jpg\" class=\"attachment-thumbnail size-thumbnail\" alt=\"Roll Up - un syst\u00e8me d\u2019affichage populaire, avec armature en aluminum robuste, qui peut \u00eatre mont\u00e9 en l\u2019espace de quelques secondes.\" aria-describedby=\"gallery-5-3952\" srcset=\"https:\/\/flagprint.ch\/wp-content\/uploads\/2019\/02\/display-systeme-roll-up-120-indoor-sbb-400x400.jpg 400w, https:\/\/flagprint.ch\/wp-content\/uploads\/2019\/02\/display-systeme-roll-up-120-indoor-sbb-20x20.jpg 20w, https:\/\/flagprint.ch\/wp-content\/uploads\/2019\/02\/display-systeme-roll-up-120-indoor-sbb-40x40.jpg 40w, https:\/\/flagprint.ch\/wp-content\/uploads\/2019\/02\/display-systeme-roll-up-120-indoor-sbb-60x60.jpg 60w\" sizes=\"(max-width: 400px) 100vw, 400px\" \/><\/a>\n\t\t\t<\/div>\n\t\t\t\t<figcaption class='wp-caption-text gallery-caption' id='gallery-5-3952'>\n\t\t\t\tRoll Up Slim\n\t\t\t\t<\/figcaption><\/figure><figure class='gallery-item'>\n\t\t\t<div class='gallery-icon landscape'>\n\t\t\t\t<a  href='https:\/\/flagprint.ch\/wp-content\/uploads\/2019\/02\/display-systeme-flexdisplay-indoor-phonak.jpg' title=\"Flex Display\" data-rl_title=\"Flex Display\" class=\"rl-gallery-link\" data-rl_caption=\"Support publicitaire en tissu, imprim\u00e9 d\u2019un motif librement con\u00e7u, fabriqu\u00e9 \u00e0 l\u2019unit\u00e9 ou en s\u00e9rie. &lt;br \/&gt;\n&lt;a href=&quot;\/fr\/produits\/flex-display\/&quot;&gt;vers le produit&lt;\/a&gt;\" data-rel=\"fp-lightbox-gallery-5\"><img loading=\"lazy\" decoding=\"async\" width=\"400\" height=\"400\" src=\"https:\/\/flagprint.ch\/wp-content\/uploads\/2019\/02\/display-systeme-flexdisplay-indoor-phonak-400x400.jpg\" class=\"attachment-thumbnail size-thumbnail\" alt=\"Flex Display - le syst\u00e8me d\u2019affichage aux belles formes et un syst\u00e8me flexible en aluminium. Le syst\u00e8me est l\u00e9ger, rapidement mont\u00e9\" aria-describedby=\"gallery-5-3949\" srcset=\"https:\/\/flagprint.ch\/wp-content\/uploads\/2019\/02\/display-systeme-flexdisplay-indoor-phonak-400x400.jpg 400w, https:\/\/flagprint.ch\/wp-content\/uploads\/2019\/02\/display-systeme-flexdisplay-indoor-phonak-20x20.jpg 20w, https:\/\/flagprint.ch\/wp-content\/uploads\/2019\/02\/display-systeme-flexdisplay-indoor-phonak-40x40.jpg 40w, https:\/\/flagprint.ch\/wp-content\/uploads\/2019\/02\/display-systeme-flexdisplay-indoor-phonak-60x60.jpg 60w\" sizes=\"(max-width: 400px) 100vw, 400px\" \/><\/a>\n\t\t\t<\/div>\n\t\t\t\t<figcaption class='wp-caption-text gallery-caption' id='gallery-5-3949'>\n\t\t\t\tFlex Display\n\t\t\t\t<\/figcaption><\/figure><figure class='gallery-item'>\n\t\t\t<div class='gallery-icon landscape'>\n\t\t\t\t<a  href='https:\/\/flagprint.ch\/wp-content\/uploads\/2019\/02\/display-systeme-flexdisplay-indoor-le-garage.jpg' title=\"Flex Display indoor\" data-rl_title=\"Flex Display indoor\" class=\"rl-gallery-link\" data-rl_caption=\"Un syst\u00e8me aux belles formes et, comme le nom l\u2019indique, un syst\u00e8me flexible en aluminium.&lt;br \/&gt;\n&lt;a href=&quot;\/fr\/produits\/flex-display\/&quot;&gt;vers le produit&lt;\/a&gt;\" data-rel=\"fp-lightbox-gallery-5\"><img loading=\"lazy\" decoding=\"async\" width=\"400\" height=\"400\" src=\"https:\/\/flagprint.ch\/wp-content\/uploads\/2019\/02\/display-systeme-flexdisplay-indoor-le-garage-400x400.jpg\" class=\"attachment-thumbnail size-thumbnail\" alt=\"Flex Display - le syst\u00e8me d\u2019affichage aux belles formes et un syst\u00e8me flexible en aluminium. Le syst\u00e8me est l\u00e9ger, rapidement mont\u00e9\" aria-describedby=\"gallery-5-3947\" srcset=\"https:\/\/flagprint.ch\/wp-content\/uploads\/2019\/02\/display-systeme-flexdisplay-indoor-le-garage-400x400.jpg 400w, https:\/\/flagprint.ch\/wp-content\/uploads\/2019\/02\/display-systeme-flexdisplay-indoor-le-garage-20x20.jpg 20w, https:\/\/flagprint.ch\/wp-content\/uploads\/2019\/02\/display-systeme-flexdisplay-indoor-le-garage-40x40.jpg 40w, https:\/\/flagprint.ch\/wp-content\/uploads\/2019\/02\/display-systeme-flexdisplay-indoor-le-garage-60x60.jpg 60w\" sizes=\"(max-width: 400px) 100vw, 400px\" \/><\/a>\n\t\t\t<\/div>\n\t\t\t\t<figcaption class='wp-caption-text gallery-caption' id='gallery-5-3947'>\n\t\t\t\tFlex Display indoor\n\t\t\t\t<\/figcaption><\/figure><figure class='gallery-item'>\n\t\t\t<div class='gallery-icon landscape'>\n\t\t\t\t<a  href='https:\/\/flagprint.ch\/wp-content\/uploads\/2019\/02\/display-systeme-flexdisplay-indoor-400x225cm-naturaplan.jpg' title=\"Flex Display indoor\" data-rl_title=\"Flex Display indoor\" class=\"rl-gallery-link\" data-rl_caption=\"Flex Display indoor, syst\u00e8me en plusieurs parties en alu avec tissu imprim\u00e9. Format : 400 x 225 cm.&lt;br \/&gt;\n&lt;a href=&quot;\/fr\/produits\/flex-display\/&quot;&gt;vers le produit&lt;\/a&gt;\" data-rel=\"fp-lightbox-gallery-5\"><img loading=\"lazy\" decoding=\"async\" width=\"400\" height=\"400\" src=\"https:\/\/flagprint.ch\/wp-content\/uploads\/2019\/02\/display-systeme-flexdisplay-indoor-400x225cm-naturaplan-400x400.jpg\" class=\"attachment-thumbnail size-thumbnail\" alt=\"Flex Display - le syst\u00e8me d\u2019affichage aux belles formes et un syst\u00e8me flexible en aluminium. Le syst\u00e8me est l\u00e9ger, rapidement mont\u00e9\" aria-describedby=\"gallery-5-3943\" srcset=\"https:\/\/flagprint.ch\/wp-content\/uploads\/2019\/02\/display-systeme-flexdisplay-indoor-400x225cm-naturaplan-400x400.jpg 400w, https:\/\/flagprint.ch\/wp-content\/uploads\/2019\/02\/display-systeme-flexdisplay-indoor-400x225cm-naturaplan-20x20.jpg 20w, https:\/\/flagprint.ch\/wp-content\/uploads\/2019\/02\/display-systeme-flexdisplay-indoor-400x225cm-naturaplan-40x40.jpg 40w, https:\/\/flagprint.ch\/wp-content\/uploads\/2019\/02\/display-systeme-flexdisplay-indoor-400x225cm-naturaplan-60x60.jpg 60w\" sizes=\"(max-width: 400px) 100vw, 400px\" \/><\/a>\n\t\t\t<\/div>\n\t\t\t\t<figcaption class='wp-caption-text gallery-caption' id='gallery-5-3943'>\n\t\t\t\tFlex Display indoor\n\t\t\t\t<\/figcaption><\/figure><figure class='gallery-item'>\n\t\t\t<div class='gallery-icon portrait'>\n\t\t\t\t<a  href='https:\/\/flagprint.ch\/wp-content\/uploads\/2019\/02\/display-systeme-gery-system-led-spots.jpg' title=\"Gery Display\" data-rl_title=\"Gery Display\" class=\"rl-gallery-link\" data-rl_caption=\"Syst\u00e8me double face stable, de grande qualit\u00e9, Swiss made.\" data-rel=\"fp-lightbox-gallery-5\"><img loading=\"lazy\" decoding=\"async\" width=\"400\" height=\"400\" src=\"https:\/\/flagprint.ch\/wp-content\/uploads\/2019\/02\/display-systeme-gery-system-led-spots-400x400.jpg\" class=\"attachment-thumbnail size-thumbnail\" alt=\"Gery Display System. Le syst\u00e8me d\u2019affichage individuel double face de haute qualit\u00e9 suisse\" aria-describedby=\"gallery-5-3940\" srcset=\"https:\/\/flagprint.ch\/wp-content\/uploads\/2019\/02\/display-systeme-gery-system-led-spots-400x400.jpg 400w, https:\/\/flagprint.ch\/wp-content\/uploads\/2019\/02\/display-systeme-gery-system-led-spots-20x20.jpg 20w, https:\/\/flagprint.ch\/wp-content\/uploads\/2019\/02\/display-systeme-gery-system-led-spots-40x40.jpg 40w, https:\/\/flagprint.ch\/wp-content\/uploads\/2019\/02\/display-systeme-gery-system-led-spots-60x60.jpg 60w\" sizes=\"(max-width: 400px) 100vw, 400px\" \/><\/a>\n\t\t\t<\/div>\n\t\t\t\t<figcaption class='wp-caption-text gallery-caption' id='gallery-5-3940'>\n\t\t\t\tGery Display\n\t\t\t\t<\/figcaption><\/figure><figure class='gallery-item'>\n\t\t\t<div class='gallery-icon portrait'>\n\t\t\t\t<a  href='https:\/\/flagprint.ch\/wp-content\/uploads\/2019\/02\/display-systeme-gery-system-indoor-empfangshalle.jpg.jpg' title=\"Gery Display\" data-rl_title=\"Gery Display\" class=\"rl-gallery-link\" data-rl_caption=\"Gery Display en int\u00e9rieur et ext\u00e9rieur avec textile imprim\u00e9. Format 75 x 225 cm.&lt;br \/&gt;\n&lt;a href=&quot;\/fr\/produits\/gery-display-system\/&quot;&gt;vers le produit&lt;\/a&gt;\" data-rel=\"fp-lightbox-gallery-5\"><img loading=\"lazy\" decoding=\"async\" width=\"400\" height=\"400\" src=\"https:\/\/flagprint.ch\/wp-content\/uploads\/2019\/02\/display-systeme-gery-system-indoor-empfangshalle.jpg-400x400.jpg\" class=\"attachment-thumbnail size-thumbnail\" alt=\"Gery Display System. Le syst\u00e8me d\u2019affichage individuel double face de haute qualit\u00e9 suisse\" aria-describedby=\"gallery-5-3938\" srcset=\"https:\/\/flagprint.ch\/wp-content\/uploads\/2019\/02\/display-systeme-gery-system-indoor-empfangshalle.jpg-400x400.jpg 400w, https:\/\/flagprint.ch\/wp-content\/uploads\/2019\/02\/display-systeme-gery-system-indoor-empfangshalle.jpg-20x20.jpg 20w, https:\/\/flagprint.ch\/wp-content\/uploads\/2019\/02\/display-systeme-gery-system-indoor-empfangshalle.jpg-40x40.jpg 40w, https:\/\/flagprint.ch\/wp-content\/uploads\/2019\/02\/display-systeme-gery-system-indoor-empfangshalle.jpg-60x60.jpg 60w\" sizes=\"(max-width: 400px) 100vw, 400px\" \/><\/a>\n\t\t\t<\/div>\n\t\t\t\t<figcaption class='wp-caption-text gallery-caption' id='gallery-5-3938'>\n\t\t\t\tGery Display\n\t\t\t\t<\/figcaption><\/figure><figure class='gallery-item'>\n\t\t\t<div class='gallery-icon portrait'>\n\t\t\t\t<a  href='https:\/\/flagprint.ch\/wp-content\/uploads\/2019\/02\/display-systeme-gery-system-beleuchtet-led-spots-empfang.jpg' title=\"Gery Display\" data-rl_title=\"Gery Display\" class=\"rl-gallery-link\" data-rl_caption=\"Gery Display en int\u00e9rieur et ext\u00e9rieur avec comptoir et textile imprim\u00e9. Format 75 x 200 cm.&lt;br \/&gt;\n&lt;a href=&quot;\/fr\/produits\/gery-display-system\/&quot;&gt;vers le produit&lt;\/a&gt;\" data-rel=\"fp-lightbox-gallery-5\"><img loading=\"lazy\" decoding=\"async\" width=\"400\" height=\"400\" src=\"https:\/\/flagprint.ch\/wp-content\/uploads\/2019\/02\/display-systeme-gery-system-beleuchtet-led-spots-empfang-400x400.jpg\" class=\"attachment-thumbnail size-thumbnail\" alt=\"Gery Display System. Le syst\u00e8me d\u2019affichage individuel double face de haute qualit\u00e9 suisse\" aria-describedby=\"gallery-5-3936\" srcset=\"https:\/\/flagprint.ch\/wp-content\/uploads\/2019\/02\/display-systeme-gery-system-beleuchtet-led-spots-empfang-400x400.jpg 400w, https:\/\/flagprint.ch\/wp-content\/uploads\/2019\/02\/display-systeme-gery-system-beleuchtet-led-spots-empfang-20x20.jpg 20w, https:\/\/flagprint.ch\/wp-content\/uploads\/2019\/02\/display-systeme-gery-system-beleuchtet-led-spots-empfang-40x40.jpg 40w, https:\/\/flagprint.ch\/wp-content\/uploads\/2019\/02\/display-systeme-gery-system-beleuchtet-led-spots-empfang-60x60.jpg 60w\" sizes=\"(max-width: 400px) 100vw, 400px\" \/><\/a>\n\t\t\t<\/div>\n\t\t\t\t<figcaption class='wp-caption-text gallery-caption' id='gallery-5-3936'>\n\t\t\t\tGery Display\n\t\t\t\t<\/figcaption><\/figure><figure class='gallery-item'>\n\t\t\t<div class='gallery-icon landscape'>\n\t\t\t\t<a  href='https:\/\/flagprint.ch\/wp-content\/uploads\/2019\/02\/display-systeme-gery-system-3-teilig-ohne-zubehoer.jpg' title=\"Gery Display 3 pi\u00e8ces\" data-rl_title=\"Gery Display 3 pi\u00e8ces\" class=\"rl-gallery-link\" data-rl_caption=\"Gery Display en int\u00e9rieur et ext\u00e9rieur. 3 pi\u00e8ces textile imprim\u00e9. Format 300 x 225 cm.\" data-rel=\"fp-lightbox-gallery-5\"><img loading=\"lazy\" decoding=\"async\" width=\"400\" height=\"400\" src=\"https:\/\/flagprint.ch\/wp-content\/uploads\/2019\/02\/display-systeme-gery-system-3-teilig-ohne-zubehoer-400x400.jpg\" class=\"attachment-thumbnail size-thumbnail\" alt=\"Gery Display System. Le syst\u00e8me d\u2019affichage individuel double face de haute qualit\u00e9 suisse\" aria-describedby=\"gallery-5-3934\" srcset=\"https:\/\/flagprint.ch\/wp-content\/uploads\/2019\/02\/display-systeme-gery-system-3-teilig-ohne-zubehoer-400x400.jpg 400w, https:\/\/flagprint.ch\/wp-content\/uploads\/2019\/02\/display-systeme-gery-system-3-teilig-ohne-zubehoer-20x20.jpg 20w, https:\/\/flagprint.ch\/wp-content\/uploads\/2019\/02\/display-systeme-gery-system-3-teilig-ohne-zubehoer-40x40.jpg 40w, https:\/\/flagprint.ch\/wp-content\/uploads\/2019\/02\/display-systeme-gery-system-3-teilig-ohne-zubehoer-60x60.jpg 60w\" sizes=\"(max-width: 400px) 100vw, 400px\" \/><\/a>\n\t\t\t<\/div>\n\t\t\t\t<figcaption class='wp-caption-text gallery-caption' id='gallery-5-3934'>\n\t\t\t\tGery Display 3 pi\u00e8ces\n\t\t\t\t<\/figcaption><\/figure><figure class='gallery-item'>\n\t\t\t<div class='gallery-icon landscape'>\n\t\t\t\t<a  href='https:\/\/flagprint.ch\/wp-content\/uploads\/2019\/02\/display-systeme-gery-system-3-teilig-mit-zubehoer.jpg' title=\"Gery Display 3 pi\u00e8ces\" data-rl_title=\"Gery Display 3 pi\u00e8ces\" class=\"rl-gallery-link\" data-rl_caption=\"Gery Display en int\u00e9rieur et ext\u00e9rieur. 3 pi\u00e8ces textile imprim\u00e9. Format 300 x 225 cm.&lt;br \/&gt;\n&lt;a href=&quot;\/fr\/produits\/gery-display-system\/&quot;&gt;vers le produit&lt;\/a&gt;\" data-rel=\"fp-lightbox-gallery-5\"><img loading=\"lazy\" decoding=\"async\" width=\"400\" height=\"400\" src=\"https:\/\/flagprint.ch\/wp-content\/uploads\/2019\/02\/display-systeme-gery-system-3-teilig-mit-zubehoer-400x400.jpg\" class=\"attachment-thumbnail size-thumbnail\" alt=\"Gery Display System. Le syst\u00e8me d\u2019affichage individuel double face de haute qualit\u00e9 suisse\" aria-describedby=\"gallery-5-3932\" srcset=\"https:\/\/flagprint.ch\/wp-content\/uploads\/2019\/02\/display-systeme-gery-system-3-teilig-mit-zubehoer-400x400.jpg 400w, https:\/\/flagprint.ch\/wp-content\/uploads\/2019\/02\/display-systeme-gery-system-3-teilig-mit-zubehoer-20x20.jpg 20w, https:\/\/flagprint.ch\/wp-content\/uploads\/2019\/02\/display-systeme-gery-system-3-teilig-mit-zubehoer-40x40.jpg 40w, https:\/\/flagprint.ch\/wp-content\/uploads\/2019\/02\/display-systeme-gery-system-3-teilig-mit-zubehoer-60x60.jpg 60w\" sizes=\"(max-width: 400px) 100vw, 400px\" \/><\/a>\n\t\t\t<\/div>\n\t\t\t\t<figcaption class='wp-caption-text gallery-caption' id='gallery-5-3932'>\n\t\t\t\tGery Display 3 pi\u00e8ces\n\t\t\t\t<\/figcaption><\/figure><figure class='gallery-item'>\n\t\t\t<div class='gallery-icon portrait'>\n\t\t\t\t<a  href='https:\/\/flagprint.ch\/wp-content\/uploads\/2019\/02\/display-systeme-pop-out-banner-indoor-detail-seite.jpg' title=\"Pop Out Banner\" data-rl_title=\"Pop Out Banner\" class=\"rl-gallery-link\" data-rl_caption=\"Pop Out Banner Large, double face. Format: 290 x 110 cm.&lt;br \/&gt;\n&lt;a href=&quot;\/fr\/produits\/pop-out-banner\/&quot;&gt;vers le produit&lt;\/a&gt;\" data-rel=\"fp-lightbox-gallery-5\"><img loading=\"lazy\" decoding=\"async\" width=\"400\" height=\"400\" src=\"https:\/\/flagprint.ch\/wp-content\/uploads\/2019\/02\/display-systeme-pop-out-banner-indoor-detail-seite-400x400.jpg\" class=\"attachment-thumbnail size-thumbnail\" alt=\"Le syst\u00e8me est petit et pliable \u00e0 plat, montage et d\u00e9montage en quelques secondes, sans outil suppl\u00e9mentaire. Convient pour toutes sortes des \u00e9v\u00e8nements.\" aria-describedby=\"gallery-5-3999\" srcset=\"https:\/\/flagprint.ch\/wp-content\/uploads\/2019\/02\/display-systeme-pop-out-banner-indoor-detail-seite-400x400.jpg 400w, https:\/\/flagprint.ch\/wp-content\/uploads\/2019\/02\/display-systeme-pop-out-banner-indoor-detail-seite-20x20.jpg 20w, https:\/\/flagprint.ch\/wp-content\/uploads\/2019\/02\/display-systeme-pop-out-banner-indoor-detail-seite-40x40.jpg 40w, https:\/\/flagprint.ch\/wp-content\/uploads\/2019\/02\/display-systeme-pop-out-banner-indoor-detail-seite-60x60.jpg 60w\" sizes=\"(max-width: 400px) 100vw, 400px\" \/><\/a>\n\t\t\t<\/div>\n\t\t\t\t<figcaption class='wp-caption-text gallery-caption' id='gallery-5-3999'>\n\t\t\t\tPop Out Banner\n\t\t\t\t<\/figcaption><\/figure><figure class='gallery-item'>\n\t\t\t<div class='gallery-icon landscape'>\n\t\t\t\t<a  href='https:\/\/flagprint.ch\/wp-content\/uploads\/2019\/02\/display-systeme-pop-out-banner-indoor.jpg' title=\"Pop Out Banner\" data-rl_title=\"Pop Out Banner\" class=\"rl-gallery-link\" data-rl_caption=\"Pop Out Large, double face. Format: 290 x 110 cm\" data-rel=\"fp-lightbox-gallery-5\"><img loading=\"lazy\" decoding=\"async\" width=\"400\" height=\"400\" src=\"https:\/\/flagprint.ch\/wp-content\/uploads\/2019\/02\/display-systeme-pop-out-banner-indoor-400x400.jpg\" class=\"attachment-thumbnail size-thumbnail\" alt=\"Le syst\u00e8me est petit et pliable \u00e0 plat, montage et d\u00e9montage en quelques secondes, sans outil suppl\u00e9mentaire. Convient pour toutes sortes des \u00e9v\u00e8nements.\" aria-describedby=\"gallery-5-4003\" srcset=\"https:\/\/flagprint.ch\/wp-content\/uploads\/2019\/02\/display-systeme-pop-out-banner-indoor-400x400.jpg 400w, https:\/\/flagprint.ch\/wp-content\/uploads\/2019\/02\/display-systeme-pop-out-banner-indoor-20x20.jpg 20w, https:\/\/flagprint.ch\/wp-content\/uploads\/2019\/02\/display-systeme-pop-out-banner-indoor-40x40.jpg 40w, https:\/\/flagprint.ch\/wp-content\/uploads\/2019\/02\/display-systeme-pop-out-banner-indoor-60x60.jpg 60w\" sizes=\"(max-width: 400px) 100vw, 400px\" \/><\/a>\n\t\t\t<\/div>\n\t\t\t\t<figcaption class='wp-caption-text gallery-caption' id='gallery-5-4003'>\n\t\t\t\tPop Out Banner\n\t\t\t\t<\/figcaption><\/figure>\n\t\t<\/div>\n\t\t<\/div>\n\t\t\t\t\t\t<\/div>\n\t\t\t\t<\/div>\n\t\t\t\t\t<\/div>\n\t\t<\/div>\n\t\t\t\t\t<\/div>\n\t\t<\/section>\n\t\t\t\t<section class=\"elementor-section elementor-inner-section elementor-element elementor-element-8d2256f elementor-section-full_width fp-gallery elementor-section-height-default elementor-section-height-default\" data-id=\"8d2256f\" data-element_type=\"section\" data-e-type=\"section\" id=\"fp-id-affichages-eclaires\">\n\t\t\t\t\t\t<div class=\"elementor-container elementor-column-gap-no\">\n\t\t\t\t\t<div class=\"elementor-column elementor-col-100 elementor-inner-column elementor-element elementor-element-fdb2b07\" data-id=\"fdb2b07\" data-element_type=\"column\" data-e-type=\"column\">\n\t\t\t<div class=\"elementor-widget-wrap elementor-element-populated\">\n\t\t\t\t\t\t<div class=\"elementor-element elementor-element-e0579f2 elementor-widget elementor-widget-heading\" data-id=\"e0579f2\" data-element_type=\"widget\" data-e-type=\"widget\" data-widget_type=\"heading.default\">\n\t\t\t\t<div class=\"elementor-widget-container\">\n\t\t\t\t\t<h2 class=\"elementor-heading-title elementor-size-default\">Affichages \u00c9clair\u00e9s<\/h2>\t\t\t\t<\/div>\n\t\t\t\t<\/div>\n\t\t\t\t<div class=\"elementor-element elementor-element-35edbc5 elementor-widget elementor-widget-image-gallery\" data-id=\"35edbc5\" data-element_type=\"widget\" data-e-type=\"widget\" data-widget_type=\"image-gallery.default\">\n\t\t\t\t<div class=\"elementor-widget-container\">\n\t\t\t\t\t\t\t<div class=\"elementor-image-gallery\">\n\t\t\t<div id='gallery-6' class='gallery galleryid-13913 gallery-columns-5 gallery-size-thumbnail'><figure class='gallery-item'>\n\t\t\t<div class='gallery-icon landscape'>\n\t\t\t\t<a  href='https:\/\/flagprint.ch\/wp-content\/uploads\/2023\/09\/leuchtkasten_lightframe_Eingang_Transgourmet-1.jpg' title=\"Caisson lumineux lightframe\" data-rl_title=\"Caisson lumineux lightframe\" class=\"rl-gallery-link\" data-rl_caption=\"\" data-rel=\"fp-lightbox-gallery-6\"><img loading=\"lazy\" decoding=\"async\" width=\"400\" height=\"300\" src=\"https:\/\/flagprint.ch\/wp-content\/uploads\/2023\/09\/leuchtkasten_lightframe_Eingang_Transgourmet-1-400x300.jpg\" class=\"attachment-thumbnail size-thumbnail\" alt=\"\" aria-describedby=\"gallery-6-34548\" srcset=\"https:\/\/flagprint.ch\/wp-content\/uploads\/2023\/09\/leuchtkasten_lightframe_Eingang_Transgourmet-1-400x300.jpg 400w, https:\/\/flagprint.ch\/wp-content\/uploads\/2023\/09\/leuchtkasten_lightframe_Eingang_Transgourmet-1-800x600.jpg 800w, https:\/\/flagprint.ch\/wp-content\/uploads\/2023\/09\/leuchtkasten_lightframe_Eingang_Transgourmet-1-1200x900.jpg 1200w, https:\/\/flagprint.ch\/wp-content\/uploads\/2023\/09\/leuchtkasten_lightframe_Eingang_Transgourmet-1-768x576.jpg 768w, https:\/\/flagprint.ch\/wp-content\/uploads\/2023\/09\/leuchtkasten_lightframe_Eingang_Transgourmet-1-1536x1152.jpg 1536w, https:\/\/flagprint.ch\/wp-content\/uploads\/2023\/09\/leuchtkasten_lightframe_Eingang_Transgourmet-1.jpg 1600w\" sizes=\"(max-width: 400px) 100vw, 400px\"><\/a>\n\t\t\t<\/div>\n\t\t\t\t<figcaption class='wp-caption-text gallery-caption' id='gallery-6-34548'>\n\t\t\t\tCaisson lumineux lightframe\n\t\t\t\t<\/figcaption><\/figure><figure class='gallery-item'>\n\t\t\t<div class='gallery-icon landscape'>\n\t\t\t\t<a  href='https:\/\/flagprint.ch\/wp-content\/uploads\/2023\/09\/Leuchtkasten_Bern_Transgourmet_dunkel.jpg' title=\"Leuchtkasten lightframe Sitzungszimmer\" data-rl_title=\"Leuchtkasten lightframe Sitzungszimmer\" class=\"rl-gallery-link\" data-rl_caption=\"\" data-rel=\"fp-lightbox-gallery-6\"><img loading=\"lazy\" decoding=\"async\" width=\"400\" height=\"300\" src=\"https:\/\/flagprint.ch\/wp-content\/uploads\/2023\/09\/Leuchtkasten_Bern_Transgourmet_dunkel-400x300.jpg\" class=\"attachment-thumbnail size-thumbnail\" alt=\"\" aria-describedby=\"gallery-6-34423\" srcset=\"https:\/\/flagprint.ch\/wp-content\/uploads\/2023\/09\/Leuchtkasten_Bern_Transgourmet_dunkel-400x300.jpg 400w, https:\/\/flagprint.ch\/wp-content\/uploads\/2023\/09\/Leuchtkasten_Bern_Transgourmet_dunkel-800x600.jpg 800w, https:\/\/flagprint.ch\/wp-content\/uploads\/2023\/09\/Leuchtkasten_Bern_Transgourmet_dunkel-1200x900.jpg 1200w, https:\/\/flagprint.ch\/wp-content\/uploads\/2023\/09\/Leuchtkasten_Bern_Transgourmet_dunkel-768x576.jpg 768w, https:\/\/flagprint.ch\/wp-content\/uploads\/2023\/09\/Leuchtkasten_Bern_Transgourmet_dunkel-1536x1152.jpg 1536w, https:\/\/flagprint.ch\/wp-content\/uploads\/2023\/09\/Leuchtkasten_Bern_Transgourmet_dunkel.jpg 1600w\" sizes=\"(max-width: 400px) 100vw, 400px\"><\/a>\n\t\t\t<\/div>\n\t\t\t\t<figcaption class='wp-caption-text gallery-caption' id='gallery-6-34423'>\n\t\t\t\tLeuchtkasten lightframe Sitzungszimmer\n\t\t\t\t<\/figcaption><\/figure><figure class='gallery-item'>\n\t\t\t<div class='gallery-icon landscape'>\n\t\t\t\t<a  href='https:\/\/flagprint.ch\/wp-content\/uploads\/2023\/02\/foto_005.jpg' title=\"Le caisson lumineux\u00e0 la premi\u00e8re suisse d&#039;Audi\" data-rl_title=\"Le caisson lumineux\u00e0 la premi\u00e8re suisse d&#039;Audi\" class=\"rl-gallery-link\" data-rl_caption=\"\" data-rel=\"fp-lightbox-gallery-6\"><img loading=\"lazy\" decoding=\"async\" width=\"400\" height=\"267\" src=\"https:\/\/flagprint.ch\/wp-content\/uploads\/2023\/02\/foto_005-400x267.jpg\" class=\"attachment-thumbnail size-thumbnail\" alt=\"\" aria-describedby=\"gallery-6-32846\" srcset=\"https:\/\/flagprint.ch\/wp-content\/uploads\/2023\/02\/foto_005-400x267.jpg 400w, https:\/\/flagprint.ch\/wp-content\/uploads\/2023\/02\/foto_005-800x534.jpg 800w, https:\/\/flagprint.ch\/wp-content\/uploads\/2023\/02\/foto_005-1200x800.jpg 1200w, https:\/\/flagprint.ch\/wp-content\/uploads\/2023\/02\/foto_005-768x512.jpg 768w, https:\/\/flagprint.ch\/wp-content\/uploads\/2023\/02\/foto_005-1536x1025.jpg 1536w, https:\/\/flagprint.ch\/wp-content\/uploads\/2023\/02\/foto_005.jpg 2000w\" sizes=\"(max-width: 400px) 100vw, 400px\"><\/a>\n\t\t\t<\/div>\n\t\t\t\t<figcaption class='wp-caption-text gallery-caption' id='gallery-6-32846'>\n\t\t\t\tLe caisson lumineux\u00e0 la premi\u00e8re suisse d&rsquo;Audi\n\t\t\t\t<\/figcaption><\/figure><figure class='gallery-item'>\n\t\t\t<div class='gallery-icon landscape'>\n\t\t\t\t<a  href='https:\/\/flagprint.ch\/wp-content\/uploads\/2023\/02\/foto_006.jpg' title=\"lightframe \u00e0 la premi\u00e8re suisse d&#039;Audi\" data-rl_title=\"lightframe \u00e0 la premi\u00e8re suisse d&#039;Audi\" class=\"rl-gallery-link\" data-rl_caption=\"\" data-rel=\"fp-lightbox-gallery-6\"><img loading=\"lazy\" decoding=\"async\" width=\"400\" height=\"267\" src=\"https:\/\/flagprint.ch\/wp-content\/uploads\/2023\/02\/foto_006-400x267.jpg\" class=\"attachment-thumbnail size-thumbnail\" alt=\"\" aria-describedby=\"gallery-6-32855\" srcset=\"https:\/\/flagprint.ch\/wp-content\/uploads\/2023\/02\/foto_006-400x267.jpg 400w, https:\/\/flagprint.ch\/wp-content\/uploads\/2023\/02\/foto_006-800x534.jpg 800w, https:\/\/flagprint.ch\/wp-content\/uploads\/2023\/02\/foto_006-1200x800.jpg 1200w, https:\/\/flagprint.ch\/wp-content\/uploads\/2023\/02\/foto_006-768x512.jpg 768w, https:\/\/flagprint.ch\/wp-content\/uploads\/2023\/02\/foto_006-1536x1025.jpg 1536w, https:\/\/flagprint.ch\/wp-content\/uploads\/2023\/02\/foto_006.jpg 2000w\" sizes=\"(max-width: 400px) 100vw, 400px\"><\/a>\n\t\t\t<\/div>\n\t\t\t\t<figcaption class='wp-caption-text gallery-caption' id='gallery-6-32855'>\n\t\t\t\tlightframe \u00e0 la premi\u00e8re suisse d&rsquo;Audi\n\t\t\t\t<\/figcaption><\/figure><figure class='gallery-item'>\n\t\t\t<div class='gallery-icon landscape'>\n\t\t\t\t<a  href='https:\/\/flagprint.ch\/wp-content\/uploads\/2023\/02\/foto_010.jpg' title=\"lightframe \u00e0 la premi\u00e8re suisse d&#039;Audi\" data-rl_title=\"lightframe \u00e0 la premi\u00e8re suisse d&#039;Audi\" class=\"rl-gallery-link\" data-rl_caption=\"lightframe an der Schweizer Audi Premiere\" data-rel=\"fp-lightbox-gallery-6\"><img loading=\"lazy\" decoding=\"async\" width=\"400\" height=\"267\" src=\"https:\/\/flagprint.ch\/wp-content\/uploads\/2023\/02\/foto_010-400x267.jpg\" class=\"attachment-thumbnail size-thumbnail\" alt=\"\" aria-describedby=\"gallery-6-32859\" srcset=\"https:\/\/flagprint.ch\/wp-content\/uploads\/2023\/02\/foto_010-400x267.jpg 400w, https:\/\/flagprint.ch\/wp-content\/uploads\/2023\/02\/foto_010-800x534.jpg 800w, https:\/\/flagprint.ch\/wp-content\/uploads\/2023\/02\/foto_010-1200x800.jpg 1200w, https:\/\/flagprint.ch\/wp-content\/uploads\/2023\/02\/foto_010-768x512.jpg 768w, https:\/\/flagprint.ch\/wp-content\/uploads\/2023\/02\/foto_010-1536x1025.jpg 1536w, https:\/\/flagprint.ch\/wp-content\/uploads\/2023\/02\/foto_010.jpg 2000w\" sizes=\"(max-width: 400px) 100vw, 400px\"><\/a>\n\t\t\t<\/div>\n\t\t\t\t<figcaption class='wp-caption-text gallery-caption' id='gallery-6-32859'>\n\t\t\t\tlightframe \u00e0 la premi\u00e8re suisse d&rsquo;Audi\n\t\t\t\t<\/figcaption><\/figure><figure class='gallery-item'>\n\t\t\t<div class='gallery-icon landscape'>\n\t\t\t\t<a  href='https:\/\/flagprint.ch\/wp-content\/uploads\/2024\/02\/flagprint-Leuchtkasten-lightframe-LF500-100x200cm-2.jpeg' title=\"Mobiler Leuchtkasten lightframe LF500\" data-rl_title=\"Mobiler Leuchtkasten lightframe LF500\" class=\"rl-gallery-link\" data-rl_caption=\"Das lightframe LF500 ist federleicht &amp; leuchtstark. Mit hochwertiger LED-Technik &amp; individuell-bedrucktem Stoff. Schneller Aufbau &amp; kompakte Verpackung.\" data-rel=\"fp-lightbox-gallery-6\"><img loading=\"lazy\" decoding=\"async\" width=\"400\" height=\"300\" src=\"https:\/\/flagprint.ch\/wp-content\/uploads\/2024\/02\/flagprint-Leuchtkasten-lightframe-LF500-100x200cm-2-400x300.jpeg\" class=\"attachment-thumbnail size-thumbnail\" alt=\"Das lightframe LF500 ist federleicht &amp; leuchtstark. Mit hochwertiger LED-Technik &amp; individuell-bedrucktem Stoff. Schneller Aufbau &amp; kompakte Verpackung.\" aria-describedby=\"gallery-6-35743\" srcset=\"https:\/\/flagprint.ch\/wp-content\/uploads\/2024\/02\/flagprint-Leuchtkasten-lightframe-LF500-100x200cm-2-400x300.jpeg 400w, https:\/\/flagprint.ch\/wp-content\/uploads\/2024\/02\/flagprint-Leuchtkasten-lightframe-LF500-100x200cm-2-800x600.jpeg 800w, https:\/\/flagprint.ch\/wp-content\/uploads\/2024\/02\/flagprint-Leuchtkasten-lightframe-LF500-100x200cm-2-1200x900.jpeg 1200w, https:\/\/flagprint.ch\/wp-content\/uploads\/2024\/02\/flagprint-Leuchtkasten-lightframe-LF500-100x200cm-2-768x576.jpeg 768w, https:\/\/flagprint.ch\/wp-content\/uploads\/2024\/02\/flagprint-Leuchtkasten-lightframe-LF500-100x200cm-2-1536x1152.jpeg 1536w, https:\/\/flagprint.ch\/wp-content\/uploads\/2024\/02\/flagprint-Leuchtkasten-lightframe-LF500-100x200cm-2.jpeg 1600w\" sizes=\"(max-width: 400px) 100vw, 400px\" \/><\/a>\n\t\t\t<\/div>\n\t\t\t\t<figcaption class='wp-caption-text gallery-caption' id='gallery-6-35743'>\n\t\t\t\tMobiler Leuchtkasten lightframe LF500\n\t\t\t\t<\/figcaption><\/figure><figure class='gallery-item'>\n\t\t\t<div class='gallery-icon landscape'>\n\t\t\t\t<a  href='https:\/\/flagprint.ch\/wp-content\/uploads\/2024\/02\/lightframe.jpg' title=\"Leuchtkasten und Leuchttheke lightframe\" data-rl_title=\"Leuchtkasten und Leuchttheke lightframe\" class=\"rl-gallery-link\" data-rl_caption=\"\" data-rel=\"fp-lightbox-gallery-6\"><img loading=\"lazy\" decoding=\"async\" width=\"400\" height=\"300\" src=\"https:\/\/flagprint.ch\/wp-content\/uploads\/2024\/02\/lightframe-400x300.jpg\" class=\"attachment-thumbnail size-thumbnail\" alt=\"\" aria-describedby=\"gallery-6-35406\" srcset=\"https:\/\/flagprint.ch\/wp-content\/uploads\/2024\/02\/lightframe-400x300.jpg 400w, https:\/\/flagprint.ch\/wp-content\/uploads\/2024\/02\/lightframe-800x600.jpg 800w, https:\/\/flagprint.ch\/wp-content\/uploads\/2024\/02\/lightframe-1200x900.jpg 1200w, https:\/\/flagprint.ch\/wp-content\/uploads\/2024\/02\/lightframe-768x576.jpg 768w, https:\/\/flagprint.ch\/wp-content\/uploads\/2024\/02\/lightframe-1536x1152.jpg 1536w, https:\/\/flagprint.ch\/wp-content\/uploads\/2024\/02\/lightframe.jpg 1600w\" sizes=\"(max-width: 400px) 100vw, 400px\"><\/a>\n\t\t\t<\/div>\n\t\t\t\t<figcaption class='wp-caption-text gallery-caption' id='gallery-6-35406'>\n\t\t\t\tLeuchtkasten und Leuchttheke lightframe\n\t\t\t\t<\/figcaption><\/figure><figure class='gallery-item'>\n\t\t\t<div class='gallery-icon landscape'>\n\t\t\t\t<a  href='https:\/\/flagprint.ch\/wp-content\/uploads\/2022\/08\/Swissone_Lightframe_ml.png' title=\"Messestand mit Leuchtk\u00e4sten f\u00fcr den Messeauftritt von Swissone\" data-rl_title=\"Messestand mit Leuchtk\u00e4sten f\u00fcr den Messeauftritt von Swissone\" class=\"rl-gallery-link\" data-rl_caption=\"Messestand mit Leuchtk\u00e4sten f\u00fcr den Messeauftritt von SwissOne.\" data-rel=\"fp-lightbox-gallery-6\"><img loading=\"lazy\" decoding=\"async\" width=\"400\" height=\"300\" src=\"https:\/\/flagprint.ch\/wp-content\/uploads\/2022\/08\/Swissone_Lightframe_ml-400x300.png\" class=\"attachment-thumbnail size-thumbnail\" alt=\"\" aria-describedby=\"gallery-6-30463\" srcset=\"https:\/\/flagprint.ch\/wp-content\/uploads\/2022\/08\/Swissone_Lightframe_ml-400x300.png 400w, https:\/\/flagprint.ch\/wp-content\/uploads\/2022\/08\/Swissone_Lightframe_ml-800x600.png 800w, https:\/\/flagprint.ch\/wp-content\/uploads\/2022\/08\/Swissone_Lightframe_ml-1200x900.png 1200w, https:\/\/flagprint.ch\/wp-content\/uploads\/2022\/08\/Swissone_Lightframe_ml-768x576.png 768w, https:\/\/flagprint.ch\/wp-content\/uploads\/2022\/08\/Swissone_Lightframe_ml-1536x1152.png 1536w, https:\/\/flagprint.ch\/wp-content\/uploads\/2022\/08\/Swissone_Lightframe_ml.png 1560w\" sizes=\"(max-width: 400px) 100vw, 400px\"><\/a>\n\t\t\t<\/div>\n\t\t\t\t<figcaption class='wp-caption-text gallery-caption' id='gallery-6-30463'>\n\t\t\t\tMessestand mit Leuchtk\u00e4sten f\u00fcr den Messeauftritt von Swissone\n\t\t\t\t<\/figcaption><\/figure><figure class='gallery-item'>\n\t\t\t<div class='gallery-icon landscape'>\n\t\t\t\t<a  href='https:\/\/flagprint.ch\/wp-content\/uploads\/2022\/05\/swissone-beleuchtet.jpg' title=\"Caisson lumineux lightframe LF500 de Swissone \u00e9clair\u00e9\" data-rl_title=\"Caisson lumineux lightframe LF500 de Swissone \u00e9clair\u00e9\" class=\"rl-gallery-link\" data-rl_caption=\"Mobiler Leuchtkasten lightframe LF500\" data-rel=\"fp-lightbox-gallery-6\"><img loading=\"lazy\" decoding=\"async\" width=\"400\" height=\"300\" src=\"https:\/\/flagprint.ch\/wp-content\/uploads\/2022\/05\/swissone-beleuchtet-400x300.jpg\" class=\"attachment-thumbnail size-thumbnail\" alt=\"Das lightframe LF500 ist federleicht &amp; leuchtstark. Mit hochwertiger LED-Technik &amp; individuell-bedrucktem Stoff. Schneller Aufbau &amp; kompakte Verpackung.\" aria-describedby=\"gallery-6-29192\" srcset=\"https:\/\/flagprint.ch\/wp-content\/uploads\/2022\/05\/swissone-beleuchtet-400x300.jpg 400w, https:\/\/flagprint.ch\/wp-content\/uploads\/2022\/05\/swissone-beleuchtet-800x600.jpg 800w, https:\/\/flagprint.ch\/wp-content\/uploads\/2022\/05\/swissone-beleuchtet-1200x900.jpg 1200w, https:\/\/flagprint.ch\/wp-content\/uploads\/2022\/05\/swissone-beleuchtet-768x576.jpg 768w, https:\/\/flagprint.ch\/wp-content\/uploads\/2022\/05\/swissone-beleuchtet-1536x1152.jpg 1536w, https:\/\/flagprint.ch\/wp-content\/uploads\/2022\/05\/swissone-beleuchtet.jpg 1600w\" sizes=\"(max-width: 400px) 100vw, 400px\" \/><\/a>\n\t\t\t<\/div>\n\t\t\t\t<figcaption class='wp-caption-text gallery-caption' id='gallery-6-29192'>\n\t\t\t\tCaisson lumineux lightframe LF500 de Swissone \u00e9clair\u00e9\n\t\t\t\t<\/figcaption><\/figure><figure class='gallery-item'>\n\t\t\t<div class='gallery-icon landscape'>\n\t\t\t\t<a  href='https:\/\/flagprint.ch\/wp-content\/uploads\/2020\/12\/lightframe-lf500-leuchtkasten-display-stoffprint-mobiliar.jpg' title=\"lightframe auf der B\u00fchne\" data-rl_title=\"lightframe auf der B\u00fchne\" class=\"rl-gallery-link\" data-rl_caption=\"Sch\u00f6n ausgeleuchtete Sekund\u00e4rfarben der Mobiliar auf dem lightframe.\" data-rel=\"fp-lightbox-gallery-6\"><img loading=\"lazy\" decoding=\"async\" width=\"400\" height=\"300\" src=\"https:\/\/flagprint.ch\/wp-content\/uploads\/2020\/12\/lightframe-lf500-leuchtkasten-display-stoffprint-mobiliar-400x300.jpg\" class=\"attachment-thumbnail size-thumbnail\" alt=\"Das lightframe LF500 ist federleicht &amp; leuchtstark. Mit hochwertiger LED-Technik &amp; individuell-bedrucktem Stoff. Schneller Aufbau &amp; kompakte Verpackung.\" aria-describedby=\"gallery-6-12514\" srcset=\"https:\/\/flagprint.ch\/wp-content\/uploads\/2020\/12\/lightframe-lf500-leuchtkasten-display-stoffprint-mobiliar-400x300.jpg 400w, https:\/\/flagprint.ch\/wp-content\/uploads\/2020\/12\/lightframe-lf500-leuchtkasten-display-stoffprint-mobiliar-800x600.jpg 800w, https:\/\/flagprint.ch\/wp-content\/uploads\/2020\/12\/lightframe-lf500-leuchtkasten-display-stoffprint-mobiliar-1200x900.jpg 1200w, https:\/\/flagprint.ch\/wp-content\/uploads\/2020\/12\/lightframe-lf500-leuchtkasten-display-stoffprint-mobiliar-768x576.jpg 768w, https:\/\/flagprint.ch\/wp-content\/uploads\/2020\/12\/lightframe-lf500-leuchtkasten-display-stoffprint-mobiliar-1536x1152.jpg 1536w, https:\/\/flagprint.ch\/wp-content\/uploads\/2020\/12\/lightframe-lf500-leuchtkasten-display-stoffprint-mobiliar.jpg 1600w\" sizes=\"(max-width: 400px) 100vw, 400px\" \/><\/a>\n\t\t\t<\/div>\n\t\t\t\t<figcaption class='wp-caption-text gallery-caption' id='gallery-6-12514'>\n\t\t\t\tlightframe auf der B\u00fchne\n\t\t\t\t<\/figcaption><\/figure><figure class='gallery-item'>\n\t\t\t<div class='gallery-icon landscape'>\n\t\t\t\t<a  href='https:\/\/flagprint.ch\/wp-content\/uploads\/2020\/01\/messe-event-mobiler-leuchtkasten-lightframe-lf580-theke-counter-v2.jpg' title=\"Comptoir \u00e9clair\u00e9 mobile lightframe LF580\" data-rl_title=\"Comptoir \u00e9clair\u00e9 mobile lightframe LF580\" class=\"rl-gallery-link\" data-rl_caption=\"Le comptoir \u00e9clair\u00e9 mobile, le lightframe LF580, vous permettra d\u2019impressionner sur les salons et \u00e9v\u00e8nements.\" data-rel=\"fp-lightbox-gallery-6\"><img loading=\"lazy\" decoding=\"async\" width=\"400\" height=\"300\" src=\"https:\/\/flagprint.ch\/wp-content\/uploads\/2020\/01\/messe-event-mobiler-leuchtkasten-lightframe-lf580-theke-counter-v2-400x300.jpg\" class=\"attachment-thumbnail size-thumbnail\" alt=\"Le comptoir \u00e9clair\u00e9 mobile, le lightframe LF580, vous permettra d\u2019impressionner sur les salons et \u00e9v\u00e8nements. Le syst\u00e8me de comptoir mobile est \u00e9quip\u00e9 d\u2019un \u00e9clairage \u00e0 l\u2019avant et d\u2019un compartiment de rangement \u00e0 l\u2019arri\u00e8re.\" aria-describedby=\"gallery-6-9682\" srcset=\"https:\/\/flagprint.ch\/wp-content\/uploads\/2020\/01\/messe-event-mobiler-leuchtkasten-lightframe-lf580-theke-counter-v2-400x300.jpg 400w, https:\/\/flagprint.ch\/wp-content\/uploads\/2020\/01\/messe-event-mobiler-leuchtkasten-lightframe-lf580-theke-counter-v2-800x600.jpg 800w, https:\/\/flagprint.ch\/wp-content\/uploads\/2020\/01\/messe-event-mobiler-leuchtkasten-lightframe-lf580-theke-counter-v2-768x576.jpg 768w, https:\/\/flagprint.ch\/wp-content\/uploads\/2020\/01\/messe-event-mobiler-leuchtkasten-lightframe-lf580-theke-counter-v2-1200x900.jpg 1200w, https:\/\/flagprint.ch\/wp-content\/uploads\/2020\/01\/messe-event-mobiler-leuchtkasten-lightframe-lf580-theke-counter-v2.jpg 1600w\" sizes=\"(max-width: 400px) 100vw, 400px\" \/><\/a>\n\t\t\t<\/div>\n\t\t\t\t<figcaption class='wp-caption-text gallery-caption' id='gallery-6-9682'>\n\t\t\t\tComptoir \u00e9clair\u00e9 mobile lightframe LF580\n\t\t\t\t<\/figcaption><\/figure><figure class='gallery-item'>\n\t\t\t<div class='gallery-icon landscape'>\n\t\t\t\t<a  href='https:\/\/flagprint.ch\/wp-content\/uploads\/2020\/01\/lightframe-counter-lf550-flagprint-messe-event-rollkoffer-v2.jpg' title=\"Mobile Leuchttheke lightframe LF550\" data-rl_title=\"Mobile Leuchttheke lightframe LF550\" class=\"rl-gallery-link\" data-rl_caption=\"Mit unserer Leuchttheke, dem lightframe LF550, hinterlassen Sie einen gl\u00e4nzenden Eindruck bei Ihren Kunden.\" data-rel=\"fp-lightbox-gallery-6\"><img loading=\"lazy\" decoding=\"async\" width=\"400\" height=\"300\" src=\"https:\/\/flagprint.ch\/wp-content\/uploads\/2020\/01\/lightframe-counter-lf550-flagprint-messe-event-rollkoffer-v2-400x300.jpg\" class=\"attachment-thumbnail size-thumbnail\" alt=\"Mit unserer Leuchttheke, dem lightframe LF550, hinterlassen Sie einen gl\u00e4nzenden Eindruck bei Ihren Kunden. Das mobile Thekensystem ist beidseitig beleuchtet und besitzt eine faltbare Thekenplatte.\" aria-describedby=\"gallery-6-9679\" srcset=\"https:\/\/flagprint.ch\/wp-content\/uploads\/2020\/01\/lightframe-counter-lf550-flagprint-messe-event-rollkoffer-v2-400x300.jpg 400w, https:\/\/flagprint.ch\/wp-content\/uploads\/2020\/01\/lightframe-counter-lf550-flagprint-messe-event-rollkoffer-v2-800x600.jpg 800w, https:\/\/flagprint.ch\/wp-content\/uploads\/2020\/01\/lightframe-counter-lf550-flagprint-messe-event-rollkoffer-v2-768x576.jpg 768w, https:\/\/flagprint.ch\/wp-content\/uploads\/2020\/01\/lightframe-counter-lf550-flagprint-messe-event-rollkoffer-v2-1200x900.jpg 1200w, https:\/\/flagprint.ch\/wp-content\/uploads\/2020\/01\/lightframe-counter-lf550-flagprint-messe-event-rollkoffer-v2.jpg 1600w\" sizes=\"(max-width: 400px) 100vw, 400px\" \/><\/a>\n\t\t\t<\/div>\n\t\t\t\t<figcaption class='wp-caption-text gallery-caption' id='gallery-6-9679'>\n\t\t\t\tMobile Leuchttheke lightframe LF550\n\t\t\t\t<\/figcaption><\/figure><figure class='gallery-item'>\n\t\t\t<div class='gallery-icon landscape'>\n\t\t\t\t<a  href='https:\/\/flagprint.ch\/wp-content\/uploads\/2020\/01\/lightframe-counter-lf550-flagprint-messe-event-display-system.jpg' title=\"Comptoir \u00e9clair\u00e9 mobile lightframe LF550\" data-rl_title=\"Comptoir \u00e9clair\u00e9 mobile lightframe LF550\" class=\"rl-gallery-link\" data-rl_caption=\"Avec notre comptoir \u00e9clair\u00e9, le lightframe LF550, vous allez laisser une impression lumineuse chez vos clients.\" data-rel=\"fp-lightbox-gallery-6\"><img loading=\"lazy\" decoding=\"async\" width=\"400\" height=\"300\" src=\"https:\/\/flagprint.ch\/wp-content\/uploads\/2020\/01\/lightframe-counter-lf550-flagprint-messe-event-display-system-400x300.jpg\" class=\"attachment-thumbnail size-thumbnail\" alt=\"Avec notre comptoir \u00e9clair\u00e9, le lightframe LF550, vous allez laisser une impression lumineuse chez vos clients. Le syst\u00e8me de comptoir mobile est \u00e9clair\u00e9 des deux c\u00f4t\u00e9s et poss\u00e8de un plateau pliable.\" aria-describedby=\"gallery-6-9652\" srcset=\"https:\/\/flagprint.ch\/wp-content\/uploads\/2020\/01\/lightframe-counter-lf550-flagprint-messe-event-display-system-400x300.jpg 400w, https:\/\/flagprint.ch\/wp-content\/uploads\/2020\/01\/lightframe-counter-lf550-flagprint-messe-event-display-system-800x600.jpg 800w, https:\/\/flagprint.ch\/wp-content\/uploads\/2020\/01\/lightframe-counter-lf550-flagprint-messe-event-display-system-768x576.jpg 768w, https:\/\/flagprint.ch\/wp-content\/uploads\/2020\/01\/lightframe-counter-lf550-flagprint-messe-event-display-system-1200x900.jpg 1200w, https:\/\/flagprint.ch\/wp-content\/uploads\/2020\/01\/lightframe-counter-lf550-flagprint-messe-event-display-system.jpg 1600w\" sizes=\"(max-width: 400px) 100vw, 400px\" \/><\/a>\n\t\t\t<\/div>\n\t\t\t\t<figcaption class='wp-caption-text gallery-caption' id='gallery-6-9652'>\n\t\t\t\tComptoir \u00e9clair\u00e9 mobile lightframe LF550\n\t\t\t\t<\/figcaption><\/figure><figure class='gallery-item'>\n\t\t\t<div class='gallery-icon landscape'>\n\t\t\t\t<a  href='https:\/\/flagprint.ch\/wp-content\/uploads\/2020\/01\/lightframe-counter-lf550-flagprint-messe-event-display.jpg' title=\"Comptoir \u00e9clair\u00e9 mobile lightframe LF550\" data-rl_title=\"Comptoir \u00e9clair\u00e9 mobile lightframe LF550\" class=\"rl-gallery-link\" data-rl_caption=\"Avec notre comptoir \u00e9clair\u00e9, le lightframe LF550, vous allez laisser une impression lumineuse chez vos clients.\" data-rel=\"fp-lightbox-gallery-6\"><img loading=\"lazy\" decoding=\"async\" width=\"400\" height=\"300\" src=\"https:\/\/flagprint.ch\/wp-content\/uploads\/2020\/01\/lightframe-counter-lf550-flagprint-messe-event-display-400x300.jpg\" class=\"attachment-thumbnail size-thumbnail\" alt=\"Avec notre comptoir \u00e9clair\u00e9, le lightframe LF550, vous allez laisser une impression lumineuse chez vos clients. Le syst\u00e8me de comptoir mobile est \u00e9clair\u00e9 des deux c\u00f4t\u00e9s et poss\u00e8de un plateau pliable.\" aria-describedby=\"gallery-6-9650\" srcset=\"https:\/\/flagprint.ch\/wp-content\/uploads\/2020\/01\/lightframe-counter-lf550-flagprint-messe-event-display-400x300.jpg 400w, https:\/\/flagprint.ch\/wp-content\/uploads\/2020\/01\/lightframe-counter-lf550-flagprint-messe-event-display-800x600.jpg 800w, https:\/\/flagprint.ch\/wp-content\/uploads\/2020\/01\/lightframe-counter-lf550-flagprint-messe-event-display-768x576.jpg 768w, https:\/\/flagprint.ch\/wp-content\/uploads\/2020\/01\/lightframe-counter-lf550-flagprint-messe-event-display-1200x900.jpg 1200w, https:\/\/flagprint.ch\/wp-content\/uploads\/2020\/01\/lightframe-counter-lf550-flagprint-messe-event-display.jpg 1600w\" sizes=\"(max-width: 400px) 100vw, 400px\" \/><\/a>\n\t\t\t<\/div>\n\t\t\t\t<figcaption class='wp-caption-text gallery-caption' id='gallery-6-9650'>\n\t\t\t\tComptoir \u00e9clair\u00e9 mobile lightframe LF550\n\t\t\t\t<\/figcaption><\/figure><figure class='gallery-item'>\n\t\t\t<div class='gallery-icon landscape'>\n\t\t\t\t<a  href='https:\/\/flagprint.ch\/wp-content\/uploads\/2020\/01\/lightframe-counter-lf550-flagprint-messe-event-detail.jpg' title=\"Comptoir \u00e9clair\u00e9 mobile lightframe LF550\" data-rl_title=\"Comptoir \u00e9clair\u00e9 mobile lightframe LF550\" class=\"rl-gallery-link\" data-rl_caption=\"Le syst\u00e8me de comptoir mobile est \u00e9clair\u00e9 des deux c\u00f4t\u00e9s et poss\u00e8de un plateau pliable.\" data-rel=\"fp-lightbox-gallery-6\"><img loading=\"lazy\" decoding=\"async\" width=\"400\" height=\"300\" src=\"https:\/\/flagprint.ch\/wp-content\/uploads\/2020\/01\/lightframe-counter-lf550-flagprint-messe-event-detail-400x300.jpg\" class=\"attachment-thumbnail size-thumbnail\" alt=\"Avec notre comptoir \u00e9clair\u00e9, le lightframe LF550, vous allez laisser une impression lumineuse chez vos clients. Le syst\u00e8me de comptoir mobile est \u00e9clair\u00e9 des deux c\u00f4t\u00e9s et poss\u00e8de un plateau pliable.\" aria-describedby=\"gallery-6-9648\" srcset=\"https:\/\/flagprint.ch\/wp-content\/uploads\/2020\/01\/lightframe-counter-lf550-flagprint-messe-event-detail-400x300.jpg 400w, https:\/\/flagprint.ch\/wp-content\/uploads\/2020\/01\/lightframe-counter-lf550-flagprint-messe-event-detail-800x600.jpg 800w, https:\/\/flagprint.ch\/wp-content\/uploads\/2020\/01\/lightframe-counter-lf550-flagprint-messe-event-detail-768x576.jpg 768w, https:\/\/flagprint.ch\/wp-content\/uploads\/2020\/01\/lightframe-counter-lf550-flagprint-messe-event-detail-1200x900.jpg 1200w, https:\/\/flagprint.ch\/wp-content\/uploads\/2020\/01\/lightframe-counter-lf550-flagprint-messe-event-detail.jpg 1600w\" sizes=\"(max-width: 400px) 100vw, 400px\" \/><\/a>\n\t\t\t<\/div>\n\t\t\t\t<figcaption class='wp-caption-text gallery-caption' id='gallery-6-9648'>\n\t\t\t\tComptoir \u00e9clair\u00e9 mobile lightframe LF550\n\t\t\t\t<\/figcaption><\/figure><figure class='gallery-item'>\n\t\t\t<div class='gallery-icon landscape'>\n\t\t\t\t<a  href='https:\/\/flagprint.ch\/wp-content\/uploads\/2020\/01\/lightframe-counter-lf580-flagprint-messe-event.jpg' title=\"Comptoir \u00e9clair\u00e9 mobile lightframe LF580\" data-rl_title=\"Comptoir \u00e9clair\u00e9 mobile lightframe LF580\" class=\"rl-gallery-link\" data-rl_caption=\"Der mobile Leuchtcounter, das lightframe LF580, beschert Ihnen einen eindrucksvollen Auftritt an Messen und Events.\" data-rel=\"fp-lightbox-gallery-6\"><img loading=\"lazy\" decoding=\"async\" width=\"400\" height=\"300\" src=\"https:\/\/flagprint.ch\/wp-content\/uploads\/2020\/01\/lightframe-counter-lf580-flagprint-messe-event-400x300.jpg\" class=\"attachment-thumbnail size-thumbnail\" alt=\"Der mobile Leuchtcounter, das lightframe LF580, beschert Ihnen einen eindrucksvollen Auftritt an Messen und Events. Das mobile Thekensystem ist mit einer beleuchteten Frontseite und einem Ablagefach auf der R\u00fcckseite ausgestattet.\" aria-describedby=\"gallery-6-9645\" srcset=\"https:\/\/flagprint.ch\/wp-content\/uploads\/2020\/01\/lightframe-counter-lf580-flagprint-messe-event-400x300.jpg 400w, https:\/\/flagprint.ch\/wp-content\/uploads\/2020\/01\/lightframe-counter-lf580-flagprint-messe-event-800x600.jpg 800w, https:\/\/flagprint.ch\/wp-content\/uploads\/2020\/01\/lightframe-counter-lf580-flagprint-messe-event-768x576.jpg 768w, https:\/\/flagprint.ch\/wp-content\/uploads\/2020\/01\/lightframe-counter-lf580-flagprint-messe-event-1200x900.jpg 1200w, https:\/\/flagprint.ch\/wp-content\/uploads\/2020\/01\/lightframe-counter-lf580-flagprint-messe-event.jpg 1600w\" sizes=\"(max-width: 400px) 100vw, 400px\" \/><\/a>\n\t\t\t<\/div>\n\t\t\t\t<figcaption class='wp-caption-text gallery-caption' id='gallery-6-9645'>\n\t\t\t\tComptoir \u00e9clair\u00e9 mobile lightframe LF580\n\t\t\t\t<\/figcaption><\/figure><figure class='gallery-item'>\n\t\t\t<div class='gallery-icon landscape'>\n\t\t\t\t<a  href='https:\/\/flagprint.ch\/wp-content\/uploads\/2020\/01\/lightframe-counter-detail-ablage-messe-event.jpg' title=\"Comptoir \u00e9clair\u00e9 mobile lightframe LF580\" data-rl_title=\"Comptoir \u00e9clair\u00e9 mobile lightframe LF580\" class=\"rl-gallery-link\" data-rl_caption=\"Le syst\u00e8me de comptoir mobile est \u00e9quip\u00e9 d\u2019un \u00e9clairage \u00e0 l\u2019avant et d\u2019un compartiment de rangement \u00e0 l\u2019arri\u00e8re.\" data-rel=\"fp-lightbox-gallery-6\"><img loading=\"lazy\" decoding=\"async\" width=\"400\" height=\"300\" src=\"https:\/\/flagprint.ch\/wp-content\/uploads\/2020\/01\/lightframe-counter-detail-ablage-messe-event-400x300.jpg\" class=\"attachment-thumbnail size-thumbnail\" alt=\"Le comptoir \u00e9clair\u00e9 mobile, le lightframe LF580, vous permettra d\u2019impressionner sur les salons et \u00e9v\u00e8nements. Le syst\u00e8me de comptoir mobile est \u00e9quip\u00e9 d\u2019un \u00e9clairage \u00e0 l\u2019avant et d\u2019un compartiment de rangement \u00e0 l\u2019arri\u00e8re.\" aria-describedby=\"gallery-6-9641\" srcset=\"https:\/\/flagprint.ch\/wp-content\/uploads\/2020\/01\/lightframe-counter-detail-ablage-messe-event-400x300.jpg 400w, https:\/\/flagprint.ch\/wp-content\/uploads\/2020\/01\/lightframe-counter-detail-ablage-messe-event-800x600.jpg 800w, https:\/\/flagprint.ch\/wp-content\/uploads\/2020\/01\/lightframe-counter-detail-ablage-messe-event-768x576.jpg 768w, https:\/\/flagprint.ch\/wp-content\/uploads\/2020\/01\/lightframe-counter-detail-ablage-messe-event-1200x900.jpg 1200w, https:\/\/flagprint.ch\/wp-content\/uploads\/2020\/01\/lightframe-counter-detail-ablage-messe-event.jpg 1600w\" sizes=\"(max-width: 400px) 100vw, 400px\" \/><\/a>\n\t\t\t<\/div>\n\t\t\t\t<figcaption class='wp-caption-text gallery-caption' id='gallery-6-9641'>\n\t\t\t\tComptoir \u00e9clair\u00e9 mobile lightframe LF580\n\t\t\t\t<\/figcaption><\/figure><figure class='gallery-item'>\n\t\t\t<div class='gallery-icon landscape'>\n\t\t\t\t<a  href='https:\/\/flagprint.ch\/wp-content\/uploads\/2020\/01\/lightframe_Counter_LF580-messe-event.jpg' title=\"Comptoir \u00e9clair\u00e9 mobile lightframe LF580\" data-rl_title=\"Comptoir \u00e9clair\u00e9 mobile lightframe LF580\" class=\"rl-gallery-link\" data-rl_caption=\"Le comptoir \u00e9clair\u00e9 mobile, le lightframe LF580, vous permettra d\u2019impressionner sur les salons et \u00e9v\u00e8nements.\" data-rel=\"fp-lightbox-gallery-6\"><img loading=\"lazy\" decoding=\"async\" width=\"400\" height=\"300\" src=\"https:\/\/flagprint.ch\/wp-content\/uploads\/2020\/01\/lightframe_Counter_LF580-messe-event-400x300.jpg\" class=\"attachment-thumbnail size-thumbnail\" alt=\"Le comptoir \u00e9clair\u00e9 mobile, le lightframe LF580, vous permettra d\u2019impressionner sur les salons et \u00e9v\u00e8nements. Le syst\u00e8me de comptoir mobile est \u00e9quip\u00e9 d\u2019un \u00e9clairage \u00e0 l\u2019avant et d\u2019un compartiment de rangement \u00e0 l\u2019arri\u00e8re.\" aria-describedby=\"gallery-6-9639\" srcset=\"https:\/\/flagprint.ch\/wp-content\/uploads\/2020\/01\/lightframe_Counter_LF580-messe-event-400x300.jpg 400w, https:\/\/flagprint.ch\/wp-content\/uploads\/2020\/01\/lightframe_Counter_LF580-messe-event-800x600.jpg 800w, https:\/\/flagprint.ch\/wp-content\/uploads\/2020\/01\/lightframe_Counter_LF580-messe-event-768x576.jpg 768w, https:\/\/flagprint.ch\/wp-content\/uploads\/2020\/01\/lightframe_Counter_LF580-messe-event-1200x900.jpg 1200w, https:\/\/flagprint.ch\/wp-content\/uploads\/2020\/01\/lightframe_Counter_LF580-messe-event.jpg 1600w\" sizes=\"(max-width: 400px) 100vw, 400px\" \/><\/a>\n\t\t\t<\/div>\n\t\t\t\t<figcaption class='wp-caption-text gallery-caption' id='gallery-6-9639'>\n\t\t\t\tComptoir \u00e9clair\u00e9 mobile lightframe LF580\n\t\t\t\t<\/figcaption><\/figure><figure class='gallery-item'>\n\t\t\t<div class='gallery-icon landscape'>\n\t\t\t\t<a  href='https:\/\/flagprint.ch\/wp-content\/uploads\/2020\/01\/lightframe_Counter_LF580_selfcheckout-messe-event.jpg' title=\"Comptoir \u00e9clair\u00e9 mobile lightframe LF580\" data-rl_title=\"Comptoir \u00e9clair\u00e9 mobile lightframe LF580\" class=\"rl-gallery-link\" data-rl_caption=\"Le comptoir \u00e9clair\u00e9 mobile, le lightframe LF580, vous permettra d\u2019impressionner sur les salons et \u00e9v\u00e8nements.\" data-rel=\"fp-lightbox-gallery-6\"><img loading=\"lazy\" decoding=\"async\" width=\"400\" height=\"300\" src=\"https:\/\/flagprint.ch\/wp-content\/uploads\/2020\/01\/lightframe_Counter_LF580_selfcheckout-messe-event-400x300.jpg\" class=\"attachment-thumbnail size-thumbnail\" alt=\"Le comptoir \u00e9clair\u00e9 mobile, le lightframe LF580, vous permettra d\u2019impressionner sur les salons et \u00e9v\u00e8nements. Le syst\u00e8me de comptoir mobile est \u00e9quip\u00e9 d\u2019un \u00e9clairage \u00e0 l\u2019avant et d\u2019un compartiment de rangement \u00e0 l\u2019arri\u00e8re.\" aria-describedby=\"gallery-6-9637\" srcset=\"https:\/\/flagprint.ch\/wp-content\/uploads\/2020\/01\/lightframe_Counter_LF580_selfcheckout-messe-event-400x300.jpg 400w, https:\/\/flagprint.ch\/wp-content\/uploads\/2020\/01\/lightframe_Counter_LF580_selfcheckout-messe-event-800x600.jpg 800w, https:\/\/flagprint.ch\/wp-content\/uploads\/2020\/01\/lightframe_Counter_LF580_selfcheckout-messe-event-768x576.jpg 768w, https:\/\/flagprint.ch\/wp-content\/uploads\/2020\/01\/lightframe_Counter_LF580_selfcheckout-messe-event-1200x900.jpg 1200w, https:\/\/flagprint.ch\/wp-content\/uploads\/2020\/01\/lightframe_Counter_LF580_selfcheckout-messe-event.jpg 1600w\" sizes=\"(max-width: 400px) 100vw, 400px\" \/><\/a>\n\t\t\t<\/div>\n\t\t\t\t<figcaption class='wp-caption-text gallery-caption' id='gallery-6-9637'>\n\t\t\t\tComptoir \u00e9clair\u00e9 mobile lightframe LF580\n\t\t\t\t<\/figcaption><\/figure><figure class='gallery-item'>\n\t\t\t<div class='gallery-icon portrait'>\n\t\t\t\t<a  href='https:\/\/flagprint.ch\/wp-content\/uploads\/2019\/11\/PHOTO-2019-11-12-20-39-53.jpg' title=\"Le caisson lumineux mobile lightframe LF600\" data-rl_title=\"Le caisson lumineux mobile lightframe LF600\" class=\"rl-gallery-link\" data-rl_caption=\"Une luminosit\u00e9 \u00e9lev\u00e9e et un \u00e9clairage uniforme font du lightframe LF600 le champion des affichages lumineux.\" data-rel=\"fp-lightbox-gallery-6\"><img loading=\"lazy\" decoding=\"async\" width=\"300\" height=\"400\" src=\"https:\/\/flagprint.ch\/wp-content\/uploads\/2019\/11\/PHOTO-2019-11-12-20-39-53-300x400.jpg\" class=\"attachment-thumbnail size-thumbnail\" alt=\"Le lightframe LF600 de flagprint est non seulement le plus grand caisson \u00e9clair\u00e9 du march\u00e9, mais il en est aussi le plus flexible.\" aria-describedby=\"gallery-6-9303\" srcset=\"https:\/\/flagprint.ch\/wp-content\/uploads\/2019\/11\/PHOTO-2019-11-12-20-39-53-300x400.jpg 300w, https:\/\/flagprint.ch\/wp-content\/uploads\/2019\/11\/PHOTO-2019-11-12-20-39-53-600x800.jpg 600w, https:\/\/flagprint.ch\/wp-content\/uploads\/2019\/11\/PHOTO-2019-11-12-20-39-53-768x1024.jpg 768w, https:\/\/flagprint.ch\/wp-content\/uploads\/2019\/11\/PHOTO-2019-11-12-20-39-53-900x1200.jpg 900w, https:\/\/flagprint.ch\/wp-content\/uploads\/2019\/11\/PHOTO-2019-11-12-20-39-53.jpg 1200w\" sizes=\"(max-width: 300px) 100vw, 300px\" \/><\/a>\n\t\t\t<\/div>\n\t\t\t\t<figcaption class='wp-caption-text gallery-caption' id='gallery-6-9303'>\n\t\t\t\tLe caisson lumineux mobile lightframe LF600\n\t\t\t\t<\/figcaption><\/figure><figure class='gallery-item'>\n\t\t\t<div class='gallery-icon landscape'>\n\t\t\t\t<a  href='https:\/\/flagprint.ch\/wp-content\/uploads\/2019\/04\/messe-event-mobiler-leuchtkasten-lightframe-lf500_CAScination.jpg' title=\"Das Unternehmen besucht im Jahr rund 10 Kongressanl\u00e4sse\" data-rl_title=\"Das Unternehmen besucht im Jahr rund 10 Kongressanl\u00e4sse\" class=\"rl-gallery-link\" data-rl_caption=\"Das Unternehmen besucht im Jahr rund 10 Kongressanl\u00e4sse\" data-rel=\"fp-lightbox-gallery-6\"><img loading=\"lazy\" decoding=\"async\" width=\"400\" height=\"300\" src=\"https:\/\/flagprint.ch\/wp-content\/uploads\/2019\/04\/messe-event-mobiler-leuchtkasten-lightframe-lf500_CAScination-400x300.jpg\" class=\"attachment-thumbnail size-thumbnail\" alt=\"Der lightframe LF500 ist federleicht &amp; leuchtstark. Mit hochwertiger LED-Technik &amp; individuell-bedrucktem Stoff. Schneller Aufbau &amp; kompakte Verpackung.\" aria-describedby=\"gallery-6-7293\" srcset=\"https:\/\/flagprint.ch\/wp-content\/uploads\/2019\/04\/messe-event-mobiler-leuchtkasten-lightframe-lf500_CAScination-400x300.jpg 400w, https:\/\/flagprint.ch\/wp-content\/uploads\/2019\/04\/messe-event-mobiler-leuchtkasten-lightframe-lf500_CAScination-800x600.jpg 800w, https:\/\/flagprint.ch\/wp-content\/uploads\/2019\/04\/messe-event-mobiler-leuchtkasten-lightframe-lf500_CAScination-768x576.jpg 768w, https:\/\/flagprint.ch\/wp-content\/uploads\/2019\/04\/messe-event-mobiler-leuchtkasten-lightframe-lf500_CAScination-1200x900.jpg 1200w, https:\/\/flagprint.ch\/wp-content\/uploads\/2019\/04\/messe-event-mobiler-leuchtkasten-lightframe-lf500_CAScination.jpg 1600w\" sizes=\"(max-width: 400px) 100vw, 400px\" \/><\/a>\n\t\t\t<\/div>\n\t\t\t\t<figcaption class='wp-caption-text gallery-caption' id='gallery-6-7293'>\n\t\t\t\tDas Unternehmen besucht im Jahr rund 10 Kongressanl\u00e4sse\n\t\t\t\t<\/figcaption><\/figure><figure class='gallery-item'>\n\t\t\t<div class='gallery-icon landscape'>\n\t\t\t\t<a  href='https:\/\/flagprint.ch\/wp-content\/uploads\/2019\/03\/messe-event-mobiler-leuchtkasten-lightframe-lf500-modular.jpg' title=\"Mobiler Leuchtkasten lightframe LF500\" data-rl_title=\"Mobiler Leuchtkasten lightframe LF500\" class=\"rl-gallery-link\" data-rl_caption=\"Mehrere Leuchtk\u00e4sten k\u00f6nnen modular zu einem Ganzen zusammengef\u00fcgt werden.&lt;br \/&gt;\n&lt;a href=&quot;\/produkte\/lightframe-lf500\/&quot;&gt;Zum Produkt&lt;\/a&gt;\" data-rel=\"fp-lightbox-gallery-6\"><img loading=\"lazy\" decoding=\"async\" width=\"400\" height=\"301\" src=\"https:\/\/flagprint.ch\/wp-content\/uploads\/2019\/03\/messe-event-mobiler-leuchtkasten-lightframe-lf500-modular-400x301.jpg\" class=\"attachment-thumbnail size-thumbnail\" alt=\"Der lightframe LF500 ist federleicht &amp; leuchtstark. Mit hochwertiger LED-Technik &amp; individuell-bedrucktem Stoff. Schneller Aufbau &amp; kompakte Verpackung.\" aria-describedby=\"gallery-6-6959\" srcset=\"https:\/\/flagprint.ch\/wp-content\/uploads\/2019\/03\/messe-event-mobiler-leuchtkasten-lightframe-lf500-modular-400x301.jpg 400w, https:\/\/flagprint.ch\/wp-content\/uploads\/2019\/03\/messe-event-mobiler-leuchtkasten-lightframe-lf500-modular-800x603.jpg 800w, https:\/\/flagprint.ch\/wp-content\/uploads\/2019\/03\/messe-event-mobiler-leuchtkasten-lightframe-lf500-modular-768x578.jpg 768w, https:\/\/flagprint.ch\/wp-content\/uploads\/2019\/03\/messe-event-mobiler-leuchtkasten-lightframe-lf500-modular-1200x904.jpg 1200w, https:\/\/flagprint.ch\/wp-content\/uploads\/2019\/03\/messe-event-mobiler-leuchtkasten-lightframe-lf500-modular.jpg 1600w\" sizes=\"(max-width: 400px) 100vw, 400px\" \/><\/a>\n\t\t\t<\/div>\n\t\t\t\t<figcaption class='wp-caption-text gallery-caption' id='gallery-6-6959'>\n\t\t\t\tMobiler Leuchtkasten lightframe LF500\n\t\t\t\t<\/figcaption><\/figure><figure class='gallery-item'>\n\t\t\t<div class='gallery-icon landscape'>\n\t\t\t\t<a  href='https:\/\/flagprint.ch\/wp-content\/uploads\/2019\/04\/messe-event-mobiler-leuchtkasten-lightframe-lf300-medaxis.jpg' title=\"Mobiler Leuchtkasten lightframe LF300 (Pixlip Go)\" data-rl_title=\"Mobiler Leuchtkasten lightframe LF300 (Pixlip Go)\" class=\"rl-gallery-link\" data-rl_caption=\"Mobiler Leuchtkasten lightframe LF300 Messestand unbeleuchtet mit T\u00fcre.&lt;br \/&gt;\n&lt;a href=&quot;\/produkte\/lightframe-lf300\/&quot;&gt;Zum Produkt&lt;\/a&gt;\" data-rel=\"fp-lightbox-gallery-6\"><img loading=\"lazy\" decoding=\"async\" width=\"400\" height=\"300\" src=\"https:\/\/flagprint.ch\/wp-content\/uploads\/2019\/04\/messe-event-mobiler-leuchtkasten-lightframe-lf300-medaxis-400x300.jpg\" class=\"attachment-thumbnail size-thumbnail\" alt=\"Der lightframe LF300 ist die erste mobile Leuchtwerbung aus Kunststoff. Mit individuell-bedrucktem Stoff. Schneller Auf- &amp; Abbau. Praktischer Transport.\" aria-describedby=\"gallery-6-7492\" srcset=\"https:\/\/flagprint.ch\/wp-content\/uploads\/2019\/04\/messe-event-mobiler-leuchtkasten-lightframe-lf300-medaxis-400x300.jpg 400w, https:\/\/flagprint.ch\/wp-content\/uploads\/2019\/04\/messe-event-mobiler-leuchtkasten-lightframe-lf300-medaxis-800x600.jpg 800w, https:\/\/flagprint.ch\/wp-content\/uploads\/2019\/04\/messe-event-mobiler-leuchtkasten-lightframe-lf300-medaxis-768x576.jpg 768w, https:\/\/flagprint.ch\/wp-content\/uploads\/2019\/04\/messe-event-mobiler-leuchtkasten-lightframe-lf300-medaxis-1200x900.jpg 1200w, https:\/\/flagprint.ch\/wp-content\/uploads\/2019\/04\/messe-event-mobiler-leuchtkasten-lightframe-lf300-medaxis.jpg 1600w\" sizes=\"(max-width: 400px) 100vw, 400px\" \/><\/a>\n\t\t\t<\/div>\n\t\t\t\t<figcaption class='wp-caption-text gallery-caption' id='gallery-6-7492'>\n\t\t\t\tMobiler Leuchtkasten lightframe LF300 (Pixlip Go) \n\t\t\t\t<\/figcaption><\/figure><figure class='gallery-item'>\n\t\t\t<div class='gallery-icon portrait'>\n\t\t\t\t<a  href='https:\/\/flagprint.ch\/wp-content\/uploads\/2019\/04\/messe-event-mobiler-leuchtkasten-lightframe-lf500-omega.jpg' title=\"Mobiler Leuchtkasten lightframe LF500\" data-rl_title=\"Mobiler Leuchtkasten lightframe LF500\" class=\"rl-gallery-link\" data-rl_caption=\"Mobiler Leuchtkasten lightframe LF500 im Empfangsbereich.&lt;br \/&gt;\n&lt;a href=&quot;\/produkte\/lightframe-lf500\/&quot;&gt;Zum Produkt&lt;\/a&gt;\" data-rel=\"fp-lightbox-gallery-6\"><img loading=\"lazy\" decoding=\"async\" width=\"300\" height=\"400\" src=\"https:\/\/flagprint.ch\/wp-content\/uploads\/2019\/04\/messe-event-mobiler-leuchtkasten-lightframe-lf500-omega-300x400.jpg\" class=\"attachment-thumbnail size-thumbnail\" alt=\"Der lightframe LF500 ist federleicht &amp; leuchtstark. Mit hochwertiger LED-Technik &amp; individuell-bedrucktem Stoff. Schneller Aufbau &amp; kompakte Verpackung.\" aria-describedby=\"gallery-6-7351\" srcset=\"https:\/\/flagprint.ch\/wp-content\/uploads\/2019\/04\/messe-event-mobiler-leuchtkasten-lightframe-lf500-omega-300x400.jpg 300w, https:\/\/flagprint.ch\/wp-content\/uploads\/2019\/04\/messe-event-mobiler-leuchtkasten-lightframe-lf500-omega-600x800.jpg 600w, https:\/\/flagprint.ch\/wp-content\/uploads\/2019\/04\/messe-event-mobiler-leuchtkasten-lightframe-lf500-omega-768x1024.jpg 768w, https:\/\/flagprint.ch\/wp-content\/uploads\/2019\/04\/messe-event-mobiler-leuchtkasten-lightframe-lf500-omega-900x1200.jpg 900w, https:\/\/flagprint.ch\/wp-content\/uploads\/2019\/04\/messe-event-mobiler-leuchtkasten-lightframe-lf500-omega.jpg 1200w\" sizes=\"(max-width: 300px) 100vw, 300px\" \/><\/a>\n\t\t\t<\/div>\n\t\t\t\t<figcaption class='wp-caption-text gallery-caption' id='gallery-6-7351'>\n\t\t\t\tMobiler Leuchtkasten lightframe LF500\n\t\t\t\t<\/figcaption><\/figure><figure class='gallery-item'>\n\t\t\t<div class='gallery-icon landscape'>\n\t\t\t\t<a  href='https:\/\/flagprint.ch\/wp-content\/uploads\/2019\/06\/flagprint-Titelbild-Referenzen-SEF2019-lightframe.jpg' title=\"Swiss Economic Forum 2019 in Interlaken\" data-rl_title=\"Swiss Economic Forum 2019 in Interlaken\" class=\"rl-gallery-link\" data-rl_caption=\"Signaletik mit dem lightframe lf500 im Messegel\u00e4nde Luzern\" data-rel=\"fp-lightbox-gallery-6\"><img loading=\"lazy\" decoding=\"async\" width=\"400\" height=\"300\" src=\"https:\/\/flagprint.ch\/wp-content\/uploads\/2019\/06\/flagprint-Titelbild-Referenzen-SEF2019-lightframe-400x300.jpg\" class=\"attachment-thumbnail size-thumbnail\" alt=\"\" aria-describedby=\"gallery-6-8107\" srcset=\"https:\/\/flagprint.ch\/wp-content\/uploads\/2019\/06\/flagprint-Titelbild-Referenzen-SEF2019-lightframe-400x300.jpg 400w, https:\/\/flagprint.ch\/wp-content\/uploads\/2019\/06\/flagprint-Titelbild-Referenzen-SEF2019-lightframe-800x600.jpg 800w, https:\/\/flagprint.ch\/wp-content\/uploads\/2019\/06\/flagprint-Titelbild-Referenzen-SEF2019-lightframe-768x576.jpg 768w, https:\/\/flagprint.ch\/wp-content\/uploads\/2019\/06\/flagprint-Titelbild-Referenzen-SEF2019-lightframe-1200x900.jpg 1200w, https:\/\/flagprint.ch\/wp-content\/uploads\/2019\/06\/flagprint-Titelbild-Referenzen-SEF2019-lightframe.jpg 1600w\" sizes=\"(max-width: 400px) 100vw, 400px\"><\/a>\n\t\t\t<\/div>\n\t\t\t\t<figcaption class='wp-caption-text gallery-caption' id='gallery-6-8107'>\n\t\t\t\tSwiss Economic Forum 2019 in Interlaken\n\t\t\t\t<\/figcaption><\/figure><figure class='gallery-item'>\n\t\t\t<div class='gallery-icon landscape'>\n\t\t\t\t<a  href='https:\/\/flagprint.ch\/wp-content\/uploads\/2019\/06\/lightframe-lf500-referenzen-valiant-gv-gang.jpg' title=\"\u00e0 l\u2019assembl\u00e9e g\u00e9n\u00e9rale 2019 de Valiant\" data-rl_title=\"\u00e0 l\u2019assembl\u00e9e g\u00e9n\u00e9rale 2019 de Valiant\" class=\"rl-gallery-link\" data-rl_caption=\"Signal\u00e9tique avec lightframe pour Valiant\" data-rel=\"fp-lightbox-gallery-6\"><img loading=\"lazy\" decoding=\"async\" width=\"400\" height=\"300\" src=\"https:\/\/flagprint.ch\/wp-content\/uploads\/2019\/06\/lightframe-lf500-referenzen-valiant-gv-gang-400x300.jpg\" class=\"attachment-thumbnail size-thumbnail\" alt=\"Der lightframe LF500 ist federleicht &amp; leuchtstark. Mit hochwertiger LED-Technik &amp; individuell-bedrucktem Stoff. Schneller Aufbau &amp; kompakte Verpackung.\" aria-describedby=\"gallery-6-8061\" srcset=\"https:\/\/flagprint.ch\/wp-content\/uploads\/2019\/06\/lightframe-lf500-referenzen-valiant-gv-gang-400x300.jpg 400w, https:\/\/flagprint.ch\/wp-content\/uploads\/2019\/06\/lightframe-lf500-referenzen-valiant-gv-gang-800x600.jpg 800w, https:\/\/flagprint.ch\/wp-content\/uploads\/2019\/06\/lightframe-lf500-referenzen-valiant-gv-gang-768x576.jpg 768w, https:\/\/flagprint.ch\/wp-content\/uploads\/2019\/06\/lightframe-lf500-referenzen-valiant-gv-gang-1200x900.jpg 1200w, https:\/\/flagprint.ch\/wp-content\/uploads\/2019\/06\/lightframe-lf500-referenzen-valiant-gv-gang.jpg 1600w\" sizes=\"(max-width: 400px) 100vw, 400px\" \/><\/a>\n\t\t\t<\/div>\n\t\t\t\t<figcaption class='wp-caption-text gallery-caption' id='gallery-6-8061'>\n\t\t\t\t\u00e0 l\u2019assembl\u00e9e g\u00e9n\u00e9rale 2019 de Valiant\n\t\t\t\t<\/figcaption><\/figure><figure class='gallery-item'>\n\t\t\t<div class='gallery-icon portrait'>\n\t\t\t\t<a  href='https:\/\/flagprint.ch\/wp-content\/uploads\/2019\/08\/Bild-3-1.jpg' title=\"lightframe am ESAF\" data-rl_title=\"lightframe am ESAF\" class=\"rl-gallery-link\" data-rl_caption=\"Die Mobiliar nutzte das lightframe LF500 f\u00fcr ihren Auftritt am ESAF.\" data-rel=\"fp-lightbox-gallery-6\"><img loading=\"lazy\" decoding=\"async\" width=\"300\" height=\"400\" src=\"https:\/\/flagprint.ch\/wp-content\/uploads\/2019\/08\/Bild-3-1-300x400.jpg\" class=\"attachment-thumbnail size-thumbnail\" alt=\"Die Mobiliar nutzte das lightframe LF500 f\u00fcr ihren Auftritt am Eigen\u00f6ssischen Schwingfest 2019\" aria-describedby=\"gallery-6-8460\" srcset=\"https:\/\/flagprint.ch\/wp-content\/uploads\/2019\/08\/Bild-3-1-300x400.jpg 300w, https:\/\/flagprint.ch\/wp-content\/uploads\/2019\/08\/Bild-3-1-600x800.jpg 600w, https:\/\/flagprint.ch\/wp-content\/uploads\/2019\/08\/Bild-3-1.jpg 768w\" sizes=\"(max-width: 300px) 100vw, 300px\" \/><\/a>\n\t\t\t<\/div>\n\t\t\t\t<figcaption class='wp-caption-text gallery-caption' id='gallery-6-8460'>\n\t\t\t\tlightframe am ESAF\n\t\t\t\t<\/figcaption><\/figure><figure class='gallery-item'>\n\t\t\t<div class='gallery-icon landscape'>\n\t\t\t\t<a  href='https:\/\/flagprint.ch\/wp-content\/uploads\/2019\/11\/flagprint-newsletter-ewb-lightframe-lf600-messe.jpg' title=\"Le caisson lumineux mobile lightframe LF600\" data-rl_title=\"Le caisson lumineux mobile lightframe LF600\" class=\"rl-gallery-link\" data-rl_caption=\"Notre lightframe LF600 est non seulement le plus grand caisson \u00e9clair\u00e9 du march\u00e9, mais il en est aussi le plus flexible.\" data-rel=\"fp-lightbox-gallery-6\"><img loading=\"lazy\" decoding=\"async\" width=\"400\" height=\"300\" src=\"https:\/\/flagprint.ch\/wp-content\/uploads\/2019\/11\/flagprint-newsletter-ewb-lightframe-lf600-messe-400x300.jpg\" class=\"attachment-thumbnail size-thumbnail\" alt=\"Le lightframe LF600 de flagprint est non seulement le plus grand caisson \u00e9clair\u00e9 du march\u00e9, mais il en est aussi le plus flexible.\" aria-describedby=\"gallery-6-9290\" srcset=\"https:\/\/flagprint.ch\/wp-content\/uploads\/2019\/11\/flagprint-newsletter-ewb-lightframe-lf600-messe-400x300.jpg 400w, https:\/\/flagprint.ch\/wp-content\/uploads\/2019\/11\/flagprint-newsletter-ewb-lightframe-lf600-messe-800x600.jpg 800w, https:\/\/flagprint.ch\/wp-content\/uploads\/2019\/11\/flagprint-newsletter-ewb-lightframe-lf600-messe-768x576.jpg 768w, https:\/\/flagprint.ch\/wp-content\/uploads\/2019\/11\/flagprint-newsletter-ewb-lightframe-lf600-messe-1200x900.jpg 1200w, https:\/\/flagprint.ch\/wp-content\/uploads\/2019\/11\/flagprint-newsletter-ewb-lightframe-lf600-messe.jpg 1600w\" sizes=\"(max-width: 400px) 100vw, 400px\" \/><\/a>\n\t\t\t<\/div>\n\t\t\t\t<figcaption class='wp-caption-text gallery-caption' id='gallery-6-9290'>\n\t\t\t\tLe caisson lumineux mobile lightframe LF600\n\t\t\t\t<\/figcaption><\/figure><figure class='gallery-item'>\n\t\t\t<div class='gallery-icon landscape'>\n\t\t\t\t<a  href='https:\/\/flagprint.ch\/wp-content\/uploads\/2019\/11\/DSC9387.jpg' title=\"Le caisson lumineux mobile lightframe LF600\" data-rl_title=\"Le caisson lumineux mobile lightframe LF600\" class=\"rl-gallery-link\" data-rl_caption=\"Le syst\u00e8me modulaire vous permet de combiner plusieurs affichages et de cr\u00e9er un mur de lumi\u00e8re grand format.\" data-rel=\"fp-lightbox-gallery-6\"><img loading=\"lazy\" decoding=\"async\" width=\"400\" height=\"300\" src=\"https:\/\/flagprint.ch\/wp-content\/uploads\/2019\/11\/DSC9387-400x300.jpg\" class=\"attachment-thumbnail size-thumbnail\" alt=\"Le lightframe LF600 de flagprint est non seulement le plus grand caisson \u00e9clair\u00e9 du march\u00e9, mais il en est aussi le plus flexible.\" aria-describedby=\"gallery-6-9301\" srcset=\"https:\/\/flagprint.ch\/wp-content\/uploads\/2019\/11\/DSC9387-400x300.jpg 400w, https:\/\/flagprint.ch\/wp-content\/uploads\/2019\/11\/DSC9387-800x600.jpg 800w, https:\/\/flagprint.ch\/wp-content\/uploads\/2019\/11\/DSC9387-768x576.jpg 768w, https:\/\/flagprint.ch\/wp-content\/uploads\/2019\/11\/DSC9387-1200x900.jpg 1200w, https:\/\/flagprint.ch\/wp-content\/uploads\/2019\/11\/DSC9387.jpg 1600w\" sizes=\"(max-width: 400px) 100vw, 400px\" \/><\/a>\n\t\t\t<\/div>\n\t\t\t\t<figcaption class='wp-caption-text gallery-caption' id='gallery-6-9301'>\n\t\t\t\tLe caisson lumineux mobile lightframe LF600\n\t\t\t\t<\/figcaption><\/figure><figure class='gallery-item'>\n\t\t\t<div class='gallery-icon landscape'>\n\t\t\t\t<a  href='https:\/\/flagprint.ch\/wp-content\/uploads\/2019\/02\/messe-event-mobiler-leuchtkasten-lightframe-lf500-ecke-werkzeuglos.jpg' title=\"Comptoir \u00e9clair\u00e9 mobile lightframe LF580\" data-rl_title=\"Comptoir \u00e9clair\u00e9 mobile lightframe LF580\" class=\"rl-gallery-link\" data-rl_caption=\"Le caisson lumineux mobile lightframe LF600 - mont\u00e9 sans outils.&lt;br \/&gt;\n&lt;a href=&quot;\/fr\/produits\/lightframe-lf500\/&quot;&gt;vers le produit&lt;\/a&gt;\" data-rel=\"fp-lightbox-gallery-6\"><img loading=\"lazy\" decoding=\"async\" width=\"400\" height=\"300\" src=\"https:\/\/flagprint.ch\/wp-content\/uploads\/2019\/02\/messe-event-mobiler-leuchtkasten-lightframe-lf500-ecke-werkzeuglos-400x300.jpg\" class=\"attachment-thumbnail size-thumbnail\" alt=\"Le lightframe LF600 de flagprint est non seulement le plus grand caisson \u00e9clair\u00e9 du march\u00e9, mais il en est aussi le plus flexible.\" aria-describedby=\"gallery-6-4250\" srcset=\"https:\/\/flagprint.ch\/wp-content\/uploads\/2019\/02\/messe-event-mobiler-leuchtkasten-lightframe-lf500-ecke-werkzeuglos-400x300.jpg 400w, https:\/\/flagprint.ch\/wp-content\/uploads\/2019\/02\/messe-event-mobiler-leuchtkasten-lightframe-lf500-ecke-werkzeuglos-800x600.jpg 800w, https:\/\/flagprint.ch\/wp-content\/uploads\/2019\/02\/messe-event-mobiler-leuchtkasten-lightframe-lf500-ecke-werkzeuglos-768x576.jpg 768w, https:\/\/flagprint.ch\/wp-content\/uploads\/2019\/02\/messe-event-mobiler-leuchtkasten-lightframe-lf500-ecke-werkzeuglos-1200x900.jpg 1200w, https:\/\/flagprint.ch\/wp-content\/uploads\/2019\/02\/messe-event-mobiler-leuchtkasten-lightframe-lf500-ecke-werkzeuglos.jpg 1600w\" sizes=\"(max-width: 400px) 100vw, 400px\" \/><\/a>\n\t\t\t<\/div>\n\t\t\t\t<figcaption class='wp-caption-text gallery-caption' id='gallery-6-4250'>\n\t\t\t\tComptoir \u00e9clair\u00e9 mobile lightframe LF580\n\t\t\t\t<\/figcaption><\/figure><figure class='gallery-item'>\n\t\t\t<div class='gallery-icon landscape'>\n\t\t\t\t<a  href='https:\/\/flagprint.ch\/wp-content\/uploads\/2019\/02\/messe-event-mobiler-leuchtkasten-lightframe-lf500-led-osram-detail.jpg' title=\"Comptoir \u00e9clair\u00e9 mobile lightframe LF580\" data-rl_title=\"Comptoir \u00e9clair\u00e9 mobile lightframe LF580\" class=\"rl-gallery-link\" data-rl_caption=\"Le caisson lumineux mobile lightframe LF600 avec la technologie moderne LED.&lt;br \/&gt;\n&lt;a href=&quot;\/fr\/produits\/lightframe-lf500\/&quot;&gt;vers le produit&lt;\/a&gt;\" data-rel=\"fp-lightbox-gallery-6\"><img loading=\"lazy\" decoding=\"async\" width=\"400\" height=\"300\" src=\"https:\/\/flagprint.ch\/wp-content\/uploads\/2019\/02\/messe-event-mobiler-leuchtkasten-lightframe-lf500-led-osram-detail-400x300.jpg\" class=\"attachment-thumbnail size-thumbnail\" alt=\"Le lightframe LF600 de flagprint est non seulement le plus grand caisson \u00e9clair\u00e9 du march\u00e9, mais il en est aussi le plus flexible.\" aria-describedby=\"gallery-6-4254\" srcset=\"https:\/\/flagprint.ch\/wp-content\/uploads\/2019\/02\/messe-event-mobiler-leuchtkasten-lightframe-lf500-led-osram-detail-400x300.jpg 400w, https:\/\/flagprint.ch\/wp-content\/uploads\/2019\/02\/messe-event-mobiler-leuchtkasten-lightframe-lf500-led-osram-detail-800x600.jpg 800w, https:\/\/flagprint.ch\/wp-content\/uploads\/2019\/02\/messe-event-mobiler-leuchtkasten-lightframe-lf500-led-osram-detail-768x576.jpg 768w, https:\/\/flagprint.ch\/wp-content\/uploads\/2019\/02\/messe-event-mobiler-leuchtkasten-lightframe-lf500-led-osram-detail-1200x900.jpg 1200w, https:\/\/flagprint.ch\/wp-content\/uploads\/2019\/02\/messe-event-mobiler-leuchtkasten-lightframe-lf500-led-osram-detail.jpg 1600w\" sizes=\"(max-width: 400px) 100vw, 400px\" \/><\/a>\n\t\t\t<\/div>\n\t\t\t\t<figcaption class='wp-caption-text gallery-caption' id='gallery-6-4254'>\n\t\t\t\tComptoir \u00e9clair\u00e9 mobile lightframe LF580\n\t\t\t\t<\/figcaption><\/figure><figure class='gallery-item'>\n\t\t\t<div class='gallery-icon landscape'>\n\t\t\t\t<a  href='https:\/\/flagprint.ch\/wp-content\/uploads\/2019\/02\/messe-event-mobiler-leuchtkasten-lightframe-lf500-stoffqualitaet.jpg' title=\"Comptoir \u00e9clair\u00e9 mobile lightframe LF580\" data-rl_title=\"Comptoir \u00e9clair\u00e9 mobile lightframe LF580\" class=\"rl-gallery-link\" data-rl_caption=\"Le caisson lumineux mobile lightframe LF600 \u2013 les visuel avec la meilleure qualit\u00e9.&lt;br \/&gt;\n&lt;a href=&quot;\/fr\/produits\/lightframe-lf500\/&quot;&gt;vers le produit&lt;\/a&gt;\" data-rel=\"fp-lightbox-gallery-6\"><img loading=\"lazy\" decoding=\"async\" width=\"400\" height=\"301\" src=\"https:\/\/flagprint.ch\/wp-content\/uploads\/2019\/02\/messe-event-mobiler-leuchtkasten-lightframe-lf500-stoffqualitaet-400x301.jpg\" class=\"attachment-thumbnail size-thumbnail\" alt=\"Le lightframe LF600 de flagprint est non seulement le plus grand caisson \u00e9clair\u00e9 du march\u00e9, mais il en est aussi le plus flexible.\" aria-describedby=\"gallery-6-4256\" srcset=\"https:\/\/flagprint.ch\/wp-content\/uploads\/2019\/02\/messe-event-mobiler-leuchtkasten-lightframe-lf500-stoffqualitaet-400x301.jpg 400w, https:\/\/flagprint.ch\/wp-content\/uploads\/2019\/02\/messe-event-mobiler-leuchtkasten-lightframe-lf500-stoffqualitaet-800x603.jpg 800w, https:\/\/flagprint.ch\/wp-content\/uploads\/2019\/02\/messe-event-mobiler-leuchtkasten-lightframe-lf500-stoffqualitaet-768x578.jpg 768w, https:\/\/flagprint.ch\/wp-content\/uploads\/2019\/02\/messe-event-mobiler-leuchtkasten-lightframe-lf500-stoffqualitaet-1200x904.jpg 1200w, https:\/\/flagprint.ch\/wp-content\/uploads\/2019\/02\/messe-event-mobiler-leuchtkasten-lightframe-lf500-stoffqualitaet.jpg 1600w\" sizes=\"(max-width: 400px) 100vw, 400px\" \/><\/a>\n\t\t\t<\/div>\n\t\t\t\t<figcaption class='wp-caption-text gallery-caption' id='gallery-6-4256'>\n\t\t\t\tComptoir \u00e9clair\u00e9 mobile lightframe LF580\n\t\t\t\t<\/figcaption><\/figure><figure class='gallery-item'>\n\t\t\t<div class='gallery-icon landscape'>\n\t\t\t\t<a  href='https:\/\/flagprint.ch\/wp-content\/uploads\/2019\/02\/messe-event-mobiler-leuchtkasten-lightframe-lf500.jpg' title=\"Le caisson lumineux mobile lightframe LF500\" data-rl_title=\"Le caisson lumineux mobile lightframe LF500\" class=\"rl-gallery-link\" data-rl_caption=\"Une luminosit\u00e9 \u00e9lev\u00e9e et un \u00e9clairage uniforme font du lightframe LF500 le champion des affichages lumineux.&lt;br \/&gt;\n&lt;a href=&quot;\/fr\/produits\/lightframe-lf500\/&quot;&gt;vers le produit&lt;\/a&gt;\" data-rel=\"fp-lightbox-gallery-6\"><img loading=\"lazy\" decoding=\"async\" width=\"400\" height=\"400\" src=\"https:\/\/flagprint.ch\/wp-content\/uploads\/2019\/02\/messe-event-mobiler-leuchtkasten-lightframe-lf500-400x400.jpg\" class=\"attachment-thumbnail size-thumbnail\" alt=\"Une luminosit\u00e9 \u00e9lev\u00e9e et un \u00e9clairage uniforme font du lightframe LF500 le champion des affichages lumineux. D\u00e9finissez des accents individuels.\" aria-describedby=\"gallery-6-4258\" srcset=\"https:\/\/flagprint.ch\/wp-content\/uploads\/2019\/02\/messe-event-mobiler-leuchtkasten-lightframe-lf500-400x400.jpg 400w, https:\/\/flagprint.ch\/wp-content\/uploads\/2019\/02\/messe-event-mobiler-leuchtkasten-lightframe-lf500-20x20.jpg 20w, https:\/\/flagprint.ch\/wp-content\/uploads\/2019\/02\/messe-event-mobiler-leuchtkasten-lightframe-lf500-40x40.jpg 40w, https:\/\/flagprint.ch\/wp-content\/uploads\/2019\/02\/messe-event-mobiler-leuchtkasten-lightframe-lf500-60x60.jpg 60w\" sizes=\"(max-width: 400px) 100vw, 400px\" \/><\/a>\n\t\t\t<\/div>\n\t\t\t\t<figcaption class='wp-caption-text gallery-caption' id='gallery-6-4258'>\n\t\t\t\tLe caisson lumineux mobile lightframe LF500\n\t\t\t\t<\/figcaption><\/figure><figure class='gallery-item'>\n\t\t\t<div class='gallery-icon portrait'>\n\t\t\t\t<a  href='https:\/\/flagprint.ch\/wp-content\/uploads\/2019\/02\/messe-event-mobiler-leuchtkasten-lightframe-lf500-empfang.jpg' title=\"Le caisson lumineux mobile lightframe LF500\" data-rl_title=\"Le caisson lumineux mobile lightframe LF500\" class=\"rl-gallery-link\" data-rl_caption=\"Cr\u00e9ez des ambiances sophistiqu\u00e9es m\u00eame dans les grandes pi\u00e8ces.&lt;br \/&gt;\n&lt;a href=&quot;\/fr\/produits\/lightframe-lf500\/&quot;&gt;vers le produit&lt;\/a&gt;\" data-rel=\"fp-lightbox-gallery-6\"><img loading=\"lazy\" decoding=\"async\" width=\"400\" height=\"400\" src=\"https:\/\/flagprint.ch\/wp-content\/uploads\/2019\/02\/messe-event-mobiler-leuchtkasten-lightframe-lf500-empfang-400x400.jpg\" class=\"attachment-thumbnail size-thumbnail\" alt=\"Une luminosit\u00e9 \u00e9lev\u00e9e et un \u00e9clairage uniforme font du lightframe LF500 le champion des affichages lumineux. D\u00e9finissez des accents individuels.\" aria-describedby=\"gallery-6-4252\" srcset=\"https:\/\/flagprint.ch\/wp-content\/uploads\/2019\/02\/messe-event-mobiler-leuchtkasten-lightframe-lf500-empfang-400x400.jpg 400w, https:\/\/flagprint.ch\/wp-content\/uploads\/2019\/02\/messe-event-mobiler-leuchtkasten-lightframe-lf500-empfang-20x20.jpg 20w, https:\/\/flagprint.ch\/wp-content\/uploads\/2019\/02\/messe-event-mobiler-leuchtkasten-lightframe-lf500-empfang-40x40.jpg 40w, https:\/\/flagprint.ch\/wp-content\/uploads\/2019\/02\/messe-event-mobiler-leuchtkasten-lightframe-lf500-empfang-60x60.jpg 60w\" sizes=\"(max-width: 400px) 100vw, 400px\" \/><\/a>\n\t\t\t<\/div>\n\t\t\t\t<figcaption class='wp-caption-text gallery-caption' id='gallery-6-4252'>\n\t\t\t\tLe caisson lumineux mobile lightframe LF500\n\t\t\t\t<\/figcaption><\/figure><figure class='gallery-item'>\n\t\t\t<div class='gallery-icon landscape'>\n\t\t\t\t<a  href='https:\/\/flagprint.ch\/wp-content\/uploads\/2019\/02\/messe-event-mobiler-leuchtkasten-lightframe-lf300-buero.jpg' title=\"Le caisson lumineux mobile lightframe LF300 (Pixlip Go)\" data-rl_title=\"Le caisson lumineux mobile lightframe LF300 (Pixlip Go)\" class=\"rl-gallery-link\" data-rl_caption=\"Les modules LED int\u00e9gr\u00e9s et tr\u00e8s efficaces garantissent un \u00e9clairage homog\u00e8ne des textiles et une attention maximale.&lt;br \/&gt;\n&lt;a href=&quot;\/fr\/produits\/lightframe-lf300\/&quot;&gt;vers le produit&lt;\/a&gt;\" data-rel=\"fp-lightbox-gallery-6\"><img loading=\"lazy\" decoding=\"async\" width=\"400\" height=\"400\" src=\"https:\/\/flagprint.ch\/wp-content\/uploads\/2019\/02\/messe-event-mobiler-leuchtkasten-lightframe-lf300-buero-400x400.jpg\" class=\"attachment-thumbnail size-thumbnail\" alt=\"Les modules LED int\u00e9gr\u00e9s et tr\u00e8s efficaces garantissent un \u00e9clairage homog\u00e8ne des textiles. Le lightframe LF300 est le premier \u00abplug-in\u00bb.\" aria-describedby=\"gallery-6-4238\" srcset=\"https:\/\/flagprint.ch\/wp-content\/uploads\/2019\/02\/messe-event-mobiler-leuchtkasten-lightframe-lf300-buero-400x400.jpg 400w, https:\/\/flagprint.ch\/wp-content\/uploads\/2019\/02\/messe-event-mobiler-leuchtkasten-lightframe-lf300-buero-20x20.jpg 20w, https:\/\/flagprint.ch\/wp-content\/uploads\/2019\/02\/messe-event-mobiler-leuchtkasten-lightframe-lf300-buero-40x40.jpg 40w, https:\/\/flagprint.ch\/wp-content\/uploads\/2019\/02\/messe-event-mobiler-leuchtkasten-lightframe-lf300-buero-60x60.jpg 60w\" sizes=\"(max-width: 400px) 100vw, 400px\" \/><\/a>\n\t\t\t<\/div>\n\t\t\t\t<figcaption class='wp-caption-text gallery-caption' id='gallery-6-4238'>\n\t\t\t\tLe caisson lumineux mobile lightframe LF300 (Pixlip Go)\n\t\t\t\t<\/figcaption><\/figure><figure class='gallery-item'>\n\t\t\t<div class='gallery-icon landscape'>\n\t\t\t\t<a  href='https:\/\/flagprint.ch\/wp-content\/uploads\/2019\/02\/messe-event-mobiler-leuchtkasten-lightframe-lf300-mit-tuere.jpg' title=\"Le caisson lumineux mobile lightframe LF300 (Pixlip Go)\" data-rl_title=\"Le caisson lumineux mobile lightframe LF300 (Pixlip Go)\" class=\"rl-gallery-link\" data-rl_caption=\"La construction l\u00e9g\u00e8re en plastique facilite non seulement la mise en service, mais aussi le transport.&lt;br \/&gt;\n&lt;a href=&quot;\/fr\/produits\/lightframe-lf300\/&quot;&gt;vers le produit&lt;\/a&gt;\" data-rel=\"fp-lightbox-gallery-6\"><img loading=\"lazy\" decoding=\"async\" width=\"400\" height=\"400\" src=\"https:\/\/flagprint.ch\/wp-content\/uploads\/2019\/02\/messe-event-mobiler-leuchtkasten-lightframe-lf300-mit-tuere-400x400.jpg\" class=\"attachment-thumbnail size-thumbnail\" alt=\"Les modules LED int\u00e9gr\u00e9s et tr\u00e8s efficaces garantissent un \u00e9clairage homog\u00e8ne des textiles. Le lightframe LF300 est le premier \u00abplug-in\u00bb.\" aria-describedby=\"gallery-6-4242\" srcset=\"https:\/\/flagprint.ch\/wp-content\/uploads\/2019\/02\/messe-event-mobiler-leuchtkasten-lightframe-lf300-mit-tuere-400x400.jpg 400w, https:\/\/flagprint.ch\/wp-content\/uploads\/2019\/02\/messe-event-mobiler-leuchtkasten-lightframe-lf300-mit-tuere-20x20.jpg 20w, https:\/\/flagprint.ch\/wp-content\/uploads\/2019\/02\/messe-event-mobiler-leuchtkasten-lightframe-lf300-mit-tuere-40x40.jpg 40w, https:\/\/flagprint.ch\/wp-content\/uploads\/2019\/02\/messe-event-mobiler-leuchtkasten-lightframe-lf300-mit-tuere-60x60.jpg 60w\" sizes=\"(max-width: 400px) 100vw, 400px\" \/><\/a>\n\t\t\t<\/div>\n\t\t\t\t<figcaption class='wp-caption-text gallery-caption' id='gallery-6-4242'>\n\t\t\t\tLe caisson lumineux mobile lightframe LF300 (Pixlip Go)\n\t\t\t\t<\/figcaption><\/figure>\n\t\t<\/div>\n\t\t<\/div>\n\t\t\t\t\t\t<\/div>\n\t\t\t\t<\/div>\n\t\t\t\t\t<\/div>\n\t\t<\/div>\n\t\t\t\t\t<\/div>\n\t\t<\/section>\n\t\t\t\t<section class=\"elementor-section elementor-inner-section elementor-element elementor-element-f3ec0a4 elementor-section-full_width fp-gallery elementor-section-height-default elementor-section-height-default\" data-id=\"f3ec0a4\" data-element_type=\"section\" data-e-type=\"section\" id=\"fp-id-banderoles\">\n\t\t\t\t\t\t<div class=\"elementor-container elementor-column-gap-no\">\n\t\t\t\t\t<div class=\"elementor-column elementor-col-100 elementor-inner-column elementor-element elementor-element-f364c26\" data-id=\"f364c26\" data-element_type=\"column\" data-e-type=\"column\">\n\t\t\t<div class=\"elementor-widget-wrap elementor-element-populated\">\n\t\t\t\t\t\t<div class=\"elementor-element elementor-element-81ba130 elementor-widget elementor-widget-heading\" data-id=\"81ba130\" data-element_type=\"widget\" data-e-type=\"widget\" data-widget_type=\"heading.default\">\n\t\t\t\t<div class=\"elementor-widget-container\">\n\t\t\t\t\t<h2 class=\"elementor-heading-title elementor-size-default\">Banderoles<\/h2>\t\t\t\t<\/div>\n\t\t\t\t<\/div>\n\t\t\t\t<div class=\"elementor-element elementor-element-acefefb elementor-widget elementor-widget-image-gallery\" data-id=\"acefefb\" data-element_type=\"widget\" data-e-type=\"widget\" data-widget_type=\"image-gallery.default\">\n\t\t\t\t<div class=\"elementor-widget-container\">\n\t\t\t\t\t\t\t<div class=\"elementor-image-gallery\">\n\t\t\t<div id='gallery-7' class='gallery galleryid-13913 gallery-columns-5 gallery-size-thumbnail'><figure class='gallery-item'>\n\t\t\t<div class='gallery-icon landscape'>\n\t\t\t\t<a  href='https:\/\/flagprint.ch\/wp-content\/uploads\/2023\/09\/Bild_Innoteq_web.jpg' title=\"Megaposter, Publicit\u00e9 de fa\u00e7ade\" data-rl_title=\"Megaposter, Publicit\u00e9 de fa\u00e7ade\" class=\"rl-gallery-link\" data-rl_caption=\"\" data-rel=\"fp-lightbox-gallery-7\"><img loading=\"lazy\" decoding=\"async\" width=\"400\" height=\"300\" src=\"https:\/\/flagprint.ch\/wp-content\/uploads\/2023\/09\/Bild_Innoteq_web-400x300.jpg\" class=\"attachment-thumbnail size-thumbnail\" alt=\"\" aria-describedby=\"gallery-7-34323\" srcset=\"https:\/\/flagprint.ch\/wp-content\/uploads\/2023\/09\/Bild_Innoteq_web-400x300.jpg 400w, https:\/\/flagprint.ch\/wp-content\/uploads\/2023\/09\/Bild_Innoteq_web-800x600.jpg 800w, https:\/\/flagprint.ch\/wp-content\/uploads\/2023\/09\/Bild_Innoteq_web-1200x900.jpg 1200w, https:\/\/flagprint.ch\/wp-content\/uploads\/2023\/09\/Bild_Innoteq_web-768x576.jpg 768w, https:\/\/flagprint.ch\/wp-content\/uploads\/2023\/09\/Bild_Innoteq_web-1536x1152.jpg 1536w, https:\/\/flagprint.ch\/wp-content\/uploads\/2023\/09\/Bild_Innoteq_web.jpg 1600w\" sizes=\"(max-width: 400px) 100vw, 400px\"><\/a>\n\t\t\t<\/div>\n\t\t\t\t<figcaption class='wp-caption-text gallery-caption' id='gallery-7-34323'>\n\t\t\t\tMegaposter, Publicit\u00e9 de fa\u00e7ade\n\t\t\t\t<\/figcaption><\/figure><figure class='gallery-item'>\n\t\t\t<div class='gallery-icon landscape'>\n\t\t\t\t<a  href='https:\/\/flagprint.ch\/wp-content\/uploads\/2023\/09\/IMG_2057.jpeg' title=\"Megaposter, Publicit\u00e9 de fa\u00e7ade\" data-rl_title=\"Megaposter, Publicit\u00e9 de fa\u00e7ade\" class=\"rl-gallery-link\" data-rl_caption=\"Fassadenbanner f\u00fcr die BEKB w\u00e4hrend des Frauenlaufs\" data-rel=\"fp-lightbox-gallery-7\"><img loading=\"lazy\" decoding=\"async\" width=\"400\" height=\"300\" src=\"https:\/\/flagprint.ch\/wp-content\/uploads\/2023\/09\/IMG_2057-400x300.jpeg\" class=\"attachment-thumbnail size-thumbnail\" alt=\"\" aria-describedby=\"gallery-7-34280\" srcset=\"https:\/\/flagprint.ch\/wp-content\/uploads\/2023\/09\/IMG_2057-400x300.jpeg 400w, https:\/\/flagprint.ch\/wp-content\/uploads\/2023\/09\/IMG_2057-800x600.jpeg 800w, https:\/\/flagprint.ch\/wp-content\/uploads\/2023\/09\/IMG_2057-1200x900.jpeg 1200w, https:\/\/flagprint.ch\/wp-content\/uploads\/2023\/09\/IMG_2057-768x576.jpeg 768w, https:\/\/flagprint.ch\/wp-content\/uploads\/2023\/09\/IMG_2057-1536x1152.jpeg 1536w, https:\/\/flagprint.ch\/wp-content\/uploads\/2023\/09\/IMG_2057.jpeg 2048w\" sizes=\"(max-width: 400px) 100vw, 400px\"><\/a>\n\t\t\t<\/div>\n\t\t\t\t<figcaption class='wp-caption-text gallery-caption' id='gallery-7-34280'>\n\t\t\t\tMegaposter, Publicit\u00e9 de fa\u00e7ade\n\t\t\t\t<\/figcaption><\/figure><figure class='gallery-item'>\n\t\t\t<div class='gallery-icon portrait'>\n\t\t\t\t<a  href='https:\/\/flagprint.ch\/wp-content\/uploads\/2021\/05\/flagprint-news-geyoungboyst-wanderfahne-muenster-plattform-meistertitel-yb-youngboys.jpg' title=\"geyoungboyst-Wanderfahne beim 4. Einsatz in Folge\" data-rl_title=\"geyoungboyst-Wanderfahne beim 4. Einsatz in Folge\" class=\"rl-gallery-link\" data-rl_caption=\"Die geyoungboyst-Wanderfahne beim 4. Einsatz in Folge\" data-rel=\"fp-lightbox-gallery-7\"><img loading=\"lazy\" decoding=\"async\" width=\"300\" height=\"400\" src=\"https:\/\/flagprint.ch\/wp-content\/uploads\/2021\/05\/flagprint-news-geyoungboyst-wanderfahne-muenster-plattform-meistertitel-yb-youngboys-300x400.jpg\" class=\"attachment-thumbnail size-thumbnail\" alt=\"Der geyoungboyst-Wanderfahne kam nach dem 4. Meistertitel von YB\" aria-describedby=\"gallery-7-14375\" srcset=\"https:\/\/flagprint.ch\/wp-content\/uploads\/2021\/05\/flagprint-news-geyoungboyst-wanderfahne-muenster-plattform-meistertitel-yb-youngboys-300x400.jpg 300w, https:\/\/flagprint.ch\/wp-content\/uploads\/2021\/05\/flagprint-news-geyoungboyst-wanderfahne-muenster-plattform-meistertitel-yb-youngboys-600x800.jpg 600w, https:\/\/flagprint.ch\/wp-content\/uploads\/2021\/05\/flagprint-news-geyoungboyst-wanderfahne-muenster-plattform-meistertitel-yb-youngboys-900x1200.jpg 900w, https:\/\/flagprint.ch\/wp-content\/uploads\/2021\/05\/flagprint-news-geyoungboyst-wanderfahne-muenster-plattform-meistertitel-yb-youngboys-768x1024.jpg 768w, https:\/\/flagprint.ch\/wp-content\/uploads\/2021\/05\/flagprint-news-geyoungboyst-wanderfahne-muenster-plattform-meistertitel-yb-youngboys-1152x1536.jpg 1152w, https:\/\/flagprint.ch\/wp-content\/uploads\/2021\/05\/flagprint-news-geyoungboyst-wanderfahne-muenster-plattform-meistertitel-yb-youngboys.jpg 1200w\" sizes=\"(max-width: 300px) 100vw, 300px\" \/><\/a>\n\t\t\t<\/div>\n\t\t\t\t<figcaption class='wp-caption-text gallery-caption' id='gallery-7-14375'>\n\t\t\t\tgeyoungboyst-Wanderfahne beim 4. Einsatz in Folge\n\t\t\t\t<\/figcaption><\/figure><figure class='gallery-item'>\n\t\t\t<div class='gallery-icon landscape'>\n\t\t\t\t<a  href='https:\/\/flagprint.ch\/wp-content\/uploads\/2021\/04\/flagprint-historisches-museum-mesh-meshbanner-montage.jpg' title=\"Meshbanner Montage\" data-rl_title=\"Meshbanner Montage\" class=\"rl-gallery-link\" data-rl_caption=\"Meshbanner Montage mit der Hebeb\u00fchne f\u00fcr das Naturhistorische Museum Bern.\" data-rel=\"fp-lightbox-gallery-7\"><img loading=\"lazy\" decoding=\"async\" width=\"400\" height=\"300\" src=\"https:\/\/flagprint.ch\/wp-content\/uploads\/2021\/04\/flagprint-historisches-museum-mesh-meshbanner-montage-400x300.jpg\" class=\"attachment-thumbnail size-thumbnail\" alt=\"Meshbanner Montage f\u00fcr Naturhistorisches Museum Bern\" aria-describedby=\"gallery-7-13704\" srcset=\"https:\/\/flagprint.ch\/wp-content\/uploads\/2021\/04\/flagprint-historisches-museum-mesh-meshbanner-montage-400x300.jpg 400w, https:\/\/flagprint.ch\/wp-content\/uploads\/2021\/04\/flagprint-historisches-museum-mesh-meshbanner-montage-800x600.jpg 800w, https:\/\/flagprint.ch\/wp-content\/uploads\/2021\/04\/flagprint-historisches-museum-mesh-meshbanner-montage-1200x900.jpg 1200w, https:\/\/flagprint.ch\/wp-content\/uploads\/2021\/04\/flagprint-historisches-museum-mesh-meshbanner-montage-768x576.jpg 768w, https:\/\/flagprint.ch\/wp-content\/uploads\/2021\/04\/flagprint-historisches-museum-mesh-meshbanner-montage-1536x1152.jpg 1536w, https:\/\/flagprint.ch\/wp-content\/uploads\/2021\/04\/flagprint-historisches-museum-mesh-meshbanner-montage.jpg 1600w\" sizes=\"(max-width: 400px) 100vw, 400px\" \/><\/a>\n\t\t\t<\/div>\n\t\t\t\t<figcaption class='wp-caption-text gallery-caption' id='gallery-7-13704'>\n\t\t\t\tMeshbanner Montage\n\t\t\t\t<\/figcaption><\/figure><figure class='gallery-item'>\n\t\t\t<div class='gallery-icon landscape'>\n\t\t\t\t<a  href='https:\/\/flagprint.ch\/wp-content\/uploads\/2021\/02\/flagprint-werbebanner-mega-meshbanner-montage-meinen-areal-06.jpg' title=\"Montage des Mega Meshbanners\" data-rl_title=\"Montage des Mega Meshbanners\" class=\"rl-gallery-link\" data-rl_caption=\"flagprint h\u00fcllt ehemalige Grossmetzgerei Meinen mit einem Mega Meshbanner ein\" data-rel=\"fp-lightbox-gallery-7\"><img loading=\"lazy\" decoding=\"async\" width=\"400\" height=\"300\" src=\"https:\/\/flagprint.ch\/wp-content\/uploads\/2021\/02\/flagprint-werbebanner-mega-meshbanner-montage-meinen-areal-06-400x300.jpg\" class=\"attachment-thumbnail size-thumbnail\" alt=\"flagprint h\u00fcllt ehemalige Grossmetzgerei Meinen mit einem Mega Meshbanner ein\" aria-describedby=\"gallery-7-12795\" srcset=\"https:\/\/flagprint.ch\/wp-content\/uploads\/2021\/02\/flagprint-werbebanner-mega-meshbanner-montage-meinen-areal-06-400x300.jpg 400w, https:\/\/flagprint.ch\/wp-content\/uploads\/2021\/02\/flagprint-werbebanner-mega-meshbanner-montage-meinen-areal-06-800x600.jpg 800w, https:\/\/flagprint.ch\/wp-content\/uploads\/2021\/02\/flagprint-werbebanner-mega-meshbanner-montage-meinen-areal-06-1200x900.jpg 1200w, https:\/\/flagprint.ch\/wp-content\/uploads\/2021\/02\/flagprint-werbebanner-mega-meshbanner-montage-meinen-areal-06-768x576.jpg 768w, https:\/\/flagprint.ch\/wp-content\/uploads\/2021\/02\/flagprint-werbebanner-mega-meshbanner-montage-meinen-areal-06-1536x1152.jpg 1536w, https:\/\/flagprint.ch\/wp-content\/uploads\/2021\/02\/flagprint-werbebanner-mega-meshbanner-montage-meinen-areal-06.jpg 1600w\" sizes=\"(max-width: 400px) 100vw, 400px\" \/><\/a>\n\t\t\t<\/div>\n\t\t\t\t<figcaption class='wp-caption-text gallery-caption' id='gallery-7-12795'>\n\t\t\t\tMontage des Mega Meshbanners\n\t\t\t\t<\/figcaption><\/figure><figure class='gallery-item'>\n\t\t\t<div class='gallery-icon landscape'>\n\t\t\t\t<a  href='https:\/\/flagprint.ch\/wp-content\/uploads\/2020\/06\/flagprint-mega-banner-jungfrau-sphinx.jpg' title=\"Banni\u00e8re g\u00e9ante pour Jungfraujoch\" data-rl_title=\"Banni\u00e8re g\u00e9ante pour Jungfraujoch\" class=\"rl-gallery-link\" data-rl_caption=\"Notre banni\u00e8re g\u00e9ante de 20 x 20 m\u00e8tres est venue orner la c\u00e9l\u00e8bre falaise situ\u00e9e sous l\u2019observatoire du Sphinx.\" data-rel=\"fp-lightbox-gallery-7\"><img loading=\"lazy\" decoding=\"async\" width=\"400\" height=\"300\" src=\"https:\/\/flagprint.ch\/wp-content\/uploads\/2020\/06\/flagprint-mega-banner-jungfrau-sphinx-400x300.jpg\" class=\"attachment-thumbnail size-thumbnail\" alt=\"An der Wiederer\u00f6ffnung des Jungfraujochs zierte ein 20 x 20-Meter-Megabanner von flagprint den Felsen unterhalb der Aussichtsplattform.\" aria-describedby=\"gallery-7-11057\" srcset=\"https:\/\/flagprint.ch\/wp-content\/uploads\/2020\/06\/flagprint-mega-banner-jungfrau-sphinx-400x300.jpg 400w, https:\/\/flagprint.ch\/wp-content\/uploads\/2020\/06\/flagprint-mega-banner-jungfrau-sphinx-800x600.jpg 800w, https:\/\/flagprint.ch\/wp-content\/uploads\/2020\/06\/flagprint-mega-banner-jungfrau-sphinx-1200x900.jpg 1200w, https:\/\/flagprint.ch\/wp-content\/uploads\/2020\/06\/flagprint-mega-banner-jungfrau-sphinx-768x576.jpg 768w, https:\/\/flagprint.ch\/wp-content\/uploads\/2020\/06\/flagprint-mega-banner-jungfrau-sphinx-1536x1152.jpg 1536w, https:\/\/flagprint.ch\/wp-content\/uploads\/2020\/06\/flagprint-mega-banner-jungfrau-sphinx.jpg 1600w\" sizes=\"(max-width: 400px) 100vw, 400px\" \/><\/a>\n\t\t\t<\/div>\n\t\t\t\t<figcaption class='wp-caption-text gallery-caption' id='gallery-7-11057'>\n\t\t\t\tBanni\u00e8re g\u00e9ante pour Jungfraujoch\n\t\t\t\t<\/figcaption><\/figure><figure class='gallery-item'>\n\t\t\t<div class='gallery-icon landscape'>\n\t\t\t\t<a  href='https:\/\/flagprint.ch\/wp-content\/uploads\/2019\/10\/flagprint-connected-space-outdoor-werbung-banner.jpg' title=\"Werbebanner f\u00fcr Connected Space\" data-rl_title=\"Werbebanner f\u00fcr Connected Space\" class=\"rl-gallery-link\" data-rl_caption=\"Die mobilen Werbebanner lassen sich m\u00fchelos aufbauen und befestigen. Die Banner entfalten beim Publikum eine ausgezeichnete Wirkung.\" data-rel=\"fp-lightbox-gallery-7\"><img loading=\"lazy\" decoding=\"async\" width=\"400\" height=\"300\" src=\"https:\/\/flagprint.ch\/wp-content\/uploads\/2019\/10\/flagprint-connected-space-outdoor-werbung-banner-400x300.jpg\" class=\"attachment-thumbnail size-thumbnail\" alt=\"Die mobilen Werbebanner kamen beim Kunstanlass von Connected Space auf dem Bahnhofplatz Bern zum Einsatz, liessen sich m\u00fchelos aufbauen und erzielten eine feine Wirkung.\" aria-describedby=\"gallery-7-9160\" srcset=\"https:\/\/flagprint.ch\/wp-content\/uploads\/2019\/10\/flagprint-connected-space-outdoor-werbung-banner-400x300.jpg 400w, https:\/\/flagprint.ch\/wp-content\/uploads\/2019\/10\/flagprint-connected-space-outdoor-werbung-banner-800x600.jpg 800w, https:\/\/flagprint.ch\/wp-content\/uploads\/2019\/10\/flagprint-connected-space-outdoor-werbung-banner-768x576.jpg 768w, https:\/\/flagprint.ch\/wp-content\/uploads\/2019\/10\/flagprint-connected-space-outdoor-werbung-banner-1200x900.jpg 1200w, https:\/\/flagprint.ch\/wp-content\/uploads\/2019\/10\/flagprint-connected-space-outdoor-werbung-banner.jpg 1600w\" sizes=\"(max-width: 400px) 100vw, 400px\" \/><\/a>\n\t\t\t<\/div>\n\t\t\t\t<figcaption class='wp-caption-text gallery-caption' id='gallery-7-9160'>\n\t\t\t\tWerbebanner f\u00fcr Connected Space\n\t\t\t\t<\/figcaption><\/figure><figure class='gallery-item'>\n\t\t\t<div class='gallery-icon landscape'>\n\t\t\t\t<a  href='https:\/\/flagprint.ch\/wp-content\/uploads\/2019\/10\/flagprint-connected-space-outdoor-werbung-banner-textil-print.jpg' title=\"Werbebanner f\u00fcr Connected Space\" data-rl_title=\"Werbebanner f\u00fcr Connected Space\" class=\"rl-gallery-link\" data-rl_caption=\"Die mobilen Werbebanner lassen sich m\u00fchelos aufbauen und befestigen. Die Banner entfalten beim Publikum eine ausgezeichnete Wirkung.\" data-rel=\"fp-lightbox-gallery-7\"><img loading=\"lazy\" decoding=\"async\" width=\"400\" height=\"300\" src=\"https:\/\/flagprint.ch\/wp-content\/uploads\/2019\/10\/flagprint-connected-space-outdoor-werbung-banner-textil-print-400x300.jpg\" class=\"attachment-thumbnail size-thumbnail\" alt=\"Die mobilen Werbebanner kamen beim Kunstanlass von Connected Space auf dem Bahnhofplatz Bern zum Einsatz, liessen sich m\u00fchelos aufbauen und erzielten eine feine Wirkung.\" aria-describedby=\"gallery-7-9158\" srcset=\"https:\/\/flagprint.ch\/wp-content\/uploads\/2019\/10\/flagprint-connected-space-outdoor-werbung-banner-textil-print-400x300.jpg 400w, https:\/\/flagprint.ch\/wp-content\/uploads\/2019\/10\/flagprint-connected-space-outdoor-werbung-banner-textil-print-800x600.jpg 800w, https:\/\/flagprint.ch\/wp-content\/uploads\/2019\/10\/flagprint-connected-space-outdoor-werbung-banner-textil-print-768x576.jpg 768w, https:\/\/flagprint.ch\/wp-content\/uploads\/2019\/10\/flagprint-connected-space-outdoor-werbung-banner-textil-print-1200x900.jpg 1200w, https:\/\/flagprint.ch\/wp-content\/uploads\/2019\/10\/flagprint-connected-space-outdoor-werbung-banner-textil-print.jpg 1600w\" sizes=\"(max-width: 400px) 100vw, 400px\" \/><\/a>\n\t\t\t<\/div>\n\t\t\t\t<figcaption class='wp-caption-text gallery-caption' id='gallery-7-9158'>\n\t\t\t\tWerbebanner f\u00fcr Connected Space\n\t\t\t\t<\/figcaption><\/figure><figure class='gallery-item'>\n\t\t\t<div class='gallery-icon landscape'>\n\t\t\t\t<a  href='https:\/\/flagprint.ch\/wp-content\/uploads\/2019\/10\/flagprint-connected-space-outdoor-werbung-banner-stoffprint.jpg' title=\"Werbebanner f\u00fcr Connected Space\" data-rl_title=\"Werbebanner f\u00fcr Connected Space\" class=\"rl-gallery-link\" data-rl_caption=\"Die mobilen Werbebanner lassen sich m\u00fchelos aufbauen und befestigen. Die Banner entfalten beim Publikum eine ausgezeichnete Wirkung.\" data-rel=\"fp-lightbox-gallery-7\"><img loading=\"lazy\" decoding=\"async\" width=\"400\" height=\"300\" src=\"https:\/\/flagprint.ch\/wp-content\/uploads\/2019\/10\/flagprint-connected-space-outdoor-werbung-banner-stoffprint-400x300.jpg\" class=\"attachment-thumbnail size-thumbnail\" alt=\"Die mobilen Werbebanner kamen beim Kunstanlass von Connected Space auf dem Bahnhofplatz Bern zum Einsatz, liessen sich m\u00fchelos aufbauen und erzielten eine feine Wirkung.\" aria-describedby=\"gallery-7-9156\" srcset=\"https:\/\/flagprint.ch\/wp-content\/uploads\/2019\/10\/flagprint-connected-space-outdoor-werbung-banner-stoffprint-400x300.jpg 400w, https:\/\/flagprint.ch\/wp-content\/uploads\/2019\/10\/flagprint-connected-space-outdoor-werbung-banner-stoffprint-800x600.jpg 800w, https:\/\/flagprint.ch\/wp-content\/uploads\/2019\/10\/flagprint-connected-space-outdoor-werbung-banner-stoffprint-768x576.jpg 768w, https:\/\/flagprint.ch\/wp-content\/uploads\/2019\/10\/flagprint-connected-space-outdoor-werbung-banner-stoffprint-1200x900.jpg 1200w, https:\/\/flagprint.ch\/wp-content\/uploads\/2019\/10\/flagprint-connected-space-outdoor-werbung-banner-stoffprint.jpg 1600w\" sizes=\"(max-width: 400px) 100vw, 400px\" \/><\/a>\n\t\t\t<\/div>\n\t\t\t\t<figcaption class='wp-caption-text gallery-caption' id='gallery-7-9156'>\n\t\t\t\tWerbebanner f\u00fcr Connected Space\n\t\t\t\t<\/figcaption><\/figure><figure class='gallery-item'>\n\t\t\t<div class='gallery-icon landscape'>\n\t\t\t\t<a  href='https:\/\/flagprint.ch\/wp-content\/uploads\/2019\/10\/flagprint-connected-space-outdoor-werbung-banner-stoff.jpg' title=\"Werbebanner f\u00fcr Connected Space\" data-rl_title=\"Werbebanner f\u00fcr Connected Space\" class=\"rl-gallery-link\" data-rl_caption=\"Die mobilen Werbebanner lassen sich m\u00fchelos aufbauen und befestigen. Die Banner entfalten beim Publikum eine ausgezeichnete Wirkung.\" data-rel=\"fp-lightbox-gallery-7\"><img loading=\"lazy\" decoding=\"async\" width=\"400\" height=\"300\" src=\"https:\/\/flagprint.ch\/wp-content\/uploads\/2019\/10\/flagprint-connected-space-outdoor-werbung-banner-stoff-400x300.jpg\" class=\"attachment-thumbnail size-thumbnail\" alt=\"Die mobilen Werbebanner kamen beim Kunstanlass von Connected Space auf dem Bahnhofplatz Bern zum Einsatz, liessen sich m\u00fchelos aufbauen und erzielten eine feine Wirkung.\" aria-describedby=\"gallery-7-9154\" srcset=\"https:\/\/flagprint.ch\/wp-content\/uploads\/2019\/10\/flagprint-connected-space-outdoor-werbung-banner-stoff-400x300.jpg 400w, https:\/\/flagprint.ch\/wp-content\/uploads\/2019\/10\/flagprint-connected-space-outdoor-werbung-banner-stoff-800x600.jpg 800w, https:\/\/flagprint.ch\/wp-content\/uploads\/2019\/10\/flagprint-connected-space-outdoor-werbung-banner-stoff-768x576.jpg 768w, https:\/\/flagprint.ch\/wp-content\/uploads\/2019\/10\/flagprint-connected-space-outdoor-werbung-banner-stoff-1200x900.jpg 1200w, https:\/\/flagprint.ch\/wp-content\/uploads\/2019\/10\/flagprint-connected-space-outdoor-werbung-banner-stoff.jpg 1600w\" sizes=\"(max-width: 400px) 100vw, 400px\" \/><\/a>\n\t\t\t<\/div>\n\t\t\t\t<figcaption class='wp-caption-text gallery-caption' id='gallery-7-9154'>\n\t\t\t\tWerbebanner f\u00fcr Connected Space\n\t\t\t\t<\/figcaption><\/figure><figure class='gallery-item'>\n\t\t\t<div class='gallery-icon landscape'>\n\t\t\t\t<a  href='https:\/\/flagprint.ch\/wp-content\/uploads\/2019\/10\/flagprint-connected-space-outdoor-werbung-banner-stoff-print.jpg' title=\"Werbebanner f\u00fcr Connected Space\" data-rl_title=\"Werbebanner f\u00fcr Connected Space\" class=\"rl-gallery-link\" data-rl_caption=\"Die mobilen Werbebanner lassen sich m\u00fchelos aufbauen und befestigen. Die Banner entfalten beim Publikum eine ausgezeichnete Wirkung.\" data-rel=\"fp-lightbox-gallery-7\"><img loading=\"lazy\" decoding=\"async\" width=\"400\" height=\"300\" src=\"https:\/\/flagprint.ch\/wp-content\/uploads\/2019\/10\/flagprint-connected-space-outdoor-werbung-banner-stoff-print-400x300.jpg\" class=\"attachment-thumbnail size-thumbnail\" alt=\"Die mobilen Werbebanner kamen beim Kunstanlass von Connected Space auf dem Bahnhofplatz Bern zum Einsatz, liessen sich m\u00fchelos aufbauen und erzielten eine feine Wirkung.\" aria-describedby=\"gallery-7-9152\" srcset=\"https:\/\/flagprint.ch\/wp-content\/uploads\/2019\/10\/flagprint-connected-space-outdoor-werbung-banner-stoff-print-400x300.jpg 400w, https:\/\/flagprint.ch\/wp-content\/uploads\/2019\/10\/flagprint-connected-space-outdoor-werbung-banner-stoff-print-800x600.jpg 800w, https:\/\/flagprint.ch\/wp-content\/uploads\/2019\/10\/flagprint-connected-space-outdoor-werbung-banner-stoff-print-768x576.jpg 768w, https:\/\/flagprint.ch\/wp-content\/uploads\/2019\/10\/flagprint-connected-space-outdoor-werbung-banner-stoff-print-1200x900.jpg 1200w, https:\/\/flagprint.ch\/wp-content\/uploads\/2019\/10\/flagprint-connected-space-outdoor-werbung-banner-stoff-print.jpg 1600w\" sizes=\"(max-width: 400px) 100vw, 400px\" \/><\/a>\n\t\t\t<\/div>\n\t\t\t\t<figcaption class='wp-caption-text gallery-caption' id='gallery-7-9152'>\n\t\t\t\tWerbebanner f\u00fcr Connected Space\n\t\t\t\t<\/figcaption><\/figure><figure class='gallery-item'>\n\t\t\t<div class='gallery-icon landscape'>\n\t\t\t\t<a  href='https:\/\/flagprint.ch\/wp-content\/uploads\/2019\/10\/flagprint-connected-space-outdoor-werbung-banner-display.jpg' title=\"Werbebanner f\u00fcr Connected Space\" data-rl_title=\"Werbebanner f\u00fcr Connected Space\" class=\"rl-gallery-link\" data-rl_caption=\"Die mobilen Werbebanner lassen sich m\u00fchelos aufbauen und befestigen. Die Banner entfalten beim Publikum eine ausgezeichnete Wirkung.\" data-rel=\"fp-lightbox-gallery-7\"><img loading=\"lazy\" decoding=\"async\" width=\"400\" height=\"300\" src=\"https:\/\/flagprint.ch\/wp-content\/uploads\/2019\/10\/flagprint-connected-space-outdoor-werbung-banner-display-400x300.jpg\" class=\"attachment-thumbnail size-thumbnail\" alt=\"Die mobilen Werbebanner kamen beim Kunstanlass von Connected Space auf dem Bahnhofplatz Bern zum Einsatz, liessen sich m\u00fchelos aufbauen und erzielten eine feine Wirkung.\" aria-describedby=\"gallery-7-9150\" srcset=\"https:\/\/flagprint.ch\/wp-content\/uploads\/2019\/10\/flagprint-connected-space-outdoor-werbung-banner-display-400x300.jpg 400w, https:\/\/flagprint.ch\/wp-content\/uploads\/2019\/10\/flagprint-connected-space-outdoor-werbung-banner-display-800x600.jpg 800w, https:\/\/flagprint.ch\/wp-content\/uploads\/2019\/10\/flagprint-connected-space-outdoor-werbung-banner-display-768x576.jpg 768w, https:\/\/flagprint.ch\/wp-content\/uploads\/2019\/10\/flagprint-connected-space-outdoor-werbung-banner-display-1200x900.jpg 1200w, https:\/\/flagprint.ch\/wp-content\/uploads\/2019\/10\/flagprint-connected-space-outdoor-werbung-banner-display.jpg 1600w\" sizes=\"(max-width: 400px) 100vw, 400px\" \/><\/a>\n\t\t\t<\/div>\n\t\t\t\t<figcaption class='wp-caption-text gallery-caption' id='gallery-7-9150'>\n\t\t\t\tWerbebanner f\u00fcr Connected Space\n\t\t\t\t<\/figcaption><\/figure><figure class='gallery-item'>\n\t\t\t<div class='gallery-icon landscape'>\n\t\t\t\t<a  href='https:\/\/flagprint.ch\/wp-content\/uploads\/2019\/10\/flagprint-connected-space-outdoor-werbung-banner-display-Textil.jpg' title=\"Werbebanner f\u00fcr Connected Space\" data-rl_title=\"Werbebanner f\u00fcr Connected Space\" class=\"rl-gallery-link\" data-rl_caption=\"Die mobilen Werbebanner lassen sich m\u00fchelos aufbauen und befestigen. Die Banner entfalten beim Publikum eine ausgezeichnete Wirkung.\" data-rel=\"fp-lightbox-gallery-7\"><img loading=\"lazy\" decoding=\"async\" width=\"400\" height=\"300\" src=\"https:\/\/flagprint.ch\/wp-content\/uploads\/2019\/10\/flagprint-connected-space-outdoor-werbung-banner-display-Textil-400x300.jpg\" class=\"attachment-thumbnail size-thumbnail\" alt=\"Die mobilen Werbebanner kamen beim Kunstanlass von Connected Space auf dem Bahnhofplatz Bern zum Einsatz, liessen sich m\u00fchelos aufbauen und erzielten eine feine Wirkung.\" aria-describedby=\"gallery-7-9148\" srcset=\"https:\/\/flagprint.ch\/wp-content\/uploads\/2019\/10\/flagprint-connected-space-outdoor-werbung-banner-display-Textil-400x300.jpg 400w, https:\/\/flagprint.ch\/wp-content\/uploads\/2019\/10\/flagprint-connected-space-outdoor-werbung-banner-display-Textil-800x600.jpg 800w, https:\/\/flagprint.ch\/wp-content\/uploads\/2019\/10\/flagprint-connected-space-outdoor-werbung-banner-display-Textil-768x576.jpg 768w, https:\/\/flagprint.ch\/wp-content\/uploads\/2019\/10\/flagprint-connected-space-outdoor-werbung-banner-display-Textil-1200x900.jpg 1200w, https:\/\/flagprint.ch\/wp-content\/uploads\/2019\/10\/flagprint-connected-space-outdoor-werbung-banner-display-Textil.jpg 1600w\" sizes=\"(max-width: 400px) 100vw, 400px\" \/><\/a>\n\t\t\t<\/div>\n\t\t\t\t<figcaption class='wp-caption-text gallery-caption' id='gallery-7-9148'>\n\t\t\t\tWerbebanner f\u00fcr Connected Space\n\t\t\t\t<\/figcaption><\/figure><figure class='gallery-item'>\n\t\t\t<div class='gallery-icon landscape'>\n\t\t\t\t<a  href='https:\/\/flagprint.ch\/wp-content\/uploads\/2019\/08\/werbebanner-endlos-banner-bannervlies-bandenwerbung-outdoor-gemeinde-vechigen.jpg' title=\"Endlosbanner aus Vlies\" data-rl_title=\"Endlosbanner aus Vlies\" class=\"rl-gallery-link\" data-rl_caption=\"Das Material ist leicht und dadurch einfach in der Anwendung.\" data-rel=\"fp-lightbox-gallery-7\"><img loading=\"lazy\" decoding=\"async\" width=\"400\" height=\"300\" src=\"https:\/\/flagprint.ch\/wp-content\/uploads\/2019\/08\/werbebanner-endlos-banner-bannervlies-bandenwerbung-outdoor-gemeinde-vechigen-400x300.jpg\" class=\"attachment-thumbnail size-thumbnail\" alt=\"Endlos Banner als leichtes &amp; einfach anwendbares Material f\u00fcr Werbung am Zaun, Bauger\u00fcst &amp; Fassade. F\u00fcr kurzfristige Eins\u00e4tze auf \u00f6ffentlichen Pl\u00e4tzen.\" aria-describedby=\"gallery-7-8367\" srcset=\"https:\/\/flagprint.ch\/wp-content\/uploads\/2019\/08\/werbebanner-endlos-banner-bannervlies-bandenwerbung-outdoor-gemeinde-vechigen-400x300.jpg 400w, https:\/\/flagprint.ch\/wp-content\/uploads\/2019\/08\/werbebanner-endlos-banner-bannervlies-bandenwerbung-outdoor-gemeinde-vechigen-800x600.jpg 800w, https:\/\/flagprint.ch\/wp-content\/uploads\/2019\/08\/werbebanner-endlos-banner-bannervlies-bandenwerbung-outdoor-gemeinde-vechigen-768x576.jpg 768w, https:\/\/flagprint.ch\/wp-content\/uploads\/2019\/08\/werbebanner-endlos-banner-bannervlies-bandenwerbung-outdoor-gemeinde-vechigen-1200x900.jpg 1200w, https:\/\/flagprint.ch\/wp-content\/uploads\/2019\/08\/werbebanner-endlos-banner-bannervlies-bandenwerbung-outdoor-gemeinde-vechigen.jpg 1600w\" sizes=\"(max-width: 400px) 100vw, 400px\" \/><\/a>\n\t\t\t<\/div>\n\t\t\t\t<figcaption class='wp-caption-text gallery-caption' id='gallery-7-8367'>\n\t\t\t\tEndlosbanner aus Vlies\n\t\t\t\t<\/figcaption><\/figure><figure class='gallery-item'>\n\t\t\t<div class='gallery-icon landscape'>\n\t\t\t\t<a  href='https:\/\/flagprint.ch\/wp-content\/uploads\/2019\/08\/werbebanner-spannband-transparent-rado.jpg' title=\"Werbebanner, Spannband\" data-rl_title=\"Werbebanner, Spannband\" class=\"rl-gallery-link\" data-rl_caption=\"Werbebanner, Spannband als Einzelst\u00fcck oder Serie erh\u00e4ltlich.&lt;br \/&gt;\n&lt;a href=&quot;\/produkte\/werbebanner-spannband-transparent\/&quot;&gt;Zum Produkt&lt;\/a&gt;\" data-rel=\"fp-lightbox-gallery-7\"><img loading=\"lazy\" decoding=\"async\" width=\"400\" height=\"300\" src=\"https:\/\/flagprint.ch\/wp-content\/uploads\/2019\/08\/werbebanner-spannband-transparent-rado-400x300.jpg\" class=\"attachment-thumbnail size-thumbnail\" alt=\"Mit dem Werbebanner machen Sie Ihre Werbung un\u00fcbersehrbar. Sujet &amp; Format sind frei w\u00e4hlbar. Einfache Montage. Qualit\u00e4t &amp; Sichtbarkeit garantiert.\" aria-describedby=\"gallery-7-8361\" srcset=\"https:\/\/flagprint.ch\/wp-content\/uploads\/2019\/08\/werbebanner-spannband-transparent-rado-400x300.jpg 400w, https:\/\/flagprint.ch\/wp-content\/uploads\/2019\/08\/werbebanner-spannband-transparent-rado-800x600.jpg 800w, https:\/\/flagprint.ch\/wp-content\/uploads\/2019\/08\/werbebanner-spannband-transparent-rado-768x576.jpg 768w, https:\/\/flagprint.ch\/wp-content\/uploads\/2019\/08\/werbebanner-spannband-transparent-rado-1200x900.jpg 1200w, https:\/\/flagprint.ch\/wp-content\/uploads\/2019\/08\/werbebanner-spannband-transparent-rado.jpg 1600w\" sizes=\"(max-width: 400px) 100vw, 400px\" \/><\/a>\n\t\t\t<\/div>\n\t\t\t\t<figcaption class='wp-caption-text gallery-caption' id='gallery-7-8361'>\n\t\t\t\tWerbebanner, Spannband\n\t\t\t\t<\/figcaption><\/figure><figure class='gallery-item'>\n\t\t\t<div class='gallery-icon portrait'>\n\t\t\t\t<a  href='https:\/\/flagprint.ch\/wp-content\/uploads\/2019\/02\/werbebanner-megaposter-fassadenwerbung-outdoor-zmk-grossformat.jpg' title=\"Megaposter, Publicit\u00e9 de fa\u00e7ade\" data-rl_title=\"Megaposter, Publicit\u00e9 de fa\u00e7ade\" class=\"rl-gallery-link\" data-rl_caption=\"La confection est r\u00e9alis\u00e9e individuellement selon les exigences, vis-\u00e0-vis du montage, li\u00e9es \u00e0 la situation tir\u00e9e au clair au pr\u00e9alable.&lt;br \/&gt;\n&lt;a href=&quot;\/fr\/produits\/megaposter-publicite-de-facade\/&quot;&gt;vers le produit&lt;\/a&gt;\" data-rel=\"fp-lightbox-gallery-7\"><img loading=\"lazy\" decoding=\"async\" width=\"400\" height=\"400\" src=\"https:\/\/flagprint.ch\/wp-content\/uploads\/2019\/02\/werbebanner-megaposter-fassadenwerbung-outdoor-zmk-grossformat-400x400.jpg\" class=\"attachment-thumbnail size-thumbnail\" alt=\"Grands formats sur tissu, motif pouvant \u00eatre librement con\u00e7u. La confection est r\u00e9alis\u00e9e individuellement selon les exigences.\" aria-describedby=\"gallery-7-4375\" srcset=\"https:\/\/flagprint.ch\/wp-content\/uploads\/2019\/02\/werbebanner-megaposter-fassadenwerbung-outdoor-zmk-grossformat-400x400.jpg 400w, https:\/\/flagprint.ch\/wp-content\/uploads\/2019\/02\/werbebanner-megaposter-fassadenwerbung-outdoor-zmk-grossformat-20x20.jpg 20w, https:\/\/flagprint.ch\/wp-content\/uploads\/2019\/02\/werbebanner-megaposter-fassadenwerbung-outdoor-zmk-grossformat-40x40.jpg 40w, https:\/\/flagprint.ch\/wp-content\/uploads\/2019\/02\/werbebanner-megaposter-fassadenwerbung-outdoor-zmk-grossformat-60x60.jpg 60w\" sizes=\"(max-width: 400px) 100vw, 400px\" \/><\/a>\n\t\t\t<\/div>\n\t\t\t\t<figcaption class='wp-caption-text gallery-caption' id='gallery-7-4375'>\n\t\t\t\tMegaposter, Publicit\u00e9 de fa\u00e7ade\n\t\t\t\t<\/figcaption><\/figure><figure class='gallery-item'>\n\t\t\t<div class='gallery-icon landscape'>\n\t\t\t\t<a  href='https:\/\/flagprint.ch\/wp-content\/uploads\/2019\/02\/werbebanner-absperrband-personenleitsystem-besucherleitsystem-nesquik.jpg' title=\"Syst\u00e8me de direction de personnes\" data-rl_title=\"Syst\u00e8me de direction de personnes\" class=\"rl-gallery-link\" data-rl_caption=\"Des banni\u00e8res en tissu imprim\u00e9 dans un syst\u00e8me de d\u00e9limitation autonome, en tiges d\u2019aluminium assemblables.&lt;br \/&gt;\n&lt;a href=&quot;\/fr\/produits\/systemes-de-direction-de-personnes\/&quot;&gt;vers le produit&lt;\/a&gt;\" data-rel=\"fp-lightbox-gallery-7\"><img loading=\"lazy\" decoding=\"async\" width=\"400\" height=\"400\" src=\"https:\/\/flagprint.ch\/wp-content\/uploads\/2019\/02\/werbebanner-absperrband-personenleitsystem-besucherleitsystem-nesquik-400x400.jpg\" class=\"attachment-thumbnail size-thumbnail\" alt=\"Syst\u00e8me de direction de personnes. Des banni\u00e8res en tissu imprim\u00e9 dans un syst\u00e8me de d\u00e9limitation autonome, en tiges d\u2019aluminium assemblables. Disponibilit\u00e9 de variantes de pieds.\" aria-describedby=\"gallery-7-4154\" srcset=\"https:\/\/flagprint.ch\/wp-content\/uploads\/2019\/02\/werbebanner-absperrband-personenleitsystem-besucherleitsystem-nesquik-400x400.jpg 400w, https:\/\/flagprint.ch\/wp-content\/uploads\/2019\/02\/werbebanner-absperrband-personenleitsystem-besucherleitsystem-nesquik-20x20.jpg 20w, https:\/\/flagprint.ch\/wp-content\/uploads\/2019\/02\/werbebanner-absperrband-personenleitsystem-besucherleitsystem-nesquik-40x40.jpg 40w, https:\/\/flagprint.ch\/wp-content\/uploads\/2019\/02\/werbebanner-absperrband-personenleitsystem-besucherleitsystem-nesquik-60x60.jpg 60w\" sizes=\"(max-width: 400px) 100vw, 400px\" \/><\/a>\n\t\t\t<\/div>\n\t\t\t\t<figcaption class='wp-caption-text gallery-caption' id='gallery-7-4154'>\n\t\t\t\tSyst\u00e8me de direction de personnes\n\t\t\t\t<\/figcaption><\/figure><figure class='gallery-item'>\n\t\t\t<div class='gallery-icon landscape'>\n\t\t\t\t<a  href='https:\/\/flagprint.ch\/wp-content\/uploads\/2019\/02\/werbebanner-absperrband-personenleitsystem-besucherleitsystem-hotel.jpg' title=\"Syst\u00e8me de direction de personnes en h\u00f4tel\" data-rl_title=\"Syst\u00e8me de direction de personnes en h\u00f4tel\" class=\"rl-gallery-link\" data-rl_caption=\"Des banni\u00e8res en tissu imprim\u00e9 dans un syst\u00e8me de d\u00e9limitation autonome, en tiges d\u2019aluminium assemblables.&lt;br \/&gt;\n&lt;a href=&quot;\/fr\/produits\/systemes-de-direction-de-personnes\/&quot;&gt;vers le produit&lt;\/a&gt;\" data-rel=\"fp-lightbox-gallery-7\"><img loading=\"lazy\" decoding=\"async\" width=\"400\" height=\"400\" src=\"https:\/\/flagprint.ch\/wp-content\/uploads\/2019\/02\/werbebanner-absperrband-personenleitsystem-besucherleitsystem-hotel-400x400.jpg\" class=\"attachment-thumbnail size-thumbnail\" alt=\"Syst\u00e8me de direction de personnes. Des banni\u00e8res en tissu imprim\u00e9 dans un syst\u00e8me de d\u00e9limitation autonome, en tiges d\u2019aluminium assemblables. Disponibilit\u00e9 de variantes de pieds.\" aria-describedby=\"gallery-7-4152\" srcset=\"https:\/\/flagprint.ch\/wp-content\/uploads\/2019\/02\/werbebanner-absperrband-personenleitsystem-besucherleitsystem-hotel-400x400.jpg 400w, https:\/\/flagprint.ch\/wp-content\/uploads\/2019\/02\/werbebanner-absperrband-personenleitsystem-besucherleitsystem-hotel-20x20.jpg 20w, https:\/\/flagprint.ch\/wp-content\/uploads\/2019\/02\/werbebanner-absperrband-personenleitsystem-besucherleitsystem-hotel-40x40.jpg 40w, https:\/\/flagprint.ch\/wp-content\/uploads\/2019\/02\/werbebanner-absperrband-personenleitsystem-besucherleitsystem-hotel-60x60.jpg 60w\" sizes=\"(max-width: 400px) 100vw, 400px\" \/><\/a>\n\t\t\t<\/div>\n\t\t\t\t<figcaption class='wp-caption-text gallery-caption' id='gallery-7-4152'>\n\t\t\t\tSyst\u00e8me de direction de personnes en h\u00f4tel\n\t\t\t\t<\/figcaption><\/figure><figure class='gallery-item'>\n\t\t\t<div class='gallery-icon landscape'>\n\t\t\t\t<a  href='https:\/\/flagprint.ch\/wp-content\/uploads\/2019\/02\/werbebanner-spannband-transparent-outdoor-eingang-historisches-museum.jpg' title=\"Banderole publicitaire, Bande tendue, Transparent\" data-rl_title=\"Banderole publicitaire, Bande tendue, Transparent\" class=\"rl-gallery-link\" data-rl_caption=\"Bande tendue | Banni\u00e8re publicitaire avec c\u00e2bles de tension. Format: 550 x 110 cm.&lt;br \/&gt;\n&lt;a href=&quot;\/fr\/produits\/banderole-publicitaire-bande-tendue-transparent\/&quot;&gt;vers le produit&lt;\/a&gt;\" data-rel=\"fp-lightbox-gallery-7\"><img loading=\"lazy\" decoding=\"async\" width=\"400\" height=\"400\" src=\"https:\/\/flagprint.ch\/wp-content\/uploads\/2019\/02\/werbebanner-spannband-transparent-outdoor-eingang-historisches-museum-400x400.jpg\" class=\"attachment-thumbnail size-thumbnail\" alt=\"La banderole publicitaire imprim\u00e9e est confectionn\u00e9e tout autour avec un ourlet renforc\u00e9 et des oeillets. Disponible en tant que fabriqu\u00e9e \u00e0 l\u2019unit\u00e9 ou en s\u00e9rie.\" aria-describedby=\"gallery-7-4124\" srcset=\"https:\/\/flagprint.ch\/wp-content\/uploads\/2019\/02\/werbebanner-spannband-transparent-outdoor-eingang-historisches-museum-400x400.jpg 400w, https:\/\/flagprint.ch\/wp-content\/uploads\/2019\/02\/werbebanner-spannband-transparent-outdoor-eingang-historisches-museum-20x20.jpg 20w, https:\/\/flagprint.ch\/wp-content\/uploads\/2019\/02\/werbebanner-spannband-transparent-outdoor-eingang-historisches-museum-40x40.jpg 40w, https:\/\/flagprint.ch\/wp-content\/uploads\/2019\/02\/werbebanner-spannband-transparent-outdoor-eingang-historisches-museum-60x60.jpg 60w\" sizes=\"(max-width: 400px) 100vw, 400px\" \/><\/a>\n\t\t\t<\/div>\n\t\t\t\t<figcaption class='wp-caption-text gallery-caption' id='gallery-7-4124'>\n\t\t\t\tBanderole publicitaire, Bande tendue, Transparent\n\t\t\t\t<\/figcaption><\/figure><figure class='gallery-item'>\n\t\t\t<div class='gallery-icon landscape'>\n\t\t\t\t<a  href='https:\/\/flagprint.ch\/wp-content\/uploads\/2019\/02\/werbebanner-spannband-transparent-outdoor-helvetas-bundesplatz.jpg' title=\"Banderole publicitaire, Bande tendue, Transparent\" data-rl_title=\"Banderole publicitaire, Bande tendue, Transparent\" class=\"rl-gallery-link\" data-rl_caption=\"La banni\u00e8re imprim\u00e9e est confectionn\u00e9e tout autour avec un ourlet renforc\u00e9 et des oeillets.&lt;br \/&gt;\n&lt;a href=&quot;\/fr\/produits\/banderole-publicitaire-bande-tendue-transparent\/&quot;&gt;vers le produit&lt;\/a&gt;\" data-rel=\"fp-lightbox-gallery-7\"><img loading=\"lazy\" decoding=\"async\" width=\"400\" height=\"400\" src=\"https:\/\/flagprint.ch\/wp-content\/uploads\/2019\/02\/werbebanner-spannband-transparent-outdoor-helvetas-bundesplatz-400x400.jpg\" class=\"attachment-thumbnail size-thumbnail\" alt=\"La banderole publicitaire imprim\u00e9e est confectionn\u00e9e tout autour avec un ourlet renforc\u00e9 et des oeillets. Disponible en tant que fabriqu\u00e9e \u00e0 l\u2019unit\u00e9 ou en s\u00e9rie.\" aria-describedby=\"gallery-7-4126\" srcset=\"https:\/\/flagprint.ch\/wp-content\/uploads\/2019\/02\/werbebanner-spannband-transparent-outdoor-helvetas-bundesplatz-400x400.jpg 400w, https:\/\/flagprint.ch\/wp-content\/uploads\/2019\/02\/werbebanner-spannband-transparent-outdoor-helvetas-bundesplatz-20x20.jpg 20w, https:\/\/flagprint.ch\/wp-content\/uploads\/2019\/02\/werbebanner-spannband-transparent-outdoor-helvetas-bundesplatz-40x40.jpg 40w, https:\/\/flagprint.ch\/wp-content\/uploads\/2019\/02\/werbebanner-spannband-transparent-outdoor-helvetas-bundesplatz-60x60.jpg 60w\" sizes=\"(max-width: 400px) 100vw, 400px\" \/><\/a>\n\t\t\t<\/div>\n\t\t\t\t<figcaption class='wp-caption-text gallery-caption' id='gallery-7-4126'>\n\t\t\t\tBanderole publicitaire, Bande tendue, Transparent\n\t\t\t\t<\/figcaption><\/figure><figure class='gallery-item'>\n\t\t\t<div class='gallery-icon landscape'>\n\t\t\t\t<a  href='https:\/\/flagprint.ch\/wp-content\/uploads\/2019\/02\/werbebanner-spannband-transparent-swissmilk.jpg' title=\"Banderole publicitaire, Bande tendue, Transparent\" data-rl_title=\"Banderole publicitaire, Bande tendue, Transparent\" class=\"rl-gallery-link\" data-rl_caption=\"Banni\u00e8re publicitaire outdoor avec syst\u00e8me de tubes en alu et c\u00e2ble de tension.&lt;br \/&gt;\n&lt;a href=&quot;\/fr\/produits\/banderole-publicitaire-bande-tendue-transparent\/&quot;&gt;vers le produit&lt;\/a&gt;\" data-rel=\"fp-lightbox-gallery-7\"><img loading=\"lazy\" decoding=\"async\" width=\"400\" height=\"400\" src=\"https:\/\/flagprint.ch\/wp-content\/uploads\/2019\/02\/werbebanner-spannband-transparent-swissmilk-400x400.jpg\" class=\"attachment-thumbnail size-thumbnail\" alt=\"La banderole publicitaire imprim\u00e9e est confectionn\u00e9e tout autour avec un ourlet renforc\u00e9 et des oeillets. Disponible en tant que fabriqu\u00e9e \u00e0 l\u2019unit\u00e9 ou en s\u00e9rie.\" aria-describedby=\"gallery-7-4128\" srcset=\"https:\/\/flagprint.ch\/wp-content\/uploads\/2019\/02\/werbebanner-spannband-transparent-swissmilk-400x400.jpg 400w, https:\/\/flagprint.ch\/wp-content\/uploads\/2019\/02\/werbebanner-spannband-transparent-swissmilk-20x20.jpg 20w, https:\/\/flagprint.ch\/wp-content\/uploads\/2019\/02\/werbebanner-spannband-transparent-swissmilk-40x40.jpg 40w, https:\/\/flagprint.ch\/wp-content\/uploads\/2019\/02\/werbebanner-spannband-transparent-swissmilk-60x60.jpg 60w\" sizes=\"(max-width: 400px) 100vw, 400px\" \/><\/a>\n\t\t\t<\/div>\n\t\t\t\t<figcaption class='wp-caption-text gallery-caption' id='gallery-7-4128'>\n\t\t\t\tBanderole publicitaire, Bande tendue, Transparent\n\t\t\t\t<\/figcaption><\/figure><figure class='gallery-item'>\n\t\t\t<div class='gallery-icon landscape'>\n\t\t\t\t<a  href='https:\/\/flagprint.ch\/wp-content\/uploads\/2019\/02\/werbebanner-endlos-banner-bannervlies-bandenwerbung-outdoor-welle-bea.jpg' title=\"Banni\u00e8re sans fin, Non-tiss\u00e9 en banni\u00e8re, Publicit\u00e9 par banni\u00e8re\" data-rl_title=\"Banni\u00e8re sans fin, Non-tiss\u00e9 en banni\u00e8re, Publicit\u00e9 par banni\u00e8re\" class=\"rl-gallery-link\" data-rl_caption=\"Le motif est imprim\u00e9 sur des rouleaux en \u00e9tant r\u00e9p\u00e9t\u00e9.&lt;br \/&gt;\n&lt;a href=&quot;\/fr\/produits\/banniere-sans-fin-non-tisse-en-banniere-publicite-par-banniere\/&quot;&gt;vers le produit&lt;\/a&gt;\" data-rel=\"fp-lightbox-gallery-7\"><img loading=\"lazy\" decoding=\"async\" width=\"400\" height=\"400\" src=\"https:\/\/flagprint.ch\/wp-content\/uploads\/2019\/02\/werbebanner-endlos-banner-bannervlies-bandenwerbung-outdoor-welle-bea-400x400.jpg\" class=\"attachment-thumbnail size-thumbnail\" alt=\"Le motif est imprim\u00e9 sur des rouleaux en \u00e9tant r\u00e9p\u00e9t\u00e9. La banni\u00e8re peut \u00eatre confectionn\u00e9e, en haut et en bas, avec des oeillets.\" aria-describedby=\"gallery-7-4131\" srcset=\"https:\/\/flagprint.ch\/wp-content\/uploads\/2019\/02\/werbebanner-endlos-banner-bannervlies-bandenwerbung-outdoor-welle-bea-400x400.jpg 400w, https:\/\/flagprint.ch\/wp-content\/uploads\/2019\/02\/werbebanner-endlos-banner-bannervlies-bandenwerbung-outdoor-welle-bea-20x20.jpg 20w, https:\/\/flagprint.ch\/wp-content\/uploads\/2019\/02\/werbebanner-endlos-banner-bannervlies-bandenwerbung-outdoor-welle-bea-40x40.jpg 40w, https:\/\/flagprint.ch\/wp-content\/uploads\/2019\/02\/werbebanner-endlos-banner-bannervlies-bandenwerbung-outdoor-welle-bea-60x60.jpg 60w\" sizes=\"(max-width: 400px) 100vw, 400px\" \/><\/a>\n\t\t\t<\/div>\n\t\t\t\t<figcaption class='wp-caption-text gallery-caption' id='gallery-7-4131'>\n\t\t\t\tBanni\u00e8re sans fin, Non-tiss\u00e9 en banni\u00e8re, Publicit\u00e9 par banni\u00e8re\n\t\t\t\t<\/figcaption><\/figure><figure class='gallery-item'>\n\t\t\t<div class='gallery-icon landscape'>\n\t\t\t\t<a  href='https:\/\/flagprint.ch\/wp-content\/uploads\/2019\/02\/werbebanner-endlos-banner-bannervlies-bandenwerbung-outdoor.jpg' title=\"Banni\u00e8re sans fin, Non-tiss\u00e9 en banni\u00e8re, Publicit\u00e9 par banni\u00e8re\" data-rl_title=\"Banni\u00e8re sans fin, Non-tiss\u00e9 en banni\u00e8re, Publicit\u00e9 par banni\u00e8re\" class=\"rl-gallery-link\" data-rl_caption=\"La banni\u00e8re peut \u00eatre confectionn\u00e9e, en haut et en bas, avec des oeillets.&lt;br \/&gt;\n&lt;a href=&quot;\/fr\/produits\/banniere-sans-fin-non-tisse-en-banniere-publicite-par-banniere\/&quot;&gt;vers le produit&lt;\/a&gt;\" data-rel=\"fp-lightbox-gallery-7\"><img loading=\"lazy\" decoding=\"async\" width=\"400\" height=\"400\" src=\"https:\/\/flagprint.ch\/wp-content\/uploads\/2019\/02\/werbebanner-endlos-banner-bannervlies-bandenwerbung-outdoor-400x400.jpg\" class=\"attachment-thumbnail size-thumbnail\" alt=\"Le motif est imprim\u00e9 sur des rouleaux en \u00e9tant r\u00e9p\u00e9t\u00e9. La banni\u00e8re peut \u00eatre confectionn\u00e9e, en haut et en bas, avec des oeillets.\" aria-describedby=\"gallery-7-4133\" srcset=\"https:\/\/flagprint.ch\/wp-content\/uploads\/2019\/02\/werbebanner-endlos-banner-bannervlies-bandenwerbung-outdoor-400x400.jpg 400w, https:\/\/flagprint.ch\/wp-content\/uploads\/2019\/02\/werbebanner-endlos-banner-bannervlies-bandenwerbung-outdoor-20x20.jpg 20w, https:\/\/flagprint.ch\/wp-content\/uploads\/2019\/02\/werbebanner-endlos-banner-bannervlies-bandenwerbung-outdoor-40x40.jpg 40w, https:\/\/flagprint.ch\/wp-content\/uploads\/2019\/02\/werbebanner-endlos-banner-bannervlies-bandenwerbung-outdoor-60x60.jpg 60w\" sizes=\"(max-width: 400px) 100vw, 400px\" \/><\/a>\n\t\t\t<\/div>\n\t\t\t\t<figcaption class='wp-caption-text gallery-caption' id='gallery-7-4133'>\n\t\t\t\tBanni\u00e8re sans fin, Non-tiss\u00e9 en banni\u00e8re, Publicit\u00e9 par banni\u00e8re\n\t\t\t\t<\/figcaption><\/figure><figure class='gallery-item'>\n\t\t\t<div class='gallery-icon landscape'>\n\t\t\t\t<a  href='https:\/\/flagprint.ch\/wp-content\/uploads\/2019\/02\/werbebanner-endlos-banner-bannervlies-bandenwerbung-sbb.jpg' title=\"Banni\u00e8re sans fin\" data-rl_title=\"Banni\u00e8re sans fin\" class=\"rl-gallery-link\" data-rl_caption=\"Banni\u00e8re sans fin en non-tiss\u00e9, banni\u00e8re de cl\u00f4ture pour usages de courte de dur\u00e9e. Format 349 x 178 cm.&lt;br \/&gt;\n&lt;a href=&quot;\/fr\/produits\/banniere-sans-fin-non-tisse-en-banniere-publicite-par-banniere\/&quot;&gt;vers le produit&lt;\/a&gt;\" data-rel=\"fp-lightbox-gallery-7\"><img loading=\"lazy\" decoding=\"async\" width=\"400\" height=\"400\" src=\"https:\/\/flagprint.ch\/wp-content\/uploads\/2019\/02\/werbebanner-endlos-banner-bannervlies-bandenwerbung-sbb-400x400.jpg\" class=\"attachment-thumbnail size-thumbnail\" alt=\"Le motif est imprim\u00e9 sur des rouleaux en \u00e9tant r\u00e9p\u00e9t\u00e9. La banni\u00e8re peut \u00eatre confectionn\u00e9e, en haut et en bas, avec des oeillets.\" aria-describedby=\"gallery-7-4135\" srcset=\"https:\/\/flagprint.ch\/wp-content\/uploads\/2019\/02\/werbebanner-endlos-banner-bannervlies-bandenwerbung-sbb-400x400.jpg 400w, https:\/\/flagprint.ch\/wp-content\/uploads\/2019\/02\/werbebanner-endlos-banner-bannervlies-bandenwerbung-sbb-20x20.jpg 20w, https:\/\/flagprint.ch\/wp-content\/uploads\/2019\/02\/werbebanner-endlos-banner-bannervlies-bandenwerbung-sbb-40x40.jpg 40w, https:\/\/flagprint.ch\/wp-content\/uploads\/2019\/02\/werbebanner-endlos-banner-bannervlies-bandenwerbung-sbb-60x60.jpg 60w\" sizes=\"(max-width: 400px) 100vw, 400px\" \/><\/a>\n\t\t\t<\/div>\n\t\t\t\t<figcaption class='wp-caption-text gallery-caption' id='gallery-7-4135'>\n\t\t\t\tBanni\u00e8re sans fin\n\t\t\t\t<\/figcaption><\/figure><figure class='gallery-item'>\n\t\t\t<div class='gallery-icon landscape'>\n\t\t\t\t<a  href='https:\/\/flagprint.ch\/wp-content\/uploads\/2019\/02\/werbebanner-megaposter-fassadenwerbung-outdoor-bfh.jpg' title=\"Megaposter, Publicit\u00e9 de fa\u00e7ade\" data-rl_title=\"Megaposter, Publicit\u00e9 de fa\u00e7ade\" class=\"rl-gallery-link\" data-rl_caption=\"Grands formats sur tissu, motif pouvant \u00eatre librement con\u00e7u.\" data-rel=\"fp-lightbox-gallery-7\"><img loading=\"lazy\" decoding=\"async\" width=\"400\" height=\"400\" src=\"https:\/\/flagprint.ch\/wp-content\/uploads\/2019\/02\/werbebanner-megaposter-fassadenwerbung-outdoor-bfh-400x400.jpg\" class=\"attachment-thumbnail size-thumbnail\" alt=\"Grands formats sur tissu, motif pouvant \u00eatre librement con\u00e7u. La confection est r\u00e9alis\u00e9e individuellement selon les exigences.\" aria-describedby=\"gallery-7-4138\" srcset=\"https:\/\/flagprint.ch\/wp-content\/uploads\/2019\/02\/werbebanner-megaposter-fassadenwerbung-outdoor-bfh-400x400.jpg 400w, https:\/\/flagprint.ch\/wp-content\/uploads\/2019\/02\/werbebanner-megaposter-fassadenwerbung-outdoor-bfh-20x20.jpg 20w, https:\/\/flagprint.ch\/wp-content\/uploads\/2019\/02\/werbebanner-megaposter-fassadenwerbung-outdoor-bfh-40x40.jpg 40w, https:\/\/flagprint.ch\/wp-content\/uploads\/2019\/02\/werbebanner-megaposter-fassadenwerbung-outdoor-bfh-60x60.jpg 60w\" sizes=\"(max-width: 400px) 100vw, 400px\" \/><\/a>\n\t\t\t<\/div>\n\t\t\t\t<figcaption class='wp-caption-text gallery-caption' id='gallery-7-4138'>\n\t\t\t\tMegaposter, Publicit\u00e9 de fa\u00e7ade\n\t\t\t\t<\/figcaption><\/figure><figure class='gallery-item'>\n\t\t\t<div class='gallery-icon landscape'>\n\t\t\t\t<a  href='https:\/\/flagprint.ch\/wp-content\/uploads\/2019\/02\/werbebanner-megaposter-fassadenwerbung-outdoor-fambau.jpg' title=\"Megaposter, Publicit\u00e9 de fa\u00e7ade\" data-rl_title=\"Megaposter, Publicit\u00e9 de fa\u00e7ade\" class=\"rl-gallery-link\" data-rl_caption=\"Publicit\u00e9 de fa\u00e7ade sur \u00e9chafaudage.&lt;br \/&gt;\n&lt;a href=&quot;\/fr\/produits\/megaposter-publicite-de-facade\/&quot;&gt;vers le produit&lt;\/a&gt;\" data-rel=\"fp-lightbox-gallery-7\"><img loading=\"lazy\" decoding=\"async\" width=\"400\" height=\"400\" src=\"https:\/\/flagprint.ch\/wp-content\/uploads\/2019\/02\/werbebanner-megaposter-fassadenwerbung-outdoor-fambau-400x400.jpg\" class=\"attachment-thumbnail size-thumbnail\" alt=\"Grands formats sur tissu, motif pouvant \u00eatre librement con\u00e7u. La confection est r\u00e9alis\u00e9e individuellement selon les exigences.\" aria-describedby=\"gallery-7-4140\" srcset=\"https:\/\/flagprint.ch\/wp-content\/uploads\/2019\/02\/werbebanner-megaposter-fassadenwerbung-outdoor-fambau-400x400.jpg 400w, https:\/\/flagprint.ch\/wp-content\/uploads\/2019\/02\/werbebanner-megaposter-fassadenwerbung-outdoor-fambau-20x20.jpg 20w, https:\/\/flagprint.ch\/wp-content\/uploads\/2019\/02\/werbebanner-megaposter-fassadenwerbung-outdoor-fambau-40x40.jpg 40w, https:\/\/flagprint.ch\/wp-content\/uploads\/2019\/02\/werbebanner-megaposter-fassadenwerbung-outdoor-fambau-60x60.jpg 60w\" sizes=\"(max-width: 400px) 100vw, 400px\" \/><\/a>\n\t\t\t<\/div>\n\t\t\t\t<figcaption class='wp-caption-text gallery-caption' id='gallery-7-4140'>\n\t\t\t\tMegaposter, Publicit\u00e9 de fa\u00e7ade\n\t\t\t\t<\/figcaption><\/figure><figure class='gallery-item'>\n\t\t\t<div class='gallery-icon landscape'>\n\t\t\t\t<a  href='https:\/\/flagprint.ch\/wp-content\/uploads\/2019\/02\/werbebanner-megaposter-fassadenwerbung-outdoor-heiliggeist-kirche-ausstellung-grossformat.jpg' title=\"Megaposter, Publicit\u00e9 de fa\u00e7ade\" data-rl_title=\"Megaposter, Publicit\u00e9 de fa\u00e7ade\" class=\"rl-gallery-link\" data-rl_caption=\"La confection est r\u00e9alis\u00e9e individuellement selon les exigences.&lt;br \/&gt;\n&lt;a href=&quot;\/fr\/produits\/megaposter-publicite-de-facade\/&quot;&gt;vers le produit&lt;\/a&gt;\" data-rel=\"fp-lightbox-gallery-7\"><img loading=\"lazy\" decoding=\"async\" width=\"400\" height=\"400\" src=\"https:\/\/flagprint.ch\/wp-content\/uploads\/2019\/02\/werbebanner-megaposter-fassadenwerbung-outdoor-heiliggeist-kirche-ausstellung-grossformat-400x400.jpg\" class=\"attachment-thumbnail size-thumbnail\" alt=\"Grands formats sur tissu, motif pouvant \u00eatre librement con\u00e7u. La confection est r\u00e9alis\u00e9e individuellement selon les exigences.\" aria-describedby=\"gallery-7-4142\" srcset=\"https:\/\/flagprint.ch\/wp-content\/uploads\/2019\/02\/werbebanner-megaposter-fassadenwerbung-outdoor-heiliggeist-kirche-ausstellung-grossformat-400x400.jpg 400w, https:\/\/flagprint.ch\/wp-content\/uploads\/2019\/02\/werbebanner-megaposter-fassadenwerbung-outdoor-heiliggeist-kirche-ausstellung-grossformat-20x20.jpg 20w, https:\/\/flagprint.ch\/wp-content\/uploads\/2019\/02\/werbebanner-megaposter-fassadenwerbung-outdoor-heiliggeist-kirche-ausstellung-grossformat-40x40.jpg 40w, https:\/\/flagprint.ch\/wp-content\/uploads\/2019\/02\/werbebanner-megaposter-fassadenwerbung-outdoor-heiliggeist-kirche-ausstellung-grossformat-60x60.jpg 60w\" sizes=\"(max-width: 400px) 100vw, 400px\" \/><\/a>\n\t\t\t<\/div>\n\t\t\t\t<figcaption class='wp-caption-text gallery-caption' id='gallery-7-4142'>\n\t\t\t\tMegaposter, Publicit\u00e9 de fa\u00e7ade\n\t\t\t\t<\/figcaption><\/figure><figure class='gallery-item'>\n\t\t\t<div class='gallery-icon portrait'>\n\t\t\t\t<a  href='https:\/\/flagprint.ch\/wp-content\/uploads\/2019\/02\/werbebanner-megaposter-fassadenwerbung-outdoor-heiliggeist-kirche-ausstellung.jpg' title=\"Megaposter, Publicit\u00e9 de fa\u00e7ade\" data-rl_title=\"Megaposter, Publicit\u00e9 de fa\u00e7ade\" class=\"rl-gallery-link\" data-rl_caption=\"La confection est r\u00e9alis\u00e9e individuellement selon les exigences.&lt;br \/&gt;\n&lt;a href=&quot;\/fr\/produits\/megaposter-publicite-de-facade\/&quot;&gt;vers le produit&lt;\/a&gt;\" data-rel=\"fp-lightbox-gallery-7\"><img loading=\"lazy\" decoding=\"async\" width=\"400\" height=\"400\" src=\"https:\/\/flagprint.ch\/wp-content\/uploads\/2019\/02\/werbebanner-megaposter-fassadenwerbung-outdoor-heiliggeist-kirche-ausstellung-400x400.jpg\" class=\"attachment-thumbnail size-thumbnail\" alt=\"Grands formats sur tissu, motif pouvant \u00eatre librement con\u00e7u. La confection est r\u00e9alis\u00e9e individuellement selon les exigences.\" aria-describedby=\"gallery-7-4144\" srcset=\"https:\/\/flagprint.ch\/wp-content\/uploads\/2019\/02\/werbebanner-megaposter-fassadenwerbung-outdoor-heiliggeist-kirche-ausstellung-400x400.jpg 400w, https:\/\/flagprint.ch\/wp-content\/uploads\/2019\/02\/werbebanner-megaposter-fassadenwerbung-outdoor-heiliggeist-kirche-ausstellung-20x20.jpg 20w, https:\/\/flagprint.ch\/wp-content\/uploads\/2019\/02\/werbebanner-megaposter-fassadenwerbung-outdoor-heiliggeist-kirche-ausstellung-40x40.jpg 40w, https:\/\/flagprint.ch\/wp-content\/uploads\/2019\/02\/werbebanner-megaposter-fassadenwerbung-outdoor-heiliggeist-kirche-ausstellung-60x60.jpg 60w\" sizes=\"(max-width: 400px) 100vw, 400px\" \/><\/a>\n\t\t\t<\/div>\n\t\t\t\t<figcaption class='wp-caption-text gallery-caption' id='gallery-7-4144'>\n\t\t\t\tMegaposter, Publicit\u00e9 de fa\u00e7ade\n\t\t\t\t<\/figcaption><\/figure><figure class='gallery-item'>\n\t\t\t<div class='gallery-icon landscape'>\n\t\t\t\t<a  href='https:\/\/flagprint.ch\/wp-content\/uploads\/2019\/02\/werbebanner-megaposter-fassadenwerbung-outdoor-raifeissen-grossformat.jpg' title=\"Megaposter, Publicit\u00e9 de fa\u00e7ade\" data-rl_title=\"Megaposter, Publicit\u00e9 de fa\u00e7ade\" class=\"rl-gallery-link\" data-rl_caption=\"Grands formats sur tissu, motif pouvant \u00eatre librement con\u00e7u.&lt;br \/&gt;\n&lt;a href=&quot;\/fr\/produits\/megaposter-publicite-de-facade\/&quot;&gt;vers le produit&lt;\/a&gt;\" data-rel=\"fp-lightbox-gallery-7\"><img loading=\"lazy\" decoding=\"async\" width=\"400\" height=\"400\" src=\"https:\/\/flagprint.ch\/wp-content\/uploads\/2019\/02\/werbebanner-megaposter-fassadenwerbung-outdoor-raifeissen-grossformat-400x400.jpg\" class=\"attachment-thumbnail size-thumbnail\" alt=\"Grands formats sur tissu, motif pouvant \u00eatre librement con\u00e7u. La confection est r\u00e9alis\u00e9e individuellement selon les exigences.\" aria-describedby=\"gallery-7-4146\" srcset=\"https:\/\/flagprint.ch\/wp-content\/uploads\/2019\/02\/werbebanner-megaposter-fassadenwerbung-outdoor-raifeissen-grossformat-400x400.jpg 400w, https:\/\/flagprint.ch\/wp-content\/uploads\/2019\/02\/werbebanner-megaposter-fassadenwerbung-outdoor-raifeissen-grossformat-20x20.jpg 20w, https:\/\/flagprint.ch\/wp-content\/uploads\/2019\/02\/werbebanner-megaposter-fassadenwerbung-outdoor-raifeissen-grossformat-40x40.jpg 40w, https:\/\/flagprint.ch\/wp-content\/uploads\/2019\/02\/werbebanner-megaposter-fassadenwerbung-outdoor-raifeissen-grossformat-60x60.jpg 60w\" sizes=\"(max-width: 400px) 100vw, 400px\" \/><\/a>\n\t\t\t<\/div>\n\t\t\t\t<figcaption class='wp-caption-text gallery-caption' id='gallery-7-4146'>\n\t\t\t\tMegaposter, Publicit\u00e9 de fa\u00e7ade\n\t\t\t\t<\/figcaption><\/figure><figure class='gallery-item'>\n\t\t\t<div class='gallery-icon landscape'>\n\t\t\t\t<a  href='https:\/\/flagprint.ch\/wp-content\/uploads\/2019\/02\/werbebanner-absperrband-personenleitsystem-besucherleitsystem-eingang.jpg' title=\"Syst\u00e8me de direction de personnes\" data-rl_title=\"Syst\u00e8me de direction de personnes\" class=\"rl-gallery-link\" data-rl_caption=\"Disponibilit\u00e9 de variantes de pieds.&lt;br \/&gt;\n&lt;a href=&quot;\/fr\/produits\/systemes-de-direction-de-personnes\/&quot;&gt;vers le produit&lt;\/a&gt;\" data-rel=\"fp-lightbox-gallery-7\"><img loading=\"lazy\" decoding=\"async\" width=\"400\" height=\"400\" src=\"https:\/\/flagprint.ch\/wp-content\/uploads\/2019\/02\/werbebanner-absperrband-personenleitsystem-besucherleitsystem-eingang-400x400.jpg\" class=\"attachment-thumbnail size-thumbnail\" alt=\"Syst\u00e8me de direction de personnes. Des banni\u00e8res en tissu imprim\u00e9 dans un syst\u00e8me de d\u00e9limitation autonome, en tiges d\u2019aluminium assemblables. Disponibilit\u00e9 de variantes de pieds.\" aria-describedby=\"gallery-7-4150\" srcset=\"https:\/\/flagprint.ch\/wp-content\/uploads\/2019\/02\/werbebanner-absperrband-personenleitsystem-besucherleitsystem-eingang-400x400.jpg 400w, https:\/\/flagprint.ch\/wp-content\/uploads\/2019\/02\/werbebanner-absperrband-personenleitsystem-besucherleitsystem-eingang-20x20.jpg 20w, https:\/\/flagprint.ch\/wp-content\/uploads\/2019\/02\/werbebanner-absperrband-personenleitsystem-besucherleitsystem-eingang-40x40.jpg 40w, https:\/\/flagprint.ch\/wp-content\/uploads\/2019\/02\/werbebanner-absperrband-personenleitsystem-besucherleitsystem-eingang-60x60.jpg 60w\" sizes=\"(max-width: 400px) 100vw, 400px\" \/><\/a>\n\t\t\t<\/div>\n\t\t\t\t<figcaption class='wp-caption-text gallery-caption' id='gallery-7-4150'>\n\t\t\t\tSyst\u00e8me de direction de personnes\n\t\t\t\t<\/figcaption><\/figure>\n\t\t<\/div>\n\t\t<\/div>\n\t\t\t\t\t\t<\/div>\n\t\t\t\t<\/div>\n\t\t\t\t\t<\/div>\n\t\t<\/div>\n\t\t\t\t\t<\/div>\n\t\t<\/section>\n\t\t\t\t<section class=\"elementor-section elementor-inner-section elementor-element elementor-element-53e844f elementor-section-full_width fp-gallery elementor-section-height-default elementor-section-height-default\" data-id=\"53e844f\" data-element_type=\"section\" data-e-type=\"section\" id=\"fp-id-point-de-vente\">\n\t\t\t\t\t\t<div class=\"elementor-container elementor-column-gap-no\">\n\t\t\t\t\t<div class=\"elementor-column elementor-col-100 elementor-inner-column elementor-element elementor-element-b643409\" data-id=\"b643409\" data-element_type=\"column\" data-e-type=\"column\">\n\t\t\t<div class=\"elementor-widget-wrap elementor-element-populated\">\n\t\t\t\t\t\t<div class=\"elementor-element elementor-element-1f4bc1f elementor-widget elementor-widget-heading\" data-id=\"1f4bc1f\" data-element_type=\"widget\" data-e-type=\"widget\" data-widget_type=\"heading.default\">\n\t\t\t\t<div class=\"elementor-widget-container\">\n\t\t\t\t\t<h2 class=\"elementor-heading-title elementor-size-default\">Point de vente<\/h2>\t\t\t\t<\/div>\n\t\t\t\t<\/div>\n\t\t\t\t<div class=\"elementor-element elementor-element-496837c elementor-widget elementor-widget-image-gallery\" data-id=\"496837c\" data-element_type=\"widget\" data-e-type=\"widget\" data-widget_type=\"image-gallery.default\">\n\t\t\t\t<div class=\"elementor-widget-container\">\n\t\t\t\t\t\t\t<div class=\"elementor-image-gallery\">\n\t\t\t<div id='gallery-8' class='gallery galleryid-13913 gallery-columns-5 gallery-size-thumbnail'><figure class='gallery-item'>\n\t\t\t<div class='gallery-icon landscape'>\n\t\t\t\t<a  href='https:\/\/flagprint.ch\/wp-content\/uploads\/2024\/04\/digiframe-display_2-scaled.jpg' title=\"digiframe bei Belwag\" data-rl_title=\"digiframe bei Belwag\" class=\"rl-gallery-link\" data-rl_caption=\"Entdecken Sie das digiframe Desk - das moderne digitale Tischdisplay, das den klassischen DIN A4 Aufsteller revolutioniert!\" data-rel=\"fp-lightbox-gallery-8\"><img loading=\"lazy\" decoding=\"async\" width=\"400\" height=\"300\" src=\"https:\/\/flagprint.ch\/wp-content\/uploads\/2024\/04\/digiframe-display_2-400x300.jpg\" class=\"attachment-thumbnail size-thumbnail\" alt=\"Entdecken Sie das digiframe Desk - das moderne digitale Tischdisplay, das den klassischen DIN A4 Aufsteller revolutioniert! Es eignet sich besonders f\u00fcr den Empfangsbereich wie die Rezeption, den Kassenbereich oder den Bartresen, um Kunden und Besucher mit dynamischen Inhalten zu begr\u00fcssen.\" aria-describedby=\"gallery-8-36637\" srcset=\"https:\/\/flagprint.ch\/wp-content\/uploads\/2024\/04\/digiframe-display_2-400x300.jpg 400w, https:\/\/flagprint.ch\/wp-content\/uploads\/2024\/04\/digiframe-display_2-800x600.jpg 800w, https:\/\/flagprint.ch\/wp-content\/uploads\/2024\/04\/digiframe-display_2-1200x900.jpg 1200w, https:\/\/flagprint.ch\/wp-content\/uploads\/2024\/04\/digiframe-display_2-768x576.jpg 768w, https:\/\/flagprint.ch\/wp-content\/uploads\/2024\/04\/digiframe-display_2-1536x1152.jpg 1536w, https:\/\/flagprint.ch\/wp-content\/uploads\/2024\/04\/digiframe-display_2-2048x1536.jpg 2048w\" sizes=\"(max-width: 400px) 100vw, 400px\" \/><\/a>\n\t\t\t<\/div>\n\t\t\t\t<figcaption class='wp-caption-text gallery-caption' id='gallery-8-36637'>\n\t\t\t\tdigiframe bei Belwag\n\t\t\t\t<\/figcaption><\/figure><figure class='gallery-item'>\n\t\t\t<div class='gallery-icon landscape'>\n\t\t\t\t<a  href='https:\/\/flagprint.ch\/wp-content\/uploads\/2024\/03\/flagprint-digiframe-window-mauer.jpg' title=\"digiframe - Digital Signage\" data-rl_title=\"digiframe - Digital Signage\" class=\"rl-gallery-link\" data-rl_caption=\"Erleben Sie die Effizienz der digiframe Systeme f\u00fcr Ihre digitale Werbung: digiframe Desk, Stand und Stele bieten spezialisierte L\u00f6sungen f\u00fcr lebendige Pr\u00e4sentationen in unterschiedlichen Umgebungen.\" data-rel=\"fp-lightbox-gallery-8\"><img loading=\"lazy\" decoding=\"async\" width=\"400\" height=\"300\" src=\"https:\/\/flagprint.ch\/wp-content\/uploads\/2024\/03\/flagprint-digiframe-window-mauer-400x300.jpg\" class=\"attachment-thumbnail size-thumbnail\" alt=\"Erleben Sie die Effizienz der digiframe Systeme f\u00fcr Ihre digitale Werbung: digiframe Desk, Stand und Stele bieten spezialisierte L\u00f6sungen f\u00fcr lebendige Pr\u00e4sentationen in unterschiedlichen Umgebungen.\" aria-describedby=\"gallery-8-36048\" srcset=\"https:\/\/flagprint.ch\/wp-content\/uploads\/2024\/03\/flagprint-digiframe-window-mauer-400x300.jpg 400w, https:\/\/flagprint.ch\/wp-content\/uploads\/2024\/03\/flagprint-digiframe-window-mauer-800x600.jpg 800w, https:\/\/flagprint.ch\/wp-content\/uploads\/2024\/03\/flagprint-digiframe-window-mauer-1200x900.jpg 1200w, https:\/\/flagprint.ch\/wp-content\/uploads\/2024\/03\/flagprint-digiframe-window-mauer-768x576.jpg 768w, https:\/\/flagprint.ch\/wp-content\/uploads\/2024\/03\/flagprint-digiframe-window-mauer-1536x1152.jpg 1536w, https:\/\/flagprint.ch\/wp-content\/uploads\/2024\/03\/flagprint-digiframe-window-mauer.jpg 1600w\" sizes=\"(max-width: 400px) 100vw, 400px\" \/><\/a>\n\t\t\t<\/div>\n\t\t\t\t<figcaption class='wp-caption-text gallery-caption' id='gallery-8-36048'>\n\t\t\t\tdigiframe &#8211; Digital Signage\n\t\t\t\t<\/figcaption><\/figure><figure class='gallery-item'>\n\t\t\t<div class='gallery-icon landscape'>\n\t\t\t\t<a  href='https:\/\/flagprint.ch\/wp-content\/uploads\/2024\/03\/flagprint-digiframe-stele-mauer-v2.jpg' title=\"digiframe - Digital Signage\" data-rl_title=\"digiframe - Digital Signage\" class=\"rl-gallery-link\" data-rl_caption=\"Erleben Sie die Effizienz der digiframe Systeme f\u00fcr Ihre digitale Werbung: digiframe Desk, Stand und Stele bieten spezialisierte L\u00f6sungen f\u00fcr lebendige Pr\u00e4sentationen in unterschiedlichen Umgebungen.\" data-rel=\"fp-lightbox-gallery-8\"><img loading=\"lazy\" decoding=\"async\" width=\"400\" height=\"300\" src=\"https:\/\/flagprint.ch\/wp-content\/uploads\/2024\/03\/flagprint-digiframe-stele-mauer-v2-400x300.jpg\" class=\"attachment-thumbnail size-thumbnail\" alt=\"Erleben Sie die Effizienz der digiframe Systeme f\u00fcr Ihre digitale Werbung: digiframe Desk, Stand und Stele bieten spezialisierte L\u00f6sungen f\u00fcr lebendige Pr\u00e4sentationen in unterschiedlichen Umgebungen.\" aria-describedby=\"gallery-8-36046\" srcset=\"https:\/\/flagprint.ch\/wp-content\/uploads\/2024\/03\/flagprint-digiframe-stele-mauer-v2-400x300.jpg 400w, https:\/\/flagprint.ch\/wp-content\/uploads\/2024\/03\/flagprint-digiframe-stele-mauer-v2-800x600.jpg 800w, https:\/\/flagprint.ch\/wp-content\/uploads\/2024\/03\/flagprint-digiframe-stele-mauer-v2-1200x900.jpg 1200w, https:\/\/flagprint.ch\/wp-content\/uploads\/2024\/03\/flagprint-digiframe-stele-mauer-v2-768x576.jpg 768w, https:\/\/flagprint.ch\/wp-content\/uploads\/2024\/03\/flagprint-digiframe-stele-mauer-v2-1536x1152.jpg 1536w, https:\/\/flagprint.ch\/wp-content\/uploads\/2024\/03\/flagprint-digiframe-stele-mauer-v2.jpg 1600w\" sizes=\"(max-width: 400px) 100vw, 400px\" \/><\/a>\n\t\t\t<\/div>\n\t\t\t\t<figcaption class='wp-caption-text gallery-caption' id='gallery-8-36046'>\n\t\t\t\tdigiframe &#8211; Digital Signage\n\t\t\t\t<\/figcaption><\/figure><figure class='gallery-item'>\n\t\t\t<div class='gallery-icon landscape'>\n\t\t\t\t<a  href='https:\/\/flagprint.ch\/wp-content\/uploads\/2022\/08\/Swissone_Lightframe_ml.png' title=\"Messestand mit Leuchtk\u00e4sten f\u00fcr den Messeauftritt von Swissone\" data-rl_title=\"Messestand mit Leuchtk\u00e4sten f\u00fcr den Messeauftritt von Swissone\" class=\"rl-gallery-link\" data-rl_caption=\"Messestand mit Leuchtk\u00e4sten f\u00fcr den Messeauftritt von SwissOne.\" data-rel=\"fp-lightbox-gallery-8\"><img loading=\"lazy\" decoding=\"async\" width=\"400\" height=\"300\" src=\"https:\/\/flagprint.ch\/wp-content\/uploads\/2022\/08\/Swissone_Lightframe_ml-400x300.png\" class=\"attachment-thumbnail size-thumbnail\" alt=\"\" aria-describedby=\"gallery-8-30463\" srcset=\"https:\/\/flagprint.ch\/wp-content\/uploads\/2022\/08\/Swissone_Lightframe_ml-400x300.png 400w, https:\/\/flagprint.ch\/wp-content\/uploads\/2022\/08\/Swissone_Lightframe_ml-800x600.png 800w, https:\/\/flagprint.ch\/wp-content\/uploads\/2022\/08\/Swissone_Lightframe_ml-1200x900.png 1200w, https:\/\/flagprint.ch\/wp-content\/uploads\/2022\/08\/Swissone_Lightframe_ml-768x576.png 768w, https:\/\/flagprint.ch\/wp-content\/uploads\/2022\/08\/Swissone_Lightframe_ml-1536x1152.png 1536w, https:\/\/flagprint.ch\/wp-content\/uploads\/2022\/08\/Swissone_Lightframe_ml.png 1560w\" sizes=\"(max-width: 400px) 100vw, 400px\"><\/a>\n\t\t\t<\/div>\n\t\t\t\t<figcaption class='wp-caption-text gallery-caption' id='gallery-8-30463'>\n\t\t\t\tMessestand mit Leuchtk\u00e4sten f\u00fcr den Messeauftritt von Swissone\n\t\t\t\t<\/figcaption><\/figure><figure class='gallery-item'>\n\t\t\t<div class='gallery-icon portrait'>\n\t\t\t\t<a  href='https:\/\/flagprint.ch\/wp-content\/uploads\/2020\/05\/flagprint-mobile-schutzwand-protectionframe-restaurant-takeaway-indoor.jpg' title=\"Paroi de protection mobile protectionframe\" data-rl_title=\"Paroi de protection mobile protectionframe\" class=\"rl-gallery-link\" data-rl_caption=\"Les domaines d\u2019application de cette paroi de s\u00e9paration mobile sont pratiquement illimit\u00e9s: maisons de retraite, restauration, centres de fitness, salons de coiffure, bureaux, zones de caisses et d\u2019accueil.\" data-rel=\"fp-lightbox-gallery-8\"><img loading=\"lazy\" decoding=\"async\" width=\"300\" height=\"400\" src=\"https:\/\/flagprint.ch\/wp-content\/uploads\/2020\/05\/flagprint-mobile-schutzwand-protectionframe-restaurant-takeaway-indoor-300x400.jpg\" class=\"attachment-thumbnail size-thumbnail\" alt=\"protectionframe de flagprint vous permet de prot\u00e9ger vos clients et collaborateurs. Constitu\u00e9es d\u2019un cadre en aluminium avec un film PVC transparent.\" aria-describedby=\"gallery-8-10650\" srcset=\"https:\/\/flagprint.ch\/wp-content\/uploads\/2020\/05\/flagprint-mobile-schutzwand-protectionframe-restaurant-takeaway-indoor-300x400.jpg 300w, https:\/\/flagprint.ch\/wp-content\/uploads\/2020\/05\/flagprint-mobile-schutzwand-protectionframe-restaurant-takeaway-indoor-600x800.jpg 600w, https:\/\/flagprint.ch\/wp-content\/uploads\/2020\/05\/flagprint-mobile-schutzwand-protectionframe-restaurant-takeaway-indoor-900x1200.jpg 900w, https:\/\/flagprint.ch\/wp-content\/uploads\/2020\/05\/flagprint-mobile-schutzwand-protectionframe-restaurant-takeaway-indoor-768x1024.jpg 768w, https:\/\/flagprint.ch\/wp-content\/uploads\/2020\/05\/flagprint-mobile-schutzwand-protectionframe-restaurant-takeaway-indoor-1152x1536.jpg 1152w, https:\/\/flagprint.ch\/wp-content\/uploads\/2020\/05\/flagprint-mobile-schutzwand-protectionframe-restaurant-takeaway-indoor.jpg 1200w\" sizes=\"(max-width: 300px) 100vw, 300px\" \/><\/a>\n\t\t\t<\/div>\n\t\t\t\t<figcaption class='wp-caption-text gallery-caption' id='gallery-8-10650'>\n\t\t\t\tParoi de protection mobile protectionframe\n\t\t\t\t<\/figcaption><\/figure><figure class='gallery-item'>\n\t\t\t<div class='gallery-icon landscape'>\n\t\t\t\t<a  href='https:\/\/flagprint.ch\/wp-content\/uploads\/2019\/02\/shop-pos-alu-frame-freistehend-230x230cm-doppelseitig.jpg' title=\"aluframe en detail\" data-rl_title=\"aluframe en detail\" class=\"rl-gallery-link\" data-rl_caption=\"Cadre en alu, d\u00e9tail Pieds courb\u00e9s.&lt;br \/&gt;\n&lt;a href=&quot;\/fr\/produits\/aluframe-cadre-en-alu-autonome\/&quot;&gt;vers le produit&lt;\/a&gt;\" data-rel=\"fp-lightbox-gallery-8\"><img loading=\"lazy\" decoding=\"async\" width=\"400\" height=\"400\" src=\"https:\/\/flagprint.ch\/wp-content\/uploads\/2019\/02\/shop-pos-alu-frame-freistehend-230x230cm-doppelseitig-400x400.jpg\" class=\"attachment-thumbnail size-thumbnail\" alt=\"Aluframe - cadre \u00e9l\u00e9gant en alu tendu avec impression, changement simple de motif. Peut \u00eatre suspendue du plafond, viss\u00e9e au mur ou \u00eatre plac\u00e9e de mani\u00e8re autonome.\" aria-describedby=\"gallery-8-4113\" srcset=\"https:\/\/flagprint.ch\/wp-content\/uploads\/2019\/02\/shop-pos-alu-frame-freistehend-230x230cm-doppelseitig-400x400.jpg 400w, https:\/\/flagprint.ch\/wp-content\/uploads\/2019\/02\/shop-pos-alu-frame-freistehend-230x230cm-doppelseitig-20x20.jpg 20w, https:\/\/flagprint.ch\/wp-content\/uploads\/2019\/02\/shop-pos-alu-frame-freistehend-230x230cm-doppelseitig-40x40.jpg 40w, https:\/\/flagprint.ch\/wp-content\/uploads\/2019\/02\/shop-pos-alu-frame-freistehend-230x230cm-doppelseitig-60x60.jpg 60w\" sizes=\"(max-width: 400px) 100vw, 400px\" \/><\/a>\n\t\t\t<\/div>\n\t\t\t\t<figcaption class='wp-caption-text gallery-caption' id='gallery-8-4113'>\n\t\t\t\taluframe en detail\n\t\t\t\t<\/figcaption><\/figure><figure class='gallery-item'>\n\t\t\t<div class='gallery-icon landscape'>\n\t\t\t\t<a  href='https:\/\/flagprint.ch\/wp-content\/uploads\/2019\/02\/shop-pos-alu-frame-freistehend-indoor-curved.jpg' title=\"aluframe cadre en alu autonome\" data-rl_title=\"aluframe cadre en alu autonome\" class=\"rl-gallery-link\" data-rl_caption=\"Cadre en alu courb\u00e9, autoporteur, tendu avec textile imprim\u00e9.&lt;br \/&gt;\n&lt;a href=&quot;\/fr\/produits\/aluframe-cadre-en-alu-autonome\/&quot;&gt;vers le produit&lt;\/a&gt;\" data-rel=\"fp-lightbox-gallery-8\"><img loading=\"lazy\" decoding=\"async\" width=\"400\" height=\"400\" src=\"https:\/\/flagprint.ch\/wp-content\/uploads\/2019\/02\/shop-pos-alu-frame-freistehend-indoor-curved-400x400.jpg\" class=\"attachment-thumbnail size-thumbnail\" alt=\"Aluframe - cadre \u00e9l\u00e9gant en alu tendu avec impression, changement simple de motif. Peut \u00eatre suspendue du plafond, viss\u00e9e au mur ou \u00eatre plac\u00e9e de mani\u00e8re autonome.\" aria-describedby=\"gallery-8-4121\" srcset=\"https:\/\/flagprint.ch\/wp-content\/uploads\/2019\/02\/shop-pos-alu-frame-freistehend-indoor-curved-400x400.jpg 400w, https:\/\/flagprint.ch\/wp-content\/uploads\/2019\/02\/shop-pos-alu-frame-freistehend-indoor-curved-20x20.jpg 20w, https:\/\/flagprint.ch\/wp-content\/uploads\/2019\/02\/shop-pos-alu-frame-freistehend-indoor-curved-40x40.jpg 40w, https:\/\/flagprint.ch\/wp-content\/uploads\/2019\/02\/shop-pos-alu-frame-freistehend-indoor-curved-60x60.jpg 60w\" sizes=\"(max-width: 400px) 100vw, 400px\" \/><\/a>\n\t\t\t<\/div>\n\t\t\t\t<figcaption class='wp-caption-text gallery-caption' id='gallery-8-4121'>\n\t\t\t\taluframe cadre en alu autonome\n\t\t\t\t<\/figcaption><\/figure><figure class='gallery-item'>\n\t\t\t<div class='gallery-icon landscape'>\n\t\t\t\t<a  href='https:\/\/flagprint.ch\/wp-content\/uploads\/2019\/02\/shop-pos-alu-frame-freistehend-indoor-230x230cm-doppelseitig.jpg' title=\"aluframe cadre en alu autonome\" data-rl_title=\"aluframe cadre en alu autonome\" class=\"rl-gallery-link\" data-rl_caption=\"Aluframe en format 230 x 230 cm.&lt;br \/&gt;\n&lt;a href=&quot;\/fr\/produits\/aluframe-cadre-en-alu-autonome\/&quot;&gt;vers le produit&lt;\/a&gt;\" data-rel=\"fp-lightbox-gallery-8\"><img loading=\"lazy\" decoding=\"async\" width=\"400\" height=\"400\" src=\"https:\/\/flagprint.ch\/wp-content\/uploads\/2019\/02\/shop-pos-alu-frame-freistehend-indoor-230x230cm-doppelseitig-400x400.jpg\" class=\"attachment-thumbnail size-thumbnail\" alt=\"Aluframe - cadre \u00e9l\u00e9gant en alu tendu avec impression, changement simple de motif. Peut \u00eatre suspendue du plafond, viss\u00e9e au mur ou \u00eatre plac\u00e9e de mani\u00e8re autonome.\" aria-describedby=\"gallery-8-4119\" srcset=\"https:\/\/flagprint.ch\/wp-content\/uploads\/2019\/02\/shop-pos-alu-frame-freistehend-indoor-230x230cm-doppelseitig-400x400.jpg 400w, https:\/\/flagprint.ch\/wp-content\/uploads\/2019\/02\/shop-pos-alu-frame-freistehend-indoor-230x230cm-doppelseitig-20x20.jpg 20w, https:\/\/flagprint.ch\/wp-content\/uploads\/2019\/02\/shop-pos-alu-frame-freistehend-indoor-230x230cm-doppelseitig-40x40.jpg 40w, https:\/\/flagprint.ch\/wp-content\/uploads\/2019\/02\/shop-pos-alu-frame-freistehend-indoor-230x230cm-doppelseitig-60x60.jpg 60w\" sizes=\"(max-width: 400px) 100vw, 400px\" \/><\/a>\n\t\t\t<\/div>\n\t\t\t\t<figcaption class='wp-caption-text gallery-caption' id='gallery-8-4119'>\n\t\t\t\taluframe cadre en alu autonome\n\t\t\t\t<\/figcaption><\/figure><figure class='gallery-item'>\n\t\t\t<div class='gallery-icon landscape'>\n\t\t\t\t<a  href='https:\/\/flagprint.ch\/wp-content\/uploads\/2019\/02\/display-systeme-alu-frame-indoor-230x230cm-doppelseitig.jpg' title=\"aluframe\" data-rl_title=\"aluframe\" class=\"rl-gallery-link\" data-rl_caption=\"Aluframe en format 230 x 230 cm.&lt;br \/&gt;\n&lt;a href=&quot;\/fr\/produits\/alu-frame\/&quot;&gt;vers le produit&lt;\/a&gt;\" data-rel=\"fp-lightbox-gallery-8\"><img loading=\"lazy\" decoding=\"async\" width=\"400\" height=\"400\" src=\"https:\/\/flagprint.ch\/wp-content\/uploads\/2019\/02\/display-systeme-alu-frame-indoor-230x230cm-doppelseitig-400x400.jpg\" class=\"attachment-thumbnail size-thumbnail\" alt=\"Aluframe - cadre \u00e9l\u00e9gant en alu tendu avec impression, changement simple de motif. Peut \u00eatre suspendue du plafond, viss\u00e9e au mur ou \u00eatre plac\u00e9e de mani\u00e8re autonome.\" aria-describedby=\"gallery-8-4363\" srcset=\"https:\/\/flagprint.ch\/wp-content\/uploads\/2019\/02\/display-systeme-alu-frame-indoor-230x230cm-doppelseitig-400x400.jpg 400w, https:\/\/flagprint.ch\/wp-content\/uploads\/2019\/02\/display-systeme-alu-frame-indoor-230x230cm-doppelseitig-20x20.jpg 20w, https:\/\/flagprint.ch\/wp-content\/uploads\/2019\/02\/display-systeme-alu-frame-indoor-230x230cm-doppelseitig-40x40.jpg 40w, https:\/\/flagprint.ch\/wp-content\/uploads\/2019\/02\/display-systeme-alu-frame-indoor-230x230cm-doppelseitig-60x60.jpg 60w\" sizes=\"(max-width: 400px) 100vw, 400px\" \/><\/a>\n\t\t\t<\/div>\n\t\t\t\t<figcaption class='wp-caption-text gallery-caption' id='gallery-8-4363'>\n\t\t\t\taluframe\n\t\t\t\t<\/figcaption><\/figure><figure class='gallery-item'>\n\t\t\t<div class='gallery-icon landscape'>\n\t\t\t\t<a  href='https:\/\/flagprint.ch\/wp-content\/uploads\/2020\/01\/lightframe-counter-detail-ablage-messe-event.jpg' title=\"Comptoir \u00e9clair\u00e9 mobile lightframe LF580\" data-rl_title=\"Comptoir \u00e9clair\u00e9 mobile lightframe LF580\" class=\"rl-gallery-link\" data-rl_caption=\"Le syst\u00e8me de comptoir mobile est \u00e9quip\u00e9 d\u2019un \u00e9clairage \u00e0 l\u2019avant et d\u2019un compartiment de rangement \u00e0 l\u2019arri\u00e8re.\" data-rel=\"fp-lightbox-gallery-8\"><img loading=\"lazy\" decoding=\"async\" width=\"400\" height=\"300\" src=\"https:\/\/flagprint.ch\/wp-content\/uploads\/2020\/01\/lightframe-counter-detail-ablage-messe-event-400x300.jpg\" class=\"attachment-thumbnail size-thumbnail\" alt=\"Le comptoir \u00e9clair\u00e9 mobile, le lightframe LF580, vous permettra d\u2019impressionner sur les salons et \u00e9v\u00e8nements. Le syst\u00e8me de comptoir mobile est \u00e9quip\u00e9 d\u2019un \u00e9clairage \u00e0 l\u2019avant et d\u2019un compartiment de rangement \u00e0 l\u2019arri\u00e8re.\" aria-describedby=\"gallery-8-9641\" srcset=\"https:\/\/flagprint.ch\/wp-content\/uploads\/2020\/01\/lightframe-counter-detail-ablage-messe-event-400x300.jpg 400w, https:\/\/flagprint.ch\/wp-content\/uploads\/2020\/01\/lightframe-counter-detail-ablage-messe-event-800x600.jpg 800w, https:\/\/flagprint.ch\/wp-content\/uploads\/2020\/01\/lightframe-counter-detail-ablage-messe-event-768x576.jpg 768w, https:\/\/flagprint.ch\/wp-content\/uploads\/2020\/01\/lightframe-counter-detail-ablage-messe-event-1200x900.jpg 1200w, https:\/\/flagprint.ch\/wp-content\/uploads\/2020\/01\/lightframe-counter-detail-ablage-messe-event.jpg 1600w\" sizes=\"(max-width: 400px) 100vw, 400px\" \/><\/a>\n\t\t\t<\/div>\n\t\t\t\t<figcaption class='wp-caption-text gallery-caption' id='gallery-8-9641'>\n\t\t\t\tComptoir \u00e9clair\u00e9 mobile lightframe LF580\n\t\t\t\t<\/figcaption><\/figure><figure class='gallery-item'>\n\t\t\t<div class='gallery-icon landscape'>\n\t\t\t\t<a  href='https:\/\/flagprint.ch\/wp-content\/uploads\/2019\/02\/werbebanner-absperrband-personenleitsystem-besucherleitsystem-nesquik.jpg' title=\"Syst\u00e8me de direction de personnes\" data-rl_title=\"Syst\u00e8me de direction de personnes\" class=\"rl-gallery-link\" data-rl_caption=\"Des banni\u00e8res en tissu imprim\u00e9 dans un syst\u00e8me de d\u00e9limitation autonome, en tiges d\u2019aluminium assemblables.&lt;br \/&gt;\n&lt;a href=&quot;\/fr\/produits\/systemes-de-direction-de-personnes\/&quot;&gt;vers le produit&lt;\/a&gt;\" data-rel=\"fp-lightbox-gallery-8\"><img loading=\"lazy\" decoding=\"async\" width=\"400\" height=\"400\" src=\"https:\/\/flagprint.ch\/wp-content\/uploads\/2019\/02\/werbebanner-absperrband-personenleitsystem-besucherleitsystem-nesquik-400x400.jpg\" class=\"attachment-thumbnail size-thumbnail\" alt=\"Syst\u00e8me de direction de personnes. Des banni\u00e8res en tissu imprim\u00e9 dans un syst\u00e8me de d\u00e9limitation autonome, en tiges d\u2019aluminium assemblables. Disponibilit\u00e9 de variantes de pieds.\" aria-describedby=\"gallery-8-4154\" srcset=\"https:\/\/flagprint.ch\/wp-content\/uploads\/2019\/02\/werbebanner-absperrband-personenleitsystem-besucherleitsystem-nesquik-400x400.jpg 400w, https:\/\/flagprint.ch\/wp-content\/uploads\/2019\/02\/werbebanner-absperrband-personenleitsystem-besucherleitsystem-nesquik-20x20.jpg 20w, https:\/\/flagprint.ch\/wp-content\/uploads\/2019\/02\/werbebanner-absperrband-personenleitsystem-besucherleitsystem-nesquik-40x40.jpg 40w, https:\/\/flagprint.ch\/wp-content\/uploads\/2019\/02\/werbebanner-absperrband-personenleitsystem-besucherleitsystem-nesquik-60x60.jpg 60w\" sizes=\"(max-width: 400px) 100vw, 400px\" \/><\/a>\n\t\t\t<\/div>\n\t\t\t\t<figcaption class='wp-caption-text gallery-caption' id='gallery-8-4154'>\n\t\t\t\tSyst\u00e8me de direction de personnes\n\t\t\t\t<\/figcaption><\/figure><figure class='gallery-item'>\n\t\t\t<div class='gallery-icon landscape'>\n\t\t\t\t<a  href='https:\/\/flagprint.ch\/wp-content\/uploads\/2019\/02\/werbebanner-absperrband-personenleitsystem-besucherleitsystem-hotel.jpg' title=\"Syst\u00e8me de direction de personnes en h\u00f4tel\" data-rl_title=\"Syst\u00e8me de direction de personnes en h\u00f4tel\" class=\"rl-gallery-link\" data-rl_caption=\"Des banni\u00e8res en tissu imprim\u00e9 dans un syst\u00e8me de d\u00e9limitation autonome, en tiges d\u2019aluminium assemblables.&lt;br \/&gt;\n&lt;a href=&quot;\/fr\/produits\/systemes-de-direction-de-personnes\/&quot;&gt;vers le produit&lt;\/a&gt;\" data-rel=\"fp-lightbox-gallery-8\"><img loading=\"lazy\" decoding=\"async\" width=\"400\" height=\"400\" src=\"https:\/\/flagprint.ch\/wp-content\/uploads\/2019\/02\/werbebanner-absperrband-personenleitsystem-besucherleitsystem-hotel-400x400.jpg\" class=\"attachment-thumbnail size-thumbnail\" alt=\"Syst\u00e8me de direction de personnes. Des banni\u00e8res en tissu imprim\u00e9 dans un syst\u00e8me de d\u00e9limitation autonome, en tiges d\u2019aluminium assemblables. Disponibilit\u00e9 de variantes de pieds.\" aria-describedby=\"gallery-8-4152\" srcset=\"https:\/\/flagprint.ch\/wp-content\/uploads\/2019\/02\/werbebanner-absperrband-personenleitsystem-besucherleitsystem-hotel-400x400.jpg 400w, https:\/\/flagprint.ch\/wp-content\/uploads\/2019\/02\/werbebanner-absperrband-personenleitsystem-besucherleitsystem-hotel-20x20.jpg 20w, https:\/\/flagprint.ch\/wp-content\/uploads\/2019\/02\/werbebanner-absperrband-personenleitsystem-besucherleitsystem-hotel-40x40.jpg 40w, https:\/\/flagprint.ch\/wp-content\/uploads\/2019\/02\/werbebanner-absperrband-personenleitsystem-besucherleitsystem-hotel-60x60.jpg 60w\" sizes=\"(max-width: 400px) 100vw, 400px\" \/><\/a>\n\t\t\t<\/div>\n\t\t\t\t<figcaption class='wp-caption-text gallery-caption' id='gallery-8-4152'>\n\t\t\t\tSyst\u00e8me de direction de personnes en h\u00f4tel\n\t\t\t\t<\/figcaption><\/figure><figure class='gallery-item'>\n\t\t\t<div class='gallery-icon landscape'>\n\t\t\t\t<a  href='https:\/\/flagprint.ch\/wp-content\/uploads\/2019\/02\/werbebanner-absperrband-personenleitsystem-besucherleitsystem-eingang.jpg' title=\"Syst\u00e8me de direction de personnes\" data-rl_title=\"Syst\u00e8me de direction de personnes\" class=\"rl-gallery-link\" data-rl_caption=\"Disponibilit\u00e9 de variantes de pieds.&lt;br \/&gt;\n&lt;a href=&quot;\/fr\/produits\/systemes-de-direction-de-personnes\/&quot;&gt;vers le produit&lt;\/a&gt;\" data-rel=\"fp-lightbox-gallery-8\"><img loading=\"lazy\" decoding=\"async\" width=\"400\" height=\"400\" src=\"https:\/\/flagprint.ch\/wp-content\/uploads\/2019\/02\/werbebanner-absperrband-personenleitsystem-besucherleitsystem-eingang-400x400.jpg\" class=\"attachment-thumbnail size-thumbnail\" alt=\"Syst\u00e8me de direction de personnes. Des banni\u00e8res en tissu imprim\u00e9 dans un syst\u00e8me de d\u00e9limitation autonome, en tiges d\u2019aluminium assemblables. Disponibilit\u00e9 de variantes de pieds.\" aria-describedby=\"gallery-8-4150\" srcset=\"https:\/\/flagprint.ch\/wp-content\/uploads\/2019\/02\/werbebanner-absperrband-personenleitsystem-besucherleitsystem-eingang-400x400.jpg 400w, https:\/\/flagprint.ch\/wp-content\/uploads\/2019\/02\/werbebanner-absperrband-personenleitsystem-besucherleitsystem-eingang-20x20.jpg 20w, https:\/\/flagprint.ch\/wp-content\/uploads\/2019\/02\/werbebanner-absperrband-personenleitsystem-besucherleitsystem-eingang-40x40.jpg 40w, https:\/\/flagprint.ch\/wp-content\/uploads\/2019\/02\/werbebanner-absperrband-personenleitsystem-besucherleitsystem-eingang-60x60.jpg 60w\" sizes=\"(max-width: 400px) 100vw, 400px\" \/><\/a>\n\t\t\t<\/div>\n\t\t\t\t<figcaption class='wp-caption-text gallery-caption' id='gallery-8-4150'>\n\t\t\t\tSyst\u00e8me de direction de personnes\n\t\t\t\t<\/figcaption><\/figure><figure class='gallery-item'>\n\t\t\t<div class='gallery-icon landscape'>\n\t\t\t\t<a  href='https:\/\/flagprint.ch\/wp-content\/uploads\/2019\/06\/pop-up-lightbox-indoor-blaser-messe.jpg' title=\"Theke, Counter\" data-rl_title=\"Theke, Counter\" class=\"rl-gallery-link\" data-rl_caption=\"Faltbare Theke mit Stoffabdeckung, 3-seitig bedruckt.\" data-rel=\"fp-lightbox-gallery-8\"><img loading=\"lazy\" decoding=\"async\" width=\"400\" height=\"300\" src=\"https:\/\/flagprint.ch\/wp-content\/uploads\/2019\/06\/pop-up-lightbox-indoor-blaser-messe-400x300.jpg\" class=\"attachment-thumbnail size-thumbnail\" alt=\"Theken\/Counter mit individuell-bedrucktem Stoff. Leicht transportierbar &amp; schnell montiert. Als Degustationsstand oder Theke an einem Messestand geeignet.\" aria-describedby=\"gallery-8-7957\" srcset=\"https:\/\/flagprint.ch\/wp-content\/uploads\/2019\/06\/pop-up-lightbox-indoor-blaser-messe-400x300.jpg 400w, https:\/\/flagprint.ch\/wp-content\/uploads\/2019\/06\/pop-up-lightbox-indoor-blaser-messe-800x600.jpg 800w, https:\/\/flagprint.ch\/wp-content\/uploads\/2019\/06\/pop-up-lightbox-indoor-blaser-messe-768x576.jpg 768w, https:\/\/flagprint.ch\/wp-content\/uploads\/2019\/06\/pop-up-lightbox-indoor-blaser-messe-1200x900.jpg 1200w, https:\/\/flagprint.ch\/wp-content\/uploads\/2019\/06\/pop-up-lightbox-indoor-blaser-messe.jpg 1600w\" sizes=\"(max-width: 400px) 100vw, 400px\" \/><\/a>\n\t\t\t<\/div>\n\t\t\t\t<figcaption class='wp-caption-text gallery-caption' id='gallery-8-7957'>\n\t\t\t\tTheke, Counter\n\t\t\t\t<\/figcaption><\/figure><figure class='gallery-item'>\n\t\t\t<div class='gallery-icon landscape'>\n\t\t\t\t<a  href='https:\/\/flagprint.ch\/wp-content\/uploads\/2021\/03\/flagprint-aluframe-raumteiler-rahmen-l-form-stoffprint.jpg' title=\"aluframe in L-Formation\" data-rl_title=\"aluframe in L-Formation\" class=\"rl-gallery-link\" data-rl_caption=\"Der bedruckte Stoff kann jederzeit einfach ausgewechselt werden.&lt;br \/&gt;\n&lt;a href=&quot;\/produkte\/aluframe-freistehend\/&quot;&gt;Zum Produkt&lt;\/a&gt;\" data-rel=\"fp-lightbox-gallery-8\"><img loading=\"lazy\" decoding=\"async\" width=\"400\" height=\"300\" src=\"https:\/\/flagprint.ch\/wp-content\/uploads\/2021\/03\/flagprint-aluframe-raumteiler-rahmen-l-form-stoffprint-400x300.jpg\" class=\"attachment-thumbnail size-thumbnail\" alt=\"Edler Alurahmen mit individuell-bedrucktem Stoff. Stoff jederzeit einfach auswechselbar. Geeignet als Messestand, freistehendes Display oder Raumtrenner.\" aria-describedby=\"gallery-8-13003\" srcset=\"https:\/\/flagprint.ch\/wp-content\/uploads\/2021\/03\/flagprint-aluframe-raumteiler-rahmen-l-form-stoffprint-400x300.jpg 400w, https:\/\/flagprint.ch\/wp-content\/uploads\/2021\/03\/flagprint-aluframe-raumteiler-rahmen-l-form-stoffprint-800x600.jpg 800w, https:\/\/flagprint.ch\/wp-content\/uploads\/2021\/03\/flagprint-aluframe-raumteiler-rahmen-l-form-stoffprint-1200x900.jpg 1200w, https:\/\/flagprint.ch\/wp-content\/uploads\/2021\/03\/flagprint-aluframe-raumteiler-rahmen-l-form-stoffprint-768x576.jpg 768w, https:\/\/flagprint.ch\/wp-content\/uploads\/2021\/03\/flagprint-aluframe-raumteiler-rahmen-l-form-stoffprint-1536x1152.jpg 1536w, https:\/\/flagprint.ch\/wp-content\/uploads\/2021\/03\/flagprint-aluframe-raumteiler-rahmen-l-form-stoffprint.jpg 1600w\" sizes=\"(max-width: 400px) 100vw, 400px\" \/><\/a>\n\t\t\t<\/div>\n\t\t\t\t<figcaption class='wp-caption-text gallery-caption' id='gallery-8-13003'>\n\t\t\t\taluframe in L-Formation\n\t\t\t\t<\/figcaption><\/figure><figure class='gallery-item'>\n\t\t\t<div class='gallery-icon landscape'>\n\t\t\t\t<a  href='https:\/\/flagprint.ch\/wp-content\/uploads\/2019\/02\/shop-pos-alu-frame-wandbild-indoor-werk5.jpg' title=\"aluframe cadre en alu\" data-rl_title=\"aluframe cadre en alu\" class=\"rl-gallery-link\" data-rl_caption=\"Du textile \u00e9lastique imprim\u00e9 est tendu au moyen d\u2019une l\u00e8vre en caoutchouc cousue dans le profil\u00e9 d\u2019aluminium.&lt;br \/&gt;\n&lt;a href=&quot;\/fr\/produits\/aluframe-cadre-en-alu\/&quot;&gt;vers le produit&lt;\/a&gt;\" data-rel=\"fp-lightbox-gallery-8\"><img loading=\"lazy\" decoding=\"async\" width=\"400\" height=\"400\" src=\"https:\/\/flagprint.ch\/wp-content\/uploads\/2019\/02\/shop-pos-alu-frame-wandbild-indoor-werk5-400x400.jpg\" class=\"attachment-thumbnail size-thumbnail\" alt=\"Aluframe - cadre \u00e9l\u00e9gant en alu tendu avec impression, changement simple de motif. Peut \u00eatre suspendue du plafond, viss\u00e9e au mur ou \u00eatre plac\u00e9e de mani\u00e8re autonome.\" aria-describedby=\"gallery-8-4076\" srcset=\"https:\/\/flagprint.ch\/wp-content\/uploads\/2019\/02\/shop-pos-alu-frame-wandbild-indoor-werk5-400x400.jpg 400w, https:\/\/flagprint.ch\/wp-content\/uploads\/2019\/02\/shop-pos-alu-frame-wandbild-indoor-werk5-20x20.jpg 20w, https:\/\/flagprint.ch\/wp-content\/uploads\/2019\/02\/shop-pos-alu-frame-wandbild-indoor-werk5-40x40.jpg 40w, https:\/\/flagprint.ch\/wp-content\/uploads\/2019\/02\/shop-pos-alu-frame-wandbild-indoor-werk5-60x60.jpg 60w\" sizes=\"(max-width: 400px) 100vw, 400px\" \/><\/a>\n\t\t\t<\/div>\n\t\t\t\t<figcaption class='wp-caption-text gallery-caption' id='gallery-8-4076'>\n\t\t\t\taluframe cadre en alu\n\t\t\t\t<\/figcaption><\/figure><figure class='gallery-item'>\n\t\t\t<div class='gallery-icon landscape'>\n\t\t\t\t<a  href='https:\/\/flagprint.ch\/wp-content\/uploads\/2019\/02\/shop-pos-alu-frame-wandbild-indoor-tissot-werbung_flughafen.jpg' title=\"aluframe cadre en alu\" data-rl_title=\"aluframe cadre en alu\" class=\"rl-gallery-link\" data-rl_caption=\"Le syst\u00e8me est disponible en tant que pi\u00e8ce \u00e0 l\u2019unit\u00e9 ou fabriqu\u00e9 en s\u00e9rie.&lt;br \/&gt;\n&lt;a href=&quot;\/fr\/produits\/aluframe-cadre-en-alu\/&quot;&gt;vers le produit&lt;\/a&gt;\" data-rel=\"fp-lightbox-gallery-8\"><img loading=\"lazy\" decoding=\"async\" width=\"400\" height=\"400\" src=\"https:\/\/flagprint.ch\/wp-content\/uploads\/2019\/02\/shop-pos-alu-frame-wandbild-indoor-tissot-werbung_flughafen-400x400.jpg\" class=\"attachment-thumbnail size-thumbnail\" alt=\"Aluframe - cadre \u00e9l\u00e9gant en alu tendu avec impression, changement simple de motif. Peut \u00eatre suspendue du plafond, viss\u00e9e au mur ou \u00eatre plac\u00e9e de mani\u00e8re autonome.\" aria-describedby=\"gallery-8-4074\" srcset=\"https:\/\/flagprint.ch\/wp-content\/uploads\/2019\/02\/shop-pos-alu-frame-wandbild-indoor-tissot-werbung_flughafen-400x400.jpg 400w, https:\/\/flagprint.ch\/wp-content\/uploads\/2019\/02\/shop-pos-alu-frame-wandbild-indoor-tissot-werbung_flughafen-20x20.jpg 20w, https:\/\/flagprint.ch\/wp-content\/uploads\/2019\/02\/shop-pos-alu-frame-wandbild-indoor-tissot-werbung_flughafen-40x40.jpg 40w, https:\/\/flagprint.ch\/wp-content\/uploads\/2019\/02\/shop-pos-alu-frame-wandbild-indoor-tissot-werbung_flughafen-60x60.jpg 60w\" sizes=\"(max-width: 400px) 100vw, 400px\" \/><\/a>\n\t\t\t<\/div>\n\t\t\t\t<figcaption class='wp-caption-text gallery-caption' id='gallery-8-4074'>\n\t\t\t\taluframe cadre en alu\n\t\t\t\t<\/figcaption><\/figure><figure class='gallery-item'>\n\t\t\t<div class='gallery-icon landscape'>\n\t\t\t\t<a  href='https:\/\/flagprint.ch\/wp-content\/uploads\/2019\/02\/shop-pos-stoffplakate-deckenhaenger-banner-promotionsflagge-wuerfel-cube.jpg' title=\"Panneau en tissu comme cube de plafond\" data-rl_title=\"Panneau en tissu comme cube de plafond\" class=\"rl-gallery-link\" data-rl_caption=\"Panneau en tissu comme cube de plafond. &lt;br \/&gt;\n&lt;a href=&quot;\/fr\/produits\/panneau-en-tissu-oriflamme-banderole-decorative-drapeau-commerciaux\/&quot;&gt;vers le produit&lt;\/a&gt;\" data-rel=\"fp-lightbox-gallery-8\"><img loading=\"lazy\" decoding=\"async\" width=\"400\" height=\"400\" src=\"https:\/\/flagprint.ch\/wp-content\/uploads\/2019\/02\/shop-pos-stoffplakate-deckenhaenger-banner-promotionsflagge-wuerfel-cube-400x400.jpg\" class=\"attachment-thumbnail size-thumbnail\" alt=\"Panneau en tissu. Affiche textile imprim\u00e9e avec un syst\u00e8me de suspension simple. La fabrication est adapt\u00e9e \u00e0 l\u2019exigence li\u00e9e \u00e0 la situation.\" aria-describedby=\"gallery-8-4062\" srcset=\"https:\/\/flagprint.ch\/wp-content\/uploads\/2019\/02\/shop-pos-stoffplakate-deckenhaenger-banner-promotionsflagge-wuerfel-cube-400x400.jpg 400w, https:\/\/flagprint.ch\/wp-content\/uploads\/2019\/02\/shop-pos-stoffplakate-deckenhaenger-banner-promotionsflagge-wuerfel-cube-20x20.jpg 20w, https:\/\/flagprint.ch\/wp-content\/uploads\/2019\/02\/shop-pos-stoffplakate-deckenhaenger-banner-promotionsflagge-wuerfel-cube-40x40.jpg 40w, https:\/\/flagprint.ch\/wp-content\/uploads\/2019\/02\/shop-pos-stoffplakate-deckenhaenger-banner-promotionsflagge-wuerfel-cube-60x60.jpg 60w\" sizes=\"(max-width: 400px) 100vw, 400px\" \/><\/a>\n\t\t\t<\/div>\n\t\t\t\t<figcaption class='wp-caption-text gallery-caption' id='gallery-8-4062'>\n\t\t\t\tPanneau en tissu comme cube de plafond\n\t\t\t\t<\/figcaption><\/figure><figure class='gallery-item'>\n\t\t\t<div class='gallery-icon landscape'>\n\t\t\t\t<a  href='https:\/\/flagprint.ch\/wp-content\/uploads\/2019\/02\/shop-pos-stoffplakate-deckenhaenger-banner-promotionsflagge-gurten-brauerei.jpg' title=\"Panneau en tissu comme d\u00e9coration\" data-rl_title=\"Panneau en tissu comme d\u00e9coration\" class=\"rl-gallery-link\" data-rl_caption=\"La fabrication est adapt\u00e9e \u00e0 l\u2019exigence li\u00e9e \u00e0 la situation.&lt;br \/&gt;\n&lt;a href=&quot;\/fr\/produits\/panneau-en-tissu-oriflamme-banderole-decorative-drapeau-commerciaux\/&quot;&gt;vers le produit&lt;\/a&gt;\" data-rel=\"fp-lightbox-gallery-8\"><img loading=\"lazy\" decoding=\"async\" width=\"400\" height=\"400\" src=\"https:\/\/flagprint.ch\/wp-content\/uploads\/2019\/02\/shop-pos-stoffplakate-deckenhaenger-banner-promotionsflagge-gurten-brauerei-400x400.jpg\" class=\"attachment-thumbnail size-thumbnail\" alt=\"Panneau en tissu. Affiche textile imprim\u00e9e avec un syst\u00e8me de suspension simple. La fabrication est adapt\u00e9e \u00e0 l\u2019exigence li\u00e9e \u00e0 la situation.\" aria-describedby=\"gallery-8-4058\" srcset=\"https:\/\/flagprint.ch\/wp-content\/uploads\/2019\/02\/shop-pos-stoffplakate-deckenhaenger-banner-promotionsflagge-gurten-brauerei-400x400.jpg 400w, https:\/\/flagprint.ch\/wp-content\/uploads\/2019\/02\/shop-pos-stoffplakate-deckenhaenger-banner-promotionsflagge-gurten-brauerei-20x20.jpg 20w, https:\/\/flagprint.ch\/wp-content\/uploads\/2019\/02\/shop-pos-stoffplakate-deckenhaenger-banner-promotionsflagge-gurten-brauerei-40x40.jpg 40w, https:\/\/flagprint.ch\/wp-content\/uploads\/2019\/02\/shop-pos-stoffplakate-deckenhaenger-banner-promotionsflagge-gurten-brauerei-60x60.jpg 60w\" sizes=\"(max-width: 400px) 100vw, 400px\" \/><\/a>\n\t\t\t<\/div>\n\t\t\t\t<figcaption class='wp-caption-text gallery-caption' id='gallery-8-4058'>\n\t\t\t\tPanneau en tissu comme d\u00e9coration\n\t\t\t\t<\/figcaption><\/figure><figure class='gallery-item'>\n\t\t\t<div class='gallery-icon landscape'>\n\t\t\t\t<a  href='https:\/\/flagprint.ch\/wp-content\/uploads\/2019\/02\/shop-pos-bild-auf-holzrahmen-aufgetackert-mit-akustikvlies_ecke.jpg' title=\"Image tendue sur cadre en bois\" data-rl_title=\"Image tendue sur cadre en bois\" class=\"rl-gallery-link\" data-rl_caption=\"Le textile imprim\u00e9 est agraf\u00e9 sur un cadre en bois fabriqu\u00e9 individuellement.&lt;br \/&gt;\n&lt;a href=&quot;\/fr\/produits\/image-tendue-sur-cadre-en-bois\/&quot;&gt;vers le produit&lt;\/a&gt;\" data-rel=\"fp-lightbox-gallery-8\"><img loading=\"lazy\" decoding=\"async\" width=\"400\" height=\"400\" src=\"https:\/\/flagprint.ch\/wp-content\/uploads\/2019\/02\/shop-pos-bild-auf-holzrahmen-aufgetackert-mit-akustikvlies_ecke-400x400.jpg\" class=\"attachment-thumbnail size-thumbnail\" alt=\"Image tendue sur cadre en bois. Le textile imprim\u00e9 est agraf\u00e9 sur un cadre en bois fabriqu\u00e9 individuellement. Le tissu est tendu lat\u00e9ralement par-dessus le bord.\" aria-describedby=\"gallery-8-4049\" srcset=\"https:\/\/flagprint.ch\/wp-content\/uploads\/2019\/02\/shop-pos-bild-auf-holzrahmen-aufgetackert-mit-akustikvlies_ecke-400x400.jpg 400w, https:\/\/flagprint.ch\/wp-content\/uploads\/2019\/02\/shop-pos-bild-auf-holzrahmen-aufgetackert-mit-akustikvlies_ecke-20x20.jpg 20w, https:\/\/flagprint.ch\/wp-content\/uploads\/2019\/02\/shop-pos-bild-auf-holzrahmen-aufgetackert-mit-akustikvlies_ecke-40x40.jpg 40w, https:\/\/flagprint.ch\/wp-content\/uploads\/2019\/02\/shop-pos-bild-auf-holzrahmen-aufgetackert-mit-akustikvlies_ecke-60x60.jpg 60w\" sizes=\"(max-width: 400px) 100vw, 400px\" \/><\/a>\n\t\t\t<\/div>\n\t\t\t\t<figcaption class='wp-caption-text gallery-caption' id='gallery-8-4049'>\n\t\t\t\tImage tendue sur cadre en bois\n\t\t\t\t<\/figcaption><\/figure><figure class='gallery-item'>\n\t\t\t<div class='gallery-icon landscape'>\n\t\t\t\t<a  href='https:\/\/flagprint.ch\/wp-content\/uploads\/2019\/02\/shop-pos-bild-auf-holzrahmen-aufgetackert-mit-akustikvlies.jpg' title=\"Image tendue sur cadre en bois\" data-rl_title=\"Image tendue sur cadre en bois\" class=\"rl-gallery-link\" data-rl_caption=\"Photo tendue sur cadre en bois. Format: 100 x 40 cm.&lt;br \/&gt;\n&lt;a href=&quot;\/fr\/produits\/image-tendue-sur-cadre-en-bois\/&quot;&gt;vers le produit&lt;\/a&gt;\" data-rel=\"fp-lightbox-gallery-8\"><img loading=\"lazy\" decoding=\"async\" width=\"400\" height=\"400\" src=\"https:\/\/flagprint.ch\/wp-content\/uploads\/2019\/02\/shop-pos-bild-auf-holzrahmen-aufgetackert-mit-akustikvlies-400x400.jpg\" class=\"attachment-thumbnail size-thumbnail\" alt=\"Image tendue sur cadre en bois. Le textile imprim\u00e9 est agraf\u00e9 sur un cadre en bois fabriqu\u00e9 individuellement. Le tissu est tendu lat\u00e9ralement par-dessus le bord.\" aria-describedby=\"gallery-8-4053\" srcset=\"https:\/\/flagprint.ch\/wp-content\/uploads\/2019\/02\/shop-pos-bild-auf-holzrahmen-aufgetackert-mit-akustikvlies-400x400.jpg 400w, https:\/\/flagprint.ch\/wp-content\/uploads\/2019\/02\/shop-pos-bild-auf-holzrahmen-aufgetackert-mit-akustikvlies-20x20.jpg 20w, https:\/\/flagprint.ch\/wp-content\/uploads\/2019\/02\/shop-pos-bild-auf-holzrahmen-aufgetackert-mit-akustikvlies-40x40.jpg 40w, https:\/\/flagprint.ch\/wp-content\/uploads\/2019\/02\/shop-pos-bild-auf-holzrahmen-aufgetackert-mit-akustikvlies-60x60.jpg 60w\" sizes=\"(max-width: 400px) 100vw, 400px\" \/><\/a>\n\t\t\t<\/div>\n\t\t\t\t<figcaption class='wp-caption-text gallery-caption' id='gallery-8-4053'>\n\t\t\t\tImage tendue sur cadre en bois\n\t\t\t\t<\/figcaption><\/figure><figure class='gallery-item'>\n\t\t\t<div class='gallery-icon portrait'>\n\t\t\t\t<a  href='https:\/\/flagprint.ch\/wp-content\/uploads\/2019\/04\/display-systeme-roll-up-solid-indoor-rollup.jpg' title=\"Roll Up Solid\" data-rl_title=\"Roll Up Solid\" class=\"rl-gallery-link\" data-rl_caption=\"Roll Up \u2013 Display-System aus Aluminium.&lt;br \/&gt;\n&lt;a href=&quot;\/produkte\/roll-up\/&quot;&gt;Zum Produkt&lt;\/a&gt;\" data-rel=\"fp-lightbox-gallery-8\"><img loading=\"lazy\" decoding=\"async\" width=\"300\" height=\"400\" src=\"https:\/\/flagprint.ch\/wp-content\/uploads\/2019\/04\/display-systeme-roll-up-solid-indoor-rollup-300x400.jpg\" class=\"attachment-thumbnail size-thumbnail\" alt=\"Beliebtes &amp; robustes Display aus Aluminium. Individuell-bedruckter Stoff. Das Roll Up l\u00e4sst sich praktisch transportieren &amp; ist innert Sekunden aufgestellt.\" aria-describedby=\"gallery-8-7715\" srcset=\"https:\/\/flagprint.ch\/wp-content\/uploads\/2019\/04\/display-systeme-roll-up-solid-indoor-rollup-300x400.jpg 300w, https:\/\/flagprint.ch\/wp-content\/uploads\/2019\/04\/display-systeme-roll-up-solid-indoor-rollup-600x800.jpg 600w, https:\/\/flagprint.ch\/wp-content\/uploads\/2019\/04\/display-systeme-roll-up-solid-indoor-rollup-768x1024.jpg 768w, https:\/\/flagprint.ch\/wp-content\/uploads\/2019\/04\/display-systeme-roll-up-solid-indoor-rollup-900x1200.jpg 900w, https:\/\/flagprint.ch\/wp-content\/uploads\/2019\/04\/display-systeme-roll-up-solid-indoor-rollup.jpg 1200w\" sizes=\"(max-width: 300px) 100vw, 300px\" \/><\/a>\n\t\t\t<\/div>\n\t\t\t\t<figcaption class='wp-caption-text gallery-caption' id='gallery-8-7715'>\n\t\t\t\tRoll Up Solid\n\t\t\t\t<\/figcaption><\/figure>\n\t\t<\/div>\n\t\t<\/div>\n\t\t\t\t\t\t<\/div>\n\t\t\t\t<\/div>\n\t\t\t\t\t<\/div>\n\t\t<\/div>\n\t\t\t\t\t<\/div>\n\t\t<\/section>\n\t\t\t\t<section class=\"elementor-section elementor-inner-section elementor-element elementor-element-c4e6c32 elementor-section-full_width fp-gallery elementor-section-height-default elementor-section-height-default\" data-id=\"c4e6c32\" data-element_type=\"section\" data-e-type=\"section\" id=\"fp-id-exposition-event\">\n\t\t\t\t\t\t<div class=\"elementor-container elementor-column-gap-no\">\n\t\t\t\t\t<div class=\"elementor-column elementor-col-100 elementor-inner-column elementor-element elementor-element-c8ac528\" data-id=\"c8ac528\" data-element_type=\"column\" data-e-type=\"column\">\n\t\t\t<div class=\"elementor-widget-wrap elementor-element-populated\">\n\t\t\t\t\t\t<div class=\"elementor-element elementor-element-a8778d4 elementor-widget elementor-widget-heading\" data-id=\"a8778d4\" data-element_type=\"widget\" data-e-type=\"widget\" data-widget_type=\"heading.default\">\n\t\t\t\t<div class=\"elementor-widget-container\">\n\t\t\t\t\t<h2 class=\"elementor-heading-title elementor-size-default\">Exposition &amp; Event<\/h2>\t\t\t\t<\/div>\n\t\t\t\t<\/div>\n\t\t\t\t\t<\/div>\n\t\t<\/div>\n\t\t\t\t\t<\/div>\n\t\t<\/section>\n\t\t\t\t<section class=\"elementor-section elementor-inner-section elementor-element elementor-element-86db2da elementor-section-full_width fp-gallery elementor-section-height-default elementor-section-height-default\" data-id=\"86db2da\" data-element_type=\"section\" data-e-type=\"section\" id=\"fp-id-interieur\">\n\t\t\t\t\t\t<div class=\"elementor-container elementor-column-gap-no\">\n\t\t\t\t\t<div class=\"elementor-column elementor-col-100 elementor-inner-column elementor-element elementor-element-f88f3b0\" data-id=\"f88f3b0\" data-element_type=\"column\" data-e-type=\"column\">\n\t\t\t<div class=\"elementor-widget-wrap elementor-element-populated\">\n\t\t\t\t\t\t<div class=\"elementor-element elementor-element-2af902a elementor-widget elementor-widget-heading\" data-id=\"2af902a\" data-element_type=\"widget\" data-e-type=\"widget\" data-widget_type=\"heading.default\">\n\t\t\t\t<div class=\"elementor-widget-container\">\n\t\t\t\t\t<h2 class=\"elementor-heading-title elementor-size-default\">Int\u00e9rieur<\/h2>\t\t\t\t<\/div>\n\t\t\t\t<\/div>\n\t\t\t\t<div class=\"elementor-element elementor-element-de22921 elementor-widget elementor-widget-image-gallery\" data-id=\"de22921\" data-element_type=\"widget\" data-e-type=\"widget\" data-widget_type=\"image-gallery.default\">\n\t\t\t\t<div class=\"elementor-widget-container\">\n\t\t\t\t\t\t\t<div class=\"elementor-image-gallery\">\n\t\t\t<div id='gallery-9' class='gallery galleryid-13913 gallery-columns-5 gallery-size-thumbnail'><figure class='gallery-item'>\n\t\t\t<div class='gallery-icon landscape'>\n\t\t\t\t<a  href='https:\/\/flagprint.ch\/wp-content\/uploads\/2019\/02\/raumdesign-vorhang-indoor-wingo.jpg' title=\"Rideau dans le bureau\" data-rl_title=\"Rideau dans le bureau\" class=\"rl-gallery-link\" data-rl_caption=\"La libert\u00e9 de conception du rideau d\u00e9bute d\u00e8s le choix de la mati\u00e8re de base.\" data-rel=\"fp-lightbox-gallery-9\"><img loading=\"lazy\" decoding=\"async\" width=\"400\" height=\"400\" src=\"https:\/\/flagprint.ch\/wp-content\/uploads\/2019\/02\/raumdesign-vorhang-indoor-wingo-400x400.jpg\" class=\"attachment-thumbnail size-thumbnail\" alt=\"La libert\u00e9 de conception du rideau d\u00e9bute d\u00e8s le choix de la mati\u00e8re de base. S\u00e9lectionnez dans la gamme Flagprint un tissu \u00e0 votre go\u00fbt.\" aria-describedby=\"gallery-9-4859\" srcset=\"https:\/\/flagprint.ch\/wp-content\/uploads\/2019\/02\/raumdesign-vorhang-indoor-wingo-400x400.jpg 400w, https:\/\/flagprint.ch\/wp-content\/uploads\/2019\/02\/raumdesign-vorhang-indoor-wingo-20x20.jpg 20w, https:\/\/flagprint.ch\/wp-content\/uploads\/2019\/02\/raumdesign-vorhang-indoor-wingo-40x40.jpg 40w, https:\/\/flagprint.ch\/wp-content\/uploads\/2019\/02\/raumdesign-vorhang-indoor-wingo-60x60.jpg 60w\" sizes=\"(max-width: 400px) 100vw, 400px\" \/><\/a>\n\t\t\t<\/div>\n\t\t\t\t<figcaption class='wp-caption-text gallery-caption' id='gallery-9-4859'>\n\t\t\t\tRideau dans le bureau\n\t\t\t\t<\/figcaption><\/figure><figure class='gallery-item'>\n\t\t\t<div class='gallery-icon landscape'>\n\t\t\t\t<a  href='https:\/\/flagprint.ch\/wp-content\/uploads\/2019\/02\/raumdesign-acousticframe-pendelwand-schallschluckende-akustik-pendelwand.jpg' title=\"acousticframe panneau suspendu\" data-rl_title=\"acousticframe panneau suspendu\" class=\"rl-gallery-link\" data-rl_caption=\"Se composant de 5 couches et d\u2019une profondeur de 10 cm, le panneau suspendu est un absorbeur \u00e0 bande large.&lt;br \/&gt;\n&lt;a href=&quot;\/fr\/produits\/acousticframe-panneau-suspendu\/&quot;&gt;vers le produit&lt;\/a&gt;\" data-rel=\"fp-lightbox-gallery-9\"><img loading=\"lazy\" decoding=\"async\" width=\"400\" height=\"400\" src=\"https:\/\/flagprint.ch\/wp-content\/uploads\/2019\/02\/raumdesign-acousticframe-pendelwand-schallschluckende-akustik-pendelwand-400x400.jpg\" class=\"attachment-thumbnail size-thumbnail\" alt=\"Se composant de 5 couches et d\u2019une profondeur de 10 cm, l&#039;acousticframe panneau suspendu est un absorbeur \u00e0 bande large. Absorption acoustique maximale.\" aria-describedby=\"gallery-9-4751\" srcset=\"https:\/\/flagprint.ch\/wp-content\/uploads\/2019\/02\/raumdesign-acousticframe-pendelwand-schallschluckende-akustik-pendelwand-400x400.jpg 400w, https:\/\/flagprint.ch\/wp-content\/uploads\/2019\/02\/raumdesign-acousticframe-pendelwand-schallschluckende-akustik-pendelwand-20x20.jpg 20w, https:\/\/flagprint.ch\/wp-content\/uploads\/2019\/02\/raumdesign-acousticframe-pendelwand-schallschluckende-akustik-pendelwand-40x40.jpg 40w, https:\/\/flagprint.ch\/wp-content\/uploads\/2019\/02\/raumdesign-acousticframe-pendelwand-schallschluckende-akustik-pendelwand-60x60.jpg 60w\" sizes=\"(max-width: 400px) 100vw, 400px\" \/><\/a>\n\t\t\t<\/div>\n\t\t\t\t<figcaption class='wp-caption-text gallery-caption' id='gallery-9-4751'>\n\t\t\t\tacousticframe panneau suspendu\n\t\t\t\t<\/figcaption><\/figure><figure class='gallery-item'>\n\t\t\t<div class='gallery-icon landscape'>\n\t\t\t\t<a  href='https:\/\/flagprint.ch\/wp-content\/uploads\/2019\/02\/raumdesign-acousticframe-raumteiler-akustikkonzept-buero-twint.jpg' title=\"acousticframe panneau de s\u00e9paration\" data-rl_title=\"acousticframe panneau de s\u00e9paration\" class=\"rl-gallery-link\" data-rl_caption=\"Grande vari\u00e9t\u00e9 de tissus\" data-rel=\"fp-lightbox-gallery-9\"><img loading=\"lazy\" decoding=\"async\" width=\"400\" height=\"400\" src=\"https:\/\/flagprint.ch\/wp-content\/uploads\/2019\/02\/raumdesign-acousticframe-raumteiler-akustikkonzept-buero-twint-400x400.jpg\" class=\"attachment-thumbnail size-thumbnail\" alt=\"L&#039;acousticframe panneau de s\u00e9paration \u00e0 forte absorption acoustique offre protection contre les regards et discr\u00e9tion dans les espaces ouverts.\" aria-describedby=\"gallery-9-4762\" srcset=\"https:\/\/flagprint.ch\/wp-content\/uploads\/2019\/02\/raumdesign-acousticframe-raumteiler-akustikkonzept-buero-twint-400x400.jpg 400w, https:\/\/flagprint.ch\/wp-content\/uploads\/2019\/02\/raumdesign-acousticframe-raumteiler-akustikkonzept-buero-twint-20x20.jpg 20w, https:\/\/flagprint.ch\/wp-content\/uploads\/2019\/02\/raumdesign-acousticframe-raumteiler-akustikkonzept-buero-twint-40x40.jpg 40w, https:\/\/flagprint.ch\/wp-content\/uploads\/2019\/02\/raumdesign-acousticframe-raumteiler-akustikkonzept-buero-twint-60x60.jpg 60w\" sizes=\"(max-width: 400px) 100vw, 400px\" \/><\/a>\n\t\t\t<\/div>\n\t\t\t\t<figcaption class='wp-caption-text gallery-caption' id='gallery-9-4762'>\n\t\t\t\tacousticframe panneau de s\u00e9paration\n\t\t\t\t<\/figcaption><\/figure><figure class='gallery-item'>\n\t\t\t<div class='gallery-icon landscape'>\n\t\t\t\t<a  href='https:\/\/flagprint.ch\/wp-content\/uploads\/2019\/02\/raumdesign-acousticframe-raumteiler-akustikkonzept-indoor-twint.jpg' title=\"acousticframe panneau de s\u00e9paration\" data-rl_title=\"acousticframe panneau de s\u00e9paration\" class=\"rl-gallery-link\" data-rl_caption=\"Grands formats dans toutes les dimensions.\" data-rel=\"fp-lightbox-gallery-9\"><img loading=\"lazy\" decoding=\"async\" width=\"400\" height=\"400\" src=\"https:\/\/flagprint.ch\/wp-content\/uploads\/2019\/02\/raumdesign-acousticframe-raumteiler-akustikkonzept-indoor-twint-400x400.jpg\" class=\"attachment-thumbnail size-thumbnail\" alt=\"L&#039;acousticframe panneau de s\u00e9paration \u00e0 forte absorption acoustique offre protection contre les regards et discr\u00e9tion dans les espaces ouverts.\" aria-describedby=\"gallery-9-4764\" srcset=\"https:\/\/flagprint.ch\/wp-content\/uploads\/2019\/02\/raumdesign-acousticframe-raumteiler-akustikkonzept-indoor-twint-400x400.jpg 400w, https:\/\/flagprint.ch\/wp-content\/uploads\/2019\/02\/raumdesign-acousticframe-raumteiler-akustikkonzept-indoor-twint-20x20.jpg 20w, https:\/\/flagprint.ch\/wp-content\/uploads\/2019\/02\/raumdesign-acousticframe-raumteiler-akustikkonzept-indoor-twint-40x40.jpg 40w, https:\/\/flagprint.ch\/wp-content\/uploads\/2019\/02\/raumdesign-acousticframe-raumteiler-akustikkonzept-indoor-twint-60x60.jpg 60w\" sizes=\"(max-width: 400px) 100vw, 400px\" \/><\/a>\n\t\t\t<\/div>\n\t\t\t\t<figcaption class='wp-caption-text gallery-caption' id='gallery-9-4764'>\n\t\t\t\tacousticframe panneau de s\u00e9paration\n\t\t\t\t<\/figcaption><\/figure><figure class='gallery-item'>\n\t\t\t<div class='gallery-icon landscape'>\n\t\t\t\t<a  href='https:\/\/flagprint.ch\/wp-content\/uploads\/2019\/02\/raumdesign-acousticframe-raumteiler-akustikkonzept-twint.jpg' title=\"acousticframe panneau de s\u00e9paration\" data-rl_title=\"acousticframe panneau de s\u00e9paration\" class=\"rl-gallery-link\" data-rl_caption=\"Visuels personnalis\u00e9s, en particulier corporate identity.&lt;br \/&gt;\n&lt;a href=&quot;\/fr\/produits\/acousticframe-panneau-de-separation\/&quot;&gt;vers le produit&lt;\/a&gt;\" data-rel=\"fp-lightbox-gallery-9\"><img loading=\"lazy\" decoding=\"async\" width=\"400\" height=\"400\" src=\"https:\/\/flagprint.ch\/wp-content\/uploads\/2019\/02\/raumdesign-acousticframe-raumteiler-akustikkonzept-twint-400x400.jpg\" class=\"attachment-thumbnail size-thumbnail\" alt=\"L&#039;acousticframe panneau de s\u00e9paration \u00e0 forte absorption acoustique offre protection contre les regards et discr\u00e9tion dans les espaces ouverts.\" aria-describedby=\"gallery-9-4766\" srcset=\"https:\/\/flagprint.ch\/wp-content\/uploads\/2019\/02\/raumdesign-acousticframe-raumteiler-akustikkonzept-twint-400x400.jpg 400w, https:\/\/flagprint.ch\/wp-content\/uploads\/2019\/02\/raumdesign-acousticframe-raumteiler-akustikkonzept-twint-20x20.jpg 20w, https:\/\/flagprint.ch\/wp-content\/uploads\/2019\/02\/raumdesign-acousticframe-raumteiler-akustikkonzept-twint-40x40.jpg 40w, https:\/\/flagprint.ch\/wp-content\/uploads\/2019\/02\/raumdesign-acousticframe-raumteiler-akustikkonzept-twint-60x60.jpg 60w\" sizes=\"(max-width: 400px) 100vw, 400px\" \/><\/a>\n\t\t\t<\/div>\n\t\t\t\t<figcaption class='wp-caption-text gallery-caption' id='gallery-9-4766'>\n\t\t\t\tacousticframe panneau de s\u00e9paration\n\t\t\t\t<\/figcaption><\/figure><figure class='gallery-item'>\n\t\t\t<div class='gallery-icon landscape'>\n\t\t\t\t<a  href='https:\/\/flagprint.ch\/wp-content\/uploads\/2019\/02\/raumdesign-wood-frame-indoor-itten-brechbuehl.jpg' title=\"woodframe, cadre en bois\" data-rl_title=\"woodframe, cadre en bois\" class=\"rl-gallery-link\" data-rl_caption=\"Le woodframe repose sur le syst\u00e8me classique de cadre en aluminium dans lequel est tendu un tissu imprim\u00e9 maintenu \u00e0 l\u2019aide d\u2019un jonc. &lt;br \/&gt;\n&lt;a href=&quot;\/fr\/produits\/woodframe\/&quot;&gt;vers le produit&lt;\/a&gt;\" data-rel=\"fp-lightbox-gallery-9\"><img loading=\"lazy\" decoding=\"async\" width=\"400\" height=\"400\" src=\"https:\/\/flagprint.ch\/wp-content\/uploads\/2019\/02\/raumdesign-wood-frame-indoor-itten-brechbuehl-400x400.jpg\" class=\"attachment-thumbnail size-thumbnail\" alt=\"Top Schallabsorption &amp; optimale Raumakustik mit dem acousticframe Wandabsorber. Individuell, bedruckbare Sujets. F\u00fcr angenehme Sitzungen &amp; Gespr\u00e4che.\" aria-describedby=\"gallery-9-4327\" srcset=\"https:\/\/flagprint.ch\/wp-content\/uploads\/2019\/02\/raumdesign-wood-frame-indoor-itten-brechbuehl-400x400.jpg 400w, https:\/\/flagprint.ch\/wp-content\/uploads\/2019\/02\/raumdesign-wood-frame-indoor-itten-brechbuehl-20x20.jpg 20w, https:\/\/flagprint.ch\/wp-content\/uploads\/2019\/02\/raumdesign-wood-frame-indoor-itten-brechbuehl-40x40.jpg 40w, https:\/\/flagprint.ch\/wp-content\/uploads\/2019\/02\/raumdesign-wood-frame-indoor-itten-brechbuehl-60x60.jpg 60w\" sizes=\"(max-width: 400px) 100vw, 400px\" \/><\/a>\n\t\t\t<\/div>\n\t\t\t\t<figcaption class='wp-caption-text gallery-caption' id='gallery-9-4327'>\n\t\t\t\twoodframe, cadre en bois\n\t\t\t\t<\/figcaption><\/figure><figure class='gallery-item'>\n\t\t\t<div class='gallery-icon landscape'>\n\t\t\t\t<a  href='https:\/\/flagprint.ch\/wp-content\/uploads\/2019\/02\/raumdesign-wood-frame-indoor-itten-brechbuehl-wand.jpg' title=\"woodframe, cadre en bois\" data-rl_title=\"woodframe, cadre en bois\" class=\"rl-gallery-link\" data-rl_caption=\"Le motif se remplace tr\u00e8s simplement. Vous avez le choix entre diff\u00e9rents styles de bois.&lt;br \/&gt;\n&lt;a href=&quot;\/fr\/produits\/woodframe\/&quot;&gt;vers le produit&lt;\/a&gt;\" data-rel=\"fp-lightbox-gallery-9\"><img loading=\"lazy\" decoding=\"async\" width=\"400\" height=\"400\" src=\"https:\/\/flagprint.ch\/wp-content\/uploads\/2019\/02\/raumdesign-wood-frame-indoor-itten-brechbuehl-wand-400x400.jpg\" class=\"attachment-thumbnail size-thumbnail\" alt=\"Top Schallabsorption &amp; optimale Raumakustik mit dem acousticframe Wandabsorber. Individuell, bedruckbare Sujets. F\u00fcr angenehme Sitzungen &amp; Gespr\u00e4che.\" aria-describedby=\"gallery-9-4325\" srcset=\"https:\/\/flagprint.ch\/wp-content\/uploads\/2019\/02\/raumdesign-wood-frame-indoor-itten-brechbuehl-wand-400x400.jpg 400w, https:\/\/flagprint.ch\/wp-content\/uploads\/2019\/02\/raumdesign-wood-frame-indoor-itten-brechbuehl-wand-20x20.jpg 20w, https:\/\/flagprint.ch\/wp-content\/uploads\/2019\/02\/raumdesign-wood-frame-indoor-itten-brechbuehl-wand-40x40.jpg 40w, https:\/\/flagprint.ch\/wp-content\/uploads\/2019\/02\/raumdesign-wood-frame-indoor-itten-brechbuehl-wand-60x60.jpg 60w\" sizes=\"(max-width: 400px) 100vw, 400px\" \/><\/a>\n\t\t\t<\/div>\n\t\t\t\t<figcaption class='wp-caption-text gallery-caption' id='gallery-9-4325'>\n\t\t\t\twoodframe, cadre en bois\n\t\t\t\t<\/figcaption><\/figure><figure class='gallery-item'>\n\t\t\t<div class='gallery-icon landscape'>\n\t\t\t\t<a  href='https:\/\/flagprint.ch\/wp-content\/uploads\/2019\/02\/raumdesign-wood-frame-indoor-itten-brechbuehl-buero.jpg' title=\"woodframe, cadre en bois\" data-rl_title=\"woodframe, cadre en bois\" class=\"rl-gallery-link\" data-rl_caption=\"Les \u00e9l\u00e9ments design fonctionnels de Flagprint permettent d\u2019am\u00e9nager des locaux de mani\u00e8re flexible et personnalis\u00e9e.&lt;br \/&gt;\n&lt;a href=&quot;\/fr\/produits\/woodframe\/&quot;&gt;vers le produit&lt;\/a&gt;\" data-rel=\"fp-lightbox-gallery-9\"><img loading=\"lazy\" decoding=\"async\" width=\"400\" height=\"400\" src=\"https:\/\/flagprint.ch\/wp-content\/uploads\/2019\/02\/raumdesign-wood-frame-indoor-itten-brechbuehl-buero-400x400.jpg\" class=\"attachment-thumbnail size-thumbnail\" alt=\"Top Schallabsorption &amp; optimale Raumakustik mit dem acousticframe Wandabsorber. Individuell, bedruckbare Sujets. F\u00fcr angenehme Sitzungen &amp; Gespr\u00e4che.\" aria-describedby=\"gallery-9-4323\" srcset=\"https:\/\/flagprint.ch\/wp-content\/uploads\/2019\/02\/raumdesign-wood-frame-indoor-itten-brechbuehl-buero-400x400.jpg 400w, https:\/\/flagprint.ch\/wp-content\/uploads\/2019\/02\/raumdesign-wood-frame-indoor-itten-brechbuehl-buero-20x20.jpg 20w, https:\/\/flagprint.ch\/wp-content\/uploads\/2019\/02\/raumdesign-wood-frame-indoor-itten-brechbuehl-buero-40x40.jpg 40w, https:\/\/flagprint.ch\/wp-content\/uploads\/2019\/02\/raumdesign-wood-frame-indoor-itten-brechbuehl-buero-60x60.jpg 60w\" sizes=\"(max-width: 400px) 100vw, 400px\" \/><\/a>\n\t\t\t<\/div>\n\t\t\t\t<figcaption class='wp-caption-text gallery-caption' id='gallery-9-4323'>\n\t\t\t\twoodframe, cadre en bois\n\t\t\t\t<\/figcaption><\/figure><figure class='gallery-item'>\n\t\t\t<div class='gallery-icon landscape'>\n\t\t\t\t<a  href='https:\/\/flagprint.ch\/wp-content\/uploads\/2019\/02\/raumdesign-acousticframe-wandabsorber-doppelseitig-swisscom-indoor.jpg' title=\"acousticframe absorbeur mural\" data-rl_title=\"acousticframe absorbeur mural\" class=\"rl-gallery-link\" data-rl_caption=\"Le tissu imprim\u00e9 qui est ensuite tendu sur le panneau acoustique lui conf\u00e8re son caract\u00e8re individuel.\" data-rel=\"fp-lightbox-gallery-9\"><img loading=\"lazy\" decoding=\"async\" width=\"400\" height=\"400\" src=\"https:\/\/flagprint.ch\/wp-content\/uploads\/2019\/02\/raumdesign-acousticframe-wandabsorber-doppelseitig-swisscom-indoor-400x400.jpg\" class=\"attachment-thumbnail size-thumbnail\" alt=\"absorbeur mural apporte un cadre fixe \u00e0 l\u2019optimisation acoustique \u2013 dans tous les formats et en r\u00e9pondant \u00e0 vos attentes.\" aria-describedby=\"gallery-9-4715\" srcset=\"https:\/\/flagprint.ch\/wp-content\/uploads\/2019\/02\/raumdesign-acousticframe-wandabsorber-doppelseitig-swisscom-indoor-400x400.jpg 400w, https:\/\/flagprint.ch\/wp-content\/uploads\/2019\/02\/raumdesign-acousticframe-wandabsorber-doppelseitig-swisscom-indoor-20x20.jpg 20w, https:\/\/flagprint.ch\/wp-content\/uploads\/2019\/02\/raumdesign-acousticframe-wandabsorber-doppelseitig-swisscom-indoor-40x40.jpg 40w, https:\/\/flagprint.ch\/wp-content\/uploads\/2019\/02\/raumdesign-acousticframe-wandabsorber-doppelseitig-swisscom-indoor-60x60.jpg 60w\" sizes=\"(max-width: 400px) 100vw, 400px\" \/><\/a>\n\t\t\t<\/div>\n\t\t\t\t<figcaption class='wp-caption-text gallery-caption' id='gallery-9-4715'>\n\t\t\t\tacousticframe absorbeur mural\n\t\t\t\t<\/figcaption><\/figure><figure class='gallery-item'>\n\t\t\t<div class='gallery-icon landscape'>\n\t\t\t\t<a  href='https:\/\/flagprint.ch\/wp-content\/uploads\/2019\/02\/raumdesign-acousticframe-wandabsorber-indoor-alurahmen-kleinformat.jpg' title=\"acousticframe absorbeur mural\" data-rl_title=\"acousticframe absorbeur mural\" class=\"rl-gallery-link\" data-rl_caption=\"Le tissu imprim\u00e9 qui est ensuite tendu sur le panneau acoustique lui conf\u00e8re son caract\u00e8re individuel.\" data-rel=\"fp-lightbox-gallery-9\"><img loading=\"lazy\" decoding=\"async\" width=\"400\" height=\"400\" src=\"https:\/\/flagprint.ch\/wp-content\/uploads\/2019\/02\/raumdesign-acousticframe-wandabsorber-indoor-alurahmen-kleinformat-400x400.jpg\" class=\"attachment-thumbnail size-thumbnail\" alt=\"absorbeur mural apporte un cadre fixe \u00e0 l\u2019optimisation acoustique \u2013 dans tous les formats et en r\u00e9pondant \u00e0 vos attentes.\" aria-describedby=\"gallery-9-4717\" srcset=\"https:\/\/flagprint.ch\/wp-content\/uploads\/2019\/02\/raumdesign-acousticframe-wandabsorber-indoor-alurahmen-kleinformat-400x400.jpg 400w, https:\/\/flagprint.ch\/wp-content\/uploads\/2019\/02\/raumdesign-acousticframe-wandabsorber-indoor-alurahmen-kleinformat-20x20.jpg 20w, https:\/\/flagprint.ch\/wp-content\/uploads\/2019\/02\/raumdesign-acousticframe-wandabsorber-indoor-alurahmen-kleinformat-40x40.jpg 40w, https:\/\/flagprint.ch\/wp-content\/uploads\/2019\/02\/raumdesign-acousticframe-wandabsorber-indoor-alurahmen-kleinformat-60x60.jpg 60w\" sizes=\"(max-width: 400px) 100vw, 400px\" \/><\/a>\n\t\t\t<\/div>\n\t\t\t\t<figcaption class='wp-caption-text gallery-caption' id='gallery-9-4717'>\n\t\t\t\tacousticframe absorbeur mural\n\t\t\t\t<\/figcaption><\/figure><figure class='gallery-item'>\n\t\t\t<div class='gallery-icon landscape'>\n\t\t\t\t<a  href='https:\/\/flagprint.ch\/wp-content\/uploads\/2019\/02\/raumdesign-acousticframe-wandabsorber-indoor-buero.jpg' title=\"acousticframe absorbeur mural\" data-rl_title=\"acousticframe absorbeur mural\" class=\"rl-gallery-link\" data-rl_caption=\"Possibilit\u00e9s cr\u00e9atives de d\u00e9coration pour grandes surfaces murales.&lt;br \/&gt;\n&lt;a href=&quot;\/fr\/produits\/acousticframe-absorbeur-mural\/&quot;&gt;vers le produit&lt;\/a&gt;\" data-rel=\"fp-lightbox-gallery-9\"><img loading=\"lazy\" decoding=\"async\" width=\"400\" height=\"400\" src=\"https:\/\/flagprint.ch\/wp-content\/uploads\/2019\/02\/raumdesign-acousticframe-wandabsorber-indoor-buero-400x400.jpg\" class=\"attachment-thumbnail size-thumbnail\" alt=\"absorbeur mural apporte un cadre fixe \u00e0 l\u2019optimisation acoustique \u2013 dans tous les formats et en r\u00e9pondant \u00e0 vos attentes.\" aria-describedby=\"gallery-9-4721\" srcset=\"https:\/\/flagprint.ch\/wp-content\/uploads\/2019\/02\/raumdesign-acousticframe-wandabsorber-indoor-buero-400x400.jpg 400w, https:\/\/flagprint.ch\/wp-content\/uploads\/2019\/02\/raumdesign-acousticframe-wandabsorber-indoor-buero-20x20.jpg 20w, https:\/\/flagprint.ch\/wp-content\/uploads\/2019\/02\/raumdesign-acousticframe-wandabsorber-indoor-buero-40x40.jpg 40w, https:\/\/flagprint.ch\/wp-content\/uploads\/2019\/02\/raumdesign-acousticframe-wandabsorber-indoor-buero-60x60.jpg 60w\" sizes=\"(max-width: 400px) 100vw, 400px\" \/><\/a>\n\t\t\t<\/div>\n\t\t\t\t<figcaption class='wp-caption-text gallery-caption' id='gallery-9-4721'>\n\t\t\t\tacousticframe absorbeur mural\n\t\t\t\t<\/figcaption><\/figure><figure class='gallery-item'>\n\t\t\t<div class='gallery-icon landscape'>\n\t\t\t\t<a  href='https:\/\/flagprint.ch\/wp-content\/uploads\/2019\/02\/raumdesign-acousticframe-wuerfel-cube-raumtrenner-indoor-konzept-twint.jpg' title=\"acousticframe cube\" data-rl_title=\"acousticframe cube\" class=\"rl-gallery-link\" data-rl_caption=\"Absorption acoustique maximale (absorbeur \u00e0 bande large).&lt;br \/&gt;\n&lt;a href=&quot;\/fr\/produits\/acousticframe-cube\/&quot;&gt;vers le produit&lt;\/a&gt;\" data-rel=\"fp-lightbox-gallery-9\"><img loading=\"lazy\" decoding=\"async\" width=\"400\" height=\"400\" src=\"https:\/\/flagprint.ch\/wp-content\/uploads\/2019\/02\/raumdesign-acousticframe-wuerfel-cube-raumtrenner-indoor-konzept-twint-400x400.jpg\" class=\"attachment-thumbnail size-thumbnail\" alt=\"acousticframe cube pr\u00e9sente d\u2019excellentes propri\u00e9t\u00e9s d\u2019absorption acoustique et est facile \u00e0 installer \u00e0 l\u2019aide d\u2019un syst\u00e8me de c\u00e2bles.\" aria-describedby=\"gallery-9-4742\" srcset=\"https:\/\/flagprint.ch\/wp-content\/uploads\/2019\/02\/raumdesign-acousticframe-wuerfel-cube-raumtrenner-indoor-konzept-twint-400x400.jpg 400w, https:\/\/flagprint.ch\/wp-content\/uploads\/2019\/02\/raumdesign-acousticframe-wuerfel-cube-raumtrenner-indoor-konzept-twint-20x20.jpg 20w, https:\/\/flagprint.ch\/wp-content\/uploads\/2019\/02\/raumdesign-acousticframe-wuerfel-cube-raumtrenner-indoor-konzept-twint-40x40.jpg 40w, https:\/\/flagprint.ch\/wp-content\/uploads\/2019\/02\/raumdesign-acousticframe-wuerfel-cube-raumtrenner-indoor-konzept-twint-60x60.jpg 60w\" sizes=\"(max-width: 400px) 100vw, 400px\" \/><\/a>\n\t\t\t<\/div>\n\t\t\t\t<figcaption class='wp-caption-text gallery-caption' id='gallery-9-4742'>\n\t\t\t\tacousticframe cube\n\t\t\t\t<\/figcaption><\/figure><figure class='gallery-item'>\n\t\t\t<div class='gallery-icon landscape'>\n\t\t\t\t<a  href='https:\/\/flagprint.ch\/wp-content\/uploads\/2019\/02\/raumdesign-acousticframe-wuerfel-cube-indoor-twint.jpg' title=\"acousticframe cube\" data-rl_title=\"acousticframe cube\" class=\"rl-gallery-link\" data-rl_caption=\"Housse du cube personnalisable.\" data-rel=\"fp-lightbox-gallery-9\"><img loading=\"lazy\" decoding=\"async\" width=\"400\" height=\"400\" src=\"https:\/\/flagprint.ch\/wp-content\/uploads\/2019\/02\/raumdesign-acousticframe-wuerfel-cube-indoor-twint-400x400.jpg\" class=\"attachment-thumbnail size-thumbnail\" alt=\"acousticframe cube pr\u00e9sente d\u2019excellentes propri\u00e9t\u00e9s d\u2019absorption acoustique et est facile \u00e0 installer \u00e0 l\u2019aide d\u2019un syst\u00e8me de c\u00e2bles.\" aria-describedby=\"gallery-9-4740\" srcset=\"https:\/\/flagprint.ch\/wp-content\/uploads\/2019\/02\/raumdesign-acousticframe-wuerfel-cube-indoor-twint-400x400.jpg 400w, https:\/\/flagprint.ch\/wp-content\/uploads\/2019\/02\/raumdesign-acousticframe-wuerfel-cube-indoor-twint-20x20.jpg 20w, https:\/\/flagprint.ch\/wp-content\/uploads\/2019\/02\/raumdesign-acousticframe-wuerfel-cube-indoor-twint-40x40.jpg 40w, https:\/\/flagprint.ch\/wp-content\/uploads\/2019\/02\/raumdesign-acousticframe-wuerfel-cube-indoor-twint-60x60.jpg 60w\" sizes=\"(max-width: 400px) 100vw, 400px\" \/><\/a>\n\t\t\t<\/div>\n\t\t\t\t<figcaption class='wp-caption-text gallery-caption' id='gallery-9-4740'>\n\t\t\t\tacousticframe cube\n\t\t\t\t<\/figcaption><\/figure><figure class='gallery-item'>\n\t\t\t<div class='gallery-icon landscape'>\n\t\t\t\t<a  href='https:\/\/flagprint.ch\/wp-content\/uploads\/2019\/02\/raumdesign-acousticframe-wuerfel-cube-indoor-buero-twint.jpg' title=\"acousticframe cube\" data-rl_title=\"acousticframe cube\" class=\"rl-gallery-link\" data-rl_caption=\"Convient bien pour les pi\u00e8ces \u00e0 plafond haut.\" data-rel=\"fp-lightbox-gallery-9\"><img loading=\"lazy\" decoding=\"async\" width=\"400\" height=\"400\" src=\"https:\/\/flagprint.ch\/wp-content\/uploads\/2019\/02\/raumdesign-acousticframe-wuerfel-cube-indoor-buero-twint-400x400.jpg\" class=\"attachment-thumbnail size-thumbnail\" alt=\"acousticframe cube pr\u00e9sente d\u2019excellentes propri\u00e9t\u00e9s d\u2019absorption acoustique et est facile \u00e0 installer \u00e0 l\u2019aide d\u2019un syst\u00e8me de c\u00e2bles.\" aria-describedby=\"gallery-9-4738\" srcset=\"https:\/\/flagprint.ch\/wp-content\/uploads\/2019\/02\/raumdesign-acousticframe-wuerfel-cube-indoor-buero-twint-400x400.jpg 400w, https:\/\/flagprint.ch\/wp-content\/uploads\/2019\/02\/raumdesign-acousticframe-wuerfel-cube-indoor-buero-twint-20x20.jpg 20w, https:\/\/flagprint.ch\/wp-content\/uploads\/2019\/02\/raumdesign-acousticframe-wuerfel-cube-indoor-buero-twint-40x40.jpg 40w, https:\/\/flagprint.ch\/wp-content\/uploads\/2019\/02\/raumdesign-acousticframe-wuerfel-cube-indoor-buero-twint-60x60.jpg 60w\" sizes=\"(max-width: 400px) 100vw, 400px\" \/><\/a>\n\t\t\t<\/div>\n\t\t\t\t<figcaption class='wp-caption-text gallery-caption' id='gallery-9-4738'>\n\t\t\t\tacousticframe cube\n\t\t\t\t<\/figcaption><\/figure><figure class='gallery-item'>\n\t\t\t<div class='gallery-icon landscape'>\n\t\t\t\t<a  href='https:\/\/flagprint.ch\/wp-content\/uploads\/2019\/02\/raumdesign-acousticframe-wuerfel-cube-raumtrenner-indoor-twint.jpg' title=\"acousticframe cube\" data-rl_title=\"acousticframe cube\" class=\"rl-gallery-link\" data-rl_caption=\"Convient bien pour les pi\u00e8ces \u00e0 plafond haut.\" data-rel=\"fp-lightbox-gallery-9\"><img loading=\"lazy\" decoding=\"async\" width=\"400\" height=\"400\" src=\"https:\/\/flagprint.ch\/wp-content\/uploads\/2019\/02\/raumdesign-acousticframe-wuerfel-cube-raumtrenner-indoor-twint-400x400.jpg\" class=\"attachment-thumbnail size-thumbnail\" alt=\"acousticframe cube pr\u00e9sente d\u2019excellentes propri\u00e9t\u00e9s d\u2019absorption acoustique et est facile \u00e0 installer \u00e0 l\u2019aide d\u2019un syst\u00e8me de c\u00e2bles.\" aria-describedby=\"gallery-9-4744\" srcset=\"https:\/\/flagprint.ch\/wp-content\/uploads\/2019\/02\/raumdesign-acousticframe-wuerfel-cube-raumtrenner-indoor-twint-400x400.jpg 400w, https:\/\/flagprint.ch\/wp-content\/uploads\/2019\/02\/raumdesign-acousticframe-wuerfel-cube-raumtrenner-indoor-twint-20x20.jpg 20w, https:\/\/flagprint.ch\/wp-content\/uploads\/2019\/02\/raumdesign-acousticframe-wuerfel-cube-raumtrenner-indoor-twint-40x40.jpg 40w, https:\/\/flagprint.ch\/wp-content\/uploads\/2019\/02\/raumdesign-acousticframe-wuerfel-cube-raumtrenner-indoor-twint-60x60.jpg 60w\" sizes=\"(max-width: 400px) 100vw, 400px\" \/><\/a>\n\t\t\t<\/div>\n\t\t\t\t<figcaption class='wp-caption-text gallery-caption' id='gallery-9-4744'>\n\t\t\t\tacousticframe cube\n\t\t\t\t<\/figcaption><\/figure><figure class='gallery-item'>\n\t\t\t<div class='gallery-icon landscape'>\n\t\t\t\t<a  href='https:\/\/flagprint.ch\/wp-content\/uploads\/2019\/02\/raumdesign-acousticframe-pendelwand-ast-fischer.jpg' title=\"acousticframe panneau suspendu\" data-rl_title=\"acousticframe panneau suspendu\" class=\"rl-gallery-link\" data-rl_caption=\"Absorption acoustique maximale (absorbeur \u00e0 bande large).&lt;br \/&gt;\n&lt;a href=&quot;\/fr\/produits\/acousticframe-panneau-suspendu\/&quot;&gt;vers le produit&lt;\/a&gt;\" data-rel=\"fp-lightbox-gallery-9\"><img loading=\"lazy\" decoding=\"async\" width=\"400\" height=\"400\" src=\"https:\/\/flagprint.ch\/wp-content\/uploads\/2019\/02\/raumdesign-acousticframe-pendelwand-ast-fischer-400x400.jpg\" class=\"attachment-thumbnail size-thumbnail\" alt=\"Se composant de 5 couches et d\u2019une profondeur de 10 cm, l&#039;acousticframe panneau suspendu est un absorbeur \u00e0 bande large. Absorption acoustique maximale.\" aria-describedby=\"gallery-9-4747\" srcset=\"https:\/\/flagprint.ch\/wp-content\/uploads\/2019\/02\/raumdesign-acousticframe-pendelwand-ast-fischer-400x400.jpg 400w, https:\/\/flagprint.ch\/wp-content\/uploads\/2019\/02\/raumdesign-acousticframe-pendelwand-ast-fischer-20x20.jpg 20w, https:\/\/flagprint.ch\/wp-content\/uploads\/2019\/02\/raumdesign-acousticframe-pendelwand-ast-fischer-40x40.jpg 40w, https:\/\/flagprint.ch\/wp-content\/uploads\/2019\/02\/raumdesign-acousticframe-pendelwand-ast-fischer-60x60.jpg 60w\" sizes=\"(max-width: 400px) 100vw, 400px\" \/><\/a>\n\t\t\t<\/div>\n\t\t\t\t<figcaption class='wp-caption-text gallery-caption' id='gallery-9-4747'>\n\t\t\t\tacousticframe panneau suspendu\n\t\t\t\t<\/figcaption><\/figure><figure class='gallery-item'>\n\t\t\t<div class='gallery-icon portrait'>\n\t\t\t\t<a  href='https:\/\/flagprint.ch\/wp-content\/uploads\/2019\/02\/raumdesign-acousticframe-pendelwand-indoor-ast-fischer.jpg' title=\"acousticframe panneau suspendu\" data-rl_title=\"acousticframe panneau suspendu\" class=\"rl-gallery-link\" data-rl_caption=\"Possibilit\u00e9s cr\u00e9atives de d\u00e9coration des deux c\u00f4t\u00e9s.&lt;br \/&gt;\n&lt;a href=&quot;\/fr\/produits\/acousticframe-panneau-suspendu\/&quot;&gt;vers le produit&lt;\/a&gt;\" data-rel=\"fp-lightbox-gallery-9\"><img loading=\"lazy\" decoding=\"async\" width=\"400\" height=\"400\" src=\"https:\/\/flagprint.ch\/wp-content\/uploads\/2019\/02\/raumdesign-acousticframe-pendelwand-indoor-ast-fischer-400x400.jpg\" class=\"attachment-thumbnail size-thumbnail\" alt=\"Se composant de 5 couches et d\u2019une profondeur de 10 cm, l&#039;acousticframe panneau suspendu est un absorbeur \u00e0 bande large. Absorption acoustique maximale.\" aria-describedby=\"gallery-9-4749\" srcset=\"https:\/\/flagprint.ch\/wp-content\/uploads\/2019\/02\/raumdesign-acousticframe-pendelwand-indoor-ast-fischer-400x400.jpg 400w, https:\/\/flagprint.ch\/wp-content\/uploads\/2019\/02\/raumdesign-acousticframe-pendelwand-indoor-ast-fischer-20x20.jpg 20w, https:\/\/flagprint.ch\/wp-content\/uploads\/2019\/02\/raumdesign-acousticframe-pendelwand-indoor-ast-fischer-40x40.jpg 40w, https:\/\/flagprint.ch\/wp-content\/uploads\/2019\/02\/raumdesign-acousticframe-pendelwand-indoor-ast-fischer-60x60.jpg 60w\" sizes=\"(max-width: 400px) 100vw, 400px\" \/><\/a>\n\t\t\t<\/div>\n\t\t\t\t<figcaption class='wp-caption-text gallery-caption' id='gallery-9-4749'>\n\t\t\t\tacousticframe panneau suspendu\n\t\t\t\t<\/figcaption><\/figure><figure class='gallery-item'>\n\t\t\t<div class='gallery-icon landscape'>\n\t\t\t\t<a  href='https:\/\/flagprint.ch\/wp-content\/uploads\/2019\/02\/raumdesign-acousticframe-wandabsorber-indoor-rahmen-keder.jpg' title=\"acousticframe absorbeur mural\" data-rl_title=\"acousticframe absorbeur mural\" class=\"rl-gallery-link\" data-rl_caption=\"Peut \u00eatre utilis\u00e9 comme tableau d\u2019affichage.\" data-rel=\"fp-lightbox-gallery-9\"><img loading=\"lazy\" decoding=\"async\" width=\"400\" height=\"400\" src=\"https:\/\/flagprint.ch\/wp-content\/uploads\/2019\/02\/raumdesign-acousticframe-wandabsorber-indoor-rahmen-keder-400x400.jpg\" class=\"attachment-thumbnail size-thumbnail\" alt=\"absorbeur mural apporte un cadre fixe \u00e0 l\u2019optimisation acoustique \u2013 dans tous les formats et en r\u00e9pondant \u00e0 vos attentes.\" aria-describedby=\"gallery-9-4733\" srcset=\"https:\/\/flagprint.ch\/wp-content\/uploads\/2019\/02\/raumdesign-acousticframe-wandabsorber-indoor-rahmen-keder-400x400.jpg 400w, https:\/\/flagprint.ch\/wp-content\/uploads\/2019\/02\/raumdesign-acousticframe-wandabsorber-indoor-rahmen-keder-20x20.jpg 20w, https:\/\/flagprint.ch\/wp-content\/uploads\/2019\/02\/raumdesign-acousticframe-wandabsorber-indoor-rahmen-keder-40x40.jpg 40w, https:\/\/flagprint.ch\/wp-content\/uploads\/2019\/02\/raumdesign-acousticframe-wandabsorber-indoor-rahmen-keder-60x60.jpg 60w\" sizes=\"(max-width: 400px) 100vw, 400px\" \/><\/a>\n\t\t\t<\/div>\n\t\t\t\t<figcaption class='wp-caption-text gallery-caption' id='gallery-9-4733'>\n\t\t\t\tacousticframe absorbeur mural\n\t\t\t\t<\/figcaption><\/figure><figure class='gallery-item'>\n\t\t\t<div class='gallery-icon landscape'>\n\t\t\t\t<a  href='https:\/\/flagprint.ch\/wp-content\/uploads\/2019\/02\/raumdesign-acousticframe-wandabsorber-indoor-rahmen-keder-nut.jpg' title=\"acousticframe absorbeur mural\" data-rl_title=\"acousticframe absorbeur mural\" class=\"rl-gallery-link\" data-rl_caption=\"Orientation horizontale ou verticale\" data-rel=\"fp-lightbox-gallery-9\"><img loading=\"lazy\" decoding=\"async\" width=\"400\" height=\"400\" src=\"https:\/\/flagprint.ch\/wp-content\/uploads\/2019\/02\/raumdesign-acousticframe-wandabsorber-indoor-rahmen-keder-nut-400x400.jpg\" class=\"attachment-thumbnail size-thumbnail\" alt=\"absorbeur mural apporte un cadre fixe \u00e0 l\u2019optimisation acoustique \u2013 dans tous les formats et en r\u00e9pondant \u00e0 vos attentes.\" aria-describedby=\"gallery-9-4731\" srcset=\"https:\/\/flagprint.ch\/wp-content\/uploads\/2019\/02\/raumdesign-acousticframe-wandabsorber-indoor-rahmen-keder-nut-400x400.jpg 400w, https:\/\/flagprint.ch\/wp-content\/uploads\/2019\/02\/raumdesign-acousticframe-wandabsorber-indoor-rahmen-keder-nut-20x20.jpg 20w, https:\/\/flagprint.ch\/wp-content\/uploads\/2019\/02\/raumdesign-acousticframe-wandabsorber-indoor-rahmen-keder-nut-40x40.jpg 40w, https:\/\/flagprint.ch\/wp-content\/uploads\/2019\/02\/raumdesign-acousticframe-wandabsorber-indoor-rahmen-keder-nut-60x60.jpg 60w\" sizes=\"(max-width: 400px) 100vw, 400px\" \/><\/a>\n\t\t\t<\/div>\n\t\t\t\t<figcaption class='wp-caption-text gallery-caption' id='gallery-9-4731'>\n\t\t\t\tacousticframe absorbeur mural\n\t\t\t\t<\/figcaption><\/figure><figure class='gallery-item'>\n\t\t\t<div class='gallery-icon landscape'>\n\t\t\t\t<a  href='https:\/\/flagprint.ch\/wp-content\/uploads\/2019\/02\/raumdesign-acousticframe-wandabsorber-indoor-detail-schallabsorber.jpg' title=\"acousticframe absorbeur mural\" data-rl_title=\"acousticframe absorbeur mural\" class=\"rl-gallery-link\" data-rl_caption=\"Absorption acoustique maximale\" data-rel=\"fp-lightbox-gallery-9\"><img loading=\"lazy\" decoding=\"async\" width=\"400\" height=\"400\" src=\"https:\/\/flagprint.ch\/wp-content\/uploads\/2019\/02\/raumdesign-acousticframe-wandabsorber-indoor-detail-schallabsorber-400x400.jpg\" class=\"attachment-thumbnail size-thumbnail\" alt=\"absorbeur mural apporte un cadre fixe \u00e0 l\u2019optimisation acoustique \u2013 dans tous les formats et en r\u00e9pondant \u00e0 vos attentes.\" aria-describedby=\"gallery-9-4725\" srcset=\"https:\/\/flagprint.ch\/wp-content\/uploads\/2019\/02\/raumdesign-acousticframe-wandabsorber-indoor-detail-schallabsorber-400x400.jpg 400w, https:\/\/flagprint.ch\/wp-content\/uploads\/2019\/02\/raumdesign-acousticframe-wandabsorber-indoor-detail-schallabsorber-20x20.jpg 20w, https:\/\/flagprint.ch\/wp-content\/uploads\/2019\/02\/raumdesign-acousticframe-wandabsorber-indoor-detail-schallabsorber-40x40.jpg 40w, https:\/\/flagprint.ch\/wp-content\/uploads\/2019\/02\/raumdesign-acousticframe-wandabsorber-indoor-detail-schallabsorber-60x60.jpg 60w\" sizes=\"(max-width: 400px) 100vw, 400px\" \/><\/a>\n\t\t\t<\/div>\n\t\t\t\t<figcaption class='wp-caption-text gallery-caption' id='gallery-9-4725'>\n\t\t\t\tacousticframe absorbeur mural\n\t\t\t\t<\/figcaption><\/figure>\n\t\t<\/div>\n\t\t<\/div>\n\t\t\t\t\t\t<\/div>\n\t\t\t\t<\/div>\n\t\t\t\t<div class=\"elementor-element elementor-element-f8d1c53 elementor-widget elementor-widget-image-gallery\" data-id=\"f8d1c53\" data-element_type=\"widget\" data-e-type=\"widget\" data-widget_type=\"image-gallery.default\">\n\t\t\t\t<div class=\"elementor-widget-container\">\n\t\t\t\t\t\t\t<div class=\"elementor-image-gallery\">\n\t\t\t<div id='gallery-10' class='gallery galleryid-13913 gallery-columns-5 gallery-size-thumbnail'><figure class='gallery-item'>\n\t\t\t<div class='gallery-icon portrait'>\n\t\t\t\t<a  href='https:\/\/flagprint.ch\/wp-content\/uploads\/2019\/04\/messe-event-mobiler-leuchtkasten-lightframe-lf500-CAScination-theke.jpg' title=\"Die besonders hohe Leuchtkraft der lightframes lf500\" data-rl_title=\"Die besonders hohe Leuchtkraft der lightframes lf500\" class=\"rl-gallery-link\" data-rl_caption=\"Das lightframe LF500 beschert dem Unternehmen einen eindrucksvollen Auftritt an Messen und Events.\" data-rel=\"fp-lightbox-gallery-10\"><img loading=\"lazy\" decoding=\"async\" width=\"300\" height=\"400\" src=\"https:\/\/flagprint.ch\/wp-content\/uploads\/2019\/04\/messe-event-mobiler-leuchtkasten-lightframe-lf500-CAScination-theke-300x400.jpg\" class=\"attachment-thumbnail size-thumbnail\" alt=\"Der lightframe LF500 ist federleicht &amp; leuchtstark. Mit hochwertiger LED-Technik &amp; individuell-bedrucktem Stoff. Schneller Aufbau &amp; kompakte Verpackung.\" aria-describedby=\"gallery-10-7291\" srcset=\"https:\/\/flagprint.ch\/wp-content\/uploads\/2019\/04\/messe-event-mobiler-leuchtkasten-lightframe-lf500-CAScination-theke-300x400.jpg 300w, https:\/\/flagprint.ch\/wp-content\/uploads\/2019\/04\/messe-event-mobiler-leuchtkasten-lightframe-lf500-CAScination-theke-600x800.jpg 600w, https:\/\/flagprint.ch\/wp-content\/uploads\/2019\/04\/messe-event-mobiler-leuchtkasten-lightframe-lf500-CAScination-theke-768x1024.jpg 768w, https:\/\/flagprint.ch\/wp-content\/uploads\/2019\/04\/messe-event-mobiler-leuchtkasten-lightframe-lf500-CAScination-theke-900x1200.jpg 900w, https:\/\/flagprint.ch\/wp-content\/uploads\/2019\/04\/messe-event-mobiler-leuchtkasten-lightframe-lf500-CAScination-theke.jpg 1200w\" sizes=\"(max-width: 300px) 100vw, 300px\" \/><\/a>\n\t\t\t<\/div>\n\t\t\t\t<figcaption class='wp-caption-text gallery-caption' id='gallery-10-7291'>\n\t\t\t\tDie besonders hohe Leuchtkraft der lightframes lf500\n\t\t\t\t<\/figcaption><\/figure><figure class='gallery-item'>\n\t\t\t<div class='gallery-icon landscape'>\n\t\t\t\t<a  href='https:\/\/flagprint.ch\/wp-content\/uploads\/2019\/08\/messe-event-mobiler-leuchtkasten-wand-lightframe-lf500_CAScination.jpg' title=\"Empfangsbereich der CAScination AG\" data-rl_title=\"Empfangsbereich der CAScination AG\" class=\"rl-gallery-link\" data-rl_caption=\"Das lightframe LF500 beschert dem Unternehmen einen eindrucksvollen Auftritt an Messen und Events.\" data-rel=\"fp-lightbox-gallery-10\"><img loading=\"lazy\" decoding=\"async\" width=\"400\" height=\"300\" src=\"https:\/\/flagprint.ch\/wp-content\/uploads\/2019\/08\/messe-event-mobiler-leuchtkasten-wand-lightframe-lf500_CAScination-400x300.jpg\" class=\"attachment-thumbnail size-thumbnail\" alt=\"Der lightframe LF500 ist federleicht &amp; leuchtstark. Mit hochwertiger LED-Technik &amp; individuell-bedrucktem Stoff. Schneller Aufbau &amp; kompakte Verpackung.\" aria-describedby=\"gallery-10-8371\" srcset=\"https:\/\/flagprint.ch\/wp-content\/uploads\/2019\/08\/messe-event-mobiler-leuchtkasten-wand-lightframe-lf500_CAScination-400x300.jpg 400w, https:\/\/flagprint.ch\/wp-content\/uploads\/2019\/08\/messe-event-mobiler-leuchtkasten-wand-lightframe-lf500_CAScination-800x600.jpg 800w, https:\/\/flagprint.ch\/wp-content\/uploads\/2019\/08\/messe-event-mobiler-leuchtkasten-wand-lightframe-lf500_CAScination-768x576.jpg 768w, https:\/\/flagprint.ch\/wp-content\/uploads\/2019\/08\/messe-event-mobiler-leuchtkasten-wand-lightframe-lf500_CAScination-1200x900.jpg 1200w, https:\/\/flagprint.ch\/wp-content\/uploads\/2019\/08\/messe-event-mobiler-leuchtkasten-wand-lightframe-lf500_CAScination.jpg 1600w\" sizes=\"(max-width: 400px) 100vw, 400px\" \/><\/a>\n\t\t\t<\/div>\n\t\t\t\t<figcaption class='wp-caption-text gallery-caption' id='gallery-10-8371'>\n\t\t\t\tEmpfangsbereich der CAScination AG\n\t\t\t\t<\/figcaption><\/figure><figure class='gallery-item'>\n\t\t\t<div class='gallery-icon landscape'>\n\t\t\t\t<a  href='https:\/\/flagprint.ch\/wp-content\/uploads\/2023\/02\/foto_005.jpg' title=\"Le caisson lumineux\u00e0 la premi\u00e8re suisse d&#039;Audi\" data-rl_title=\"Le caisson lumineux\u00e0 la premi\u00e8re suisse d&#039;Audi\" class=\"rl-gallery-link\" data-rl_caption=\"\" data-rel=\"fp-lightbox-gallery-10\"><img loading=\"lazy\" decoding=\"async\" width=\"400\" height=\"267\" src=\"https:\/\/flagprint.ch\/wp-content\/uploads\/2023\/02\/foto_005-400x267.jpg\" class=\"attachment-thumbnail size-thumbnail\" alt=\"\" aria-describedby=\"gallery-10-32846\" srcset=\"https:\/\/flagprint.ch\/wp-content\/uploads\/2023\/02\/foto_005-400x267.jpg 400w, https:\/\/flagprint.ch\/wp-content\/uploads\/2023\/02\/foto_005-800x534.jpg 800w, https:\/\/flagprint.ch\/wp-content\/uploads\/2023\/02\/foto_005-1200x800.jpg 1200w, https:\/\/flagprint.ch\/wp-content\/uploads\/2023\/02\/foto_005-768x512.jpg 768w, https:\/\/flagprint.ch\/wp-content\/uploads\/2023\/02\/foto_005-1536x1025.jpg 1536w, https:\/\/flagprint.ch\/wp-content\/uploads\/2023\/02\/foto_005.jpg 2000w\" sizes=\"(max-width: 400px) 100vw, 400px\"><\/a>\n\t\t\t<\/div>\n\t\t\t\t<figcaption class='wp-caption-text gallery-caption' id='gallery-10-32846'>\n\t\t\t\tLe caisson lumineux\u00e0 la premi\u00e8re suisse d&rsquo;Audi\n\t\t\t\t<\/figcaption><\/figure><figure class='gallery-item'>\n\t\t\t<div class='gallery-icon landscape'>\n\t\t\t\t<a  href='https:\/\/flagprint.ch\/wp-content\/uploads\/2023\/02\/foto_013.jpg' title=\"Le caisson lumineux\u00e0 la premi\u00e8re suisse d&#039;Audi\" data-rl_title=\"Le caisson lumineux\u00e0 la premi\u00e8re suisse d&#039;Audi\" class=\"rl-gallery-link\" data-rl_caption=\"\" data-rel=\"fp-lightbox-gallery-10\"><img loading=\"lazy\" decoding=\"async\" width=\"400\" height=\"267\" src=\"https:\/\/flagprint.ch\/wp-content\/uploads\/2023\/02\/foto_013-400x267.jpg\" class=\"attachment-thumbnail size-thumbnail\" alt=\"\" aria-describedby=\"gallery-10-32848\" srcset=\"https:\/\/flagprint.ch\/wp-content\/uploads\/2023\/02\/foto_013-400x267.jpg 400w, https:\/\/flagprint.ch\/wp-content\/uploads\/2023\/02\/foto_013-800x534.jpg 800w, https:\/\/flagprint.ch\/wp-content\/uploads\/2023\/02\/foto_013-1200x800.jpg 1200w, https:\/\/flagprint.ch\/wp-content\/uploads\/2023\/02\/foto_013-768x512.jpg 768w, https:\/\/flagprint.ch\/wp-content\/uploads\/2023\/02\/foto_013-1536x1025.jpg 1536w, https:\/\/flagprint.ch\/wp-content\/uploads\/2023\/02\/foto_013.jpg 2000w\" sizes=\"(max-width: 400px) 100vw, 400px\"><\/a>\n\t\t\t<\/div>\n\t\t\t\t<figcaption class='wp-caption-text gallery-caption' id='gallery-10-32848'>\n\t\t\t\tLe caisson lumineux\u00e0 la premi\u00e8re suisse d&rsquo;Audi\n\t\t\t\t<\/figcaption><\/figure><figure class='gallery-item'>\n\t\t\t<div class='gallery-icon landscape'>\n\t\t\t\t<a  href='https:\/\/flagprint.ch\/wp-content\/uploads\/2023\/02\/foto_006.jpg' title=\"lightframe \u00e0 la premi\u00e8re suisse d&#039;Audi\" data-rl_title=\"lightframe \u00e0 la premi\u00e8re suisse d&#039;Audi\" class=\"rl-gallery-link\" data-rl_caption=\"\" data-rel=\"fp-lightbox-gallery-10\"><img loading=\"lazy\" decoding=\"async\" width=\"400\" height=\"267\" src=\"https:\/\/flagprint.ch\/wp-content\/uploads\/2023\/02\/foto_006-400x267.jpg\" class=\"attachment-thumbnail size-thumbnail\" alt=\"\" aria-describedby=\"gallery-10-32855\" srcset=\"https:\/\/flagprint.ch\/wp-content\/uploads\/2023\/02\/foto_006-400x267.jpg 400w, https:\/\/flagprint.ch\/wp-content\/uploads\/2023\/02\/foto_006-800x534.jpg 800w, https:\/\/flagprint.ch\/wp-content\/uploads\/2023\/02\/foto_006-1200x800.jpg 1200w, https:\/\/flagprint.ch\/wp-content\/uploads\/2023\/02\/foto_006-768x512.jpg 768w, https:\/\/flagprint.ch\/wp-content\/uploads\/2023\/02\/foto_006-1536x1025.jpg 1536w, https:\/\/flagprint.ch\/wp-content\/uploads\/2023\/02\/foto_006.jpg 2000w\" sizes=\"(max-width: 400px) 100vw, 400px\"><\/a>\n\t\t\t<\/div>\n\t\t\t\t<figcaption class='wp-caption-text gallery-caption' id='gallery-10-32855'>\n\t\t\t\tlightframe \u00e0 la premi\u00e8re suisse d&rsquo;Audi\n\t\t\t\t<\/figcaption><\/figure><figure class='gallery-item'>\n\t\t\t<div class='gallery-icon landscape'>\n\t\t\t\t<a  href='https:\/\/flagprint.ch\/wp-content\/uploads\/2023\/02\/foto_007.jpg' title=\"lightframe \u00e0 la premi\u00e8re suisse d&#039;Audi\" data-rl_title=\"lightframe \u00e0 la premi\u00e8re suisse d&#039;Audi\" class=\"rl-gallery-link\" data-rl_caption=\"\" data-rel=\"fp-lightbox-gallery-10\"><img loading=\"lazy\" decoding=\"async\" width=\"400\" height=\"267\" src=\"https:\/\/flagprint.ch\/wp-content\/uploads\/2023\/02\/foto_007-400x267.jpg\" class=\"attachment-thumbnail size-thumbnail\" alt=\"\" aria-describedby=\"gallery-10-32857\" srcset=\"https:\/\/flagprint.ch\/wp-content\/uploads\/2023\/02\/foto_007-400x267.jpg 400w, https:\/\/flagprint.ch\/wp-content\/uploads\/2023\/02\/foto_007-800x534.jpg 800w, https:\/\/flagprint.ch\/wp-content\/uploads\/2023\/02\/foto_007-1200x800.jpg 1200w, https:\/\/flagprint.ch\/wp-content\/uploads\/2023\/02\/foto_007-768x512.jpg 768w, https:\/\/flagprint.ch\/wp-content\/uploads\/2023\/02\/foto_007-1536x1025.jpg 1536w, https:\/\/flagprint.ch\/wp-content\/uploads\/2023\/02\/foto_007.jpg 2000w\" sizes=\"(max-width: 400px) 100vw, 400px\"><\/a>\n\t\t\t<\/div>\n\t\t\t\t<figcaption class='wp-caption-text gallery-caption' id='gallery-10-32857'>\n\t\t\t\tlightframe \u00e0 la premi\u00e8re suisse d&rsquo;Audi\n\t\t\t\t<\/figcaption><\/figure><figure class='gallery-item'>\n\t\t\t<div class='gallery-icon landscape'>\n\t\t\t\t<a  href='https:\/\/flagprint.ch\/wp-content\/uploads\/2020\/06\/flagprint-referenz-rnx-lf600-mobiler-leuchtkasten-led.jpg' title=\"lightframe LF600 im Einsatz am Messestand\" data-rl_title=\"lightframe LF600 im Einsatz am Messestand\" class=\"rl-gallery-link\" data-rl_caption=\"Dank seiner Leuchtst\u00e4rke garantiert das lightframe LF600 ein auff\u00e4lliges Erscheinungsbild.\" data-rel=\"fp-lightbox-gallery-10\"><img loading=\"lazy\" decoding=\"async\" width=\"400\" height=\"300\" src=\"https:\/\/flagprint.ch\/wp-content\/uploads\/2020\/06\/flagprint-referenz-rnx-lf600-mobiler-leuchtkasten-led-400x300.jpg\" class=\"attachment-thumbnail size-thumbnail\" alt=\"Der mobile Leuchtkasten LF600, der dank seiner Leuchtst\u00e4rke ein auff\u00e4lliges Erscheinungsbild garantiert und einen unkomplizierten Transport und Montage verspricht, wurde den Anforderungen von RNX gerecht.\" aria-describedby=\"gallery-10-11234\" srcset=\"https:\/\/flagprint.ch\/wp-content\/uploads\/2020\/06\/flagprint-referenz-rnx-lf600-mobiler-leuchtkasten-led-400x300.jpg 400w, https:\/\/flagprint.ch\/wp-content\/uploads\/2020\/06\/flagprint-referenz-rnx-lf600-mobiler-leuchtkasten-led-800x600.jpg 800w, https:\/\/flagprint.ch\/wp-content\/uploads\/2020\/06\/flagprint-referenz-rnx-lf600-mobiler-leuchtkasten-led-1200x900.jpg 1200w, https:\/\/flagprint.ch\/wp-content\/uploads\/2020\/06\/flagprint-referenz-rnx-lf600-mobiler-leuchtkasten-led-768x576.jpg 768w, https:\/\/flagprint.ch\/wp-content\/uploads\/2020\/06\/flagprint-referenz-rnx-lf600-mobiler-leuchtkasten-led-1536x1152.jpg 1536w, https:\/\/flagprint.ch\/wp-content\/uploads\/2020\/06\/flagprint-referenz-rnx-lf600-mobiler-leuchtkasten-led.jpg 1600w\" sizes=\"(max-width: 400px) 100vw, 400px\" \/><\/a>\n\t\t\t<\/div>\n\t\t\t\t<figcaption class='wp-caption-text gallery-caption' id='gallery-10-11234'>\n\t\t\t\tlightframe LF600 im Einsatz am Messestand\n\t\t\t\t<\/figcaption><\/figure><figure class='gallery-item'>\n\t\t\t<div class='gallery-icon landscape'>\n\t\t\t\t<a  href='https:\/\/flagprint.ch\/wp-content\/uploads\/2019\/06\/pop-up-lightbox-indoor-blaser-messe.jpg' title=\"Theke, Counter\" data-rl_title=\"Theke, Counter\" class=\"rl-gallery-link\" data-rl_caption=\"Faltbare Theke mit Stoffabdeckung, 3-seitig bedruckt.\" data-rel=\"fp-lightbox-gallery-10\"><img loading=\"lazy\" decoding=\"async\" width=\"400\" height=\"300\" src=\"https:\/\/flagprint.ch\/wp-content\/uploads\/2019\/06\/pop-up-lightbox-indoor-blaser-messe-400x300.jpg\" class=\"attachment-thumbnail size-thumbnail\" alt=\"Theken\/Counter mit individuell-bedrucktem Stoff. Leicht transportierbar &amp; schnell montiert. Als Degustationsstand oder Theke an einem Messestand geeignet.\" aria-describedby=\"gallery-10-7957\" srcset=\"https:\/\/flagprint.ch\/wp-content\/uploads\/2019\/06\/pop-up-lightbox-indoor-blaser-messe-400x300.jpg 400w, https:\/\/flagprint.ch\/wp-content\/uploads\/2019\/06\/pop-up-lightbox-indoor-blaser-messe-800x600.jpg 800w, https:\/\/flagprint.ch\/wp-content\/uploads\/2019\/06\/pop-up-lightbox-indoor-blaser-messe-768x576.jpg 768w, https:\/\/flagprint.ch\/wp-content\/uploads\/2019\/06\/pop-up-lightbox-indoor-blaser-messe-1200x900.jpg 1200w, https:\/\/flagprint.ch\/wp-content\/uploads\/2019\/06\/pop-up-lightbox-indoor-blaser-messe.jpg 1600w\" sizes=\"(max-width: 400px) 100vw, 400px\" \/><\/a>\n\t\t\t<\/div>\n\t\t\t\t<figcaption class='wp-caption-text gallery-caption' id='gallery-10-7957'>\n\t\t\t\tTheke, Counter\n\t\t\t\t<\/figcaption><\/figure><figure class='gallery-item'>\n\t\t\t<div class='gallery-icon portrait'>\n\t\t\t\t<a  href='https:\/\/flagprint.ch\/wp-content\/uploads\/2019\/02\/pop-up-lightbox-indoor-blaser.jpg' title=\"Pop Up Lightbox\" data-rl_title=\"Pop Up Lightbox\" class=\"rl-gallery-link\" data-rl_caption=\"Quelques gestes suffisent pour le monter et le d\u00e9monter.&lt;br \/&gt;\n&lt;a href=&quot;\/fr\/produits\/pop-up-lightbox\/&quot;&gt;vers le produit&lt;\/a&gt;\" data-rel=\"fp-lightbox-gallery-10\"><img loading=\"lazy\" decoding=\"async\" width=\"400\" height=\"400\" src=\"https:\/\/flagprint.ch\/wp-content\/uploads\/2019\/02\/pop-up-lightbox-indoor-blaser-400x400.jpg\" class=\"attachment-thumbnail size-thumbnail\" alt=\"Un \u00e9clairage LED vous permet de mettre votre panneau pliable en valeur. Quelques gestes suffisent pour le monter et le d\u00e9monter.\" aria-describedby=\"gallery-10-4016\" srcset=\"https:\/\/flagprint.ch\/wp-content\/uploads\/2019\/02\/pop-up-lightbox-indoor-blaser-400x400.jpg 400w, https:\/\/flagprint.ch\/wp-content\/uploads\/2019\/02\/pop-up-lightbox-indoor-blaser-20x20.jpg 20w, https:\/\/flagprint.ch\/wp-content\/uploads\/2019\/02\/pop-up-lightbox-indoor-blaser-40x40.jpg 40w, https:\/\/flagprint.ch\/wp-content\/uploads\/2019\/02\/pop-up-lightbox-indoor-blaser-60x60.jpg 60w\" sizes=\"(max-width: 400px) 100vw, 400px\" \/><\/a>\n\t\t\t<\/div>\n\t\t\t\t<figcaption class='wp-caption-text gallery-caption' id='gallery-10-4016'>\n\t\t\t\tPop Up Lightbox\n\t\t\t\t<\/figcaption><\/figure><figure class='gallery-item'>\n\t\t\t<div class='gallery-icon landscape'>\n\t\t\t\t<a  href='https:\/\/flagprint.ch\/wp-content\/uploads\/2019\/04\/messe-event-mobiler-leuchtkasten-lightframe-lf300-medaxis.jpg' title=\"Mobiler Leuchtkasten lightframe LF300 (Pixlip Go)\" data-rl_title=\"Mobiler Leuchtkasten lightframe LF300 (Pixlip Go)\" class=\"rl-gallery-link\" data-rl_caption=\"Mobiler Leuchtkasten lightframe LF300 Messestand unbeleuchtet mit T\u00fcre.&lt;br \/&gt;\n&lt;a href=&quot;\/produkte\/lightframe-lf300\/&quot;&gt;Zum Produkt&lt;\/a&gt;\" data-rel=\"fp-lightbox-gallery-10\"><img loading=\"lazy\" decoding=\"async\" width=\"400\" height=\"300\" src=\"https:\/\/flagprint.ch\/wp-content\/uploads\/2019\/04\/messe-event-mobiler-leuchtkasten-lightframe-lf300-medaxis-400x300.jpg\" class=\"attachment-thumbnail size-thumbnail\" alt=\"Der lightframe LF300 ist die erste mobile Leuchtwerbung aus Kunststoff. Mit individuell-bedrucktem Stoff. Schneller Auf- &amp; Abbau. Praktischer Transport.\" aria-describedby=\"gallery-10-7492\" srcset=\"https:\/\/flagprint.ch\/wp-content\/uploads\/2019\/04\/messe-event-mobiler-leuchtkasten-lightframe-lf300-medaxis-400x300.jpg 400w, https:\/\/flagprint.ch\/wp-content\/uploads\/2019\/04\/messe-event-mobiler-leuchtkasten-lightframe-lf300-medaxis-800x600.jpg 800w, https:\/\/flagprint.ch\/wp-content\/uploads\/2019\/04\/messe-event-mobiler-leuchtkasten-lightframe-lf300-medaxis-768x576.jpg 768w, https:\/\/flagprint.ch\/wp-content\/uploads\/2019\/04\/messe-event-mobiler-leuchtkasten-lightframe-lf300-medaxis-1200x900.jpg 1200w, https:\/\/flagprint.ch\/wp-content\/uploads\/2019\/04\/messe-event-mobiler-leuchtkasten-lightframe-lf300-medaxis.jpg 1600w\" sizes=\"(max-width: 400px) 100vw, 400px\" \/><\/a>\n\t\t\t<\/div>\n\t\t\t\t<figcaption class='wp-caption-text gallery-caption' id='gallery-10-7492'>\n\t\t\t\tMobiler Leuchtkasten lightframe LF300 (Pixlip Go) \n\t\t\t\t<\/figcaption><\/figure><figure class='gallery-item'>\n\t\t\t<div class='gallery-icon landscape'>\n\t\t\t\t<a  href='https:\/\/flagprint.ch\/wp-content\/uploads\/2019\/02\/messe-event-mobiler-leuchtkasten-lightframe-lf300.jpg' title=\"Le caisson lumineux mobile lightframe LF300 (Pixlip Go)\" data-rl_title=\"Le caisson lumineux mobile lightframe LF300 (Pixlip Go)\" class=\"rl-gallery-link\" data-rl_caption=\"Le caisson lumineux mobile lightframe LF300 (Pixlip Go) est le premier syst\u00e8me de caisson lumineux mobile \u00abplug-in\u00bb.&lt;br \/&gt;\n&lt;a href=&quot;\/fr\/produits\/lightframe-lf300\/&quot;&gt;vers le produit&lt;\/a&gt;\" data-rel=\"fp-lightbox-gallery-10\"><img loading=\"lazy\" decoding=\"async\" width=\"400\" height=\"400\" src=\"https:\/\/flagprint.ch\/wp-content\/uploads\/2019\/02\/messe-event-mobiler-leuchtkasten-lightframe-lf300-400x400.jpg\" class=\"attachment-thumbnail size-thumbnail\" alt=\"Les modules LED int\u00e9gr\u00e9s et tr\u00e8s efficaces garantissent un \u00e9clairage homog\u00e8ne des textiles. Le lightframe LF300 est le premier \u00abplug-in\u00bb.\" aria-describedby=\"gallery-10-4244\" srcset=\"https:\/\/flagprint.ch\/wp-content\/uploads\/2019\/02\/messe-event-mobiler-leuchtkasten-lightframe-lf300-400x400.jpg 400w, https:\/\/flagprint.ch\/wp-content\/uploads\/2019\/02\/messe-event-mobiler-leuchtkasten-lightframe-lf300-20x20.jpg 20w, https:\/\/flagprint.ch\/wp-content\/uploads\/2019\/02\/messe-event-mobiler-leuchtkasten-lightframe-lf300-40x40.jpg 40w, https:\/\/flagprint.ch\/wp-content\/uploads\/2019\/02\/messe-event-mobiler-leuchtkasten-lightframe-lf300-60x60.jpg 60w\" sizes=\"(max-width: 400px) 100vw, 400px\" \/><\/a>\n\t\t\t<\/div>\n\t\t\t\t<figcaption class='wp-caption-text gallery-caption' id='gallery-10-4244'>\n\t\t\t\tLe caisson lumineux mobile lightframe LF300 (Pixlip Go)\n\t\t\t\t<\/figcaption><\/figure><figure class='gallery-item'>\n\t\t\t<div class='gallery-icon landscape'>\n\t\t\t\t<a  href='https:\/\/flagprint.ch\/wp-content\/uploads\/2019\/02\/messe-event-mobiler-leuchtkasten-lightframe-lf300-mit-tuere.jpg' title=\"Le caisson lumineux mobile lightframe LF300 (Pixlip Go)\" data-rl_title=\"Le caisson lumineux mobile lightframe LF300 (Pixlip Go)\" class=\"rl-gallery-link\" data-rl_caption=\"La construction l\u00e9g\u00e8re en plastique facilite non seulement la mise en service, mais aussi le transport.&lt;br \/&gt;\n&lt;a href=&quot;\/fr\/produits\/lightframe-lf300\/&quot;&gt;vers le produit&lt;\/a&gt;\" data-rel=\"fp-lightbox-gallery-10\"><img loading=\"lazy\" decoding=\"async\" width=\"400\" height=\"400\" src=\"https:\/\/flagprint.ch\/wp-content\/uploads\/2019\/02\/messe-event-mobiler-leuchtkasten-lightframe-lf300-mit-tuere-400x400.jpg\" class=\"attachment-thumbnail size-thumbnail\" alt=\"Les modules LED int\u00e9gr\u00e9s et tr\u00e8s efficaces garantissent un \u00e9clairage homog\u00e8ne des textiles. Le lightframe LF300 est le premier \u00abplug-in\u00bb.\" aria-describedby=\"gallery-10-4242\" srcset=\"https:\/\/flagprint.ch\/wp-content\/uploads\/2019\/02\/messe-event-mobiler-leuchtkasten-lightframe-lf300-mit-tuere-400x400.jpg 400w, https:\/\/flagprint.ch\/wp-content\/uploads\/2019\/02\/messe-event-mobiler-leuchtkasten-lightframe-lf300-mit-tuere-20x20.jpg 20w, https:\/\/flagprint.ch\/wp-content\/uploads\/2019\/02\/messe-event-mobiler-leuchtkasten-lightframe-lf300-mit-tuere-40x40.jpg 40w, https:\/\/flagprint.ch\/wp-content\/uploads\/2019\/02\/messe-event-mobiler-leuchtkasten-lightframe-lf300-mit-tuere-60x60.jpg 60w\" sizes=\"(max-width: 400px) 100vw, 400px\" \/><\/a>\n\t\t\t<\/div>\n\t\t\t\t<figcaption class='wp-caption-text gallery-caption' id='gallery-10-4242'>\n\t\t\t\tLe caisson lumineux mobile lightframe LF300 (Pixlip Go)\n\t\t\t\t<\/figcaption><\/figure><figure class='gallery-item'>\n\t\t\t<div class='gallery-icon landscape'>\n\t\t\t\t<a  href='https:\/\/flagprint.ch\/wp-content\/uploads\/2019\/02\/messe-event-sonnenschirm-werbeschirm-post.jpg' title=\"Parasol, Parasol publicitaire\" data-rl_title=\"Parasol, Parasol publicitaire\" class=\"rl-gallery-link\" data-rl_caption=\"Parasols imprim\u00e9s individuellement pour des terrasses de restaurants, d\u2019h\u00f4tels ou d\u2019\u00e9tablissements semblables.&lt;br \/&gt;\n&lt;a href=&quot;\/fr\/produits\/parasol-parasol-publicitaire\/&quot;&gt;vers le produit&lt;\/a&gt;\" data-rel=\"fp-lightbox-gallery-10\"><img loading=\"lazy\" decoding=\"async\" width=\"400\" height=\"400\" src=\"https:\/\/flagprint.ch\/wp-content\/uploads\/2019\/02\/messe-event-sonnenschirm-werbeschirm-post-400x400.jpg\" class=\"attachment-thumbnail size-thumbnail\" alt=\"Parasols imprim\u00e9s individuellement pour des terrasses de restaurants, d\u2019h\u00f4tels ou d\u2019\u00e9tablissements semblables. Pour ev\u00e8nements, salons &amp; expositions.\" aria-describedby=\"gallery-10-4225\" srcset=\"https:\/\/flagprint.ch\/wp-content\/uploads\/2019\/02\/messe-event-sonnenschirm-werbeschirm-post-400x400.jpg 400w, https:\/\/flagprint.ch\/wp-content\/uploads\/2019\/02\/messe-event-sonnenschirm-werbeschirm-post-20x20.jpg 20w, https:\/\/flagprint.ch\/wp-content\/uploads\/2019\/02\/messe-event-sonnenschirm-werbeschirm-post-40x40.jpg 40w, https:\/\/flagprint.ch\/wp-content\/uploads\/2019\/02\/messe-event-sonnenschirm-werbeschirm-post-60x60.jpg 60w\" sizes=\"(max-width: 400px) 100vw, 400px\" \/><\/a>\n\t\t\t<\/div>\n\t\t\t\t<figcaption class='wp-caption-text gallery-caption' id='gallery-10-4225'>\n\t\t\t\tParasol, Parasol publicitaire\n\t\t\t\t<\/figcaption><\/figure><figure class='gallery-item'>\n\t\t\t<div class='gallery-icon portrait'>\n\t\t\t\t<a  href='https:\/\/flagprint.ch\/wp-content\/uploads\/2019\/02\/messe-event-sonnenschirm-werbeschirm-200cm-ziemer.jpg' title=\"Parasol, Parasol publicitaire\" data-rl_title=\"Parasol, Parasol publicitaire\" class=\"rl-gallery-link\" data-rl_caption=\"Parasol, Parasol publicitaire \u00d8 200 cm.&lt;br \/&gt;\n&lt;a href=&quot;\/fr\/produits\/parasol-parasol-publicitaire\/&quot;&gt;vers le produit&lt;\/a&gt;\" data-rel=\"fp-lightbox-gallery-10\"><img loading=\"lazy\" decoding=\"async\" width=\"400\" height=\"400\" src=\"https:\/\/flagprint.ch\/wp-content\/uploads\/2019\/02\/messe-event-sonnenschirm-werbeschirm-200cm-ziemer-400x400.jpg\" class=\"attachment-thumbnail size-thumbnail\" alt=\"Bei jedem Wetter eine gute Miene machen. Individuell bedruckte Sonnenschirme &amp; Werbeschirme geeignet f\u00fcr Restaurant- &amp; Hotelterrrassen wie auch f\u00fcr Events.\" aria-describedby=\"gallery-10-4221\" srcset=\"https:\/\/flagprint.ch\/wp-content\/uploads\/2019\/02\/messe-event-sonnenschirm-werbeschirm-200cm-ziemer-400x400.jpg 400w, https:\/\/flagprint.ch\/wp-content\/uploads\/2019\/02\/messe-event-sonnenschirm-werbeschirm-200cm-ziemer-20x20.jpg 20w, https:\/\/flagprint.ch\/wp-content\/uploads\/2019\/02\/messe-event-sonnenschirm-werbeschirm-200cm-ziemer-40x40.jpg 40w, https:\/\/flagprint.ch\/wp-content\/uploads\/2019\/02\/messe-event-sonnenschirm-werbeschirm-200cm-ziemer-60x60.jpg 60w\" sizes=\"(max-width: 400px) 100vw, 400px\" \/><\/a>\n\t\t\t<\/div>\n\t\t\t\t<figcaption class='wp-caption-text gallery-caption' id='gallery-10-4221'>\n\t\t\t\tParasol, Parasol publicitaire\n\t\t\t\t<\/figcaption><\/figure><figure class='gallery-item'>\n\t\t\t<div class='gallery-icon landscape'>\n\t\t\t\t<a  href='https:\/\/flagprint.ch\/wp-content\/uploads\/2019\/02\/messe-event-leuchtsaeule-airlight-swisscom.jpg' title=\"Colonne lumineuse Airlight\" data-rl_title=\"Colonne lumineuse Airlight\" class=\"rl-gallery-link\" data-rl_caption=\"Colonne lumineuse Airlight. Format: \u00d8 40 cm, hauteur 250 cm. Eclairage = LED.&lt;br \/&gt;\n&lt;a href=&quot;\/fr\/produits\/colonne-lumineuse-airlight\/&quot;&gt;vers le produit&lt;\/a&gt;\" data-rel=\"fp-lightbox-gallery-10\"><img loading=\"lazy\" decoding=\"async\" width=\"400\" height=\"400\" src=\"https:\/\/flagprint.ch\/wp-content\/uploads\/2019\/02\/messe-event-leuchtsaeule-airlight-swisscom-400x400.jpg\" class=\"attachment-thumbnail size-thumbnail\" alt=\"Colonne lumineuse Airlight. Sp\u00e9cialement pour le r\u00e9tro\u00e9clairage, la banni\u00e8re en tissu imprim\u00e9, est tir\u00e9e par dessus la colonne gonflable telle une housse. Eclairage = LED\" aria-describedby=\"gallery-10-4210\" srcset=\"https:\/\/flagprint.ch\/wp-content\/uploads\/2019\/02\/messe-event-leuchtsaeule-airlight-swisscom-400x400.jpg 400w, https:\/\/flagprint.ch\/wp-content\/uploads\/2019\/02\/messe-event-leuchtsaeule-airlight-swisscom-20x20.jpg 20w, https:\/\/flagprint.ch\/wp-content\/uploads\/2019\/02\/messe-event-leuchtsaeule-airlight-swisscom-40x40.jpg 40w, https:\/\/flagprint.ch\/wp-content\/uploads\/2019\/02\/messe-event-leuchtsaeule-airlight-swisscom-60x60.jpg 60w\" sizes=\"(max-width: 400px) 100vw, 400px\" \/><\/a>\n\t\t\t<\/div>\n\t\t\t\t<figcaption class='wp-caption-text gallery-caption' id='gallery-10-4210'>\n\t\t\t\tColonne lumineuse Airlight\n\t\t\t\t<\/figcaption><\/figure><figure class='gallery-item'>\n\t\t\t<div class='gallery-icon landscape'>\n\t\t\t\t<a  href='https:\/\/flagprint.ch\/wp-content\/uploads\/2019\/02\/messe-event-messestand-astag-indoor.jpg' title=\"Banni\u00e8re en tissu de stand de salon\" data-rl_title=\"Banni\u00e8re en tissu de stand de salon\" class=\"rl-gallery-link\" data-rl_caption=\"La confection est adapt\u00e9e individuellement au syst\u00e8me du Salon.&lt;br \/&gt;\n&lt;a href=&quot;\/fr\/produits\/banniere-en-tissu-de-stand-de-salon\/&quot;&gt;vers le produit&lt;\/a&gt;\" data-rel=\"fp-lightbox-gallery-10\"><img loading=\"lazy\" decoding=\"async\" width=\"400\" height=\"400\" src=\"https:\/\/flagprint.ch\/wp-content\/uploads\/2019\/02\/messe-event-messestand-astag-indoor-400x400.jpg\" class=\"attachment-thumbnail size-thumbnail\" alt=\"Banni\u00e8re en tissu de stand de salon. Le tissu est imprim\u00e9 d\u2019un motif librement con\u00e7u et confectionn\u00e9 sur mesure. La confection est adapt\u00e9e individuellement au syst\u00e8me du Salon.\" aria-describedby=\"gallery-10-4190\" srcset=\"https:\/\/flagprint.ch\/wp-content\/uploads\/2019\/02\/messe-event-messestand-astag-indoor-400x400.jpg 400w, https:\/\/flagprint.ch\/wp-content\/uploads\/2019\/02\/messe-event-messestand-astag-indoor-20x20.jpg 20w, https:\/\/flagprint.ch\/wp-content\/uploads\/2019\/02\/messe-event-messestand-astag-indoor-40x40.jpg 40w, https:\/\/flagprint.ch\/wp-content\/uploads\/2019\/02\/messe-event-messestand-astag-indoor-60x60.jpg 60w\" sizes=\"(max-width: 400px) 100vw, 400px\" \/><\/a>\n\t\t\t<\/div>\n\t\t\t\t<figcaption class='wp-caption-text gallery-caption' id='gallery-10-4190'>\n\t\t\t\tBanni\u00e8re en tissu de stand de salon\n\t\t\t\t<\/figcaption><\/figure><figure class='gallery-item'>\n\t\t\t<div class='gallery-icon landscape'>\n\t\t\t\t<a  href='https:\/\/flagprint.ch\/wp-content\/uploads\/2019\/02\/messe-event-messestand_oda.jpg' title=\"Banni\u00e8re en tissu de stand de salon\" data-rl_title=\"Banni\u00e8re en tissu de stand de salon\" class=\"rl-gallery-link\" data-rl_caption=\"La confection est adapt\u00e9e individuellement au syst\u00e8me du Salon.&lt;br \/&gt;\n&lt;a href=&quot;\/fr\/produits\/banniere-en-tissu-de-stand-de-salon\/&quot;&gt;vers le produit&lt;\/a&gt;\" data-rel=\"fp-lightbox-gallery-10\"><img loading=\"lazy\" decoding=\"async\" width=\"400\" height=\"400\" src=\"https:\/\/flagprint.ch\/wp-content\/uploads\/2019\/02\/messe-event-messestand_oda-400x400.jpg\" class=\"attachment-thumbnail size-thumbnail\" alt=\"Banni\u00e8re en tissu de stand de salon. Le tissu est imprim\u00e9 d\u2019un motif librement con\u00e7u et confectionn\u00e9 sur mesure. La confection est adapt\u00e9e individuellement au syst\u00e8me du Salon.\" aria-describedby=\"gallery-10-4188\" srcset=\"https:\/\/flagprint.ch\/wp-content\/uploads\/2019\/02\/messe-event-messestand_oda-400x400.jpg 400w, https:\/\/flagprint.ch\/wp-content\/uploads\/2019\/02\/messe-event-messestand_oda-20x20.jpg 20w, https:\/\/flagprint.ch\/wp-content\/uploads\/2019\/02\/messe-event-messestand_oda-40x40.jpg 40w, https:\/\/flagprint.ch\/wp-content\/uploads\/2019\/02\/messe-event-messestand_oda-60x60.jpg 60w\" sizes=\"(max-width: 400px) 100vw, 400px\" \/><\/a>\n\t\t\t<\/div>\n\t\t\t\t<figcaption class='wp-caption-text gallery-caption' id='gallery-10-4188'>\n\t\t\t\tBanni\u00e8re en tissu de stand de salon\n\t\t\t\t<\/figcaption><\/figure><figure class='gallery-item'>\n\t\t\t<div class='gallery-icon landscape'>\n\t\t\t\t<a  href='https:\/\/flagprint.ch\/wp-content\/uploads\/2019\/02\/messe-event-messestand-blutkoerper-ausstellung.jpg' title=\"Banni\u00e8re en tissu de stand de salon\" data-rl_title=\"Banni\u00e8re en tissu de stand de salon\" class=\"rl-gallery-link\" data-rl_caption=\"Le tissu est imprim\u00e9 d\u2019un motif librement con\u00e7u et confectionn\u00e9 sur mesure.&lt;br \/&gt;\n&lt;a href=&quot;\/fr\/produits\/banniere-en-tissu-de-stand-de-salon\/&quot;&gt;vers le produit&lt;\/a&gt;\" data-rel=\"fp-lightbox-gallery-10\"><img loading=\"lazy\" decoding=\"async\" width=\"400\" height=\"400\" src=\"https:\/\/flagprint.ch\/wp-content\/uploads\/2019\/02\/messe-event-messestand-blutkoerper-ausstellung-400x400.jpg\" class=\"attachment-thumbnail size-thumbnail\" alt=\"Banni\u00e8re en tissu de stand de salon. Le tissu est imprim\u00e9 d\u2019un motif librement con\u00e7u et confectionn\u00e9 sur mesure. La confection est adapt\u00e9e individuellement au syst\u00e8me du Salon.\" aria-describedby=\"gallery-10-4192\" srcset=\"https:\/\/flagprint.ch\/wp-content\/uploads\/2019\/02\/messe-event-messestand-blutkoerper-ausstellung-400x400.jpg 400w, https:\/\/flagprint.ch\/wp-content\/uploads\/2019\/02\/messe-event-messestand-blutkoerper-ausstellung-20x20.jpg 20w, https:\/\/flagprint.ch\/wp-content\/uploads\/2019\/02\/messe-event-messestand-blutkoerper-ausstellung-40x40.jpg 40w, https:\/\/flagprint.ch\/wp-content\/uploads\/2019\/02\/messe-event-messestand-blutkoerper-ausstellung-60x60.jpg 60w\" sizes=\"(max-width: 400px) 100vw, 400px\" \/><\/a>\n\t\t\t<\/div>\n\t\t\t\t<figcaption class='wp-caption-text gallery-caption' id='gallery-10-4192'>\n\t\t\t\tBanni\u00e8re en tissu de stand de salon\n\t\t\t\t<\/figcaption><\/figure><figure class='gallery-item'>\n\t\t\t<div class='gallery-icon landscape'>\n\t\t\t\t<a  href='https:\/\/flagprint.ch\/wp-content\/uploads\/2019\/02\/messe-event-theke-counter-3-seitig.jpg' title=\"Comptoir, Counter\" data-rl_title=\"Comptoir, Counter\" class=\"rl-gallery-link\" data-rl_caption=\"L\u2019impression sur tissu est mont\u00e9e sur le syst\u00e8me en aluminium.&lt;br \/&gt;\n&lt;a href=&quot;\/fr\/produits\/comptoir-counter\/&quot;&gt;vers le produit&lt;\/a&gt;\" data-rel=\"fp-lightbox-gallery-10\"><img loading=\"lazy\" decoding=\"async\" width=\"400\" height=\"400\" src=\"https:\/\/flagprint.ch\/wp-content\/uploads\/2019\/02\/messe-event-theke-counter-3-seitig-400x400.jpg\" class=\"attachment-thumbnail size-thumbnail\" alt=\"Comptoir, Counter. L\u2019impression sur tissu est mont\u00e9e sur le syst\u00e8me en aluminium au moyen d\u2019une bande Velcro. Impression sur trois c\u00f4t\u00e9s. Stand de d\u00e9gustation ou de salon.\" aria-describedby=\"gallery-10-4180\" srcset=\"https:\/\/flagprint.ch\/wp-content\/uploads\/2019\/02\/messe-event-theke-counter-3-seitig-400x400.jpg 400w, https:\/\/flagprint.ch\/wp-content\/uploads\/2019\/02\/messe-event-theke-counter-3-seitig-20x20.jpg 20w, https:\/\/flagprint.ch\/wp-content\/uploads\/2019\/02\/messe-event-theke-counter-3-seitig-40x40.jpg 40w, https:\/\/flagprint.ch\/wp-content\/uploads\/2019\/02\/messe-event-theke-counter-3-seitig-60x60.jpg 60w\" sizes=\"(max-width: 400px) 100vw, 400px\" \/><\/a>\n\t\t\t<\/div>\n\t\t\t\t<figcaption class='wp-caption-text gallery-caption' id='gallery-10-4180'>\n\t\t\t\tComptoir, Counter\n\t\t\t\t<\/figcaption><\/figure><figure class='gallery-item'>\n\t\t\t<div class='gallery-icon landscape'>\n\t\t\t\t<a  href='https:\/\/flagprint.ch\/wp-content\/uploads\/2019\/02\/messe-event-theke-counter-3-seitig-indoor.jpg' title=\"Comptoir, Counter 3 c\u00f4t\u00e9s\" data-rl_title=\"Comptoir, Counter 3 c\u00f4t\u00e9s\" class=\"rl-gallery-link\" data-rl_caption=\"L\u2019impression sur tissu est mont\u00e9e sur le syst\u00e8me en aluminium.&lt;br \/&gt;\n&lt;a href=&quot;\/fr\/produits\/comptoir-counter\/&quot;&gt;vers le produit&lt;\/a&gt;\" data-rel=\"fp-lightbox-gallery-10\"><img loading=\"lazy\" decoding=\"async\" width=\"400\" height=\"400\" src=\"https:\/\/flagprint.ch\/wp-content\/uploads\/2019\/02\/messe-event-theke-counter-3-seitig-indoor-400x400.jpg\" class=\"attachment-thumbnail size-thumbnail\" alt=\"Comptoir, Counter. L\u2019impression sur tissu est mont\u00e9e sur le syst\u00e8me en aluminium au moyen d\u2019une bande Velcro. Impression sur trois c\u00f4t\u00e9s. Stand de d\u00e9gustation ou de salon.\" aria-describedby=\"gallery-10-4178\" srcset=\"https:\/\/flagprint.ch\/wp-content\/uploads\/2019\/02\/messe-event-theke-counter-3-seitig-indoor-400x400.jpg 400w, https:\/\/flagprint.ch\/wp-content\/uploads\/2019\/02\/messe-event-theke-counter-3-seitig-indoor-20x20.jpg 20w, https:\/\/flagprint.ch\/wp-content\/uploads\/2019\/02\/messe-event-theke-counter-3-seitig-indoor-40x40.jpg 40w, https:\/\/flagprint.ch\/wp-content\/uploads\/2019\/02\/messe-event-theke-counter-3-seitig-indoor-60x60.jpg 60w\" sizes=\"(max-width: 400px) 100vw, 400px\" \/><\/a>\n\t\t\t<\/div>\n\t\t\t\t<figcaption class='wp-caption-text gallery-caption' id='gallery-10-4178'>\n\t\t\t\tComptoir, Counter 3 c\u00f4t\u00e9s\n\t\t\t\t<\/figcaption><\/figure><figure class='gallery-item'>\n\t\t\t<div class='gallery-icon landscape'>\n\t\t\t\t<a  href='https:\/\/flagprint.ch\/wp-content\/uploads\/2019\/02\/messe-event-theke-counter-3-seitig-bar.jpg' title=\"Comptoir, Counter\" data-rl_title=\"Comptoir, Counter\" class=\"rl-gallery-link\" data-rl_caption=\"L\u2019impression sur tissu est mont\u00e9e sur le syst\u00e8me en aluminium, impression sur trois c\u00f4t\u00e9s.&lt;br \/&gt;\n&lt;a href=&quot;\/fr\/produits\/comptoir-counter\/&quot;&gt;vers le produit&lt;\/a&gt;\" data-rel=\"fp-lightbox-gallery-10\"><img loading=\"lazy\" decoding=\"async\" width=\"400\" height=\"400\" src=\"https:\/\/flagprint.ch\/wp-content\/uploads\/2019\/02\/messe-event-theke-counter-3-seitig-bar-400x400.jpg\" class=\"attachment-thumbnail size-thumbnail\" alt=\"Comptoir, Counter. L\u2019impression sur tissu est mont\u00e9e sur le syst\u00e8me en aluminium au moyen d\u2019une bande Velcro. Impression sur trois c\u00f4t\u00e9s. Stand de d\u00e9gustation ou de salon.\" aria-describedby=\"gallery-10-4176\" srcset=\"https:\/\/flagprint.ch\/wp-content\/uploads\/2019\/02\/messe-event-theke-counter-3-seitig-bar-400x400.jpg 400w, https:\/\/flagprint.ch\/wp-content\/uploads\/2019\/02\/messe-event-theke-counter-3-seitig-bar-20x20.jpg 20w, https:\/\/flagprint.ch\/wp-content\/uploads\/2019\/02\/messe-event-theke-counter-3-seitig-bar-40x40.jpg 40w, https:\/\/flagprint.ch\/wp-content\/uploads\/2019\/02\/messe-event-theke-counter-3-seitig-bar-60x60.jpg 60w\" sizes=\"(max-width: 400px) 100vw, 400px\" \/><\/a>\n\t\t\t<\/div>\n\t\t\t\t<figcaption class='wp-caption-text gallery-caption' id='gallery-10-4176'>\n\t\t\t\tComptoir, Counter\n\t\t\t\t<\/figcaption><\/figure><figure class='gallery-item'>\n\t\t\t<div class='gallery-icon landscape'>\n\t\t\t\t<a  href='https:\/\/flagprint.ch\/wp-content\/uploads\/2019\/02\/messe-event-mobiler-backdrop-indoor.jpg' title=\"Backdrop comme separateur d&#039;espaces\" data-rl_title=\"Backdrop comme separateur d&#039;espaces\" class=\"rl-gallery-link\" data-rl_caption=\"Affiche textile imprim\u00e9e en tant qu\u2019arri\u00e8re-plan de sc\u00e8ne ou habillage mural.&lt;br \/&gt;\n&lt;a href=&quot;\/fr\/produits\/backdrop\/&quot;&gt;vers le produit&lt;\/a&gt;\" data-rel=\"fp-lightbox-gallery-10\"><img loading=\"lazy\" decoding=\"async\" width=\"400\" height=\"400\" src=\"https:\/\/flagprint.ch\/wp-content\/uploads\/2019\/02\/messe-event-mobiler-backdrop-indoor-400x400.jpg\" class=\"attachment-thumbnail size-thumbnail\" alt=\"Backdrop - l&#039;affiche textile imprim\u00e9e en tant qu\u2019arri\u00e8re-plan de sc\u00e8ne ou habillage mural. La fabrication est adapt\u00e9e \u00e0 l\u2019exigence li\u00e9e \u00e0 la situation.\" aria-describedby=\"gallery-10-4169\" srcset=\"https:\/\/flagprint.ch\/wp-content\/uploads\/2019\/02\/messe-event-mobiler-backdrop-indoor-400x400.jpg 400w, https:\/\/flagprint.ch\/wp-content\/uploads\/2019\/02\/messe-event-mobiler-backdrop-indoor-20x20.jpg 20w, https:\/\/flagprint.ch\/wp-content\/uploads\/2019\/02\/messe-event-mobiler-backdrop-indoor-40x40.jpg 40w, https:\/\/flagprint.ch\/wp-content\/uploads\/2019\/02\/messe-event-mobiler-backdrop-indoor-60x60.jpg 60w\" sizes=\"(max-width: 400px) 100vw, 400px\" \/><\/a>\n\t\t\t<\/div>\n\t\t\t\t<figcaption class='wp-caption-text gallery-caption' id='gallery-10-4169'>\n\t\t\t\tBackdrop comme separateur d&rsquo;espaces\n\t\t\t\t<\/figcaption><\/figure><figure class='gallery-item'>\n\t\t\t<div class='gallery-icon landscape'>\n\t\t\t\t<a  href='https:\/\/flagprint.ch\/wp-content\/uploads\/2019\/02\/messe-event-backdrop-schosshalde.jpg' title=\"Backdrop\" data-rl_title=\"Backdrop\" class=\"rl-gallery-link\" data-rl_caption=\"La fabrication est adapt\u00e9e \u00e0 l\u2019exigence li\u00e9e \u00e0 la situation.&lt;br \/&gt;\n&lt;a href=&quot;\/fr\/produits\/backdrop\/&quot;&gt;vers le produit&lt;\/a&gt;\" data-rel=\"fp-lightbox-gallery-10\"><img loading=\"lazy\" decoding=\"async\" width=\"400\" height=\"400\" src=\"https:\/\/flagprint.ch\/wp-content\/uploads\/2019\/02\/messe-event-backdrop-schosshalde-400x400.jpg\" class=\"attachment-thumbnail size-thumbnail\" alt=\"Backdrop - l&#039;affiche textile imprim\u00e9e en tant qu\u2019arri\u00e8re-plan de sc\u00e8ne ou habillage mural. La fabrication est adapt\u00e9e \u00e0 l\u2019exigence li\u00e9e \u00e0 la situation.\" aria-describedby=\"gallery-10-4167\" srcset=\"https:\/\/flagprint.ch\/wp-content\/uploads\/2019\/02\/messe-event-backdrop-schosshalde-400x400.jpg 400w, https:\/\/flagprint.ch\/wp-content\/uploads\/2019\/02\/messe-event-backdrop-schosshalde-20x20.jpg 20w, https:\/\/flagprint.ch\/wp-content\/uploads\/2019\/02\/messe-event-backdrop-schosshalde-40x40.jpg 40w, https:\/\/flagprint.ch\/wp-content\/uploads\/2019\/02\/messe-event-backdrop-schosshalde-60x60.jpg 60w\" sizes=\"(max-width: 400px) 100vw, 400px\" \/><\/a>\n\t\t\t<\/div>\n\t\t\t\t<figcaption class='wp-caption-text gallery-caption' id='gallery-10-4167'>\n\t\t\t\tBackdrop\n\t\t\t\t<\/figcaption><\/figure><figure class='gallery-item'>\n\t\t\t<div class='gallery-icon landscape'>\n\t\t\t\t<a  href='https:\/\/flagprint.ch\/wp-content\/uploads\/2019\/02\/messe-event-backdrop-indoor.jpg' title=\"Backdrop\" data-rl_title=\"Backdrop\" class=\"rl-gallery-link\" data-rl_caption=\"La fabrication est adapt\u00e9e \u00e0 l\u2019exigence li\u00e9e \u00e0 la situation.&lt;br \/&gt;\n&lt;a href=&quot;\/fr\/produits\/backdrop\/&quot;&gt;vers le produit&lt;\/a&gt;\" data-rel=\"fp-lightbox-gallery-10\"><img loading=\"lazy\" decoding=\"async\" width=\"400\" height=\"400\" src=\"https:\/\/flagprint.ch\/wp-content\/uploads\/2019\/02\/messe-event-backdrop-indoor-400x400.jpg\" class=\"attachment-thumbnail size-thumbnail\" alt=\"Backdrop - l&#039;affiche textile imprim\u00e9e en tant qu\u2019arri\u00e8re-plan de sc\u00e8ne ou habillage mural. La fabrication est adapt\u00e9e \u00e0 l\u2019exigence li\u00e9e \u00e0 la situation.\" aria-describedby=\"gallery-10-4165\" srcset=\"https:\/\/flagprint.ch\/wp-content\/uploads\/2019\/02\/messe-event-backdrop-indoor-400x400.jpg 400w, https:\/\/flagprint.ch\/wp-content\/uploads\/2019\/02\/messe-event-backdrop-indoor-20x20.jpg 20w, https:\/\/flagprint.ch\/wp-content\/uploads\/2019\/02\/messe-event-backdrop-indoor-40x40.jpg 40w, https:\/\/flagprint.ch\/wp-content\/uploads\/2019\/02\/messe-event-backdrop-indoor-60x60.jpg 60w\" sizes=\"(max-width: 400px) 100vw, 400px\" \/><\/a>\n\t\t\t<\/div>\n\t\t\t\t<figcaption class='wp-caption-text gallery-caption' id='gallery-10-4165'>\n\t\t\t\tBackdrop\n\t\t\t\t<\/figcaption><\/figure><figure class='gallery-item'>\n\t\t\t<div class='gallery-icon landscape'>\n\t\t\t\t<a  href='https:\/\/flagprint.ch\/wp-content\/uploads\/2019\/02\/messe-event-backdrop-indoor-piazza_bea.jpg' title=\"Backdrop affiche en tissu\" data-rl_title=\"Backdrop affiche en tissu\" class=\"rl-gallery-link\" data-rl_caption=\"Backdrop Affiche en tissu. Format 200 x 200 cm.&lt;br \/&gt;\n&lt;a href=&quot;\/fr\/produits\/backdrop\/&quot;&gt;vers le produit&lt;\/a&gt;\" data-rel=\"fp-lightbox-gallery-10\"><img loading=\"lazy\" decoding=\"async\" width=\"400\" height=\"400\" src=\"https:\/\/flagprint.ch\/wp-content\/uploads\/2019\/02\/messe-event-backdrop-indoor-piazza_bea-400x400.jpg\" class=\"attachment-thumbnail size-thumbnail\" alt=\"Backdrop - l&#039;affiche textile imprim\u00e9e en tant qu\u2019arri\u00e8re-plan de sc\u00e8ne ou habillage mural. La fabrication est adapt\u00e9e \u00e0 l\u2019exigence li\u00e9e \u00e0 la situation.\" aria-describedby=\"gallery-10-4163\" srcset=\"https:\/\/flagprint.ch\/wp-content\/uploads\/2019\/02\/messe-event-backdrop-indoor-piazza_bea-400x400.jpg 400w, https:\/\/flagprint.ch\/wp-content\/uploads\/2019\/02\/messe-event-backdrop-indoor-piazza_bea-20x20.jpg 20w, https:\/\/flagprint.ch\/wp-content\/uploads\/2019\/02\/messe-event-backdrop-indoor-piazza_bea-40x40.jpg 40w, https:\/\/flagprint.ch\/wp-content\/uploads\/2019\/02\/messe-event-backdrop-indoor-piazza_bea-60x60.jpg 60w\" sizes=\"(max-width: 400px) 100vw, 400px\" \/><\/a>\n\t\t\t<\/div>\n\t\t\t\t<figcaption class='wp-caption-text gallery-caption' id='gallery-10-4163'>\n\t\t\t\tBackdrop affiche en tissu\n\t\t\t\t<\/figcaption><\/figure><figure class='gallery-item'>\n\t\t\t<div class='gallery-icon landscape'>\n\t\t\t\t<a  href='https:\/\/flagprint.ch\/wp-content\/uploads\/2019\/02\/messe-event-backdrop-indoor-baertschi.jpg' title=\"Backdrop comme separateur d&#039;espaces\" data-rl_title=\"Backdrop comme separateur d&#039;espaces\" class=\"rl-gallery-link\" data-rl_caption=\"Affiche textile imprim\u00e9e en tant qu\u2019arri\u00e8re-plan de sc\u00e8ne ou habillage mural.&lt;br \/&gt;\n&lt;a href=&quot;\/fr\/produits\/backdrop\/&quot;&gt;vers le produit&lt;\/a&gt;\" data-rel=\"fp-lightbox-gallery-10\"><img loading=\"lazy\" decoding=\"async\" width=\"400\" height=\"400\" src=\"https:\/\/flagprint.ch\/wp-content\/uploads\/2019\/02\/messe-event-backdrop-indoor-baertschi-400x400.jpg\" class=\"attachment-thumbnail size-thumbnail\" alt=\"Backdrop - l&#039;affiche textile imprim\u00e9e en tant qu\u2019arri\u00e8re-plan de sc\u00e8ne ou habillage mural. La fabrication est adapt\u00e9e \u00e0 l\u2019exigence li\u00e9e \u00e0 la situation.\" aria-describedby=\"gallery-10-4161\" srcset=\"https:\/\/flagprint.ch\/wp-content\/uploads\/2019\/02\/messe-event-backdrop-indoor-baertschi-400x400.jpg 400w, https:\/\/flagprint.ch\/wp-content\/uploads\/2019\/02\/messe-event-backdrop-indoor-baertschi-20x20.jpg 20w, https:\/\/flagprint.ch\/wp-content\/uploads\/2019\/02\/messe-event-backdrop-indoor-baertschi-40x40.jpg 40w, https:\/\/flagprint.ch\/wp-content\/uploads\/2019\/02\/messe-event-backdrop-indoor-baertschi-60x60.jpg 60w\" sizes=\"(max-width: 400px) 100vw, 400px\" \/><\/a>\n\t\t\t<\/div>\n\t\t\t\t<figcaption class='wp-caption-text gallery-caption' id='gallery-10-4161'>\n\t\t\t\tBackdrop comme separateur d&rsquo;espaces\n\t\t\t\t<\/figcaption><\/figure><figure class='gallery-item'>\n\t\t\t<div class='gallery-icon landscape'>\n\t\t\t\t<a  href='https:\/\/flagprint.ch\/wp-content\/uploads\/2019\/02\/display-systeme-alu-frame-curved-indoor-aluprofil.jpg' title=\"aluframe\" data-rl_title=\"aluframe\" class=\"rl-gallery-link\" data-rl_caption=\"Le tissu imprim\u00e9 peut \u00eatre \u00e9chang\u00e9 avec la plus grande facilit\u00e9.&lt;br \/&gt;\n&lt;a href=&quot;\/fr\/produits\/alu-frame\/&quot;&gt;vers le produit&lt;\/a&gt;\" data-rel=\"fp-lightbox-gallery-10\"><img loading=\"lazy\" decoding=\"async\" width=\"400\" height=\"400\" src=\"https:\/\/flagprint.ch\/wp-content\/uploads\/2019\/02\/display-systeme-alu-frame-curved-indoor-aluprofil-400x400.jpg\" class=\"attachment-thumbnail size-thumbnail\" alt=\"Aluframe - cadre \u00e9l\u00e9gant en alu tendu avec impression, changement simple de motif. Peut \u00eatre suspendue du plafond, viss\u00e9e au mur ou \u00eatre plac\u00e9e de mani\u00e8re autonome.\" aria-describedby=\"gallery-10-3974\" srcset=\"https:\/\/flagprint.ch\/wp-content\/uploads\/2019\/02\/display-systeme-alu-frame-curved-indoor-aluprofil-400x400.jpg 400w, https:\/\/flagprint.ch\/wp-content\/uploads\/2019\/02\/display-systeme-alu-frame-curved-indoor-aluprofil-20x20.jpg 20w, https:\/\/flagprint.ch\/wp-content\/uploads\/2019\/02\/display-systeme-alu-frame-curved-indoor-aluprofil-40x40.jpg 40w, https:\/\/flagprint.ch\/wp-content\/uploads\/2019\/02\/display-systeme-alu-frame-curved-indoor-aluprofil-60x60.jpg 60w\" sizes=\"(max-width: 400px) 100vw, 400px\" \/><\/a>\n\t\t\t<\/div>\n\t\t\t\t<figcaption class='wp-caption-text gallery-caption' id='gallery-10-3974'>\n\t\t\t\taluframe\n\t\t\t\t<\/figcaption><\/figure><figure class='gallery-item'>\n\t\t\t<div class='gallery-icon landscape'>\n\t\t\t\t<a  href='https:\/\/flagprint.ch\/wp-content\/uploads\/2019\/03\/messe-event-mobiler-leuchtkasten-lightframe-lf580-theke-counter.png' title=\"Der Mobile Leuchtkasten lightframe ist auch als Theke erh\u00e4ltlich\" data-rl_title=\"Der Mobile Leuchtkasten lightframe ist auch als Theke erh\u00e4ltlich\" class=\"rl-gallery-link\" data-rl_caption=\"Die lightframe Theke ist federleicht und leuchtstark dank hochwertiger LED Technik.&lt;br \/&gt;\n&lt;a href=&quot;\/produkte\/lightframe-lf500\/&quot;&gt;Zum Produkt&lt;\/a&gt;\" data-rel=\"fp-lightbox-gallery-10\"><img loading=\"lazy\" decoding=\"async\" width=\"400\" height=\"300\" src=\"https:\/\/flagprint.ch\/wp-content\/uploads\/2019\/03\/messe-event-mobiler-leuchtkasten-lightframe-lf580-theke-counter-400x300.png\" class=\"attachment-thumbnail size-thumbnail\" alt=\"Die lightframe Theke LF580 ist federleicht &amp; leuchtstark. Mit hochwertiger LED-Technik &amp; individuell-bedrucktem Stoff. Schneller Aufbau &amp; kompakte Verpackung.\" aria-describedby=\"gallery-10-7146\" srcset=\"https:\/\/flagprint.ch\/wp-content\/uploads\/2019\/03\/messe-event-mobiler-leuchtkasten-lightframe-lf580-theke-counter-400x300.png 400w, https:\/\/flagprint.ch\/wp-content\/uploads\/2019\/03\/messe-event-mobiler-leuchtkasten-lightframe-lf580-theke-counter-800x600.png 800w, https:\/\/flagprint.ch\/wp-content\/uploads\/2019\/03\/messe-event-mobiler-leuchtkasten-lightframe-lf580-theke-counter-768x576.png 768w, https:\/\/flagprint.ch\/wp-content\/uploads\/2019\/03\/messe-event-mobiler-leuchtkasten-lightframe-lf580-theke-counter-1200x900.png 1200w, https:\/\/flagprint.ch\/wp-content\/uploads\/2019\/03\/messe-event-mobiler-leuchtkasten-lightframe-lf580-theke-counter.png 1600w\" sizes=\"(max-width: 400px) 100vw, 400px\" \/><\/a>\n\t\t\t<\/div>\n\t\t\t\t<figcaption class='wp-caption-text gallery-caption' id='gallery-10-7146'>\n\t\t\t\tDer Mobile Leuchtkasten lightframe ist auch als Theke erh\u00e4ltlich\n\t\t\t\t<\/figcaption><\/figure><figure class='gallery-item'>\n\t\t\t<div class='gallery-icon portrait'>\n\t\t\t\t<a  href='https:\/\/flagprint.ch\/wp-content\/uploads\/2019\/04\/messe-event-mobiler-leuchtkasten-lightframe-lf500-omega.jpg' title=\"Mobiler Leuchtkasten lightframe LF500\" data-rl_title=\"Mobiler Leuchtkasten lightframe LF500\" class=\"rl-gallery-link\" data-rl_caption=\"Mobiler Leuchtkasten lightframe LF500 im Empfangsbereich.&lt;br \/&gt;\n&lt;a href=&quot;\/produkte\/lightframe-lf500\/&quot;&gt;Zum Produkt&lt;\/a&gt;\" data-rel=\"fp-lightbox-gallery-10\"><img loading=\"lazy\" decoding=\"async\" width=\"300\" height=\"400\" src=\"https:\/\/flagprint.ch\/wp-content\/uploads\/2019\/04\/messe-event-mobiler-leuchtkasten-lightframe-lf500-omega-300x400.jpg\" class=\"attachment-thumbnail size-thumbnail\" alt=\"Der lightframe LF500 ist federleicht &amp; leuchtstark. Mit hochwertiger LED-Technik &amp; individuell-bedrucktem Stoff. Schneller Aufbau &amp; kompakte Verpackung.\" aria-describedby=\"gallery-10-7351\" srcset=\"https:\/\/flagprint.ch\/wp-content\/uploads\/2019\/04\/messe-event-mobiler-leuchtkasten-lightframe-lf500-omega-300x400.jpg 300w, https:\/\/flagprint.ch\/wp-content\/uploads\/2019\/04\/messe-event-mobiler-leuchtkasten-lightframe-lf500-omega-600x800.jpg 600w, https:\/\/flagprint.ch\/wp-content\/uploads\/2019\/04\/messe-event-mobiler-leuchtkasten-lightframe-lf500-omega-768x1024.jpg 768w, https:\/\/flagprint.ch\/wp-content\/uploads\/2019\/04\/messe-event-mobiler-leuchtkasten-lightframe-lf500-omega-900x1200.jpg 900w, https:\/\/flagprint.ch\/wp-content\/uploads\/2019\/04\/messe-event-mobiler-leuchtkasten-lightframe-lf500-omega.jpg 1200w\" sizes=\"(max-width: 300px) 100vw, 300px\" \/><\/a>\n\t\t\t<\/div>\n\t\t\t\t<figcaption class='wp-caption-text gallery-caption' id='gallery-10-7351'>\n\t\t\t\tMobiler Leuchtkasten lightframe LF500\n\t\t\t\t<\/figcaption><\/figure><figure class='gallery-item'>\n\t\t\t<div class='gallery-icon landscape'>\n\t\t\t\t<a  href='https:\/\/flagprint.ch\/wp-content\/uploads\/2020\/01\/messe-event-mobiler-leuchtkasten-lightframe-lf580-theke-counter-v2.jpg' title=\"Comptoir \u00e9clair\u00e9 mobile lightframe LF580\" data-rl_title=\"Comptoir \u00e9clair\u00e9 mobile lightframe LF580\" class=\"rl-gallery-link\" data-rl_caption=\"Le comptoir \u00e9clair\u00e9 mobile, le lightframe LF580, vous permettra d\u2019impressionner sur les salons et \u00e9v\u00e8nements.\" data-rel=\"fp-lightbox-gallery-10\"><img loading=\"lazy\" decoding=\"async\" width=\"400\" height=\"300\" src=\"https:\/\/flagprint.ch\/wp-content\/uploads\/2020\/01\/messe-event-mobiler-leuchtkasten-lightframe-lf580-theke-counter-v2-400x300.jpg\" class=\"attachment-thumbnail size-thumbnail\" alt=\"Le comptoir \u00e9clair\u00e9 mobile, le lightframe LF580, vous permettra d\u2019impressionner sur les salons et \u00e9v\u00e8nements. Le syst\u00e8me de comptoir mobile est \u00e9quip\u00e9 d\u2019un \u00e9clairage \u00e0 l\u2019avant et d\u2019un compartiment de rangement \u00e0 l\u2019arri\u00e8re.\" aria-describedby=\"gallery-10-9682\" srcset=\"https:\/\/flagprint.ch\/wp-content\/uploads\/2020\/01\/messe-event-mobiler-leuchtkasten-lightframe-lf580-theke-counter-v2-400x300.jpg 400w, https:\/\/flagprint.ch\/wp-content\/uploads\/2020\/01\/messe-event-mobiler-leuchtkasten-lightframe-lf580-theke-counter-v2-800x600.jpg 800w, https:\/\/flagprint.ch\/wp-content\/uploads\/2020\/01\/messe-event-mobiler-leuchtkasten-lightframe-lf580-theke-counter-v2-768x576.jpg 768w, https:\/\/flagprint.ch\/wp-content\/uploads\/2020\/01\/messe-event-mobiler-leuchtkasten-lightframe-lf580-theke-counter-v2-1200x900.jpg 1200w, https:\/\/flagprint.ch\/wp-content\/uploads\/2020\/01\/messe-event-mobiler-leuchtkasten-lightframe-lf580-theke-counter-v2.jpg 1600w\" sizes=\"(max-width: 400px) 100vw, 400px\" \/><\/a>\n\t\t\t<\/div>\n\t\t\t\t<figcaption class='wp-caption-text gallery-caption' id='gallery-10-9682'>\n\t\t\t\tComptoir \u00e9clair\u00e9 mobile lightframe LF580\n\t\t\t\t<\/figcaption><\/figure><figure class='gallery-item'>\n\t\t\t<div class='gallery-icon landscape'>\n\t\t\t\t<a  href='https:\/\/flagprint.ch\/wp-content\/uploads\/2020\/01\/lightframe-counter-lf580-flagprint-messe-event.jpg' title=\"Comptoir \u00e9clair\u00e9 mobile lightframe LF580\" data-rl_title=\"Comptoir \u00e9clair\u00e9 mobile lightframe LF580\" class=\"rl-gallery-link\" data-rl_caption=\"Der mobile Leuchtcounter, das lightframe LF580, beschert Ihnen einen eindrucksvollen Auftritt an Messen und Events.\" data-rel=\"fp-lightbox-gallery-10\"><img loading=\"lazy\" decoding=\"async\" width=\"400\" height=\"300\" src=\"https:\/\/flagprint.ch\/wp-content\/uploads\/2020\/01\/lightframe-counter-lf580-flagprint-messe-event-400x300.jpg\" class=\"attachment-thumbnail size-thumbnail\" alt=\"Der mobile Leuchtcounter, das lightframe LF580, beschert Ihnen einen eindrucksvollen Auftritt an Messen und Events. Das mobile Thekensystem ist mit einer beleuchteten Frontseite und einem Ablagefach auf der R\u00fcckseite ausgestattet.\" aria-describedby=\"gallery-10-9645\" srcset=\"https:\/\/flagprint.ch\/wp-content\/uploads\/2020\/01\/lightframe-counter-lf580-flagprint-messe-event-400x300.jpg 400w, https:\/\/flagprint.ch\/wp-content\/uploads\/2020\/01\/lightframe-counter-lf580-flagprint-messe-event-800x600.jpg 800w, https:\/\/flagprint.ch\/wp-content\/uploads\/2020\/01\/lightframe-counter-lf580-flagprint-messe-event-768x576.jpg 768w, https:\/\/flagprint.ch\/wp-content\/uploads\/2020\/01\/lightframe-counter-lf580-flagprint-messe-event-1200x900.jpg 1200w, https:\/\/flagprint.ch\/wp-content\/uploads\/2020\/01\/lightframe-counter-lf580-flagprint-messe-event.jpg 1600w\" sizes=\"(max-width: 400px) 100vw, 400px\" \/><\/a>\n\t\t\t<\/div>\n\t\t\t\t<figcaption class='wp-caption-text gallery-caption' id='gallery-10-9645'>\n\t\t\t\tComptoir \u00e9clair\u00e9 mobile lightframe LF580\n\t\t\t\t<\/figcaption><\/figure><figure class='gallery-item'>\n\t\t\t<div class='gallery-icon landscape'>\n\t\t\t\t<a  href='https:\/\/flagprint.ch\/wp-content\/uploads\/2020\/01\/lightframe-counter-detail-ablage-messe-event.jpg' title=\"Comptoir \u00e9clair\u00e9 mobile lightframe LF580\" data-rl_title=\"Comptoir \u00e9clair\u00e9 mobile lightframe LF580\" class=\"rl-gallery-link\" data-rl_caption=\"Le syst\u00e8me de comptoir mobile est \u00e9quip\u00e9 d\u2019un \u00e9clairage \u00e0 l\u2019avant et d\u2019un compartiment de rangement \u00e0 l\u2019arri\u00e8re.\" data-rel=\"fp-lightbox-gallery-10\"><img loading=\"lazy\" decoding=\"async\" width=\"400\" height=\"300\" src=\"https:\/\/flagprint.ch\/wp-content\/uploads\/2020\/01\/lightframe-counter-detail-ablage-messe-event-400x300.jpg\" class=\"attachment-thumbnail size-thumbnail\" alt=\"Le comptoir \u00e9clair\u00e9 mobile, le lightframe LF580, vous permettra d\u2019impressionner sur les salons et \u00e9v\u00e8nements. Le syst\u00e8me de comptoir mobile est \u00e9quip\u00e9 d\u2019un \u00e9clairage \u00e0 l\u2019avant et d\u2019un compartiment de rangement \u00e0 l\u2019arri\u00e8re.\" aria-describedby=\"gallery-10-9641\" srcset=\"https:\/\/flagprint.ch\/wp-content\/uploads\/2020\/01\/lightframe-counter-detail-ablage-messe-event-400x300.jpg 400w, https:\/\/flagprint.ch\/wp-content\/uploads\/2020\/01\/lightframe-counter-detail-ablage-messe-event-800x600.jpg 800w, https:\/\/flagprint.ch\/wp-content\/uploads\/2020\/01\/lightframe-counter-detail-ablage-messe-event-768x576.jpg 768w, https:\/\/flagprint.ch\/wp-content\/uploads\/2020\/01\/lightframe-counter-detail-ablage-messe-event-1200x900.jpg 1200w, https:\/\/flagprint.ch\/wp-content\/uploads\/2020\/01\/lightframe-counter-detail-ablage-messe-event.jpg 1600w\" sizes=\"(max-width: 400px) 100vw, 400px\" \/><\/a>\n\t\t\t<\/div>\n\t\t\t\t<figcaption class='wp-caption-text gallery-caption' id='gallery-10-9641'>\n\t\t\t\tComptoir \u00e9clair\u00e9 mobile lightframe LF580\n\t\t\t\t<\/figcaption><\/figure><figure class='gallery-item'>\n\t\t\t<div class='gallery-icon landscape'>\n\t\t\t\t<a  href='https:\/\/flagprint.ch\/wp-content\/uploads\/2020\/01\/lightframe_Counter_LF580_selfcheckout-messe-event.jpg' title=\"Comptoir \u00e9clair\u00e9 mobile lightframe LF580\" data-rl_title=\"Comptoir \u00e9clair\u00e9 mobile lightframe LF580\" class=\"rl-gallery-link\" data-rl_caption=\"Le comptoir \u00e9clair\u00e9 mobile, le lightframe LF580, vous permettra d\u2019impressionner sur les salons et \u00e9v\u00e8nements.\" data-rel=\"fp-lightbox-gallery-10\"><img loading=\"lazy\" decoding=\"async\" width=\"400\" height=\"300\" src=\"https:\/\/flagprint.ch\/wp-content\/uploads\/2020\/01\/lightframe_Counter_LF580_selfcheckout-messe-event-400x300.jpg\" class=\"attachment-thumbnail size-thumbnail\" alt=\"Le comptoir \u00e9clair\u00e9 mobile, le lightframe LF580, vous permettra d\u2019impressionner sur les salons et \u00e9v\u00e8nements. Le syst\u00e8me de comptoir mobile est \u00e9quip\u00e9 d\u2019un \u00e9clairage \u00e0 l\u2019avant et d\u2019un compartiment de rangement \u00e0 l\u2019arri\u00e8re.\" aria-describedby=\"gallery-10-9637\" srcset=\"https:\/\/flagprint.ch\/wp-content\/uploads\/2020\/01\/lightframe_Counter_LF580_selfcheckout-messe-event-400x300.jpg 400w, https:\/\/flagprint.ch\/wp-content\/uploads\/2020\/01\/lightframe_Counter_LF580_selfcheckout-messe-event-800x600.jpg 800w, https:\/\/flagprint.ch\/wp-content\/uploads\/2020\/01\/lightframe_Counter_LF580_selfcheckout-messe-event-768x576.jpg 768w, https:\/\/flagprint.ch\/wp-content\/uploads\/2020\/01\/lightframe_Counter_LF580_selfcheckout-messe-event-1200x900.jpg 1200w, https:\/\/flagprint.ch\/wp-content\/uploads\/2020\/01\/lightframe_Counter_LF580_selfcheckout-messe-event.jpg 1600w\" sizes=\"(max-width: 400px) 100vw, 400px\" \/><\/a>\n\t\t\t<\/div>\n\t\t\t\t<figcaption class='wp-caption-text gallery-caption' id='gallery-10-9637'>\n\t\t\t\tComptoir \u00e9clair\u00e9 mobile lightframe LF580\n\t\t\t\t<\/figcaption><\/figure><figure class='gallery-item'>\n\t\t\t<div class='gallery-icon landscape'>\n\t\t\t\t<a  href='https:\/\/flagprint.ch\/wp-content\/uploads\/2019\/02\/raumdesign-tischdeko-tischtuch-indoor-cendres-metaux.jpg' title=\"D\u00e9coration de table\" data-rl_title=\"D\u00e9coration de table\" class=\"rl-gallery-link\" data-rl_caption=\"Housses de coussins, sets de table, serviettes de table pour stands.&lt;br \/&gt;\n&lt;a href=&quot;\/fr\/produits\/decoration-de-table\/&quot;&gt;vers le produit&lt;\/a&gt;\" data-rel=\"fp-lightbox-gallery-10\"><img loading=\"lazy\" decoding=\"async\" width=\"400\" height=\"400\" src=\"https:\/\/flagprint.ch\/wp-content\/uploads\/2019\/02\/raumdesign-tischdeko-tischtuch-indoor-cendres-metaux-400x400.jpg\" class=\"attachment-thumbnail size-thumbnail\" alt=\"\" aria-describedby=\"gallery-10-4341\" srcset=\"https:\/\/flagprint.ch\/wp-content\/uploads\/2019\/02\/raumdesign-tischdeko-tischtuch-indoor-cendres-metaux-400x400.jpg 400w, https:\/\/flagprint.ch\/wp-content\/uploads\/2019\/02\/raumdesign-tischdeko-tischtuch-indoor-cendres-metaux-20x20.jpg 20w, https:\/\/flagprint.ch\/wp-content\/uploads\/2019\/02\/raumdesign-tischdeko-tischtuch-indoor-cendres-metaux-40x40.jpg 40w, https:\/\/flagprint.ch\/wp-content\/uploads\/2019\/02\/raumdesign-tischdeko-tischtuch-indoor-cendres-metaux-60x60.jpg 60w\" sizes=\"(max-width: 400px) 100vw, 400px\"><\/a>\n\t\t\t<\/div>\n\t\t\t\t<figcaption class='wp-caption-text gallery-caption' id='gallery-10-4341'>\n\t\t\t\tD\u00e9coration de table\n\t\t\t\t<\/figcaption><\/figure><figure class='gallery-item'>\n\t\t\t<div class='gallery-icon portrait'>\n\t\t\t\t<a  href='https:\/\/flagprint.ch\/wp-content\/uploads\/2019\/02\/messe-event-backdrop-indoor-wandverkleidung.jpg' title=\"Backdrop affiche en tissu\" data-rl_title=\"Backdrop affiche en tissu\" class=\"rl-gallery-link\" data-rl_caption=\"Backdrop affiche en tissu. Format 200 x 200 cm&lt;br \/&gt;\n&lt;a href=&quot;\/fr\/produits\/backdrop\/&quot;&gt;vers le produit&lt;\/a&gt;\" data-rel=\"fp-lightbox-gallery-10\"><img loading=\"lazy\" decoding=\"async\" width=\"400\" height=\"400\" src=\"https:\/\/flagprint.ch\/wp-content\/uploads\/2019\/02\/messe-event-backdrop-indoor-wandverkleidung-400x400.jpg\" class=\"attachment-thumbnail size-thumbnail\" alt=\"Backdrop - l&#039;affiche textile imprim\u00e9e en tant qu\u2019arri\u00e8re-plan de sc\u00e8ne ou habillage mural. La fabrication est adapt\u00e9e \u00e0 l\u2019exigence li\u00e9e \u00e0 la situation.\" aria-describedby=\"gallery-10-4369\" srcset=\"https:\/\/flagprint.ch\/wp-content\/uploads\/2019\/02\/messe-event-backdrop-indoor-wandverkleidung-400x400.jpg 400w, https:\/\/flagprint.ch\/wp-content\/uploads\/2019\/02\/messe-event-backdrop-indoor-wandverkleidung-20x20.jpg 20w, https:\/\/flagprint.ch\/wp-content\/uploads\/2019\/02\/messe-event-backdrop-indoor-wandverkleidung-40x40.jpg 40w, https:\/\/flagprint.ch\/wp-content\/uploads\/2019\/02\/messe-event-backdrop-indoor-wandverkleidung-60x60.jpg 60w\" sizes=\"(max-width: 400px) 100vw, 400px\" \/><\/a>\n\t\t\t<\/div>\n\t\t\t\t<figcaption class='wp-caption-text gallery-caption' id='gallery-10-4369'>\n\t\t\t\tBackdrop affiche en tissu\n\t\t\t\t<\/figcaption><\/figure><figure class='gallery-item'>\n\t\t\t<div class='gallery-icon landscape'>\n\t\t\t\t<a  href='https:\/\/flagprint.ch\/wp-content\/uploads\/2019\/02\/messe-event-messestand_indoor-astag.jpg' title=\"Banni\u00e8re en tissu de stand de salon\" data-rl_title=\"Banni\u00e8re en tissu de stand de salon\" class=\"rl-gallery-link\" data-rl_caption=\"La confection est adapt\u00e9e individuellement au syst\u00e8me du Salon.&lt;br \/&gt;\n&lt;a href=&quot;\/fr\/produits\/banniere-en-tissu-de-stand-de-salon\/&quot;&gt;vers le produit&lt;\/a&gt;\" data-rel=\"fp-lightbox-gallery-10\"><img loading=\"lazy\" decoding=\"async\" width=\"400\" height=\"400\" src=\"https:\/\/flagprint.ch\/wp-content\/uploads\/2019\/02\/messe-event-messestand_indoor-astag-400x400.jpg\" class=\"attachment-thumbnail size-thumbnail\" alt=\"Banni\u00e8re en tissu de stand de salon. Le tissu est imprim\u00e9 d\u2019un motif librement con\u00e7u et confectionn\u00e9 sur mesure. La confection est adapt\u00e9e individuellement au syst\u00e8me du Salon.\" aria-describedby=\"gallery-10-4186\" srcset=\"https:\/\/flagprint.ch\/wp-content\/uploads\/2019\/02\/messe-event-messestand_indoor-astag-400x400.jpg 400w, https:\/\/flagprint.ch\/wp-content\/uploads\/2019\/02\/messe-event-messestand_indoor-astag-20x20.jpg 20w, https:\/\/flagprint.ch\/wp-content\/uploads\/2019\/02\/messe-event-messestand_indoor-astag-40x40.jpg 40w, https:\/\/flagprint.ch\/wp-content\/uploads\/2019\/02\/messe-event-messestand_indoor-astag-60x60.jpg 60w\" sizes=\"(max-width: 400px) 100vw, 400px\" \/><\/a>\n\t\t\t<\/div>\n\t\t\t\t<figcaption class='wp-caption-text gallery-caption' id='gallery-10-4186'>\n\t\t\t\tBanni\u00e8re en tissu de stand de salon\n\t\t\t\t<\/figcaption><\/figure><figure class='gallery-item'>\n\t\t\t<div class='gallery-icon portrait'>\n\t\t\t\t<a  href='https:\/\/flagprint.ch\/wp-content\/uploads\/2019\/02\/messe-event-theke-counter-indoor-ipad.jpg' title=\"Comptoir, Counter avec iPad int\u00e9gr\u00e9\" data-rl_title=\"Comptoir, Counter avec iPad int\u00e9gr\u00e9\" class=\"rl-gallery-link\" data-rl_caption=\"Le comptoir peut \u00eatre mis en \u0153uvre en tant que stand de d\u00e9gustation ou en tant que comptoir dans le cadre d\u2019un stand de Salon.&lt;br \/&gt;\n&lt;a href=&quot;\/fr\/produits\/comptoir-counter\/&quot;&gt;vers le produit&lt;\/a&gt;\" data-rel=\"fp-lightbox-gallery-10\"><img loading=\"lazy\" decoding=\"async\" width=\"400\" height=\"400\" src=\"https:\/\/flagprint.ch\/wp-content\/uploads\/2019\/02\/messe-event-theke-counter-indoor-ipad-400x400.jpg\" class=\"attachment-thumbnail size-thumbnail\" alt=\"Comptoir, Counter. L\u2019impression sur tissu est mont\u00e9e sur le syst\u00e8me en aluminium au moyen d\u2019une bande Velcro. Impression sur trois c\u00f4t\u00e9s. Stand de d\u00e9gustation ou de salon.\" aria-describedby=\"gallery-10-4182\" srcset=\"https:\/\/flagprint.ch\/wp-content\/uploads\/2019\/02\/messe-event-theke-counter-indoor-ipad-400x400.jpg 400w, https:\/\/flagprint.ch\/wp-content\/uploads\/2019\/02\/messe-event-theke-counter-indoor-ipad-20x20.jpg 20w, https:\/\/flagprint.ch\/wp-content\/uploads\/2019\/02\/messe-event-theke-counter-indoor-ipad-40x40.jpg 40w, https:\/\/flagprint.ch\/wp-content\/uploads\/2019\/02\/messe-event-theke-counter-indoor-ipad-60x60.jpg 60w\" sizes=\"(max-width: 400px) 100vw, 400px\" \/><\/a>\n\t\t\t<\/div>\n\t\t\t\t<figcaption class='wp-caption-text gallery-caption' id='gallery-10-4182'>\n\t\t\t\tComptoir, Counter avec iPad int\u00e9gr\u00e9\n\t\t\t\t<\/figcaption><\/figure>\n\t\t<\/div>\n\t\t<\/div>\n\t\t\t\t\t\t<\/div>\n\t\t\t\t<\/div>\n\t\t\t\t\t<\/div>\n\t\t<\/div>\n\t\t\t\t\t<\/div>\n\t\t<\/section>\n\t\t\t\t<section class=\"elementor-section elementor-inner-section elementor-element elementor-element-19af2bd elementor-section-full_width fp-gallery elementor-section-height-default elementor-section-height-default\" data-id=\"19af2bd\" data-element_type=\"section\" data-e-type=\"section\" id=\"fp-id-acoustique-spatiale\">\n\t\t\t\t\t\t<div class=\"elementor-container elementor-column-gap-no\">\n\t\t\t\t\t<div class=\"elementor-column elementor-col-100 elementor-inner-column elementor-element elementor-element-fd9d7c7\" data-id=\"fd9d7c7\" data-element_type=\"column\" data-e-type=\"column\">\n\t\t\t<div class=\"elementor-widget-wrap elementor-element-populated\">\n\t\t\t\t\t\t<div class=\"elementor-element elementor-element-53440f6 elementor-widget elementor-widget-heading\" data-id=\"53440f6\" data-element_type=\"widget\" data-e-type=\"widget\" data-widget_type=\"heading.default\">\n\t\t\t\t<div class=\"elementor-widget-container\">\n\t\t\t\t\t<h2 class=\"elementor-heading-title elementor-size-default\">Acoustique spatiale<\/h2>\t\t\t\t<\/div>\n\t\t\t\t<\/div>\n\t\t\t\t<div class=\"elementor-element elementor-element-70eef1b elementor-widget elementor-widget-image-gallery\" data-id=\"70eef1b\" data-element_type=\"widget\" data-e-type=\"widget\" data-widget_type=\"image-gallery.default\">\n\t\t\t\t<div class=\"elementor-widget-container\">\n\t\t\t\t\t\t\t<div class=\"elementor-image-gallery\">\n\t\t\t<div id='gallery-11' class='gallery galleryid-13913 gallery-columns-5 gallery-size-thumbnail'><figure class='gallery-item'>\n\t\t\t<div class='gallery-icon landscape'>\n\t\t\t\t<a  href='https:\/\/flagprint.ch\/wp-content\/uploads\/2023\/03\/Terranova_Deckenabsorber_2.jpg' title=\"Deckenabsorber in Cafeteria\" data-rl_title=\"Deckenabsorber in Cafeteria\" class=\"rl-gallery-link\" data-rl_caption=\"\" data-rel=\"fp-lightbox-gallery-11\"><img loading=\"lazy\" decoding=\"async\" width=\"400\" height=\"267\" src=\"https:\/\/flagprint.ch\/wp-content\/uploads\/2023\/03\/Terranova_Deckenabsorber_2-400x267.jpg\" class=\"attachment-thumbnail size-thumbnail\" alt=\"\" aria-describedby=\"gallery-11-33129\" srcset=\"https:\/\/flagprint.ch\/wp-content\/uploads\/2023\/03\/Terranova_Deckenabsorber_2-400x267.jpg 400w, https:\/\/flagprint.ch\/wp-content\/uploads\/2023\/03\/Terranova_Deckenabsorber_2-800x533.jpg 800w, https:\/\/flagprint.ch\/wp-content\/uploads\/2023\/03\/Terranova_Deckenabsorber_2-768x512.jpg 768w, https:\/\/flagprint.ch\/wp-content\/uploads\/2023\/03\/Terranova_Deckenabsorber_2.jpg 900w\" sizes=\"(max-width: 400px) 100vw, 400px\"><\/a>\n\t\t\t<\/div>\n\t\t\t\t<figcaption class='wp-caption-text gallery-caption' id='gallery-11-33129'>\n\t\t\t\tDeckenabsorber in Cafeteria\n\t\t\t\t<\/figcaption><\/figure><figure class='gallery-item'>\n\t\t\t<div class='gallery-icon landscape'>\n\t\t\t\t<a  href='https:\/\/flagprint.ch\/wp-content\/uploads\/2022\/09\/flagprint-aluframe-stoffprint-wandbild-referenz-landblick-08.jpg' title=\"aluframe Wandbild\" data-rl_title=\"aluframe Wandbild\" class=\"rl-gallery-link\" data-rl_caption=\"Bedrucktes Spanntextil wird mittels angen\u00e4hter Gummilippe in das Aluprofil eingespannt.&lt;br \/&gt;\n&lt;a href=&quot;\/produkte\/aluframe-wandbild\/&quot;&gt;Zum Produkt&lt;\/a&gt;\" data-rel=\"fp-lightbox-gallery-11\"><img loading=\"lazy\" decoding=\"async\" width=\"400\" height=\"300\" src=\"https:\/\/flagprint.ch\/wp-content\/uploads\/2022\/09\/flagprint-aluframe-stoffprint-wandbild-referenz-landblick-08-400x300.jpg\" class=\"attachment-thumbnail size-thumbnail\" alt=\"Eleganter Alurahmen mit individuell-bedrucktem Stoff. Das Wandbid ist in allen Gr\u00f6ssen verf\u00fcgbar. Stoff jederzeit einfach auswechselbar. F\u00fcr Events, POS, Hotel, Gastro &amp; B\u00fcro.\" aria-describedby=\"gallery-11-31426\" srcset=\"https:\/\/flagprint.ch\/wp-content\/uploads\/2022\/09\/flagprint-aluframe-stoffprint-wandbild-referenz-landblick-08-400x300.jpg 400w, https:\/\/flagprint.ch\/wp-content\/uploads\/2022\/09\/flagprint-aluframe-stoffprint-wandbild-referenz-landblick-08-800x600.jpg 800w, https:\/\/flagprint.ch\/wp-content\/uploads\/2022\/09\/flagprint-aluframe-stoffprint-wandbild-referenz-landblick-08-1200x900.jpg 1200w, https:\/\/flagprint.ch\/wp-content\/uploads\/2022\/09\/flagprint-aluframe-stoffprint-wandbild-referenz-landblick-08-768x576.jpg 768w, https:\/\/flagprint.ch\/wp-content\/uploads\/2022\/09\/flagprint-aluframe-stoffprint-wandbild-referenz-landblick-08-1536x1152.jpg 1536w, https:\/\/flagprint.ch\/wp-content\/uploads\/2022\/09\/flagprint-aluframe-stoffprint-wandbild-referenz-landblick-08.jpg 1600w\" sizes=\"(max-width: 400px) 100vw, 400px\" \/><\/a>\n\t\t\t<\/div>\n\t\t\t\t<figcaption class='wp-caption-text gallery-caption' id='gallery-11-31426'>\n\t\t\t\taluframe Wandbild\n\t\t\t\t<\/figcaption><\/figure><figure class='gallery-item'>\n\t\t\t<div class='gallery-icon landscape'>\n\t\t\t\t<a  href='https:\/\/flagprint.ch\/wp-content\/uploads\/2022\/09\/flagprint-aluframe-stoffprint-wandbild-referenz-landblick-06.jpg' title=\"\" data-rl_title=\"\" class=\"rl-gallery-link\" data-rl_caption=\"\" data-rel=\"fp-lightbox-gallery-11\"><img loading=\"lazy\" decoding=\"async\" width=\"400\" height=\"300\" src=\"https:\/\/flagprint.ch\/wp-content\/uploads\/2022\/09\/flagprint-aluframe-stoffprint-wandbild-referenz-landblick-06-400x300.jpg\" class=\"attachment-thumbnail size-thumbnail\" alt=\"\" srcset=\"https:\/\/flagprint.ch\/wp-content\/uploads\/2022\/09\/flagprint-aluframe-stoffprint-wandbild-referenz-landblick-06-400x300.jpg 400w, https:\/\/flagprint.ch\/wp-content\/uploads\/2022\/09\/flagprint-aluframe-stoffprint-wandbild-referenz-landblick-06-800x600.jpg 800w, https:\/\/flagprint.ch\/wp-content\/uploads\/2022\/09\/flagprint-aluframe-stoffprint-wandbild-referenz-landblick-06-1200x900.jpg 1200w, https:\/\/flagprint.ch\/wp-content\/uploads\/2022\/09\/flagprint-aluframe-stoffprint-wandbild-referenz-landblick-06-768x576.jpg 768w, https:\/\/flagprint.ch\/wp-content\/uploads\/2022\/09\/flagprint-aluframe-stoffprint-wandbild-referenz-landblick-06-1536x1152.jpg 1536w, https:\/\/flagprint.ch\/wp-content\/uploads\/2022\/09\/flagprint-aluframe-stoffprint-wandbild-referenz-landblick-06.jpg 1600w\" sizes=\"(max-width: 400px) 100vw, 400px\"><\/a>\n\t\t\t<\/div><\/figure><figure class='gallery-item'>\n\t\t\t<div class='gallery-icon landscape'>\n\t\t\t\t<a  href='https:\/\/flagprint.ch\/wp-content\/uploads\/2022\/09\/flagprint-aluframe-stoffprint-wandbild-referenz-landblick-04.jpg' title=\"\" data-rl_title=\"\" class=\"rl-gallery-link\" data-rl_caption=\"\" data-rel=\"fp-lightbox-gallery-11\"><img loading=\"lazy\" decoding=\"async\" width=\"400\" height=\"300\" src=\"https:\/\/flagprint.ch\/wp-content\/uploads\/2022\/09\/flagprint-aluframe-stoffprint-wandbild-referenz-landblick-04-400x300.jpg\" class=\"attachment-thumbnail size-thumbnail\" alt=\"\" srcset=\"https:\/\/flagprint.ch\/wp-content\/uploads\/2022\/09\/flagprint-aluframe-stoffprint-wandbild-referenz-landblick-04-400x300.jpg 400w, https:\/\/flagprint.ch\/wp-content\/uploads\/2022\/09\/flagprint-aluframe-stoffprint-wandbild-referenz-landblick-04-800x600.jpg 800w, https:\/\/flagprint.ch\/wp-content\/uploads\/2022\/09\/flagprint-aluframe-stoffprint-wandbild-referenz-landblick-04-1200x900.jpg 1200w, https:\/\/flagprint.ch\/wp-content\/uploads\/2022\/09\/flagprint-aluframe-stoffprint-wandbild-referenz-landblick-04-768x576.jpg 768w, https:\/\/flagprint.ch\/wp-content\/uploads\/2022\/09\/flagprint-aluframe-stoffprint-wandbild-referenz-landblick-04-1536x1152.jpg 1536w, https:\/\/flagprint.ch\/wp-content\/uploads\/2022\/09\/flagprint-aluframe-stoffprint-wandbild-referenz-landblick-04.jpg 1600w\" sizes=\"(max-width: 400px) 100vw, 400px\"><\/a>\n\t\t\t<\/div><\/figure><figure class='gallery-item'>\n\t\t\t<div class='gallery-icon landscape'>\n\t\t\t\t<a  href='https:\/\/flagprint.ch\/wp-content\/uploads\/2023\/09\/aluframe_Sitzungszimmer3_Transgourmet.jpg' title=\"aluframe Wandbild\" data-rl_title=\"aluframe Wandbild\" class=\"rl-gallery-link\" data-rl_caption=\"Bedrucktes Spanntextil wird mittels angen\u00e4hter Gummilippe in das Aluprofil eingespannt.&lt;br \/&gt;\n&lt;a href=&quot;\/produkte\/aluframe-wandbild\/&quot;&gt;Zum Produkt&lt;\/a&gt;\" data-rel=\"fp-lightbox-gallery-11\"><img loading=\"lazy\" decoding=\"async\" width=\"400\" height=\"300\" src=\"https:\/\/flagprint.ch\/wp-content\/uploads\/2023\/09\/aluframe_Sitzungszimmer3_Transgourmet-400x300.jpg\" class=\"attachment-thumbnail size-thumbnail\" alt=\"Eleganter Alurahmen mit individuell-bedrucktem Stoff. Das Wandbid ist in allen Gr\u00f6ssen verf\u00fcgbar. Stoff jederzeit einfach auswechselbar. F\u00fcr Events, POS, Hotel, Gastro &amp; B\u00fcro.\" aria-describedby=\"gallery-11-34406\" srcset=\"https:\/\/flagprint.ch\/wp-content\/uploads\/2023\/09\/aluframe_Sitzungszimmer3_Transgourmet-400x300.jpg 400w, https:\/\/flagprint.ch\/wp-content\/uploads\/2023\/09\/aluframe_Sitzungszimmer3_Transgourmet-800x600.jpg 800w, https:\/\/flagprint.ch\/wp-content\/uploads\/2023\/09\/aluframe_Sitzungszimmer3_Transgourmet-1200x900.jpg 1200w, https:\/\/flagprint.ch\/wp-content\/uploads\/2023\/09\/aluframe_Sitzungszimmer3_Transgourmet-768x576.jpg 768w, https:\/\/flagprint.ch\/wp-content\/uploads\/2023\/09\/aluframe_Sitzungszimmer3_Transgourmet-1536x1152.jpg 1536w, https:\/\/flagprint.ch\/wp-content\/uploads\/2023\/09\/aluframe_Sitzungszimmer3_Transgourmet.jpg 1600w\" sizes=\"(max-width: 400px) 100vw, 400px\" \/><\/a>\n\t\t\t<\/div>\n\t\t\t\t<figcaption class='wp-caption-text gallery-caption' id='gallery-11-34406'>\n\t\t\t\taluframe Wandbild\n\t\t\t\t<\/figcaption><\/figure><figure class='gallery-item'>\n\t\t\t<div class='gallery-icon landscape'>\n\t\t\t\t<a  href='https:\/\/flagprint.ch\/wp-content\/uploads\/2022\/09\/flagprint-aluframe-stoffprint-wandbild-referenz-landblick-03.jpg' title=\"\" data-rl_title=\"\" class=\"rl-gallery-link\" data-rl_caption=\"\" data-rel=\"fp-lightbox-gallery-11\"><img loading=\"lazy\" decoding=\"async\" width=\"400\" height=\"300\" src=\"https:\/\/flagprint.ch\/wp-content\/uploads\/2022\/09\/flagprint-aluframe-stoffprint-wandbild-referenz-landblick-03-400x300.jpg\" class=\"attachment-thumbnail size-thumbnail\" alt=\"\" srcset=\"https:\/\/flagprint.ch\/wp-content\/uploads\/2022\/09\/flagprint-aluframe-stoffprint-wandbild-referenz-landblick-03-400x300.jpg 400w, https:\/\/flagprint.ch\/wp-content\/uploads\/2022\/09\/flagprint-aluframe-stoffprint-wandbild-referenz-landblick-03-800x600.jpg 800w, https:\/\/flagprint.ch\/wp-content\/uploads\/2022\/09\/flagprint-aluframe-stoffprint-wandbild-referenz-landblick-03-1200x900.jpg 1200w, https:\/\/flagprint.ch\/wp-content\/uploads\/2022\/09\/flagprint-aluframe-stoffprint-wandbild-referenz-landblick-03-768x576.jpg 768w, https:\/\/flagprint.ch\/wp-content\/uploads\/2022\/09\/flagprint-aluframe-stoffprint-wandbild-referenz-landblick-03-1536x1152.jpg 1536w, https:\/\/flagprint.ch\/wp-content\/uploads\/2022\/09\/flagprint-aluframe-stoffprint-wandbild-referenz-landblick-03.jpg 1600w\" sizes=\"(max-width: 400px) 100vw, 400px\"><\/a>\n\t\t\t<\/div><\/figure><figure class='gallery-item'>\n\t\t\t<div class='gallery-icon landscape'>\n\t\t\t\t<a  href='https:\/\/flagprint.ch\/wp-content\/uploads\/2023\/09\/aluframe_Sitzungszimmer6_Transgourmet.jpg' title=\"aluframe Wandbild\" data-rl_title=\"aluframe Wandbild\" class=\"rl-gallery-link\" data-rl_caption=\"\" data-rel=\"fp-lightbox-gallery-11\"><img loading=\"lazy\" decoding=\"async\" width=\"400\" height=\"300\" src=\"https:\/\/flagprint.ch\/wp-content\/uploads\/2023\/09\/aluframe_Sitzungszimmer6_Transgourmet-400x300.jpg\" class=\"attachment-thumbnail size-thumbnail\" alt=\"\" aria-describedby=\"gallery-11-34412\" srcset=\"https:\/\/flagprint.ch\/wp-content\/uploads\/2023\/09\/aluframe_Sitzungszimmer6_Transgourmet-400x300.jpg 400w, https:\/\/flagprint.ch\/wp-content\/uploads\/2023\/09\/aluframe_Sitzungszimmer6_Transgourmet-800x600.jpg 800w, https:\/\/flagprint.ch\/wp-content\/uploads\/2023\/09\/aluframe_Sitzungszimmer6_Transgourmet-1200x900.jpg 1200w, https:\/\/flagprint.ch\/wp-content\/uploads\/2023\/09\/aluframe_Sitzungszimmer6_Transgourmet-768x576.jpg 768w, https:\/\/flagprint.ch\/wp-content\/uploads\/2023\/09\/aluframe_Sitzungszimmer6_Transgourmet-1536x1152.jpg 1536w, https:\/\/flagprint.ch\/wp-content\/uploads\/2023\/09\/aluframe_Sitzungszimmer6_Transgourmet.jpg 1600w\" sizes=\"(max-width: 400px) 100vw, 400px\"><\/a>\n\t\t\t<\/div>\n\t\t\t\t<figcaption class='wp-caption-text gallery-caption' id='gallery-11-34412'>\n\t\t\t\taluframe Wandbild\n\t\t\t\t<\/figcaption><\/figure><figure class='gallery-item'>\n\t\t\t<div class='gallery-icon landscape'>\n\t\t\t\t<a  href='https:\/\/flagprint.ch\/wp-content\/uploads\/2023\/09\/aluframe_Sitzungszimmer8_Transgourmet.jpg' title=\"aluframe Wandbild\" data-rl_title=\"aluframe Wandbild\" class=\"rl-gallery-link\" data-rl_caption=\"\" data-rel=\"fp-lightbox-gallery-11\"><img loading=\"lazy\" decoding=\"async\" width=\"400\" height=\"300\" src=\"https:\/\/flagprint.ch\/wp-content\/uploads\/2023\/09\/aluframe_Sitzungszimmer8_Transgourmet-400x300.jpg\" class=\"attachment-thumbnail size-thumbnail\" alt=\"\" aria-describedby=\"gallery-11-34416\" srcset=\"https:\/\/flagprint.ch\/wp-content\/uploads\/2023\/09\/aluframe_Sitzungszimmer8_Transgourmet-400x300.jpg 400w, https:\/\/flagprint.ch\/wp-content\/uploads\/2023\/09\/aluframe_Sitzungszimmer8_Transgourmet-800x600.jpg 800w, https:\/\/flagprint.ch\/wp-content\/uploads\/2023\/09\/aluframe_Sitzungszimmer8_Transgourmet-1200x900.jpg 1200w, https:\/\/flagprint.ch\/wp-content\/uploads\/2023\/09\/aluframe_Sitzungszimmer8_Transgourmet-768x576.jpg 768w, https:\/\/flagprint.ch\/wp-content\/uploads\/2023\/09\/aluframe_Sitzungszimmer8_Transgourmet-1536x1152.jpg 1536w, https:\/\/flagprint.ch\/wp-content\/uploads\/2023\/09\/aluframe_Sitzungszimmer8_Transgourmet.jpg 1600w\" sizes=\"(max-width: 400px) 100vw, 400px\"><\/a>\n\t\t\t<\/div>\n\t\t\t\t<figcaption class='wp-caption-text gallery-caption' id='gallery-11-34416'>\n\t\t\t\taluframe Wandbild\n\t\t\t\t<\/figcaption><\/figure><figure class='gallery-item'>\n\t\t\t<div class='gallery-icon landscape'>\n\t\t\t\t<a  href='https:\/\/flagprint.ch\/wp-content\/uploads\/2023\/09\/aluframe_Sitzungszimmer9_Transgourmet.jpg' title=\"aluframe Wandbild\" data-rl_title=\"aluframe Wandbild\" class=\"rl-gallery-link\" data-rl_caption=\"\" data-rel=\"fp-lightbox-gallery-11\"><img loading=\"lazy\" decoding=\"async\" width=\"400\" height=\"300\" src=\"https:\/\/flagprint.ch\/wp-content\/uploads\/2023\/09\/aluframe_Sitzungszimmer9_Transgourmet-400x300.jpg\" class=\"attachment-thumbnail size-thumbnail\" alt=\"\" aria-describedby=\"gallery-11-34418\" srcset=\"https:\/\/flagprint.ch\/wp-content\/uploads\/2023\/09\/aluframe_Sitzungszimmer9_Transgourmet-400x300.jpg 400w, https:\/\/flagprint.ch\/wp-content\/uploads\/2023\/09\/aluframe_Sitzungszimmer9_Transgourmet-800x600.jpg 800w, https:\/\/flagprint.ch\/wp-content\/uploads\/2023\/09\/aluframe_Sitzungszimmer9_Transgourmet-1200x900.jpg 1200w, https:\/\/flagprint.ch\/wp-content\/uploads\/2023\/09\/aluframe_Sitzungszimmer9_Transgourmet-768x576.jpg 768w, https:\/\/flagprint.ch\/wp-content\/uploads\/2023\/09\/aluframe_Sitzungszimmer9_Transgourmet-1536x1152.jpg 1536w, https:\/\/flagprint.ch\/wp-content\/uploads\/2023\/09\/aluframe_Sitzungszimmer9_Transgourmet.jpg 1600w\" sizes=\"(max-width: 400px) 100vw, 400px\"><\/a>\n\t\t\t<\/div>\n\t\t\t\t<figcaption class='wp-caption-text gallery-caption' id='gallery-11-34418'>\n\t\t\t\taluframe Wandbild\n\t\t\t\t<\/figcaption><\/figure><figure class='gallery-item'>\n\t\t\t<div class='gallery-icon landscape'>\n\t\t\t\t<a  href='https:\/\/flagprint.ch\/wp-content\/uploads\/2023\/09\/aluframe_Sitzungszimmer1_Transgourmet.jpg' title=\"aluframe Wandbild\" data-rl_title=\"aluframe Wandbild\" class=\"rl-gallery-link\" data-rl_caption=\"\" data-rel=\"fp-lightbox-gallery-11\"><img loading=\"lazy\" decoding=\"async\" width=\"400\" height=\"300\" src=\"https:\/\/flagprint.ch\/wp-content\/uploads\/2023\/09\/aluframe_Sitzungszimmer1_Transgourmet-400x300.jpg\" class=\"attachment-thumbnail size-thumbnail\" alt=\"\" aria-describedby=\"gallery-11-34400\" srcset=\"https:\/\/flagprint.ch\/wp-content\/uploads\/2023\/09\/aluframe_Sitzungszimmer1_Transgourmet-400x300.jpg 400w, https:\/\/flagprint.ch\/wp-content\/uploads\/2023\/09\/aluframe_Sitzungszimmer1_Transgourmet-800x600.jpg 800w, https:\/\/flagprint.ch\/wp-content\/uploads\/2023\/09\/aluframe_Sitzungszimmer1_Transgourmet-1200x900.jpg 1200w, https:\/\/flagprint.ch\/wp-content\/uploads\/2023\/09\/aluframe_Sitzungszimmer1_Transgourmet-768x576.jpg 768w, https:\/\/flagprint.ch\/wp-content\/uploads\/2023\/09\/aluframe_Sitzungszimmer1_Transgourmet-1536x1152.jpg 1536w, https:\/\/flagprint.ch\/wp-content\/uploads\/2023\/09\/aluframe_Sitzungszimmer1_Transgourmet.jpg 1600w\" sizes=\"(max-width: 400px) 100vw, 400px\"><\/a>\n\t\t\t<\/div>\n\t\t\t\t<figcaption class='wp-caption-text gallery-caption' id='gallery-11-34400'>\n\t\t\t\taluframe Wandbild\n\t\t\t\t<\/figcaption><\/figure><figure class='gallery-item'>\n\t\t\t<div class='gallery-icon landscape'>\n\t\t\t\t<a  href='https:\/\/flagprint.ch\/wp-content\/uploads\/2024\/03\/5.jpg' title=\"Akustikwandbild acousticframe\" data-rl_title=\"Akustikwandbild acousticframe\" class=\"rl-gallery-link\" data-rl_caption=\"\" data-rel=\"fp-lightbox-gallery-11\"><img loading=\"lazy\" decoding=\"async\" width=\"400\" height=\"300\" src=\"https:\/\/flagprint.ch\/wp-content\/uploads\/2024\/03\/5-400x300.png\" class=\"attachment-thumbnail size-thumbnail\" alt=\"\" aria-describedby=\"gallery-11-36294\" srcset=\"https:\/\/flagprint.ch\/wp-content\/uploads\/2024\/03\/5-400x300.png 400w, https:\/\/flagprint.ch\/wp-content\/uploads\/2024\/03\/5-800x600.png 800w, https:\/\/flagprint.ch\/wp-content\/uploads\/2024\/03\/5-1200x900.png 1200w, https:\/\/flagprint.ch\/wp-content\/uploads\/2024\/03\/5-768x576.png 768w, https:\/\/flagprint.ch\/wp-content\/uploads\/2024\/03\/5-1536x1152.png 1536w, https:\/\/flagprint.ch\/wp-content\/uploads\/2024\/03\/5.png 1600w\" sizes=\"(max-width: 400px) 100vw, 400px\"><\/a>\n\t\t\t<\/div>\n\t\t\t\t<figcaption class='wp-caption-text gallery-caption' id='gallery-11-36294'>\n\t\t\t\tAkustikwandbild acousticframe\n\t\t\t\t<\/figcaption><\/figure><figure class='gallery-item'>\n\t\t\t<div class='gallery-icon landscape'>\n\t\t\t\t<a  href='https:\/\/flagprint.ch\/wp-content\/uploads\/2022\/09\/flagprint-aluframe-stoffprint-wandbild-referenz-landblick-07.jpg' title=\"aluframe Wandbild\" data-rl_title=\"aluframe Wandbild\" class=\"rl-gallery-link\" data-rl_caption=\"Bedrucktes Spanntextil wird mittels angen\u00e4hter Gummilippe in das Aluprofil eingespannt.&lt;br \/&gt;\n&lt;a href=&quot;\/produkte\/aluframe-wandbild\/&quot;&gt;Zum Produkt&lt;\/a&gt;\" data-rel=\"fp-lightbox-gallery-11\"><img loading=\"lazy\" decoding=\"async\" width=\"400\" height=\"300\" src=\"https:\/\/flagprint.ch\/wp-content\/uploads\/2022\/09\/flagprint-aluframe-stoffprint-wandbild-referenz-landblick-07-400x300.jpg\" class=\"attachment-thumbnail size-thumbnail\" alt=\"Eleganter Alurahmen mit individuell-bedrucktem Stoff. Das Wandbid ist in allen Gr\u00f6ssen verf\u00fcgbar. Stoff jederzeit einfach auswechselbar. F\u00fcr Events, POS, Hotel, Gastro &amp; B\u00fcro.\" aria-describedby=\"gallery-11-31424\" srcset=\"https:\/\/flagprint.ch\/wp-content\/uploads\/2022\/09\/flagprint-aluframe-stoffprint-wandbild-referenz-landblick-07-400x300.jpg 400w, https:\/\/flagprint.ch\/wp-content\/uploads\/2022\/09\/flagprint-aluframe-stoffprint-wandbild-referenz-landblick-07-800x600.jpg 800w, https:\/\/flagprint.ch\/wp-content\/uploads\/2022\/09\/flagprint-aluframe-stoffprint-wandbild-referenz-landblick-07-1200x900.jpg 1200w, https:\/\/flagprint.ch\/wp-content\/uploads\/2022\/09\/flagprint-aluframe-stoffprint-wandbild-referenz-landblick-07-768x576.jpg 768w, https:\/\/flagprint.ch\/wp-content\/uploads\/2022\/09\/flagprint-aluframe-stoffprint-wandbild-referenz-landblick-07-1536x1152.jpg 1536w, https:\/\/flagprint.ch\/wp-content\/uploads\/2022\/09\/flagprint-aluframe-stoffprint-wandbild-referenz-landblick-07.jpg 1600w\" sizes=\"(max-width: 400px) 100vw, 400px\" \/><\/a>\n\t\t\t<\/div>\n\t\t\t\t<figcaption class='wp-caption-text gallery-caption' id='gallery-11-31424'>\n\t\t\t\taluframe Wandbild\n\t\t\t\t<\/figcaption><\/figure><figure class='gallery-item'>\n\t\t\t<div class='gallery-icon landscape'>\n\t\t\t\t<a  href='https:\/\/flagprint.ch\/wp-content\/uploads\/2024\/03\/1.jpg' title=\"Akustikwandbild acousticframe\" data-rl_title=\"Akustikwandbild acousticframe\" class=\"rl-gallery-link\" data-rl_caption=\"\" data-rel=\"fp-lightbox-gallery-11\"><img loading=\"lazy\" decoding=\"async\" width=\"400\" height=\"300\" src=\"https:\/\/flagprint.ch\/wp-content\/uploads\/2024\/03\/1-400x300.png\" class=\"attachment-thumbnail size-thumbnail\" alt=\"\" aria-describedby=\"gallery-11-36296\" srcset=\"https:\/\/flagprint.ch\/wp-content\/uploads\/2024\/03\/1-400x300.png 400w, https:\/\/flagprint.ch\/wp-content\/uploads\/2024\/03\/1-800x600.png 800w, https:\/\/flagprint.ch\/wp-content\/uploads\/2024\/03\/1-1200x900.png 1200w, https:\/\/flagprint.ch\/wp-content\/uploads\/2024\/03\/1-768x576.png 768w, https:\/\/flagprint.ch\/wp-content\/uploads\/2024\/03\/1-1536x1152.png 1536w, https:\/\/flagprint.ch\/wp-content\/uploads\/2024\/03\/1.png 1600w\" sizes=\"(max-width: 400px) 100vw, 400px\"><\/a>\n\t\t\t<\/div>\n\t\t\t\t<figcaption class='wp-caption-text gallery-caption' id='gallery-11-36296'>\n\t\t\t\tAkustikwandbild acousticframe\n\t\t\t\t<\/figcaption><\/figure><figure class='gallery-item'>\n\t\t\t<div class='gallery-icon landscape'>\n\t\t\t\t<a  href='https:\/\/flagprint.ch\/wp-content\/uploads\/2024\/03\/4.png' title=\"Akustikwandbild acousticframe\" data-rl_title=\"Akustikwandbild acousticframe\" class=\"rl-gallery-link\" data-rl_caption=\"\" data-rel=\"fp-lightbox-gallery-11\"><img loading=\"lazy\" decoding=\"async\" width=\"400\" height=\"300\" src=\"https:\/\/flagprint.ch\/wp-content\/uploads\/2024\/03\/4-400x300.png\" class=\"attachment-thumbnail size-thumbnail\" alt=\"\" aria-describedby=\"gallery-11-36302\" srcset=\"https:\/\/flagprint.ch\/wp-content\/uploads\/2024\/03\/4-400x300.png 400w, https:\/\/flagprint.ch\/wp-content\/uploads\/2024\/03\/4-800x600.png 800w, https:\/\/flagprint.ch\/wp-content\/uploads\/2024\/03\/4-1200x900.png 1200w, https:\/\/flagprint.ch\/wp-content\/uploads\/2024\/03\/4-768x576.png 768w, https:\/\/flagprint.ch\/wp-content\/uploads\/2024\/03\/4-1536x1152.png 1536w, https:\/\/flagprint.ch\/wp-content\/uploads\/2024\/03\/4.png 1600w\" sizes=\"(max-width: 400px) 100vw, 400px\"><\/a>\n\t\t\t<\/div>\n\t\t\t\t<figcaption class='wp-caption-text gallery-caption' id='gallery-11-36302'>\n\t\t\t\tAkustikwandbild acousticframe\n\t\t\t\t<\/figcaption><\/figure><figure class='gallery-item'>\n\t\t\t<div class='gallery-icon landscape'>\n\t\t\t\t<a  href='https:\/\/flagprint.ch\/wp-content\/uploads\/2021\/03\/flagprint-acousticframe-acoustic-aluframe-rahmen-l-form-stoffprint.jpg' title=\"acousticframe Raumteiler\" data-rl_title=\"acousticframe Raumteiler\" class=\"rl-gallery-link\" data-rl_caption=\"Der acousticframe Raumteiler bietet akustischen Komfort und optische \u00c4sthetik.&lt;br \/&gt;\n&lt;a href=&quot;\/produkte\/acousticframe-raumteiler\/&quot;&gt;Zum Produkt&lt;\/a&gt;\" data-rel=\"fp-lightbox-gallery-11\"><img loading=\"lazy\" decoding=\"async\" width=\"400\" height=\"300\" src=\"https:\/\/flagprint.ch\/wp-content\/uploads\/2021\/03\/flagprint-acousticframe-acoustic-aluframe-rahmen-l-form-stoffprint-400x300.jpg\" class=\"attachment-thumbnail size-thumbnail\" alt=\"Top Schallabsorption, optimale Raumakustik, Sichtschutz &amp; Diskretion mit dem acousticframe Raumteiler. Individuell, bedruckbare Stoffe. F\u00fcr Grossraumb\u00fcros.\" aria-describedby=\"gallery-11-12989\" srcset=\"https:\/\/flagprint.ch\/wp-content\/uploads\/2021\/03\/flagprint-acousticframe-acoustic-aluframe-rahmen-l-form-stoffprint-400x300.jpg 400w, https:\/\/flagprint.ch\/wp-content\/uploads\/2021\/03\/flagprint-acousticframe-acoustic-aluframe-rahmen-l-form-stoffprint-800x600.jpg 800w, https:\/\/flagprint.ch\/wp-content\/uploads\/2021\/03\/flagprint-acousticframe-acoustic-aluframe-rahmen-l-form-stoffprint-1200x900.jpg 1200w, https:\/\/flagprint.ch\/wp-content\/uploads\/2021\/03\/flagprint-acousticframe-acoustic-aluframe-rahmen-l-form-stoffprint-768x576.jpg 768w, https:\/\/flagprint.ch\/wp-content\/uploads\/2021\/03\/flagprint-acousticframe-acoustic-aluframe-rahmen-l-form-stoffprint-1536x1152.jpg 1536w, https:\/\/flagprint.ch\/wp-content\/uploads\/2021\/03\/flagprint-acousticframe-acoustic-aluframe-rahmen-l-form-stoffprint.jpg 1600w\" sizes=\"(max-width: 400px) 100vw, 400px\" \/><\/a>\n\t\t\t<\/div>\n\t\t\t\t<figcaption class='wp-caption-text gallery-caption' id='gallery-11-12989'>\n\t\t\t\tacousticframe Raumteiler\n\t\t\t\t<\/figcaption><\/figure><figure class='gallery-item'>\n\t\t\t<div class='gallery-icon landscape'>\n\t\t\t\t<a  href='https:\/\/flagprint.ch\/wp-content\/uploads\/2021\/03\/flagprint-acousticframe-acoustic-aluframe-rahmen-l-form-schallabsorber.jpg' title=\"acousticframe Raumteiler\" data-rl_title=\"acousticframe Raumteiler\" class=\"rl-gallery-link\" data-rl_caption=\"Der acousticframe Raumteiler bietet akustischen Komfort und optische \u00c4sthetik.&lt;br \/&gt;\n&lt;a href=&quot;\/produkte\/acousticframe-raumteiler\/&quot;&gt;Zum Produkt&lt;\/a&gt;\" data-rel=\"fp-lightbox-gallery-11\"><img loading=\"lazy\" decoding=\"async\" width=\"400\" height=\"300\" src=\"https:\/\/flagprint.ch\/wp-content\/uploads\/2021\/03\/flagprint-acousticframe-acoustic-aluframe-rahmen-l-form-schallabsorber-400x300.jpg\" class=\"attachment-thumbnail size-thumbnail\" alt=\"Top Schallabsorption, optimale Raumakustik, Sichtschutz &amp; Diskretion mit dem acousticframe Raumteiler. Individuell, bedruckbare Stoffe. F\u00fcr Grossraumb\u00fcros.\" aria-describedby=\"gallery-11-12987\" srcset=\"https:\/\/flagprint.ch\/wp-content\/uploads\/2021\/03\/flagprint-acousticframe-acoustic-aluframe-rahmen-l-form-schallabsorber-400x300.jpg 400w, https:\/\/flagprint.ch\/wp-content\/uploads\/2021\/03\/flagprint-acousticframe-acoustic-aluframe-rahmen-l-form-schallabsorber-800x600.jpg 800w, https:\/\/flagprint.ch\/wp-content\/uploads\/2021\/03\/flagprint-acousticframe-acoustic-aluframe-rahmen-l-form-schallabsorber-1200x900.jpg 1200w, https:\/\/flagprint.ch\/wp-content\/uploads\/2021\/03\/flagprint-acousticframe-acoustic-aluframe-rahmen-l-form-schallabsorber-768x576.jpg 768w, https:\/\/flagprint.ch\/wp-content\/uploads\/2021\/03\/flagprint-acousticframe-acoustic-aluframe-rahmen-l-form-schallabsorber-1536x1152.jpg 1536w, https:\/\/flagprint.ch\/wp-content\/uploads\/2021\/03\/flagprint-acousticframe-acoustic-aluframe-rahmen-l-form-schallabsorber.jpg 1600w\" sizes=\"(max-width: 400px) 100vw, 400px\" \/><\/a>\n\t\t\t<\/div>\n\t\t\t\t<figcaption class='wp-caption-text gallery-caption' id='gallery-11-12987'>\n\t\t\t\tacousticframe Raumteiler\n\t\t\t\t<\/figcaption><\/figure><figure class='gallery-item'>\n\t\t\t<div class='gallery-icon landscape'>\n\t\t\t\t<a  href='https:\/\/flagprint.ch\/wp-content\/uploads\/2021\/03\/flagprint-acousticframe-acoustic-aluframe-rahmen-l-form-buero.jpg' title=\"acousticframe Raumteiler\" data-rl_title=\"acousticframe Raumteiler\" class=\"rl-gallery-link\" data-rl_caption=\"Der acousticframe Raumteiler bietet akustischen Komfort und optische \u00c4sthetik.&lt;br \/&gt;\n&lt;a href=&quot;\/produkte\/acousticframe-raumteiler\/&quot;&gt;Zum Produkt&lt;\/a&gt;\" data-rel=\"fp-lightbox-gallery-11\"><img loading=\"lazy\" decoding=\"async\" width=\"400\" height=\"300\" src=\"https:\/\/flagprint.ch\/wp-content\/uploads\/2021\/03\/flagprint-acousticframe-acoustic-aluframe-rahmen-l-form-buero-400x300.jpg\" class=\"attachment-thumbnail size-thumbnail\" alt=\"Top Schallabsorption, optimale Raumakustik, Sichtschutz &amp; Diskretion mit dem acousticframe Raumteiler. Individuell, bedruckbare Stoffe. F\u00fcr Grossraumb\u00fcros.\" aria-describedby=\"gallery-11-12985\" srcset=\"https:\/\/flagprint.ch\/wp-content\/uploads\/2021\/03\/flagprint-acousticframe-acoustic-aluframe-rahmen-l-form-buero-400x300.jpg 400w, https:\/\/flagprint.ch\/wp-content\/uploads\/2021\/03\/flagprint-acousticframe-acoustic-aluframe-rahmen-l-form-buero-800x600.jpg 800w, https:\/\/flagprint.ch\/wp-content\/uploads\/2021\/03\/flagprint-acousticframe-acoustic-aluframe-rahmen-l-form-buero-1200x900.jpg 1200w, https:\/\/flagprint.ch\/wp-content\/uploads\/2021\/03\/flagprint-acousticframe-acoustic-aluframe-rahmen-l-form-buero-768x576.jpg 768w, https:\/\/flagprint.ch\/wp-content\/uploads\/2021\/03\/flagprint-acousticframe-acoustic-aluframe-rahmen-l-form-buero-1536x1152.jpg 1536w, https:\/\/flagprint.ch\/wp-content\/uploads\/2021\/03\/flagprint-acousticframe-acoustic-aluframe-rahmen-l-form-buero.jpg 1600w\" sizes=\"(max-width: 400px) 100vw, 400px\" \/><\/a>\n\t\t\t<\/div>\n\t\t\t\t<figcaption class='wp-caption-text gallery-caption' id='gallery-11-12985'>\n\t\t\t\tacousticframe Raumteiler\n\t\t\t\t<\/figcaption><\/figure><figure class='gallery-item'>\n\t\t\t<div class='gallery-icon landscape'>\n\t\t\t\t<a  href='https:\/\/flagprint.ch\/wp-content\/uploads\/2021\/03\/flagprint-acousticframe-acoustic-aluframe-rahmen-l-form-absorber.jpg' title=\"acousticframe Raumteiler\" data-rl_title=\"acousticframe Raumteiler\" class=\"rl-gallery-link\" data-rl_caption=\"Der acousticframe Raumteiler bietet akustischen Komfort und optische \u00c4sthetik.&lt;br \/&gt;\n&lt;a href=&quot;\/produkte\/acousticframe-raumteiler\/&quot;&gt;Zum Produkt&lt;\/a&gt;\" data-rel=\"fp-lightbox-gallery-11\"><img loading=\"lazy\" decoding=\"async\" width=\"400\" height=\"300\" src=\"https:\/\/flagprint.ch\/wp-content\/uploads\/2021\/03\/flagprint-acousticframe-acoustic-aluframe-rahmen-l-form-absorber-400x300.jpg\" class=\"attachment-thumbnail size-thumbnail\" alt=\"Top Schallabsorption, optimale Raumakustik, Sichtschutz &amp; Diskretion mit dem acousticframe Raumteiler. Individuell, bedruckbare Stoffe. F\u00fcr Grossraumb\u00fcros.\" aria-describedby=\"gallery-11-12983\" srcset=\"https:\/\/flagprint.ch\/wp-content\/uploads\/2021\/03\/flagprint-acousticframe-acoustic-aluframe-rahmen-l-form-absorber-400x300.jpg 400w, https:\/\/flagprint.ch\/wp-content\/uploads\/2021\/03\/flagprint-acousticframe-acoustic-aluframe-rahmen-l-form-absorber-800x600.jpg 800w, https:\/\/flagprint.ch\/wp-content\/uploads\/2021\/03\/flagprint-acousticframe-acoustic-aluframe-rahmen-l-form-absorber-1200x900.jpg 1200w, https:\/\/flagprint.ch\/wp-content\/uploads\/2021\/03\/flagprint-acousticframe-acoustic-aluframe-rahmen-l-form-absorber-768x576.jpg 768w, https:\/\/flagprint.ch\/wp-content\/uploads\/2021\/03\/flagprint-acousticframe-acoustic-aluframe-rahmen-l-form-absorber-1536x1152.jpg 1536w, https:\/\/flagprint.ch\/wp-content\/uploads\/2021\/03\/flagprint-acousticframe-acoustic-aluframe-rahmen-l-form-absorber.jpg 1600w\" sizes=\"(max-width: 400px) 100vw, 400px\" \/><\/a>\n\t\t\t<\/div>\n\t\t\t\t<figcaption class='wp-caption-text gallery-caption' id='gallery-11-12983'>\n\t\t\t\tacousticframe Raumteiler\n\t\t\t\t<\/figcaption><\/figure><figure class='gallery-item'>\n\t\t\t<div class='gallery-icon landscape'>\n\t\t\t\t<a  href='https:\/\/flagprint.ch\/wp-content\/uploads\/2019\/02\/referenzen-Itten-brechbuehl-acoustic-woodframe-indoor.jpg' title=\"\" data-rl_title=\"\" class=\"rl-gallery-link\" data-rl_caption=\"\" data-rel=\"fp-lightbox-gallery-11\"><img loading=\"lazy\" decoding=\"async\" width=\"400\" height=\"400\" src=\"https:\/\/flagprint.ch\/wp-content\/uploads\/2019\/02\/referenzen-Itten-brechbuehl-acoustic-woodframe-indoor-400x400.jpg\" class=\"attachment-thumbnail size-thumbnail\" alt=\"\" srcset=\"https:\/\/flagprint.ch\/wp-content\/uploads\/2019\/02\/referenzen-Itten-brechbuehl-acoustic-woodframe-indoor-400x400.jpg 400w, https:\/\/flagprint.ch\/wp-content\/uploads\/2019\/02\/referenzen-Itten-brechbuehl-acoustic-woodframe-indoor-20x20.jpg 20w, https:\/\/flagprint.ch\/wp-content\/uploads\/2019\/02\/referenzen-Itten-brechbuehl-acoustic-woodframe-indoor-40x40.jpg 40w, https:\/\/flagprint.ch\/wp-content\/uploads\/2019\/02\/referenzen-Itten-brechbuehl-acoustic-woodframe-indoor-60x60.jpg 60w\" sizes=\"(max-width: 400px) 100vw, 400px\"><\/a>\n\t\t\t<\/div><\/figure><figure class='gallery-item'>\n\t\t\t<div class='gallery-icon landscape'>\n\t\t\t\t<a  href='https:\/\/flagprint.ch\/wp-content\/uploads\/2018\/04\/Bild-02-3.jpg' title=\"acousticframe Pendelwand\" data-rl_title=\"acousticframe Pendelwand\" class=\"rl-gallery-link\" data-rl_caption=\"Die Pendelw\u00e4nde sind 10 cm tief und 5-schichtig aufgebaut.\" data-rel=\"fp-lightbox-gallery-11\"><img loading=\"lazy\" decoding=\"async\" width=\"150\" height=\"150\" src=\"https:\/\/flagprint.ch\/wp-content\/uploads\/2018\/04\/Bild-02-3-150x150.jpg\" class=\"attachment-thumbnail size-thumbnail\" alt=\"Top Schallabsorption &amp; optimale Raumakustik mit dem acousticframe Wandabsorber. Individuell, bedruckbare Sujets. F\u00fcr angenehme Sitzungen &amp; Gespr\u00e4che.\" aria-describedby=\"gallery-11-2497\" srcset=\"https:\/\/flagprint.ch\/wp-content\/uploads\/2018\/04\/Bild-02-3-150x150.jpg 150w, https:\/\/flagprint.ch\/wp-content\/uploads\/2018\/04\/Bild-02-3-20x20.jpg 20w, https:\/\/flagprint.ch\/wp-content\/uploads\/2018\/04\/Bild-02-3-40x40.jpg 40w, https:\/\/flagprint.ch\/wp-content\/uploads\/2018\/04\/Bild-02-3-60x60.jpg 60w, https:\/\/flagprint.ch\/wp-content\/uploads\/2018\/04\/Bild-02-3-400x400.jpg 400w\" sizes=\"(max-width: 150px) 100vw, 150px\" \/><\/a>\n\t\t\t<\/div>\n\t\t\t\t<figcaption class='wp-caption-text gallery-caption' id='gallery-11-2497'>\n\t\t\t\tacousticframe Pendelwand\n\t\t\t\t<\/figcaption><\/figure><figure class='gallery-item'>\n\t\t\t<div class='gallery-icon landscape'>\n\t\t\t\t<a  href='https:\/\/flagprint.ch\/wp-content\/uploads\/2022\/09\/flagprint-stoffprint-aluframe-acousticframe-bernmobil.jpg' title=\"aluframe Wandbild\" data-rl_title=\"aluframe Wandbild\" class=\"rl-gallery-link\" data-rl_caption=\"Bedrucktes Spanntextil wird mittels angen\u00e4hter Gummilippe in das Aluprofil eingespannt.&lt;br \/&gt;\n&lt;a href=&quot;\/produkte\/aluframe-wandbild\/&quot;&gt;Zum Produkt&lt;\/a&gt;\" data-rel=\"fp-lightbox-gallery-11\"><img loading=\"lazy\" decoding=\"async\" width=\"400\" height=\"300\" src=\"https:\/\/flagprint.ch\/wp-content\/uploads\/2022\/09\/flagprint-stoffprint-aluframe-acousticframe-bernmobil-400x300.jpg\" class=\"attachment-thumbnail size-thumbnail\" alt=\"Eleganter Alurahmen mit individuell-bedrucktem Stoff. Das Wandbid ist in allen Gr\u00f6ssen verf\u00fcgbar. Stoff jederzeit einfach auswechselbar. F\u00fcr Events, POS, Hotel, Gastro &amp; B\u00fcro.\" aria-describedby=\"gallery-11-31467\" srcset=\"https:\/\/flagprint.ch\/wp-content\/uploads\/2022\/09\/flagprint-stoffprint-aluframe-acousticframe-bernmobil-400x300.jpg 400w, https:\/\/flagprint.ch\/wp-content\/uploads\/2022\/09\/flagprint-stoffprint-aluframe-acousticframe-bernmobil-800x600.jpg 800w, https:\/\/flagprint.ch\/wp-content\/uploads\/2022\/09\/flagprint-stoffprint-aluframe-acousticframe-bernmobil-1200x900.jpg 1200w, https:\/\/flagprint.ch\/wp-content\/uploads\/2022\/09\/flagprint-stoffprint-aluframe-acousticframe-bernmobil-768x576.jpg 768w, https:\/\/flagprint.ch\/wp-content\/uploads\/2022\/09\/flagprint-stoffprint-aluframe-acousticframe-bernmobil-1536x1152.jpg 1536w, https:\/\/flagprint.ch\/wp-content\/uploads\/2022\/09\/flagprint-stoffprint-aluframe-acousticframe-bernmobil.jpg 1600w\" sizes=\"(max-width: 400px) 100vw, 400px\" \/><\/a>\n\t\t\t<\/div>\n\t\t\t\t<figcaption class='wp-caption-text gallery-caption' id='gallery-11-31467'>\n\t\t\t\taluframe Wandbild\n\t\t\t\t<\/figcaption><\/figure><figure class='gallery-item'>\n\t\t\t<div class='gallery-icon landscape'>\n\t\t\t\t<a  href='https:\/\/flagprint.ch\/wp-content\/uploads\/2019\/02\/raumdesign-acousticframe-raumteiler-akustikkonzept-buero-twint.jpg' title=\"acousticframe panneau de s\u00e9paration\" data-rl_title=\"acousticframe panneau de s\u00e9paration\" class=\"rl-gallery-link\" data-rl_caption=\"Grande vari\u00e9t\u00e9 de tissus\" data-rel=\"fp-lightbox-gallery-11\"><img loading=\"lazy\" decoding=\"async\" width=\"400\" height=\"400\" src=\"https:\/\/flagprint.ch\/wp-content\/uploads\/2019\/02\/raumdesign-acousticframe-raumteiler-akustikkonzept-buero-twint-400x400.jpg\" class=\"attachment-thumbnail size-thumbnail\" alt=\"L&#039;acousticframe panneau de s\u00e9paration \u00e0 forte absorption acoustique offre protection contre les regards et discr\u00e9tion dans les espaces ouverts.\" aria-describedby=\"gallery-11-4762\" srcset=\"https:\/\/flagprint.ch\/wp-content\/uploads\/2019\/02\/raumdesign-acousticframe-raumteiler-akustikkonzept-buero-twint-400x400.jpg 400w, https:\/\/flagprint.ch\/wp-content\/uploads\/2019\/02\/raumdesign-acousticframe-raumteiler-akustikkonzept-buero-twint-20x20.jpg 20w, https:\/\/flagprint.ch\/wp-content\/uploads\/2019\/02\/raumdesign-acousticframe-raumteiler-akustikkonzept-buero-twint-40x40.jpg 40w, https:\/\/flagprint.ch\/wp-content\/uploads\/2019\/02\/raumdesign-acousticframe-raumteiler-akustikkonzept-buero-twint-60x60.jpg 60w\" sizes=\"(max-width: 400px) 100vw, 400px\" \/><\/a>\n\t\t\t<\/div>\n\t\t\t\t<figcaption class='wp-caption-text gallery-caption' id='gallery-11-4762'>\n\t\t\t\tacousticframe panneau de s\u00e9paration\n\t\t\t\t<\/figcaption><\/figure><figure class='gallery-item'>\n\t\t\t<div class='gallery-icon landscape'>\n\t\t\t\t<a  href='https:\/\/flagprint.ch\/wp-content\/uploads\/2019\/02\/raumdesign-acousticframe-raumteiler-akustikkonzept-indoor-twint.jpg' title=\"acousticframe panneau de s\u00e9paration\" data-rl_title=\"acousticframe panneau de s\u00e9paration\" class=\"rl-gallery-link\" data-rl_caption=\"Grands formats dans toutes les dimensions.\" data-rel=\"fp-lightbox-gallery-11\"><img loading=\"lazy\" decoding=\"async\" width=\"400\" height=\"400\" src=\"https:\/\/flagprint.ch\/wp-content\/uploads\/2019\/02\/raumdesign-acousticframe-raumteiler-akustikkonzept-indoor-twint-400x400.jpg\" class=\"attachment-thumbnail size-thumbnail\" alt=\"L&#039;acousticframe panneau de s\u00e9paration \u00e0 forte absorption acoustique offre protection contre les regards et discr\u00e9tion dans les espaces ouverts.\" aria-describedby=\"gallery-11-4764\" srcset=\"https:\/\/flagprint.ch\/wp-content\/uploads\/2019\/02\/raumdesign-acousticframe-raumteiler-akustikkonzept-indoor-twint-400x400.jpg 400w, https:\/\/flagprint.ch\/wp-content\/uploads\/2019\/02\/raumdesign-acousticframe-raumteiler-akustikkonzept-indoor-twint-20x20.jpg 20w, https:\/\/flagprint.ch\/wp-content\/uploads\/2019\/02\/raumdesign-acousticframe-raumteiler-akustikkonzept-indoor-twint-40x40.jpg 40w, https:\/\/flagprint.ch\/wp-content\/uploads\/2019\/02\/raumdesign-acousticframe-raumteiler-akustikkonzept-indoor-twint-60x60.jpg 60w\" sizes=\"(max-width: 400px) 100vw, 400px\" \/><\/a>\n\t\t\t<\/div>\n\t\t\t\t<figcaption class='wp-caption-text gallery-caption' id='gallery-11-4764'>\n\t\t\t\tacousticframe panneau de s\u00e9paration\n\t\t\t\t<\/figcaption><\/figure><figure class='gallery-item'>\n\t\t\t<div class='gallery-icon landscape'>\n\t\t\t\t<a  href='https:\/\/flagprint.ch\/wp-content\/uploads\/2019\/02\/raumdesign-acousticframe-raumteiler-akustikkonzept-twint.jpg' title=\"acousticframe panneau de s\u00e9paration\" data-rl_title=\"acousticframe panneau de s\u00e9paration\" class=\"rl-gallery-link\" data-rl_caption=\"Visuels personnalis\u00e9s, en particulier corporate identity.&lt;br \/&gt;\n&lt;a href=&quot;\/fr\/produits\/acousticframe-panneau-de-separation\/&quot;&gt;vers le produit&lt;\/a&gt;\" data-rel=\"fp-lightbox-gallery-11\"><img loading=\"lazy\" decoding=\"async\" width=\"400\" height=\"400\" src=\"https:\/\/flagprint.ch\/wp-content\/uploads\/2019\/02\/raumdesign-acousticframe-raumteiler-akustikkonzept-twint-400x400.jpg\" class=\"attachment-thumbnail size-thumbnail\" alt=\"L&#039;acousticframe panneau de s\u00e9paration \u00e0 forte absorption acoustique offre protection contre les regards et discr\u00e9tion dans les espaces ouverts.\" aria-describedby=\"gallery-11-4766\" srcset=\"https:\/\/flagprint.ch\/wp-content\/uploads\/2019\/02\/raumdesign-acousticframe-raumteiler-akustikkonzept-twint-400x400.jpg 400w, https:\/\/flagprint.ch\/wp-content\/uploads\/2019\/02\/raumdesign-acousticframe-raumteiler-akustikkonzept-twint-20x20.jpg 20w, https:\/\/flagprint.ch\/wp-content\/uploads\/2019\/02\/raumdesign-acousticframe-raumteiler-akustikkonzept-twint-40x40.jpg 40w, https:\/\/flagprint.ch\/wp-content\/uploads\/2019\/02\/raumdesign-acousticframe-raumteiler-akustikkonzept-twint-60x60.jpg 60w\" sizes=\"(max-width: 400px) 100vw, 400px\" \/><\/a>\n\t\t\t<\/div>\n\t\t\t\t<figcaption class='wp-caption-text gallery-caption' id='gallery-11-4766'>\n\t\t\t\tacousticframe panneau de s\u00e9paration\n\t\t\t\t<\/figcaption><\/figure><figure class='gallery-item'>\n\t\t\t<div class='gallery-icon landscape'>\n\t\t\t\t<a  href='https:\/\/flagprint.ch\/wp-content\/uploads\/2019\/02\/raumdesign-acousticframe-raumteiler-office-indoor.jpg' title=\"acousticframe panneau de s\u00e9paration\" data-rl_title=\"acousticframe panneau de s\u00e9paration\" class=\"rl-gallery-link\" data-rl_caption=\"Utilisation flexible sans modifications structurelles.\" data-rel=\"fp-lightbox-gallery-11\"><img loading=\"lazy\" decoding=\"async\" width=\"400\" height=\"400\" src=\"https:\/\/flagprint.ch\/wp-content\/uploads\/2019\/02\/raumdesign-acousticframe-raumteiler-office-indoor-400x400.jpg\" class=\"attachment-thumbnail size-thumbnail\" alt=\"L&#039;acousticframe panneau de s\u00e9paration \u00e0 forte absorption acoustique offre protection contre les regards et discr\u00e9tion dans les espaces ouverts.\" aria-describedby=\"gallery-11-4768\" srcset=\"https:\/\/flagprint.ch\/wp-content\/uploads\/2019\/02\/raumdesign-acousticframe-raumteiler-office-indoor-400x400.jpg 400w, https:\/\/flagprint.ch\/wp-content\/uploads\/2019\/02\/raumdesign-acousticframe-raumteiler-office-indoor-20x20.jpg 20w, https:\/\/flagprint.ch\/wp-content\/uploads\/2019\/02\/raumdesign-acousticframe-raumteiler-office-indoor-40x40.jpg 40w, https:\/\/flagprint.ch\/wp-content\/uploads\/2019\/02\/raumdesign-acousticframe-raumteiler-office-indoor-60x60.jpg 60w\" sizes=\"(max-width: 400px) 100vw, 400px\" \/><\/a>\n\t\t\t<\/div>\n\t\t\t\t<figcaption class='wp-caption-text gallery-caption' id='gallery-11-4768'>\n\t\t\t\tacousticframe panneau de s\u00e9paration\n\t\t\t\t<\/figcaption><\/figure><figure class='gallery-item'>\n\t\t\t<div class='gallery-icon landscape'>\n\t\t\t\t<a  href='https:\/\/flagprint.ch\/wp-content\/uploads\/2019\/02\/raumdesign-acousticframe-wandabsorber-indoor-alurahmen-kleinformat.jpg' title=\"acousticframe absorbeur mural\" data-rl_title=\"acousticframe absorbeur mural\" class=\"rl-gallery-link\" data-rl_caption=\"Le tissu imprim\u00e9 qui est ensuite tendu sur le panneau acoustique lui conf\u00e8re son caract\u00e8re individuel.\" data-rel=\"fp-lightbox-gallery-11\"><img loading=\"lazy\" decoding=\"async\" width=\"400\" height=\"400\" src=\"https:\/\/flagprint.ch\/wp-content\/uploads\/2019\/02\/raumdesign-acousticframe-wandabsorber-indoor-alurahmen-kleinformat-400x400.jpg\" class=\"attachment-thumbnail size-thumbnail\" alt=\"absorbeur mural apporte un cadre fixe \u00e0 l\u2019optimisation acoustique \u2013 dans tous les formats et en r\u00e9pondant \u00e0 vos attentes.\" aria-describedby=\"gallery-11-4717\" srcset=\"https:\/\/flagprint.ch\/wp-content\/uploads\/2019\/02\/raumdesign-acousticframe-wandabsorber-indoor-alurahmen-kleinformat-400x400.jpg 400w, https:\/\/flagprint.ch\/wp-content\/uploads\/2019\/02\/raumdesign-acousticframe-wandabsorber-indoor-alurahmen-kleinformat-20x20.jpg 20w, https:\/\/flagprint.ch\/wp-content\/uploads\/2019\/02\/raumdesign-acousticframe-wandabsorber-indoor-alurahmen-kleinformat-40x40.jpg 40w, https:\/\/flagprint.ch\/wp-content\/uploads\/2019\/02\/raumdesign-acousticframe-wandabsorber-indoor-alurahmen-kleinformat-60x60.jpg 60w\" sizes=\"(max-width: 400px) 100vw, 400px\" \/><\/a>\n\t\t\t<\/div>\n\t\t\t\t<figcaption class='wp-caption-text gallery-caption' id='gallery-11-4717'>\n\t\t\t\tacousticframe absorbeur mural\n\t\t\t\t<\/figcaption><\/figure><figure class='gallery-item'>\n\t\t\t<div class='gallery-icon landscape'>\n\t\t\t\t<a  href='https:\/\/flagprint.ch\/wp-content\/uploads\/2019\/02\/raumdesign-acousticframe-wandabsorber-indoor-alurahmen.jpg' title=\"acousticframe absorbeur mural\" data-rl_title=\"acousticframe absorbeur mural\" class=\"rl-gallery-link\" data-rl_caption=\"Absorption acoustique maximale\" data-rel=\"fp-lightbox-gallery-11\"><img loading=\"lazy\" decoding=\"async\" width=\"400\" height=\"400\" src=\"https:\/\/flagprint.ch\/wp-content\/uploads\/2019\/02\/raumdesign-acousticframe-wandabsorber-indoor-alurahmen-400x400.jpg\" class=\"attachment-thumbnail size-thumbnail\" alt=\"absorbeur mural apporte un cadre fixe \u00e0 l\u2019optimisation acoustique \u2013 dans tous les formats et en r\u00e9pondant \u00e0 vos attentes.\" aria-describedby=\"gallery-11-4719\" srcset=\"https:\/\/flagprint.ch\/wp-content\/uploads\/2019\/02\/raumdesign-acousticframe-wandabsorber-indoor-alurahmen-400x400.jpg 400w, https:\/\/flagprint.ch\/wp-content\/uploads\/2019\/02\/raumdesign-acousticframe-wandabsorber-indoor-alurahmen-20x20.jpg 20w, https:\/\/flagprint.ch\/wp-content\/uploads\/2019\/02\/raumdesign-acousticframe-wandabsorber-indoor-alurahmen-40x40.jpg 40w, https:\/\/flagprint.ch\/wp-content\/uploads\/2019\/02\/raumdesign-acousticframe-wandabsorber-indoor-alurahmen-60x60.jpg 60w\" sizes=\"(max-width: 400px) 100vw, 400px\" \/><\/a>\n\t\t\t<\/div>\n\t\t\t\t<figcaption class='wp-caption-text gallery-caption' id='gallery-11-4719'>\n\t\t\t\tacousticframe absorbeur mural\n\t\t\t\t<\/figcaption><\/figure><figure class='gallery-item'>\n\t\t\t<div class='gallery-icon landscape'>\n\t\t\t\t<a  href='https:\/\/flagprint.ch\/wp-content\/uploads\/2019\/02\/raumdesign-acousticframe-wandabsorber-indoor-buero.jpg' title=\"acousticframe absorbeur mural\" data-rl_title=\"acousticframe absorbeur mural\" class=\"rl-gallery-link\" data-rl_caption=\"Possibilit\u00e9s cr\u00e9atives de d\u00e9coration pour grandes surfaces murales.&lt;br \/&gt;\n&lt;a href=&quot;\/fr\/produits\/acousticframe-absorbeur-mural\/&quot;&gt;vers le produit&lt;\/a&gt;\" data-rel=\"fp-lightbox-gallery-11\"><img loading=\"lazy\" decoding=\"async\" width=\"400\" height=\"400\" src=\"https:\/\/flagprint.ch\/wp-content\/uploads\/2019\/02\/raumdesign-acousticframe-wandabsorber-indoor-buero-400x400.jpg\" class=\"attachment-thumbnail size-thumbnail\" alt=\"absorbeur mural apporte un cadre fixe \u00e0 l\u2019optimisation acoustique \u2013 dans tous les formats et en r\u00e9pondant \u00e0 vos attentes.\" aria-describedby=\"gallery-11-4721\" srcset=\"https:\/\/flagprint.ch\/wp-content\/uploads\/2019\/02\/raumdesign-acousticframe-wandabsorber-indoor-buero-400x400.jpg 400w, https:\/\/flagprint.ch\/wp-content\/uploads\/2019\/02\/raumdesign-acousticframe-wandabsorber-indoor-buero-20x20.jpg 20w, https:\/\/flagprint.ch\/wp-content\/uploads\/2019\/02\/raumdesign-acousticframe-wandabsorber-indoor-buero-40x40.jpg 40w, https:\/\/flagprint.ch\/wp-content\/uploads\/2019\/02\/raumdesign-acousticframe-wandabsorber-indoor-buero-60x60.jpg 60w\" sizes=\"(max-width: 400px) 100vw, 400px\" \/><\/a>\n\t\t\t<\/div>\n\t\t\t\t<figcaption class='wp-caption-text gallery-caption' id='gallery-11-4721'>\n\t\t\t\tacousticframe absorbeur mural\n\t\t\t\t<\/figcaption><\/figure><figure class='gallery-item'>\n\t\t\t<div class='gallery-icon landscape'>\n\t\t\t\t<a  href='https:\/\/flagprint.ch\/wp-content\/uploads\/2019\/02\/raumdesign-acousticframe-wandabsorber-indoor-detail-schallabsorber.jpg' title=\"acousticframe absorbeur mural\" data-rl_title=\"acousticframe absorbeur mural\" class=\"rl-gallery-link\" data-rl_caption=\"Absorption acoustique maximale\" data-rel=\"fp-lightbox-gallery-11\"><img loading=\"lazy\" decoding=\"async\" width=\"400\" height=\"400\" src=\"https:\/\/flagprint.ch\/wp-content\/uploads\/2019\/02\/raumdesign-acousticframe-wandabsorber-indoor-detail-schallabsorber-400x400.jpg\" class=\"attachment-thumbnail size-thumbnail\" alt=\"absorbeur mural apporte un cadre fixe \u00e0 l\u2019optimisation acoustique \u2013 dans tous les formats et en r\u00e9pondant \u00e0 vos attentes.\" aria-describedby=\"gallery-11-4725\" srcset=\"https:\/\/flagprint.ch\/wp-content\/uploads\/2019\/02\/raumdesign-acousticframe-wandabsorber-indoor-detail-schallabsorber-400x400.jpg 400w, https:\/\/flagprint.ch\/wp-content\/uploads\/2019\/02\/raumdesign-acousticframe-wandabsorber-indoor-detail-schallabsorber-20x20.jpg 20w, https:\/\/flagprint.ch\/wp-content\/uploads\/2019\/02\/raumdesign-acousticframe-wandabsorber-indoor-detail-schallabsorber-40x40.jpg 40w, https:\/\/flagprint.ch\/wp-content\/uploads\/2019\/02\/raumdesign-acousticframe-wandabsorber-indoor-detail-schallabsorber-60x60.jpg 60w\" sizes=\"(max-width: 400px) 100vw, 400px\" \/><\/a>\n\t\t\t<\/div>\n\t\t\t\t<figcaption class='wp-caption-text gallery-caption' id='gallery-11-4725'>\n\t\t\t\tacousticframe absorbeur mural\n\t\t\t\t<\/figcaption><\/figure><figure class='gallery-item'>\n\t\t\t<div class='gallery-icon landscape'>\n\t\t\t\t<a  href='https:\/\/flagprint.ch\/wp-content\/uploads\/2019\/02\/raumdesign-acousticframe-wandabsorber-indoor-rahmen-keder.jpg' title=\"acousticframe absorbeur mural\" data-rl_title=\"acousticframe absorbeur mural\" class=\"rl-gallery-link\" data-rl_caption=\"Peut \u00eatre utilis\u00e9 comme tableau d\u2019affichage.\" data-rel=\"fp-lightbox-gallery-11\"><img loading=\"lazy\" decoding=\"async\" width=\"400\" height=\"400\" src=\"https:\/\/flagprint.ch\/wp-content\/uploads\/2019\/02\/raumdesign-acousticframe-wandabsorber-indoor-rahmen-keder-400x400.jpg\" class=\"attachment-thumbnail size-thumbnail\" alt=\"absorbeur mural apporte un cadre fixe \u00e0 l\u2019optimisation acoustique \u2013 dans tous les formats et en r\u00e9pondant \u00e0 vos attentes.\" aria-describedby=\"gallery-11-4733\" srcset=\"https:\/\/flagprint.ch\/wp-content\/uploads\/2019\/02\/raumdesign-acousticframe-wandabsorber-indoor-rahmen-keder-400x400.jpg 400w, https:\/\/flagprint.ch\/wp-content\/uploads\/2019\/02\/raumdesign-acousticframe-wandabsorber-indoor-rahmen-keder-20x20.jpg 20w, https:\/\/flagprint.ch\/wp-content\/uploads\/2019\/02\/raumdesign-acousticframe-wandabsorber-indoor-rahmen-keder-40x40.jpg 40w, https:\/\/flagprint.ch\/wp-content\/uploads\/2019\/02\/raumdesign-acousticframe-wandabsorber-indoor-rahmen-keder-60x60.jpg 60w\" sizes=\"(max-width: 400px) 100vw, 400px\" \/><\/a>\n\t\t\t<\/div>\n\t\t\t\t<figcaption class='wp-caption-text gallery-caption' id='gallery-11-4733'>\n\t\t\t\tacousticframe absorbeur mural\n\t\t\t\t<\/figcaption><\/figure><figure class='gallery-item'>\n\t\t\t<div class='gallery-icon landscape'>\n\t\t\t\t<a  href='https:\/\/flagprint.ch\/wp-content\/uploads\/2019\/02\/raumdesign-acousticframe-wuerfel-cube-indoor-buero-twint.jpg' title=\"acousticframe cube\" data-rl_title=\"acousticframe cube\" class=\"rl-gallery-link\" data-rl_caption=\"Convient bien pour les pi\u00e8ces \u00e0 plafond haut.\" data-rel=\"fp-lightbox-gallery-11\"><img loading=\"lazy\" decoding=\"async\" width=\"400\" height=\"400\" src=\"https:\/\/flagprint.ch\/wp-content\/uploads\/2019\/02\/raumdesign-acousticframe-wuerfel-cube-indoor-buero-twint-400x400.jpg\" class=\"attachment-thumbnail size-thumbnail\" alt=\"acousticframe cube pr\u00e9sente d\u2019excellentes propri\u00e9t\u00e9s d\u2019absorption acoustique et est facile \u00e0 installer \u00e0 l\u2019aide d\u2019un syst\u00e8me de c\u00e2bles.\" aria-describedby=\"gallery-11-4738\" srcset=\"https:\/\/flagprint.ch\/wp-content\/uploads\/2019\/02\/raumdesign-acousticframe-wuerfel-cube-indoor-buero-twint-400x400.jpg 400w, https:\/\/flagprint.ch\/wp-content\/uploads\/2019\/02\/raumdesign-acousticframe-wuerfel-cube-indoor-buero-twint-20x20.jpg 20w, https:\/\/flagprint.ch\/wp-content\/uploads\/2019\/02\/raumdesign-acousticframe-wuerfel-cube-indoor-buero-twint-40x40.jpg 40w, https:\/\/flagprint.ch\/wp-content\/uploads\/2019\/02\/raumdesign-acousticframe-wuerfel-cube-indoor-buero-twint-60x60.jpg 60w\" sizes=\"(max-width: 400px) 100vw, 400px\" \/><\/a>\n\t\t\t<\/div>\n\t\t\t\t<figcaption class='wp-caption-text gallery-caption' id='gallery-11-4738'>\n\t\t\t\tacousticframe cube\n\t\t\t\t<\/figcaption><\/figure><figure class='gallery-item'>\n\t\t\t<div class='gallery-icon landscape'>\n\t\t\t\t<a  href='https:\/\/flagprint.ch\/wp-content\/uploads\/2019\/02\/raumdesign-acousticframe-wuerfel-cube-indoor-twint.jpg' title=\"acousticframe cube\" data-rl_title=\"acousticframe cube\" class=\"rl-gallery-link\" data-rl_caption=\"Housse du cube personnalisable.\" data-rel=\"fp-lightbox-gallery-11\"><img loading=\"lazy\" decoding=\"async\" width=\"400\" height=\"400\" src=\"https:\/\/flagprint.ch\/wp-content\/uploads\/2019\/02\/raumdesign-acousticframe-wuerfel-cube-indoor-twint-400x400.jpg\" class=\"attachment-thumbnail size-thumbnail\" alt=\"acousticframe cube pr\u00e9sente d\u2019excellentes propri\u00e9t\u00e9s d\u2019absorption acoustique et est facile \u00e0 installer \u00e0 l\u2019aide d\u2019un syst\u00e8me de c\u00e2bles.\" aria-describedby=\"gallery-11-4740\" srcset=\"https:\/\/flagprint.ch\/wp-content\/uploads\/2019\/02\/raumdesign-acousticframe-wuerfel-cube-indoor-twint-400x400.jpg 400w, https:\/\/flagprint.ch\/wp-content\/uploads\/2019\/02\/raumdesign-acousticframe-wuerfel-cube-indoor-twint-20x20.jpg 20w, https:\/\/flagprint.ch\/wp-content\/uploads\/2019\/02\/raumdesign-acousticframe-wuerfel-cube-indoor-twint-40x40.jpg 40w, https:\/\/flagprint.ch\/wp-content\/uploads\/2019\/02\/raumdesign-acousticframe-wuerfel-cube-indoor-twint-60x60.jpg 60w\" sizes=\"(max-width: 400px) 100vw, 400px\" \/><\/a>\n\t\t\t<\/div>\n\t\t\t\t<figcaption class='wp-caption-text gallery-caption' id='gallery-11-4740'>\n\t\t\t\tacousticframe cube\n\t\t\t\t<\/figcaption><\/figure><figure class='gallery-item'>\n\t\t\t<div class='gallery-icon landscape'>\n\t\t\t\t<a  href='https:\/\/flagprint.ch\/wp-content\/uploads\/2019\/02\/raumdesign-acousticframe-wuerfel-cube-raumtrenner-indoor-konzept-twint.jpg' title=\"acousticframe cube\" data-rl_title=\"acousticframe cube\" class=\"rl-gallery-link\" data-rl_caption=\"Absorption acoustique maximale (absorbeur \u00e0 bande large).&lt;br \/&gt;\n&lt;a href=&quot;\/fr\/produits\/acousticframe-cube\/&quot;&gt;vers le produit&lt;\/a&gt;\" data-rel=\"fp-lightbox-gallery-11\"><img loading=\"lazy\" decoding=\"async\" width=\"400\" height=\"400\" src=\"https:\/\/flagprint.ch\/wp-content\/uploads\/2019\/02\/raumdesign-acousticframe-wuerfel-cube-raumtrenner-indoor-konzept-twint-400x400.jpg\" class=\"attachment-thumbnail size-thumbnail\" alt=\"acousticframe cube pr\u00e9sente d\u2019excellentes propri\u00e9t\u00e9s d\u2019absorption acoustique et est facile \u00e0 installer \u00e0 l\u2019aide d\u2019un syst\u00e8me de c\u00e2bles.\" aria-describedby=\"gallery-11-4742\" srcset=\"https:\/\/flagprint.ch\/wp-content\/uploads\/2019\/02\/raumdesign-acousticframe-wuerfel-cube-raumtrenner-indoor-konzept-twint-400x400.jpg 400w, https:\/\/flagprint.ch\/wp-content\/uploads\/2019\/02\/raumdesign-acousticframe-wuerfel-cube-raumtrenner-indoor-konzept-twint-20x20.jpg 20w, https:\/\/flagprint.ch\/wp-content\/uploads\/2019\/02\/raumdesign-acousticframe-wuerfel-cube-raumtrenner-indoor-konzept-twint-40x40.jpg 40w, https:\/\/flagprint.ch\/wp-content\/uploads\/2019\/02\/raumdesign-acousticframe-wuerfel-cube-raumtrenner-indoor-konzept-twint-60x60.jpg 60w\" sizes=\"(max-width: 400px) 100vw, 400px\" \/><\/a>\n\t\t\t<\/div>\n\t\t\t\t<figcaption class='wp-caption-text gallery-caption' id='gallery-11-4742'>\n\t\t\t\tacousticframe cube\n\t\t\t\t<\/figcaption><\/figure><figure class='gallery-item'>\n\t\t\t<div class='gallery-icon landscape'>\n\t\t\t\t<a  href='https:\/\/flagprint.ch\/wp-content\/uploads\/2019\/02\/raumdesign-acousticframe-wuerfel-cube-raumtrenner-indoor-twint.jpg' title=\"acousticframe cube\" data-rl_title=\"acousticframe cube\" class=\"rl-gallery-link\" data-rl_caption=\"Convient bien pour les pi\u00e8ces \u00e0 plafond haut.\" data-rel=\"fp-lightbox-gallery-11\"><img loading=\"lazy\" decoding=\"async\" width=\"400\" height=\"400\" src=\"https:\/\/flagprint.ch\/wp-content\/uploads\/2019\/02\/raumdesign-acousticframe-wuerfel-cube-raumtrenner-indoor-twint-400x400.jpg\" class=\"attachment-thumbnail size-thumbnail\" alt=\"acousticframe cube pr\u00e9sente d\u2019excellentes propri\u00e9t\u00e9s d\u2019absorption acoustique et est facile \u00e0 installer \u00e0 l\u2019aide d\u2019un syst\u00e8me de c\u00e2bles.\" aria-describedby=\"gallery-11-4744\" srcset=\"https:\/\/flagprint.ch\/wp-content\/uploads\/2019\/02\/raumdesign-acousticframe-wuerfel-cube-raumtrenner-indoor-twint-400x400.jpg 400w, https:\/\/flagprint.ch\/wp-content\/uploads\/2019\/02\/raumdesign-acousticframe-wuerfel-cube-raumtrenner-indoor-twint-20x20.jpg 20w, https:\/\/flagprint.ch\/wp-content\/uploads\/2019\/02\/raumdesign-acousticframe-wuerfel-cube-raumtrenner-indoor-twint-40x40.jpg 40w, https:\/\/flagprint.ch\/wp-content\/uploads\/2019\/02\/raumdesign-acousticframe-wuerfel-cube-raumtrenner-indoor-twint-60x60.jpg 60w\" sizes=\"(max-width: 400px) 100vw, 400px\" \/><\/a>\n\t\t\t<\/div>\n\t\t\t\t<figcaption class='wp-caption-text gallery-caption' id='gallery-11-4744'>\n\t\t\t\tacousticframe cube\n\t\t\t\t<\/figcaption><\/figure><figure class='gallery-item'>\n\t\t\t<div class='gallery-icon landscape'>\n\t\t\t\t<a  href='https:\/\/flagprint.ch\/wp-content\/uploads\/2018\/10\/wandabsorber-akustik.jpg' title=\"Acoustic Frames f\u00fcr Ihr Sitzungszimmer\" data-rl_title=\"Acoustic Frames f\u00fcr Ihr Sitzungszimmer\" class=\"rl-gallery-link\" data-rl_caption=\"Acoustic Frames f\u00fcr Ihr Sitzungszimmer\" data-rel=\"fp-lightbox-gallery-11\"><img loading=\"lazy\" decoding=\"async\" width=\"150\" height=\"150\" src=\"https:\/\/flagprint.ch\/wp-content\/uploads\/2018\/10\/wandabsorber-akustik-150x150.jpg\" class=\"attachment-thumbnail size-thumbnail\" alt=\"Acoustic Frames f\u00fcr Ihr Sitzungszimmer\" aria-describedby=\"gallery-11-341\" srcset=\"https:\/\/flagprint.ch\/wp-content\/uploads\/2018\/10\/wandabsorber-akustik-150x150.jpg 150w, https:\/\/flagprint.ch\/wp-content\/uploads\/2018\/10\/wandabsorber-akustik-20x20.jpg 20w, https:\/\/flagprint.ch\/wp-content\/uploads\/2018\/10\/wandabsorber-akustik-40x40.jpg 40w, https:\/\/flagprint.ch\/wp-content\/uploads\/2018\/10\/wandabsorber-akustik-60x60.jpg 60w, https:\/\/flagprint.ch\/wp-content\/uploads\/2018\/10\/wandabsorber-akustik-400x400.jpg 400w\" sizes=\"(max-width: 150px) 100vw, 150px\" \/><\/a>\n\t\t\t<\/div>\n\t\t\t\t<figcaption class='wp-caption-text gallery-caption' id='gallery-11-341'>\n\t\t\t\tAcoustic Frames f\u00fcr Ihr Sitzungszimmer\n\t\t\t\t<\/figcaption><\/figure><figure class='gallery-item'>\n\t\t\t<div class='gallery-icon landscape'>\n\t\t\t\t<a  href='https:\/\/flagprint.ch\/wp-content\/uploads\/2018\/10\/Schallschluckende-Akustik-Pendelwand.jpg' title=\"Stimmiges Deko-Element mit akustischen Effekt.\" data-rl_title=\"Stimmiges Deko-Element mit akustischen Effekt.\" class=\"rl-gallery-link\" data-rl_caption=\"Stimmiges Deko-Element mit akustischen Effekt.\" data-rel=\"fp-lightbox-gallery-11\"><img loading=\"lazy\" decoding=\"async\" width=\"150\" height=\"150\" src=\"https:\/\/flagprint.ch\/wp-content\/uploads\/2018\/10\/Schallschluckende-Akustik-Pendelwand-150x150.jpg\" class=\"attachment-thumbnail size-thumbnail\" alt=\"Stimmiges Deko-Element mit akustischen Effekt.\" aria-describedby=\"gallery-11-339\" srcset=\"https:\/\/flagprint.ch\/wp-content\/uploads\/2018\/10\/Schallschluckende-Akustik-Pendelwand-150x150.jpg 150w, https:\/\/flagprint.ch\/wp-content\/uploads\/2018\/10\/Schallschluckende-Akustik-Pendelwand-20x20.jpg 20w, https:\/\/flagprint.ch\/wp-content\/uploads\/2018\/10\/Schallschluckende-Akustik-Pendelwand-40x40.jpg 40w, https:\/\/flagprint.ch\/wp-content\/uploads\/2018\/10\/Schallschluckende-Akustik-Pendelwand-60x60.jpg 60w, https:\/\/flagprint.ch\/wp-content\/uploads\/2018\/10\/Schallschluckende-Akustik-Pendelwand-400x400.jpg 400w\" sizes=\"(max-width: 150px) 100vw, 150px\" \/><\/a>\n\t\t\t<\/div>\n\t\t\t\t<figcaption class='wp-caption-text gallery-caption' id='gallery-11-339'>\n\t\t\t\tStimmiges Deko-Element mit akustischen Effekt.\n\t\t\t\t<\/figcaption><\/figure><figure class='gallery-item'>\n\t\t\t<div class='gallery-icon landscape'>\n\t\t\t\t<a  href='https:\/\/flagprint.ch\/wp-content\/uploads\/2018\/10\/akustik-wandbild-wandabsorber.jpg' title=\"Optimierte Raumakustik im B\u00fcro\" data-rl_title=\"Optimierte Raumakustik im B\u00fcro\" class=\"rl-gallery-link\" data-rl_caption=\"Optimierte Raumakustik im B\u00fcro\" data-rel=\"fp-lightbox-gallery-11\"><img loading=\"lazy\" decoding=\"async\" width=\"150\" height=\"150\" src=\"https:\/\/flagprint.ch\/wp-content\/uploads\/2018\/10\/akustik-wandbild-wandabsorber-150x150.jpg\" class=\"attachment-thumbnail size-thumbnail\" alt=\"Optimierte Raumakustik im B\u00fcro\" aria-describedby=\"gallery-11-333\" srcset=\"https:\/\/flagprint.ch\/wp-content\/uploads\/2018\/10\/akustik-wandbild-wandabsorber-150x150.jpg 150w, https:\/\/flagprint.ch\/wp-content\/uploads\/2018\/10\/akustik-wandbild-wandabsorber-20x20.jpg 20w, https:\/\/flagprint.ch\/wp-content\/uploads\/2018\/10\/akustik-wandbild-wandabsorber-40x40.jpg 40w, https:\/\/flagprint.ch\/wp-content\/uploads\/2018\/10\/akustik-wandbild-wandabsorber-60x60.jpg 60w, https:\/\/flagprint.ch\/wp-content\/uploads\/2018\/10\/akustik-wandbild-wandabsorber-400x400.jpg 400w\" sizes=\"(max-width: 150px) 100vw, 150px\" \/><\/a>\n\t\t\t<\/div>\n\t\t\t\t<figcaption class='wp-caption-text gallery-caption' id='gallery-11-333'>\n\t\t\t\tOptimierte Raumakustik im B\u00fcro\n\t\t\t\t<\/figcaption><\/figure><figure class='gallery-item'>\n\t\t\t<div class='gallery-icon landscape'>\n\t\t\t\t<a  href='https:\/\/flagprint.ch\/wp-content\/uploads\/2018\/10\/Akustik-Wandabsorber-Textilspannrahmen.jpg' title=\"Optimierte Raumakustik im B\u00fcro\" data-rl_title=\"Optimierte Raumakustik im B\u00fcro\" class=\"rl-gallery-link\" data-rl_caption=\"Optimierte Raumakustik im B\u00fcro\" data-rel=\"fp-lightbox-gallery-11\"><img loading=\"lazy\" decoding=\"async\" width=\"150\" height=\"150\" src=\"https:\/\/flagprint.ch\/wp-content\/uploads\/2018\/10\/Akustik-Wandabsorber-Textilspannrahmen-150x150.jpg\" class=\"attachment-thumbnail size-thumbnail\" alt=\"Optimierte Raumakustik im B\u00fcro\" aria-describedby=\"gallery-11-331\" srcset=\"https:\/\/flagprint.ch\/wp-content\/uploads\/2018\/10\/Akustik-Wandabsorber-Textilspannrahmen-150x150.jpg 150w, https:\/\/flagprint.ch\/wp-content\/uploads\/2018\/10\/Akustik-Wandabsorber-Textilspannrahmen-20x20.jpg 20w, https:\/\/flagprint.ch\/wp-content\/uploads\/2018\/10\/Akustik-Wandabsorber-Textilspannrahmen-40x40.jpg 40w, https:\/\/flagprint.ch\/wp-content\/uploads\/2018\/10\/Akustik-Wandabsorber-Textilspannrahmen-60x60.jpg 60w, https:\/\/flagprint.ch\/wp-content\/uploads\/2018\/10\/Akustik-Wandabsorber-Textilspannrahmen-400x400.jpg 400w\" sizes=\"(max-width: 150px) 100vw, 150px\" \/><\/a>\n\t\t\t<\/div>\n\t\t\t\t<figcaption class='wp-caption-text gallery-caption' id='gallery-11-331'>\n\t\t\t\tOptimierte Raumakustik im B\u00fcro\n\t\t\t\t<\/figcaption><\/figure>\n\t\t<\/div>\n\t\t<\/div>\n\t\t\t\t\t\t<\/div>\n\t\t\t\t<\/div>\n\t\t\t\t\t<\/div>\n\t\t<\/div>\n\t\t\t\t\t<\/div>\n\t\t<\/section>\n\t\t\t\t<section class=\"elementor-section elementor-inner-section elementor-element elementor-element-502a48e elementor-section-full_width fp-gallery elementor-section-height-default elementor-section-height-default\" data-id=\"502a48e\" data-element_type=\"section\" data-e-type=\"section\" id=\"fp-id-special\">\n\t\t\t\t\t\t<div class=\"elementor-container elementor-column-gap-no\">\n\t\t\t\t\t<div class=\"elementor-column elementor-col-100 elementor-inner-column elementor-element elementor-element-8f27595\" data-id=\"8f27595\" data-element_type=\"column\" data-e-type=\"column\">\n\t\t\t<div class=\"elementor-widget-wrap elementor-element-populated\">\n\t\t\t\t\t\t<div class=\"elementor-element elementor-element-353b05d elementor-widget elementor-widget-heading\" data-id=\"353b05d\" data-element_type=\"widget\" data-e-type=\"widget\" data-widget_type=\"heading.default\">\n\t\t\t\t<div class=\"elementor-widget-container\">\n\t\t\t\t\t<h2 class=\"elementor-heading-title elementor-size-default\">Special<\/h2>\t\t\t\t<\/div>\n\t\t\t\t<\/div>\n\t\t\t\t<div class=\"elementor-element elementor-element-e21fc8b elementor-widget elementor-widget-image-gallery\" data-id=\"e21fc8b\" data-element_type=\"widget\" data-e-type=\"widget\" data-widget_type=\"image-gallery.default\">\n\t\t\t\t<div class=\"elementor-widget-container\">\n\t\t\t\t\t\t\t<div class=\"elementor-image-gallery\">\n\t\t\t<div id='gallery-12' class='gallery galleryid-13913 gallery-columns-5 gallery-size-thumbnail'><figure class='gallery-item'>\n\t\t\t<div class='gallery-icon portrait'>\n\t\t\t\t<a  href='https:\/\/flagprint.ch\/wp-content\/uploads\/2020\/02\/specials-schaerpe-miss-standard-einlagig-mit-Brokat-ganz.jpg' title=\"Sch\u00e4rpe Standard\" data-rl_title=\"Sch\u00e4rpe Standard\" class=\"rl-gallery-link\" data-rl_caption=\"Sch\u00e4rpe Standard f\u00fcr Miss- und Mister Wahlen, Preisverleihungen und \u00e4hnliche Events. Geschnitten, 15 x 180 cm.&lt;br \/&gt;\n&lt;a href=&quot;\/produkte\/schaerpe\/&quot;&gt;Zum Produkt&lt;\/a&gt;\" data-rel=\"fp-lightbox-gallery-12\"><img loading=\"lazy\" decoding=\"async\" width=\"300\" height=\"400\" src=\"https:\/\/flagprint.ch\/wp-content\/uploads\/2020\/02\/specials-schaerpe-miss-standard-einlagig-mit-Brokat-ganz-300x400.jpg\" class=\"attachment-thumbnail size-thumbnail\" alt=\"Hochwertige Sch\u00e4rpe mit individuellem Druck f\u00fcr Miss- &amp; Mister-Wahlen, Preisverleihungen &amp; \u00e4hnliche Events. In verschiedenen Ausf\u00fchrungen erh\u00e4ltlich.\" aria-describedby=\"gallery-12-10198\" srcset=\"https:\/\/flagprint.ch\/wp-content\/uploads\/2020\/02\/specials-schaerpe-miss-standard-einlagig-mit-Brokat-ganz-300x400.jpg 300w, https:\/\/flagprint.ch\/wp-content\/uploads\/2020\/02\/specials-schaerpe-miss-standard-einlagig-mit-Brokat-ganz-600x800.jpg 600w, https:\/\/flagprint.ch\/wp-content\/uploads\/2020\/02\/specials-schaerpe-miss-standard-einlagig-mit-Brokat-ganz-900x1200.jpg 900w, https:\/\/flagprint.ch\/wp-content\/uploads\/2020\/02\/specials-schaerpe-miss-standard-einlagig-mit-Brokat-ganz-768x1024.jpg 768w, https:\/\/flagprint.ch\/wp-content\/uploads\/2020\/02\/specials-schaerpe-miss-standard-einlagig-mit-Brokat-ganz-1152x1536.jpg 1152w, https:\/\/flagprint.ch\/wp-content\/uploads\/2020\/02\/specials-schaerpe-miss-standard-einlagig-mit-Brokat-ganz.jpg 1200w\" sizes=\"(max-width: 300px) 100vw, 300px\" \/><\/a>\n\t\t\t<\/div>\n\t\t\t\t<figcaption class='wp-caption-text gallery-caption' id='gallery-12-10198'>\n\t\t\t\tSch\u00e4rpe Standard\n\t\t\t\t<\/figcaption><\/figure><figure class='gallery-item'>\n\t\t\t<div class='gallery-icon landscape'>\n\t\t\t\t<a  href='https:\/\/flagprint.ch\/wp-content\/uploads\/2020\/02\/specials-schaerpe-miss-standard-einlagig-mit-Brokat-closeup.jpg' title=\"Sch\u00e4rpe Standard\" data-rl_title=\"Sch\u00e4rpe Standard\" class=\"rl-gallery-link\" data-rl_caption=\"Sch\u00e4rpe Standard f\u00fcr Miss- und Mister Wahlen, Preisverleihungen und \u00e4hnliche Events. Geschnitten, 15 x 180 cm.&lt;br \/&gt;\n&lt;a href=&quot;\/produkte\/schaerpe\/&quot;&gt;Zum Produkt&lt;\/a&gt;\" data-rel=\"fp-lightbox-gallery-12\"><img loading=\"lazy\" decoding=\"async\" width=\"400\" height=\"300\" src=\"https:\/\/flagprint.ch\/wp-content\/uploads\/2020\/02\/specials-schaerpe-miss-standard-einlagig-mit-Brokat-closeup-400x300.jpg\" class=\"attachment-thumbnail size-thumbnail\" alt=\"Hochwertige Sch\u00e4rpe mit individuellem Druck f\u00fcr Miss- &amp; Mister-Wahlen, Preisverleihungen &amp; \u00e4hnliche Events. In verschiedenen Ausf\u00fchrungen erh\u00e4ltlich.\" aria-describedby=\"gallery-12-10196\" srcset=\"https:\/\/flagprint.ch\/wp-content\/uploads\/2020\/02\/specials-schaerpe-miss-standard-einlagig-mit-Brokat-closeup-400x300.jpg 400w, https:\/\/flagprint.ch\/wp-content\/uploads\/2020\/02\/specials-schaerpe-miss-standard-einlagig-mit-Brokat-closeup-800x600.jpg 800w, https:\/\/flagprint.ch\/wp-content\/uploads\/2020\/02\/specials-schaerpe-miss-standard-einlagig-mit-Brokat-closeup-1200x900.jpg 1200w, https:\/\/flagprint.ch\/wp-content\/uploads\/2020\/02\/specials-schaerpe-miss-standard-einlagig-mit-Brokat-closeup-768x576.jpg 768w, https:\/\/flagprint.ch\/wp-content\/uploads\/2020\/02\/specials-schaerpe-miss-standard-einlagig-mit-Brokat-closeup-1536x1152.jpg 1536w, https:\/\/flagprint.ch\/wp-content\/uploads\/2020\/02\/specials-schaerpe-miss-standard-einlagig-mit-Brokat-closeup.jpg 1600w\" sizes=\"(max-width: 400px) 100vw, 400px\" \/><\/a>\n\t\t\t<\/div>\n\t\t\t\t<figcaption class='wp-caption-text gallery-caption' id='gallery-12-10196'>\n\t\t\t\tSch\u00e4rpe Standard\n\t\t\t\t<\/figcaption><\/figure><figure class='gallery-item'>\n\t\t\t<div class='gallery-icon portrait'>\n\t\t\t\t<a  href='https:\/\/flagprint.ch\/wp-content\/uploads\/2020\/02\/specials-schaerpe-miss-eco-einlagig-geschnitten-scharpe.jpg' title=\"Sch\u00e4rpe Eco\" data-rl_title=\"Sch\u00e4rpe Eco\" class=\"rl-gallery-link\" data-rl_caption=\"Sch\u00e4rpe Eco, geschnitten, 15 x 180 cm offen&lt;br \/&gt;\n&lt;a href=&quot;\/produkte\/schaerpe\/&quot;&gt;Zum Produkt&lt;\/a&gt;\" data-rel=\"fp-lightbox-gallery-12\"><img loading=\"lazy\" decoding=\"async\" width=\"300\" height=\"400\" src=\"https:\/\/flagprint.ch\/wp-content\/uploads\/2020\/02\/specials-schaerpe-miss-eco-einlagig-geschnitten-scharpe-300x400.jpg\" class=\"attachment-thumbnail size-thumbnail\" alt=\"Hochwertige Sch\u00e4rpe mit individuellem Druck f\u00fcr Miss- &amp; Mister-Wahlen, Preisverleihungen &amp; \u00e4hnliche Events. In verschiedenen Ausf\u00fchrungen erh\u00e4ltlich.\" aria-describedby=\"gallery-12-10204\" srcset=\"https:\/\/flagprint.ch\/wp-content\/uploads\/2020\/02\/specials-schaerpe-miss-eco-einlagig-geschnitten-scharpe-300x400.jpg 300w, https:\/\/flagprint.ch\/wp-content\/uploads\/2020\/02\/specials-schaerpe-miss-eco-einlagig-geschnitten-scharpe-600x800.jpg 600w, https:\/\/flagprint.ch\/wp-content\/uploads\/2020\/02\/specials-schaerpe-miss-eco-einlagig-geschnitten-scharpe-900x1200.jpg 900w, https:\/\/flagprint.ch\/wp-content\/uploads\/2020\/02\/specials-schaerpe-miss-eco-einlagig-geschnitten-scharpe-768x1024.jpg 768w, https:\/\/flagprint.ch\/wp-content\/uploads\/2020\/02\/specials-schaerpe-miss-eco-einlagig-geschnitten-scharpe-1152x1536.jpg 1152w, https:\/\/flagprint.ch\/wp-content\/uploads\/2020\/02\/specials-schaerpe-miss-eco-einlagig-geschnitten-scharpe.jpg 1200w\" sizes=\"(max-width: 300px) 100vw, 300px\" \/><\/a>\n\t\t\t<\/div>\n\t\t\t\t<figcaption class='wp-caption-text gallery-caption' id='gallery-12-10204'>\n\t\t\t\tSch\u00e4rpe Eco\n\t\t\t\t<\/figcaption><\/figure><figure class='gallery-item'>\n\t\t\t<div class='gallery-icon landscape'>\n\t\t\t\t<a  href='https:\/\/flagprint.ch\/wp-content\/uploads\/2020\/02\/specials-schaerpe-miss-eco-einlagig-geschnitten-abschluss-closeup.jpg' title=\"Sch\u00e4rpe Eco\" data-rl_title=\"Sch\u00e4rpe Eco\" class=\"rl-gallery-link\" data-rl_caption=\"Sch\u00e4rpe Eco, f\u00fcr Miss- und Mister Wahlen, Preisverleihungen und \u00e4hnliche Events. Geschnitten, 15 x 180 cm.&lt;br \/&gt;\n&lt;a href=&quot;\/produkte\/schaerpe\/&quot;&gt;Zum Produkt&lt;\/a&gt;\" data-rel=\"fp-lightbox-gallery-12\"><img loading=\"lazy\" decoding=\"async\" width=\"400\" height=\"300\" src=\"https:\/\/flagprint.ch\/wp-content\/uploads\/2020\/02\/specials-schaerpe-miss-eco-einlagig-geschnitten-abschluss-closeup-400x300.jpg\" class=\"attachment-thumbnail size-thumbnail\" alt=\"Hochwertige Sch\u00e4rpe mit individuellem Druck f\u00fcr Miss- &amp; Mister-Wahlen, Preisverleihungen &amp; \u00e4hnliche Events. In verschiedenen Ausf\u00fchrungen erh\u00e4ltlich.\" aria-describedby=\"gallery-12-10200\" srcset=\"https:\/\/flagprint.ch\/wp-content\/uploads\/2020\/02\/specials-schaerpe-miss-eco-einlagig-geschnitten-abschluss-closeup-400x300.jpg 400w, https:\/\/flagprint.ch\/wp-content\/uploads\/2020\/02\/specials-schaerpe-miss-eco-einlagig-geschnitten-abschluss-closeup-800x600.jpg 800w, https:\/\/flagprint.ch\/wp-content\/uploads\/2020\/02\/specials-schaerpe-miss-eco-einlagig-geschnitten-abschluss-closeup-1200x900.jpg 1200w, https:\/\/flagprint.ch\/wp-content\/uploads\/2020\/02\/specials-schaerpe-miss-eco-einlagig-geschnitten-abschluss-closeup-768x576.jpg 768w, https:\/\/flagprint.ch\/wp-content\/uploads\/2020\/02\/specials-schaerpe-miss-eco-einlagig-geschnitten-abschluss-closeup-1536x1152.jpg 1536w, https:\/\/flagprint.ch\/wp-content\/uploads\/2020\/02\/specials-schaerpe-miss-eco-einlagig-geschnitten-abschluss-closeup.jpg 1600w\" sizes=\"(max-width: 400px) 100vw, 400px\" \/><\/a>\n\t\t\t<\/div>\n\t\t\t\t<figcaption class='wp-caption-text gallery-caption' id='gallery-12-10200'>\n\t\t\t\tSch\u00e4rpe Eco\n\t\t\t\t<\/figcaption><\/figure><figure class='gallery-item'>\n\t\t\t<div class='gallery-icon portrait'>\n\t\t\t\t<a  href='https:\/\/flagprint.ch\/wp-content\/uploads\/2020\/02\/specials-schaerpe-miss-deluxe-doppellagig-mit-Brokat-ganz.jpg' title=\"Sch\u00e4rpe Deluxe\" data-rl_title=\"Sch\u00e4rpe Deluxe\" class=\"rl-gallery-link\" data-rl_caption=\"Sch\u00e4rpe Deluxe f\u00fcr Miss- und Mister Wahlen, Preisverleihungen und \u00e4hnliche Events. Geschnitten, 15 x 180 cm.&lt;br \/&gt;\n&lt;a href=&quot;\/produkte\/schaerpe\/&quot;&gt;Zum Produkt&lt;\/a&gt;\" data-rel=\"fp-lightbox-gallery-12\"><img loading=\"lazy\" decoding=\"async\" width=\"300\" height=\"400\" src=\"https:\/\/flagprint.ch\/wp-content\/uploads\/2020\/02\/specials-schaerpe-miss-deluxe-doppellagig-mit-Brokat-ganz-300x400.jpg\" class=\"attachment-thumbnail size-thumbnail\" alt=\"Hochwertige Sch\u00e4rpe mit individuellem Druck f\u00fcr Miss- &amp; Mister-Wahlen, Preisverleihungen &amp; \u00e4hnliche Events. In verschiedenen Ausf\u00fchrungen erh\u00e4ltlich.\" aria-describedby=\"gallery-12-10192\" srcset=\"https:\/\/flagprint.ch\/wp-content\/uploads\/2020\/02\/specials-schaerpe-miss-deluxe-doppellagig-mit-Brokat-ganz-300x400.jpg 300w, https:\/\/flagprint.ch\/wp-content\/uploads\/2020\/02\/specials-schaerpe-miss-deluxe-doppellagig-mit-Brokat-ganz-600x800.jpg 600w, https:\/\/flagprint.ch\/wp-content\/uploads\/2020\/02\/specials-schaerpe-miss-deluxe-doppellagig-mit-Brokat-ganz-900x1200.jpg 900w, https:\/\/flagprint.ch\/wp-content\/uploads\/2020\/02\/specials-schaerpe-miss-deluxe-doppellagig-mit-Brokat-ganz-768x1024.jpg 768w, https:\/\/flagprint.ch\/wp-content\/uploads\/2020\/02\/specials-schaerpe-miss-deluxe-doppellagig-mit-Brokat-ganz-1152x1536.jpg 1152w, https:\/\/flagprint.ch\/wp-content\/uploads\/2020\/02\/specials-schaerpe-miss-deluxe-doppellagig-mit-Brokat-ganz.jpg 1200w\" sizes=\"(max-width: 300px) 100vw, 300px\" \/><\/a>\n\t\t\t<\/div>\n\t\t\t\t<figcaption class='wp-caption-text gallery-caption' id='gallery-12-10192'>\n\t\t\t\tSch\u00e4rpe Deluxe\n\t\t\t\t<\/figcaption><\/figure><figure class='gallery-item'>\n\t\t\t<div class='gallery-icon landscape'>\n\t\t\t\t<a  href='https:\/\/flagprint.ch\/wp-content\/uploads\/2020\/02\/specials-schaerpe-miss-deluxe-doppellagig-mit-Brokat-detail.jpg' title=\"Sch\u00e4rpe Deluxe, doppellagig mit Brokat.\" data-rl_title=\"Sch\u00e4rpe Deluxe, doppellagig mit Brokat.\" class=\"rl-gallery-link\" data-rl_caption=\"Sch\u00e4rpe Deluxe f\u00fcr Miss- und Mister Wahlen, Preisverleihungen und \u00e4hnliche Events. Doppellagig mit oder ohne Brokat (gold\/silber), 15 x 180 cm.&lt;br \/&gt;\n&lt;a href=&quot;\/produkte\/schaerpe\/&quot;&gt;Zum Produkt&lt;\/a&gt;\" data-rel=\"fp-lightbox-gallery-12\"><img loading=\"lazy\" decoding=\"async\" width=\"400\" height=\"300\" src=\"https:\/\/flagprint.ch\/wp-content\/uploads\/2020\/02\/specials-schaerpe-miss-deluxe-doppellagig-mit-Brokat-detail-400x300.jpg\" class=\"attachment-thumbnail size-thumbnail\" alt=\"Hochwertige Sch\u00e4rpe mit individuellem Druck f\u00fcr Miss- &amp; Mister-Wahlen, Preisverleihungen &amp; \u00e4hnliche Events. In verschiedenen Ausf\u00fchrungen erh\u00e4ltlich.\" aria-describedby=\"gallery-12-10190\" srcset=\"https:\/\/flagprint.ch\/wp-content\/uploads\/2020\/02\/specials-schaerpe-miss-deluxe-doppellagig-mit-Brokat-detail-400x300.jpg 400w, https:\/\/flagprint.ch\/wp-content\/uploads\/2020\/02\/specials-schaerpe-miss-deluxe-doppellagig-mit-Brokat-detail-800x600.jpg 800w, https:\/\/flagprint.ch\/wp-content\/uploads\/2020\/02\/specials-schaerpe-miss-deluxe-doppellagig-mit-Brokat-detail-1200x900.jpg 1200w, https:\/\/flagprint.ch\/wp-content\/uploads\/2020\/02\/specials-schaerpe-miss-deluxe-doppellagig-mit-Brokat-detail-768x576.jpg 768w, https:\/\/flagprint.ch\/wp-content\/uploads\/2020\/02\/specials-schaerpe-miss-deluxe-doppellagig-mit-Brokat-detail-1536x1152.jpg 1536w, https:\/\/flagprint.ch\/wp-content\/uploads\/2020\/02\/specials-schaerpe-miss-deluxe-doppellagig-mit-Brokat-detail.jpg 1600w\" sizes=\"(max-width: 400px) 100vw, 400px\" \/><\/a>\n\t\t\t<\/div>\n\t\t\t\t<figcaption class='wp-caption-text gallery-caption' id='gallery-12-10190'>\n\t\t\t\tSch\u00e4rpe Deluxe, doppellagig mit Brokat.\n\t\t\t\t<\/figcaption><\/figure><figure class='gallery-item'>\n\t\t\t<div class='gallery-icon portrait'>\n\t\t\t\t<a  href='https:\/\/flagprint.ch\/wp-content\/uploads\/2019\/09\/specials-schaerpe-deluxe-mit-brokat-posamentenband.jpg' title=\"Sch\u00e4rpe\" data-rl_title=\"Sch\u00e4rpe\" class=\"rl-gallery-link\" data-rl_caption=\"In verschiedenen Ausf\u00fchrungen erh\u00e4ltlich: einlagig, doppellagig, mit oder ohne aufgen\u00e4hte Verzierung wie Brokat oder Posamentband.&lt;br \/&gt;\n&lt;a href=&quot;\/produkte\/schaerpe\/&quot;&gt;Zum Produkt&lt;\/a&gt;\" data-rel=\"fp-lightbox-gallery-12\"><img loading=\"lazy\" decoding=\"async\" width=\"300\" height=\"400\" src=\"https:\/\/flagprint.ch\/wp-content\/uploads\/2019\/09\/specials-schaerpe-deluxe-mit-brokat-posamentenband-300x400.jpg\" class=\"attachment-thumbnail size-thumbnail\" alt=\"Hochwertige Sch\u00e4rpe mit individuellem Druck f\u00fcr Miss- &amp; Mister-Wahlen, Preisverleihungen &amp; \u00e4hnliche Events. In verschiedenen Ausf\u00fchrungen erh\u00e4ltlich.\" aria-describedby=\"gallery-12-8479\" srcset=\"https:\/\/flagprint.ch\/wp-content\/uploads\/2019\/09\/specials-schaerpe-deluxe-mit-brokat-posamentenband-300x400.jpg 300w, https:\/\/flagprint.ch\/wp-content\/uploads\/2019\/09\/specials-schaerpe-deluxe-mit-brokat-posamentenband-600x800.jpg 600w, https:\/\/flagprint.ch\/wp-content\/uploads\/2019\/09\/specials-schaerpe-deluxe-mit-brokat-posamentenband-768x1024.jpg 768w, https:\/\/flagprint.ch\/wp-content\/uploads\/2019\/09\/specials-schaerpe-deluxe-mit-brokat-posamentenband-900x1200.jpg 900w, https:\/\/flagprint.ch\/wp-content\/uploads\/2019\/09\/specials-schaerpe-deluxe-mit-brokat-posamentenband.jpg 1200w\" sizes=\"(max-width: 300px) 100vw, 300px\" \/><\/a>\n\t\t\t<\/div>\n\t\t\t\t<figcaption class='wp-caption-text gallery-caption' id='gallery-12-8479'>\n\t\t\t\tSch\u00e4rpe\n\t\t\t\t<\/figcaption><\/figure><figure class='gallery-item'>\n\t\t\t<div class='gallery-icon landscape'>\n\t\t\t\t<a  href='https:\/\/flagprint.ch\/wp-content\/uploads\/2020\/02\/specials-schaerpe-miss-deluxe-doppellagig-mit-Brokat-abschluss.jpg' title=\"Miss Sch\u00e4rpe Deluxe, doppellagig mit Brokat.\" data-rl_title=\"Miss Sch\u00e4rpe Deluxe, doppellagig mit Brokat.\" class=\"rl-gallery-link\" data-rl_caption=\"Sch\u00e4rpe Deluxe f\u00fcr Miss- und Mister Wahlen, Preisverleihungen und \u00e4hnliche Events. Doppellagig mit oder ohne Brokat (gold\/silber), 15 x 180 cm.&lt;br \/&gt;\n&lt;a href=&quot;\/produkte\/schaerpe\/&quot;&gt;Zum Produkt&lt;\/a&gt;\" data-rel=\"fp-lightbox-gallery-12\"><img loading=\"lazy\" decoding=\"async\" width=\"400\" height=\"300\" src=\"https:\/\/flagprint.ch\/wp-content\/uploads\/2020\/02\/specials-schaerpe-miss-deluxe-doppellagig-mit-Brokat-abschluss-400x300.jpg\" class=\"attachment-thumbnail size-thumbnail\" alt=\"Hochwertige Sch\u00e4rpe mit individuellem Druck f\u00fcr Miss- &amp; Mister-Wahlen, Preisverleihungen &amp; \u00e4hnliche Events. In verschiedenen Ausf\u00fchrungen erh\u00e4ltlich.\" aria-describedby=\"gallery-12-10188\" srcset=\"https:\/\/flagprint.ch\/wp-content\/uploads\/2020\/02\/specials-schaerpe-miss-deluxe-doppellagig-mit-Brokat-abschluss-400x300.jpg 400w, https:\/\/flagprint.ch\/wp-content\/uploads\/2020\/02\/specials-schaerpe-miss-deluxe-doppellagig-mit-Brokat-abschluss-800x600.jpg 800w, https:\/\/flagprint.ch\/wp-content\/uploads\/2020\/02\/specials-schaerpe-miss-deluxe-doppellagig-mit-Brokat-abschluss-1200x900.jpg 1200w, https:\/\/flagprint.ch\/wp-content\/uploads\/2020\/02\/specials-schaerpe-miss-deluxe-doppellagig-mit-Brokat-abschluss-768x576.jpg 768w, https:\/\/flagprint.ch\/wp-content\/uploads\/2020\/02\/specials-schaerpe-miss-deluxe-doppellagig-mit-Brokat-abschluss-1536x1152.jpg 1536w, https:\/\/flagprint.ch\/wp-content\/uploads\/2020\/02\/specials-schaerpe-miss-deluxe-doppellagig-mit-Brokat-abschluss.jpg 1600w\" sizes=\"(max-width: 400px) 100vw, 400px\" \/><\/a>\n\t\t\t<\/div>\n\t\t\t\t<figcaption class='wp-caption-text gallery-caption' id='gallery-12-10188'>\n\t\t\t\tMiss Sch\u00e4rpe Deluxe, doppellagig mit Brokat.\n\t\t\t\t<\/figcaption><\/figure><figure class='gallery-item'>\n\t\t\t<div class='gallery-icon landscape'>\n\t\t\t\t<a  href='https:\/\/flagprint.ch\/wp-content\/uploads\/2020\/02\/specials-schaerpe-miss-eco-einlagig-geschnitten-abschluss.jpg' title=\"Sch\u00e4rpe Eco\" data-rl_title=\"Sch\u00e4rpe Eco\" class=\"rl-gallery-link\" data-rl_caption=\"Sch\u00e4rpe Eco, f\u00fcr Miss- und Mister Wahlen, Preisverleihungen und \u00e4hnliche Events. Geschnitten, 15 x 180 cm.&lt;br \/&gt;\n&lt;a href=&quot;\/produkte\/schaerpe\/&quot;&gt;Zum Produkt&lt;\/a&gt;\" data-rel=\"fp-lightbox-gallery-12\"><img loading=\"lazy\" decoding=\"async\" width=\"400\" height=\"300\" src=\"https:\/\/flagprint.ch\/wp-content\/uploads\/2020\/02\/specials-schaerpe-miss-eco-einlagig-geschnitten-abschluss-400x300.jpg\" class=\"attachment-thumbnail size-thumbnail\" alt=\"Hochwertige Sch\u00e4rpe mit individuellem Druck f\u00fcr Miss- &amp; Mister-Wahlen, Preisverleihungen &amp; \u00e4hnliche Events. In verschiedenen Ausf\u00fchrungen erh\u00e4ltlich.\" aria-describedby=\"gallery-12-10202\" srcset=\"https:\/\/flagprint.ch\/wp-content\/uploads\/2020\/02\/specials-schaerpe-miss-eco-einlagig-geschnitten-abschluss-400x300.jpg 400w, https:\/\/flagprint.ch\/wp-content\/uploads\/2020\/02\/specials-schaerpe-miss-eco-einlagig-geschnitten-abschluss-800x600.jpg 800w, https:\/\/flagprint.ch\/wp-content\/uploads\/2020\/02\/specials-schaerpe-miss-eco-einlagig-geschnitten-abschluss-1200x900.jpg 1200w, https:\/\/flagprint.ch\/wp-content\/uploads\/2020\/02\/specials-schaerpe-miss-eco-einlagig-geschnitten-abschluss-768x576.jpg 768w, https:\/\/flagprint.ch\/wp-content\/uploads\/2020\/02\/specials-schaerpe-miss-eco-einlagig-geschnitten-abschluss-1536x1152.jpg 1536w, https:\/\/flagprint.ch\/wp-content\/uploads\/2020\/02\/specials-schaerpe-miss-eco-einlagig-geschnitten-abschluss.jpg 1600w\" sizes=\"(max-width: 400px) 100vw, 400px\" \/><\/a>\n\t\t\t<\/div>\n\t\t\t\t<figcaption class='wp-caption-text gallery-caption' id='gallery-12-10202'>\n\t\t\t\tSch\u00e4rpe Eco\n\t\t\t\t<\/figcaption><\/figure><figure class='gallery-item'>\n\t\t\t<div class='gallery-icon landscape'>\n\t\t\t\t<a  href='https:\/\/flagprint.ch\/wp-content\/uploads\/2020\/02\/specials-schaerpe-miss-standard-einlagig-mit-Brokat-abschluss.jpg' title=\"Sch\u00e4rpe Standard\" data-rl_title=\"Sch\u00e4rpe Standard\" class=\"rl-gallery-link\" data-rl_caption=\"Sch\u00e4rpe Standard f\u00fcr Miss- und Mister Wahlen, Preisverleihungen und \u00e4hnliche Events. Geschnitten, 15 x 180 cm.&lt;br \/&gt;\n&lt;a href=&quot;\/produkte\/schaerpe\/&quot;&gt;Zum Produkt&lt;\/a&gt;\" data-rel=\"fp-lightbox-gallery-12\"><img loading=\"lazy\" decoding=\"async\" width=\"400\" height=\"300\" src=\"https:\/\/flagprint.ch\/wp-content\/uploads\/2020\/02\/specials-schaerpe-miss-standard-einlagig-mit-Brokat-abschluss-400x300.jpg\" class=\"attachment-thumbnail size-thumbnail\" alt=\"Hochwertige Sch\u00e4rpe mit individuellem Druck f\u00fcr Miss- &amp; Mister-Wahlen, Preisverleihungen &amp; \u00e4hnliche Events. In verschiedenen Ausf\u00fchrungen erh\u00e4ltlich.\" aria-describedby=\"gallery-12-10194\" srcset=\"https:\/\/flagprint.ch\/wp-content\/uploads\/2020\/02\/specials-schaerpe-miss-standard-einlagig-mit-Brokat-abschluss-400x300.jpg 400w, https:\/\/flagprint.ch\/wp-content\/uploads\/2020\/02\/specials-schaerpe-miss-standard-einlagig-mit-Brokat-abschluss-800x600.jpg 800w, https:\/\/flagprint.ch\/wp-content\/uploads\/2020\/02\/specials-schaerpe-miss-standard-einlagig-mit-Brokat-abschluss-1200x900.jpg 1200w, https:\/\/flagprint.ch\/wp-content\/uploads\/2020\/02\/specials-schaerpe-miss-standard-einlagig-mit-Brokat-abschluss-768x576.jpg 768w, https:\/\/flagprint.ch\/wp-content\/uploads\/2020\/02\/specials-schaerpe-miss-standard-einlagig-mit-Brokat-abschluss-1536x1152.jpg 1536w, https:\/\/flagprint.ch\/wp-content\/uploads\/2020\/02\/specials-schaerpe-miss-standard-einlagig-mit-Brokat-abschluss.jpg 1600w\" sizes=\"(max-width: 400px) 100vw, 400px\" \/><\/a>\n\t\t\t<\/div>\n\t\t\t\t<figcaption class='wp-caption-text gallery-caption' id='gallery-12-10194'>\n\t\t\t\tSch\u00e4rpe Standard\n\t\t\t\t<\/figcaption><\/figure><figure class='gallery-item'>\n\t\t\t<div class='gallery-icon landscape'>\n\t\t\t\t<a  href='https:\/\/flagprint.ch\/wp-content\/uploads\/2019\/02\/specials-heimtextil-tischset-yb-indoor.jpg' title=\"Textiles d\u2019int\u00e9rieur\" data-rl_title=\"Textiles d\u2019int\u00e9rieur\" class=\"rl-gallery-link\" data-rl_caption=\"Set de table coup\u00e9 rond. Format: 44 x 30 cm.&lt;br \/&gt;\n&lt;a href=&quot;\/fr\/produits\/textiles-dinterieur\/&quot;&gt;vers le produit&lt;\/a&gt;\" data-rel=\"fp-lightbox-gallery-12\"><img loading=\"lazy\" decoding=\"async\" width=\"400\" height=\"400\" src=\"https:\/\/flagprint.ch\/wp-content\/uploads\/2019\/02\/specials-heimtextil-tischset-yb-indoor-400x400.jpg\" class=\"attachment-thumbnail size-thumbnail\" alt=\"Textiles d\u2019int\u00e9rieur. Housses de coussins, sets de table, serviettes de table, d\u00e9corations de f\u00eates, \u00e9v\u00e9nements d\u2019entreprise, \u00e9v\u00e9nements d\u2019exposition et manifestations.\" aria-describedby=\"gallery-12-4295\" srcset=\"https:\/\/flagprint.ch\/wp-content\/uploads\/2019\/02\/specials-heimtextil-tischset-yb-indoor-400x400.jpg 400w, https:\/\/flagprint.ch\/wp-content\/uploads\/2019\/02\/specials-heimtextil-tischset-yb-indoor-20x20.jpg 20w, https:\/\/flagprint.ch\/wp-content\/uploads\/2019\/02\/specials-heimtextil-tischset-yb-indoor-40x40.jpg 40w, https:\/\/flagprint.ch\/wp-content\/uploads\/2019\/02\/specials-heimtextil-tischset-yb-indoor-60x60.jpg 60w\" sizes=\"(max-width: 400px) 100vw, 400px\" \/><\/a>\n\t\t\t<\/div>\n\t\t\t\t<figcaption class='wp-caption-text gallery-caption' id='gallery-12-4295'>\n\t\t\t\tTextiles d\u2019int\u00e9rieur\n\t\t\t\t<\/figcaption><\/figure><figure class='gallery-item'>\n\t\t\t<div class='gallery-icon landscape'>\n\t\t\t\t<a  href='https:\/\/flagprint.ch\/wp-content\/uploads\/2019\/02\/specials-heimtextil-tischset-indoor.jpg' title=\"Textiles d\u2019int\u00e9rieur\" data-rl_title=\"Textiles d\u2019int\u00e9rieur\" class=\"rl-gallery-link\" data-rl_caption=\"Set de table avec bordure. Format: 44 x 30 cm.&lt;br \/&gt;\n&lt;a href=&quot;\/fr\/produits\/textiles-dinterieur\/&quot;&gt;vers le produit&lt;\/a&gt;\" data-rel=\"fp-lightbox-gallery-12\"><img loading=\"lazy\" decoding=\"async\" width=\"400\" height=\"400\" src=\"https:\/\/flagprint.ch\/wp-content\/uploads\/2019\/02\/specials-heimtextil-tischset-indoor-400x400.jpg\" class=\"attachment-thumbnail size-thumbnail\" alt=\"Textiles d\u2019int\u00e9rieur. Housses de coussins, sets de table, serviettes de table, d\u00e9corations de f\u00eates, \u00e9v\u00e9nements d\u2019entreprise, \u00e9v\u00e9nements d\u2019exposition et manifestations.\" aria-describedby=\"gallery-12-4293\" srcset=\"https:\/\/flagprint.ch\/wp-content\/uploads\/2019\/02\/specials-heimtextil-tischset-indoor-400x400.jpg 400w, https:\/\/flagprint.ch\/wp-content\/uploads\/2019\/02\/specials-heimtextil-tischset-indoor-20x20.jpg 20w, https:\/\/flagprint.ch\/wp-content\/uploads\/2019\/02\/specials-heimtextil-tischset-indoor-40x40.jpg 40w, https:\/\/flagprint.ch\/wp-content\/uploads\/2019\/02\/specials-heimtextil-tischset-indoor-60x60.jpg 60w\" sizes=\"(max-width: 400px) 100vw, 400px\" \/><\/a>\n\t\t\t<\/div>\n\t\t\t\t<figcaption class='wp-caption-text gallery-caption' id='gallery-12-4293'>\n\t\t\t\tTextiles d\u2019int\u00e9rieur\n\t\t\t\t<\/figcaption><\/figure><figure class='gallery-item'>\n\t\t\t<div class='gallery-icon portrait'>\n\t\t\t\t<a  href='https:\/\/flagprint.ch\/wp-content\/uploads\/2019\/02\/specials-rikschadach-outdoor-werbung.jpg' title=\"Toiture de pousse-pousse\" data-rl_title=\"Toiture de pousse-pousse\" class=\"rl-gallery-link\" data-rl_caption=\"Tissu de toiture pour pousse-pousse.&lt;br \/&gt;\n&lt;a href=&quot;\/fr\/produits\/toiture-de-pousse-pousse\/&quot;&gt;vers le produit&lt;\/a&gt;\" data-rel=\"fp-lightbox-gallery-12\"><img loading=\"lazy\" decoding=\"async\" width=\"400\" height=\"400\" src=\"https:\/\/flagprint.ch\/wp-content\/uploads\/2019\/02\/specials-rikschadach-outdoor-werbung-400x400.jpg\" class=\"attachment-thumbnail size-thumbnail\" alt=\"Les fabrications individuelles comme une toiture de pousse-pousse sont tout autant les bienvenues que d\u2019autres produits qui sont fabriqu\u00e9s en tissu.\" aria-describedby=\"gallery-12-4290\" srcset=\"https:\/\/flagprint.ch\/wp-content\/uploads\/2019\/02\/specials-rikschadach-outdoor-werbung-400x400.jpg 400w, https:\/\/flagprint.ch\/wp-content\/uploads\/2019\/02\/specials-rikschadach-outdoor-werbung-20x20.jpg 20w, https:\/\/flagprint.ch\/wp-content\/uploads\/2019\/02\/specials-rikschadach-outdoor-werbung-40x40.jpg 40w, https:\/\/flagprint.ch\/wp-content\/uploads\/2019\/02\/specials-rikschadach-outdoor-werbung-60x60.jpg 60w\" sizes=\"(max-width: 400px) 100vw, 400px\" \/><\/a>\n\t\t\t<\/div>\n\t\t\t\t<figcaption class='wp-caption-text gallery-caption' id='gallery-12-4290'>\n\t\t\t\tToiture de pousse-pousse\n\t\t\t\t<\/figcaption><\/figure><figure class='gallery-item'>\n\t\t\t<div class='gallery-icon landscape'>\n\t\t\t\t<a  href='https:\/\/flagprint.ch\/wp-content\/uploads\/2019\/02\/specials-hundeschabracken-sozialhunde-reflektierendes-band-outdoor.jpg' title=\"Chabraques pour chiens\" data-rl_title=\"Chabraques pour chiens\" class=\"rl-gallery-link\" data-rl_caption=\"Chabraque avec bande r\u00e9fl\u00e9chissante, imprim\u00e9e et confectionn\u00e9e individuellement.&lt;br \/&gt;\n&lt;a href=&quot;\/fr\/produits\/chabraques-pour-chiens\/&quot;&gt;vers le produit&lt;\/a&gt;\" data-rel=\"fp-lightbox-gallery-12\"><img loading=\"lazy\" decoding=\"async\" width=\"400\" height=\"400\" src=\"https:\/\/flagprint.ch\/wp-content\/uploads\/2019\/02\/specials-hundeschabracken-sozialhunde-reflektierendes-band-outdoor-400x400.jpg\" class=\"attachment-thumbnail size-thumbnail\" alt=\"Chabraque avec bande r\u00e9fl\u00e9chissante, imprim\u00e9e et confectionn\u00e9e individuellement. Pour les chiens en cours d\u2019apprentissage ou lorsqu\u2019ils sont au travail.\" aria-describedby=\"gallery-12-4285\" srcset=\"https:\/\/flagprint.ch\/wp-content\/uploads\/2019\/02\/specials-hundeschabracken-sozialhunde-reflektierendes-band-outdoor-400x400.jpg 400w, https:\/\/flagprint.ch\/wp-content\/uploads\/2019\/02\/specials-hundeschabracken-sozialhunde-reflektierendes-band-outdoor-20x20.jpg 20w, https:\/\/flagprint.ch\/wp-content\/uploads\/2019\/02\/specials-hundeschabracken-sozialhunde-reflektierendes-band-outdoor-40x40.jpg 40w, https:\/\/flagprint.ch\/wp-content\/uploads\/2019\/02\/specials-hundeschabracken-sozialhunde-reflektierendes-band-outdoor-60x60.jpg 60w\" sizes=\"(max-width: 400px) 100vw, 400px\" \/><\/a>\n\t\t\t<\/div>\n\t\t\t\t<figcaption class='wp-caption-text gallery-caption' id='gallery-12-4285'>\n\t\t\t\tChabraques pour chiens\n\t\t\t\t<\/figcaption><\/figure><figure class='gallery-item'>\n\t\t\t<div class='gallery-icon landscape'>\n\t\t\t\t<a  href='https:\/\/flagprint.ch\/wp-content\/uploads\/2019\/02\/specials-hundeschabracken-sozialhunde-reflektierendes-band-outdoor-blindenf\u00fchrung.jpg' title=\"Chabraques pour chiens\" data-rl_title=\"Chabraques pour chiens\" class=\"rl-gallery-link\" data-rl_caption=\"Chabraque pour chien, tout autour avec bande luminescente r\u00e9fl\u00e9chissante.&lt;br \/&gt;\n&lt;a href=&quot;\/fr\/produits\/chabraques-pour-chiens\/&quot;&gt;vers le produit&lt;\/a&gt;\" data-rel=\"fp-lightbox-gallery-12\"><img loading=\"lazy\" decoding=\"async\" width=\"400\" height=\"400\" src=\"https:\/\/flagprint.ch\/wp-content\/uploads\/2019\/02\/specials-hundeschabracken-sozialhunde-reflektierendes-band-outdoor-blindenf\u00fchrung-400x400.jpg\" class=\"attachment-thumbnail size-thumbnail\" alt=\"Chabraque avec bande r\u00e9fl\u00e9chissante, imprim\u00e9e et confectionn\u00e9e individuellement. Pour les chiens en cours d\u2019apprentissage ou lorsqu\u2019ils sont au travail.\" aria-describedby=\"gallery-12-4283\" srcset=\"https:\/\/flagprint.ch\/wp-content\/uploads\/2019\/02\/specials-hundeschabracken-sozialhunde-reflektierendes-band-outdoor-blindenf\u00fchrung-400x400.jpg 400w, https:\/\/flagprint.ch\/wp-content\/uploads\/2019\/02\/specials-hundeschabracken-sozialhunde-reflektierendes-band-outdoor-blindenf\u00fchrung-20x20.jpg 20w, https:\/\/flagprint.ch\/wp-content\/uploads\/2019\/02\/specials-hundeschabracken-sozialhunde-reflektierendes-band-outdoor-blindenf\u00fchrung-40x40.jpg 40w, https:\/\/flagprint.ch\/wp-content\/uploads\/2019\/02\/specials-hundeschabracken-sozialhunde-reflektierendes-band-outdoor-blindenf\u00fchrung-60x60.jpg 60w\" sizes=\"(max-width: 400px) 100vw, 400px\" \/><\/a>\n\t\t\t<\/div>\n\t\t\t\t<figcaption class='wp-caption-text gallery-caption' id='gallery-12-4283'>\n\t\t\t\tChabraques pour chiens\n\t\t\t\t<\/figcaption><\/figure><figure class='gallery-item'>\n\t\t\t<div class='gallery-icon portrait'>\n\t\t\t\t<a  href='https:\/\/flagprint.ch\/wp-content\/uploads\/2019\/02\/specials-hundeschabracken-hundeschule-outdoor.jpg' title=\"Chabraques pour chiens\" data-rl_title=\"Chabraques pour chiens\" class=\"rl-gallery-link\" data-rl_caption=\"Chabraque avec bande r\u00e9fl\u00e9chissante, imprim\u00e9e et confectionn\u00e9e individuellement. &lt;br \/&gt;\n&lt;a href=&quot;\/fr\/produits\/chabraques-pour-chiens\/&quot;&gt;vers le produit&lt;\/a&gt;\" data-rel=\"fp-lightbox-gallery-12\"><img loading=\"lazy\" decoding=\"async\" width=\"400\" height=\"400\" src=\"https:\/\/flagprint.ch\/wp-content\/uploads\/2019\/02\/specials-hundeschabracken-hundeschule-outdoor-400x400.jpg\" class=\"attachment-thumbnail size-thumbnail\" alt=\"Chabraque avec bande r\u00e9fl\u00e9chissante, imprim\u00e9e et confectionn\u00e9e individuellement. Pour les chiens en cours d\u2019apprentissage ou lorsqu\u2019ils sont au travail.\" aria-describedby=\"gallery-12-4281\" srcset=\"https:\/\/flagprint.ch\/wp-content\/uploads\/2019\/02\/specials-hundeschabracken-hundeschule-outdoor-400x400.jpg 400w, https:\/\/flagprint.ch\/wp-content\/uploads\/2019\/02\/specials-hundeschabracken-hundeschule-outdoor-20x20.jpg 20w, https:\/\/flagprint.ch\/wp-content\/uploads\/2019\/02\/specials-hundeschabracken-hundeschule-outdoor-40x40.jpg 40w, https:\/\/flagprint.ch\/wp-content\/uploads\/2019\/02\/specials-hundeschabracken-hundeschule-outdoor-60x60.jpg 60w\" sizes=\"(max-width: 400px) 100vw, 400px\" \/><\/a>\n\t\t\t<\/div>\n\t\t\t\t<figcaption class='wp-caption-text gallery-caption' id='gallery-12-4281'>\n\t\t\t\tChabraques pour chiens\n\t\t\t\t<\/figcaption><\/figure><figure class='gallery-item'>\n\t\t\t<div class='gallery-icon landscape'>\n\t\t\t\t<a  href='https:\/\/flagprint.ch\/wp-content\/uploads\/2019\/02\/specials-spieltischlayouts-roulettetisch-indoor-casino.jpg' title=\"Revetement de table de jeu, Roulette\" data-rl_title=\"Revetement de table de jeu, Roulette\" class=\"rl-gallery-link\" data-rl_caption=\"Rev\u00eatements individualis\u00e9s pour casinos dans une qualit\u00e9 des plus \u00e9lev\u00e9es.&lt;br \/&gt;\n&lt;a href=&quot;\/fr\/produits\/revetement-de-table-de-jeu\/&quot;&gt;vers le produit&lt;\/a&gt;\" data-rel=\"fp-lightbox-gallery-12\"><img loading=\"lazy\" decoding=\"async\" width=\"400\" height=\"400\" src=\"https:\/\/flagprint.ch\/wp-content\/uploads\/2019\/02\/specials-spieltischlayouts-roulettetisch-indoor-casino-400x400.jpg\" class=\"attachment-thumbnail size-thumbnail\" alt=\"Rev\u00eatements individualis\u00e9s pour casinos dans une qualit\u00e9 des plus \u00e9lev\u00e9es. Les tables de jeu de roulette, de poker et de black-jack.\" aria-describedby=\"gallery-12-4278\" srcset=\"https:\/\/flagprint.ch\/wp-content\/uploads\/2019\/02\/specials-spieltischlayouts-roulettetisch-indoor-casino-400x400.jpg 400w, https:\/\/flagprint.ch\/wp-content\/uploads\/2019\/02\/specials-spieltischlayouts-roulettetisch-indoor-casino-20x20.jpg 20w, https:\/\/flagprint.ch\/wp-content\/uploads\/2019\/02\/specials-spieltischlayouts-roulettetisch-indoor-casino-40x40.jpg 40w, https:\/\/flagprint.ch\/wp-content\/uploads\/2019\/02\/specials-spieltischlayouts-roulettetisch-indoor-casino-60x60.jpg 60w\" sizes=\"(max-width: 400px) 100vw, 400px\" \/><\/a>\n\t\t\t<\/div>\n\t\t\t\t<figcaption class='wp-caption-text gallery-caption' id='gallery-12-4278'>\n\t\t\t\tRevetement de table de jeu, Roulette\n\t\t\t\t<\/figcaption><\/figure><figure class='gallery-item'>\n\t\t\t<div class='gallery-icon landscape'>\n\t\t\t\t<a  href='https:\/\/flagprint.ch\/wp-content\/uploads\/2019\/02\/specials-spieltischlayouts-roulette-indoor-casino.jpg' title=\"Revetement de table de jeu, Roulette\" data-rl_title=\"Revetement de table de jeu, Roulette\" class=\"rl-gallery-link\" data-rl_caption=\"Rev\u00eatements individualis\u00e9s pour casinos dans une qualit\u00e9 des plus \u00e9lev\u00e9es.&lt;br \/&gt;\n&lt;a href=&quot;\/fr\/produits\/revetement-de-table-de-jeu\/&quot;&gt;vers le produit&lt;\/a&gt;\" data-rel=\"fp-lightbox-gallery-12\"><img loading=\"lazy\" decoding=\"async\" width=\"400\" height=\"400\" src=\"https:\/\/flagprint.ch\/wp-content\/uploads\/2019\/02\/specials-spieltischlayouts-roulette-indoor-casino-400x400.jpg\" class=\"attachment-thumbnail size-thumbnail\" alt=\"Rev\u00eatements individualis\u00e9s pour casinos dans une qualit\u00e9 des plus \u00e9lev\u00e9es. Les tables de jeu de roulette, de poker et de black-jack.\" aria-describedby=\"gallery-12-4276\" srcset=\"https:\/\/flagprint.ch\/wp-content\/uploads\/2019\/02\/specials-spieltischlayouts-roulette-indoor-casino-400x400.jpg 400w, https:\/\/flagprint.ch\/wp-content\/uploads\/2019\/02\/specials-spieltischlayouts-roulette-indoor-casino-20x20.jpg 20w, https:\/\/flagprint.ch\/wp-content\/uploads\/2019\/02\/specials-spieltischlayouts-roulette-indoor-casino-40x40.jpg 40w, https:\/\/flagprint.ch\/wp-content\/uploads\/2019\/02\/specials-spieltischlayouts-roulette-indoor-casino-60x60.jpg 60w\" sizes=\"(max-width: 400px) 100vw, 400px\" \/><\/a>\n\t\t\t<\/div>\n\t\t\t\t<figcaption class='wp-caption-text gallery-caption' id='gallery-12-4276'>\n\t\t\t\tRevetement de table de jeu, Roulette\n\t\t\t\t<\/figcaption><\/figure><figure class='gallery-item'>\n\t\t\t<div class='gallery-icon landscape'>\n\t\t\t\t<a  href='https:\/\/flagprint.ch\/wp-content\/uploads\/2019\/02\/specials-spieltischlayouts-roulette-indoor-casino-baden.jpg' title=\"Revetement de table de jeu, Roulette\" data-rl_title=\"Revetement de table de jeu, Roulette\" class=\"rl-gallery-link\" data-rl_caption=\"Les tables de jeu de roulette, de poker et de black-jack sont recouvertes des rev\u00eatements.&lt;br \/&gt;\n&lt;a href=&quot;\/fr\/produits\/revetement-de-table-de-jeu\/&quot;&gt;vers le produit&lt;\/a&gt;\" data-rel=\"fp-lightbox-gallery-12\"><img loading=\"lazy\" decoding=\"async\" width=\"400\" height=\"400\" src=\"https:\/\/flagprint.ch\/wp-content\/uploads\/2019\/02\/specials-spieltischlayouts-roulette-indoor-casino-baden-400x400.jpg\" class=\"attachment-thumbnail size-thumbnail\" alt=\"Rev\u00eatements individualis\u00e9s pour casinos dans une qualit\u00e9 des plus \u00e9lev\u00e9es. Les tables de jeu de roulette, de poker et de black-jack.\" aria-describedby=\"gallery-12-4274\" srcset=\"https:\/\/flagprint.ch\/wp-content\/uploads\/2019\/02\/specials-spieltischlayouts-roulette-indoor-casino-baden-400x400.jpg 400w, https:\/\/flagprint.ch\/wp-content\/uploads\/2019\/02\/specials-spieltischlayouts-roulette-indoor-casino-baden-20x20.jpg 20w, https:\/\/flagprint.ch\/wp-content\/uploads\/2019\/02\/specials-spieltischlayouts-roulette-indoor-casino-baden-40x40.jpg 40w, https:\/\/flagprint.ch\/wp-content\/uploads\/2019\/02\/specials-spieltischlayouts-roulette-indoor-casino-baden-60x60.jpg 60w\" sizes=\"(max-width: 400px) 100vw, 400px\" \/><\/a>\n\t\t\t<\/div>\n\t\t\t\t<figcaption class='wp-caption-text gallery-caption' id='gallery-12-4274'>\n\t\t\t\tRevetement de table de jeu, Roulette\n\t\t\t\t<\/figcaption><\/figure><figure class='gallery-item'>\n\t\t\t<div class='gallery-icon landscape'>\n\t\t\t\t<a  href='https:\/\/flagprint.ch\/wp-content\/uploads\/2019\/02\/specials-schaerpe-deluxe-doppellagig-glaenzend-event.jpg' title=\"\u00c9charpe\" data-rl_title=\"\u00c9charpe\" class=\"rl-gallery-link\" data-rl_caption=\"Dans diff\u00e9rentes fabrications, monocouche, \u00e0 double couche, avec ou sans ornementation cousue.&lt;br \/&gt;\n&lt;a href=&quot;\/fr\/produits\/echarpe\/&quot;&gt;vers le produit&lt;\/a&gt;\" data-rel=\"fp-lightbox-gallery-12\"><img loading=\"lazy\" decoding=\"async\" width=\"400\" height=\"400\" src=\"https:\/\/flagprint.ch\/wp-content\/uploads\/2019\/02\/specials-schaerpe-deluxe-doppellagig-glaenzend-event-400x400.jpg\" class=\"attachment-thumbnail size-thumbnail\" alt=\"\u00c9charpe - dans diff\u00e9rentes fabrications, monocouche, \u00e0 double couche, avec ou sans ornementation cousue. Pour les \u00e9lections des Miss et des Misters\" aria-describedby=\"gallery-12-4262\" srcset=\"https:\/\/flagprint.ch\/wp-content\/uploads\/2019\/02\/specials-schaerpe-deluxe-doppellagig-glaenzend-event-400x400.jpg 400w, https:\/\/flagprint.ch\/wp-content\/uploads\/2019\/02\/specials-schaerpe-deluxe-doppellagig-glaenzend-event-20x20.jpg 20w, https:\/\/flagprint.ch\/wp-content\/uploads\/2019\/02\/specials-schaerpe-deluxe-doppellagig-glaenzend-event-40x40.jpg 40w, https:\/\/flagprint.ch\/wp-content\/uploads\/2019\/02\/specials-schaerpe-deluxe-doppellagig-glaenzend-event-60x60.jpg 60w\" sizes=\"(max-width: 400px) 100vw, 400px\" \/><\/a>\n\t\t\t<\/div>\n\t\t\t\t<figcaption class='wp-caption-text gallery-caption' id='gallery-12-4262'>\n\t\t\t\t\u00c9charpe\n\t\t\t\t<\/figcaption><\/figure>\n\t\t<\/div>\n\t\t<\/div>\n\t\t\t\t\t\t<\/div>\n\t\t\t\t<\/div>\n\t\t\t\t\t<\/div>\n\t\t<\/div>\n\t\t\t\t\t<\/div>\n\t\t<\/section>\n\t\t\t\t<section class=\"elementor-section elementor-inner-section elementor-element elementor-element-941a1e8 elementor-section-full_width fp-gallery elementor-section-height-default elementor-section-height-default\" data-id=\"941a1e8\" data-element_type=\"section\" data-e-type=\"section\" id=\"fp-id-corona\">\n\t\t\t\t\t\t<div class=\"elementor-container elementor-column-gap-no\">\n\t\t\t\t\t<div class=\"elementor-column elementor-col-100 elementor-inner-column elementor-element elementor-element-9feadbd\" data-id=\"9feadbd\" data-element_type=\"column\" data-e-type=\"column\">\n\t\t\t<div class=\"elementor-widget-wrap elementor-element-populated\">\n\t\t\t\t\t\t<div class=\"elementor-element elementor-element-f1a737f elementor-widget elementor-widget-heading\" data-id=\"f1a737f\" data-element_type=\"widget\" data-e-type=\"widget\" data-widget_type=\"heading.default\">\n\t\t\t\t<div class=\"elementor-widget-container\">\n\t\t\t\t\t<h2 class=\"elementor-heading-title elementor-size-default\">Produits de protection Corona<\/h2>\t\t\t\t<\/div>\n\t\t\t\t<\/div>\n\t\t\t\t<div class=\"elementor-element elementor-element-ef26b30 elementor-widget elementor-widget-image-gallery\" data-id=\"ef26b30\" data-element_type=\"widget\" data-e-type=\"widget\" data-widget_type=\"image-gallery.default\">\n\t\t\t\t<div class=\"elementor-widget-container\">\n\t\t\t\t\t\t\t<div class=\"elementor-image-gallery\">\n\t\t\t<div id='gallery-13' class='gallery galleryid-13913 gallery-columns-5 gallery-size-thumbnail'><figure class='gallery-item'>\n\t\t\t<div class='gallery-icon landscape'>\n\t\t\t\t<a  href='https:\/\/flagprint.ch\/wp-content\/uploads\/2020\/05\/flagprint-mobile-schutzwand-protectionframe-restaurant-indoor-1200x900-heute-morgen.jpg' title=\"Paroi de protection mobile protectionframe\" data-rl_title=\"Paroi de protection mobile protectionframe\" class=\"rl-gallery-link\" data-rl_caption=\"Les domaines d\u2019application de cette paroi de s\u00e9paration mobile sont pratiquement illimit\u00e9s: maisons de retraite, restauration, centres de fitness, salons de coiffure, bureaux, zones de caisses et d\u2019accueil.\" data-rel=\"fp-lightbox-gallery-13\"><img loading=\"lazy\" decoding=\"async\" width=\"400\" height=\"300\" src=\"https:\/\/flagprint.ch\/wp-content\/uploads\/2020\/05\/flagprint-mobile-schutzwand-protectionframe-restaurant-indoor-1200x900-heute-morgen-400x300.jpg\" class=\"attachment-thumbnail size-thumbnail\" alt=\"protectionframe de flagprint vous permet de prot\u00e9ger vos clients et collaborateurs. Constitu\u00e9es d\u2019un cadre en aluminium avec un film PVC transparent.\" aria-describedby=\"gallery-13-10723\" srcset=\"https:\/\/flagprint.ch\/wp-content\/uploads\/2020\/05\/flagprint-mobile-schutzwand-protectionframe-restaurant-indoor-1200x900-heute-morgen-400x300.jpg 400w, https:\/\/flagprint.ch\/wp-content\/uploads\/2020\/05\/flagprint-mobile-schutzwand-protectionframe-restaurant-indoor-1200x900-heute-morgen-800x600.jpg 800w, https:\/\/flagprint.ch\/wp-content\/uploads\/2020\/05\/flagprint-mobile-schutzwand-protectionframe-restaurant-indoor-1200x900-heute-morgen-768x576.jpg 768w, https:\/\/flagprint.ch\/wp-content\/uploads\/2020\/05\/flagprint-mobile-schutzwand-protectionframe-restaurant-indoor-1200x900-heute-morgen.jpg 1200w\" sizes=\"(max-width: 400px) 100vw, 400px\" \/><\/a>\n\t\t\t<\/div>\n\t\t\t\t<figcaption class='wp-caption-text gallery-caption' id='gallery-13-10723'>\n\t\t\t\tParoi de protection mobile protectionframe\n\t\t\t\t<\/figcaption><\/figure><figure class='gallery-item'>\n\t\t\t<div class='gallery-icon landscape'>\n\t\t\t\t<a  href='https:\/\/flagprint.ch\/wp-content\/uploads\/2020\/05\/flagprint-mobile-schutzwand-protectionframe-fitnessstudio-indoor.jpg' title=\"Paroi de protection mobile protectionframe\" data-rl_title=\"Paroi de protection mobile protectionframe\" class=\"rl-gallery-link\" data-rl_caption=\"Les domaines d\u2019application de cette paroi de s\u00e9paration mobile sont pratiquement illimit\u00e9s: maisons de retraite, restauration, centres de fitness, salons de coiffure, bureaux, zones de caisses et d\u2019accueil.\" data-rel=\"fp-lightbox-gallery-13\"><img loading=\"lazy\" decoding=\"async\" width=\"400\" height=\"300\" src=\"https:\/\/flagprint.ch\/wp-content\/uploads\/2020\/05\/flagprint-mobile-schutzwand-protectionframe-fitnessstudio-indoor-400x300.jpg\" class=\"attachment-thumbnail size-thumbnail\" alt=\"protectionframe de flagprint vous permet de prot\u00e9ger vos clients et collaborateurs. Constitu\u00e9es d\u2019un cadre en aluminium avec un film PVC transparent.\" aria-describedby=\"gallery-13-10638\" srcset=\"https:\/\/flagprint.ch\/wp-content\/uploads\/2020\/05\/flagprint-mobile-schutzwand-protectionframe-fitnessstudio-indoor-400x300.jpg 400w, https:\/\/flagprint.ch\/wp-content\/uploads\/2020\/05\/flagprint-mobile-schutzwand-protectionframe-fitnessstudio-indoor-800x600.jpg 800w, https:\/\/flagprint.ch\/wp-content\/uploads\/2020\/05\/flagprint-mobile-schutzwand-protectionframe-fitnessstudio-indoor-1200x900.jpg 1200w, https:\/\/flagprint.ch\/wp-content\/uploads\/2020\/05\/flagprint-mobile-schutzwand-protectionframe-fitnessstudio-indoor-768x576.jpg 768w, https:\/\/flagprint.ch\/wp-content\/uploads\/2020\/05\/flagprint-mobile-schutzwand-protectionframe-fitnessstudio-indoor-1536x1152.jpg 1536w, https:\/\/flagprint.ch\/wp-content\/uploads\/2020\/05\/flagprint-mobile-schutzwand-protectionframe-fitnessstudio-indoor.jpg 1600w\" sizes=\"(max-width: 400px) 100vw, 400px\" \/><\/a>\n\t\t\t<\/div>\n\t\t\t\t<figcaption class='wp-caption-text gallery-caption' id='gallery-13-10638'>\n\t\t\t\tParoi de protection mobile protectionframe\n\t\t\t\t<\/figcaption><\/figure><figure class='gallery-item'>\n\t\t\t<div class='gallery-icon landscape'>\n\t\t\t\t<a  href='https:\/\/flagprint.ch\/wp-content\/uploads\/2020\/05\/flagprint-mobile-schutzwand-protectionframe-restaurant-outdoor.jpg' title=\"Paroi de protection mobile protectionframe\" data-rl_title=\"Paroi de protection mobile protectionframe\" class=\"rl-gallery-link\" data-rl_caption=\"Les domaines d\u2019application de cette paroi de s\u00e9paration mobile sont pratiquement illimit\u00e9s: maisons de retraite, restauration, centres de fitness, salons de coiffure, bureaux, zones de caisses et d\u2019accueil.\" data-rel=\"fp-lightbox-gallery-13\"><img loading=\"lazy\" decoding=\"async\" width=\"400\" height=\"300\" src=\"https:\/\/flagprint.ch\/wp-content\/uploads\/2020\/05\/flagprint-mobile-schutzwand-protectionframe-restaurant-outdoor-400x300.jpg\" class=\"attachment-thumbnail size-thumbnail\" alt=\"protectionframe de flagprint vous permet de prot\u00e9ger vos clients et collaborateurs. Constitu\u00e9es d\u2019un cadre en aluminium avec un film PVC transparent.\" aria-describedby=\"gallery-13-10648\" srcset=\"https:\/\/flagprint.ch\/wp-content\/uploads\/2020\/05\/flagprint-mobile-schutzwand-protectionframe-restaurant-outdoor-400x300.jpg 400w, https:\/\/flagprint.ch\/wp-content\/uploads\/2020\/05\/flagprint-mobile-schutzwand-protectionframe-restaurant-outdoor-800x600.jpg 800w, https:\/\/flagprint.ch\/wp-content\/uploads\/2020\/05\/flagprint-mobile-schutzwand-protectionframe-restaurant-outdoor-1200x900.jpg 1200w, https:\/\/flagprint.ch\/wp-content\/uploads\/2020\/05\/flagprint-mobile-schutzwand-protectionframe-restaurant-outdoor-768x576.jpg 768w, https:\/\/flagprint.ch\/wp-content\/uploads\/2020\/05\/flagprint-mobile-schutzwand-protectionframe-restaurant-outdoor-1536x1152.jpg 1536w, https:\/\/flagprint.ch\/wp-content\/uploads\/2020\/05\/flagprint-mobile-schutzwand-protectionframe-restaurant-outdoor.jpg 1600w\" sizes=\"(max-width: 400px) 100vw, 400px\" \/><\/a>\n\t\t\t<\/div>\n\t\t\t\t<figcaption class='wp-caption-text gallery-caption' id='gallery-13-10648'>\n\t\t\t\tParoi de protection mobile protectionframe\n\t\t\t\t<\/figcaption><\/figure><figure class='gallery-item'>\n\t\t\t<div class='gallery-icon landscape'>\n\t\t\t\t<a  href='https:\/\/flagprint.ch\/wp-content\/uploads\/2020\/05\/flagprint-mobile-schutzwand-protectionframe-restaurant-outdoor-schutz.jpg' title=\"Paroi de protection mobile protectionframe\" data-rl_title=\"Paroi de protection mobile protectionframe\" class=\"rl-gallery-link\" data-rl_caption=\"Les domaines d\u2019application de cette paroi de s\u00e9paration mobile sont pratiquement illimit\u00e9s: maisons de retraite, restauration, centres de fitness, salons de coiffure, bureaux, zones de caisses et d\u2019accueil.\" data-rel=\"fp-lightbox-gallery-13\"><img loading=\"lazy\" decoding=\"async\" width=\"400\" height=\"300\" src=\"https:\/\/flagprint.ch\/wp-content\/uploads\/2020\/05\/flagprint-mobile-schutzwand-protectionframe-restaurant-outdoor-schutz-400x300.jpg\" class=\"attachment-thumbnail size-thumbnail\" alt=\"protectionframe de flagprint vous permet de prot\u00e9ger vos clients et collaborateurs. Constitu\u00e9es d\u2019un cadre en aluminium avec un film PVC transparent.\" aria-describedby=\"gallery-13-10646\" srcset=\"https:\/\/flagprint.ch\/wp-content\/uploads\/2020\/05\/flagprint-mobile-schutzwand-protectionframe-restaurant-outdoor-schutz-400x300.jpg 400w, https:\/\/flagprint.ch\/wp-content\/uploads\/2020\/05\/flagprint-mobile-schutzwand-protectionframe-restaurant-outdoor-schutz-800x600.jpg 800w, https:\/\/flagprint.ch\/wp-content\/uploads\/2020\/05\/flagprint-mobile-schutzwand-protectionframe-restaurant-outdoor-schutz-1200x900.jpg 1200w, https:\/\/flagprint.ch\/wp-content\/uploads\/2020\/05\/flagprint-mobile-schutzwand-protectionframe-restaurant-outdoor-schutz-768x576.jpg 768w, https:\/\/flagprint.ch\/wp-content\/uploads\/2020\/05\/flagprint-mobile-schutzwand-protectionframe-restaurant-outdoor-schutz-1536x1152.jpg 1536w, https:\/\/flagprint.ch\/wp-content\/uploads\/2020\/05\/flagprint-mobile-schutzwand-protectionframe-restaurant-outdoor-schutz.jpg 1600w\" sizes=\"(max-width: 400px) 100vw, 400px\" \/><\/a>\n\t\t\t<\/div>\n\t\t\t\t<figcaption class='wp-caption-text gallery-caption' id='gallery-13-10646'>\n\t\t\t\tParoi de protection mobile protectionframe\n\t\t\t\t<\/figcaption><\/figure><figure class='gallery-item'>\n\t\t\t<div class='gallery-icon landscape'>\n\t\t\t\t<a  href='https:\/\/flagprint.ch\/wp-content\/uploads\/2020\/05\/flagprint-mobile-schutzwand-protectionframe-office-buero.jpg' title=\"Paroi de protection mobile protectionframe\" data-rl_title=\"Paroi de protection mobile protectionframe\" class=\"rl-gallery-link\" data-rl_caption=\"Les domaines d\u2019application de cette paroi de s\u00e9paration mobile sont pratiquement illimit\u00e9s: maisons de retraite, restauration, centres de fitness, salons de coiffure, bureaux, zones de caisses et d\u2019accueil.\" data-rel=\"fp-lightbox-gallery-13\"><img loading=\"lazy\" decoding=\"async\" width=\"400\" height=\"300\" src=\"https:\/\/flagprint.ch\/wp-content\/uploads\/2020\/05\/flagprint-mobile-schutzwand-protectionframe-office-buero-400x300.jpg\" class=\"attachment-thumbnail size-thumbnail\" alt=\"protectionframe de flagprint vous permet de prot\u00e9ger vos clients et collaborateurs. Constitu\u00e9es d\u2019un cadre en aluminium avec un film PVC transparent.\" aria-describedby=\"gallery-13-10642\" srcset=\"https:\/\/flagprint.ch\/wp-content\/uploads\/2020\/05\/flagprint-mobile-schutzwand-protectionframe-office-buero-400x300.jpg 400w, https:\/\/flagprint.ch\/wp-content\/uploads\/2020\/05\/flagprint-mobile-schutzwand-protectionframe-office-buero-800x600.jpg 800w, https:\/\/flagprint.ch\/wp-content\/uploads\/2020\/05\/flagprint-mobile-schutzwand-protectionframe-office-buero-1200x900.jpg 1200w, https:\/\/flagprint.ch\/wp-content\/uploads\/2020\/05\/flagprint-mobile-schutzwand-protectionframe-office-buero-768x576.jpg 768w, https:\/\/flagprint.ch\/wp-content\/uploads\/2020\/05\/flagprint-mobile-schutzwand-protectionframe-office-buero-1536x1152.jpg 1536w, https:\/\/flagprint.ch\/wp-content\/uploads\/2020\/05\/flagprint-mobile-schutzwand-protectionframe-office-buero.jpg 1600w\" sizes=\"(max-width: 400px) 100vw, 400px\" \/><\/a>\n\t\t\t<\/div>\n\t\t\t\t<figcaption class='wp-caption-text gallery-caption' id='gallery-13-10642'>\n\t\t\t\tParoi de protection mobile protectionframe\n\t\t\t\t<\/figcaption><\/figure><figure class='gallery-item'>\n\t\t\t<div class='gallery-icon landscape'>\n\t\t\t\t<a  href='https:\/\/flagprint.ch\/wp-content\/uploads\/2020\/05\/flagprint-mobile-schutzwand-protectionframe-indoor-outdoor-schutzfolie-keder-alurahmen.jpg' title=\"Paroi de protection mobile protectionframe\" data-rl_title=\"Paroi de protection mobile protectionframe\" class=\"rl-gallery-link\" data-rl_caption=\"Ces parois de s\u00e9paration l\u00e9g\u00e8res sont constitu\u00e9es d\u2019un cadre en aluminium sur lequel est tendu un film PVC transparent.\" data-rel=\"fp-lightbox-gallery-13\"><img loading=\"lazy\" decoding=\"async\" width=\"400\" height=\"300\" src=\"https:\/\/flagprint.ch\/wp-content\/uploads\/2020\/05\/flagprint-mobile-schutzwand-protectionframe-indoor-outdoor-schutzfolie-keder-alurahmen-400x300.jpg\" class=\"attachment-thumbnail size-thumbnail\" alt=\"protectionframe de flagprint vous permet de prot\u00e9ger vos clients et collaborateurs. Constitu\u00e9es d\u2019un cadre en aluminium avec un film PVC transparent.\" aria-describedby=\"gallery-13-10640\" srcset=\"https:\/\/flagprint.ch\/wp-content\/uploads\/2020\/05\/flagprint-mobile-schutzwand-protectionframe-indoor-outdoor-schutzfolie-keder-alurahmen-400x300.jpg 400w, https:\/\/flagprint.ch\/wp-content\/uploads\/2020\/05\/flagprint-mobile-schutzwand-protectionframe-indoor-outdoor-schutzfolie-keder-alurahmen-800x600.jpg 800w, https:\/\/flagprint.ch\/wp-content\/uploads\/2020\/05\/flagprint-mobile-schutzwand-protectionframe-indoor-outdoor-schutzfolie-keder-alurahmen-1200x900.jpg 1200w, https:\/\/flagprint.ch\/wp-content\/uploads\/2020\/05\/flagprint-mobile-schutzwand-protectionframe-indoor-outdoor-schutzfolie-keder-alurahmen-768x576.jpg 768w, https:\/\/flagprint.ch\/wp-content\/uploads\/2020\/05\/flagprint-mobile-schutzwand-protectionframe-indoor-outdoor-schutzfolie-keder-alurahmen-1536x1152.jpg 1536w, https:\/\/flagprint.ch\/wp-content\/uploads\/2020\/05\/flagprint-mobile-schutzwand-protectionframe-indoor-outdoor-schutzfolie-keder-alurahmen.jpg 1600w\" sizes=\"(max-width: 400px) 100vw, 400px\" \/><\/a>\n\t\t\t<\/div>\n\t\t\t\t<figcaption class='wp-caption-text gallery-caption' id='gallery-13-10640'>\n\t\t\t\tParoi de protection mobile protectionframe\n\t\t\t\t<\/figcaption><\/figure><figure class='gallery-item'>\n\t\t\t<div class='gallery-icon landscape'>\n\t\t\t\t<a  href='https:\/\/flagprint.ch\/wp-content\/uploads\/2020\/05\/flagprint-mobile-schutzwand-protectionframe-fitness-studio-indoor-schutz.jpg' title=\"Paroi de protection mobile protectionframe\" data-rl_title=\"Paroi de protection mobile protectionframe\" class=\"rl-gallery-link\" data-rl_caption=\"Les domaines d\u2019application de cette paroi de s\u00e9paration mobile sont pratiquement illimit\u00e9s: maisons de retraite, restauration, centres de fitness, salons de coiffure, bureaux, zones de caisses et d\u2019accueil.\" data-rel=\"fp-lightbox-gallery-13\"><img loading=\"lazy\" decoding=\"async\" width=\"400\" height=\"300\" src=\"https:\/\/flagprint.ch\/wp-content\/uploads\/2020\/05\/flagprint-mobile-schutzwand-protectionframe-fitness-studio-indoor-schutz-400x300.jpg\" class=\"attachment-thumbnail size-thumbnail\" alt=\"protectionframe de flagprint vous permet de prot\u00e9ger vos clients et collaborateurs. Constitu\u00e9es d\u2019un cadre en aluminium avec un film PVC transparent.\" aria-describedby=\"gallery-13-10636\" srcset=\"https:\/\/flagprint.ch\/wp-content\/uploads\/2020\/05\/flagprint-mobile-schutzwand-protectionframe-fitness-studio-indoor-schutz-400x300.jpg 400w, https:\/\/flagprint.ch\/wp-content\/uploads\/2020\/05\/flagprint-mobile-schutzwand-protectionframe-fitness-studio-indoor-schutz-800x600.jpg 800w, https:\/\/flagprint.ch\/wp-content\/uploads\/2020\/05\/flagprint-mobile-schutzwand-protectionframe-fitness-studio-indoor-schutz-1200x900.jpg 1200w, https:\/\/flagprint.ch\/wp-content\/uploads\/2020\/05\/flagprint-mobile-schutzwand-protectionframe-fitness-studio-indoor-schutz-768x576.jpg 768w, https:\/\/flagprint.ch\/wp-content\/uploads\/2020\/05\/flagprint-mobile-schutzwand-protectionframe-fitness-studio-indoor-schutz-1536x1152.jpg 1536w, https:\/\/flagprint.ch\/wp-content\/uploads\/2020\/05\/flagprint-mobile-schutzwand-protectionframe-fitness-studio-indoor-schutz.jpg 1600w\" sizes=\"(max-width: 400px) 100vw, 400px\" \/><\/a>\n\t\t\t<\/div>\n\t\t\t\t<figcaption class='wp-caption-text gallery-caption' id='gallery-13-10636'>\n\t\t\t\tParoi de protection mobile protectionframe\n\t\t\t\t<\/figcaption><\/figure><figure class='gallery-item'>\n\t\t\t<div class='gallery-icon landscape'>\n\t\t\t\t<a  href='https:\/\/flagprint.ch\/wp-content\/uploads\/2020\/05\/flagprint-mobile-schutzwand-protectionframe-buero-schreibtisch.jpg' title=\"Paroi de protection mobile protectionframe\" data-rl_title=\"Paroi de protection mobile protectionframe\" class=\"rl-gallery-link\" data-rl_caption=\"Les domaines d\u2019application de cette paroi de s\u00e9paration mobile sont pratiquement illimit\u00e9s: maisons de retraite, restauration, centres de fitness, salons de coiffure, bureaux, zones de caisses et d\u2019accueil.\" data-rel=\"fp-lightbox-gallery-13\"><img loading=\"lazy\" decoding=\"async\" width=\"400\" height=\"300\" src=\"https:\/\/flagprint.ch\/wp-content\/uploads\/2020\/05\/flagprint-mobile-schutzwand-protectionframe-buero-schreibtisch-400x300.jpg\" class=\"attachment-thumbnail size-thumbnail\" alt=\"protectionframe de flagprint vous permet de prot\u00e9ger vos clients et collaborateurs. Constitu\u00e9es d\u2019un cadre en aluminium avec un film PVC transparent.\" aria-describedby=\"gallery-13-10634\" srcset=\"https:\/\/flagprint.ch\/wp-content\/uploads\/2020\/05\/flagprint-mobile-schutzwand-protectionframe-buero-schreibtisch-400x300.jpg 400w, https:\/\/flagprint.ch\/wp-content\/uploads\/2020\/05\/flagprint-mobile-schutzwand-protectionframe-buero-schreibtisch-800x600.jpg 800w, https:\/\/flagprint.ch\/wp-content\/uploads\/2020\/05\/flagprint-mobile-schutzwand-protectionframe-buero-schreibtisch-1200x900.jpg 1200w, https:\/\/flagprint.ch\/wp-content\/uploads\/2020\/05\/flagprint-mobile-schutzwand-protectionframe-buero-schreibtisch-768x576.jpg 768w, https:\/\/flagprint.ch\/wp-content\/uploads\/2020\/05\/flagprint-mobile-schutzwand-protectionframe-buero-schreibtisch-1536x1152.jpg 1536w, https:\/\/flagprint.ch\/wp-content\/uploads\/2020\/05\/flagprint-mobile-schutzwand-protectionframe-buero-schreibtisch.jpg 1600w\" sizes=\"(max-width: 400px) 100vw, 400px\" \/><\/a>\n\t\t\t<\/div>\n\t\t\t\t<figcaption class='wp-caption-text gallery-caption' id='gallery-13-10634'>\n\t\t\t\tParoi de protection mobile protectionframe\n\t\t\t\t<\/figcaption><\/figure><figure class='gallery-item'>\n\t\t\t<div class='gallery-icon landscape'>\n\t\t\t\t<a  href='https:\/\/flagprint.ch\/wp-content\/uploads\/2020\/05\/flagprint-mobile-schutzwand-protectionframe-altersheim-indoor.jpg' title=\"Paroi de protection mobile protectionframe\" data-rl_title=\"Paroi de protection mobile protectionframe\" class=\"rl-gallery-link\" data-rl_caption=\"Les domaines d\u2019application de cette paroi de s\u00e9paration mobile sont pratiquement illimit\u00e9s: maisons de retraite, restauration, centres de fitness, salons de coiffure, bureaux, zones de caisses et d\u2019accueil.\" data-rel=\"fp-lightbox-gallery-13\"><img loading=\"lazy\" decoding=\"async\" width=\"400\" height=\"300\" src=\"https:\/\/flagprint.ch\/wp-content\/uploads\/2020\/05\/flagprint-mobile-schutzwand-protectionframe-altersheim-indoor-400x300.jpg\" class=\"attachment-thumbnail size-thumbnail\" alt=\"protectionframe de flagprint vous permet de prot\u00e9ger vos clients et collaborateurs. Constitu\u00e9es d\u2019un cadre en aluminium avec un film PVC transparent.\" aria-describedby=\"gallery-13-10632\" srcset=\"https:\/\/flagprint.ch\/wp-content\/uploads\/2020\/05\/flagprint-mobile-schutzwand-protectionframe-altersheim-indoor-400x300.jpg 400w, https:\/\/flagprint.ch\/wp-content\/uploads\/2020\/05\/flagprint-mobile-schutzwand-protectionframe-altersheim-indoor-800x600.jpg 800w, https:\/\/flagprint.ch\/wp-content\/uploads\/2020\/05\/flagprint-mobile-schutzwand-protectionframe-altersheim-indoor-1200x900.jpg 1200w, https:\/\/flagprint.ch\/wp-content\/uploads\/2020\/05\/flagprint-mobile-schutzwand-protectionframe-altersheim-indoor-768x576.jpg 768w, https:\/\/flagprint.ch\/wp-content\/uploads\/2020\/05\/flagprint-mobile-schutzwand-protectionframe-altersheim-indoor-1536x1152.jpg 1536w, https:\/\/flagprint.ch\/wp-content\/uploads\/2020\/05\/flagprint-mobile-schutzwand-protectionframe-altersheim-indoor.jpg 1600w\" sizes=\"(max-width: 400px) 100vw, 400px\" \/><\/a>\n\t\t\t<\/div>\n\t\t\t\t<figcaption class='wp-caption-text gallery-caption' id='gallery-13-10632'>\n\t\t\t\tParoi de protection mobile protectionframe\n\t\t\t\t<\/figcaption><\/figure><figure class='gallery-item'>\n\t\t\t<div class='gallery-icon landscape'>\n\t\t\t\t<a  href='https:\/\/flagprint.ch\/wp-content\/uploads\/2020\/12\/neckflag-flagprint-community-tube-heiq-viroblock-schlauchtuch-04.jpg' title=\"neckflag NF100\" data-rl_title=\"neckflag NF100\" class=\"rl-gallery-link\" data-rl_caption=\"Les neckflag NF100 sont trait\u00e9s avec la technologie HeiQ Viroblock\u00ae suisse.\" data-rel=\"fp-lightbox-gallery-13\"><img loading=\"lazy\" decoding=\"async\" width=\"400\" height=\"300\" src=\"https:\/\/flagprint.ch\/wp-content\/uploads\/2020\/12\/neckflag-flagprint-community-tube-heiq-viroblock-schlauchtuch-04-400x300.jpg\" class=\"attachment-thumbnail size-thumbnail\" alt=\"Les neckflag NF100 sont trait\u00e9s avec la technologie HeiQ Viroblock\u00ae suisse.\" aria-describedby=\"gallery-13-12553\" srcset=\"https:\/\/flagprint.ch\/wp-content\/uploads\/2020\/12\/neckflag-flagprint-community-tube-heiq-viroblock-schlauchtuch-04-400x300.jpg 400w, https:\/\/flagprint.ch\/wp-content\/uploads\/2020\/12\/neckflag-flagprint-community-tube-heiq-viroblock-schlauchtuch-04-800x600.jpg 800w, https:\/\/flagprint.ch\/wp-content\/uploads\/2020\/12\/neckflag-flagprint-community-tube-heiq-viroblock-schlauchtuch-04-1200x900.jpg 1200w, https:\/\/flagprint.ch\/wp-content\/uploads\/2020\/12\/neckflag-flagprint-community-tube-heiq-viroblock-schlauchtuch-04-768x576.jpg 768w, https:\/\/flagprint.ch\/wp-content\/uploads\/2020\/12\/neckflag-flagprint-community-tube-heiq-viroblock-schlauchtuch-04-1536x1152.jpg 1536w, https:\/\/flagprint.ch\/wp-content\/uploads\/2020\/12\/neckflag-flagprint-community-tube-heiq-viroblock-schlauchtuch-04.jpg 1600w\" sizes=\"(max-width: 400px) 100vw, 400px\" \/><\/a>\n\t\t\t<\/div>\n\t\t\t\t<figcaption class='wp-caption-text gallery-caption' id='gallery-13-12553'>\n\t\t\t\tneckflag NF100\n\t\t\t\t<\/figcaption><\/figure><figure class='gallery-item'>\n\t\t\t<div class='gallery-icon landscape'>\n\t\t\t\t<a  href='https:\/\/flagprint.ch\/wp-content\/uploads\/2020\/12\/neckflag-flagprint-community-tube-heiq-viroblock-schlauchtuch-03.jpg' title=\"neckflag NF100\" data-rl_title=\"neckflag NF100\" class=\"rl-gallery-link\" data-rl_caption=\"Les neckflag NF100 sont trait\u00e9s avec la technologie HeiQ Viroblock\u00ae suisse.\" data-rel=\"fp-lightbox-gallery-13\"><img loading=\"lazy\" decoding=\"async\" width=\"400\" height=\"300\" src=\"https:\/\/flagprint.ch\/wp-content\/uploads\/2020\/12\/neckflag-flagprint-community-tube-heiq-viroblock-schlauchtuch-03-400x300.jpg\" class=\"attachment-thumbnail size-thumbnail\" alt=\"Les neckflag NF100 sont trait\u00e9s avec la technologie HeiQ Viroblock\u00ae suisse.\" aria-describedby=\"gallery-13-12551\" srcset=\"https:\/\/flagprint.ch\/wp-content\/uploads\/2020\/12\/neckflag-flagprint-community-tube-heiq-viroblock-schlauchtuch-03-400x300.jpg 400w, https:\/\/flagprint.ch\/wp-content\/uploads\/2020\/12\/neckflag-flagprint-community-tube-heiq-viroblock-schlauchtuch-03-800x600.jpg 800w, https:\/\/flagprint.ch\/wp-content\/uploads\/2020\/12\/neckflag-flagprint-community-tube-heiq-viroblock-schlauchtuch-03-1200x900.jpg 1200w, https:\/\/flagprint.ch\/wp-content\/uploads\/2020\/12\/neckflag-flagprint-community-tube-heiq-viroblock-schlauchtuch-03-768x576.jpg 768w, https:\/\/flagprint.ch\/wp-content\/uploads\/2020\/12\/neckflag-flagprint-community-tube-heiq-viroblock-schlauchtuch-03-1536x1152.jpg 1536w, https:\/\/flagprint.ch\/wp-content\/uploads\/2020\/12\/neckflag-flagprint-community-tube-heiq-viroblock-schlauchtuch-03.jpg 1600w\" sizes=\"(max-width: 400px) 100vw, 400px\" \/><\/a>\n\t\t\t<\/div>\n\t\t\t\t<figcaption class='wp-caption-text gallery-caption' id='gallery-13-12551'>\n\t\t\t\tneckflag NF100\n\t\t\t\t<\/figcaption><\/figure><figure class='gallery-item'>\n\t\t\t<div class='gallery-icon landscape'>\n\t\t\t\t<a  href='https:\/\/flagprint.ch\/wp-content\/uploads\/2021\/01\/flagprint-protectionframe-pvc-mit-stoffprint-keder.jpg' title=\"protectionframe mit leichtem Stoffprint\" data-rl_title=\"protectionframe mit leichtem Stoffprint\" class=\"rl-gallery-link\" data-rl_caption=\"Aluminiumrahmen mit einer integrierten, transparenten PVC-Schutzschicht - einfach montierbar.\" data-rel=\"fp-lightbox-gallery-13\"><img loading=\"lazy\" decoding=\"async\" width=\"400\" height=\"300\" src=\"https:\/\/flagprint.ch\/wp-content\/uploads\/2021\/01\/flagprint-protectionframe-pvc-mit-stoffprint-keder-400x300.jpg\" class=\"attachment-thumbnail size-thumbnail\" alt=\"Die mobile Trennwand protectionframe von flagprint sch\u00fctzt Ihre Kunden &amp; Mitarbeiter vor einer Ansteckung. F\u00fcr POS, Gastronomie, Fitnesscenter, B\u00fcro, usw.\" aria-describedby=\"gallery-13-12704\" srcset=\"https:\/\/flagprint.ch\/wp-content\/uploads\/2021\/01\/flagprint-protectionframe-pvc-mit-stoffprint-keder-400x300.jpg 400w, https:\/\/flagprint.ch\/wp-content\/uploads\/2021\/01\/flagprint-protectionframe-pvc-mit-stoffprint-keder-800x600.jpg 800w, https:\/\/flagprint.ch\/wp-content\/uploads\/2021\/01\/flagprint-protectionframe-pvc-mit-stoffprint-keder-1200x900.jpg 1200w, https:\/\/flagprint.ch\/wp-content\/uploads\/2021\/01\/flagprint-protectionframe-pvc-mit-stoffprint-keder-768x576.jpg 768w, https:\/\/flagprint.ch\/wp-content\/uploads\/2021\/01\/flagprint-protectionframe-pvc-mit-stoffprint-keder-1536x1152.jpg 1536w, https:\/\/flagprint.ch\/wp-content\/uploads\/2021\/01\/flagprint-protectionframe-pvc-mit-stoffprint-keder.jpg 1600w\" sizes=\"(max-width: 400px) 100vw, 400px\" \/><\/a>\n\t\t\t<\/div>\n\t\t\t\t<figcaption class='wp-caption-text gallery-caption' id='gallery-13-12704'>\n\t\t\t\tprotectionframe mit leichtem Stoffprint\n\t\t\t\t<\/figcaption><\/figure><figure class='gallery-item'>\n\t\t\t<div class='gallery-icon landscape'>\n\t\t\t\t<a  href='https:\/\/flagprint.ch\/wp-content\/uploads\/2020\/10\/faceflag-ff300-maske-3-lagig-individuell-bedruckt-RGS-DOUBLE.jpg' title=\"faceflag FF300\" data-rl_title=\"faceflag FF300\" class=\"rl-gallery-link\" data-rl_caption=\"faceflag FF300 - Premium Eco Baumwollmaske mit antimikrobieller Ausr\u00fcstung der Schweizer Firma Sanitized\u00ae&lt;br \/&gt;\n&lt;a href=&quot;\/produkte\/faceflag-ff300-premium-eco-baumwollmaske\/&quot;&gt;Zum Produkt&lt;\/a&gt;\" data-rel=\"fp-lightbox-gallery-13\"><img loading=\"lazy\" decoding=\"async\" width=\"400\" height=\"300\" src=\"https:\/\/flagprint.ch\/wp-content\/uploads\/2020\/10\/faceflag-ff300-maske-3-lagig-individuell-bedruckt-RGS-DOUBLE-400x300.jpg\" class=\"attachment-thumbnail size-thumbnail\" alt=\"faceflag FF300 - Premium Eco Baumwollmaske mit antimikrobieller Ausr\u00fcstung der Schweizer Firma Sanitized\u00ae\" aria-describedby=\"gallery-13-12046\" srcset=\"https:\/\/flagprint.ch\/wp-content\/uploads\/2020\/10\/faceflag-ff300-maske-3-lagig-individuell-bedruckt-RGS-DOUBLE-400x300.jpg 400w, https:\/\/flagprint.ch\/wp-content\/uploads\/2020\/10\/faceflag-ff300-maske-3-lagig-individuell-bedruckt-RGS-DOUBLE-800x600.jpg 800w, https:\/\/flagprint.ch\/wp-content\/uploads\/2020\/10\/faceflag-ff300-maske-3-lagig-individuell-bedruckt-RGS-DOUBLE-1200x900.jpg 1200w, https:\/\/flagprint.ch\/wp-content\/uploads\/2020\/10\/faceflag-ff300-maske-3-lagig-individuell-bedruckt-RGS-DOUBLE-768x576.jpg 768w, https:\/\/flagprint.ch\/wp-content\/uploads\/2020\/10\/faceflag-ff300-maske-3-lagig-individuell-bedruckt-RGS-DOUBLE-1536x1152.jpg 1536w, https:\/\/flagprint.ch\/wp-content\/uploads\/2020\/10\/faceflag-ff300-maske-3-lagig-individuell-bedruckt-RGS-DOUBLE.jpg 1600w\" sizes=\"(max-width: 400px) 100vw, 400px\" \/><\/a>\n\t\t\t<\/div>\n\t\t\t\t<figcaption class='wp-caption-text gallery-caption' id='gallery-13-12046'>\n\t\t\t\tfaceflag FF300\n\t\t\t\t<\/figcaption><\/figure><figure class='gallery-item'>\n\t\t\t<div class='gallery-icon landscape'>\n\t\t\t\t<a  href='https:\/\/flagprint.ch\/wp-content\/uploads\/2020\/10\/faceflag-ff300-maske-3-lagig-individuell-bedruckt-RGS.jpg' title=\"faceflag FF300\" data-rl_title=\"faceflag FF300\" class=\"rl-gallery-link\" data-rl_caption=\"faceflag FF300 - Premium Eco Baumwollmaske mit antimikrobieller Ausr\u00fcstung der Schweizer Firma Sanitized\u00ae&lt;br \/&gt;\n&lt;a href=&quot;\/produkte\/faceflag-ff300-premium-eco-baumwollmaske\/&quot;&gt;Zum Produkt&lt;\/a&gt;\" data-rel=\"fp-lightbox-gallery-13\"><img loading=\"lazy\" decoding=\"async\" width=\"400\" height=\"300\" src=\"https:\/\/flagprint.ch\/wp-content\/uploads\/2020\/10\/faceflag-ff300-maske-3-lagig-individuell-bedruckt-RGS-400x300.jpg\" class=\"attachment-thumbnail size-thumbnail\" alt=\"faceflag FF300 - Premium Eco Baumwollmaske mit antimikrobieller Ausr\u00fcstung der Schweizer Firma Sanitized\u00ae\" aria-describedby=\"gallery-13-12044\" srcset=\"https:\/\/flagprint.ch\/wp-content\/uploads\/2020\/10\/faceflag-ff300-maske-3-lagig-individuell-bedruckt-RGS-400x300.jpg 400w, https:\/\/flagprint.ch\/wp-content\/uploads\/2020\/10\/faceflag-ff300-maske-3-lagig-individuell-bedruckt-RGS-800x600.jpg 800w, https:\/\/flagprint.ch\/wp-content\/uploads\/2020\/10\/faceflag-ff300-maske-3-lagig-individuell-bedruckt-RGS-1200x900.jpg 1200w, https:\/\/flagprint.ch\/wp-content\/uploads\/2020\/10\/faceflag-ff300-maske-3-lagig-individuell-bedruckt-RGS-768x576.jpg 768w, https:\/\/flagprint.ch\/wp-content\/uploads\/2020\/10\/faceflag-ff300-maske-3-lagig-individuell-bedruckt-RGS-1536x1152.jpg 1536w, https:\/\/flagprint.ch\/wp-content\/uploads\/2020\/10\/faceflag-ff300-maske-3-lagig-individuell-bedruckt-RGS.jpg 1600w\" sizes=\"(max-width: 400px) 100vw, 400px\" \/><\/a>\n\t\t\t<\/div>\n\t\t\t\t<figcaption class='wp-caption-text gallery-caption' id='gallery-13-12044'>\n\t\t\t\tfaceflag FF300\n\t\t\t\t<\/figcaption><\/figure><figure class='gallery-item'>\n\t\t\t<div class='gallery-icon landscape'>\n\t\t\t\t<a  href='https:\/\/flagprint.ch\/wp-content\/uploads\/2020\/10\/faceflag-ff300-maske-3-lagig-individuell-bedruckt-RUNDUM.jpg' title=\"faceflag FF300\" data-rl_title=\"faceflag FF300\" class=\"rl-gallery-link\" data-rl_caption=\"faceflag FF300 - Premium Eco Baumwollmaske mit antimikrobieller Ausr\u00fcstung der Schweizer Firma Sanitized\u00ae&lt;br \/&gt;\n&lt;a href=&quot;\/produkte\/faceflag-ff300-premium-eco-baumwollmaske\/&quot;&gt;Zum Produkt&lt;\/a&gt;\" data-rel=\"fp-lightbox-gallery-13\"><img loading=\"lazy\" decoding=\"async\" width=\"400\" height=\"300\" src=\"https:\/\/flagprint.ch\/wp-content\/uploads\/2020\/10\/faceflag-ff300-maske-3-lagig-individuell-bedruckt-RUNDUM-400x300.jpg\" class=\"attachment-thumbnail size-thumbnail\" alt=\"faceflag FF300 - Premium Eco Baumwollmaske mit antimikrobieller Ausr\u00fcstung der Schweizer Firma Sanitized\u00ae\" aria-describedby=\"gallery-13-12048\" srcset=\"https:\/\/flagprint.ch\/wp-content\/uploads\/2020\/10\/faceflag-ff300-maske-3-lagig-individuell-bedruckt-RUNDUM-400x300.jpg 400w, https:\/\/flagprint.ch\/wp-content\/uploads\/2020\/10\/faceflag-ff300-maske-3-lagig-individuell-bedruckt-RUNDUM-800x600.jpg 800w, https:\/\/flagprint.ch\/wp-content\/uploads\/2020\/10\/faceflag-ff300-maske-3-lagig-individuell-bedruckt-RUNDUM-1200x900.jpg 1200w, https:\/\/flagprint.ch\/wp-content\/uploads\/2020\/10\/faceflag-ff300-maske-3-lagig-individuell-bedruckt-RUNDUM-768x576.jpg 768w, https:\/\/flagprint.ch\/wp-content\/uploads\/2020\/10\/faceflag-ff300-maske-3-lagig-individuell-bedruckt-RUNDUM-1536x1152.jpg 1536w, https:\/\/flagprint.ch\/wp-content\/uploads\/2020\/10\/faceflag-ff300-maske-3-lagig-individuell-bedruckt-RUNDUM.jpg 1600w\" sizes=\"(max-width: 400px) 100vw, 400px\" \/><\/a>\n\t\t\t<\/div>\n\t\t\t\t<figcaption class='wp-caption-text gallery-caption' id='gallery-13-12048'>\n\t\t\t\tfaceflag FF300\n\t\t\t\t<\/figcaption><\/figure><figure class='gallery-item'>\n\t\t\t<div class='gallery-icon landscape'>\n\t\t\t\t<a  href='https:\/\/flagprint.ch\/wp-content\/uploads\/2020\/10\/faceflag-ff300-maske-3-lagig-individuell-bedruckt-GEYOUNGBOYST.jpg' title=\"faceflag FF300\" data-rl_title=\"faceflag FF300\" class=\"rl-gallery-link\" data-rl_caption=\"faceflag FF300 - Premium Eco Baumwollmaske mit antimikrobieller Ausr\u00fcstung der Schweizer Firma Sanitized\u00ae&lt;br \/&gt;\n&lt;a href=&quot;\/produkte\/faceflag-ff300-premium-eco-baumwollmaske\/&quot;&gt;Zum Produkt&lt;\/a&gt;\" data-rel=\"fp-lightbox-gallery-13\"><img loading=\"lazy\" decoding=\"async\" width=\"400\" height=\"300\" src=\"https:\/\/flagprint.ch\/wp-content\/uploads\/2020\/10\/faceflag-ff300-maske-3-lagig-individuell-bedruckt-GEYOUNGBOYST-400x300.jpg\" class=\"attachment-thumbnail size-thumbnail\" alt=\"faceflag FF300 - Premium Eco Baumwollmaske mit antimikrobieller Ausr\u00fcstung der Schweizer Firma Sanitized\u00ae\" aria-describedby=\"gallery-13-12016\" srcset=\"https:\/\/flagprint.ch\/wp-content\/uploads\/2020\/10\/faceflag-ff300-maske-3-lagig-individuell-bedruckt-GEYOUNGBOYST-400x300.jpg 400w, https:\/\/flagprint.ch\/wp-content\/uploads\/2020\/10\/faceflag-ff300-maske-3-lagig-individuell-bedruckt-GEYOUNGBOYST-800x600.jpg 800w, https:\/\/flagprint.ch\/wp-content\/uploads\/2020\/10\/faceflag-ff300-maske-3-lagig-individuell-bedruckt-GEYOUNGBOYST-1200x900.jpg 1200w, https:\/\/flagprint.ch\/wp-content\/uploads\/2020\/10\/faceflag-ff300-maske-3-lagig-individuell-bedruckt-GEYOUNGBOYST-768x576.jpg 768w, https:\/\/flagprint.ch\/wp-content\/uploads\/2020\/10\/faceflag-ff300-maske-3-lagig-individuell-bedruckt-GEYOUNGBOYST-1536x1152.jpg 1536w, https:\/\/flagprint.ch\/wp-content\/uploads\/2020\/10\/faceflag-ff300-maske-3-lagig-individuell-bedruckt-GEYOUNGBOYST.jpg 1600w\" sizes=\"(max-width: 400px) 100vw, 400px\" \/><\/a>\n\t\t\t<\/div>\n\t\t\t\t<figcaption class='wp-caption-text gallery-caption' id='gallery-13-12016'>\n\t\t\t\tfaceflag FF300\n\t\t\t\t<\/figcaption><\/figure><figure class='gallery-item'>\n\t\t\t<div class='gallery-icon landscape'>\n\t\t\t\t<a  href='https:\/\/flagprint.ch\/wp-content\/uploads\/2020\/10\/faceflag-ff300-maske-3-lagig-individuell-bedruckt-GSS-yb.jpg' title=\"faceflag FF300\" data-rl_title=\"faceflag FF300\" class=\"rl-gallery-link\" data-rl_caption=\"faceflag FF300 - Premium Eco Baumwollmaske mit antimikrobieller Ausr\u00fcstung der Schweizer Firma Sanitized\u00ae&lt;br \/&gt;\n&lt;a href=&quot;\/produkte\/faceflag-ff300-premium-eco-baumwollmaske\/&quot;&gt;Zum Produkt&lt;\/a&gt;\" data-rel=\"fp-lightbox-gallery-13\"><img loading=\"lazy\" decoding=\"async\" width=\"400\" height=\"300\" src=\"https:\/\/flagprint.ch\/wp-content\/uploads\/2020\/10\/faceflag-ff300-maske-3-lagig-individuell-bedruckt-GSS-yb-400x300.jpg\" class=\"attachment-thumbnail size-thumbnail\" alt=\"faceflag FF300 - Premium Eco Baumwollmaske mit antimikrobieller Ausr\u00fcstung der Schweizer Firma Sanitized\u00ae\" aria-describedby=\"gallery-13-12020\" srcset=\"https:\/\/flagprint.ch\/wp-content\/uploads\/2020\/10\/faceflag-ff300-maske-3-lagig-individuell-bedruckt-GSS-yb-400x300.jpg 400w, https:\/\/flagprint.ch\/wp-content\/uploads\/2020\/10\/faceflag-ff300-maske-3-lagig-individuell-bedruckt-GSS-yb-800x600.jpg 800w, https:\/\/flagprint.ch\/wp-content\/uploads\/2020\/10\/faceflag-ff300-maske-3-lagig-individuell-bedruckt-GSS-yb-1200x900.jpg 1200w, https:\/\/flagprint.ch\/wp-content\/uploads\/2020\/10\/faceflag-ff300-maske-3-lagig-individuell-bedruckt-GSS-yb-768x576.jpg 768w, https:\/\/flagprint.ch\/wp-content\/uploads\/2020\/10\/faceflag-ff300-maske-3-lagig-individuell-bedruckt-GSS-yb-1536x1152.jpg 1536w, https:\/\/flagprint.ch\/wp-content\/uploads\/2020\/10\/faceflag-ff300-maske-3-lagig-individuell-bedruckt-GSS-yb.jpg 1600w\" sizes=\"(max-width: 400px) 100vw, 400px\" \/><\/a>\n\t\t\t<\/div>\n\t\t\t\t<figcaption class='wp-caption-text gallery-caption' id='gallery-13-12020'>\n\t\t\t\tfaceflag FF300\n\t\t\t\t<\/figcaption><\/figure><figure class='gallery-item'>\n\t\t\t<div class='gallery-icon landscape'>\n\t\t\t\t<a  href='https:\/\/flagprint.ch\/wp-content\/uploads\/2020\/10\/faceflag-ff300-maske-3-lagig-individuell-bedruckt-MUTONI.jpg' title=\"faceflag FF300\" data-rl_title=\"faceflag FF300\" class=\"rl-gallery-link\" data-rl_caption=\"faceflag FF300 - Premium Eco Baumwollmaske mit antimikrobieller Ausr\u00fcstung der Schweizer Firma Sanitized\u00ae&lt;br \/&gt;\n&lt;a href=&quot;\/produkte\/faceflag-ff300-premium-eco-baumwollmaske\/&quot;&gt;Zum Produkt&lt;\/a&gt;\" data-rel=\"fp-lightbox-gallery-13\"><img loading=\"lazy\" decoding=\"async\" width=\"400\" height=\"300\" src=\"https:\/\/flagprint.ch\/wp-content\/uploads\/2020\/10\/faceflag-ff300-maske-3-lagig-individuell-bedruckt-MUTONI-400x300.jpg\" class=\"attachment-thumbnail size-thumbnail\" alt=\"faceflag FF300 - Premium Eco Baumwollmaske mit antimikrobieller Ausr\u00fcstung der Schweizer Firma Sanitized\u00ae\" aria-describedby=\"gallery-13-12032\" srcset=\"https:\/\/flagprint.ch\/wp-content\/uploads\/2020\/10\/faceflag-ff300-maske-3-lagig-individuell-bedruckt-MUTONI-400x300.jpg 400w, https:\/\/flagprint.ch\/wp-content\/uploads\/2020\/10\/faceflag-ff300-maske-3-lagig-individuell-bedruckt-MUTONI-800x600.jpg 800w, https:\/\/flagprint.ch\/wp-content\/uploads\/2020\/10\/faceflag-ff300-maske-3-lagig-individuell-bedruckt-MUTONI-1200x900.jpg 1200w, https:\/\/flagprint.ch\/wp-content\/uploads\/2020\/10\/faceflag-ff300-maske-3-lagig-individuell-bedruckt-MUTONI-768x576.jpg 768w, https:\/\/flagprint.ch\/wp-content\/uploads\/2020\/10\/faceflag-ff300-maske-3-lagig-individuell-bedruckt-MUTONI-1536x1152.jpg 1536w, https:\/\/flagprint.ch\/wp-content\/uploads\/2020\/10\/faceflag-ff300-maske-3-lagig-individuell-bedruckt-MUTONI.jpg 1600w\" sizes=\"(max-width: 400px) 100vw, 400px\" \/><\/a>\n\t\t\t<\/div>\n\t\t\t\t<figcaption class='wp-caption-text gallery-caption' id='gallery-13-12032'>\n\t\t\t\tfaceflag FF300\n\t\t\t\t<\/figcaption><\/figure><figure class='gallery-item'>\n\t\t\t<div class='gallery-icon landscape'>\n\t\t\t\t<a  href='https:\/\/flagprint.ch\/wp-content\/uploads\/2020\/10\/faceflag-ff300-maske-3-lagig-individuell-bedruckt-GREINERGETRAENKE.jpg' title=\"faceflag FF300\" data-rl_title=\"faceflag FF300\" class=\"rl-gallery-link\" data-rl_caption=\"faceflag FF300 - Premium Eco Baumwollmaske mit antimikrobieller Ausr\u00fcstung der Schweizer Firma Sanitized\u00ae&lt;br \/&gt;\n&lt;a href=&quot;\/produkte\/faceflag-ff300-premium-eco-baumwollmaske\/&quot;&gt;Zum Produkt&lt;\/a&gt;\" data-rel=\"fp-lightbox-gallery-13\"><img loading=\"lazy\" decoding=\"async\" width=\"400\" height=\"300\" src=\"https:\/\/flagprint.ch\/wp-content\/uploads\/2020\/10\/faceflag-ff300-maske-3-lagig-individuell-bedruckt-GREINERGETRAENKE-400x300.jpg\" class=\"attachment-thumbnail size-thumbnail\" alt=\"faceflag FF300 - Premium Eco Baumwollmaske mit antimikrobieller Ausr\u00fcstung der Schweizer Firma Sanitized\u00ae\" aria-describedby=\"gallery-13-12018\" srcset=\"https:\/\/flagprint.ch\/wp-content\/uploads\/2020\/10\/faceflag-ff300-maske-3-lagig-individuell-bedruckt-GREINERGETRAENKE-400x300.jpg 400w, https:\/\/flagprint.ch\/wp-content\/uploads\/2020\/10\/faceflag-ff300-maske-3-lagig-individuell-bedruckt-GREINERGETRAENKE-800x600.jpg 800w, https:\/\/flagprint.ch\/wp-content\/uploads\/2020\/10\/faceflag-ff300-maske-3-lagig-individuell-bedruckt-GREINERGETRAENKE-1200x900.jpg 1200w, https:\/\/flagprint.ch\/wp-content\/uploads\/2020\/10\/faceflag-ff300-maske-3-lagig-individuell-bedruckt-GREINERGETRAENKE-768x576.jpg 768w, https:\/\/flagprint.ch\/wp-content\/uploads\/2020\/10\/faceflag-ff300-maske-3-lagig-individuell-bedruckt-GREINERGETRAENKE-1536x1152.jpg 1536w, https:\/\/flagprint.ch\/wp-content\/uploads\/2020\/10\/faceflag-ff300-maske-3-lagig-individuell-bedruckt-GREINERGETRAENKE.jpg 1600w\" sizes=\"(max-width: 400px) 100vw, 400px\" \/><\/a>\n\t\t\t<\/div>\n\t\t\t\t<figcaption class='wp-caption-text gallery-caption' id='gallery-13-12018'>\n\t\t\t\tfaceflag FF300\n\t\t\t\t<\/figcaption><\/figure>\n\t\t<\/div>\n\t\t<\/div>\n\t\t\t\t\t\t<\/div>\n\t\t\t\t<\/div>\n\t\t\t\t\t<\/div>\n\t\t<\/div>\n\t\t\t\t\t<\/div>\n\t\t<\/section>\n\t\t\t\t\t<\/div>\n\t\t<\/div>\n\t\t\t\t\t<\/div>\n\t\t<\/section>\n\t\t\t\t<\/div>\n\t\t","protected":false},"excerpt":{"rendered":"<p>Chercher et trouver Tout Nouveautes Drapeaux Mats Drapeaux mobiles Systemes d&rsquo;affichage Affichages Eclaires Banderoles Point de vente Exposition &#038; Event Interieur Acoustique spatiale Special Produits de protection corona Nouveaut\u00e9s digiframe bei Belwag digiframe &#8211; Digital Signage digiframe &#8211; Digital Signage Kabellos dank Lithium-Ionen Powerpack Kabellos dank Lithium-Ionen Powerpack lightframe am Market Day von Swisspower Generalversammlung [&hellip;]<\/p>\n","protected":false},"author":6,"featured_media":6955,"parent":0,"menu_order":2,"comment_status":"closed","ping_status":"closed","template":"","meta":{"footnotes":""},"class_list":["post-13913","page","type-page","status-publish","has-post-thumbnail","hentry"],"_links":{"self":[{"href":"https:\/\/flagprint.ch\/fr\/wp-json\/wp\/v2\/pages\/13913","targetHints":{"allow":["GET"]}}],"collection":[{"href":"https:\/\/flagprint.ch\/fr\/wp-json\/wp\/v2\/pages"}],"about":[{"href":"https:\/\/flagprint.ch\/fr\/wp-json\/wp\/v2\/types\/page"}],"author":[{"embeddable":true,"href":"https:\/\/flagprint.ch\/fr\/wp-json\/wp\/v2\/users\/6"}],"replies":[{"embeddable":true,"href":"https:\/\/flagprint.ch\/fr\/wp-json\/wp\/v2\/comments?post=13913"}],"version-history":[{"count":0,"href":"https:\/\/flagprint.ch\/fr\/wp-json\/wp\/v2\/pages\/13913\/revisions"}],"wp:featuredmedia":[{"embeddable":true,"href":"https:\/\/flagprint.ch\/fr\/wp-json\/wp\/v2\/media\/6955"}],"wp:attachment":[{"href":"https:\/\/flagprint.ch\/fr\/wp-json\/wp\/v2\/media?parent=13913"}],"curies":[{"name":"wp","href":"https:\/\/api.w.org\/{rel}","templated":true}]}}